{"version":"1.0","provider_name":"Bilboko Elizbarrutia - Di\u00f3cesis de Bilbao","provider_url":"https:\/\/bizkeliza.org\/eu\/","title":"Erreguteak Urkiolara Ma\u00f1aria eta Abadi\u00f1otik","type":"rich","width":600,"height":338,"html":"<blockquote class=\"wp-embedded-content\" data-secret=\"xRggb24YmB\"><a href=\"https:\/\/bizkeliza.org\/eu\/noticia\/erreguteak-urkiolara-manaria-eta-abadinotik\/\">Erreguteak Urkiolara Ma\u00f1aria eta Abadi\u00f1otik<\/a><\/blockquote><iframe sandbox=\"allow-scripts\" security=\"restricted\" src=\"https:\/\/bizkeliza.org\/eu\/noticia\/erreguteak-urkiolara-manaria-eta-abadinotik\/embed\/#?secret=xRggb24YmB\" width=\"600\" height=\"338\" title=\"&#8220;Erreguteak Urkiolara Ma\u00f1aria eta Abadi\u00f1otik&#8221; &#8212; Bilboko Elizbarrutia - Di\u00f3cesis de Bilbao\" data-secret=\"xRggb24YmB\" frameborder=\"0\" marginwidth=\"0\" marginheight=\"0\" scrolling=\"no\" class=\"wp-embedded-content\"><\/iframe><script type=\"text\/javascript\">\n\/* <![CDATA[ *\/\n\/*! This file is auto-generated *\/\n!function(d,l){\"use strict\";l.querySelector&&d.addEventListener&&\"undefined\"!=typeof URL&&(d.wp=d.wp||{},d.wp.receiveEmbedMessage||(d.wp.receiveEmbedMessage=function(e){var t=e.data;if((t||t.secret||t.message||t.value)&&!\/[^a-zA-Z0-9]\/.test(t.secret)){for(var s,r,n,a=l.querySelectorAll('iframe[data-secret=\"'+t.secret+'\"]'),o=l.querySelectorAll('blockquote[data-secret=\"'+t.secret+'\"]'),c=new RegExp(\"^https?:$\",\"i\"),i=0;i<o.length;i++)o[i].style.display=\"none\";for(i=0;i<a.length;i++)s=a[i],e.source===s.contentWindow&&(s.removeAttribute(\"style\"),\"height\"===t.message?(1e3<(r=parseInt(t.value,10))?r=1e3:~~r<200&&(r=200),s.height=r):\"link\"===t.message&&(r=new URL(s.getAttribute(\"src\")),n=new URL(t.value),c.test(n.protocol))&&n.host===r.host&&l.activeElement===s&&(d.top.location.href=t.value))}},d.addEventListener(\"message\",d.wp.receiveEmbedMessage,!1),l.addEventListener(\"DOMContentLoaded\",function(){for(var e,t,s=l.querySelectorAll(\"iframe.wp-embedded-content\"),r=0;r<s.length;r++)(t=(e=s[r]).getAttribute(\"data-secret\"))||(t=Math.random().toString(36).substring(2,12),e.src+=\"#?secret=\"+t,e.setAttribute(\"data-secret\",t)),e.contentWindow.postMessage({message:\"ready\",secret:t},\"*\")},!1)))}(window,document);\n\/\/# sourceURL=https:\/\/bizkeliza.org\/wp-includes\/js\/wp-embed.min.js\n\/* ]]> *\/\n<\/script>\n","thumbnail_url":"https:\/\/bizkeliza.org\/wp-content\/uploads\/2024\/06\/Arratia.jpg","thumbnail_width":800,"thumbnail_height":600,"description":"Bariku eta zapatuan, errogatibak egingo dira Ma\u00f1ariako parrokiatik eta Abadi\u00f1oko parrokiatik, hurrenez hurren. Abadi\u00f1oko udalak, beste urte batzuetan lez, pertsona nagusientzako bazkaria eta erromeria antolatu ditu Urkiolan. Kontxi emazteagaz batera santutegiko jagole dan Felix Morenok alkarrizketa baten azaldu ebanez, Abadi\u00f1oko erreguteetan San Rokeren irudia eroaten dabe prozesinoan eta &#8220;eleizaren kanpoaldean izten dabe. Oraindik badira santutegira [&hellip;]"}