{"id":12254,"date":"2021-10-26T12:23:24","date_gmt":"2021-10-26T10:23:24","guid":{"rendered":"https:\/\/boring-dhawan.137-117-168-183.plesk.page\/ebanjelizazinoa\/karidade-eta-zuzentasuna\/pastoral-azpimarrak\/osoko-ekologia\/"},"modified":"2022-05-10T12:26:38","modified_gmt":"2022-05-10T10:26:38","slug":"osoko-ekologia","status":"publish","type":"page","link":"https:\/\/bizkeliza.org\/eu\/ebanjelizazinoa\/karidade-eta-zuzentasuna\/pastoral-azpimarrak\/osoko-ekologia\/","title":{"rendered":"Osoko Ekologia"},"content":{"rendered":"<p>[et_pb_section fb_built=&#8221;1&#8243; _builder_version=&#8221;4.6.1&#8243; _module_preset=&#8221;default&#8221; custom_padding=&#8221;||40px||false|false&#8221; global_colors_info=&#8221;{}&#8221;][et_pb_row column_structure=&#8221;1_3,2_3&#8243; _builder_version=&#8221;4.6.1&#8243; _module_preset=&#8221;default&#8221; global_colors_info=&#8221;{}&#8221;][et_pb_column type=&#8221;1_3&#8243; _builder_version=&#8221;4.6.1&#8243; _module_preset=&#8221;default&#8221; global_colors_info=&#8221;{}&#8221;][et_pb_text admin_label=&#8221;Text&#8221; _builder_version=&#8221;4.6.1&#8243; _module_preset=&#8221;default&#8221; header_font_size=&#8221;44px&#8221; header_line_height=&#8221;1.2em&#8221; header_4_font=&#8221;|700|||||||&#8221; header_font_size_tablet=&#8221;&#8221; header_font_size_phone=&#8221;34px&#8221; header_font_size_last_edited=&#8221;on|phone&#8221; header_3_font_size_tablet=&#8221;&#8221; header_3_font_size_phone=&#8221;22px&#8221; header_3_font_size_last_edited=&#8221;on|phone&#8221; header_4_font_size_tablet=&#8221;&#8221; header_4_font_size_phone=&#8221;18px&#8221; header_4_font_size_last_edited=&#8221;on|desktop&#8221; global_colors_info=&#8221;{}&#8221;]<\/p>\n<h1>Osoko Ekologia<\/h1>\n<p>[\/et_pb_text][\/et_pb_column][et_pb_column type=&#8221;2_3&#8243; _builder_version=&#8221;4.6.1&#8243; _module_preset=&#8221;default&#8221; global_colors_info=&#8221;{}&#8221;][et_pb_text _builder_version=&#8221;4.6.1&#8243; _module_preset=&#8221;default&#8221; custom_padding_tablet=&#8221;&#8221; custom_padding_phone=&#8221;||||false|false&#8221; custom_padding_last_edited=&#8221;on|desktop&#8221; global_colors_info=&#8221;{}&#8221;]Frantzisko Aita Santuak Laudato si\u2019 entziklikan (2015) proposatutako \u00abosoko ekologia\u00bb erreferentziazko kategoria bihurtu daiteke, bai Eleizaren Doktrina sozialean eta bai egiteko ebanjelizatzaile osoan. Bilboko Eleizbarrutiak bat egiten dau egitasmo honegaz, Karidade eta Zuzentasunerako Ordezkaritzaren bitartez hainbat ekimen bultzatuz eta beste hainbaten parte hartuz.[\/et_pb_text][\/et_pb_column][\/et_pb_row][\/et_pb_section][et_pb_section fb_built=&#8221;1&#8243; admin_label=&#8221;Anclas&#8221; _builder_version=&#8221;4.6.1&#8243; _module_preset=&#8221;default&#8221; background_color=&#8221;#f5f7fa&#8221; positioning=&#8221;none&#8221; z_index=&#8221;0&#8243; custom_padding=&#8221;0px||||false|false&#8221; locked=&#8221;off&#8221; global_colors_info=&#8221;{}&#8221;][et_pb_row _builder_version=&#8221;4.6.1&#8243; _module_preset=&#8221;a33e0b76-a80c-4442-b966-336f62d47b9d&#8221; sticky_position_tablet=&#8221;&#8221; sticky_position_phone=&#8221;&#8221; sticky_position_last_edited=&#8221;on|phone&#8221; sticky_offset_top_tablet=&#8221;52px&#8221; sticky_offset_top_phone=&#8221;140px&#8221; global_colors_info=&#8221;{}&#8221;][et_pb_column type=&#8221;4_4&#8243; admin_label=&#8221;Column&#8221; _builder_version=&#8221;4.6.1&#8243; _module_preset=&#8221;default&#8221; background_color=&#8221;rgba(0,0,0,0)&#8221; custom_padding=&#8221;||||false|true&#8221; custom_css_main_element=&#8221;display:inline-flex;||flex-wrap: wrap;||justify-content: space-around;||||&#8221; border_style_all=&#8221;none&#8221; global_colors_info=&#8221;{}&#8221; background__hover_enabled=&#8221;on|hover&#8221; background_color__hover=&#8221;rgba(0,0,0,0)&#8221; background_enable_color__hover=&#8221;on&#8221; custom_css_main_element__hover_enabled=&#8221;off|hover&#8221; custom_css_before__hover_enabled=&#8221;on|desktop&#8221;][et_pb_button button_url=&#8221;#jornadamundial&#8221; button_text=&#8221;Kreazinoaren Zaintzaren aldeko Munduko Otoitz Eguna &#8221; button_alignment=&#8221;center&#8221; _builder_version=&#8221;4.11.1&#8243; _module_preset=&#8221;default&#8221; custom_button=&#8221;on&#8221; button_text_size=&#8221;20px&#8221; button_text_color=&#8221;#ffffff&#8221; button_bg_color=&#8221;rgba(0,0,0,0)&#8221; button_border_width=&#8221;0px&#8221; button_border_color=&#8221;rgba(0,0,0,0)&#8221; button_border_radius=&#8221;0px&#8221; button_letter_spacing=&#8221;1px&#8221; button_font=&#8221;||||||||&#8221; button_icon=&#8221;%%1%%&#8221; button_icon_color=&#8221;#00a55a&#8221; button_on_hover=&#8221;off&#8221; button_rel=&#8221;off|off|off|off|off&#8221; transform_origin=&#8221;50%|50%&#8221; background_layout=&#8221;dark&#8221; custom_margin=&#8221;||||false|true&#8221; custom_padding=&#8221;|5vw||5vw|false|true&#8221; custom_padding_tablet=&#8221;&#8221; custom_padding_phone=&#8221;&#8221; custom_padding_last_edited=&#8221;on|phone&#8221; mix_blend_mode=&#8221;lighten&#8221; button_text_size_tablet=&#8221;&#8221; button_text_size_phone=&#8221;16px&#8221; button_text_size_last_edited=&#8221;on|phone&#8221; button_border_width_last_edited=&#8221;off|desktop&#8221; button_font_tablet=&#8221;&#8221; button_font_phone=&#8221;&#8221; button_font_last_edited=&#8221;on|desktop&#8221; custom_css_main_element=&#8221;line-height:22px!important;||min-width: 120px;&#8221; global_colors_info=&#8221;{}&#8221; button_bg_color__hover_enabled=&#8221;on|hover&#8221; button_bg_color__hover=&#8221;#396e73&#8243; button_bg_enable_color__hover=&#8221;on&#8221; button_border_width__hover_enabled=&#8221;off|hover&#8221; button_border_width__hover=&#8221;0px&#8221; button_border_color__hover_enabled=&#8221;on|hover&#8221; button_border_color__hover=&#8221;#00a55a&#8221; button_letter_spacing__hover=&#8221;1px&#8221; button_letter_spacing__hover_enabled=&#8221;on|hover&#8221; button_icon_color__hover=&#8221;#ffffff&#8221; button_icon_color__hover_enabled=&#8221;on|hover&#8221; filter_hue_rotate__hover_enabled=&#8221;on|hover&#8221; custom_padding__hover_enabled=&#8221;off|hover&#8221; custom_padding__hover=&#8221;|200px||200px|false|true&#8221; transform_styles__hover_enabled=&#8221;on|desktop&#8221; custom_css_main_element__hover_enabled=&#8221;on|hover&#8221; button_text_color__hover_enabled=&#8221;on|desktop&#8221; custom_css_main_element__hover=&#8221;font-weight:bold;||&#8221; transform_origin__hover_enabled=&#8221;on|hover&#8221; transform_scale__hover_enabled=&#8221;on|desktop&#8221; transform_translate__hover_enabled=&#8221;on|desktop&#8221; transform_rotate__hover_enabled=&#8221;on|desktop&#8221; transform_skew__hover_enabled=&#8221;on|desktop&#8221;][\/et_pb_button][et_pb_button button_url=&#8221;#laudato&#8221; button_text=&#8221;Laudato si\u2019 2021&#8243; button_alignment=&#8221;center&#8221; _builder_version=&#8221;4.6.1&#8243; _module_preset=&#8221;default&#8221; custom_button=&#8221;on&#8221; button_text_size=&#8221;20px&#8221; button_text_color=&#8221;#ffffff&#8221; button_bg_color=&#8221;rgba(0,0,0,0)&#8221; button_border_width=&#8221;0px&#8221; button_border_color=&#8221;rgba(0,0,0,0)&#8221; button_border_radius=&#8221;0px&#8221; button_letter_spacing=&#8221;1px&#8221; button_font=&#8221;||||||||&#8221; button_icon=&#8221;%%1%%&#8221; button_icon_color=&#8221;#00a55a&#8221; button_on_hover=&#8221;off&#8221; button_rel=&#8221;off|off|off|off|off&#8221; transform_origin=&#8221;50%|50%&#8221; background_layout=&#8221;dark&#8221; custom_margin=&#8221;||||false|true&#8221; custom_padding=&#8221;|5vw||5vw|false|true&#8221; custom_padding_tablet=&#8221;&#8221; custom_padding_phone=&#8221;&#8221; custom_padding_last_edited=&#8221;on|desktop&#8221; mix_blend_mode=&#8221;lighten&#8221; button_text_size_tablet=&#8221;&#8221; button_text_size_phone=&#8221;16px&#8221; button_text_size_last_edited=&#8221;on|phone&#8221; button_border_width_last_edited=&#8221;off|desktop&#8221; button_font_tablet=&#8221;&#8221; button_font_phone=&#8221;&#8221; button_font_last_edited=&#8221;on|desktop&#8221; custom_css_main_element=&#8221;line-height:22px!important;||min-width: 120px;&#8221; global_colors_info=&#8221;{}&#8221; button_bg_color__hover_enabled=&#8221;on|hover&#8221; button_bg_color__hover=&#8221;#396e73&#8243; button_bg_enable_color__hover=&#8221;on&#8221; button_border_width__hover_enabled=&#8221;off|hover&#8221; button_border_width__hover=&#8221;0px&#8221; button_border_color__hover_enabled=&#8221;on|hover&#8221; button_border_color__hover=&#8221;#00a55a&#8221; button_letter_spacing__hover=&#8221;1px&#8221; button_letter_spacing__hover_enabled=&#8221;on|hover&#8221; button_icon_color__hover=&#8221;#ffffff&#8221; button_icon_color__hover_enabled=&#8221;on|hover&#8221; filter_hue_rotate__hover_enabled=&#8221;on|hover&#8221; custom_padding__hover_enabled=&#8221;off|hover&#8221; custom_padding__hover=&#8221;|200px||200px|false|true&#8221; transform_styles__hover_enabled=&#8221;on|desktop&#8221; custom_css_main_element__hover_enabled=&#8221;on|hover&#8221; button_text_color__hover_enabled=&#8221;on|desktop&#8221; custom_css_main_element__hover=&#8221;font-weight:bold;||&#8221; transform_origin__hover_enabled=&#8221;on|hover&#8221; transform_scale__hover_enabled=&#8221;on|desktop&#8221; transform_translate__hover_enabled=&#8221;on|desktop&#8221; transform_rotate__hover_enabled=&#8221;on|desktop&#8221; transform_skew__hover_enabled=&#8221;on|desktop&#8221;][\/et_pb_button][et_pb_button button_url=&#8221;#transicion&#8221; button_text=&#8221;Trantsizio Ekologikoa&#8221; button_alignment=&#8221;center&#8221; _builder_version=&#8221;4.11.1&#8243; _module_preset=&#8221;default&#8221; custom_button=&#8221;on&#8221; button_text_size=&#8221;20px&#8221; button_text_color=&#8221;#ffffff&#8221; button_bg_color=&#8221;rgba(0,0,0,0)&#8221; button_border_width=&#8221;0px&#8221; button_border_color=&#8221;rgba(0,0,0,0)&#8221; button_border_radius=&#8221;0px&#8221; button_letter_spacing=&#8221;1px&#8221; button_font=&#8221;||||||||&#8221; button_icon=&#8221;%%1%%&#8221; button_icon_color=&#8221;#00a55a&#8221; button_on_hover=&#8221;off&#8221; button_rel=&#8221;off|off|off|off|off&#8221; transform_origin=&#8221;50%|50%&#8221; background_layout=&#8221;dark&#8221; custom_margin=&#8221;||||false|true&#8221; custom_padding=&#8221;|5vw||5vw|false|true&#8221; custom_padding_tablet=&#8221;&#8221; custom_padding_phone=&#8221;&#8221; custom_padding_last_edited=&#8221;on|desktop&#8221; mix_blend_mode=&#8221;lighten&#8221; button_text_size_tablet=&#8221;&#8221; button_text_size_phone=&#8221;16px&#8221; button_text_size_last_edited=&#8221;on|phone&#8221; button_border_width_last_edited=&#8221;off|desktop&#8221; button_font_tablet=&#8221;&#8221; button_font_phone=&#8221;&#8221; button_font_last_edited=&#8221;on|desktop&#8221; custom_css_main_element=&#8221;line-height:22px!important;||min-width: 120px;&#8221; global_colors_info=&#8221;{}&#8221; button_bg_color__hover_enabled=&#8221;on|hover&#8221; button_bg_color__hover=&#8221;#396e73&#8243; button_bg_enable_color__hover=&#8221;on&#8221; button_border_width__hover_enabled=&#8221;off|hover&#8221; button_border_width__hover=&#8221;0px&#8221; button_border_color__hover_enabled=&#8221;on|hover&#8221; button_border_color__hover=&#8221;#00a55a&#8221; button_letter_spacing__hover=&#8221;1px&#8221; button_letter_spacing__hover_enabled=&#8221;on|hover&#8221; button_icon_color__hover=&#8221;#ffffff&#8221; button_icon_color__hover_enabled=&#8221;on|hover&#8221; filter_hue_rotate__hover_enabled=&#8221;on|hover&#8221; custom_padding__hover_enabled=&#8221;off|hover&#8221; custom_padding__hover=&#8221;|200px||200px|false|true&#8221; transform_styles__hover_enabled=&#8221;on|desktop&#8221; custom_css_main_element__hover_enabled=&#8221;on|hover&#8221; button_text_color__hover_enabled=&#8221;on|desktop&#8221; custom_css_main_element__hover=&#8221;font-weight:bold;||&#8221; transform_origin__hover_enabled=&#8221;on|hover&#8221; transform_scale__hover_enabled=&#8221;on|desktop&#8221; transform_translate__hover_enabled=&#8221;on|desktop&#8221; transform_rotate__hover_enabled=&#8221;on|desktop&#8221; transform_skew__hover_enabled=&#8221;on|desktop&#8221;][\/et_pb_button][\/et_pb_column][\/et_pb_row][et_pb_row column_structure=&#8221;1_3,2_3&#8243; _builder_version=&#8221;4.6.1&#8243; _module_preset=&#8221;default&#8221; custom_padding=&#8221;||||false|false&#8221; global_colors_info=&#8221;{}&#8221;][et_pb_column type=&#8221;1_3&#8243; _builder_version=&#8221;4.6.1&#8243; _module_preset=&#8221;default&#8221; global_colors_info=&#8221;{}&#8221;][et_pb_text admin_label=&#8221;Text&#8221; module_id=&#8221;jornadamundial&#8221; _builder_version=&#8221;4.6.1&#8243; _module_preset=&#8221;default&#8221; header_font_size=&#8221;44px&#8221; header_line_height=&#8221;1.2em&#8221; header_4_font=&#8221;|700|||||||&#8221; header_font_size_tablet=&#8221;&#8221; header_font_size_phone=&#8221;34px&#8221; header_font_size_last_edited=&#8221;on|phone&#8221; header_3_font_size_tablet=&#8221;&#8221; header_3_font_size_phone=&#8221;22px&#8221; header_3_font_size_last_edited=&#8221;on|phone&#8221; header_4_font_size_tablet=&#8221;&#8221; header_4_font_size_phone=&#8221;18px&#8221; header_4_font_size_last_edited=&#8221;on|desktop&#8221; global_colors_info=&#8221;{}&#8221;]<\/p>\n<h2>Kreazinoaren Zaintzaren aldeko Munduko Otoitz Eguna<\/h2>\n<p>[\/et_pb_text][\/et_pb_column][et_pb_column type=&#8221;2_3&#8243; _builder_version=&#8221;4.6.1&#8243; _module_preset=&#8221;default&#8221; global_colors_info=&#8221;{}&#8221;][et_pb_image src=&#8221;https:\/\/bizkeliza.org\/wp-content\/uploads\/jmocreacion.jpg&#8221; title_text=&#8221;jmocreacion&#8221; _builder_version=&#8221;4.6.1&#8243; _module_preset=&#8221;default&#8221; global_colors_info=&#8221;{}&#8221;][\/et_pb_image][et_pb_text _builder_version=&#8221;4.6.1&#8243; _module_preset=&#8221;default&#8221; custom_margin=&#8221;||39px|||&#8221; custom_padding_tablet=&#8221;&#8221; custom_padding_phone=&#8221;||||false|false&#8221; custom_padding_last_edited=&#8221;on|desktop&#8221; global_colors_info=&#8221;{}&#8221;]<\/p>\n<p>\u201cKreazinoaren Zaintzaren aldeko Munduko Otoitz Eguna urtero ospatuko da. Sinistedunei eta alkarteei aukera ona eskainiko deutse kreazinoaren zaintzaile izateko berariazko bokazinoaganako atxikimendu pertsonala barritzeko, Jainkoari esker ona zuzenduz Berak gure esku itzi dauan egintza miresgarriagaitik, Berari laguntza eskatuz kreazinoaren babeserako eta errukia gure mundu honen aurka egidako pekatuengaitik.\u201d<\/p>\n<p>[\/et_pb_text][et_pb_accordion open_toggle_text_color=&#8221;#000000&#8243; open_toggle_background_color=&#8221;rgba(0,0,0,0)&#8221; closed_toggle_text_color=&#8221;#000000&#8243; closed_toggle_background_color=&#8221;rgba(0,0,0,0)&#8221; icon_color=&#8221;#000000&#8243; use_icon_font_size=&#8221;on&#8221; admin_label=&#8221;Accordion&#8221; module_id=&#8221;SEC1-ancla2&#8243; module_class=&#8221;Accordion-black&#8221; _builder_version=&#8221;4.6.1&#8243; _module_preset=&#8221;addb4e85-b149-48c6-9dcd-1b63836bb534&#8243; toggle_text_color=&#8221;#00a55a&#8221; toggle_level=&#8221;h4&#8243; toggle_font=&#8221;|600|||||||&#8221; toggle_font_size=&#8221;18px&#8221; toggle_line_height=&#8221;1.2em&#8221; closed_toggle_font=&#8221;||||||||&#8221; closed_toggle_font_size=&#8221;18px&#8221; background_color=&#8221;rgba(0,0,0,0)&#8221; min_height=&#8221;200.3px&#8221; custom_margin=&#8221;0px||-3px||false|false&#8221; custom_padding=&#8221;||||false|false&#8221; hover_transition_duration=&#8221;0.2ms&#8221; hover_transition_speed_curve=&#8221;ease-in-out&#8221; custom_css_main_element=&#8221;transition: 0.1s!important;&#8221; custom_css_toggle_icon=&#8221;content:\u201c4c\u201d;&#8221; custom_css_toggle_content=&#8221;padding: 1% 0% 1% 0%;||&#8221; border_width_all=&#8221;0px&#8221; border_color_all=&#8221;rgba(0,0,0,0)&#8221; border_style_bottom=&#8221;none&#8221; locked=&#8221;off&#8221; global_colors_info=&#8221;{}&#8221;][et_pb_accordion_item open=&#8221;on&#8221; open_toggle_background_color=&#8221;rgba(0,0,0,0)&#8221; icon_color=&#8221;rgba(0,0,0,0)&#8221; _builder_version=&#8221;4.6.1&#8243; _module_preset=&#8221;default&#8221; height=&#8221;0px&#8221; custom_margin=&#8221;-80px||||false|false&#8221; custom_css_toggle_icon=&#8221;content: %22%22!important;&#8221; global_colors_info=&#8221;{}&#8221; toggle_font=&#8221;||||||||&#8221; toggle_font_size=&#8221;18px&#8221;][\/et_pb_accordion_item][et_pb_accordion_item title=&#8221;Lagungarriak&#8221; open_toggle_background_color=&#8221;rgba(0,0,0,0)&#8221; closed_toggle_background_color=&#8221;rgba(0,0,0,0)&#8221; icon_color=&#8221;#000000&#8243; use_icon_font_size=&#8221;on&#8221; icon_font_size=&#8221;25px&#8221; _builder_version=&#8221;4.6.1&#8243; _module_preset=&#8221;dd4590c4-4c27-4d54-b17d-daa56f0f40df&#8221; custom_margin=&#8221;-10px||-25px||false|false&#8221; custom_css_toggle_title=&#8221;Padding:5px 0px 5px 0px;||border-bottom: 1px solid #737373;||||&#8221; custom_css_toggle_icon=&#8221;font-family:&#8217;ETmodules&#8217;;||content: %22%924c%22;&#8221; border_width_bottom=&#8221;4px&#8221; border_color_bottom=&#8221;#8300e9&#8243; global_colors_info=&#8221;{}&#8221; toggle_level=&#8221;h4&#8243; toggle_font=&#8221;|600|||||||&#8221; toggle_font_size=&#8221;18px&#8221; custom_css_toggle_icon__hover_enabled=&#8221;on|hover&#8221; custom_css_toggle_icon_last_edited=&#8221;on|desktop&#8221; custom_css_toggle_icon__hover=&#8221;font-family:&#8217;ETmodules&#8217;;||content: %22%924c%22;||transform:rotate(180deg);\t&#8221; open=&#8221;off&#8221;]<\/p>\n<p><span style=\"font-size: 18px;\"><\/span><a href=\"https:\/\/diocesisdebilbao-my.sharepoint.com\/:w:\/g\/personal\/webbizkeliza_bizkeliza_org\/EZ7WbmqCEZBGmGMJa4hAeigBKu01CsU87hCBoi4s712Lqw\" target=\"_blank\" rel=\"noopener noreferrer\" style=\"font-size: 18px;\">Vigilia de Oraci\u00f3n por el medio ambiente\u00a0\u00a0<img decoding=\"async\" src=\"https:\/\/bizkeliza.org\/wp-content\/uploads\/2021\/05\/download-icon-verdeoscuro-2.png\" width=\"22\" height=\"22\" alt=\"\" class=\"wp-image-978 alignnone size-full\" \/><\/a><\/p>\n<p><a href=\"https:\/\/w2.vatican.va\/content\/francesco\/es\/messages\/pont-messages\/2017\/documents\/papa-francesco_20170901_messaggio-giornata-cura-creato.html\" target=\"_blank\" rel=\"noopener noreferrer\">Mensaje conjunto del Papa Francisco y del Patriarca Ecum\u00e9nico Bartolom\u00e9 en la Jornada Mundial de Oraci\u00f3n por la Creaci\u00f3n (2017)\u00a0\u00a0<img decoding=\"async\" src=\"https:\/\/bizkeliza.org\/wp-content\/uploads\/2021\/05\/follow-icon-verdeoscuro-2.png\" width=\"21\" height=\"11\" alt=\"\" class=\"wp-image-982 alignnone size-full\" \/><\/a><\/p>\n<p><a href=\"https:\/\/w2.vatican.va\/content\/francesco\/es\/messages\/pont-messages\/2016\/documents\/papa-francesco_20160901_messaggio-giornata-cura-creato.html\" target=\"_blank\" rel=\"noopener noreferrer\">Mensaje del Santo Padre para la Jornada mundial de oraci\u00f3n por el cuidado de la creaci\u00f3n (1 de septiembre de 2016)\u00a0\u00a0<img decoding=\"async\" src=\"https:\/\/bizkeliza.org\/wp-content\/uploads\/2021\/05\/follow-icon-verdeoscuro-2.png\" width=\"21\" height=\"11\" alt=\"\" class=\"wp-image-982 alignnone size-full\" \/><\/a><\/p>\n<p><a href=\"https:\/\/diocesisdebilbao-my.sharepoint.com\/:w:\/g\/personal\/webbizkeliza_bizkeliza_org\/EQ8kdZE3F_VAgD50a-einckBNIacDIoKy2dHvXLuCPuZ4w\" target=\"_blank\" rel=\"noopener noreferrer\">Celebraci\u00f3n Jornada por la creaci\u00f3n\u00a0\u00a0<img decoding=\"async\" src=\"https:\/\/bizkeliza.org\/wp-content\/uploads\/2021\/05\/download-icon-verdeoscuro-2.png\" width=\"22\" height=\"22\" alt=\"\" class=\"wp-image-978 alignnone size-full\" \/><\/a><\/p>\n<p>[\/et_pb_accordion_item][et_pb_accordion_item title=&#8221;Itxi &#8221; open_toggle_background_color=&#8221;rgba(0,0,0,0)&#8221; closed_toggle_background_color=&#8221;rgba(0,0,0,0)&#8221; icon_color=&#8221;#000000&#8243; use_icon_font_size=&#8221;on&#8221; icon_font_size=&#8221;25px&#8221; _builder_version=&#8221;4.6.1&#8243; _module_preset=&#8221;dd4590c4-4c27-4d54-b17d-daa56f0f40df&#8221; custom_margin=&#8221;0px||-25px||false|false&#8221; custom_padding=&#8221;||||false|false&#8221; custom_css_toggle_title=&#8221;Padding:5px 30px 5px 0px;||border-bottom: 0px solid;&#8221; custom_css_toggle_icon=&#8221;font-family:&#8217;ETmodules&#8217;;||content:%22%924d%22;||display:block!important;&#8221; border_width_bottom=&#8221;0px&#8221; border_color_bottom=&#8221;rgba(0,0,0,0)&#8221; border_style_bottom=&#8221;none&#8221; global_colors_info=&#8221;{}&#8221; toggle_level=&#8221;h4&#8243; toggle_font=&#8221;|300|||||||&#8221; toggle_text_align=&#8221;right&#8221; toggle_font_size=&#8221;18px&#8221; custom_css_toggle_icon__hover_enabled=&#8221;off|desktop&#8221; custom_css_toggle_icon_last_edited=&#8221;on|desktop&#8221; custom_css_toggle_icon__hover=&#8221;font-family:&#8217;ETmodules&#8217;;||content: %22%924c%22;||transform:rotate(180deg);\t&#8221; content__hover_enabled=&#8221;off|desktop&#8221; custom_padding__hover_enabled=&#8221;off|desktop&#8221; open=&#8221;off&#8221;][\/et_pb_accordion_item][\/et_pb_accordion][\/et_pb_column][\/et_pb_row][et_pb_row _builder_version=&#8221;4.6.1&#8243; _module_preset=&#8221;default&#8221; custom_padding=&#8221;||||false|false&#8221; global_colors_info=&#8221;{}&#8221;][et_pb_column type=&#8221;4_4&#8243; _builder_version=&#8221;4.6.1&#8243; _module_preset=&#8221;default&#8221; global_colors_info=&#8221;{}&#8221;]<\/p>\n<p>[et_pb_divider color=&#8221;#000000&#8243; divider_position=&#8221;center&#8221; _builder_version=&#8221;4.6.1&#8243; _module_preset=&#8221;default&#8221; global_colors_info=&#8221;{}&#8221;][\/et_pb_divider]<\/p>\n<p>[\/et_pb_column][\/et_pb_row][et_pb_row column_structure=&#8221;1_3,2_3&#8243; _builder_version=&#8221;4.6.1&#8243; _module_preset=&#8221;default&#8221; global_colors_info=&#8221;{}&#8221;][et_pb_column type=&#8221;1_3&#8243; _builder_version=&#8221;4.6.1&#8243; _module_preset=&#8221;default&#8221; global_colors_info=&#8221;{}&#8221;][et_pb_text admin_label=&#8221;Text&#8221; module_id=&#8221;laudato&#8221; _builder_version=&#8221;4.6.1&#8243; _module_preset=&#8221;default&#8221; header_font_size=&#8221;44px&#8221; header_line_height=&#8221;1.2em&#8221; header_4_font=&#8221;|700|||||||&#8221; header_font_size_tablet=&#8221;&#8221; header_font_size_phone=&#8221;34px&#8221; header_font_size_last_edited=&#8221;on|phone&#8221; header_3_font_size_tablet=&#8221;&#8221; header_3_font_size_phone=&#8221;22px&#8221; header_3_font_size_last_edited=&#8221;on|phone&#8221; header_4_font_size_tablet=&#8221;&#8221; header_4_font_size_phone=&#8221;18px&#8221; header_4_font_size_last_edited=&#8221;on|desktop&#8221; global_colors_info=&#8221;{}&#8221;]<\/p>\n<h2>Laudato si\u2019 2021<\/h2>\n<p>[\/et_pb_text][\/et_pb_column][et_pb_column type=&#8221;2_3&#8243; _builder_version=&#8221;4.6.1&#8243; _module_preset=&#8221;default&#8221; global_colors_info=&#8221;{}&#8221;][et_pb_text _builder_version=&#8221;4.6.1&#8243; _module_preset=&#8221;default&#8221; custom_padding_tablet=&#8221;&#8221; custom_padding_phone=&#8221;||||false|false&#8221; custom_padding_last_edited=&#8221;on|desktop&#8221; global_colors_info=&#8221;{}&#8221; custom_css_main_element__hover_enabled=&#8221;off|desktop&#8221; custom_css_main_element_last_edited=&#8221;on|desktop&#8221; custom_css_main_element_phone=&#8221;||&#8221;]<\/p>\n<h3>\u201cSabemos que las cosas pueden cambiar\u201d (LS 13)<\/h3>\n<p>[\/et_pb_text][et_pb_text _builder_version=&#8221;4.6.1&#8243; _module_preset=&#8221;default&#8221; global_colors_info=&#8221;{}&#8221;]<\/p>\n<div class=\"wpview wpview-wrap\" data-wpview-text=\"%5Bembed%5Dhttps%3A%2F%2Fyoutu.be%2FYeVKfOSPz5s%5B%2Fembed%5D\" data-wpview-type=\"embed\" contenteditable=\"false\"><iframe loading=\"lazy\" title=\"El Papa Francisco invita a celebrar la Semana Laudato Si\u2019 2021 (Espa\u00f1ol)\" width=\"590\" height=\"332\" src=\"https:\/\/www.youtube.com\/embed\/YeVKfOSPz5s?feature=oembed\" allow=\"accelerometer; autoplay; clipboard-write; encrypted-media; gyroscope; picture-in-picture\" allowfullscreen=\"\"><\/iframe><span class=\"mce-shim\"><\/span><span class=\"mce-shim\"><\/span><span class=\"wpview-end\"><\/span><\/div>\n<p>[\/et_pb_text][et_pb_accordion open_toggle_text_color=&#8221;#000000&#8243; open_toggle_background_color=&#8221;rgba(0,0,0,0)&#8221; closed_toggle_text_color=&#8221;#000000&#8243; closed_toggle_background_color=&#8221;rgba(0,0,0,0)&#8221; icon_color=&#8221;#000000&#8243; use_icon_font_size=&#8221;on&#8221; admin_label=&#8221;Accordion&#8221; module_id=&#8221;SEC1-ancla2&#8243; module_class=&#8221;Accordion-black&#8221; _builder_version=&#8221;4.6.1&#8243; _module_preset=&#8221;addb4e85-b149-48c6-9dcd-1b63836bb534&#8243; toggle_text_color=&#8221;#00a55a&#8221; toggle_level=&#8221;h4&#8243; toggle_font=&#8221;|600|||||||&#8221; toggle_font_size=&#8221;18px&#8221; toggle_line_height=&#8221;1.2em&#8221; closed_toggle_font=&#8221;||||||||&#8221; closed_toggle_font_size=&#8221;18px&#8221; background_color=&#8221;rgba(0,0,0,0)&#8221; min_height=&#8221;200.3px&#8221; custom_margin=&#8221;62px||50px||false|false&#8221; custom_padding=&#8221;||||false|false&#8221; hover_transition_duration=&#8221;0.2ms&#8221; hover_transition_speed_curve=&#8221;ease-in-out&#8221; custom_css_main_element=&#8221;transition: 0.1s!important;&#8221; custom_css_toggle_icon=&#8221;content:\u201c4c\u201d;&#8221; custom_css_toggle_content=&#8221;padding: 1% 0% 1% 0%;||&#8221; border_width_all=&#8221;0px&#8221; border_color_all=&#8221;rgba(0,0,0,0)&#8221; border_style_bottom=&#8221;none&#8221; locked=&#8221;off&#8221; global_colors_info=&#8221;{}&#8221;][et_pb_accordion_item open=&#8221;on&#8221; open_toggle_background_color=&#8221;rgba(0,0,0,0)&#8221; icon_color=&#8221;rgba(0,0,0,0)&#8221; _builder_version=&#8221;4.6.1&#8243; _module_preset=&#8221;default&#8221; height=&#8221;0px&#8221; custom_margin=&#8221;-80px||||false|false&#8221; custom_css_toggle_icon=&#8221;content: %22%22!important;&#8221; global_colors_info=&#8221;{}&#8221; toggle_font=&#8221;||||||||&#8221; toggle_font_size=&#8221;18px&#8221;][\/et_pb_accordion_item][et_pb_accordion_item title=&#8221;Lagungarriak&#8221; open_toggle_background_color=&#8221;rgba(0,0,0,0)&#8221; closed_toggle_background_color=&#8221;rgba(0,0,0,0)&#8221; icon_color=&#8221;#000000&#8243; use_icon_font_size=&#8221;on&#8221; icon_font_size=&#8221;25px&#8221; _builder_version=&#8221;4.6.1&#8243; _module_preset=&#8221;dd4590c4-4c27-4d54-b17d-daa56f0f40df&#8221; custom_margin=&#8221;-10px||-25px||false|false&#8221; custom_css_toggle_title=&#8221;Padding:5px 0px 5px 0px;||border-bottom: 1px solid #737373;||||&#8221; custom_css_toggle_icon=&#8221;font-family:&#8217;ETmodules&#8217;;||content: %22%924c%22;&#8221; border_width_bottom=&#8221;4px&#8221; border_color_bottom=&#8221;#8300e9&#8243; global_colors_info=&#8221;{}&#8221; toggle_level=&#8221;h4&#8243; toggle_font=&#8221;|600|||||||&#8221; toggle_font_size=&#8221;18px&#8221; custom_css_toggle_icon__hover_enabled=&#8221;on|hover&#8221; custom_css_toggle_icon_last_edited=&#8221;on|desktop&#8221; custom_css_toggle_icon__hover=&#8221;font-family:&#8217;ETmodules&#8217;;||content: %22%924c%22;||transform:rotate(180deg);\t&#8221; open=&#8221;off&#8221;]<\/p>\n<h3><\/h3>\n<h4><span style=\"color: #000000;\"><strong>Materiales Ecolog\u00eda y Pobreza e<\/strong><\/span><strong>laborados por mesa vicarial Vicar\u00eda I<\/strong><\/h4>\n<p><strong><\/strong><\/p>\n<p><span style=\"color: #000000;\"><strong>1.- J\u00f3venes y Adultos<\/strong><\/span><\/p>\n<p><a href=\"https:\/\/www.icloud.com\/attachment\/?u=https%3A%2F%2Fcvws.icloud-content.com%2FB%2FAbFhbysz0Zc_2dbzJO0q3-EOSKItAUakPBR7ccHs3PyDdhidHgQOhFk1%2F%24%7Bf%7D%3Fo%3DAgC7fI7HVzsASk1AVc7ZGSmc59U-NdErQiVkPNROYMPU%26v%3D1%26x%3D3%26a%3DCAognPxWXTKpQfnkgQeaQ8MixgZApgsSRHyR7JZtIALlXLUSeBDjhPz3jy8Y45T3y5kvIgEAKgkC6AMA_xjBDRVSBA5Ioi1aBA6EWTVqJquABicwyukaxrxI__TVAmJ6OBXDyGb2Zg7SbGSqTfxaMlmR_DvKciZYIsHzh0Lx57-aYJsB3bzRXzYlEm5eQU2z3-jtxI9Qmb6fPgDNhQ%26e%3D1621777828%26fl%3D%26r%3D8AD863E2-8E86-4322-8030-807146FC7EDE-1%26k%3D%24%7Buk%7D%26ckc%3Dcom.apple.largeattachment%26ckz%3D62E97E05-2168-4940-8745-120DBCA16F7F%26p%3D32%26s%3DzDa74WL67A8uJhdUAOEat7ze9gE&amp;uk=5DxSjsDKIxT4Sz3KUUmzSw&amp;f=ECOLOGIA%20Y%20POBREZA%20Jo%CC%81venes%20y%20Adultos%20.pdf&amp;sz=2959888\" target=\"_blank\" rel=\"noopener noreferrer\">Material de trabajo\u00a0\u00a0<img decoding=\"async\" src=\"https:\/\/bizkeliza.org\/wp-content\/uploads\/2021\/05\/download-icon-verdeoscuro-2.png\" width=\"22\" height=\"22\" alt=\"\" class=\"wp-image-978 alignnone size-full\" \/><\/a><\/p>\n<p><a href=\"https:\/\/www.icloud.com\/attachment\/?u=https%3A%2F%2Fcvws.icloud-content.com%2FB%2FAdi9ZbQP8q89gzRAgD2SmF4RrVB0AfNOznm6259656KFa8u8DlfgF-dx%2F%24%7Bf%7D%3Fo%3DAlHRuzuMgY7udbJvkaW8Vo_VciP1HLGuk-NgTlqxWNxU%26v%3D1%26x%3D3%26a%3DCAogDxXeEtHQKkUnvFTgEKDbvlO7uUDCMsbrbeYM5boKnIUSeBC0kPz3jy8YtKD3y5kvIgEAKgkC6AMA_xFvYetSBBGtUHRaBOAX53FqJvxGALxoVl63dH6X_bK0V650G4bxDVeEFm-n8wsA38G0jd75Z16bcibuY2nEDuOX9x7fZAN_pDuX3BgBS5keZGTf8zZvyk5j5QHu0zC5Fw%26e%3D1621777829%26fl%3D%26r%3DF50A0FB0-F9F3-42FB-A91E-EEA8969BB892-1%26k%3D%24%7Buk%7D%26ckc%3Dcom.apple.largeattachment%26ckz%3D62E97E05-2168-4940-8745-120DBCA16F7F%26p%3D32%26s%3DYX23-P6_k-uKqLlwUk22zd_MEyM&amp;uk=Qbd5hCM7du8-RQ8cKq7b6g&amp;f=ECOLOGIA%20Y%20POBREZA-JUVENTUD-ADULTOS.mp4&amp;sz=60902066\" target=\"_blank\" rel=\"noopener noreferrer\">Video\u00a0\u00a0<img decoding=\"async\" src=\"https:\/\/bizkeliza.org\/wp-content\/uploads\/2021\/05\/download-icon-verdeoscuro-2.png\" width=\"22\" height=\"22\" alt=\"\" class=\"wp-image-978 alignnone size-full\" \/><\/a><\/p>\n<p><span style=\"color: #000000;\"><strong>2.- Infancia<\/strong><\/span><\/p>\n<p><a href=\"https:\/\/www.icloud.com\/attachment\/?u=https%3A%2F%2Fcvws.icloud-content.com%2FB%2FAbqpO5UrJLrW2ZhGycZ2FtSQOFtLAQhKZ41X1C2R4_2956NajvMEQZnM%2F%24%7Bf%7D%3Fo%3DAii26UL8ufxkronuSauQj1XOFQw-1moEPIxilyQ-H1Mt%26v%3D1%26x%3D3%26a%3DCAoghIidjY5Y1mBo0emv9vwDqqaVMGcJ32RM36464Tttw0wSeBDHjvz3jy8Yx573y5kvIgEAKgkC6AMA_yitkwhSBJA4W0taBARBmcxqJjVrHIg1JGyhww9RFhEwh_3Ehpl5SK5kVXQJi4yL8fXoyCa41FeOciYVAqF_TQTw2Ohwz0kNwdr-8c8O5Z2hw9NY0yNxn4kzJJLnh6OQeA%26e%3D1621777829%26fl%3D%26r%3D4EEDB2B6-9F66-4404-B2BE-CDD897F23142-1%26k%3D%24%7Buk%7D%26ckc%3Dcom.apple.largeattachment%26ckz%3D62E97E05-2168-4940-8745-120DBCA16F7F%26p%3D32%26s%3D8yQKN7E6ZUq9zeBeYjPK2vkdWeA&amp;uk=Z7Ogd2EnG-x6ZDFNJt8Lhg&amp;f=ECOLOGIA%20Y%20POBREZA%20Infancia%20.pdf&amp;sz=1902353\" target=\"_blank\" rel=\"noopener noreferrer\">Material de trabajo\u00a0\u00a0<img decoding=\"async\" src=\"https:\/\/bizkeliza.org\/wp-content\/uploads\/2021\/05\/download-icon-verdeoscuro-2.png\" width=\"22\" height=\"22\" alt=\"\" class=\"wp-image-978 alignnone size-full\" \/><\/a><\/p>\n<p><a href=\"https:\/\/www.icloud.com\/attachment\/?u=https%3A%2F%2Fcvws.icloud-content.com%2FB%2FAanqnOMJiVKkkw899Vy4Z6JZR9N3AX0MRvicfaokZIx4rvsnq6Fz0I1y%2F%24%7Bf%7D%3Fo%3DAtd4uih27O8VZZwQ3-O7gWOkTnN1OI__fSttXMHE_SuR%26v%3D1%26x%3D3%26a%3DCAogVWdDoZCg81KmSpjSAAg0TXm9lTbd2t8jZLhSO1UqepISeBDQjPz3jy8Y0Jz3y5kvIgEAKgkC6AMA_yipzUZSBFlH03daBHPQjXJqJowee5z1_0WJMkOv_mnGbMOOit7fuei2M_s6U_dFT5h1cm7SWsozciYjOP1njfkR3f3O1Hnp9fm5jk4ARKFTp8LO6TDGOWhNffdpixggFg%26e%3D1621777829%26fl%3D%26r%3D799F744B-0E25-4817-9544-9CC0D7AEDCC0-1%26k%3D%24%7Buk%7D%26ckc%3Dcom.apple.largeattachment%26ckz%3D62E97E05-2168-4940-8745-120DBCA16F7F%26p%3D32%26s%3D3K5wQnWUm9sOEOiMbPPANpiRmN4&amp;uk=DwgMMISkCHPDh-KhsOyCtA&amp;f=ECOLOGIA%20Y%20POBREZA-INFANCIA.mp4&amp;sz=117731132\" target=\"_blank\" rel=\"noopener noreferrer\">Video\u00a0\u00a0<img decoding=\"async\" src=\"https:\/\/bizkeliza.org\/wp-content\/uploads\/2021\/05\/download-icon-verdeoscuro-2.png\" width=\"22\" height=\"22\" alt=\"\" class=\"wp-image-978 alignnone size-full\" \/><\/a><\/p>\n<p><a href=\"https:\/\/diocesisdebilbao-my.sharepoint.com\/:w:\/g\/personal\/webbizkeliza_bizkeliza_org\/EQ8kdZE3F_VAgD50a-einckBNIacDIoKy2dHvXLuCPuZ4w\" target=\"_blank\" rel=\"noopener noreferrer\"><\/a><\/p>\n<p>[\/et_pb_accordion_item][et_pb_accordion_item title=&#8221;Berbaldiak \/ Multimedia&#8221; open_toggle_background_color=&#8221;rgba(0,0,0,0)&#8221; closed_toggle_background_color=&#8221;rgba(0,0,0,0)&#8221; icon_color=&#8221;#000000&#8243; use_icon_font_size=&#8221;on&#8221; icon_font_size=&#8221;25px&#8221; _builder_version=&#8221;4.6.1&#8243; _module_preset=&#8221;dd4590c4-4c27-4d54-b17d-daa56f0f40df&#8221; max_width=&#8221;100%&#8221; custom_margin=&#8221;-10px||-25px||false|false&#8221; custom_css_toggle_title=&#8221;Padding:5px 0px 5px 0px;||border-bottom: 1px solid #737373;||||&#8221; custom_css_toggle_icon=&#8221;font-family:&#8217;ETmodules&#8217;;||content: %22%924c%22;&#8221; custom_css_toggle_content=&#8221;max-width:50%;&#8221; border_width_bottom=&#8221;4px&#8221; border_color_bottom=&#8221;#8300e9&#8243; global_colors_info=&#8221;{}&#8221; toggle_level=&#8221;h4&#8243; toggle_font=&#8221;|600|||||||&#8221; toggle_font_size=&#8221;18px&#8221; custom_css_toggle_icon__hover_enabled=&#8221;on|hover&#8221; custom_css_toggle_icon_last_edited=&#8221;on|desktop&#8221; custom_css_toggle_icon__hover=&#8221;font-family:&#8217;ETmodules&#8217;;||content: %22%924c%22;||transform:rotate(180deg);\t&#8221; open=&#8221;off&#8221;]<\/p>\n<h4><span style=\"color: #000000;\" data-mce-style=\"color: #000000;\"><strong>Mon. Luis Arg\u00fcello. Ecolog\u00eda, Evangelizaci\u00f3n y Ministerio:<\/strong><\/span><\/h4>\n<div class=\"wpview wpview-wrap\" data-wpview-text=\"%5Bembed%5Dhttps%3A%2F%2Fyoutu.be%2FQEL7VpQ0JHA%5B%2Fembed%5D\" data-wpview-type=\"embed\" contenteditable=\"false\"><iframe loading=\"lazy\" title=\"Mon. Luis Arg\u00fcello. Ecolog\u00eda, Evangelizaci\u00f3n y Ministerio.\" width=\"590\" height=\"332\" src=\"https:\/\/www.youtube.com\/embed\/QEL7VpQ0JHA?feature=oembed\" allow=\"accelerometer; autoplay; clipboard-write; encrypted-media; gyroscope; picture-in-picture\" allowfullscreen=\"\"><\/iframe><span class=\"mce-shim\"><\/span><span class=\"mce-shim\"><\/span><span class=\"wpview-end\"><\/span><\/div>\n<p><\/p>\n<h4><span style=\"color: #000000;\" data-mce-style=\"color: #000000;\"><strong>Conferencia de Jaime Tatay, &#8220;La conversi\u00f3n ecol\u00f3gica de la Evangelizaci\u00f3n&#8221;<\/strong><\/span><\/h4>\n<p><\/p>\n<div class=\"wpview wpview-wrap\" data-wpview-text=\"%5Bembed%5Dhttps%3A%2F%2Fyoutu.be%2FJ-GAu3p5Hqw%5B%2Fembed%5D\" data-wpview-type=\"embed\" contenteditable=\"false\"><iframe loading=\"lazy\" title=\"Conferencia de Jaime Tatay, &quot;La conversi\u00f3n ecol\u00f3gica de la Evangelizaci\u00f3n&quot;\" width=\"590\" height=\"332\" src=\"https:\/\/www.youtube.com\/embed\/J-GAu3p5Hqw?feature=oembed\" allow=\"accelerometer; autoplay; clipboard-write; encrypted-media; gyroscope; picture-in-picture\" allowfullscreen=\"\"><\/iframe><span class=\"mce-shim\"><\/span><span class=\"mce-shim\"><\/span><span class=\"wpview-end\"><\/span><\/div>\n<p>[\/et_pb_accordion_item][et_pb_accordion_item title=&#8221;Itxi &#8221; open_toggle_background_color=&#8221;rgba(0,0,0,0)&#8221; closed_toggle_background_color=&#8221;rgba(0,0,0,0)&#8221; icon_color=&#8221;#000000&#8243; use_icon_font_size=&#8221;on&#8221; icon_font_size=&#8221;25px&#8221; _builder_version=&#8221;4.6.1&#8243; _module_preset=&#8221;dd4590c4-4c27-4d54-b17d-daa56f0f40df&#8221; custom_margin=&#8221;0px||-25px||false|false&#8221; custom_padding=&#8221;||||false|false&#8221; custom_css_toggle_title=&#8221;Padding:5px 30px 5px 0px;||border-bottom: 0px solid;&#8221; custom_css_toggle_icon=&#8221;font-family:&#8217;ETmodules&#8217;;||content:%22%924d%22;||display:block!important;&#8221; border_width_bottom=&#8221;0px&#8221; border_color_bottom=&#8221;rgba(0,0,0,0)&#8221; border_style_bottom=&#8221;none&#8221; global_colors_info=&#8221;{}&#8221; toggle_level=&#8221;h4&#8243; toggle_font=&#8221;|300|||||||&#8221; toggle_text_align=&#8221;right&#8221; toggle_font_size=&#8221;18px&#8221; custom_css_toggle_icon__hover_enabled=&#8221;off|desktop&#8221; custom_css_toggle_icon_last_edited=&#8221;on|desktop&#8221; custom_css_toggle_icon__hover=&#8221;font-family:&#8217;ETmodules&#8217;;||content: %22%924c%22;||transform:rotate(180deg);\t&#8221; content__hover_enabled=&#8221;off|desktop&#8221; custom_padding__hover_enabled=&#8221;off|desktop&#8221; open=&#8221;off&#8221;][\/et_pb_accordion_item][\/et_pb_accordion][et_pb_blurb title=&#8221;P\u00e1gina Oficial   &#8221; url=&#8221;https:\/\/laudatosiweek.org\/es\/home-es\/&#8221; url_new_window=&#8221;on&#8221; image=&#8221;https:\/\/bizkeliza.org\/wp-content\/uploads\/ES_LS-Week-Logo_2021_LSW-Port.png&#8221; icon_placement=&#8221;left&#8221; _builder_version=&#8221;4.6.1&#8243; _module_preset=&#8221;default&#8221; header_font=&#8221;||||||||&#8221; header_text_align=&#8221;center&#8221; header_font_size=&#8221;33px&#8221; body_text_align=&#8221;center&#8221; body_font_size=&#8221;14px&#8221; background_color=&#8221;#ffffff&#8221; text_orientation=&#8221;center&#8221; max_width=&#8221;100%&#8221; module_alignment=&#8221;center&#8221; custom_margin=&#8221;50px||0px||false|true&#8221; custom_padding=&#8221;15px||15px||true|true&#8221; link_option_url=&#8221;https:\/\/laudatosiweek.org\/es\/home-es\/&#8221; link_option_url_new_window=&#8221;on&#8221; custom_css_main_element=&#8221;vertical-align: middle;&#8221; custom_css_blurb_image=&#8221;width:50%;||padding:10px 0px 10px 0px;&#8221; custom_css_blurb_title=&#8221;padding:20px 0px 10px 0px;||&#8221; border_radii=&#8221;on|8px|8px|8px|8px&#8221; box_shadow_style=&#8221;preset1&#8243; locked=&#8221;off&#8221; global_colors_info=&#8221;{}&#8221;][\/et_pb_blurb][\/et_pb_column][\/et_pb_row][et_pb_row _builder_version=&#8221;4.6.1&#8243; _module_preset=&#8221;default&#8221; custom_padding=&#8221;||||false|false&#8221; global_colors_info=&#8221;{}&#8221;][et_pb_column type=&#8221;4_4&#8243; _builder_version=&#8221;4.6.1&#8243; _module_preset=&#8221;default&#8221; global_colors_info=&#8221;{}&#8221;]<\/p>\n<p>[et_pb_divider color=&#8221;#000000&#8243; divider_position=&#8221;center&#8221; _builder_version=&#8221;4.6.1&#8243; _module_preset=&#8221;default&#8221; global_colors_info=&#8221;{}&#8221;][\/et_pb_divider]<\/p>\n<p>[\/et_pb_column][\/et_pb_row][et_pb_row column_structure=&#8221;1_3,2_3&#8243; _builder_version=&#8221;4.6.1&#8243; _module_preset=&#8221;default&#8221; global_colors_info=&#8221;{}&#8221;][et_pb_column type=&#8221;1_3&#8243; _builder_version=&#8221;4.6.1&#8243; _module_preset=&#8221;default&#8221; global_colors_info=&#8221;{}&#8221;][et_pb_text admin_label=&#8221;Text&#8221; module_id=&#8221;transicion&#8221; _builder_version=&#8221;4.11.1&#8243; _module_preset=&#8221;default&#8221; header_font_size=&#8221;44px&#8221; header_line_height=&#8221;1.2em&#8221; header_4_font=&#8221;|700|||||||&#8221; header_font_size_tablet=&#8221;&#8221; header_font_size_phone=&#8221;34px&#8221; header_font_size_last_edited=&#8221;on|phone&#8221; header_3_font_size_tablet=&#8221;&#8221; header_3_font_size_phone=&#8221;22px&#8221; header_3_font_size_last_edited=&#8221;on|phone&#8221; header_4_font_size_tablet=&#8221;&#8221; header_4_font_size_phone=&#8221;18px&#8221; header_4_font_size_last_edited=&#8221;on|desktop&#8221; global_colors_info=&#8221;{}&#8221;]<\/p>\n<h2>Seminario Ebanjelizazioaren Trantsizio Ekologikoa 2021eko Mintegiaren ondorioak<\/h2>\n<p>[\/et_pb_text][\/et_pb_column][et_pb_column type=&#8221;2_3&#8243; _builder_version=&#8221;4.6.1&#8243; _module_preset=&#8221;default&#8221; global_colors_info=&#8221;{}&#8221;][et_pb_text _builder_version=&#8221;4.11.1&#8243; _module_preset=&#8221;default&#8221; global_colors_info=&#8221;{}&#8221;]<\/p>\n<p><img decoding=\"async\" src=\"https:\/\/bizkeliza.org\/wp-content\/uploads\/transecolo-300x192.jpg\" width=\"300\" height=\"192\" alt=\"\" class=\"wp-image-12246 alignnone size-medium\" srcset=\"https:\/\/bizkeliza.org\/wp-content\/uploads\/transecolo-300x192.jpg 300w, https:\/\/bizkeliza.org\/wp-content\/uploads\/transecolo.jpg 407w\" sizes=\"(max-width: 300px) 100vw, 300px\" \/><\/p>\n<p>[\/et_pb_text][et_pb_accordion open_toggle_text_color=&#8221;#000000&#8243; open_toggle_background_color=&#8221;rgba(0,0,0,0)&#8221; closed_toggle_text_color=&#8221;#000000&#8243; closed_toggle_background_color=&#8221;rgba(0,0,0,0)&#8221; icon_color=&#8221;#000000&#8243; use_icon_font_size=&#8221;on&#8221; admin_label=&#8221;Accordion&#8221; module_id=&#8221;SEC1-ancla2&#8243; module_class=&#8221;Accordion-black&#8221; _builder_version=&#8221;4.11.1&#8243; _module_preset=&#8221;addb4e85-b149-48c6-9dcd-1b63836bb534&#8243; toggle_text_color=&#8221;#00a55a&#8221; toggle_level=&#8221;h4&#8243; toggle_font=&#8221;|600|||||||&#8221; toggle_font_size=&#8221;18px&#8221; toggle_line_height=&#8221;1.2em&#8221; closed_toggle_font=&#8221;||||||||&#8221; closed_toggle_font_size=&#8221;18px&#8221; background_color=&#8221;rgba(0,0,0,0)&#8221; min_height=&#8221;200.3px&#8221; custom_margin=&#8221;62px||50px||false|false&#8221; custom_padding=&#8221;||||false|false&#8221; hover_transition_duration=&#8221;0.2ms&#8221; hover_transition_speed_curve=&#8221;ease-in-out&#8221; hover_enabled=&#8221;0&#8243; custom_css_main_element=&#8221;transition: 0.1s!important;&#8221; custom_css_toggle_icon=&#8221;content:\u201c4c\u201d;&#8221; custom_css_toggle_content=&#8221;padding: 1% 0% 1% 0%;||&#8221; border_width_all=&#8221;0px&#8221; border_color_all=&#8221;rgba(0,0,0,0)&#8221; border_style_bottom=&#8221;none&#8221; locked=&#8221;off&#8221; global_colors_info=&#8221;{}&#8221; sticky_enabled=&#8221;0&#8243;][et_pb_accordion_item open_toggle_background_color=&#8221;rgba(0,0,0,0)&#8221; icon_color=&#8221;rgba(0,0,0,0)&#8221; _builder_version=&#8221;4.6.1&#8243; _module_preset=&#8221;default&#8221; height=&#8221;0px&#8221; custom_margin=&#8221;-80px||||false|false&#8221; custom_css_toggle_icon=&#8221;content: %22%22!important;&#8221; global_colors_info=&#8221;{}&#8221; toggle_font=&#8221;||||||||&#8221; toggle_font_size=&#8221;18px&#8221; open=&#8221;on&#8221;][\/et_pb_accordion_item][et_pb_accordion_item title=&#8221;Lagungarriak&#8221; open_toggle_background_color=&#8221;rgba(0,0,0,0)&#8221; closed_toggle_background_color=&#8221;rgba(0,0,0,0)&#8221; icon_color=&#8221;#000000&#8243; use_icon_font_size=&#8221;on&#8221; icon_font_size=&#8221;25px&#8221; _builder_version=&#8221;4.11.1&#8243; _module_preset=&#8221;dd4590c4-4c27-4d54-b17d-daa56f0f40df&#8221; custom_margin=&#8221;-10px||-25px||false|false&#8221; hover_enabled=&#8221;0&#8243; custom_css_toggle_title=&#8221;Padding:5px 0px 5px 0px;||border-bottom: 1px solid #737373;||||&#8221; custom_css_toggle_icon=&#8221;font-family:&#8217;ETmodules&#8217;;||content: %22%924c%22;&#8221; border_width_bottom=&#8221;4px&#8221; border_color_bottom=&#8221;#8300e9&#8243; global_colors_info=&#8221;{}&#8221; toggle_level=&#8221;h4&#8243; toggle_font=&#8221;|600|||||||&#8221; toggle_font_size=&#8221;18px&#8221; custom_css_toggle_icon__hover_enabled=&#8221;on|hover&#8221; custom_css_toggle_icon_last_edited=&#8221;on|desktop&#8221; custom_css_toggle_icon__hover=&#8221;font-family:&#8217;ETmodules&#8217;;||content: %22%924c%22;||transform:rotate(180deg);\t&#8221; open=&#8221;off&#8221; sticky_enabled=&#8221;0&#8243;]<\/p>\n<h3><\/h3>\n<p><a href=\"https:\/\/diocesisdebilbao-my.sharepoint.com\/:b:\/g\/personal\/webbizkeliza_bizkeliza_org\/EY6-GFKLABxOpRc99LhVNxsB_I9B4WR3aBR-qzZ2DTS8Ag\" target=\"_blank\" rel=\"noopener\"><span class=\"NormalTextRun  BCX0 SCXW154193234\">Documento conclu<\/span><span class=\"NormalTextRun  BCX0 SCXW154193234\">s<\/span><span class=\"NormalTextRun  BCX0 SCXW154193234\">iones <img decoding=\"async\" src=\"https:\/\/bizkeliza.org\/wp-content\/uploads\/download-icon-verdeoscuro.png\" width=\"22\" height=\"22\" alt=\"\" class=\"wp-image-2416 alignnone size-full\" \/><\/span><\/a><\/p>\n<p>[\/et_pb_accordion_item][et_pb_accordion_item title=&#8221;Itxi &#8221; open=&#8221;off&#8221; open_toggle_background_color=&#8221;rgba(0,0,0,0)&#8221; closed_toggle_background_color=&#8221;rgba(0,0,0,0)&#8221; icon_color=&#8221;#000000&#8243; use_icon_font_size=&#8221;on&#8221; icon_font_size=&#8221;25px&#8221; _builder_version=&#8221;4.6.1&#8243; _module_preset=&#8221;dd4590c4-4c27-4d54-b17d-daa56f0f40df&#8221; custom_margin=&#8221;0px||-25px||false|false&#8221; custom_padding=&#8221;||||false|false&#8221; custom_css_toggle_title=&#8221;Padding:5px 30px 5px 0px;||border-bottom: 0px solid;&#8221; custom_css_toggle_icon=&#8221;font-family:&#8217;ETmodules&#8217;;||content:%22%924d%22;||display:block!important;&#8221; border_width_bottom=&#8221;0px&#8221; border_color_bottom=&#8221;rgba(0,0,0,0)&#8221; border_style_bottom=&#8221;none&#8221; global_colors_info=&#8221;{}&#8221; toggle_level=&#8221;h4&#8243; toggle_font=&#8221;|300|||||||&#8221; toggle_text_align=&#8221;right&#8221; toggle_font_size=&#8221;18px&#8221; custom_css_toggle_icon__hover_enabled=&#8221;off|desktop&#8221; custom_css_toggle_icon_last_edited=&#8221;on|desktop&#8221; custom_css_toggle_icon__hover=&#8221;font-family:&#8217;ETmodules&#8217;;||content: %22%924c%22;||transform:rotate(180deg);\t&#8221; content__hover_enabled=&#8221;off|desktop&#8221; custom_padding__hover_enabled=&#8221;off|desktop&#8221;][\/et_pb_accordion_item][\/et_pb_accordion][\/et_pb_column][\/et_pb_row][\/et_pb_section]<\/p>\n","protected":false},"excerpt":{"rendered":"<p>Osoko EkologiaFrantzisko Aita Santuak Laudato si\u2019 entziklikan (2015) proposatutako \u00abosoko ekologia\u00bb erreferentziazko kategoria bihurtu daiteke, bai Eleizaren Doktrina sozialean eta bai egiteko ebanjelizatzaile osoan. Bilboko Eleizbarrutiak bat egiten dau egitasmo honegaz, Karidade eta Zuzentasunerako Ordezkaritzaren bitartez hainbat ekimen bultzatuz eta beste hainbaten parte hartuz.Kreazinoaren Zaintzaren aldeko Munduko Otoitz Eguna\u201cKreazinoaren Zaintzaren aldeko Munduko Otoitz Eguna urtero [&hellip;]<\/p>\n","protected":false},"author":2,"featured_media":0,"parent":12234,"menu_order":0,"comment_status":"closed","ping_status":"closed","template":"","meta":{"_acf_changed":false,"_et_pb_use_builder":"on","_et_pb_old_content":"","_et_gb_content_width":"","footnotes":""},"class_list":["post-12254","page","type-page","status-publish","hentry"],"acf":[],"yoast_head":"<!-- This site is optimized with the Yoast SEO Premium plugin v27.5 (Yoast SEO v27.5) - https:\/\/yoast.com\/product\/yoast-seo-premium-wordpress\/ -->\n<title>Osoko Ekologia - Bilboko Elizbarrutia - Di\u00f3cesis de Bilbao<\/title>\n<meta name=\"robots\" content=\"index, follow, max-snippet:-1, max-image-preview:large, max-video-preview:-1\" \/>\n<link rel=\"canonical\" href=\"https:\/\/bizkeliza.org\/eu\/ebanjelizazinoa\/karidade-eta-zuzentasuna\/pastoral-azpimarrak\/osoko-ekologia\/\" \/>\n<meta property=\"og:locale\" content=\"eu_ES\" \/>\n<meta property=\"og:type\" content=\"article\" \/>\n<meta property=\"og:title\" content=\"Osoko Ekologia\" \/>\n<meta property=\"og:description\" content=\"Osoko EkologiaFrantzisko Aita Santuak Laudato si\u2019 entziklikan (2015) proposatutako \u00abosoko ekologia\u00bb erreferentziazko kategoria bihurtu daiteke, bai Eleizaren Doktrina sozialean eta bai egiteko ebanjelizatzaile osoan. Bilboko Eleizbarrutiak bat egiten dau egitasmo honegaz, Karidade eta Zuzentasunerako Ordezkaritzaren bitartez hainbat ekimen bultzatuz eta beste hainbaten parte hartuz.Kreazinoaren Zaintzaren aldeko Munduko Otoitz Eguna\u201cKreazinoaren Zaintzaren aldeko Munduko Otoitz Eguna urtero [&hellip;]\" \/>\n<meta property=\"og:url\" content=\"https:\/\/bizkeliza.org\/eu\/ebanjelizazinoa\/karidade-eta-zuzentasuna\/pastoral-azpimarrak\/osoko-ekologia\/\" \/>\n<meta property=\"og:site_name\" content=\"Bilboko Elizbarrutia - Di\u00f3cesis de Bilbao\" \/>\n<meta property=\"article:publisher\" content=\"https:\/\/www.facebook.com\/DiocesisBilbao\/\" \/>\n<meta property=\"article:modified_time\" content=\"2022-05-10T10:26:38+00:00\" \/>\n<meta property=\"og:image\" content=\"https:\/\/bizkeliza.org\/wp-content\/uploads\/2021\/05\/download-icon-verdeoscuro-2.png\" \/>\n<meta name=\"twitter:card\" content=\"summary_large_image\" \/>\n<meta name=\"twitter:site\" content=\"@DiocesisBilbao\" \/>\n<script type=\"application\/ld+json\" class=\"yoast-schema-graph\">{\"@context\":\"https:\\\/\\\/schema.org\",\"@graph\":[{\"@type\":\"WebPage\",\"@id\":\"https:\\\/\\\/bizkeliza.org\\\/eu\\\/ebanjelizazinoa\\\/karidade-eta-zuzentasuna\\\/pastoral-azpimarrak\\\/osoko-ekologia\\\/\",\"url\":\"https:\\\/\\\/bizkeliza.org\\\/eu\\\/ebanjelizazinoa\\\/karidade-eta-zuzentasuna\\\/pastoral-azpimarrak\\\/osoko-ekologia\\\/\",\"name\":\"Osoko Ekologia - Bilboko Elizbarrutia - Di\u00f3cesis de Bilbao\",\"isPartOf\":{\"@id\":\"https:\\\/\\\/bizkeliza.org\\\/eu\\\/#website\"},\"primaryImageOfPage\":{\"@id\":\"https:\\\/\\\/bizkeliza.org\\\/eu\\\/ebanjelizazinoa\\\/karidade-eta-zuzentasuna\\\/pastoral-azpimarrak\\\/osoko-ekologia\\\/#primaryimage\"},\"image\":{\"@id\":\"https:\\\/\\\/bizkeliza.org\\\/eu\\\/ebanjelizazinoa\\\/karidade-eta-zuzentasuna\\\/pastoral-azpimarrak\\\/osoko-ekologia\\\/#primaryimage\"},\"thumbnailUrl\":\"https:\\\/\\\/bizkeliza.org\\\/wp-content\\\/uploads\\\/2021\\\/05\\\/download-icon-verdeoscuro-2.png\",\"datePublished\":\"2021-10-26T10:23:24+00:00\",\"dateModified\":\"2022-05-10T10:26:38+00:00\",\"breadcrumb\":{\"@id\":\"https:\\\/\\\/bizkeliza.org\\\/eu\\\/ebanjelizazinoa\\\/karidade-eta-zuzentasuna\\\/pastoral-azpimarrak\\\/osoko-ekologia\\\/#breadcrumb\"},\"inLanguage\":\"eu-ES\",\"potentialAction\":[{\"@type\":\"ReadAction\",\"target\":[\"https:\\\/\\\/bizkeliza.org\\\/eu\\\/ebanjelizazinoa\\\/karidade-eta-zuzentasuna\\\/pastoral-azpimarrak\\\/osoko-ekologia\\\/\"]}]},{\"@type\":\"ImageObject\",\"inLanguage\":\"eu-ES\",\"@id\":\"https:\\\/\\\/bizkeliza.org\\\/eu\\\/ebanjelizazinoa\\\/karidade-eta-zuzentasuna\\\/pastoral-azpimarrak\\\/osoko-ekologia\\\/#primaryimage\",\"url\":\"https:\\\/\\\/bizkeliza.org\\\/wp-content\\\/uploads\\\/2021\\\/05\\\/download-icon-verdeoscuro-2.png\",\"contentUrl\":\"https:\\\/\\\/bizkeliza.org\\\/wp-content\\\/uploads\\\/2021\\\/05\\\/download-icon-verdeoscuro-2.png\"},{\"@type\":\"BreadcrumbList\",\"@id\":\"https:\\\/\\\/bizkeliza.org\\\/eu\\\/ebanjelizazinoa\\\/karidade-eta-zuzentasuna\\\/pastoral-azpimarrak\\\/osoko-ekologia\\\/#breadcrumb\",\"itemListElement\":[{\"@type\":\"ListItem\",\"position\":1,\"name\":\"Portada\",\"item\":\"https:\\\/\\\/bizkeliza.org\\\/eu\\\/\"},{\"@type\":\"ListItem\",\"position\":2,\"name\":\"Ebanjelizazinoa\",\"item\":\"https:\\\/\\\/bizkeliza.org\\\/eu\\\/evangelizacion\\\/\"},{\"@type\":\"ListItem\",\"position\":3,\"name\":\"Karidade eta Zuzentasuna\",\"item\":\"https:\\\/\\\/bizkeliza.org\\\/eu\\\/evangelizacion\\\/caridad-y-justicia\\\/\"},{\"@type\":\"ListItem\",\"position\":4,\"name\":\"Pastoral Azpimarrak\",\"item\":\"https:\\\/\\\/bizkeliza.org\\\/eu\\\/evangelizacion\\\/caridad-y-justicia\\\/acentos-pastorales\\\/\"},{\"@type\":\"ListItem\",\"position\":5,\"name\":\"Osoko Ekologia\"}]},{\"@type\":\"WebSite\",\"@id\":\"https:\\\/\\\/bizkeliza.org\\\/eu\\\/#website\",\"url\":\"https:\\\/\\\/bizkeliza.org\\\/eu\\\/\",\"name\":\"Bilboko Elizbarrutia - Di\u00f3cesis de Bilbao\",\"description\":\"Di\u00f3cesis de Bilbao\",\"publisher\":{\"@id\":\"https:\\\/\\\/bizkeliza.org\\\/eu\\\/#organization\"},\"alternateName\":\"Di\u00f3cesis de Bilbao\",\"potentialAction\":[{\"@type\":\"SearchAction\",\"target\":{\"@type\":\"EntryPoint\",\"urlTemplate\":\"https:\\\/\\\/bizkeliza.org\\\/eu\\\/?s={search_term_string}\"},\"query-input\":{\"@type\":\"PropertyValueSpecification\",\"valueRequired\":true,\"valueName\":\"search_term_string\"}}],\"inLanguage\":\"eu-ES\"},{\"@type\":\"Organization\",\"@id\":\"https:\\\/\\\/bizkeliza.org\\\/eu\\\/#organization\",\"name\":\"Di\u00f3cesis de Bilbao\",\"alternateName\":\"Di\u00f3cesis de Bilbao\",\"url\":\"https:\\\/\\\/bizkeliza.org\\\/eu\\\/\",\"logo\":{\"@type\":\"ImageObject\",\"inLanguage\":\"eu-ES\",\"@id\":\"https:\\\/\\\/bizkeliza.org\\\/eu\\\/#\\\/schema\\\/logo\\\/image\\\/\",\"url\":\"https:\\\/\\\/bizkeliza.org\\\/wp-content\\\/uploads\\\/2022\\\/06\\\/Logo-nuevo_2024-1-scaled.jpg\",\"contentUrl\":\"https:\\\/\\\/bizkeliza.org\\\/wp-content\\\/uploads\\\/2022\\\/06\\\/Logo-nuevo_2024-1-scaled.jpg\",\"width\":2560,\"height\":1024,\"caption\":\"Di\u00f3cesis de Bilbao\"},\"image\":{\"@id\":\"https:\\\/\\\/bizkeliza.org\\\/eu\\\/#\\\/schema\\\/logo\\\/image\\\/\"},\"sameAs\":[\"https:\\\/\\\/www.facebook.com\\\/DiocesisBilbao\\\/\",\"https:\\\/\\\/x.com\\\/DiocesisBilbao\",\"https:\\\/\\\/www.instagram.com\\\/obispadobilbao\\\/\",\"https:\\\/\\\/www.youtube.com\\\/user\\\/bilbokoelizbarrutia\"],\"description\":\"Iglesia local de Bilbao perteneciente a la Iglesia Cat\u00f3lica\"}]}<\/script>\n<!-- \/ Yoast SEO Premium plugin. -->","yoast_head_json":{"title":"Osoko Ekologia - Bilboko Elizbarrutia - Di\u00f3cesis de Bilbao","robots":{"index":"index","follow":"follow","max-snippet":"max-snippet:-1","max-image-preview":"max-image-preview:large","max-video-preview":"max-video-preview:-1"},"canonical":"https:\/\/bizkeliza.org\/eu\/ebanjelizazinoa\/karidade-eta-zuzentasuna\/pastoral-azpimarrak\/osoko-ekologia\/","og_locale":"eu_ES","og_type":"article","og_title":"Osoko Ekologia","og_description":"Osoko EkologiaFrantzisko Aita Santuak Laudato si\u2019 entziklikan (2015) proposatutako \u00abosoko ekologia\u00bb erreferentziazko kategoria bihurtu daiteke, bai Eleizaren Doktrina sozialean eta bai egiteko ebanjelizatzaile osoan. Bilboko Eleizbarrutiak bat egiten dau egitasmo honegaz, Karidade eta Zuzentasunerako Ordezkaritzaren bitartez hainbat ekimen bultzatuz eta beste hainbaten parte hartuz.Kreazinoaren Zaintzaren aldeko Munduko Otoitz Eguna\u201cKreazinoaren Zaintzaren aldeko Munduko Otoitz Eguna urtero [&hellip;]","og_url":"https:\/\/bizkeliza.org\/eu\/ebanjelizazinoa\/karidade-eta-zuzentasuna\/pastoral-azpimarrak\/osoko-ekologia\/","og_site_name":"Bilboko Elizbarrutia - Di\u00f3cesis de Bilbao","article_publisher":"https:\/\/www.facebook.com\/DiocesisBilbao\/","article_modified_time":"2022-05-10T10:26:38+00:00","og_image":[{"url":"https:\/\/bizkeliza.org\/wp-content\/uploads\/2021\/05\/download-icon-verdeoscuro-2.png","type":"","width":"","height":""}],"twitter_card":"summary_large_image","twitter_site":"@DiocesisBilbao","schema":{"@context":"https:\/\/schema.org","@graph":[{"@type":"WebPage","@id":"https:\/\/bizkeliza.org\/eu\/ebanjelizazinoa\/karidade-eta-zuzentasuna\/pastoral-azpimarrak\/osoko-ekologia\/","url":"https:\/\/bizkeliza.org\/eu\/ebanjelizazinoa\/karidade-eta-zuzentasuna\/pastoral-azpimarrak\/osoko-ekologia\/","name":"Osoko Ekologia - Bilboko Elizbarrutia - Di\u00f3cesis de Bilbao","isPartOf":{"@id":"https:\/\/bizkeliza.org\/eu\/#website"},"primaryImageOfPage":{"@id":"https:\/\/bizkeliza.org\/eu\/ebanjelizazinoa\/karidade-eta-zuzentasuna\/pastoral-azpimarrak\/osoko-ekologia\/#primaryimage"},"image":{"@id":"https:\/\/bizkeliza.org\/eu\/ebanjelizazinoa\/karidade-eta-zuzentasuna\/pastoral-azpimarrak\/osoko-ekologia\/#primaryimage"},"thumbnailUrl":"https:\/\/bizkeliza.org\/wp-content\/uploads\/2021\/05\/download-icon-verdeoscuro-2.png","datePublished":"2021-10-26T10:23:24+00:00","dateModified":"2022-05-10T10:26:38+00:00","breadcrumb":{"@id":"https:\/\/bizkeliza.org\/eu\/ebanjelizazinoa\/karidade-eta-zuzentasuna\/pastoral-azpimarrak\/osoko-ekologia\/#breadcrumb"},"inLanguage":"eu-ES","potentialAction":[{"@type":"ReadAction","target":["https:\/\/bizkeliza.org\/eu\/ebanjelizazinoa\/karidade-eta-zuzentasuna\/pastoral-azpimarrak\/osoko-ekologia\/"]}]},{"@type":"ImageObject","inLanguage":"eu-ES","@id":"https:\/\/bizkeliza.org\/eu\/ebanjelizazinoa\/karidade-eta-zuzentasuna\/pastoral-azpimarrak\/osoko-ekologia\/#primaryimage","url":"https:\/\/bizkeliza.org\/wp-content\/uploads\/2021\/05\/download-icon-verdeoscuro-2.png","contentUrl":"https:\/\/bizkeliza.org\/wp-content\/uploads\/2021\/05\/download-icon-verdeoscuro-2.png"},{"@type":"BreadcrumbList","@id":"https:\/\/bizkeliza.org\/eu\/ebanjelizazinoa\/karidade-eta-zuzentasuna\/pastoral-azpimarrak\/osoko-ekologia\/#breadcrumb","itemListElement":[{"@type":"ListItem","position":1,"name":"Portada","item":"https:\/\/bizkeliza.org\/eu\/"},{"@type":"ListItem","position":2,"name":"Ebanjelizazinoa","item":"https:\/\/bizkeliza.org\/eu\/evangelizacion\/"},{"@type":"ListItem","position":3,"name":"Karidade eta Zuzentasuna","item":"https:\/\/bizkeliza.org\/eu\/evangelizacion\/caridad-y-justicia\/"},{"@type":"ListItem","position":4,"name":"Pastoral Azpimarrak","item":"https:\/\/bizkeliza.org\/eu\/evangelizacion\/caridad-y-justicia\/acentos-pastorales\/"},{"@type":"ListItem","position":5,"name":"Osoko Ekologia"}]},{"@type":"WebSite","@id":"https:\/\/bizkeliza.org\/eu\/#website","url":"https:\/\/bizkeliza.org\/eu\/","name":"Bilboko Elizbarrutia - Di\u00f3cesis de Bilbao","description":"Di\u00f3cesis de Bilbao","publisher":{"@id":"https:\/\/bizkeliza.org\/eu\/#organization"},"alternateName":"Di\u00f3cesis de Bilbao","potentialAction":[{"@type":"SearchAction","target":{"@type":"EntryPoint","urlTemplate":"https:\/\/bizkeliza.org\/eu\/?s={search_term_string}"},"query-input":{"@type":"PropertyValueSpecification","valueRequired":true,"valueName":"search_term_string"}}],"inLanguage":"eu-ES"},{"@type":"Organization","@id":"https:\/\/bizkeliza.org\/eu\/#organization","name":"Di\u00f3cesis de Bilbao","alternateName":"Di\u00f3cesis de Bilbao","url":"https:\/\/bizkeliza.org\/eu\/","logo":{"@type":"ImageObject","inLanguage":"eu-ES","@id":"https:\/\/bizkeliza.org\/eu\/#\/schema\/logo\/image\/","url":"https:\/\/bizkeliza.org\/wp-content\/uploads\/2022\/06\/Logo-nuevo_2024-1-scaled.jpg","contentUrl":"https:\/\/bizkeliza.org\/wp-content\/uploads\/2022\/06\/Logo-nuevo_2024-1-scaled.jpg","width":2560,"height":1024,"caption":"Di\u00f3cesis de Bilbao"},"image":{"@id":"https:\/\/bizkeliza.org\/eu\/#\/schema\/logo\/image\/"},"sameAs":["https:\/\/www.facebook.com\/DiocesisBilbao\/","https:\/\/x.com\/DiocesisBilbao","https:\/\/www.instagram.com\/obispadobilbao\/","https:\/\/www.youtube.com\/user\/bilbokoelizbarrutia"],"description":"Iglesia local de Bilbao perteneciente a la Iglesia Cat\u00f3lica"}]}},"_links":{"self":[{"href":"https:\/\/bizkeliza.org\/eu\/wp-json\/wp\/v2\/pages\/12254","targetHints":{"allow":["GET"]}}],"collection":[{"href":"https:\/\/bizkeliza.org\/eu\/wp-json\/wp\/v2\/pages"}],"about":[{"href":"https:\/\/bizkeliza.org\/eu\/wp-json\/wp\/v2\/types\/page"}],"author":[{"embeddable":true,"href":"https:\/\/bizkeliza.org\/eu\/wp-json\/wp\/v2\/users\/2"}],"replies":[{"embeddable":true,"href":"https:\/\/bizkeliza.org\/eu\/wp-json\/wp\/v2\/comments?post=12254"}],"version-history":[{"count":0,"href":"https:\/\/bizkeliza.org\/eu\/wp-json\/wp\/v2\/pages\/12254\/revisions"}],"up":[{"embeddable":true,"href":"https:\/\/bizkeliza.org\/eu\/wp-json\/wp\/v2\/pages\/12234"}],"wp:attachment":[{"href":"https:\/\/bizkeliza.org\/eu\/wp-json\/wp\/v2\/media?parent=12254"}],"curies":[{"name":"wp","href":"https:\/\/api.w.org\/{rel}","templated":true}]}}