{"id":12399,"date":"2021-10-27T09:29:51","date_gmt":"2021-10-27T07:29:51","guid":{"rendered":"https:\/\/boring-dhawan.137-117-168-183.plesk.page\/ebanjelizazinoa\/misioak\/misiolari-sustapena\/"},"modified":"2021-11-06T10:17:29","modified_gmt":"2021-11-06T09:17:29","slug":"misiolari-sustapena","status":"publish","type":"page","link":"https:\/\/bizkeliza.org\/eu\/ebanjelizazinoa\/misioak\/misiolari-sustapena\/","title":{"rendered":"Misiolari Sustapena"},"content":{"rendered":"\n[et_pb_section fb_built=&#8221;1&#8243; _builder_version=&#8221;4.6.1&#8243; _module_preset=&#8221;default&#8221; custom_padding=&#8221;||0px|||&#8221; global_colors_info=&#8221;{}&#8221;][et_pb_row column_structure=&#8221;1_3,2_3&#8243; _builder_version=&#8221;4.6.1&#8243; _module_preset=&#8221;default&#8221; custom_padding=&#8221;||2px|||&#8221; global_colors_info=&#8221;{}&#8221;][et_pb_column type=&#8221;1_3&#8243; _builder_version=&#8221;4.6.1&#8243; _module_preset=&#8221;default&#8221; global_colors_info=&#8221;{}&#8221;][et_pb_text admin_label=&#8221;Text&#8221; _builder_version=&#8221;4.6.1&#8243; _module_preset=&#8221;default&#8221; header_font_size=&#8221;44px&#8221; header_line_height=&#8221;1.2em&#8221; header_4_font=&#8221;|700|||||||&#8221; header_font_size_tablet=&#8221;&#8221; header_font_size_phone=&#8221;34px&#8221; header_font_size_last_edited=&#8221;on|phone&#8221; header_3_font_size_tablet=&#8221;&#8221; header_3_font_size_phone=&#8221;22px&#8221; header_3_font_size_last_edited=&#8221;on|phone&#8221; header_4_font_size_tablet=&#8221;&#8221; header_4_font_size_phone=&#8221;18px&#8221; header_4_font_size_last_edited=&#8221;on|desktop&#8221; global_colors_info=&#8221;{}&#8221;]<h1>Misiolari Sustapena<\/h1>[\/et_pb_text][\/et_pb_column][et_pb_column type=&#8221;2_3&#8243; _builder_version=&#8221;4.6.1&#8243; _module_preset=&#8221;default&#8221; global_colors_info=&#8221;{}&#8221;][et_pb_text _builder_version=&#8221;4.6.1&#8243; _module_preset=&#8221;default&#8221; header_line_height=&#8221;1.2em&#8221; header_4_font=&#8221;|700|||||||&#8221; header_3_font_size_tablet=&#8221;&#8221; header_3_font_size_phone=&#8221;22px&#8221; header_3_font_size_last_edited=&#8221;on|phone&#8221; header_4_font_size_tablet=&#8221;&#8221; header_4_font_size_phone=&#8221;18px&#8221; header_4_font_size_last_edited=&#8221;on|desktop&#8221; global_colors_info=&#8221;{}&#8221;]<h2>Zer da misino-sustapena?<\/h2>[\/et_pb_text][et_pb_text _builder_version=&#8221;4.11.1&#8243; _module_preset=&#8221;default&#8221; header_font_size=&#8221;44px&#8221; header_line_height=&#8221;1.2em&#8221; header_4_font=&#8221;|700|||||||&#8221; header_3_font_size_tablet=&#8221;&#8221; header_3_font_size_phone=&#8221;22px&#8221; header_3_font_size_last_edited=&#8221;on|phone&#8221; header_4_font_size_tablet=&#8221;&#8221; header_4_font_size_phone=&#8221;18px&#8221; header_4_font_size_last_edited=&#8221;on|desktop&#8221; global_colors_info=&#8221;{}&#8221;]<p>Uzta ugaria da, baina langileak gutxi (Lucas 10, 2)<\/p>\r\n<p><strong>Misiolari sustapenak lehentasuna du ordezkaritzan eta honetarako da:<\/strong><\/p>\r\n<p>&nbsp;<\/p>\r\n<ul>\r\n<li>Misiolari sen unibertsala suspertu elizbarrutiko pastoral arruntean.<\/li>\r\n<li>Heziketa eta sentsibilizaziorako taldeak sortu kristau elkartean. Eta, horrela, misiolari bokazioak piztu.<\/li>\r\n<li>Kristau fedetik, munduko bidegabeko egoerei buruzko hausnarketa eragin.<\/li>\r\n<li>Zuzentasuna, bakea, zuzenbidea eta munduaren antolaketa berria sustatuko dituzten bizitzako jarrera eta aukera ebanjelikoak sustatu.<\/li>\r\n<\/ul>[\/et_pb_text][et_pb_accordion open_toggle_text_color=&#8221;#000000&#8243; open_toggle_background_color=&#8221;rgba(0,0,0,0)&#8221; closed_toggle_text_color=&#8221;#000000&#8243; closed_toggle_background_color=&#8221;rgba(0,0,0,0)&#8221; icon_color=&#8221;#000000&#8243; use_icon_font_size=&#8221;on&#8221; admin_label=&#8221;Accordion&#8221; module_id=&#8221;SEC1-ancla2&#8243; module_class=&#8221;Accordion-black&#8221; _builder_version=&#8221;4.11.1&#8243; _module_preset=&#8221;addb4e85-b149-48c6-9dcd-1b63836bb534&#8243; toggle_text_color=&#8221;#00a55a&#8221; toggle_level=&#8221;h4&#8243; toggle_font=&#8221;|600|||||||&#8221; toggle_font_size=&#8221;18px&#8221; toggle_line_height=&#8221;1.2em&#8221; closed_toggle_font=&#8221;||||||||&#8221; closed_toggle_font_size=&#8221;18px&#8221; background_color=&#8221;rgba(0,0,0,0)&#8221; min_height=&#8221;200.3px&#8221; custom_margin=&#8221;0px||50px||false|false&#8221; custom_padding=&#8221;||||false|false&#8221; hover_transition_duration=&#8221;0.2ms&#8221; hover_transition_speed_curve=&#8221;ease-in-out&#8221; custom_css_main_element=&#8221;transition: 0.1s!important;&#8221; custom_css_toggle_icon=&#8221;content:\u201c4c\u201d;&#8221; custom_css_toggle_content=&#8221;padding: 1% 0% 1% 0%;||&#8221; border_width_all=&#8221;0px&#8221; border_color_all=&#8221;rgba(0,0,0,0)&#8221; border_style_bottom=&#8221;none&#8221; locked=&#8221;off&#8221; global_colors_info=&#8221;{}&#8221;][et_pb_accordion_item open=&#8221;off&#8221; open_toggle_background_color=&#8221;rgba(0,0,0,0)&#8221; icon_color=&#8221;rgba(0,0,0,0)&#8221; _builder_version=&#8221;4.6.1&#8243; _module_preset=&#8221;default&#8221; height=&#8221;0px&#8221; custom_margin=&#8221;-80px||||false|false&#8221; custom_css_toggle_icon=&#8221;content: %22%22!important;&#8221; custom_css_toggle_content=&#8221;padding: 1% 2% 1% 2%;&#8221; global_colors_info=&#8221;{}&#8221; toggle_font=&#8221;||||||||&#8221; toggle_font_size=&#8221;18px&#8221;][\/et_pb_accordion_item][et_pb_accordion_item title=&#8221;Lurralde Sustapena&#8221; open_toggle_background_color=&#8221;rgba(0,0,0,0)&#8221; closed_toggle_background_color=&#8221;rgba(0,0,0,0)&#8221; icon_color=&#8221;#000000&#8243; use_icon_font_size=&#8221;on&#8221; icon_font_size=&#8221;25px&#8221; _builder_version=&#8221;4.11.1&#8243; _module_preset=&#8221;dd4590c4-4c27-4d54-b17d-daa56f0f40df&#8221; custom_margin=&#8221;-10px||-25px||false|false&#8221; custom_css_toggle_title=&#8221;Padding:5px 0px 5px 0px;||border-bottom: 1px solid #737373;||||&#8221; custom_css_toggle_icon=&#8221;font-family:&#8217;ETmodules&#8217;;||content: %22%924c%22;&#8221; custom_css_toggle_content=&#8221;padding: 1% 2% 1% 2%;&#8221; border_width_bottom=&#8221;4px&#8221; border_color_bottom=&#8221;#8300e9&#8243; global_colors_info=&#8221;{}&#8221; toggle_level=&#8221;h4&#8243; toggle_font=&#8221;|600|||||||&#8221; toggle_font_size=&#8221;18px&#8221; custom_css_toggle_icon__hover_enabled=&#8221;on|hover&#8221; custom_css_toggle_icon_last_edited=&#8221;on|desktop&#8221; custom_css_toggle_icon__hover=&#8221;font-family:&#8217;ETmodules&#8217;;||content: %22%924c%22;||transform:rotate(180deg);\t&#8221; open=&#8221;off&#8221;]<p>Taldeak dira misiolari sustapenaren eragileak.<\/p>\r\n<p>Elkarte batzuetan, beren pastoral esparruan misiolari sustapena eta elizen arteko lankidetza bultzatzen eta garatzen duten misiolari taldeak daude. Egitasmoak babesten dituzte, sentiberatasuna bizteko kanpainak egiten dituzte? Errealitate zabal eta anitza da, baina guztien ekarpena garrantzitsua da.<\/p>\r\n<p>Misioetarako ordezkaritza, Caritas-lankidetza delakoarekin koordinatuta, eskualde eta\/edo pastoral barrutietako pastoral ekintzaileekin koordinatuta jarduteko baliabidetzat eskaintzen dugu geure burua, misiolari bokazioa eta karitatearen alderdi unibertsala pizteari begira eta kristau elkarteetan sor daitezkeen talde eta prozesuetan laguntzeari begira.<\/p>\r\n<p>(Misioetarako ordezkaritzaren eta Caritas-lankidetza taldearen ?Misiolari sustapenerako eta elizen arteko elkarlanerako eta lurraldeetako misiolari sustapenerako proposamena? agiritik).<\/p>\r\n<p><a href=\"https:\/\/diocesisdebilbao-my.sharepoint.com\/:b:\/g\/personal\/webbizkeliza_bizkeliza_org\/EQFHHi4nsDxKnD36bp6P5_MB6j_dAzk2vxiftfpdacouCQ\" target=\"_blank\" rel=\"noopener noreferrer\"><strong>Propuesta de animaci\u00f3n y cooperaci\u00f3n en los territorios<\/strong>(PDF)\u00a0\u00a0<img decoding=\"async\" class=\"wp-image-5571 alignnone size-full\" src=\"https:\/\/bizkeliza.org\/wp-content\/uploads\/download-icon-verdeoscuro.png\" alt=\"\" width=\"22\" height=\"22\" \/><\/a><\/p>\r\n<h3>Koordinatzen diren misio taldeak honako hauek dira:<\/h3>\r\n<p>Arrigorriaga, Galdakao (Mundu bat), Bego\u00f1a, San Ignacio, Autonom\u00eda-Indautxu, Rekalde, San Vicente-Abando, Santurtzi, Sestao, Zalla, Durango, Ermua, Mallabia (Mares), Gernika.<\/p>[\/et_pb_accordion_item][et_pb_accordion_item title=&#8221;Formazioa&#8221; open_toggle_background_color=&#8221;rgba(0,0,0,0)&#8221; closed_toggle_background_color=&#8221;rgba(0,0,0,0)&#8221; icon_color=&#8221;#000000&#8243; use_icon_font_size=&#8221;on&#8221; icon_font_size=&#8221;25px&#8221; _builder_version=&#8221;4.6.1&#8243; _module_preset=&#8221;dd4590c4-4c27-4d54-b17d-daa56f0f40df&#8221; custom_margin=&#8221;-10px||-25px||false|false&#8221; custom_css_toggle_title=&#8221;Padding:5px 0px 5px 0px;||border-bottom: 1px solid #737373;||||&#8221; custom_css_toggle_icon=&#8221;font-family:&#8217;ETmodules&#8217;;||content: %22%924c%22;&#8221; custom_css_toggle_content=&#8221;padding: 1% 2% 1% 2%;&#8221; border_width_bottom=&#8221;4px&#8221; border_color_bottom=&#8221;#8300e9&#8243; global_colors_info=&#8221;{}&#8221; toggle_level=&#8221;h4&#8243; toggle_font=&#8221;|600|||||||&#8221; toggle_font_size=&#8221;18px&#8221; custom_css_toggle_icon__hover_enabled=&#8221;on|hover&#8221; custom_css_toggle_icon_last_edited=&#8221;on|desktop&#8221; custom_css_toggle_icon__hover=&#8221;font-family:&#8217;ETmodules&#8217;;||content: %22%924c%22;||transform:rotate(180deg);\t&#8221; open=&#8221;off&#8221;]<p>Gure ustez, behar-beharrezkoa da herrialde txirotuen egoeraren ezagutza emongo deuskun heziketa eskaintzea (IKUSI), Jainkoaren Hitzetik hausnarketa egiteko (EPAITU) eta errealidade horren aurrean jarrera jartzeko (EKIN).<\/p>\r\n<p>Misinoetarako Ordezkaritzak eskaintzen dauan heziketa horretan, ETPIak (Eleizbarrutiko Teologia eta Pastoraltza Institutua), Caritas-lankidetzak eta Laikotzarako Idazkaritzak be esku-hartzen dabe.<\/p>\r\n<h3>IPAR-HEGOALDEA ALKARTASUN IKASTAROA<\/h3>\r\n<h4><strong>Helburuak:<\/strong><\/h4>\r\n<ul>\r\n<li>\r\n<p>Ipar-Hegoaldea hartu-emonen azterketan sakondu ikuspuntu historiko, soziologiko, ekonomiko, politiko, kultural eta teologikotik.<\/p>\r\n<\/li>\r\n<li>\r\n<p>Ipar-Hegoaldea hartu-emonen kristau ikuspuntua jadetsi Ebanjeliotik, teologiatik eta Eleizaren doktrina sozialetik.<\/p>\r\n<\/li>\r\n<li>\r\n<p>Ipar-Hegoaldea ekintza solidariorako bide, ekimen eta ereduak ezagutu eta baloratu.<\/p>\r\n<\/li>\r\n<li>\r\n<p>Behartsuen aldeko bizimodua eta konpromisoa bereizi.<\/p>\r\n<\/li>\r\n<\/ul>\r\n<h4><strong>Hartzaileak:<\/strong><\/h4>\r\n<ul>\r\n<li>\r\n<p>Hezi gura daben eta Ipar-Hegoaldea alkartasun-erakunderen batean konpromiso pertsonala hartuko leukien gazteak.<\/p>\r\n<\/li>\r\n<li>\r\n<p>Eremu honetan konpromisoa hartu daben eta sakontze teoriko eta kristaua behar daben gazteak.<\/p>\r\n<\/li>\r\n<li>\r\n<p>Hogei urtetik gora izan.<\/p>\r\n<\/li>\r\n<\/ul>\r\n<h4><strong>Jardunbidea:<\/strong><\/h4>\r\n<ul>\r\n<li>\r\n<p>Astero, ordu biko saioa. Talde txikian, laguntzaileagaz. Saioetan parte hartzea sustatzen da. Saiora joan aurretik, bakarkako lana egin behar da, lagungarriak irakurriz eta hausnartuz.<\/p>\r\n<\/li>\r\n<li>\r\n<p>Noizean behin, talde guztiak alkartuta egiten da saioa.<\/p>\r\n<\/li>\r\n<li>\r\n<p>Azkenean, laburpena egin behar da.<\/p>\r\n<\/li>\r\n<li>\r\n<p>Ipar-Hegoaldea ikastaroa amaitzean, lan-kanpamentuan parte hartzeko aukera emoten da.<\/p>\r\n<\/li>\r\n<li>\r\n<p>Ikastaroa urrian hasi eta maiatzean amaitzen da.<\/p>\r\n<\/li>\r\n<li>\r\n<p>Gehiago jakiteko, <a href=\"http:\/\/www.idtp.org\/\" target=\"_blank\" rel=\"noopener\">ETPIren web<\/a> orrialdera jo.<\/p>\r\n<\/li>\r\n<\/ul>\r\n<h3>MISINO-BEREIZKETA<\/h3>\r\n<h4><strong>Helburuak:<\/strong><\/h4>\r\n<ul>\r\n<li>\r\n<p>Eleizbarrutietako Misinoek jarduten daben lurraldeetan hainbat urte igaroteko aukera aztertzen diharduen pertsonei bereizketa-prozesuan lagundu.<\/p>\r\n<\/li>\r\n<li>\r\n<p>Misino-lurraldeetako herrialdeen gizarte, politika eta eleiz egoera eta misino-ibilbidea ezagutzera emonez lagun horreek prestatu eta misino-egitekoa garatzeko bitartekoak eskaini.<\/p>\r\n<\/li>\r\n<\/ul>\r\n<h4><strong>Hartzaileak:<\/strong><\/h4>\r\n<ul>\r\n<li>Euren bizitzako urte batzuk Eleizbarrutietako Misinoek jarduten daben lurraldeetan behartsuei eskaintzeko prestt dagozan pertsonak. Hogeta bat urtetik gorakoak eta Ipar-Hegoaldea ikastaroa egin dabenak edo taldeetatik datozan eta antzeko heziketa dabenak. Sinistedunak eta eliz eta gizarte mailan konpromisoren bat dabenak. Behartsuen aldeko hautua egin daben eta taldean lan egiteko gauza diranak.<\/li>\r\n<\/ul>\r\n<h4><strong>Jardunbidea:<\/strong><\/h4>\r\n<ul>\r\n<li>Batzarrak taldean eta konbibentziak. Banan-banako akonpainamendua.<\/li>\r\n<\/ul>\r\n<h4><strong>Prozesua:<\/strong><\/h4>\r\n<ol>\r\n<li>\r\n<p>Akonpainamendua<\/p>\r\n<\/li>\r\n<li>\r\n<p>Bereizketaren hasiera<\/p>\r\n<\/li>\r\n<li>\r\n<p>Bokazinoan sakondu eta garatu<\/p>\r\n<\/li>\r\n<li>\r\n<p>Erabakia eta proposamena<\/p>\r\n<\/li>\r\n<\/ol>\r\n<p>Proposamenak erakarten bazaitu, idatzi helbide honetara: <a href=\"mailto:misiobi@bizkeliza.org\" target=\"_blank\" rel=\"noopener\">misiobi@bizkeliza.org<\/a><\/p>[\/et_pb_accordion_item][et_pb_accordion_item title=&#8221;Kanpainak&#8221; open_toggle_background_color=&#8221;rgba(0,0,0,0)&#8221; closed_toggle_background_color=&#8221;rgba(0,0,0,0)&#8221; icon_color=&#8221;#000000&#8243; use_icon_font_size=&#8221;on&#8221; icon_font_size=&#8221;25px&#8221; _builder_version=&#8221;4.6.1&#8243; _module_preset=&#8221;dd4590c4-4c27-4d54-b17d-daa56f0f40df&#8221; custom_margin=&#8221;-10px||-25px||false|false&#8221; custom_css_toggle_title=&#8221;Padding:5px 0px 5px 0px;||border-bottom: 1px solid #737373;||||&#8221; custom_css_toggle_icon=&#8221;font-family:&#8217;ETmodules&#8217;;||content: %22%924c%22;&#8221; custom_css_toggle_content=&#8221;padding: 1% 2% 1% 2%;&#8221; border_width_bottom=&#8221;4px&#8221; border_color_bottom=&#8221;#8300e9&#8243; global_colors_info=&#8221;{}&#8221; toggle_level=&#8221;h4&#8243; toggle_font=&#8221;|600|||||||&#8221; toggle_font_size=&#8221;18px&#8221; custom_css_toggle_icon__hover_enabled=&#8221;on|hover&#8221; custom_css_toggle_icon_last_edited=&#8221;on|desktop&#8221; custom_css_toggle_icon__hover=&#8221;font-family:&#8217;ETmodules&#8217;;||content: %22%924c%22;||transform:rotate(180deg);\t&#8221; open=&#8221;on&#8221;]<h3>ELEIZBARRUTIETAKO MISINOAK<\/h3>\r\n<p><a href=\"http:\/\/www.misioak.org\/campanas-kanpainak\/\" target=\"_blank\" rel=\"noopener\">Campa\u00f1a anual (San Jos\u00e9)<\/a><\/p>\r\n<h3>OBRAS MISIONALES PONTIFICAS<\/h3>\r\n<p><a href=\"https:\/\/www.omp.es\/domund\/\" target=\"_blank\" rel=\"noopener\">DOMUND<\/a><\/p>\r\n<p><a href=\"http:\/\/www.bizkeliza.org\/no_cache\/pastoral\/misiones\/domund-2020\/\">DOMUND Bizkaia<\/a><\/p>\r\n<p><a href=\"https:\/\/www.omp.es\/infancia-misionera\/\" target=\"_blank\" rel=\"noopener\"><span class=\"TextRun SCXW146019045 BCX0\" lang=\"EU-ES\" xml:lang=\"EU-ES\" data-contrast=\"none\"><span class=\"NormalTextRun SCXW146019045 BCX0\">Ume Misiolariak<\/span><\/span><span class=\"EOP SCXW146019045 BCX0\" data-ccp-props=\"{&quot;201341983&quot;:0,&quot;335559740&quot;:240}\">\u00a0<\/span><\/a><\/p>\r\n<p><a href=\"https:\/\/omp.es\/jornada-de-vocaciones-nativas-21\/\" target=\"_blank\" rel=\"noopener\">Sorterriko Bokazinoak<\/a><\/p>\r\n<p>Sentiberatasuna bizteko prozesuan, zentzumenak nabarmentzen dira, batez be, ikusmena eta entzumena: egoera jat ikusi eta erregu eta aieneak entzun. Zentzumenetatik, dalako egoera hori bihotzera igaroten da eta hor sortzen dira errukia eta ekintza jakin bati ekiteaa (Leonidad Proa\u00f1o).<\/p>\r\n<p>Kurtso bakoitzean, sentiberatasuna bizteko lau kanpaina finko doguz: hiru, Aita Santuaren ardurapeko Egintzak (OMP) dalakoari lotuta eta Euskal Eleizbarrutietako Misnoen kanpaina, eleizbarruti artekoa dana. Beste hainbat kanpainatan be esku-hartzen dogu, esate baterako Bidezko Merkataritzaren \u2013Kidendaren bidez partaide gara- nazinoarteko Egunean, eta pobretasunaren aurkako nazinoarteko egunean, GGKEen koordinadoragaz batera.<\/p>\r\n<p>Ordezkaritzatik prestatzen, egokitzen eta bialtzen dira lagungarriak parrokietara, ikastetxeetara, taldeetara, e.a.<\/p>\r\n<p>DOMUND eguneko eta EUSKAL ELEIZBARRUTIETAKO MISINOE eguneko kanpainak nabarmenduko geunkez; batean zein bestean, hainbat lagungarri, berbaldi, erakusketa, prestatzen da, Eukaristietara, ikastetxeetara, komunikabideetara, e.a., joaten gara\u2026<\/p>[\/et_pb_accordion_item][et_pb_accordion_item title=&#8221;Kidenda&#8221; open_toggle_background_color=&#8221;rgba(0,0,0,0)&#8221; closed_toggle_background_color=&#8221;rgba(0,0,0,0)&#8221; icon_color=&#8221;#000000&#8243; use_icon_font_size=&#8221;on&#8221; icon_font_size=&#8221;25px&#8221; _builder_version=&#8221;4.6.1&#8243; _module_preset=&#8221;dd4590c4-4c27-4d54-b17d-daa56f0f40df&#8221; custom_margin=&#8221;-10px||-25px||false|false&#8221; custom_css_toggle_title=&#8221;Padding:5px 0px 5px 0px;||border-bottom: 1px solid #737373;||||&#8221; custom_css_toggle_icon=&#8221;font-family:&#8217;ETmodules&#8217;;||content: %22%924c%22;&#8221; custom_css_toggle_content=&#8221;padding: 1% 2% 1% 2%;&#8221; border_width_bottom=&#8221;4px&#8221; border_color_bottom=&#8221;#8300e9&#8243; global_colors_info=&#8221;{}&#8221; toggle_level=&#8221;h4&#8243; toggle_font=&#8221;|600|||||||&#8221; toggle_font_size=&#8221;18px&#8221; custom_css_toggle_icon__hover_enabled=&#8221;on|hover&#8221; custom_css_toggle_icon_last_edited=&#8221;on|desktop&#8221; custom_css_toggle_icon__hover=&#8221;font-family:&#8217;ETmodules&#8217;;||content: %22%924c%22;||transform:rotate(180deg);\t&#8221; open=&#8221;off&#8221;]<p>Misinoetarako ordezkaritzak, Caritas eta Alboan erakundeakaz batera, Bizkaiko kristau alkarteari eta gizarte osoari eskaintzen deutsan bidezko merkataritzarako eta kontsumo arduratsurako egitasmoa da.\u00a0Ordezkaritzak babes instituzionala emoten deutso egitasmoari eta askotariko kanpaina eta jardueretan parte hartzen dau. <strong>Gehiago jakiteko:<\/strong>\u00a0<a href=\"http:\/\/www.kidenda.org\" target=\"_blank\" rel=\"noopener noreferrer\">www.kidenda.org\u00a0<\/a><\/p>[\/et_pb_accordion_item][et_pb_accordion_item title=&#8221;Revista Los R\u00edos&#8221; open_toggle_background_color=&#8221;rgba(0,0,0,0)&#8221; closed_toggle_background_color=&#8221;rgba(0,0,0,0)&#8221; icon_color=&#8221;#000000&#8243; use_icon_font_size=&#8221;on&#8221; icon_font_size=&#8221;25px&#8221; _builder_version=&#8221;4.6.1&#8243; _module_preset=&#8221;dd4590c4-4c27-4d54-b17d-daa56f0f40df&#8221; custom_margin=&#8221;-10px||-25px||false|false&#8221; custom_css_toggle_title=&#8221;Padding:5px 0px 5px 0px;||border-bottom: 1px solid #737373;||||&#8221; custom_css_toggle_icon=&#8221;font-family:&#8217;ETmodules&#8217;;||content: %22%924c%22;&#8221; custom_css_toggle_content=&#8221;padding: 1% 2% 1% 2%;&#8221; border_width_bottom=&#8221;4px&#8221; border_color_bottom=&#8221;#8300e9&#8243; global_colors_info=&#8221;{}&#8221; toggle_level=&#8221;h4&#8243; toggle_font=&#8221;|600|||||||&#8221; toggle_font_size=&#8221;18px&#8221; custom_css_toggle_icon__hover_enabled=&#8221;on|hover&#8221; custom_css_toggle_icon_last_edited=&#8221;on|desktop&#8221; custom_css_toggle_icon__hover=&#8221;font-family:&#8217;ETmodules&#8217;;||content: %22%924c%22;||transform:rotate(180deg);\t&#8221; content__hover_enabled=&#8221;off|desktop&#8221; open=&#8221;off&#8221;]<p>1949an sortu zan,\u00a0Eleizbarrutiko\u00a0Misinoetara\u00a0joan ziran lehenengo misiolarien gutun lez.\u00a0Misinoetara\u00a0begiratzeko,\u00a0misinoa\u00a0ezagutzeko leiho bihurtu da eta\u00a0misinoagaz\u00a0bat egiteko aukera\u00a0emoten\u00a0dau. Laster konprometitzen da\u00a0Eleizbarruti\u00a0osoa\u00a0misino-jardunean, JOAN-ETORRIA ezinbestekotzat jota. Honen haritik, korrespontsalek (aldizkaria etxez etxe banatzen\u00a0daben\u00a0pertsonek)\u00a0lan itzela egin\u00a0dabe, ordainezina,\u00a0misino-sustapenean.\u00a0\u00a0<br \/>\u00a0<br \/>Aldizkaria, gaur egun be,\u00a0misino-sentiberatasuna bizteko bitarteko egokia da; bost kontinenteetan bizi dan hainbat eta makina bat pertsona,\u00a0alkartasun-talde eta misiolariren lekukotasunaren bidez, esperientzia eta gogoeta ugari eskaintzen dau, leku askotakoak eta anitzak. Aldizkariaren xedea,\u00a0errealidadea, pobretasun, bidegabekeria eta antzekoez jantzitako egoerak\u00a0jasoteaz\u00a0batera, guzti horri erantzuna\u00a0emoten\u00a0deutsen\u00a0esperientzien barri\u00a0emotea\u00a0da.<\/p>[\/et_pb_accordion_item][et_pb_accordion_item title=&#8221;Itxi &#8221; open_toggle_background_color=&#8221;rgba(0,0,0,0)&#8221; closed_toggle_background_color=&#8221;rgba(0,0,0,0)&#8221; icon_color=&#8221;#000000&#8243; use_icon_font_size=&#8221;on&#8221; icon_font_size=&#8221;25px&#8221; _builder_version=&#8221;4.6.1&#8243; _module_preset=&#8221;dd4590c4-4c27-4d54-b17d-daa56f0f40df&#8221; custom_margin=&#8221;0px||-25px||false|false&#8221; custom_padding=&#8221;||||false|false&#8221; custom_css_toggle_title=&#8221;Padding:5px 30px 5px 0px;||border-bottom: 0px solid;&#8221; custom_css_toggle_icon=&#8221;font-family:&#8217;ETmodules&#8217;;||content:%22%924d%22;||display:block!important;&#8221; custom_css_toggle_content=&#8221;padding: 1% 2% 1% 2%;&#8221; border_width_bottom=&#8221;0px&#8221; border_color_bottom=&#8221;rgba(0,0,0,0)&#8221; border_style_bottom=&#8221;none&#8221; global_colors_info=&#8221;{}&#8221; toggle_level=&#8221;h4&#8243; toggle_font=&#8221;|300|||||||&#8221; toggle_text_align=&#8221;right&#8221; toggle_font_size=&#8221;18px&#8221; custom_css_toggle_icon__hover_enabled=&#8221;off|desktop&#8221; custom_css_toggle_icon_last_edited=&#8221;on|desktop&#8221; custom_css_toggle_icon__hover=&#8221;font-family:&#8217;ETmodules&#8217;;||content: %22%924c%22;||transform:rotate(180deg);\t&#8221; content__hover_enabled=&#8221;off|desktop&#8221; custom_padding__hover_enabled=&#8221;off|desktop&#8221; open=&#8221;off&#8221;][\/et_pb_accordion_item][\/et_pb_accordion][\/et_pb_column][\/et_pb_row][\/et_pb_section][et_pb_section fb_built=&#8221;1&#8243; admin_label=&#8221;Secci\u00f3n&#8221; _builder_version=&#8221;4.6.1&#8243; _module_preset=&#8221;default&#8221; background_color=&#8221;#f5f7fa&#8221; custom_padding=&#8221;0px|||||&#8221; global_colors_info=&#8221;{}&#8221;][et_pb_row column_structure=&#8221;1_3,2_3&#8243; admin_label=&#8221;Fila&#8221; _builder_version=&#8221;4.6.1&#8243; _module_preset=&#8221;default&#8221; global_colors_info=&#8221;{}&#8221;][et_pb_column type=&#8221;1_3&#8243; admin_label=&#8221;Columna&#8221; _builder_version=&#8221;4.6.1&#8243; _module_preset=&#8221;default&#8221; global_colors_info=&#8221;{}&#8221;][et_pb_text _builder_version=&#8221;4.6.1&#8243; _module_preset=&#8221;default&#8221; header_line_height=&#8221;1.2em&#8221; header_4_font=&#8221;|700|||||||&#8221; header_3_font_size_tablet=&#8221;&#8221; header_3_font_size_phone=&#8221;22px&#8221; header_3_font_size_last_edited=&#8221;on|phone&#8221; header_4_font_size_tablet=&#8221;&#8221; header_4_font_size_phone=&#8221;18px&#8221; header_4_font_size_last_edited=&#8221;on|desktop&#8221; global_colors_info=&#8221;{}&#8221;]<h2>Baliabide materialak<\/h2>[\/et_pb_text][\/et_pb_column][et_pb_column type=&#8221;2_3&#8243; admin_label=&#8221;Columna&#8221; _builder_version=&#8221;4.6.1&#8243; _module_preset=&#8221;default&#8221; global_colors_info=&#8221;{}&#8221;][et_pb_text _builder_version=&#8221;4.6.1&#8243; _module_preset=&#8221;default&#8221; header_font_size=&#8221;44px&#8221; header_line_height=&#8221;1.2em&#8221; header_4_font=&#8221;|700|||||||&#8221; header_3_font_size_tablet=&#8221;&#8221; header_3_font_size_phone=&#8221;22px&#8221; header_3_font_size_last_edited=&#8221;on|phone&#8221; header_4_font_size_tablet=&#8221;&#8221; header_4_font_size_phone=&#8221;18px&#8221; header_4_font_size_last_edited=&#8221;on|desktop&#8221; global_colors_info=&#8221;{}&#8221;]<blockquote>\r\n<h4>Ondoren aurkeztutako lagungarri guztiak eskura\u00a0dozuez.\u00a0Misinoetarako\u00a0ordezkaritzan eskatu\u00a0daikezuez.<\/h4>\r\n<\/blockquote>[\/et_pb_text][et_pb_accordion open_toggle_text_color=&#8221;#000000&#8243; open_toggle_background_color=&#8221;rgba(0,0,0,0)&#8221; closed_toggle_text_color=&#8221;#000000&#8243; closed_toggle_background_color=&#8221;rgba(0,0,0,0)&#8221; icon_color=&#8221;#000000&#8243; use_icon_font_size=&#8221;on&#8221; admin_label=&#8221;Accordion&#8221; module_id=&#8221;SEC1-ancla2&#8243; module_class=&#8221;Accordion-black&#8221; _builder_version=&#8221;4.6.1&#8243; _module_preset=&#8221;addb4e85-b149-48c6-9dcd-1b63836bb534&#8243; toggle_text_color=&#8221;#00a55a&#8221; toggle_level=&#8221;h4&#8243; toggle_font=&#8221;|600|||||||&#8221; toggle_font_size=&#8221;18px&#8221; toggle_line_height=&#8221;1.2em&#8221; closed_toggle_font=&#8221;||||||||&#8221; closed_toggle_font_size=&#8221;18px&#8221; background_color=&#8221;rgba(0,0,0,0)&#8221; min_height=&#8221;200.3px&#8221; custom_margin=&#8221;0px||50px||false|false&#8221; custom_padding=&#8221;||||false|false&#8221; hover_transition_duration=&#8221;0.2ms&#8221; hover_transition_speed_curve=&#8221;ease-in-out&#8221; custom_css_main_element=&#8221;transition: 0.1s!important;&#8221; custom_css_toggle_icon=&#8221;content:\u201c4c\u201d;&#8221; custom_css_toggle_content=&#8221;padding: 1% 0% 1% 0%;||&#8221; border_width_all=&#8221;0px&#8221; border_color_all=&#8221;rgba(0,0,0,0)&#8221; border_style_bottom=&#8221;none&#8221; locked=&#8221;off&#8221; global_colors_info=&#8221;{}&#8221;][et_pb_accordion_item open=&#8221;on&#8221; open_toggle_background_color=&#8221;rgba(0,0,0,0)&#8221; icon_color=&#8221;rgba(0,0,0,0)&#8221; _builder_version=&#8221;4.6.1&#8243; _module_preset=&#8221;default&#8221; height=&#8221;0px&#8221; custom_margin=&#8221;-80px||||false|false&#8221; custom_css_toggle_icon=&#8221;content: %22%22!important;&#8221; global_colors_info=&#8221;{}&#8221; toggle_font=&#8221;||||||||&#8221; toggle_font_size=&#8221;18px&#8221;][\/et_pb_accordion_item][et_pb_accordion_item title=&#8221;Irudiak&#8221; open_toggle_background_color=&#8221;rgba(0,0,0,0)&#8221; closed_toggle_background_color=&#8221;rgba(0,0,0,0)&#8221; icon_color=&#8221;#000000&#8243; use_icon_font_size=&#8221;on&#8221; icon_font_size=&#8221;25px&#8221; _builder_version=&#8221;4.6.1&#8243; _module_preset=&#8221;dd4590c4-4c27-4d54-b17d-daa56f0f40df&#8221; custom_margin=&#8221;-10px||-25px||false|false&#8221; custom_css_toggle_title=&#8221;Padding:5px 0px 5px 0px;||border-bottom: 1px solid #737373;||||&#8221; custom_css_toggle_icon=&#8221;font-family:&#8217;ETmodules&#8217;;||content: %22%924c%22;&#8221; border_width_bottom=&#8221;4px&#8221; border_color_bottom=&#8221;#8300e9&#8243; global_colors_info=&#8221;{}&#8221; toggle_level=&#8221;h4&#8243; toggle_font=&#8221;|600|||||||&#8221; toggle_font_size=&#8221;18px&#8221; custom_css_toggle_icon__hover_enabled=&#8221;on|hover&#8221; custom_css_toggle_icon_last_edited=&#8221;on|desktop&#8221; custom_css_toggle_icon__hover=&#8221;font-family:&#8217;ETmodules&#8217;;||content: %22%924c%22;||transform:rotate(180deg);\t&#8221; open=&#8221;off&#8221;]<ul>\r\n<li>Serie de caricaturas sobre las relaciones Norte-Sur, la interculturalidad, Hermanamientos y el Comercio Justo de Pablo Sanaguano<\/li>\r\n<li>V\u00eddeos del material surgido de los talleres\u00a0&#8220;Mundua Zeuk margotu! &#8230; Y t\u00fa \u00bfqu\u00e9 pintas?&#8221;<\/li>\r\n<li>Exposici\u00f3n de fotos de los participantes en las experiencias de verano 2007<\/li>\r\n<li>Fotos de Mujeres cargadoras de Pablo Sanaguano<\/li>\r\n<li>V\u00eddeo sobre Misiones Diocesanas Vascas<\/li>\r\n<li>V\u00eddeos de Ecuador: comunidades, danzas, &#8230;<\/li>\r\n<\/ul>[\/et_pb_accordion_item][et_pb_accordion_item title=&#8221;Agerkariak&#8221; open_toggle_background_color=&#8221;rgba(0,0,0,0)&#8221; closed_toggle_background_color=&#8221;rgba(0,0,0,0)&#8221; icon_color=&#8221;#000000&#8243; use_icon_font_size=&#8221;on&#8221; icon_font_size=&#8221;25px&#8221; _builder_version=&#8221;4.6.1&#8243; _module_preset=&#8221;dd4590c4-4c27-4d54-b17d-daa56f0f40df&#8221; custom_margin=&#8221;-10px||-25px||false|false&#8221; custom_css_toggle_title=&#8221;Padding:5px 0px 5px 0px;||border-bottom: 1px solid #737373;||||&#8221; custom_css_toggle_icon=&#8221;font-family:&#8217;ETmodules&#8217;;||content: %22%924c%22;&#8221; border_width_bottom=&#8221;4px&#8221; border_color_bottom=&#8221;#8300e9&#8243; global_colors_info=&#8221;{}&#8221; toggle_level=&#8221;h4&#8243; toggle_font=&#8221;|600|||||||&#8221; toggle_font_size=&#8221;18px&#8221; custom_css_toggle_icon__hover_enabled=&#8221;on|hover&#8221; custom_css_toggle_icon_last_edited=&#8221;on|desktop&#8221; custom_css_toggle_icon__hover=&#8221;font-family:&#8217;ETmodules&#8217;;||content: %22%924c%22;||transform:rotate(180deg);\t&#8221; open=&#8221;off&#8221;]<ul>\r\n<li>&#8220;Los comienzos de la Gran Aventura&#8221; de Manuel de Unciti<\/li>\r\n<li>&#8220;Sinfon\u00eda incompleta de Urkiola&#8221; Joseba Legarza<\/li>\r\n<li>&#8220;Retazos de una tierra amada&#8221; Josu L\u00f3pez Villalba<\/li>\r\n<li>&#8220;M\u00e1ximo Guisasola , misionero en dos continentes&#8221; Josetxu Canibe<\/li>\r\n<li>&#8220;Un atardecer de junio Isidro Uzkudun entrega hasta la muerte&#8221; Josetxu\u00a0 Canibe<\/li>\r\n<\/ul>\r\n<p><strong>Colecci\u00f3n de folletos para la solidaridad:<\/strong><\/p>\r\n<ul>\r\n<li>Ecuador: &#8220;Una perla escondida&#8221;; &#8220;Ezkutuko harribitxi&#8221; Juan Carlos Pinedo<\/li>\r\n<li>Angola &#8220;Tierra querida&#8221;; Ene lur maitea&#8221; Josu L\u00f3pez Villalba<\/li>\r\n<li>Rwanda: &#8220;Esperanza contra toda esperanza- Itxarobiderik gabe ere,itxaron&#8221; Juan Cruz Juaristi.<\/li>\r\n<li>&#8220;Desvelando itinerarios compartidos&#8221; Isabel Matilla, Bego\u00f1a Mera, Judith Pereda y Amaia Ru\u00edz.<\/li>\r\n<li>&#8220;La Yuca, en defensa de un pueblo&#8221; Benjam\u00edn Respaldiza<\/li>\r\n<li>&#8220;Comunidades vivas hoy&#8221;<\/li>\r\n<li>&#8220;Las comunidades unidas en la fe y en la vida&#8221;<\/li>\r\n<\/ul>[\/et_pb_accordion_item][et_pb_accordion_item title=&#8221;Beste hainbat lagungarri&#8221; open_toggle_background_color=&#8221;rgba(0,0,0,0)&#8221; closed_toggle_background_color=&#8221;rgba(0,0,0,0)&#8221; icon_color=&#8221;#000000&#8243; use_icon_font_size=&#8221;on&#8221; icon_font_size=&#8221;25px&#8221; _builder_version=&#8221;4.6.1&#8243; _module_preset=&#8221;dd4590c4-4c27-4d54-b17d-daa56f0f40df&#8221; custom_margin=&#8221;-10px||-25px||false|false&#8221; custom_css_toggle_title=&#8221;Padding:5px 0px 5px 0px;||border-bottom: 1px solid #737373;||||&#8221; custom_css_toggle_icon=&#8221;font-family:&#8217;ETmodules&#8217;;||content: %22%924c%22;&#8221; border_width_bottom=&#8221;4px&#8221; border_color_bottom=&#8221;#8300e9&#8243; global_colors_info=&#8221;{}&#8221; toggle_level=&#8221;h4&#8243; toggle_font=&#8221;|600|||||||&#8221; toggle_font_size=&#8221;18px&#8221; custom_css_toggle_icon__hover_enabled=&#8221;on|hover&#8221; custom_css_toggle_icon_last_edited=&#8221;on|desktop&#8221; custom_css_toggle_icon__hover=&#8221;font-family:&#8217;ETmodules&#8217;;||content: %22%924c%22;||transform:rotate(180deg);\t&#8221; open=&#8221;off&#8221;]<h3>Otros materiales a disposici\u00f3n<\/h3>\r\n<ul>\r\n<li>Campa\u00f1a Pobreza Cero diocesana<\/li>\r\n<li>Campa\u00f1a Pobreza Cero de la CONGDs<\/li>\r\n<\/ul>[\/et_pb_accordion_item][et_pb_accordion_item title=&#8221;Sentiberatasuna bizteko egitasmoak&#8221; open_toggle_background_color=&#8221;rgba(0,0,0,0)&#8221; closed_toggle_background_color=&#8221;rgba(0,0,0,0)&#8221; icon_color=&#8221;#000000&#8243; use_icon_font_size=&#8221;on&#8221; icon_font_size=&#8221;25px&#8221; _builder_version=&#8221;4.6.1&#8243; _module_preset=&#8221;dd4590c4-4c27-4d54-b17d-daa56f0f40df&#8221; custom_margin=&#8221;-10px||-25px||false|false&#8221; custom_css_toggle_title=&#8221;Padding:5px 0px 5px 0px;||border-bottom: 1px solid #737373;||||&#8221; custom_css_toggle_icon=&#8221;font-family:&#8217;ETmodules&#8217;;||content: %22%924c%22;&#8221; border_width_bottom=&#8221;4px&#8221; border_color_bottom=&#8221;#8300e9&#8243; global_colors_info=&#8221;{}&#8221; toggle_level=&#8221;h4&#8243; toggle_font=&#8221;|600|||||||&#8221; toggle_font_size=&#8221;18px&#8221; custom_css_toggle_icon__hover_enabled=&#8221;on|hover&#8221; custom_css_toggle_icon_last_edited=&#8221;on|desktop&#8221; custom_css_toggle_icon__hover=&#8221;font-family:&#8217;ETmodules&#8217;;||content: %22%924c%22;||transform:rotate(180deg);\t&#8221; open=&#8221;off&#8221;]<h4>&#8220;Entra en la gran aventura&#8221;<\/h4>\r\n<p>Dirigida a: Escolares: Grupos de infantil y primaria, grupos de catequesis<\/p>\r\n<h4><strong>Objetivos:<\/strong><\/h4>\r\n<ul>\r\n<li>Acercarnos a otras gentes, otras culturas, otros pueblos. Conocernos un poco m\u00e1s.<\/li>\r\n<li>Sensibilizarnos con esa realidad<\/li>\r\n<li>Disfrutar con una sencilla actividad que nos &#8220;lleve&#8221; a otros lugares, sin sacarnos de nuestro entorno.<\/li>\r\n<li>Participar en una aventura de seguir la solidaridad con otros pueblos<\/li>\r\n<\/ul>\r\n<h4><strong>Planteamiento educativo:<\/strong><\/h4>\r\n<p>Educaci\u00f3n para el desarrollo: a trav\u00e9s de la vida de las personas de la misma edad de otros pueblos y culturas, intentamos que los participantes comiencen a percibir la realidad global<\/p>\r\n<p>Educaci\u00f3n en valores: Por medio de relatos y testimonios los y las participantes se ponen delante de la realidad de sus propias pr\u00e1cticas: (despilfarro de recursos, consumismo..)<\/p>\r\n<h4><strong>C\u00f3mo est\u00e1 estructurada:<\/strong><\/h4>\r\n<p>Hay 4 espacios:<\/p>\r\n<ul>\r\n<li>Entrada: Acogida al grupo, Entramos a formar parte de una familia en su casa, nos vestimos, . Mostramos caracter\u00edstica de la gente sencilla de los pa\u00edses del Sur&#8230;<\/li>\r\n<li>La plaza, la vida: Se muestra el trabajo, la enfermedad, la medicina, la m\u00fasica , la fiesta,<\/li>\r\n<li>La capilla: Personas de Angola y Ecuador nos transmiten su vivencia, su fe, su lucha, su esperanza a trav\u00e9s de im\u00e1genes.<\/li>\r\n<li>Seguimos: Conocemos algunos grupos, que est\u00e1n entre nosotros, que buscan y trabajan por la justicia.<\/li>\r\n<\/ul>\r\n<h4><strong>Qu\u00e9 se hace:<\/strong><\/h4>\r\n<p>Jugar, leer, cantar, bailar, vestirse, escuchar, ver, tocar, degustar, oler, descubrir, trabajar<\/p>\r\n<p>Se presentan 3 narraciones que se trabajan dependiendo de la edad de las personas participantes: MUXIMA de 3 a 6 a\u00f1os, ANTUCO de 7 a 9 a\u00f1os y EL OJO DE LA SERPIENTE de 10 a 12 a\u00f1os<\/p>\r\n<h4>Talleres de reflexi\u00f3n y creaci\u00f3n pl\u00e1stica<\/h4>\r\n<p>&#8220;Mundua Zeuk margotu! &#8230; Y t\u00fa \u00bfqu\u00e9 pintas?&#8221; (Proyecto de MMDDVV Kidenda y C\u00e1ritas)<\/p>\r\n<h4><strong>Objetivos:<\/strong><\/h4>\r\n<p>Crear espacios de participaci\u00f3n e intercambio entre el Sur y el Norte a trav\u00e9s de la metodolog\u00eda de la educaci\u00f3n popular:<\/p>\r\n<ul>\r\n<li>Expresar a trav\u00e9s de una creaci\u00f3n pl\u00e1stica (modelaje de arcilla, dibujo, pintura mural, video, correo solidario, ilustraci\u00f3n de cuentos&#8230;) nuestra visi\u00f3n del Sur y el Norte<\/li>\r\n<li>Elaborar propuestas de acci\u00f3n transformadoras que disminuyan la brecha Norte\/Sur<\/li>\r\n<\/ul>\r\n<h4><strong>Destinatarios:<\/strong><\/h4>\r\n<p>Centros educactivos, grupos de tiempo libre, grupos interculturales, grupos parroquiales , ni\u00f1os y ni\u00f1as, j\u00f3venes y adultos.<\/p>[\/et_pb_accordion_item][et_pb_accordion_item title=&#8221;Itxi &#8221; open_toggle_background_color=&#8221;rgba(0,0,0,0)&#8221; closed_toggle_background_color=&#8221;rgba(0,0,0,0)&#8221; icon_color=&#8221;#000000&#8243; use_icon_font_size=&#8221;on&#8221; icon_font_size=&#8221;25px&#8221; _builder_version=&#8221;4.6.1&#8243; _module_preset=&#8221;dd4590c4-4c27-4d54-b17d-daa56f0f40df&#8221; custom_margin=&#8221;0px||-25px||false|false&#8221; custom_padding=&#8221;||||false|false&#8221; custom_css_toggle_title=&#8221;Padding:5px 30px 5px 0px;||border-bottom: 0px solid;&#8221; custom_css_toggle_icon=&#8221;font-family:&#8217;ETmodules&#8217;;||content:%22%924d%22;||display:block!important;&#8221; border_width_bottom=&#8221;0px&#8221; border_color_bottom=&#8221;rgba(0,0,0,0)&#8221; border_style_bottom=&#8221;none&#8221; global_colors_info=&#8221;{}&#8221; toggle_level=&#8221;h4&#8243; toggle_font=&#8221;|300|||||||&#8221; toggle_text_align=&#8221;right&#8221; toggle_font_size=&#8221;18px&#8221; custom_css_toggle_icon__hover_enabled=&#8221;off|desktop&#8221; custom_css_toggle_icon_last_edited=&#8221;on|desktop&#8221; custom_css_toggle_icon__hover=&#8221;font-family:&#8217;ETmodules&#8217;;||content: %22%924c%22;||transform:rotate(180deg);\t&#8221; content__hover_enabled=&#8221;off|desktop&#8221; custom_padding__hover_enabled=&#8221;off|desktop&#8221; open=&#8221;off&#8221;][\/et_pb_accordion_item][\/et_pb_accordion][\/et_pb_column][\/et_pb_row][\/et_pb_section]\n","protected":false},"excerpt":{"rendered":"<p>Misiolari SustapenaZer da misino-sustapena?Uzta ugaria da, baina langileak gutxi (Lucas 10, 2) Misiolari sustapenak lehentasuna du ordezkaritzan eta honetarako da: &nbsp; Misiolari sen unibertsala suspertu elizbarrutiko pastoral arruntean. Heziketa eta sentsibilizaziorako taldeak sortu kristau elkartean. Eta, horrela, misiolari bokazioak piztu. Kristau fedetik, munduko bidegabeko egoerei buruzko hausnarketa eragin. Zuzentasuna, bakea, zuzenbidea eta munduaren antolaketa berria [&hellip;]<\/p>\n","protected":false},"author":3,"featured_media":0,"parent":12383,"menu_order":0,"comment_status":"closed","ping_status":"closed","template":"","meta":{"_acf_changed":false,"_et_pb_use_builder":"on","_et_pb_old_content":"","_et_gb_content_width":"","footnotes":""},"class_list":["post-12399","page","type-page","status-publish","hentry"],"acf":[],"yoast_head":"<!-- This site is optimized with the Yoast SEO Premium plugin v27.5 (Yoast SEO v27.5) - https:\/\/yoast.com\/product\/yoast-seo-premium-wordpress\/ -->\n<title>Misiolari Sustapena - Bilboko Elizbarrutia - Di\u00f3cesis de Bilbao<\/title>\n<meta name=\"robots\" content=\"index, follow, max-snippet:-1, max-image-preview:large, max-video-preview:-1\" \/>\n<link rel=\"canonical\" href=\"https:\/\/bizkeliza.org\/eu\/ebanjelizazinoa\/misioak\/misiolari-sustapena\/\" \/>\n<meta property=\"og:locale\" content=\"eu_ES\" \/>\n<meta property=\"og:type\" content=\"article\" \/>\n<meta property=\"og:title\" content=\"Misiolari Sustapena\" \/>\n<meta property=\"og:description\" content=\"Misiolari SustapenaZer da misino-sustapena?Uzta ugaria da, baina langileak gutxi (Lucas 10, 2) Misiolari sustapenak lehentasuna du ordezkaritzan eta honetarako da: &nbsp; Misiolari sen unibertsala suspertu elizbarrutiko pastoral arruntean. Heziketa eta sentsibilizaziorako taldeak sortu kristau elkartean. Eta, horrela, misiolari bokazioak piztu. Kristau fedetik, munduko bidegabeko egoerei buruzko hausnarketa eragin. Zuzentasuna, bakea, zuzenbidea eta munduaren antolaketa berria [&hellip;]\" \/>\n<meta property=\"og:url\" content=\"https:\/\/bizkeliza.org\/eu\/ebanjelizazinoa\/misioak\/misiolari-sustapena\/\" \/>\n<meta property=\"og:site_name\" content=\"Bilboko Elizbarrutia - Di\u00f3cesis de Bilbao\" \/>\n<meta property=\"article:publisher\" content=\"https:\/\/www.facebook.com\/DiocesisBilbao\/\" \/>\n<meta property=\"article:modified_time\" content=\"2021-11-06T09:17:29+00:00\" \/>\n<meta property=\"og:image\" content=\"https:\/\/bizkeliza.org\/wp-content\/uploads\/download-icon-verdeoscuro.png\" \/>\n<meta name=\"twitter:card\" content=\"summary_large_image\" \/>\n<meta name=\"twitter:site\" content=\"@DiocesisBilbao\" \/>\n<script type=\"application\/ld+json\" class=\"yoast-schema-graph\">{\"@context\":\"https:\\\/\\\/schema.org\",\"@graph\":[{\"@type\":\"WebPage\",\"@id\":\"https:\\\/\\\/bizkeliza.org\\\/eu\\\/ebanjelizazinoa\\\/misioak\\\/misiolari-sustapena\\\/\",\"url\":\"https:\\\/\\\/bizkeliza.org\\\/eu\\\/ebanjelizazinoa\\\/misioak\\\/misiolari-sustapena\\\/\",\"name\":\"Misiolari Sustapena - Bilboko Elizbarrutia - Di\u00f3cesis de Bilbao\",\"isPartOf\":{\"@id\":\"https:\\\/\\\/bizkeliza.org\\\/eu\\\/#website\"},\"primaryImageOfPage\":{\"@id\":\"https:\\\/\\\/bizkeliza.org\\\/eu\\\/ebanjelizazinoa\\\/misioak\\\/misiolari-sustapena\\\/#primaryimage\"},\"image\":{\"@id\":\"https:\\\/\\\/bizkeliza.org\\\/eu\\\/ebanjelizazinoa\\\/misioak\\\/misiolari-sustapena\\\/#primaryimage\"},\"thumbnailUrl\":\"https:\\\/\\\/bizkeliza.org\\\/wp-content\\\/uploads\\\/download-icon-verdeoscuro.png\",\"datePublished\":\"2021-10-27T07:29:51+00:00\",\"dateModified\":\"2021-11-06T09:17:29+00:00\",\"breadcrumb\":{\"@id\":\"https:\\\/\\\/bizkeliza.org\\\/eu\\\/ebanjelizazinoa\\\/misioak\\\/misiolari-sustapena\\\/#breadcrumb\"},\"inLanguage\":\"eu-ES\",\"potentialAction\":[{\"@type\":\"ReadAction\",\"target\":[\"https:\\\/\\\/bizkeliza.org\\\/eu\\\/ebanjelizazinoa\\\/misioak\\\/misiolari-sustapena\\\/\"]}]},{\"@type\":\"ImageObject\",\"inLanguage\":\"eu-ES\",\"@id\":\"https:\\\/\\\/bizkeliza.org\\\/eu\\\/ebanjelizazinoa\\\/misioak\\\/misiolari-sustapena\\\/#primaryimage\",\"url\":\"https:\\\/\\\/bizkeliza.org\\\/wp-content\\\/uploads\\\/download-icon-verdeoscuro.png\",\"contentUrl\":\"https:\\\/\\\/bizkeliza.org\\\/wp-content\\\/uploads\\\/download-icon-verdeoscuro.png\"},{\"@type\":\"BreadcrumbList\",\"@id\":\"https:\\\/\\\/bizkeliza.org\\\/eu\\\/ebanjelizazinoa\\\/misioak\\\/misiolari-sustapena\\\/#breadcrumb\",\"itemListElement\":[{\"@type\":\"ListItem\",\"position\":1,\"name\":\"Portada\",\"item\":\"https:\\\/\\\/bizkeliza.org\\\/eu\\\/\"},{\"@type\":\"ListItem\",\"position\":2,\"name\":\"Ebanjelizazinoa\",\"item\":\"https:\\\/\\\/bizkeliza.org\\\/eu\\\/evangelizacion\\\/\"},{\"@type\":\"ListItem\",\"position\":3,\"name\":\"Misinoak\",\"item\":\"https:\\\/\\\/bizkeliza.org\\\/eu\\\/evangelizacion\\\/misiones\\\/\"},{\"@type\":\"ListItem\",\"position\":4,\"name\":\"Misiolari Sustapena\"}]},{\"@type\":\"WebSite\",\"@id\":\"https:\\\/\\\/bizkeliza.org\\\/eu\\\/#website\",\"url\":\"https:\\\/\\\/bizkeliza.org\\\/eu\\\/\",\"name\":\"Bilboko Elizbarrutia - Di\u00f3cesis de Bilbao\",\"description\":\"Di\u00f3cesis de Bilbao\",\"publisher\":{\"@id\":\"https:\\\/\\\/bizkeliza.org\\\/eu\\\/#organization\"},\"alternateName\":\"Di\u00f3cesis de Bilbao\",\"potentialAction\":[{\"@type\":\"SearchAction\",\"target\":{\"@type\":\"EntryPoint\",\"urlTemplate\":\"https:\\\/\\\/bizkeliza.org\\\/eu\\\/?s={search_term_string}\"},\"query-input\":{\"@type\":\"PropertyValueSpecification\",\"valueRequired\":true,\"valueName\":\"search_term_string\"}}],\"inLanguage\":\"eu-ES\"},{\"@type\":\"Organization\",\"@id\":\"https:\\\/\\\/bizkeliza.org\\\/eu\\\/#organization\",\"name\":\"Di\u00f3cesis de Bilbao\",\"alternateName\":\"Di\u00f3cesis de Bilbao\",\"url\":\"https:\\\/\\\/bizkeliza.org\\\/eu\\\/\",\"logo\":{\"@type\":\"ImageObject\",\"inLanguage\":\"eu-ES\",\"@id\":\"https:\\\/\\\/bizkeliza.org\\\/eu\\\/#\\\/schema\\\/logo\\\/image\\\/\",\"url\":\"https:\\\/\\\/bizkeliza.org\\\/wp-content\\\/uploads\\\/2022\\\/06\\\/Logo-nuevo_2024-1-scaled.jpg\",\"contentUrl\":\"https:\\\/\\\/bizkeliza.org\\\/wp-content\\\/uploads\\\/2022\\\/06\\\/Logo-nuevo_2024-1-scaled.jpg\",\"width\":2560,\"height\":1024,\"caption\":\"Di\u00f3cesis de Bilbao\"},\"image\":{\"@id\":\"https:\\\/\\\/bizkeliza.org\\\/eu\\\/#\\\/schema\\\/logo\\\/image\\\/\"},\"sameAs\":[\"https:\\\/\\\/www.facebook.com\\\/DiocesisBilbao\\\/\",\"https:\\\/\\\/x.com\\\/DiocesisBilbao\",\"https:\\\/\\\/www.instagram.com\\\/obispadobilbao\\\/\",\"https:\\\/\\\/www.youtube.com\\\/user\\\/bilbokoelizbarrutia\"],\"description\":\"Iglesia local de Bilbao perteneciente a la Iglesia Cat\u00f3lica\"}]}<\/script>\n<!-- \/ Yoast SEO Premium plugin. -->","yoast_head_json":{"title":"Misiolari Sustapena - Bilboko Elizbarrutia - Di\u00f3cesis de Bilbao","robots":{"index":"index","follow":"follow","max-snippet":"max-snippet:-1","max-image-preview":"max-image-preview:large","max-video-preview":"max-video-preview:-1"},"canonical":"https:\/\/bizkeliza.org\/eu\/ebanjelizazinoa\/misioak\/misiolari-sustapena\/","og_locale":"eu_ES","og_type":"article","og_title":"Misiolari Sustapena","og_description":"Misiolari SustapenaZer da misino-sustapena?Uzta ugaria da, baina langileak gutxi (Lucas 10, 2) Misiolari sustapenak lehentasuna du ordezkaritzan eta honetarako da: &nbsp; Misiolari sen unibertsala suspertu elizbarrutiko pastoral arruntean. Heziketa eta sentsibilizaziorako taldeak sortu kristau elkartean. Eta, horrela, misiolari bokazioak piztu. Kristau fedetik, munduko bidegabeko egoerei buruzko hausnarketa eragin. Zuzentasuna, bakea, zuzenbidea eta munduaren antolaketa berria [&hellip;]","og_url":"https:\/\/bizkeliza.org\/eu\/ebanjelizazinoa\/misioak\/misiolari-sustapena\/","og_site_name":"Bilboko Elizbarrutia - Di\u00f3cesis de Bilbao","article_publisher":"https:\/\/www.facebook.com\/DiocesisBilbao\/","article_modified_time":"2021-11-06T09:17:29+00:00","og_image":[{"url":"https:\/\/bizkeliza.org\/wp-content\/uploads\/download-icon-verdeoscuro.png","type":"","width":"","height":""}],"twitter_card":"summary_large_image","twitter_site":"@DiocesisBilbao","schema":{"@context":"https:\/\/schema.org","@graph":[{"@type":"WebPage","@id":"https:\/\/bizkeliza.org\/eu\/ebanjelizazinoa\/misioak\/misiolari-sustapena\/","url":"https:\/\/bizkeliza.org\/eu\/ebanjelizazinoa\/misioak\/misiolari-sustapena\/","name":"Misiolari Sustapena - Bilboko Elizbarrutia - Di\u00f3cesis de Bilbao","isPartOf":{"@id":"https:\/\/bizkeliza.org\/eu\/#website"},"primaryImageOfPage":{"@id":"https:\/\/bizkeliza.org\/eu\/ebanjelizazinoa\/misioak\/misiolari-sustapena\/#primaryimage"},"image":{"@id":"https:\/\/bizkeliza.org\/eu\/ebanjelizazinoa\/misioak\/misiolari-sustapena\/#primaryimage"},"thumbnailUrl":"https:\/\/bizkeliza.org\/wp-content\/uploads\/download-icon-verdeoscuro.png","datePublished":"2021-10-27T07:29:51+00:00","dateModified":"2021-11-06T09:17:29+00:00","breadcrumb":{"@id":"https:\/\/bizkeliza.org\/eu\/ebanjelizazinoa\/misioak\/misiolari-sustapena\/#breadcrumb"},"inLanguage":"eu-ES","potentialAction":[{"@type":"ReadAction","target":["https:\/\/bizkeliza.org\/eu\/ebanjelizazinoa\/misioak\/misiolari-sustapena\/"]}]},{"@type":"ImageObject","inLanguage":"eu-ES","@id":"https:\/\/bizkeliza.org\/eu\/ebanjelizazinoa\/misioak\/misiolari-sustapena\/#primaryimage","url":"https:\/\/bizkeliza.org\/wp-content\/uploads\/download-icon-verdeoscuro.png","contentUrl":"https:\/\/bizkeliza.org\/wp-content\/uploads\/download-icon-verdeoscuro.png"},{"@type":"BreadcrumbList","@id":"https:\/\/bizkeliza.org\/eu\/ebanjelizazinoa\/misioak\/misiolari-sustapena\/#breadcrumb","itemListElement":[{"@type":"ListItem","position":1,"name":"Portada","item":"https:\/\/bizkeliza.org\/eu\/"},{"@type":"ListItem","position":2,"name":"Ebanjelizazinoa","item":"https:\/\/bizkeliza.org\/eu\/evangelizacion\/"},{"@type":"ListItem","position":3,"name":"Misinoak","item":"https:\/\/bizkeliza.org\/eu\/evangelizacion\/misiones\/"},{"@type":"ListItem","position":4,"name":"Misiolari Sustapena"}]},{"@type":"WebSite","@id":"https:\/\/bizkeliza.org\/eu\/#website","url":"https:\/\/bizkeliza.org\/eu\/","name":"Bilboko Elizbarrutia - Di\u00f3cesis de Bilbao","description":"Di\u00f3cesis de Bilbao","publisher":{"@id":"https:\/\/bizkeliza.org\/eu\/#organization"},"alternateName":"Di\u00f3cesis de Bilbao","potentialAction":[{"@type":"SearchAction","target":{"@type":"EntryPoint","urlTemplate":"https:\/\/bizkeliza.org\/eu\/?s={search_term_string}"},"query-input":{"@type":"PropertyValueSpecification","valueRequired":true,"valueName":"search_term_string"}}],"inLanguage":"eu-ES"},{"@type":"Organization","@id":"https:\/\/bizkeliza.org\/eu\/#organization","name":"Di\u00f3cesis de Bilbao","alternateName":"Di\u00f3cesis de Bilbao","url":"https:\/\/bizkeliza.org\/eu\/","logo":{"@type":"ImageObject","inLanguage":"eu-ES","@id":"https:\/\/bizkeliza.org\/eu\/#\/schema\/logo\/image\/","url":"https:\/\/bizkeliza.org\/wp-content\/uploads\/2022\/06\/Logo-nuevo_2024-1-scaled.jpg","contentUrl":"https:\/\/bizkeliza.org\/wp-content\/uploads\/2022\/06\/Logo-nuevo_2024-1-scaled.jpg","width":2560,"height":1024,"caption":"Di\u00f3cesis de Bilbao"},"image":{"@id":"https:\/\/bizkeliza.org\/eu\/#\/schema\/logo\/image\/"},"sameAs":["https:\/\/www.facebook.com\/DiocesisBilbao\/","https:\/\/x.com\/DiocesisBilbao","https:\/\/www.instagram.com\/obispadobilbao\/","https:\/\/www.youtube.com\/user\/bilbokoelizbarrutia"],"description":"Iglesia local de Bilbao perteneciente a la Iglesia Cat\u00f3lica"}]}},"_links":{"self":[{"href":"https:\/\/bizkeliza.org\/eu\/wp-json\/wp\/v2\/pages\/12399","targetHints":{"allow":["GET"]}}],"collection":[{"href":"https:\/\/bizkeliza.org\/eu\/wp-json\/wp\/v2\/pages"}],"about":[{"href":"https:\/\/bizkeliza.org\/eu\/wp-json\/wp\/v2\/types\/page"}],"author":[{"embeddable":true,"href":"https:\/\/bizkeliza.org\/eu\/wp-json\/wp\/v2\/users\/3"}],"replies":[{"embeddable":true,"href":"https:\/\/bizkeliza.org\/eu\/wp-json\/wp\/v2\/comments?post=12399"}],"version-history":[{"count":0,"href":"https:\/\/bizkeliza.org\/eu\/wp-json\/wp\/v2\/pages\/12399\/revisions"}],"up":[{"embeddable":true,"href":"https:\/\/bizkeliza.org\/eu\/wp-json\/wp\/v2\/pages\/12383"}],"wp:attachment":[{"href":"https:\/\/bizkeliza.org\/eu\/wp-json\/wp\/v2\/media?parent=12399"}],"curies":[{"name":"wp","href":"https:\/\/api.w.org\/{rel}","templated":true}]}}