{"id":12452,"date":"2021-10-28T09:31:31","date_gmt":"2021-10-28T07:31:31","guid":{"rendered":"https:\/\/boring-dhawan.137-117-168-183.plesk.page\/ebanjelizazinoa\/ekonomia\/xa-eleizaren-alde\/"},"modified":"2022-04-22T13:27:09","modified_gmt":"2022-04-22T11:27:09","slug":"xa-eleizaren-alde","status":"publish","type":"page","link":"https:\/\/bizkeliza.org\/eu\/ebanjelizazinoa\/ekonomia\/xa-eleizaren-alde\/","title":{"rendered":"Xa, Eleizaren alde"},"content":{"rendered":"<p>[et_pb_section fb_built=&#8221;1&#8243; _builder_version=&#8221;4.15&#8243; _module_preset=&#8221;default&#8221; custom_padding=&#8221;||40px||false|false&#8221; global_colors_info=&#8221;{}&#8221;][et_pb_row column_structure=&#8221;1_3,2_3&#8243; _builder_version=&#8221;4.15&#8243; _module_preset=&#8221;default&#8221; global_colors_info=&#8221;{}&#8221;][et_pb_column type=&#8221;1_3&#8243; _builder_version=&#8221;4.15&#8243; _module_preset=&#8221;default&#8221; global_colors_info=&#8221;{}&#8221;][et_pb_text admin_label=&#8221;Text&#8221; _builder_version=&#8221;4.15.1&#8243; _module_preset=&#8221;default&#8221; header_font_size=&#8221;44px&#8221; header_line_height=&#8221;1.2em&#8221; header_4_font=&#8221;|700|||||||&#8221; custom_margin=&#8221;||||false|false&#8221; custom_padding=&#8221;||||false|false&#8221; header_font_size_tablet=&#8221;&#8221; header_font_size_phone=&#8221;34px&#8221; header_font_size_last_edited=&#8221;on|phone&#8221; header_3_font_size_tablet=&#8221;&#8221; header_3_font_size_phone=&#8221;22px&#8221; header_3_font_size_last_edited=&#8221;on|phone&#8221; header_4_font_size_tablet=&#8221;&#8221; header_4_font_size_phone=&#8221;18px&#8221; header_4_font_size_last_edited=&#8221;on|desktop&#8221; global_colors_info=&#8221;{}&#8221;]<\/p>\n<h1>Zure laguntza bikoizten dauan X<\/h1>\n<p>[\/et_pb_text][\/et_pb_column][et_pb_column type=&#8221;2_3&#8243; _builder_version=&#8221;4.15&#8243; _module_preset=&#8221;default&#8221; global_colors_info=&#8221;{}&#8221;][et_pb_text _builder_version=&#8221;4.15&#8243; _module_preset=&#8221;default&#8221; background_color=&#8221;#f5f7fa&#8221; custom_padding=&#8221;26px|26px|26px|26px|true|true&#8221; custom_padding_phone=&#8221;||||false|false&#8221; custom_padding_last_edited=&#8221;off|desktop&#8221; border_radii=&#8221;on|3px|3px|3px|3px&#8221; locked=&#8221;off&#8221; global_colors_info=&#8221;{}&#8221; custom_css_main_element_last_edited=&#8221;on|desktop&#8221; custom_css_main_element_phone=&#8221;column-count:1;&#8221;]<\/p>\n<h4><b>Info &amp; Kontakto<\/b><\/h4>\n<p>Gerencia-Econom\u00eda:<br \/>\n<strong>Jos\u00e9 Mar\u00eda Ziarrusta Abasolo<\/strong><br \/>\n<span style=\"color: #000000;\"><b>Tel.:\u00a0<\/b><a href=\"tel:34944667962\">94 466 79 62<\/a><\/span><br \/>\n<span style=\"font-weight: 400;\"><span style=\"color: #000000;\"><strong>E-mail:<\/strong><\/span> <a href=\"mailto:jmziarrusta@bizkeliza.org\" target=\"_blank\" rel=\"noopener noreferrer\">jmziarrusta@bizkeliza.org<\/a><\/span><br \/>\n<span style=\"font-weight: 400;\"><span style=\"color: #000000;\"><strong>Direcci\u00f3n:<\/strong><\/span> Virgen de Bego\u00f1a 38. 48006 Bilbao<\/span>[\/et_pb_text][\/et_pb_column][\/et_pb_row][\/et_pb_section][et_pb_section fb_built=&#8221;1&#8243; _builder_version=&#8221;4.15&#8243; _module_preset=&#8221;default&#8221; background_color=&#8221;#f5f7fa&#8221; custom_padding=&#8221;||70px|||&#8221; global_colors_info=&#8221;{}&#8221;][et_pb_row column_structure=&#8221;1_3,2_3&#8243; _builder_version=&#8221;4.15&#8243; _module_preset=&#8221;default&#8221; global_colors_info=&#8221;{}&#8221;][et_pb_column type=&#8221;1_3&#8243; _builder_version=&#8221;4.15&#8243; _module_preset=&#8221;default&#8221; global_colors_info=&#8221;{}&#8221;][et_pb_text admin_label=&#8221;Text&#8221; _builder_version=&#8221;4.15.1&#8243; _module_preset=&#8221;default&#8221; header_font_size=&#8221;44px&#8221; header_line_height=&#8221;1.2em&#8221; header_4_font=&#8221;|700|||||||&#8221; custom_margin=&#8221;||||false|false&#8221; custom_padding=&#8221;||||false|false&#8221; header_font_size_tablet=&#8221;&#8221; header_font_size_phone=&#8221;34px&#8221; header_font_size_last_edited=&#8221;on|phone&#8221; header_3_font_size_tablet=&#8221;&#8221; header_3_font_size_phone=&#8221;22px&#8221; header_3_font_size_last_edited=&#8221;on|phone&#8221; header_4_font_size_tablet=&#8221;&#8221; header_4_font_size_phone=&#8221;18px&#8221; header_4_font_size_last_edited=&#8221;on|desktop&#8221; global_colors_info=&#8221;{}&#8221;]<\/p>\n<h2>#somosIglesia24siete<\/h2>\n<p>[\/et_pb_text][\/et_pb_column][et_pb_column type=&#8221;2_3&#8243; _builder_version=&#8221;4.15&#8243; _module_preset=&#8221;default&#8221; global_colors_info=&#8221;{}&#8221;][et_pb_image src=&#8221;https:\/\/bizkeliza.org\/wp-content\/uploads\/bannerrenta2021.png&#8221; title_text=&#8221;bannerrenta2021&#8243; align=&#8221;center&#8221; _builder_version=&#8221;4.15.1&#8243; _module_preset=&#8221;default&#8221; box_shadow_style=&#8221;preset1&#8243; global_colors_info=&#8221;{}&#8221;][\/et_pb_image][\/et_pb_column][\/et_pb_row][et_pb_row column_structure=&#8221;1_3,2_3&#8243; _builder_version=&#8221;4.15&#8243; _module_preset=&#8221;default&#8221; global_colors_info=&#8221;{}&#8221;][et_pb_column type=&#8221;1_3&#8243; _builder_version=&#8221;4.15&#8243; _module_preset=&#8221;default&#8221; global_colors_info=&#8221;{}&#8221;][et_pb_text admin_label=&#8221;Text&#8221; _builder_version=&#8221;4.15.1&#8243; _module_preset=&#8221;default&#8221; header_font_size=&#8221;44px&#8221; header_line_height=&#8221;1.2em&#8221; header_4_font=&#8221;|700|||||||&#8221; custom_margin=&#8221;||||false|false&#8221; custom_padding=&#8221;||||false|false&#8221; hover_enabled=&#8221;0&#8243; header_font_size_tablet=&#8221;&#8221; header_font_size_phone=&#8221;34px&#8221; header_font_size_last_edited=&#8221;on|phone&#8221; header_3_font_size_tablet=&#8221;&#8221; header_3_font_size_phone=&#8221;22px&#8221; header_3_font_size_last_edited=&#8221;on|phone&#8221; header_4_font_size_tablet=&#8221;&#8221; header_4_font_size_phone=&#8221;18px&#8221; header_4_font_size_last_edited=&#8221;on|desktop&#8221; global_colors_info=&#8221;{}&#8221; sticky_enabled=&#8221;0&#8243;]<\/p>\n<h2>El viaje de la X<\/h2>\n<p>[\/et_pb_text][et_pb_button button_text=&#8221;%22el viaje de la X%22 bideoa jaitsi&#8221; module_class=&#8221;anchor&#8221; _builder_version=&#8221;4.15.1&#8243; _module_preset=&#8221;default&#8221; custom_button=&#8221;on&#8221; button_text_size=&#8221;18px&#8221; button_text_color=&#8221;#00a55a&#8221; button_bg_color=&#8221;#ffffff&#8221; button_border_width=&#8221;1px&#8221; button_border_color=&#8221;#00a55a&#8221; button_border_radius=&#8221;50px&#8221; button_font=&#8221;||||||||&#8221; button_icon=&#8221;&#x24;||divi||400&#8243; button_icon_color=&#8221;#00a55a&#8221; transform_origin=&#8221;0%|50%&#8221; custom_margin=&#8221;|4px|||false|false&#8221; custom_padding=&#8221;8px|30px|8px||false|false&#8221; hover_enabled=&#8221;0&#8243; button_border_color_last_edited=&#8221;off|desktop&#8221; button_font_tablet=&#8221;&#8221; button_font_phone=&#8221;&#8221; button_font_last_edited=&#8221;on|desktop&#8221; custom_css_main_element=&#8221;line-height:22px!important;||min-width: 120px;&#8221; locked=&#8221;off&#8221; global_colors_info=&#8221;{}&#8221; button_bg_color__hover_enabled=&#8221;on|hover&#8221; button_bg_color__hover=&#8221;rgba(0,0,0,0)&#8221; button_bg_enable_color__hover=&#8221;on&#8221; button_border_width__hover_enabled=&#8221;on|hover&#8221; button_border_width__hover=&#8221;1px&#8221; button_border_color__hover_enabled=&#8221;on|desktop&#8221; button_border_color__hover=&#8221;#00a55a&#8221; button_letter_spacing__hover=&#8221;1px&#8221; button_letter_spacing__hover_enabled=&#8221;on|hover&#8221; button_text_color__hover_enabled=&#8221;on|hover&#8221; button_text_color__hover=&#8221;#00a55a&#8221; custom_margin__hover_enabled=&#8221;on|hover&#8221; custom_css_main_element__hover_enabled=&#8221;on|hover&#8221; custom_css_main_element__hover=&#8221;font-weight:600;&#8221; theme_builder_area=&#8221;post_content&#8221; button_url=&#8221;https:\/\/diocesisdebilbao-my.sharepoint.com\/:v:\/g\/personal\/webbizkeliza_bizkeliza_org\/EWR6qIy9FtZHrCRJfloGBBABqQbkOaWVr-0ixJ3jM50eKA?e=d6KWjb&#8221; url_new_window=&#8221;on&#8221; button_alignment=&#8221;center&#8221; sticky_enabled=&#8221;0&#8243; custom_margin__hover=&#8221;|4px|||false|false&#8221;][\/et_pb_button][\/et_pb_column][et_pb_column type=&#8221;2_3&#8243; _builder_version=&#8221;4.15&#8243; _module_preset=&#8221;default&#8221; global_colors_info=&#8221;{}&#8221;][et_pb_video src=&#8221;https:\/\/youtu.be\/EKJ2223X38M&#8221; _builder_version=&#8221;4.15.1&#8243; _module_preset=&#8221;default&#8221; hover_enabled=&#8221;0&#8243; sticky_enabled=&#8221;0&#8243;][\/et_pb_video][\/et_pb_column][\/et_pb_row][et_pb_row column_structure=&#8221;1_3,2_3&#8243; _builder_version=&#8221;4.15&#8243; _module_preset=&#8221;default&#8221; global_colors_info=&#8221;{}&#8221;][et_pb_column type=&#8221;1_3&#8243; _builder_version=&#8221;4.15&#8243; _module_preset=&#8221;default&#8221; global_colors_info=&#8221;{}&#8221;][et_pb_image src=&#8221;https:\/\/bizkeliza.org\/wp-content\/uploads\/caritas_banner_renta_300x422_ES.gif&#8221; title_text=&#8221;caritas_banner_renta_300x422_ES&#8221; _builder_version=&#8221;4.15.1&#8243; _module_preset=&#8221;default&#8221; max_height=&#8221;299px&#8221; global_colors_info=&#8221;{}&#8221;][\/et_pb_image][et_pb_video src=&#8221;https:\/\/youtu.be\/huP9B_wy03s&#8221; _builder_version=&#8221;4.15.1&#8243; _module_preset=&#8221;default&#8221; global_colors_info=&#8221;{}&#8221;][\/et_pb_video][et_pb_button button_url=&#8221;https:\/\/diocesisdebilbao-my.sharepoint.com\/:b:\/g\/personal\/webbizkeliza_bizkeliza_org\/EcH0CGyMpL5EgI3RFkxr-WIB5QbirhtOAYQO4sGqfqObMA&#8221; url_new_window=&#8221;on&#8221; button_text=&#8221;Jaitsi kartela&#8221; button_alignment=&#8221;center&#8221; module_class=&#8221;anchor&#8221; _builder_version=&#8221;4.15.1&#8243; _module_preset=&#8221;default&#8221; custom_button=&#8221;on&#8221; button_text_size=&#8221;18px&#8221; button_text_color=&#8221;#00a55a&#8221; button_bg_color=&#8221;#ffffff&#8221; button_border_width=&#8221;1px&#8221; button_border_color=&#8221;#00a55a&#8221; button_border_radius=&#8221;50px&#8221; button_font=&#8221;||||||||&#8221; button_icon=&#8221;&#x24;||divi||400&#8243; button_icon_color=&#8221;#00a55a&#8221; transform_origin=&#8221;0%|50%&#8221; custom_margin=&#8221;|4px|||false|false&#8221; custom_padding=&#8221;8px|30px|8px||false|false&#8221; button_border_color_last_edited=&#8221;off|desktop&#8221; button_font_tablet=&#8221;&#8221; button_font_phone=&#8221;&#8221; button_font_last_edited=&#8221;on|desktop&#8221; custom_css_main_element=&#8221;line-height:22px!important;||min-width: 120px;&#8221; locked=&#8221;off&#8221; global_colors_info=&#8221;{}&#8221; button_bg_color__hover_enabled=&#8221;on|hover&#8221; button_bg_color__hover=&#8221;rgba(0,0,0,0)&#8221; button_bg_enable_color__hover=&#8221;on&#8221; button_border_width__hover_enabled=&#8221;on|hover&#8221; button_border_width__hover=&#8221;1px&#8221; button_border_color__hover_enabled=&#8221;on|desktop&#8221; button_border_color__hover=&#8221;#00a55a&#8221; button_letter_spacing__hover=&#8221;1px&#8221; button_letter_spacing__hover_enabled=&#8221;on|hover&#8221; button_text_color__hover_enabled=&#8221;on|hover&#8221; button_text_color__hover=&#8221;#00a55a&#8221; custom_margin__hover_enabled=&#8221;on|hover&#8221; custom_css_main_element__hover_enabled=&#8221;on|hover&#8221; custom_css_main_element__hover=&#8221;font-weight:600;&#8221; custom_margin__hover=&#8221;|4px|||false|false&#8221;][\/et_pb_button][\/et_pb_column][et_pb_column type=&#8221;2_3&#8243; _builder_version=&#8221;4.15&#8243; _module_preset=&#8221;default&#8221; global_colors_info=&#8221;{}&#8221;][et_pb_text _builder_version=&#8221;4.15.1&#8243; _module_preset=&#8221;default&#8221; custom_margin=&#8221;-1px|||||&#8221; global_colors_info=&#8221;{}&#8221;]<\/p>\n<div id=\"c15061\" class=\"frame default\">\n<h2 class=\"\"><\/h2>\n<\/div>\n<div id=\"c15069\" class=\"frame default\">\n<p><strong>Bizkaiko eleizak zure ekarpena bikoiztera bultzatzen zaitu<\/strong><\/p>\n<p>Gaur egungo gizarte egoerak, non biztanleriaren sektore ahulenak pandemia eta krisiaren, Europako gerraren, errefuxiatuen, etorkinen&#8230; ondorioak jasaten dabezan, sekula baino alkartasun handiagoa erakustera eta ahaleginak batzera eroan behar gaitu nahitaez.<\/p>\n<p>Bizkaiko Eleizak Errentaren autorpenean, ondorengo laukian X ahaztu barik markatu daizula eskatzen deutsu:<strong>\u00a0C) Eleiza Katolikoari diruz eusteari eta beste hainbat gizarte helbururi lagundu<\/strong>\u00a0holan gizarte eta alkartasun ekintzetara %0,7a ez ezik %1,4a emon ahal izateko.<\/p>\n<p><strong>Zeuk erabagi daikezu zenbat diru zuzendu gura dozun gizarte eta alkartasun ekintzetara<\/strong><\/p>\n<p>Bizkaian, gitxik erabilten dau C) laukia, ekarpen bikoitza (%1,4a, %0,7aren ordez) egiteko aukera emoten dauana eta, ostera askoz gehiagok egiten deutso ekarpena Eleizari bakarrik (%0,7) edo beste hainbat gizarte helburutara bakarrik (%0,7). Diru-kopuru handi bat Eleizari, Caritasi eta beste hainbat gizarte helbururi emoteko aukera alperrik galtzen da. Seguruenik, kasu askotan, ekarpena bikoizteko aukeraren barri ez izateagaitik.<\/p>\n<p>Laukiak Xaz markatu barik izten badozuz zein helburu bakarra aukeratzen badozu, diru hori Estatuaren Aurrekontu Orokorretan geratzen da gizarte edo alkartasun helburu jakin baten erabili barik.<\/p>\n<\/div>\n<div id=\"c15063\" class=\"frame default\">\n<div class=\"row\">\n<div class=\"col-md-pull-6 col-md-6\">\n<p><strong>Emoten dozunak ez dau kosturik zuretzat<\/strong><strong>.<\/strong><\/p>\n<p>Zerga izendapenak ez dau plusik edo ordainketa\u00a0 gehigarririk eragiten zuretzat. Zure zergen zati bat nora zuzendu erabagitzen dozu. Ez dau kosturik zuretzat, baina Eleizari, Caritasi eta beste hainbat gizarte eta alkartasun erakunderi diru gehiago zuzendu behar jakola erabagitzeko aukera dozu.<\/p>\n<\/div>\n<\/div>\n<\/div>\n<p>[\/et_pb_text][et_pb_button button_url=&#8221;https:\/\/diocesisdebilbao-my.sharepoint.com\/:b:\/g\/personal\/webbizkeliza_bizkeliza_org\/ER1u8_YePB9GtLmf70fvO58BxHbLIX14aAvACvzpzoJCnw&#8221; url_new_window=&#8221;on&#8221; button_text=&#8221;Zure laguntza bikoizten dauan X&#8221; button_alignment=&#8221;center&#8221; module_class=&#8221;anchor&#8221; _builder_version=&#8221;4.15.1&#8243; _module_preset=&#8221;default&#8221; custom_button=&#8221;on&#8221; button_text_size=&#8221;18px&#8221; button_text_color=&#8221;#00a55a&#8221; button_bg_color=&#8221;#ffffff&#8221; button_border_width=&#8221;1px&#8221; button_border_color=&#8221;#00a55a&#8221; button_border_radius=&#8221;50px&#8221; button_font=&#8221;||||||||&#8221; button_icon=&#8221;&#x24;||divi||400&#8243; button_icon_color=&#8221;#00a55a&#8221; transform_origin=&#8221;0%|50%&#8221; custom_margin=&#8221;|4px|||false|false&#8221; custom_padding=&#8221;8px|30px|8px||false|false&#8221; button_border_color_last_edited=&#8221;off|desktop&#8221; button_font_tablet=&#8221;&#8221; button_font_phone=&#8221;&#8221; button_font_last_edited=&#8221;on|desktop&#8221; custom_css_main_element=&#8221;line-height:22px!important;||min-width: 120px;&#8221; locked=&#8221;off&#8221; global_colors_info=&#8221;{}&#8221; button_bg_color__hover_enabled=&#8221;on|hover&#8221; button_bg_color__hover=&#8221;rgba(0,0,0,0)&#8221; button_bg_enable_color__hover=&#8221;on&#8221; button_border_width__hover_enabled=&#8221;on|hover&#8221; button_border_width__hover=&#8221;1px&#8221; button_border_color__hover_enabled=&#8221;on|desktop&#8221; button_border_color__hover=&#8221;#00a55a&#8221; button_letter_spacing__hover=&#8221;1px&#8221; button_letter_spacing__hover_enabled=&#8221;on|hover&#8221; button_text_color__hover_enabled=&#8221;on|hover&#8221; button_text_color__hover=&#8221;#00a55a&#8221; custom_margin__hover_enabled=&#8221;on|hover&#8221; custom_css_main_element__hover_enabled=&#8221;on|hover&#8221; custom_css_main_element__hover=&#8221;font-weight:600;&#8221; custom_margin__hover=&#8221;|4px|||false|false&#8221;][\/et_pb_button][\/et_pb_column][\/et_pb_row][et_pb_row column_structure=&#8221;1_3,1_3,1_3&#8243; _builder_version=&#8221;4.15.1&#8243; _module_preset=&#8221;default&#8221; global_colors_info=&#8221;{}&#8221;][et_pb_column type=&#8221;1_3&#8243; _builder_version=&#8221;4.15.1&#8243; _module_preset=&#8221;default&#8221; global_colors_info=&#8221;{}&#8221;][et_pb_text _builder_version=&#8221;4.15.1&#8243; _module_preset=&#8221;default&#8221; global_colors_info=&#8221;{}&#8221;]<\/p>\n<h2 style=\"text-align: center;\">Bardin kostetan jatzu eta dana emoten dozu<\/h2>\n<p>[\/et_pb_text][et_pb_divider color=&#8221;gcid-fb577a64-11ab-453a-8e1b-3e5028664c9f&#8221; divider_position=&#8221;center&#8221; _builder_version=&#8221;4.15&#8243; _module_preset=&#8221;default&#8221; global_colors_info=&#8221;{%22gcid-fb577a64-11ab-453a-8e1b-3e5028664c9f%22:%91%22color%22%93}&#8221;][\/et_pb_divider][et_pb_button button_url=&#8221;https:\/\/diocesisdebilbao-my.sharepoint.com\/:b:\/g\/personal\/webbizkeliza_bizkeliza_org\/EYv_-zrtxUJJiFrlNb4py4IBieBTIY2YZq97FcS3iTmNeQ&#8221; url_new_window=&#8221;on&#8221; button_text=&#8221;Jaitsi&#8221; module_class=&#8221;anchor&#8221; _builder_version=&#8221;4.15.1&#8243; _module_preset=&#8221;default&#8221; custom_button=&#8221;on&#8221; button_text_size=&#8221;18px&#8221; button_text_color=&#8221;#00a55a&#8221; button_bg_color=&#8221;#ffffff&#8221; button_border_width=&#8221;1px&#8221; button_border_color=&#8221;#00a55a&#8221; button_border_radius=&#8221;50px&#8221; button_font=&#8221;||||||||&#8221; button_icon=&#8221;&#x24;||divi||400&#8243; button_icon_color=&#8221;#00a55a&#8221; transform_origin=&#8221;0%|50%&#8221; custom_margin=&#8221;|4px|||false|false&#8221; custom_padding=&#8221;8px|30px|8px||false|false&#8221; button_border_color_last_edited=&#8221;off|desktop&#8221; button_font_tablet=&#8221;&#8221; button_font_phone=&#8221;&#8221; button_font_last_edited=&#8221;on|desktop&#8221; custom_css_main_element=&#8221;line-height:22px!important;||min-width: 120px;&#8221; locked=&#8221;off&#8221; global_colors_info=&#8221;{}&#8221; button_bg_color__hover_enabled=&#8221;on|hover&#8221; button_bg_color__hover=&#8221;rgba(0,0,0,0)&#8221; button_bg_enable_color__hover=&#8221;on&#8221; button_border_width__hover_enabled=&#8221;on|hover&#8221; button_border_width__hover=&#8221;1px&#8221; button_border_color__hover_enabled=&#8221;on|desktop&#8221; button_border_color__hover=&#8221;#00a55a&#8221; button_letter_spacing__hover=&#8221;1px&#8221; button_letter_spacing__hover_enabled=&#8221;on|hover&#8221; button_text_color__hover_enabled=&#8221;on|hover&#8221; button_text_color__hover=&#8221;#00a55a&#8221; custom_margin__hover_enabled=&#8221;on|hover&#8221; custom_css_main_element__hover_enabled=&#8221;on|hover&#8221; custom_css_main_element__hover=&#8221;font-weight:600;&#8221; custom_margin__hover=&#8221;|4px|||false|false&#8221;][\/et_pb_button][\/et_pb_column][et_pb_column type=&#8221;1_3&#8243; _builder_version=&#8221;4.15.1&#8243; _module_preset=&#8221;default&#8221; global_colors_info=&#8221;{}&#8221;][et_pb_text _builder_version=&#8221;4.15.1&#8243; _module_preset=&#8221;default&#8221; header_font_size=&#8221;44px&#8221; header_line_height=&#8221;1.2em&#8221; header_4_font=&#8221;|700|||||||&#8221; header_3_font_size_tablet=&#8221;&#8221; header_3_font_size_phone=&#8221;22px&#8221; header_3_font_size_last_edited=&#8221;on|phone&#8221; header_4_font_size_tablet=&#8221;&#8221; header_4_font_size_phone=&#8221;18px&#8221; header_4_font_size_last_edited=&#8221;on|desktop&#8221; global_colors_info=&#8221;{}&#8221;]<strong>Markatu c) laukia<br \/>\n<\/strong>Ez onartu murrizketarik zure ekarpen solidarioian.[\/et_pb_text][et_pb_text _builder_version=&#8221;4.15.1&#8243; _module_preset=&#8221;default&#8221; header_font_size=&#8221;44px&#8221; header_line_height=&#8221;1.2em&#8221; header_4_font=&#8221;|700|||||||&#8221; header_3_font_size_tablet=&#8221;&#8221; header_3_font_size_phone=&#8221;22px&#8221; header_3_font_size_last_edited=&#8221;on|phone&#8221; header_4_font_size_tablet=&#8221;&#8221; header_4_font_size_phone=&#8221;18px&#8221; header_4_font_size_last_edited=&#8221;on|desktop&#8221; global_colors_info=&#8221;{}&#8221;]<strong>Bikoiztu laguntza<br \/>\n<\/strong>Bakarrik lauki bat markatu daikezu. Ekarpen solidario bakotxa %0,7 da. C) laukiak %1,4 batzen dau.[\/et_pb_text][et_pb_text _builder_version=&#8221;4.15.1&#8243; _module_preset=&#8221;default&#8221; header_font_size=&#8221;44px&#8221; header_line_height=&#8221;1.2em&#8221; header_4_font=&#8221;|700|||||||&#8221; header_3_font_size_tablet=&#8221;&#8221; header_3_font_size_phone=&#8221;22px&#8221; header_3_font_size_last_edited=&#8221;on|phone&#8221; header_4_font_size_tablet=&#8221;&#8221; header_4_font_size_phone=&#8221;18px&#8221; header_4_font_size_last_edited=&#8221;on|desktop&#8221; global_colors_info=&#8221;{}&#8221;]<strong>Bardin kostetan jatzu eta dana emoten dozu<br \/>\n<\/strong>Izendapen solidarioa ez da ez gehigarria, ezta aparteko ekarpena be. Ordaindu behar dozuzan zergen barruan dago.[\/et_pb_text][\/et_pb_column][et_pb_column type=&#8221;1_3&#8243; _builder_version=&#8221;4.15.1&#8243; _module_preset=&#8221;default&#8221; global_colors_info=&#8221;{}&#8221;][et_pb_text _builder_version=&#8221;4.15.1&#8243; _module_preset=&#8221;default&#8221; header_font_size=&#8221;44px&#8221; header_line_height=&#8221;1.2em&#8221; header_4_font=&#8221;|700|||||||&#8221; header_3_font_size_tablet=&#8221;&#8221; header_3_font_size_phone=&#8221;22px&#8221; header_3_font_size_last_edited=&#8221;on|phone&#8221; header_4_font_size_tablet=&#8221;&#8221; header_4_font_size_phone=&#8221;18px&#8221; header_4_font_size_last_edited=&#8221;on|desktop&#8221; global_colors_info=&#8221;{}&#8221;]<strong>Konpromiso bikoitza da<br \/>\n<\/strong>Gaurko gizarte egoeran (krisia, pandemia, gerra, etorkinak), ahulezian dagoan lagun askok behar dau eleizaren, caritasen eta beste hainbat gkeren laguntasuna.[\/et_pb_text][et_pb_text _builder_version=&#8221;4.15.1&#8243; _module_preset=&#8221;default&#8221; header_font_size=&#8221;44px&#8221; header_line_height=&#8221;1.2em&#8221; header_4_font=&#8221;|700|||||||&#8221; header_3_font_size_tablet=&#8221;&#8221; header_3_font_size_phone=&#8221;22px&#8221; header_3_font_size_last_edited=&#8221;on|phone&#8221; header_4_font_size_tablet=&#8221;&#8221; header_4_font_size_phone=&#8221;18px&#8221; header_4_font_size_last_edited=&#8221;on|desktop&#8221; global_colors_info=&#8221;{}&#8221;]<strong>Laukirik markatu ezik<br \/>\n<\/strong>Ogasunak estatuaren aurrekontu orokorretako beste partida batzuetara zuzenduko dau dagokion diru-kopurua eta ez nahitaez helburu solidario batera.[\/et_pb_text][\/et_pb_column][\/et_pb_row][\/et_pb_section]<\/p>\n","protected":false},"excerpt":{"rendered":"<p>Zure laguntza bikoizten dauan XInfo &amp; Kontakto Gerencia-Econom\u00eda: Jos\u00e9 Mar\u00eda Ziarrusta Abasolo Tel.:\u00a094 466 79 62 E-mail: jmziarrusta@bizkeliza.org Direcci\u00f3n: Virgen de Bego\u00f1a 38. 48006 Bilbao#somosIglesia24sieteEl viaje de la X Bizkaiko eleizak zure ekarpena bikoiztera bultzatzen zaitu Gaur egungo gizarte egoerak, non biztanleriaren sektore ahulenak pandemia eta krisiaren, Europako gerraren, errefuxiatuen, etorkinen&#8230; ondorioak jasaten dabezan, sekula [&hellip;]<\/p>\n","protected":false},"author":2,"featured_media":0,"parent":12446,"menu_order":0,"comment_status":"closed","ping_status":"closed","template":"","meta":{"_acf_changed":false,"_et_pb_use_builder":"on","_et_pb_old_content":"","_et_gb_content_width":"","footnotes":""},"class_list":["post-12452","page","type-page","status-publish","hentry"],"acf":[],"yoast_head":"<!-- This site is optimized with the Yoast SEO Premium plugin v27.2 (Yoast SEO v27.2) - https:\/\/yoast.com\/product\/yoast-seo-premium-wordpress\/ -->\n<title>Xa, Eleizaren alde - Bilboko Elizbarrutia - Di\u00f3cesis de Bilbao<\/title>\n<meta name=\"robots\" content=\"index, follow, max-snippet:-1, max-image-preview:large, max-video-preview:-1\" \/>\n<link rel=\"canonical\" href=\"https:\/\/bizkeliza.org\/eu\/ebanjelizazinoa\/ekonomia\/xa-eleizaren-alde\/\" \/>\n<meta property=\"og:locale\" content=\"eu_ES\" \/>\n<meta property=\"og:type\" content=\"article\" \/>\n<meta property=\"og:title\" content=\"Xa, Eleizaren alde\" \/>\n<meta property=\"og:description\" content=\"Zure laguntza bikoizten dauan XInfo &amp; Kontakto Gerencia-Econom\u00eda: Jos\u00e9 Mar\u00eda Ziarrusta Abasolo Tel.:\u00a094 466 79 62 E-mail: jmziarrusta@bizkeliza.org Direcci\u00f3n: Virgen de Bego\u00f1a 38. 48006 Bilbao#somosIglesia24sieteEl viaje de la X Bizkaiko eleizak zure ekarpena bikoiztera bultzatzen zaitu Gaur egungo gizarte egoerak, non biztanleriaren sektore ahulenak pandemia eta krisiaren, Europako gerraren, errefuxiatuen, etorkinen... ondorioak jasaten dabezan, sekula [&hellip;]\" \/>\n<meta property=\"og:url\" content=\"https:\/\/bizkeliza.org\/eu\/ebanjelizazinoa\/ekonomia\/xa-eleizaren-alde\/\" \/>\n<meta property=\"og:site_name\" content=\"Bilboko Elizbarrutia - Di\u00f3cesis de Bilbao\" \/>\n<meta property=\"article:publisher\" content=\"https:\/\/www.facebook.com\/DiocesisBilbao\/\" \/>\n<meta property=\"article:modified_time\" content=\"2022-04-22T11:27:09+00:00\" \/>\n<meta property=\"og:image\" content=\"https:\/\/bizkeliza.org\/wp-content\/uploads\/2024\/01\/logoobispado2025.jpg\" \/>\n\t<meta property=\"og:image:width\" content=\"1399\" \/>\n\t<meta property=\"og:image:height\" content=\"495\" \/>\n\t<meta property=\"og:image:type\" content=\"image\/jpeg\" \/>\n<meta name=\"twitter:card\" content=\"summary_large_image\" \/>\n<meta name=\"twitter:site\" content=\"@DiocesisBilbao\" \/>\n<script type=\"application\/ld+json\" class=\"yoast-schema-graph\">{\"@context\":\"https:\/\/schema.org\",\"@graph\":[{\"@type\":\"WebPage\",\"@id\":\"https:\/\/bizkeliza.org\/eu\/ebanjelizazinoa\/ekonomia\/xa-eleizaren-alde\/\",\"url\":\"https:\/\/bizkeliza.org\/eu\/ebanjelizazinoa\/ekonomia\/xa-eleizaren-alde\/\",\"name\":\"Xa, Eleizaren alde - Bilboko Elizbarrutia - Di\u00f3cesis de Bilbao\",\"isPartOf\":{\"@id\":\"https:\/\/bizkeliza.org\/eu\/#website\"},\"datePublished\":\"2021-10-28T07:31:31+00:00\",\"dateModified\":\"2022-04-22T11:27:09+00:00\",\"breadcrumb\":{\"@id\":\"https:\/\/bizkeliza.org\/eu\/ebanjelizazinoa\/ekonomia\/xa-eleizaren-alde\/#breadcrumb\"},\"inLanguage\":\"eu-ES\",\"potentialAction\":[{\"@type\":\"ReadAction\",\"target\":[\"https:\/\/bizkeliza.org\/eu\/ebanjelizazinoa\/ekonomia\/xa-eleizaren-alde\/\"]}]},{\"@type\":\"BreadcrumbList\",\"@id\":\"https:\/\/bizkeliza.org\/eu\/ebanjelizazinoa\/ekonomia\/xa-eleizaren-alde\/#breadcrumb\",\"itemListElement\":[{\"@type\":\"ListItem\",\"position\":1,\"name\":\"Portada\",\"item\":\"https:\/\/bizkeliza.org\/eu\/\"},{\"@type\":\"ListItem\",\"position\":2,\"name\":\"Ebanjelizazinoa\",\"item\":\"https:\/\/bizkeliza.org\/eu\/evangelizacion\/\"},{\"@type\":\"ListItem\",\"position\":3,\"name\":\"Ekonomia\",\"item\":\"https:\/\/bizkeliza.org\/eu\/evangelizacion\/economia\/\"},{\"@type\":\"ListItem\",\"position\":4,\"name\":\"Xa, Eleizaren alde\"}]},{\"@type\":\"WebSite\",\"@id\":\"https:\/\/bizkeliza.org\/eu\/#website\",\"url\":\"https:\/\/bizkeliza.org\/eu\/\",\"name\":\"Bilboko Elizbarrutia - Di\u00f3cesis de Bilbao\",\"description\":\"Di\u00f3cesis de Bilbao\",\"publisher\":{\"@id\":\"https:\/\/bizkeliza.org\/eu\/#organization\"},\"alternateName\":\"Di\u00f3cesis de Bilbao\",\"potentialAction\":[{\"@type\":\"SearchAction\",\"target\":{\"@type\":\"EntryPoint\",\"urlTemplate\":\"https:\/\/bizkeliza.org\/eu\/?s={search_term_string}\"},\"query-input\":{\"@type\":\"PropertyValueSpecification\",\"valueRequired\":true,\"valueName\":\"search_term_string\"}}],\"inLanguage\":\"eu-ES\"},{\"@type\":\"Organization\",\"@id\":\"https:\/\/bizkeliza.org\/eu\/#organization\",\"name\":\"Di\u00f3cesis de Bilbao\",\"alternateName\":\"Di\u00f3cesis de Bilbao\",\"url\":\"https:\/\/bizkeliza.org\/eu\/\",\"logo\":{\"@type\":\"ImageObject\",\"inLanguage\":\"eu-ES\",\"@id\":\"https:\/\/bizkeliza.org\/eu\/#\/schema\/logo\/image\/\",\"url\":\"https:\/\/bizkeliza.org\/wp-content\/uploads\/2022\/06\/Logo-nuevo_2024-1-scaled.jpg\",\"contentUrl\":\"https:\/\/bizkeliza.org\/wp-content\/uploads\/2022\/06\/Logo-nuevo_2024-1-scaled.jpg\",\"width\":2560,\"height\":1024,\"caption\":\"Di\u00f3cesis de Bilbao\"},\"image\":{\"@id\":\"https:\/\/bizkeliza.org\/eu\/#\/schema\/logo\/image\/\"},\"sameAs\":[\"https:\/\/www.facebook.com\/DiocesisBilbao\/\",\"https:\/\/x.com\/DiocesisBilbao\",\"https:\/\/www.instagram.com\/obispadobilbao\/\",\"https:\/\/www.youtube.com\/user\/bilbokoelizbarrutia\"],\"description\":\"Iglesia local de Bilbao perteneciente a la Iglesia Cat\u00f3lica\"}]}<\/script>\n<!-- \/ Yoast SEO Premium plugin. -->","yoast_head_json":{"title":"Xa, Eleizaren alde - Bilboko Elizbarrutia - Di\u00f3cesis de Bilbao","robots":{"index":"index","follow":"follow","max-snippet":"max-snippet:-1","max-image-preview":"max-image-preview:large","max-video-preview":"max-video-preview:-1"},"canonical":"https:\/\/bizkeliza.org\/eu\/ebanjelizazinoa\/ekonomia\/xa-eleizaren-alde\/","og_locale":"eu_ES","og_type":"article","og_title":"Xa, Eleizaren alde","og_description":"Zure laguntza bikoizten dauan XInfo &amp; Kontakto Gerencia-Econom\u00eda: Jos\u00e9 Mar\u00eda Ziarrusta Abasolo Tel.:\u00a094 466 79 62 E-mail: jmziarrusta@bizkeliza.org Direcci\u00f3n: Virgen de Bego\u00f1a 38. 48006 Bilbao#somosIglesia24sieteEl viaje de la X Bizkaiko eleizak zure ekarpena bikoiztera bultzatzen zaitu Gaur egungo gizarte egoerak, non biztanleriaren sektore ahulenak pandemia eta krisiaren, Europako gerraren, errefuxiatuen, etorkinen... ondorioak jasaten dabezan, sekula [&hellip;]","og_url":"https:\/\/bizkeliza.org\/eu\/ebanjelizazinoa\/ekonomia\/xa-eleizaren-alde\/","og_site_name":"Bilboko Elizbarrutia - Di\u00f3cesis de Bilbao","article_publisher":"https:\/\/www.facebook.com\/DiocesisBilbao\/","article_modified_time":"2022-04-22T11:27:09+00:00","og_image":[{"width":1399,"height":495,"url":"https:\/\/bizkeliza.org\/wp-content\/uploads\/2024\/01\/logoobispado2025.jpg","type":"image\/jpeg"}],"twitter_card":"summary_large_image","twitter_site":"@DiocesisBilbao","schema":{"@context":"https:\/\/schema.org","@graph":[{"@type":"WebPage","@id":"https:\/\/bizkeliza.org\/eu\/ebanjelizazinoa\/ekonomia\/xa-eleizaren-alde\/","url":"https:\/\/bizkeliza.org\/eu\/ebanjelizazinoa\/ekonomia\/xa-eleizaren-alde\/","name":"Xa, Eleizaren alde - Bilboko Elizbarrutia - Di\u00f3cesis de Bilbao","isPartOf":{"@id":"https:\/\/bizkeliza.org\/eu\/#website"},"datePublished":"2021-10-28T07:31:31+00:00","dateModified":"2022-04-22T11:27:09+00:00","breadcrumb":{"@id":"https:\/\/bizkeliza.org\/eu\/ebanjelizazinoa\/ekonomia\/xa-eleizaren-alde\/#breadcrumb"},"inLanguage":"eu-ES","potentialAction":[{"@type":"ReadAction","target":["https:\/\/bizkeliza.org\/eu\/ebanjelizazinoa\/ekonomia\/xa-eleizaren-alde\/"]}]},{"@type":"BreadcrumbList","@id":"https:\/\/bizkeliza.org\/eu\/ebanjelizazinoa\/ekonomia\/xa-eleizaren-alde\/#breadcrumb","itemListElement":[{"@type":"ListItem","position":1,"name":"Portada","item":"https:\/\/bizkeliza.org\/eu\/"},{"@type":"ListItem","position":2,"name":"Ebanjelizazinoa","item":"https:\/\/bizkeliza.org\/eu\/evangelizacion\/"},{"@type":"ListItem","position":3,"name":"Ekonomia","item":"https:\/\/bizkeliza.org\/eu\/evangelizacion\/economia\/"},{"@type":"ListItem","position":4,"name":"Xa, Eleizaren alde"}]},{"@type":"WebSite","@id":"https:\/\/bizkeliza.org\/eu\/#website","url":"https:\/\/bizkeliza.org\/eu\/","name":"Bilboko Elizbarrutia - Di\u00f3cesis de Bilbao","description":"Di\u00f3cesis de Bilbao","publisher":{"@id":"https:\/\/bizkeliza.org\/eu\/#organization"},"alternateName":"Di\u00f3cesis de Bilbao","potentialAction":[{"@type":"SearchAction","target":{"@type":"EntryPoint","urlTemplate":"https:\/\/bizkeliza.org\/eu\/?s={search_term_string}"},"query-input":{"@type":"PropertyValueSpecification","valueRequired":true,"valueName":"search_term_string"}}],"inLanguage":"eu-ES"},{"@type":"Organization","@id":"https:\/\/bizkeliza.org\/eu\/#organization","name":"Di\u00f3cesis de Bilbao","alternateName":"Di\u00f3cesis de Bilbao","url":"https:\/\/bizkeliza.org\/eu\/","logo":{"@type":"ImageObject","inLanguage":"eu-ES","@id":"https:\/\/bizkeliza.org\/eu\/#\/schema\/logo\/image\/","url":"https:\/\/bizkeliza.org\/wp-content\/uploads\/2022\/06\/Logo-nuevo_2024-1-scaled.jpg","contentUrl":"https:\/\/bizkeliza.org\/wp-content\/uploads\/2022\/06\/Logo-nuevo_2024-1-scaled.jpg","width":2560,"height":1024,"caption":"Di\u00f3cesis de Bilbao"},"image":{"@id":"https:\/\/bizkeliza.org\/eu\/#\/schema\/logo\/image\/"},"sameAs":["https:\/\/www.facebook.com\/DiocesisBilbao\/","https:\/\/x.com\/DiocesisBilbao","https:\/\/www.instagram.com\/obispadobilbao\/","https:\/\/www.youtube.com\/user\/bilbokoelizbarrutia"],"description":"Iglesia local de Bilbao perteneciente a la Iglesia Cat\u00f3lica"}]}},"_links":{"self":[{"href":"https:\/\/bizkeliza.org\/eu\/wp-json\/wp\/v2\/pages\/12452","targetHints":{"allow":["GET"]}}],"collection":[{"href":"https:\/\/bizkeliza.org\/eu\/wp-json\/wp\/v2\/pages"}],"about":[{"href":"https:\/\/bizkeliza.org\/eu\/wp-json\/wp\/v2\/types\/page"}],"author":[{"embeddable":true,"href":"https:\/\/bizkeliza.org\/eu\/wp-json\/wp\/v2\/users\/2"}],"replies":[{"embeddable":true,"href":"https:\/\/bizkeliza.org\/eu\/wp-json\/wp\/v2\/comments?post=12452"}],"version-history":[{"count":0,"href":"https:\/\/bizkeliza.org\/eu\/wp-json\/wp\/v2\/pages\/12452\/revisions"}],"up":[{"embeddable":true,"href":"https:\/\/bizkeliza.org\/eu\/wp-json\/wp\/v2\/pages\/12446"}],"wp:attachment":[{"href":"https:\/\/bizkeliza.org\/eu\/wp-json\/wp\/v2\/media?parent=12452"}],"curies":[{"name":"wp","href":"https:\/\/api.w.org\/{rel}","templated":true}]}}