{"id":12643,"date":"2021-05-27T12:46:33","date_gmt":"2021-05-27T10:46:33","guid":{"rendered":"https:\/\/boring-dhawan.137-117-168-183.plesk.page\/elizbarrutiko-gida\/elizbarrutiko-kontseiluak\/consejo-de-pastoral\/"},"modified":"2026-04-29T15:50:40","modified_gmt":"2026-04-29T13:50:40","slug":"kontseilu-pastorala","status":"publish","type":"page","link":"https:\/\/bizkeliza.org\/eu\/elizbarrutia\/elizbarrutiko-gida\/elizbarrutiko-kontseiluak\/kontseilu-pastorala\/","title":{"rendered":"Kontseilu Pastorala"},"content":{"rendered":"<p>[et_pb_section fb_built=&#8221;1&#8243; _builder_version=&#8221;4.16&#8243; _module_preset=&#8221;default&#8221; custom_padding=&#8221;||40px||false|false&#8221; global_colors_info=&#8221;{}&#8221;][et_pb_row column_structure=&#8221;1_3,2_3&#8243; _builder_version=&#8221;4.16&#8243; _module_preset=&#8221;default&#8221; global_colors_info=&#8221;{}&#8221;][et_pb_column type=&#8221;1_3&#8243; _builder_version=&#8221;4.16&#8243; _module_preset=&#8221;default&#8221; global_colors_info=&#8221;{}&#8221;][et_pb_text admin_label=&#8221;Text&#8221; _builder_version=&#8221;4.16&#8243; _module_preset=&#8221;default&#8221; header_font_size=&#8221;44px&#8221; header_line_height=&#8221;1.2em&#8221; header_4_font=&#8221;|700|||||||&#8221; custom_margin=&#8221;||||false|false&#8221; custom_padding=&#8221;||||false|false&#8221; header_font_size_tablet=&#8221;&#8221; header_font_size_phone=&#8221;34px&#8221; header_font_size_last_edited=&#8221;on|phone&#8221; header_3_font_size_tablet=&#8221;&#8221; header_3_font_size_phone=&#8221;22px&#8221; header_3_font_size_last_edited=&#8221;on|phone&#8221; header_4_font_size_tablet=&#8221;&#8221; header_4_font_size_phone=&#8221;18px&#8221; header_4_font_size_last_edited=&#8221;on|desktop&#8221; global_colors_info=&#8221;{}&#8221;]<\/p>\n<h1>Kontseilu Pastorala<\/h1>\n<p>[\/et_pb_text][\/et_pb_column][et_pb_column type=&#8221;2_3&#8243; _builder_version=&#8221;4.16&#8243; _module_preset=&#8221;default&#8221; global_colors_info=&#8221;{}&#8221;][et_pb_text _builder_version=&#8221;4.27.6&#8243; _module_preset=&#8221;default&#8221; custom_padding_tablet=&#8221;&#8221; custom_padding_phone=&#8221;||||false|false&#8221; custom_padding_last_edited=&#8221;on|desktop&#8221; hover_enabled=&#8221;0&#8243; global_colors_info=&#8221;{}&#8221; sticky_enabled=&#8221;0&#8243;]<\/p>\n<p class=\"p1\"><span class=\"s1\">Oharra.- Elizbarrutiko Gotzainari dagokio presidentetza Elizbarrutiko Kontseilu guztietan.<\/span><\/p>\n<p class=\"p1\"><span class=\"s1\">Elizbarrutiko pastoral inguruabarrak aintzat hartuta, Gotzainak Pastoral Kontseilua eratu dau pastoral jarduerak aztertzeko eta baloratzeko (511. k.)<\/span><\/p>\n<p class=\"p1\"><strong><span class=\"s1\">Presidente:<\/span><\/strong><\/p>\n<ul>\n<li><span class=\"s1\" style=\"color: #000000;\"><b><strong>Joseba Segura Etxezarraga <\/strong><\/b>Obispo<\/span><\/li>\n<\/ul>\n<p class=\"p1\"><strong><span class=\"s1\">Berezko kideak:<\/span><\/strong><\/p>\n<ul>\n<li><strong>Kerman L\u00f3pez Campo <br \/><\/strong>Vicario General<\/li>\n<li><strong>Fernando Marcos Ayj\u00f3n <br \/><\/strong>Vicario Territorial Vicar\u00edas III y VII<\/li>\n<li><strong>Sergio Buiza Alcorta <br \/><\/strong>Vicario Territorial Vicar\u00edas I<br \/><strong>\u00a0<\/strong>Vicario Territorial Vicar\u00edas II<\/li>\n<li><strong>Alex Alonso Gilsanz <br \/><\/strong>Vicario Territorial Vicar\u00edas IV<strong> <br \/><\/strong>Vicario Territorial Vicar\u00edas\u00a0 V<\/li>\n<li><strong>Inazio Fern\u00e1ndez M\u00e9ndez <br \/><\/strong>Vicario Territorial Vicar\u00eda VI<\/li>\n<li><strong>Jes\u00fas Llarena M\u00e1rmol<br \/><\/strong>Delegado de Liturgia<\/li>\n<li><strong>Clara Arza Zarate<br \/><\/strong>Delegada de Evangelizaci\u00f3n y Catequesis<\/li>\n<li><strong>Manuel Moreno Gil<br \/><\/strong>Delegado de Caridad y Justicia<\/li>\n<li><strong>Manuel Heredia<br \/><\/strong>Delegada de Misiones<\/li>\n<li><strong>F\u00e9lix Oronoz, Capuchino<br \/><\/strong>Presidente del Consejo de la Vida Consagrada<\/li>\n<li><strong>Carlos Olabarri Echevarria<br \/><\/strong>Director del Secretariado del Ministerio Ordenado<\/li>\n<li><strong>Carlos Bargos Cuc\u00f3<br \/><\/strong>Director del Secretariado del Laicado<\/li>\n<li><strong>Luis Alberto Loyo Mart\u00edn <br \/><\/strong>Vicepresidente del Consejo del Presbiterio<\/li>\n<\/ul>\n<p class=\"p1\"><strong><span class=\"s1\">Aukeratutako kideak:<\/span><\/strong><\/p>\n<ul>\n<li class=\"p1\"><strong>Eloisa Larrea Bastida<br \/><\/strong>Movimientos de Acci\u00f3n Cat\u00f3lica<\/li>\n<li class=\"p1\"><strong>Elena Unzueta Torre<br \/><\/strong>C\u00e1ritas Diocesana<\/li>\n<li class=\"p1\"><strong>Javier Onaindia Kareaga <br \/><\/strong>Mesa Entidades Culturales<\/li>\n<li class=\"p1\"><strong>Juan Jos\u00e9 Brunet Guti\u00e9rrez <br \/><\/strong>Confer. Evangelizaci\u00f3n y liturgia<\/li>\n<li class=\"p1\"><strong>P. Juan Luis de Le\u00f3n Az\u00e1rate, S.J. <br \/><\/strong>Fac Teolog\u00eda Univ Deusto<\/li>\n<li class=\"p1\"><strong>Lourdes Crespo <br \/><\/strong>Confer. Caridad y Justicia<\/li>\n<li class=\"p1\"><strong>Alazne C\u00e1mara Carrillo <br \/><\/strong>Profesorado de Religi\u00f3n de la p\u00fablica<\/li>\n<li class=\"p1\"><strong>Javier Diago Elordui<br \/><\/strong>Laicado Asoc. Car\u00e1cter oracional-devocional<\/li>\n<li class=\"p1\"><strong>Jos\u00e9 Maria Calvo <br \/><\/strong>Kristau Eskola Equipo de desarrollo sector Bilbao<\/li>\n<li class=\"p1\"><strong>Alejandro Vetrano Burtin <br \/><\/strong>Laicado Asoc. Formaci\u00f3n, Fe Y compromiso<\/li>\n<li class=\"p1\"><strong>Tomy Rodriguez Paniagua<\/strong> <br \/>Laicado Asoc. Formaci\u00f3n, Fe Y compromiso<\/li>\n<li class=\"p1\"><strong>Igor Irigoyen Fuentes <br \/><\/strong>Laicado Entidades Sociales de Iglesia<\/li>\n<li class=\"p1\"><strong>Alberto Ja\u00edmez Ortega <br \/><\/strong>Diaconado permanente<\/li>\n<li class=\"p1\"><strong>Urbano Pereda Arreba <br \/><\/strong>Laicado Vic VII. Evangelizaci\u00f3n y catequesis<\/li>\n<li class=\"p1\"><strong>Idoia Rodriguez Goikoetxea <br \/><\/strong>Laicado Vic III. Caridad y Justicia<\/li>\n<li class=\"p1\"><strong>Carlos Garcia de Andoin<br \/><\/strong>IDTP<\/li>\n<li class=\"p1\"><strong>Xabier Gal\u00e1n <br \/><\/strong>Centros Diocesanos EBI Elizbarrutiko Ikastetxeak<\/li>\n<li class=\"p1\"><strong>Mari Nieves Escobal Capetillo <br \/><\/strong>Laicado Vic II. Evangelizaci\u00f3n y catequesis<\/li>\n<li class=\"p1\"><strong>Kati San Pedro Ibarra<br \/><\/strong>Laicado II Caridad y Justicia<\/li>\n<li class=\"p1\"><strong>Mila Dominguez Vazquez <br \/><\/strong>Laicado Vic VII. Caridad y Justicia<\/li>\n<li class=\"p1\"><strong>Maite Morezuelas Oseguera <br \/><\/strong>Laicado Vic III. Evangelizaci\u00f3n y catequesis<\/li>\n<li class=\"p1\"><strong>Gorka Campos S\u00e1ez de la Fuente <br \/><\/strong>Seminario Diocesano<\/li>\n<li class=\"p1\"><strong>Loli Asua Barratita <br \/><\/strong>Consejo de Comunidades<\/li>\n<li class=\"p1\"><strong>Fredy Mart\u00ednez Varela <br \/><\/strong>Caridad y Justicia Vic I<\/li>\n<li class=\"p1\"><strong>Karmele Tubilla Artetxe<br \/><\/strong>Anuncio, Catequesis y Liturgia Vic I<\/li>\n<li class=\"p1\"><strong>Jose Maria Arieta-Araunabe\u00f1a Bustinza <br \/><\/strong>Presbiterio Vic I &#8211; II<\/li>\n<li class=\"p1\"><strong>P.Juan Carlos Ayesta Vicandi, OCD <br \/><\/strong>Presbiterio Vic IV<\/li>\n<li class=\"p1\"><strong>N\u00e9stor Aras Grence <br \/><\/strong>Presbitero Vic III &#8211; VII<\/li>\n<li class=\"p1\"><strong>Javier Garai Amo<br \/><\/strong>Presbitero Vic VI<\/li>\n<li class=\"p1\"><strong>Amaia Olaeta Asolo <br \/><\/strong>Laicado Vic V. Evangelizaci\u00f3n y catequesis<\/li>\n<li class=\"p1\"><strong>Aintzane Mugica Mugica <br \/><\/strong>Laicado Vic V. Caridad y Justicia<\/li>\n<li class=\"p1\"><strong>Esther Crespo Paniagua <br \/><\/strong>Laicado Vic V. Evangelizaci\u00f3n y catequesis<\/li>\n<li class=\"p1\"><strong>Mari Puy Inzunza<br \/><\/strong>Laicado Vic V. Caridad y Justicia<\/li>\n<li class=\"p1\"><strong>Paola Dapena Montes <br \/><\/strong>Laicado Vic VI Caridad y Justicia<\/li>\n<li class=\"p1\"><strong>Leyre Rodenas Santos <br \/><\/strong>Laicado Vic VI Evangelizaci\u00f3n y catequesis<\/li>\n<\/ul>\n<p class=\"p1\"><strong><span class=\"s1\">Gotzainak zuzenean izendatutakoak:<\/span><\/strong><\/p>\n<ul>\n<li class=\"p1\"><strong>Marije Calvo Migu\u00e9lez<\/strong><\/li>\n<li class=\"p1\"><strong>Alicia P\u00e9rez Bobadilla<\/strong><\/li>\n<li class=\"p1\"><strong>Isabel G\u00f3mez de Salazar Mar\u00edn<\/strong><\/li>\n<\/ul>\n<p class=\"p1\"><strong><span class=\"s1\">Mediaciones:<\/span><\/strong><\/p>\n<ul>\n<li class=\"p1\"><strong>Edith Ulloa Chev\u00e9z <\/strong>Sociales<\/li>\n<li class=\"p1\"><strong>Aitor Etxebarria Zamora <\/strong>Culturales<\/li>\n<li class=\"p1\"><strong>Elena Unzueta Torre <\/strong>Pol\u00edticas<\/li>\n<\/ul>\n<p>[\/et_pb_text][\/et_pb_column][\/et_pb_row][\/et_pb_section]<\/p>\n","protected":false},"excerpt":{"rendered":"<p>Kontseilu PastoralaOharra.- Elizbarrutiko Gotzainari dagokio presidentetza Elizbarrutiko Kontseilu guztietan. Elizbarrutiko pastoral inguruabarrak aintzat hartuta, Gotzainak Pastoral Kontseilua eratu dau pastoral jarduerak aztertzeko eta baloratzeko (511. k.) Presidente: Joseba Segura Etxezarraga Obispo Berezko kideak: Kerman L\u00f3pez Campo Vicario General Fernando Marcos Ayj\u00f3n Vicario Territorial Vicar\u00edas III y VII Sergio Buiza Alcorta Vicario Territorial Vicar\u00edas I\u00a0Vicario Territorial [&hellip;]<\/p>\n","protected":false},"author":1,"featured_media":0,"parent":12622,"menu_order":0,"comment_status":"closed","ping_status":"closed","template":"","meta":{"_acf_changed":false,"_et_pb_use_builder":"on","_et_pb_old_content":"","_et_gb_content_width":"","footnotes":""},"class_list":["post-12643","page","type-page","status-publish","hentry"],"acf":[],"yoast_head":"<!-- This site is optimized with the Yoast SEO Premium plugin v27.5 (Yoast SEO v27.5) - https:\/\/yoast.com\/product\/yoast-seo-premium-wordpress\/ -->\n<title>Kontseilu Pastorala - Bilboko Elizbarrutia - Di\u00f3cesis de Bilbao<\/title>\n<meta name=\"robots\" content=\"index, follow, max-snippet:-1, max-image-preview:large, max-video-preview:-1\" \/>\n<link rel=\"canonical\" href=\"https:\/\/bizkeliza.org\/eu\/elizbarrutia\/elizbarrutiko-gida\/elizbarrutiko-kontseiluak\/kontseilu-pastorala\/\" \/>\n<meta property=\"og:locale\" content=\"eu_ES\" \/>\n<meta property=\"og:type\" content=\"article\" \/>\n<meta property=\"og:title\" content=\"Kontseilu Pastorala\" \/>\n<meta property=\"og:description\" content=\"Kontseilu PastoralaOharra.- Elizbarrutiko Gotzainari dagokio presidentetza Elizbarrutiko Kontseilu guztietan. Elizbarrutiko pastoral inguruabarrak aintzat hartuta, Gotzainak Pastoral Kontseilua eratu dau pastoral jarduerak aztertzeko eta baloratzeko (511. k.) Presidente: Joseba Segura Etxezarraga Obispo Berezko kideak: Kerman L\u00f3pez Campo Vicario General Fernando Marcos Ayj\u00f3n Vicario Territorial Vicar\u00edas III y VII Sergio Buiza Alcorta Vicario Territorial Vicar\u00edas I\u00a0Vicario Territorial [&hellip;]\" \/>\n<meta property=\"og:url\" content=\"https:\/\/bizkeliza.org\/eu\/elizbarrutia\/elizbarrutiko-gida\/elizbarrutiko-kontseiluak\/kontseilu-pastorala\/\" \/>\n<meta property=\"og:site_name\" content=\"Bilboko Elizbarrutia - Di\u00f3cesis de Bilbao\" \/>\n<meta property=\"article:publisher\" content=\"https:\/\/www.facebook.com\/DiocesisBilbao\/\" \/>\n<meta property=\"article:modified_time\" content=\"2026-04-29T13:50:40+00:00\" \/>\n<meta property=\"og:image\" content=\"https:\/\/bizkeliza.org\/wp-content\/uploads\/2024\/01\/logoobispado2025.jpg\" \/>\n\t<meta property=\"og:image:width\" content=\"1399\" \/>\n\t<meta property=\"og:image:height\" content=\"495\" \/>\n\t<meta property=\"og:image:type\" content=\"image\/jpeg\" \/>\n<meta name=\"twitter:card\" content=\"summary_large_image\" \/>\n<meta name=\"twitter:site\" content=\"@DiocesisBilbao\" \/>\n<script type=\"application\/ld+json\" class=\"yoast-schema-graph\">{\"@context\":\"https:\\\/\\\/schema.org\",\"@graph\":[{\"@type\":\"WebPage\",\"@id\":\"https:\\\/\\\/bizkeliza.org\\\/eu\\\/elizbarrutia\\\/elizbarrutiko-gida\\\/elizbarrutiko-kontseiluak\\\/kontseilu-pastorala\\\/\",\"url\":\"https:\\\/\\\/bizkeliza.org\\\/eu\\\/elizbarrutia\\\/elizbarrutiko-gida\\\/elizbarrutiko-kontseiluak\\\/kontseilu-pastorala\\\/\",\"name\":\"Kontseilu Pastorala - Bilboko Elizbarrutia - Di\u00f3cesis de Bilbao\",\"isPartOf\":{\"@id\":\"https:\\\/\\\/bizkeliza.org\\\/eu\\\/#website\"},\"datePublished\":\"2021-05-27T10:46:33+00:00\",\"dateModified\":\"2026-04-29T13:50:40+00:00\",\"breadcrumb\":{\"@id\":\"https:\\\/\\\/bizkeliza.org\\\/eu\\\/elizbarrutia\\\/elizbarrutiko-gida\\\/elizbarrutiko-kontseiluak\\\/kontseilu-pastorala\\\/#breadcrumb\"},\"inLanguage\":\"eu-ES\",\"potentialAction\":[{\"@type\":\"ReadAction\",\"target\":[\"https:\\\/\\\/bizkeliza.org\\\/eu\\\/elizbarrutia\\\/elizbarrutiko-gida\\\/elizbarrutiko-kontseiluak\\\/kontseilu-pastorala\\\/\"]}]},{\"@type\":\"BreadcrumbList\",\"@id\":\"https:\\\/\\\/bizkeliza.org\\\/eu\\\/elizbarrutia\\\/elizbarrutiko-gida\\\/elizbarrutiko-kontseiluak\\\/kontseilu-pastorala\\\/#breadcrumb\",\"itemListElement\":[{\"@type\":\"ListItem\",\"position\":1,\"name\":\"Portada\",\"item\":\"https:\\\/\\\/bizkeliza.org\\\/eu\\\/\"},{\"@type\":\"ListItem\",\"position\":2,\"name\":\"Eleizbarrutia\",\"item\":\"https:\\\/\\\/bizkeliza.org\\\/eu\\\/diocesis\\\/\"},{\"@type\":\"ListItem\",\"position\":3,\"name\":\"Eleizbarrutiko Gida\",\"item\":\"https:\\\/\\\/bizkeliza.org\\\/eu\\\/diocesis\\\/guia-diocesana\\\/\"},{\"@type\":\"ListItem\",\"position\":4,\"name\":\"Eleizbarrutiko Kontseiluak\",\"item\":\"https:\\\/\\\/bizkeliza.org\\\/eu\\\/diocesis\\\/guia-diocesana\\\/consejos-diocesanos\\\/\"},{\"@type\":\"ListItem\",\"position\":5,\"name\":\"Kontseilu Pastorala\"}]},{\"@type\":\"WebSite\",\"@id\":\"https:\\\/\\\/bizkeliza.org\\\/eu\\\/#website\",\"url\":\"https:\\\/\\\/bizkeliza.org\\\/eu\\\/\",\"name\":\"Bilboko Elizbarrutia - Di\u00f3cesis de Bilbao\",\"description\":\"Di\u00f3cesis de Bilbao\",\"publisher\":{\"@id\":\"https:\\\/\\\/bizkeliza.org\\\/eu\\\/#organization\"},\"alternateName\":\"Di\u00f3cesis de Bilbao\",\"potentialAction\":[{\"@type\":\"SearchAction\",\"target\":{\"@type\":\"EntryPoint\",\"urlTemplate\":\"https:\\\/\\\/bizkeliza.org\\\/eu\\\/?s={search_term_string}\"},\"query-input\":{\"@type\":\"PropertyValueSpecification\",\"valueRequired\":true,\"valueName\":\"search_term_string\"}}],\"inLanguage\":\"eu-ES\"},{\"@type\":\"Organization\",\"@id\":\"https:\\\/\\\/bizkeliza.org\\\/eu\\\/#organization\",\"name\":\"Di\u00f3cesis de Bilbao\",\"alternateName\":\"Di\u00f3cesis de Bilbao\",\"url\":\"https:\\\/\\\/bizkeliza.org\\\/eu\\\/\",\"logo\":{\"@type\":\"ImageObject\",\"inLanguage\":\"eu-ES\",\"@id\":\"https:\\\/\\\/bizkeliza.org\\\/eu\\\/#\\\/schema\\\/logo\\\/image\\\/\",\"url\":\"https:\\\/\\\/bizkeliza.org\\\/wp-content\\\/uploads\\\/2022\\\/06\\\/Logo-nuevo_2024-1-scaled.jpg\",\"contentUrl\":\"https:\\\/\\\/bizkeliza.org\\\/wp-content\\\/uploads\\\/2022\\\/06\\\/Logo-nuevo_2024-1-scaled.jpg\",\"width\":2560,\"height\":1024,\"caption\":\"Di\u00f3cesis de Bilbao\"},\"image\":{\"@id\":\"https:\\\/\\\/bizkeliza.org\\\/eu\\\/#\\\/schema\\\/logo\\\/image\\\/\"},\"sameAs\":[\"https:\\\/\\\/www.facebook.com\\\/DiocesisBilbao\\\/\",\"https:\\\/\\\/x.com\\\/DiocesisBilbao\",\"https:\\\/\\\/www.instagram.com\\\/obispadobilbao\\\/\",\"https:\\\/\\\/www.youtube.com\\\/user\\\/bilbokoelizbarrutia\"],\"description\":\"Iglesia local de Bilbao perteneciente a la Iglesia Cat\u00f3lica\"}]}<\/script>\n<!-- \/ Yoast SEO Premium plugin. -->","yoast_head_json":{"title":"Kontseilu Pastorala - Bilboko Elizbarrutia - Di\u00f3cesis de Bilbao","robots":{"index":"index","follow":"follow","max-snippet":"max-snippet:-1","max-image-preview":"max-image-preview:large","max-video-preview":"max-video-preview:-1"},"canonical":"https:\/\/bizkeliza.org\/eu\/elizbarrutia\/elizbarrutiko-gida\/elizbarrutiko-kontseiluak\/kontseilu-pastorala\/","og_locale":"eu_ES","og_type":"article","og_title":"Kontseilu Pastorala","og_description":"Kontseilu PastoralaOharra.- Elizbarrutiko Gotzainari dagokio presidentetza Elizbarrutiko Kontseilu guztietan. Elizbarrutiko pastoral inguruabarrak aintzat hartuta, Gotzainak Pastoral Kontseilua eratu dau pastoral jarduerak aztertzeko eta baloratzeko (511. k.) Presidente: Joseba Segura Etxezarraga Obispo Berezko kideak: Kerman L\u00f3pez Campo Vicario General Fernando Marcos Ayj\u00f3n Vicario Territorial Vicar\u00edas III y VII Sergio Buiza Alcorta Vicario Territorial Vicar\u00edas I\u00a0Vicario Territorial [&hellip;]","og_url":"https:\/\/bizkeliza.org\/eu\/elizbarrutia\/elizbarrutiko-gida\/elizbarrutiko-kontseiluak\/kontseilu-pastorala\/","og_site_name":"Bilboko Elizbarrutia - Di\u00f3cesis de Bilbao","article_publisher":"https:\/\/www.facebook.com\/DiocesisBilbao\/","article_modified_time":"2026-04-29T13:50:40+00:00","og_image":[{"width":1399,"height":495,"url":"https:\/\/bizkeliza.org\/wp-content\/uploads\/2024\/01\/logoobispado2025.jpg","type":"image\/jpeg"}],"twitter_card":"summary_large_image","twitter_site":"@DiocesisBilbao","schema":{"@context":"https:\/\/schema.org","@graph":[{"@type":"WebPage","@id":"https:\/\/bizkeliza.org\/eu\/elizbarrutia\/elizbarrutiko-gida\/elizbarrutiko-kontseiluak\/kontseilu-pastorala\/","url":"https:\/\/bizkeliza.org\/eu\/elizbarrutia\/elizbarrutiko-gida\/elizbarrutiko-kontseiluak\/kontseilu-pastorala\/","name":"Kontseilu Pastorala - Bilboko Elizbarrutia - Di\u00f3cesis de Bilbao","isPartOf":{"@id":"https:\/\/bizkeliza.org\/eu\/#website"},"datePublished":"2021-05-27T10:46:33+00:00","dateModified":"2026-04-29T13:50:40+00:00","breadcrumb":{"@id":"https:\/\/bizkeliza.org\/eu\/elizbarrutia\/elizbarrutiko-gida\/elizbarrutiko-kontseiluak\/kontseilu-pastorala\/#breadcrumb"},"inLanguage":"eu-ES","potentialAction":[{"@type":"ReadAction","target":["https:\/\/bizkeliza.org\/eu\/elizbarrutia\/elizbarrutiko-gida\/elizbarrutiko-kontseiluak\/kontseilu-pastorala\/"]}]},{"@type":"BreadcrumbList","@id":"https:\/\/bizkeliza.org\/eu\/elizbarrutia\/elizbarrutiko-gida\/elizbarrutiko-kontseiluak\/kontseilu-pastorala\/#breadcrumb","itemListElement":[{"@type":"ListItem","position":1,"name":"Portada","item":"https:\/\/bizkeliza.org\/eu\/"},{"@type":"ListItem","position":2,"name":"Eleizbarrutia","item":"https:\/\/bizkeliza.org\/eu\/diocesis\/"},{"@type":"ListItem","position":3,"name":"Eleizbarrutiko Gida","item":"https:\/\/bizkeliza.org\/eu\/diocesis\/guia-diocesana\/"},{"@type":"ListItem","position":4,"name":"Eleizbarrutiko Kontseiluak","item":"https:\/\/bizkeliza.org\/eu\/diocesis\/guia-diocesana\/consejos-diocesanos\/"},{"@type":"ListItem","position":5,"name":"Kontseilu Pastorala"}]},{"@type":"WebSite","@id":"https:\/\/bizkeliza.org\/eu\/#website","url":"https:\/\/bizkeliza.org\/eu\/","name":"Bilboko Elizbarrutia - Di\u00f3cesis de Bilbao","description":"Di\u00f3cesis de Bilbao","publisher":{"@id":"https:\/\/bizkeliza.org\/eu\/#organization"},"alternateName":"Di\u00f3cesis de Bilbao","potentialAction":[{"@type":"SearchAction","target":{"@type":"EntryPoint","urlTemplate":"https:\/\/bizkeliza.org\/eu\/?s={search_term_string}"},"query-input":{"@type":"PropertyValueSpecification","valueRequired":true,"valueName":"search_term_string"}}],"inLanguage":"eu-ES"},{"@type":"Organization","@id":"https:\/\/bizkeliza.org\/eu\/#organization","name":"Di\u00f3cesis de Bilbao","alternateName":"Di\u00f3cesis de Bilbao","url":"https:\/\/bizkeliza.org\/eu\/","logo":{"@type":"ImageObject","inLanguage":"eu-ES","@id":"https:\/\/bizkeliza.org\/eu\/#\/schema\/logo\/image\/","url":"https:\/\/bizkeliza.org\/wp-content\/uploads\/2022\/06\/Logo-nuevo_2024-1-scaled.jpg","contentUrl":"https:\/\/bizkeliza.org\/wp-content\/uploads\/2022\/06\/Logo-nuevo_2024-1-scaled.jpg","width":2560,"height":1024,"caption":"Di\u00f3cesis de Bilbao"},"image":{"@id":"https:\/\/bizkeliza.org\/eu\/#\/schema\/logo\/image\/"},"sameAs":["https:\/\/www.facebook.com\/DiocesisBilbao\/","https:\/\/x.com\/DiocesisBilbao","https:\/\/www.instagram.com\/obispadobilbao\/","https:\/\/www.youtube.com\/user\/bilbokoelizbarrutia"],"description":"Iglesia local de Bilbao perteneciente a la Iglesia Cat\u00f3lica"}]}},"_links":{"self":[{"href":"https:\/\/bizkeliza.org\/eu\/wp-json\/wp\/v2\/pages\/12643","targetHints":{"allow":["GET"]}}],"collection":[{"href":"https:\/\/bizkeliza.org\/eu\/wp-json\/wp\/v2\/pages"}],"about":[{"href":"https:\/\/bizkeliza.org\/eu\/wp-json\/wp\/v2\/types\/page"}],"author":[{"embeddable":true,"href":"https:\/\/bizkeliza.org\/eu\/wp-json\/wp\/v2\/users\/1"}],"replies":[{"embeddable":true,"href":"https:\/\/bizkeliza.org\/eu\/wp-json\/wp\/v2\/comments?post=12643"}],"version-history":[{"count":34,"href":"https:\/\/bizkeliza.org\/eu\/wp-json\/wp\/v2\/pages\/12643\/revisions"}],"predecessor-version":[{"id":188561,"href":"https:\/\/bizkeliza.org\/eu\/wp-json\/wp\/v2\/pages\/12643\/revisions\/188561"}],"up":[{"embeddable":true,"href":"https:\/\/bizkeliza.org\/eu\/wp-json\/wp\/v2\/pages\/12622"}],"wp:attachment":[{"href":"https:\/\/bizkeliza.org\/eu\/wp-json\/wp\/v2\/media?parent=12643"}],"curies":[{"name":"wp","href":"https:\/\/api.w.org\/{rel}","templated":true}]}}