{"id":12657,"date":"2021-06-02T08:32:19","date_gmt":"2021-06-02T06:32:19","guid":{"rendered":"https:\/\/boring-dhawan.137-117-168-183.plesk.page\/elizbarrutiko-gida\/elizbarrutiko-erakundeak\/"},"modified":"2024-05-23T08:59:17","modified_gmt":"2024-05-23T06:59:17","slug":"elizbarrutiko-erakundeak","status":"publish","type":"page","link":"https:\/\/bizkeliza.org\/eu\/elizbarrutia\/elizbarrutiko-gida\/elizbarrutiko-erakundeak\/","title":{"rendered":"Elizbarrutiko Erakundeak"},"content":{"rendered":"<p>[et_pb_section fb_built=&#8221;1&#8243; _builder_version=&#8221;4.16&#8243; _module_preset=&#8221;default&#8221; custom_padding=&#8221;||2px||false|false&#8221; global_colors_info=&#8221;{}&#8221;][et_pb_row column_structure=&#8221;1_3,2_3&#8243; _builder_version=&#8221;4.16&#8243; _module_preset=&#8221;default&#8221; global_colors_info=&#8221;{}&#8221;][et_pb_column type=&#8221;1_3&#8243; _builder_version=&#8221;4.16&#8243; _module_preset=&#8221;default&#8221; global_colors_info=&#8221;{}&#8221;][et_pb_text admin_label=&#8221;Text&#8221; _builder_version=&#8221;4.16&#8243; _module_preset=&#8221;default&#8221; header_font_size=&#8221;44px&#8221; header_line_height=&#8221;1.2em&#8221; header_4_font=&#8221;|700|||||||&#8221; header_font_size_tablet=&#8221;&#8221; header_font_size_phone=&#8221;34px&#8221; header_font_size_last_edited=&#8221;on|phone&#8221; header_3_font_size_tablet=&#8221;&#8221; header_3_font_size_phone=&#8221;22px&#8221; header_3_font_size_last_edited=&#8221;on|phone&#8221; header_4_font_size_tablet=&#8221;&#8221; header_4_font_size_phone=&#8221;18px&#8221; header_4_font_size_last_edited=&#8221;on|desktop&#8221; global_colors_info=&#8221;{}&#8221;]<\/p>\n<h1>Elizbarrutiko Erakundeak<\/h1>\n<p>[\/et_pb_text][\/et_pb_column][et_pb_column type=&#8221;2_3&#8243; _builder_version=&#8221;4.16&#8243; _module_preset=&#8221;default&#8221; global_colors_info=&#8221;{}&#8221;][\/et_pb_column][\/et_pb_row][\/et_pb_section][et_pb_section fb_built=&#8221;1&#8243; _builder_version=&#8221;4.16&#8243; _module_preset=&#8221;default&#8221; background_color=&#8221;#f5f7fa&#8221; locked=&#8221;off&#8221; global_colors_info=&#8221;{}&#8221;][et_pb_row column_structure=&#8221;1_3,1_3,1_3&#8243; _builder_version=&#8221;4.16&#8243; _module_preset=&#8221;default&#8221; background_color=&#8221;rgba(0,0,0,0)&#8221; global_colors_info=&#8221;{}&#8221;][et_pb_column type=&#8221;1_3&#8243; _builder_version=&#8221;4.16&#8243; _module_preset=&#8221;default&#8221; global_colors_info=&#8221;{}&#8221;][et_pb_text _builder_version=&#8221;4.16&#8243; _module_preset=&#8221;default&#8221; custom_padding_tablet=&#8221;&#8221; custom_padding_phone=&#8221;||||false|false&#8221; custom_padding_last_edited=&#8221;on|desktop&#8221; global_colors_info=&#8221;{}&#8221;]<\/p>\n<h2><span>Las instituciones diocesanas se agrupan en diferentes \u00e1mbitos<\/span><\/h2>\n<p>[\/et_pb_text][\/et_pb_column][et_pb_column type=&#8221;1_3&#8243; _builder_version=&#8221;4.16&#8243; _dynamic_attributes=&#8221;link_option_url&#8221; _module_preset=&#8221;default&#8221; background_color=&#8221;#ffffff&#8221; link_option_url=&#8221;@ET-DC@eyJkeW5hbWljIjp0cnVlLCJjb250ZW50IjoicG9zdF9saW5rX3VybF9wYWdlIiwic2V0dGluZ3MiOnsicG9zdF9pZCI6IjI5ODAifX0=@&#8221; box_shadow_style=&#8221;preset1&#8243; box_shadow_blur=&#8221;12px&#8221; global_colors_info=&#8221;{}&#8221; box_shadow_blur__hover_enabled=&#8221;on|hover&#8221; box_shadow_blur__hover=&#8221;12px&#8221;][et_pb_cta button_url=&#8221;@ET-DC@eyJkeW5hbWljIjp0cnVlLCJjb250ZW50IjoicG9zdF9saW5rX3VybF9wYWdlIiwic2V0dGluZ3MiOnsicG9zdF9pZCI6IjI5ODAifX0=@&#8221; button_text=&#8221;Zuzenbide kanonikokoak &#8221; _builder_version=&#8221;4.16&#8243; _dynamic_attributes=&#8221;button_url&#8221; _module_preset=&#8221;default&#8221; header_level=&#8221;h6&#8243; header_font=&#8221;|600|||||||&#8221; header_font_size=&#8221;22px&#8221; background_color=&#8221;gcid-b8eb0edc-cd50-4da4-8008-cf5ec41fa7ca&#8221; background_image=&#8221;https:\/\/bizkeliza.org\/wp-content\/uploads\/2021\/05\/Logo_Bizkeliza_boton2.png&#8221; parallax=&#8221;on&#8221; custom_button=&#8221;on&#8221; button_text_size=&#8221;22px&#8221; button_text_color=&#8221;#ffffff&#8221; button_bg_color=&#8221;rgba(0,0,0,0)&#8221; button_border_width=&#8221;0px&#8221; button_border_radius=&#8221;4px&#8221; button_font=&#8221;|600|||||||&#8221; button_icon=&#8221;&#x24;||divi||400&#8243; button_icon_color=&#8221;#ffffff&#8221; button_on_hover=&#8221;off&#8221; button_alignment=&#8221;left&#8221; button_custom_margin=&#8221;||||false|false&#8221; button_custom_padding=&#8221;|||0px|false|false&#8221; text_orientation=&#8221;left&#8221; custom_margin=&#8221;-5px||24px||false|false&#8221; custom_padding=&#8221;24px||28px|25px|false|false&#8221; custom_css_main_element=&#8221;||&#8221; custom_css_after=&#8221;||&#8221; border_radii=&#8221;on|4px|4px|4px|4px&#8221; border_width_bottom=&#8221;6px&#8221; border_color_bottom=&#8221;gcid-d193dfdb-bd0b-4ada-8c46-5a79828ed99b&#8221; global_colors_info=&#8221;{%22gcid-b8eb0edc-cd50-4da4-8008-cf5ec41fa7ca%22:%91%22background_color%22%93,%22gcid-d193dfdb-bd0b-4ada-8c46-5a79828ed99b%22:%91%22border_color_bottom%22%93}&#8221; button_border_color__hover_enabled=&#8221;on|hover&#8221; button_bg_color__hover_enabled=&#8221;on|hover&#8221; button_bg_color__hover=&#8221;rgba(0,0,0,0)&#8221; button_bg_enable_color__hover=&#8221;on&#8221; button_letter_spacing__hover_enabled=&#8221;on|hover&#8221; button_letter_spacing__hover=&#8221;1px&#8221; box_shadow_blur__hover=&#8221;12px&#8221; box_shadow_blur__hover_enabled=&#8221;on|hover&#8221;][\/et_pb_cta][et_pb_text _builder_version=&#8221;4.16&#8243; _module_preset=&#8221;default&#8221; header_font_size=&#8221;44px&#8221; header_line_height=&#8221;1.2em&#8221; header_4_font=&#8221;|700|||||||&#8221; custom_margin=&#8221;|20px|20px|20px|false|true&#8221; header_3_font_size_tablet=&#8221;&#8221; header_3_font_size_phone=&#8221;22px&#8221; header_3_font_size_last_edited=&#8221;on|phone&#8221; header_4_font_size_tablet=&#8221;&#8221; header_4_font_size_phone=&#8221;18px&#8221; header_4_font_size_last_edited=&#8221;on|desktop&#8221; global_colors_info=&#8221;{}&#8221;]<\/p>\n<ul>\n<li>Katedraleko Kapitulua<\/li>\n<li>Kalonjeak<\/li>\n<li>Kalonje emerituak<\/li>\n<li>Seminarioa<\/li>\n<\/ul>\n<p>[\/et_pb_text][\/et_pb_column][et_pb_column type=&#8221;1_3&#8243; _builder_version=&#8221;4.16&#8243; _dynamic_attributes=&#8221;link_option_url&#8221; _module_preset=&#8221;default&#8221; background_color=&#8221;#ffffff&#8221; link_option_url=&#8221;@ET-DC@eyJkeW5hbWljIjp0cnVlLCJjb250ZW50IjoicG9zdF9saW5rX3VybF9wYWdlIiwic2V0dGluZ3MiOnsicG9zdF9pZCI6IjI5ODYifX0=@&#8221; box_shadow_style=&#8221;preset1&#8243; box_shadow_blur=&#8221;12px&#8221; global_colors_info=&#8221;{}&#8221; box_shadow_blur__hover=&#8221;12px&#8221; box_shadow_blur__hover_enabled=&#8221;on|hover&#8221;][et_pb_cta button_url=&#8221;@ET-DC@eyJkeW5hbWljIjp0cnVlLCJjb250ZW50IjoicG9zdF9saW5rX3VybF9wYWdlIiwic2V0dGluZ3MiOnsicG9zdF9pZCI6IjI5ODYifX0=@&#8221; button_text=&#8221;Ongintza-Laguntzazkoak&#8221; _builder_version=&#8221;4.16&#8243; _dynamic_attributes=&#8221;button_url&#8221; _module_preset=&#8221;default&#8221; header_level=&#8221;h6&#8243; header_font=&#8221;|600|||||||&#8221; header_font_size=&#8221;22px&#8221; background_color=&#8221;gcid-b8eb0edc-cd50-4da4-8008-cf5ec41fa7ca&#8221; background_image=&#8221;https:\/\/bizkeliza.org\/wp-content\/uploads\/2021\/05\/Logo_Bizkeliza_boton2.png&#8221; parallax=&#8221;on&#8221; custom_button=&#8221;on&#8221; button_text_size=&#8221;22px&#8221; button_text_color=&#8221;#ffffff&#8221; button_bg_color=&#8221;rgba(0,0,0,0)&#8221; button_border_width=&#8221;0px&#8221; button_border_radius=&#8221;4px&#8221; button_font=&#8221;|600|||||||&#8221; button_icon=&#8221;&#x24;||divi||400&#8243; button_icon_color=&#8221;#ffffff&#8221; button_on_hover=&#8221;off&#8221; button_alignment=&#8221;left&#8221; button_custom_margin=&#8221;||||false|false&#8221; button_custom_padding=&#8221;|||0px|false|false&#8221; text_orientation=&#8221;left&#8221; custom_margin=&#8221;-5px||24px||false|false&#8221; custom_padding=&#8221;24px||28px|25px|false|false&#8221; custom_css_main_element=&#8221;||&#8221; custom_css_after=&#8221;||&#8221; border_radii=&#8221;on|4px|4px|4px|4px&#8221; border_width_bottom=&#8221;6px&#8221; border_color_bottom=&#8221;gcid-d193dfdb-bd0b-4ada-8c46-5a79828ed99b&#8221; global_colors_info=&#8221;{%22gcid-b8eb0edc-cd50-4da4-8008-cf5ec41fa7ca%22:%91%22background_color%22%93,%22gcid-d193dfdb-bd0b-4ada-8c46-5a79828ed99b%22:%91%22border_color_bottom%22%93}&#8221; button_border_color__hover_enabled=&#8221;on|hover&#8221; button_bg_color__hover_enabled=&#8221;on|hover&#8221; button_bg_color__hover=&#8221;rgba(0,0,0,0)&#8221; button_bg_enable_color__hover=&#8221;on&#8221; button_letter_spacing__hover_enabled=&#8221;on|hover&#8221; button_letter_spacing__hover=&#8221;1px&#8221; box_shadow_blur__hover=&#8221;12px&#8221; box_shadow_blur__hover_enabled=&#8221;on|hover&#8221;][\/et_pb_cta][et_pb_text _builder_version=&#8221;4.25.1&#8243; _module_preset=&#8221;default&#8221; header_font_size=&#8221;44px&#8221; header_line_height=&#8221;1.2em&#8221; header_4_font=&#8221;|700|||||||&#8221; custom_margin=&#8221;|20px|20px|20px|false|true&#8221; hover_enabled=&#8221;0&#8243; header_3_font_size_tablet=&#8221;&#8221; header_3_font_size_phone=&#8221;22px&#8221; header_3_font_size_last_edited=&#8221;on|phone&#8221; header_4_font_size_tablet=&#8221;&#8221; header_4_font_size_phone=&#8221;18px&#8221; header_4_font_size_last_edited=&#8221;on|desktop&#8221; global_colors_info=&#8221;{}&#8221; sticky_enabled=&#8221;0&#8243;]<\/p>\n<ul>\n<li>Eleizbarrutiko Caritas<\/li>\n<li>Lagungo<\/li>\n<li>Gizakia<\/li>\n<li>Bidesari<\/li>\n<\/ul>\n<p>[\/et_pb_text][\/et_pb_column][\/et_pb_row][et_pb_row column_structure=&#8221;1_3,1_3,1_3&#8243; _builder_version=&#8221;4.16&#8243; _module_preset=&#8221;default&#8221; background_color=&#8221;rgba(0,0,0,0)&#8221; global_colors_info=&#8221;{}&#8221;][et_pb_column type=&#8221;1_3&#8243; _builder_version=&#8221;4.16&#8243; _module_preset=&#8221;default&#8221; global_colors_info=&#8221;{}&#8221;][\/et_pb_column][et_pb_column type=&#8221;1_3&#8243; _builder_version=&#8221;4.16&#8243; _dynamic_attributes=&#8221;link_option_url&#8221; _module_preset=&#8221;default&#8221; background_color=&#8221;#ffffff&#8221; link_option_url=&#8221;@ET-DC@eyJkeW5hbWljIjp0cnVlLCJjb250ZW50IjoicG9zdF9saW5rX3VybF9wYWdlIiwic2V0dGluZ3MiOnsicG9zdF9pZCI6IjI5OTIifX0=@&#8221; box_shadow_style=&#8221;preset1&#8243; box_shadow_blur=&#8221;12px&#8221; global_colors_info=&#8221;{}&#8221; box_shadow_blur__hover=&#8221;12px&#8221; box_shadow_blur__hover_enabled=&#8221;on|hover&#8221;][et_pb_cta button_url=&#8221;@ET-DC@eyJkeW5hbWljIjp0cnVlLCJjb250ZW50IjoicG9zdF9saW5rX3VybF9wYWdlIiwic2V0dGluZ3MiOnsicG9zdF9pZCI6IjI5OTIifX0=@&#8221; button_text=&#8221;Kulturak  &#8221; _builder_version=&#8221;4.16&#8243; _dynamic_attributes=&#8221;button_url&#8221; _module_preset=&#8221;default&#8221; header_level=&#8221;h6&#8243; header_font=&#8221;|600|||||||&#8221; header_font_size=&#8221;22px&#8221; background_color=&#8221;gcid-b8eb0edc-cd50-4da4-8008-cf5ec41fa7ca&#8221; background_image=&#8221;https:\/\/bizkeliza.org\/wp-content\/uploads\/2021\/05\/Logo_Bizkeliza_boton2.png&#8221; parallax=&#8221;on&#8221; custom_button=&#8221;on&#8221; button_text_size=&#8221;22px&#8221; button_text_color=&#8221;#ffffff&#8221; button_bg_color=&#8221;rgba(0,0,0,0)&#8221; button_border_width=&#8221;0px&#8221; button_border_radius=&#8221;4px&#8221; button_font=&#8221;|600|||||||&#8221; button_icon=&#8221;&#x24;||divi||400&#8243; button_icon_color=&#8221;#ffffff&#8221; button_on_hover=&#8221;off&#8221; button_alignment=&#8221;left&#8221; button_custom_margin=&#8221;||||false|false&#8221; button_custom_padding=&#8221;|||0px|false|false&#8221; text_orientation=&#8221;left&#8221; custom_margin=&#8221;-5px||24px||false|false&#8221; custom_padding=&#8221;24px||28px|25px|false|false&#8221; custom_css_main_element=&#8221;||&#8221; custom_css_after=&#8221;||&#8221; border_radii=&#8221;on|4px|4px|4px|4px&#8221; border_width_bottom=&#8221;6px&#8221; border_color_bottom=&#8221;gcid-d193dfdb-bd0b-4ada-8c46-5a79828ed99b&#8221; global_colors_info=&#8221;{%22gcid-b8eb0edc-cd50-4da4-8008-cf5ec41fa7ca%22:%91%22background_color%22%93,%22gcid-d193dfdb-bd0b-4ada-8c46-5a79828ed99b%22:%91%22border_color_bottom%22%93}&#8221; button_border_color__hover_enabled=&#8221;on|hover&#8221; button_bg_color__hover_enabled=&#8221;on|hover&#8221; button_bg_color__hover=&#8221;rgba(0,0,0,0)&#8221; button_bg_enable_color__hover=&#8221;on&#8221; button_letter_spacing__hover_enabled=&#8221;on|hover&#8221; button_letter_spacing__hover=&#8221;1px&#8221; box_shadow_blur__hover=&#8221;12px&#8221; box_shadow_blur__hover_enabled=&#8221;on|hover&#8221;][\/et_pb_cta][et_pb_text _builder_version=&#8221;4.16&#8243; _module_preset=&#8221;default&#8221; header_font_size=&#8221;44px&#8221; header_line_height=&#8221;1.2em&#8221; header_4_font=&#8221;|700|||||||&#8221; custom_margin=&#8221;|20px|20px|20px|false|true&#8221; header_3_font_size_tablet=&#8221;&#8221; header_3_font_size_phone=&#8221;22px&#8221; header_3_font_size_last_edited=&#8221;on|phone&#8221; header_4_font_size_tablet=&#8221;&#8221; header_4_font_size_phone=&#8221;18px&#8221; header_4_font_size_last_edited=&#8221;on|desktop&#8221; global_colors_info=&#8221;{}&#8221;]<\/p>\n<ul>\n<li>Instituto superior de Ciencias religiosas<\/li>\n<li>Instituto diocesano de teolog\u00eda pastoral<\/li>\n<li>Labayru Fundazioa<\/li>\n<li>Labayru Euskal Liburutegia<\/li>\n<li>Archivo hist\u00f3rico eclesi\u00e1stico<\/li>\n<li>Museo diocesano<\/li>\n<\/ul>\n<p>[\/et_pb_text][\/et_pb_column][et_pb_column type=&#8221;1_3&#8243; _builder_version=&#8221;4.16&#8243; _dynamic_attributes=&#8221;link_option_url&#8221; _module_preset=&#8221;default&#8221; background_color=&#8221;#ffffff&#8221; link_option_url=&#8221;@ET-DC@eyJkeW5hbWljIjp0cnVlLCJjb250ZW50IjoicG9zdF9saW5rX3VybF9wYWdlIiwic2V0dGluZ3MiOnsicG9zdF9pZCI6IjI5OTgifX0=@&#8221; box_shadow_style=&#8221;preset1&#8243; box_shadow_blur=&#8221;12px&#8221; global_colors_info=&#8221;{}&#8221; box_shadow_blur__hover=&#8221;12px&#8221; box_shadow_blur__hover_enabled=&#8221;on|hover&#8221;][et_pb_cta button_url=&#8221;@ET-DC@eyJkeW5hbWljIjp0cnVlLCJjb250ZW50IjoicG9zdF9saW5rX3VybF9wYWdlIiwic2V0dGluZ3MiOnsicG9zdF9pZCI6IjI5OTgifX0=@&#8221; button_text=&#8221;Beste batzuk&#8221; _builder_version=&#8221;4.16&#8243; _dynamic_attributes=&#8221;button_url&#8221; _module_preset=&#8221;default&#8221; header_level=&#8221;h6&#8243; header_font=&#8221;|600|||||||&#8221; header_font_size=&#8221;22px&#8221; background_color=&#8221;gcid-b8eb0edc-cd50-4da4-8008-cf5ec41fa7ca&#8221; background_image=&#8221;https:\/\/bizkeliza.org\/wp-content\/uploads\/2021\/05\/Logo_Bizkeliza_boton2.png&#8221; parallax=&#8221;on&#8221; custom_button=&#8221;on&#8221; button_text_size=&#8221;22px&#8221; button_text_color=&#8221;#ffffff&#8221; button_bg_color=&#8221;rgba(0,0,0,0)&#8221; button_border_width=&#8221;0px&#8221; button_border_radius=&#8221;4px&#8221; button_font=&#8221;|600|||||||&#8221; button_icon=&#8221;&#x24;||divi||400&#8243; button_icon_color=&#8221;#ffffff&#8221; button_on_hover=&#8221;off&#8221; button_alignment=&#8221;left&#8221; button_custom_margin=&#8221;||||false|false&#8221; button_custom_padding=&#8221;|||0px|false|false&#8221; text_orientation=&#8221;left&#8221; custom_margin=&#8221;-5px||24px||false|false&#8221; custom_padding=&#8221;24px||28px|25px|false|false&#8221; custom_css_main_element=&#8221;||&#8221; custom_css_after=&#8221;||&#8221; border_radii=&#8221;on|4px|4px|4px|4px&#8221; border_width_bottom=&#8221;6px&#8221; border_color_bottom=&#8221;gcid-d193dfdb-bd0b-4ada-8c46-5a79828ed99b&#8221; global_colors_info=&#8221;{%22gcid-b8eb0edc-cd50-4da4-8008-cf5ec41fa7ca%22:%91%22background_color%22%93,%22gcid-d193dfdb-bd0b-4ada-8c46-5a79828ed99b%22:%91%22border_color_bottom%22%93}&#8221; button_border_color__hover_enabled=&#8221;on|hover&#8221; button_bg_color__hover_enabled=&#8221;on|hover&#8221; button_bg_color__hover=&#8221;rgba(0,0,0,0)&#8221; button_bg_enable_color__hover=&#8221;on&#8221; button_letter_spacing__hover_enabled=&#8221;on|hover&#8221; button_letter_spacing__hover=&#8221;1px&#8221; box_shadow_blur__hover=&#8221;12px&#8221; box_shadow_blur__hover_enabled=&#8221;on|hover&#8221;][\/et_pb_cta][et_pb_text _builder_version=&#8221;4.16&#8243; _module_preset=&#8221;default&#8221; header_font_size=&#8221;44px&#8221; header_line_height=&#8221;1.2em&#8221; header_4_font=&#8221;|700|||||||&#8221; custom_margin=&#8221;|20px|20px|20px|false|true&#8221; header_3_font_size_tablet=&#8221;&#8221; header_3_font_size_phone=&#8221;22px&#8221; header_3_font_size_last_edited=&#8221;on|phone&#8221; header_4_font_size_tablet=&#8221;&#8221; header_4_font_size_phone=&#8221;18px&#8221; header_4_font_size_last_edited=&#8221;on|desktop&#8221; global_colors_info=&#8221;{}&#8221;]<\/p>\n<ul>\n<li>Radio Popular<\/li>\n<li>Irratibide-Bizkaia Irratia<\/li>\n<li>Librer\u00eda diocesana &#8220;Jakinbide&#8221;<\/li>\n<\/ul>\n<p>[\/et_pb_text][\/et_pb_column][\/et_pb_row][\/et_pb_section]<\/p>\n","protected":false},"excerpt":{"rendered":"<p>Elizbarrutiko ErakundeakLas instituciones diocesanas se agrupan en diferentes \u00e1mbitos Katedraleko Kapitulua Kalonjeak Kalonje emerituak Seminarioa Eleizbarrutiko Caritas Lagungo Gizakia Bidesari Instituto superior de Ciencias religiosas Instituto diocesano de teolog\u00eda pastoral Labayru Fundazioa Labayru Euskal Liburutegia Archivo hist\u00f3rico eclesi\u00e1stico Museo diocesano Radio Popular Irratibide-Bizkaia Irratia Librer\u00eda diocesana &#8220;Jakinbide&#8221;<\/p>\n","protected":false},"author":1,"featured_media":0,"parent":12527,"menu_order":0,"comment_status":"closed","ping_status":"closed","template":"","meta":{"_acf_changed":false,"_et_pb_use_builder":"on","_et_pb_old_content":"","_et_gb_content_width":"","footnotes":""},"class_list":["post-12657","page","type-page","status-publish","hentry"],"acf":[],"yoast_head":"<!-- This site is optimized with the Yoast SEO Premium plugin v27.2 (Yoast SEO v27.2) - https:\/\/yoast.com\/product\/yoast-seo-premium-wordpress\/ -->\n<title>Elizbarrutiko Erakundeak - Bilboko Elizbarrutia - Di\u00f3cesis de Bilbao<\/title>\n<meta name=\"robots\" content=\"index, follow, max-snippet:-1, max-image-preview:large, max-video-preview:-1\" \/>\n<link rel=\"canonical\" href=\"https:\/\/bizkeliza.org\/eu\/elizbarrutia\/elizbarrutiko-gida\/elizbarrutiko-erakundeak\/\" \/>\n<meta property=\"og:locale\" content=\"eu_ES\" \/>\n<meta property=\"og:type\" content=\"article\" \/>\n<meta property=\"og:title\" content=\"Elizbarrutiko Erakundeak\" \/>\n<meta property=\"og:description\" content=\"Elizbarrutiko ErakundeakLas instituciones diocesanas se agrupan en diferentes \u00e1mbitos Katedraleko Kapitulua Kalonjeak Kalonje emerituak Seminarioa Eleizbarrutiko Caritas Lagungo Gizakia Bidesari Instituto superior de Ciencias religiosas Instituto diocesano de teolog\u00eda pastoral Labayru Fundazioa Labayru Euskal Liburutegia Archivo hist\u00f3rico eclesi\u00e1stico Museo diocesano Radio Popular Irratibide-Bizkaia Irratia Librer\u00eda diocesana &quot;Jakinbide&quot;\" \/>\n<meta property=\"og:url\" content=\"https:\/\/bizkeliza.org\/eu\/elizbarrutia\/elizbarrutiko-gida\/elizbarrutiko-erakundeak\/\" \/>\n<meta property=\"og:site_name\" content=\"Bilboko Elizbarrutia - Di\u00f3cesis de Bilbao\" \/>\n<meta property=\"article:publisher\" content=\"https:\/\/www.facebook.com\/DiocesisBilbao\/\" \/>\n<meta property=\"article:modified_time\" content=\"2024-05-23T06:59:17+00:00\" \/>\n<meta property=\"og:image\" content=\"https:\/\/bizkeliza.org\/wp-content\/uploads\/2024\/01\/logoobispado2025.jpg\" \/>\n\t<meta property=\"og:image:width\" content=\"1399\" \/>\n\t<meta property=\"og:image:height\" content=\"495\" \/>\n\t<meta property=\"og:image:type\" content=\"image\/jpeg\" \/>\n<meta name=\"twitter:card\" content=\"summary_large_image\" \/>\n<meta name=\"twitter:site\" content=\"@DiocesisBilbao\" \/>\n<script type=\"application\/ld+json\" class=\"yoast-schema-graph\">{\"@context\":\"https:\/\/schema.org\",\"@graph\":[{\"@type\":\"WebPage\",\"@id\":\"https:\/\/bizkeliza.org\/eu\/elizbarrutia\/elizbarrutiko-gida\/elizbarrutiko-erakundeak\/\",\"url\":\"https:\/\/bizkeliza.org\/eu\/elizbarrutia\/elizbarrutiko-gida\/elizbarrutiko-erakundeak\/\",\"name\":\"Elizbarrutiko Erakundeak - Bilboko Elizbarrutia - Di\u00f3cesis de Bilbao\",\"isPartOf\":{\"@id\":\"https:\/\/bizkeliza.org\/eu\/#website\"},\"datePublished\":\"2021-06-02T06:32:19+00:00\",\"dateModified\":\"2024-05-23T06:59:17+00:00\",\"breadcrumb\":{\"@id\":\"https:\/\/bizkeliza.org\/eu\/elizbarrutia\/elizbarrutiko-gida\/elizbarrutiko-erakundeak\/#breadcrumb\"},\"inLanguage\":\"eu-ES\",\"potentialAction\":[{\"@type\":\"ReadAction\",\"target\":[\"https:\/\/bizkeliza.org\/eu\/elizbarrutia\/elizbarrutiko-gida\/elizbarrutiko-erakundeak\/\"]}]},{\"@type\":\"BreadcrumbList\",\"@id\":\"https:\/\/bizkeliza.org\/eu\/elizbarrutia\/elizbarrutiko-gida\/elizbarrutiko-erakundeak\/#breadcrumb\",\"itemListElement\":[{\"@type\":\"ListItem\",\"position\":1,\"name\":\"Portada\",\"item\":\"https:\/\/bizkeliza.org\/eu\/\"},{\"@type\":\"ListItem\",\"position\":2,\"name\":\"Eleizbarrutia\",\"item\":\"https:\/\/bizkeliza.org\/eu\/diocesis\/\"},{\"@type\":\"ListItem\",\"position\":3,\"name\":\"Eleizbarrutiko Gida\",\"item\":\"https:\/\/bizkeliza.org\/eu\/diocesis\/guia-diocesana\/\"},{\"@type\":\"ListItem\",\"position\":4,\"name\":\"Elizbarrutiko Erakundeak\"}]},{\"@type\":\"WebSite\",\"@id\":\"https:\/\/bizkeliza.org\/eu\/#website\",\"url\":\"https:\/\/bizkeliza.org\/eu\/\",\"name\":\"Bilboko Elizbarrutia - Di\u00f3cesis de Bilbao\",\"description\":\"Di\u00f3cesis de Bilbao\",\"publisher\":{\"@id\":\"https:\/\/bizkeliza.org\/eu\/#organization\"},\"alternateName\":\"Di\u00f3cesis de Bilbao\",\"potentialAction\":[{\"@type\":\"SearchAction\",\"target\":{\"@type\":\"EntryPoint\",\"urlTemplate\":\"https:\/\/bizkeliza.org\/eu\/?s={search_term_string}\"},\"query-input\":{\"@type\":\"PropertyValueSpecification\",\"valueRequired\":true,\"valueName\":\"search_term_string\"}}],\"inLanguage\":\"eu-ES\"},{\"@type\":\"Organization\",\"@id\":\"https:\/\/bizkeliza.org\/eu\/#organization\",\"name\":\"Di\u00f3cesis de Bilbao\",\"alternateName\":\"Di\u00f3cesis de Bilbao\",\"url\":\"https:\/\/bizkeliza.org\/eu\/\",\"logo\":{\"@type\":\"ImageObject\",\"inLanguage\":\"eu-ES\",\"@id\":\"https:\/\/bizkeliza.org\/eu\/#\/schema\/logo\/image\/\",\"url\":\"https:\/\/bizkeliza.org\/wp-content\/uploads\/2022\/06\/Logo-nuevo_2024-1-scaled.jpg\",\"contentUrl\":\"https:\/\/bizkeliza.org\/wp-content\/uploads\/2022\/06\/Logo-nuevo_2024-1-scaled.jpg\",\"width\":2560,\"height\":1024,\"caption\":\"Di\u00f3cesis de Bilbao\"},\"image\":{\"@id\":\"https:\/\/bizkeliza.org\/eu\/#\/schema\/logo\/image\/\"},\"sameAs\":[\"https:\/\/www.facebook.com\/DiocesisBilbao\/\",\"https:\/\/x.com\/DiocesisBilbao\",\"https:\/\/www.instagram.com\/obispadobilbao\/\",\"https:\/\/www.youtube.com\/user\/bilbokoelizbarrutia\"],\"description\":\"Iglesia local de Bilbao perteneciente a la Iglesia Cat\u00f3lica\"}]}<\/script>\n<!-- \/ Yoast SEO Premium plugin. -->","yoast_head_json":{"title":"Elizbarrutiko Erakundeak - Bilboko Elizbarrutia - Di\u00f3cesis de Bilbao","robots":{"index":"index","follow":"follow","max-snippet":"max-snippet:-1","max-image-preview":"max-image-preview:large","max-video-preview":"max-video-preview:-1"},"canonical":"https:\/\/bizkeliza.org\/eu\/elizbarrutia\/elizbarrutiko-gida\/elizbarrutiko-erakundeak\/","og_locale":"eu_ES","og_type":"article","og_title":"Elizbarrutiko Erakundeak","og_description":"Elizbarrutiko ErakundeakLas instituciones diocesanas se agrupan en diferentes \u00e1mbitos Katedraleko Kapitulua Kalonjeak Kalonje emerituak Seminarioa Eleizbarrutiko Caritas Lagungo Gizakia Bidesari Instituto superior de Ciencias religiosas Instituto diocesano de teolog\u00eda pastoral Labayru Fundazioa Labayru Euskal Liburutegia Archivo hist\u00f3rico eclesi\u00e1stico Museo diocesano Radio Popular Irratibide-Bizkaia Irratia Librer\u00eda diocesana \"Jakinbide\"","og_url":"https:\/\/bizkeliza.org\/eu\/elizbarrutia\/elizbarrutiko-gida\/elizbarrutiko-erakundeak\/","og_site_name":"Bilboko Elizbarrutia - Di\u00f3cesis de Bilbao","article_publisher":"https:\/\/www.facebook.com\/DiocesisBilbao\/","article_modified_time":"2024-05-23T06:59:17+00:00","og_image":[{"width":1399,"height":495,"url":"https:\/\/bizkeliza.org\/wp-content\/uploads\/2024\/01\/logoobispado2025.jpg","type":"image\/jpeg"}],"twitter_card":"summary_large_image","twitter_site":"@DiocesisBilbao","schema":{"@context":"https:\/\/schema.org","@graph":[{"@type":"WebPage","@id":"https:\/\/bizkeliza.org\/eu\/elizbarrutia\/elizbarrutiko-gida\/elizbarrutiko-erakundeak\/","url":"https:\/\/bizkeliza.org\/eu\/elizbarrutia\/elizbarrutiko-gida\/elizbarrutiko-erakundeak\/","name":"Elizbarrutiko Erakundeak - Bilboko Elizbarrutia - Di\u00f3cesis de Bilbao","isPartOf":{"@id":"https:\/\/bizkeliza.org\/eu\/#website"},"datePublished":"2021-06-02T06:32:19+00:00","dateModified":"2024-05-23T06:59:17+00:00","breadcrumb":{"@id":"https:\/\/bizkeliza.org\/eu\/elizbarrutia\/elizbarrutiko-gida\/elizbarrutiko-erakundeak\/#breadcrumb"},"inLanguage":"eu-ES","potentialAction":[{"@type":"ReadAction","target":["https:\/\/bizkeliza.org\/eu\/elizbarrutia\/elizbarrutiko-gida\/elizbarrutiko-erakundeak\/"]}]},{"@type":"BreadcrumbList","@id":"https:\/\/bizkeliza.org\/eu\/elizbarrutia\/elizbarrutiko-gida\/elizbarrutiko-erakundeak\/#breadcrumb","itemListElement":[{"@type":"ListItem","position":1,"name":"Portada","item":"https:\/\/bizkeliza.org\/eu\/"},{"@type":"ListItem","position":2,"name":"Eleizbarrutia","item":"https:\/\/bizkeliza.org\/eu\/diocesis\/"},{"@type":"ListItem","position":3,"name":"Eleizbarrutiko Gida","item":"https:\/\/bizkeliza.org\/eu\/diocesis\/guia-diocesana\/"},{"@type":"ListItem","position":4,"name":"Elizbarrutiko Erakundeak"}]},{"@type":"WebSite","@id":"https:\/\/bizkeliza.org\/eu\/#website","url":"https:\/\/bizkeliza.org\/eu\/","name":"Bilboko Elizbarrutia - Di\u00f3cesis de Bilbao","description":"Di\u00f3cesis de Bilbao","publisher":{"@id":"https:\/\/bizkeliza.org\/eu\/#organization"},"alternateName":"Di\u00f3cesis de Bilbao","potentialAction":[{"@type":"SearchAction","target":{"@type":"EntryPoint","urlTemplate":"https:\/\/bizkeliza.org\/eu\/?s={search_term_string}"},"query-input":{"@type":"PropertyValueSpecification","valueRequired":true,"valueName":"search_term_string"}}],"inLanguage":"eu-ES"},{"@type":"Organization","@id":"https:\/\/bizkeliza.org\/eu\/#organization","name":"Di\u00f3cesis de Bilbao","alternateName":"Di\u00f3cesis de Bilbao","url":"https:\/\/bizkeliza.org\/eu\/","logo":{"@type":"ImageObject","inLanguage":"eu-ES","@id":"https:\/\/bizkeliza.org\/eu\/#\/schema\/logo\/image\/","url":"https:\/\/bizkeliza.org\/wp-content\/uploads\/2022\/06\/Logo-nuevo_2024-1-scaled.jpg","contentUrl":"https:\/\/bizkeliza.org\/wp-content\/uploads\/2022\/06\/Logo-nuevo_2024-1-scaled.jpg","width":2560,"height":1024,"caption":"Di\u00f3cesis de Bilbao"},"image":{"@id":"https:\/\/bizkeliza.org\/eu\/#\/schema\/logo\/image\/"},"sameAs":["https:\/\/www.facebook.com\/DiocesisBilbao\/","https:\/\/x.com\/DiocesisBilbao","https:\/\/www.instagram.com\/obispadobilbao\/","https:\/\/www.youtube.com\/user\/bilbokoelizbarrutia"],"description":"Iglesia local de Bilbao perteneciente a la Iglesia Cat\u00f3lica"}]}},"_links":{"self":[{"href":"https:\/\/bizkeliza.org\/eu\/wp-json\/wp\/v2\/pages\/12657","targetHints":{"allow":["GET"]}}],"collection":[{"href":"https:\/\/bizkeliza.org\/eu\/wp-json\/wp\/v2\/pages"}],"about":[{"href":"https:\/\/bizkeliza.org\/eu\/wp-json\/wp\/v2\/types\/page"}],"author":[{"embeddable":true,"href":"https:\/\/bizkeliza.org\/eu\/wp-json\/wp\/v2\/users\/1"}],"replies":[{"embeddable":true,"href":"https:\/\/bizkeliza.org\/eu\/wp-json\/wp\/v2\/comments?post=12657"}],"version-history":[{"count":0,"href":"https:\/\/bizkeliza.org\/eu\/wp-json\/wp\/v2\/pages\/12657\/revisions"}],"up":[{"embeddable":true,"href":"https:\/\/bizkeliza.org\/eu\/wp-json\/wp\/v2\/pages\/12527"}],"wp:attachment":[{"href":"https:\/\/bizkeliza.org\/eu\/wp-json\/wp\/v2\/media?parent=12657"}],"curies":[{"name":"wp","href":"https:\/\/api.w.org\/{rel}","templated":true}]}}