{"id":12747,"date":"2021-05-26T14:19:10","date_gmt":"2021-05-26T12:19:10","guid":{"rendered":"https:\/\/boring-dhawan.137-117-168-183.plesk.page\/ebanjelizazinoa\/misioak\/elizbarrutiko-misioen-kanpaina\/"},"modified":"2026-03-09T15:35:12","modified_gmt":"2026-03-09T14:35:12","slug":"elizbarrutiko-misioen-kanpaina","status":"publish","type":"page","link":"https:\/\/bizkeliza.org\/eu\/ebanjelizazinoa\/misioak\/elizbarrutiko-misioen-kanpaina\/","title":{"rendered":"Elizbarrutiko Misioen Kanpaina"},"content":{"rendered":"<p>[et_pb_section fb_built=&#8221;1&#8243; disabled_on=&#8221;off|off|off&#8221; _builder_version=&#8221;4.27.5&#8243; _module_preset=&#8221;default&#8221; global_colors_info=&#8221;{}&#8221;][et_pb_row column_structure=&#8221;1_3,2_3&#8243; admin_label=&#8221;Fila&#8221; _builder_version=&#8221;4.16&#8243; _module_preset=&#8221;default&#8221; global_colors_info=&#8221;{}&#8221;][et_pb_column type=&#8221;1_3&#8243; admin_label=&#8221;Columna&#8221; _builder_version=&#8221;4.16&#8243; _module_preset=&#8221;default&#8221; global_colors_info=&#8221;{}&#8221;][et_pb_text admin_label=&#8221;Text&#8221; _builder_version=&#8221;4.23.1&#8243; _module_preset=&#8221;default&#8221; header_font_size=&#8221;44px&#8221; header_line_height=&#8221;1.2em&#8221; header_4_font=&#8221;|700|||||||&#8221; header_font_size_tablet=&#8221;&#8221; header_font_size_phone=&#8221;34px&#8221; header_font_size_last_edited=&#8221;on|phone&#8221; header_3_font_size_tablet=&#8221;&#8221; header_3_font_size_phone=&#8221;22px&#8221; header_3_font_size_last_edited=&#8221;on|phone&#8221; header_4_font_size_tablet=&#8221;&#8221; header_4_font_size_phone=&#8221;18px&#8221; header_4_font_size_last_edited=&#8221;on|desktop&#8221; global_colors_info=&#8221;{}&#8221;]<\/p>\n<h1>Elizbarrutiko Misioen Kanpaina<\/h1>\n<p>[\/et_pb_text][et_pb_image src=&#8221;https:\/\/misioak.org\/wp-content\/uploads\/2026\/02\/AAFF_CARTEL-A3_San-Jose_2026-734&#215;1024.jpg&#8221; _builder_version=&#8221;4.27.5&#8243; _module_preset=&#8221;default&#8221; global_colors_info=&#8221;{}&#8221;][\/et_pb_image][\/et_pb_column][et_pb_column type=&#8221;2_3&#8243; _builder_version=&#8221;4.16&#8243; _module_preset=&#8221;default&#8221; global_colors_info=&#8221;{}&#8221;][et_pb_text admin_label=&#8221;Texto&#8221; _builder_version=&#8221;4.27.5&#8243; _module_preset=&#8221;default&#8221; header_line_height=&#8221;1.2em&#8221; header_4_font=&#8221;|700|||||||&#8221; header_3_font_size_tablet=&#8221;&#8221; header_3_font_size_phone=&#8221;22px&#8221; header_3_font_size_last_edited=&#8221;on|phone&#8221; header_4_font_size_tablet=&#8221;&#8221; header_4_font_size_phone=&#8221;18px&#8221; header_4_font_size_last_edited=&#8221;on|desktop&#8221; global_colors_info=&#8221;{}&#8221;]<\/p>\n<h2>\u201cAlza la Mirada \u2013 Ikus Haratago\u201d<\/h2>\n<p>[\/et_pb_text][et_pb_text _builder_version=&#8221;4.27.5&#8243; _module_preset=&#8221;default&#8221; header_font_size=&#8221;44px&#8221; header_line_height=&#8221;1.2em&#8221; header_4_font=&#8221;|700|||||||&#8221; header_3_font_size_tablet=&#8221;&#8221; header_3_font_size_phone=&#8221;22px&#8221; header_3_font_size_last_edited=&#8221;on|phone&#8221; header_4_font_size_tablet=&#8221;&#8221; header_4_font_size_phone=&#8221;18px&#8221; header_4_font_size_last_edited=&#8221;on|desktop&#8221; global_colors_info=&#8221;{}&#8221;]<\/p>\n<p>Anai-arrebok:<\/p>\n<p><\/p>\n<p>Beste urte batez, Elizbarrutietako Misinoen kanpaina ospatuko dogu, oraindik Jubileu Urtearen eta, testuinguru honetan, Misiolarien Jubileuaren bultzada sentitz. Misinoa, konpromiso eta itxaropena da. Askotariko errealitateen aldeko konpromisotik, misiolariak, herrietan egoten jakinez, herrion ohituretan murgilduta eta bat eginda, bere iturri eta gailurra Jesukristo gure Jaun eta Jainkoarengandik dauan kristau itxaropena gauzatzen dabe.<\/p>\n<p><\/p>\n<p>Ekitaldi honetarako aukeratu dan goiburua, Alza la mirada\/Ikus haratago, zentzumenak, bihotza eta burua zabaltzera eta gure ohiko lekuen \u2013etxea, lantokia, parrokia, elizbarrutia eta herrialdea\u2013 ertzak gainditzera deitu gura dau. Misino-jarduna batez be norberaren begiratuak atzera eta besteekin bila joatea da be. Apurka-apurka eta etenbarik, norbere buruaren arreta jartzeari iztea da. Errealitate horretan sustraituta bizi dabe misiolariak beti etxean egotearen poza.<\/p>\n<p><\/p>\n<p>Haratago begiratzea, gure lekuko Eleizetan katolikotasuna bizitzea be bada. Zerumuga zabaltzeak gauzak ikuspuntu barriatik testigantza barriak, agertoki zabalagoa, aniztago eta biziagoa, jartzen laguntzen deusku. Gure muga geografiko eta existentzialetatik haratago be Berbiztuaren Espiritua jardunean dala egiaztatzea. Haratago ikustea, alaitasun, poztasun eta goiargiaren iturri bihurtzen da gure alkarteentzat.<\/p>\n<p><\/p>\n<p>Haratago ikustari be lotuta dagoan beste une bat be badago. Gure gertuko eleiz errealitatea be ez dagoala geldirik berrestea. Munduko hainbat lekutatik etorritako anai eta arrebak datoz gure alkartera. Eurak gure artean egotea bizi dogun unearen ageriko ezaugarria da eta abegi egitea eta alkarten ertzetara deitzea dagokigu. Harresirik egon ezkero, zubi bihurtu daigun, alkarregaz bide egiteko eta bat egiteko leku.<\/p>\n<p><\/p>\n<p>Gaur egun desbardin bizi eta pentsatzen da misinoa. Barriak dira erronkak, baina bat bera agindua: \u201cZoaze mundu guztira eta iragarri Barri Ona izaki guztiei\u201d (Mk 16, 15). Misino-ardura eta irrikak lan-metodo barriak, hartu-emoneko bide barriak, entzute eraginkorrera, Jainkoaren agerpenaren zantzuen bereizketa zorrotzera eta misinoa bihotza daukagunen onenbako heziketara bultzatzen gaitu. Eta guztion hau apaltasunez, Aitaren erinuaren bitarteko eta laguntzaile garala sentituz.<\/p>\n<p><\/p>\n<p>Misino-jarduera, gaur egun, Eleizak aurrez aurre dauan erronkarik handiena dala esan eban behin eta barriro Frantzisko Aita Santuak eta, aldi berean, misino-urtearen da Eleizaren egintza osoaren paradigma. Pozik, konfiantzaz eta alkarregaz aurrera egiten eta eraikitzen jarraituko dogun bidean ilusinoa jarri biz dagigun Elizbarrutietako Misinoen kanpaina hau.<\/p>\n<p><\/p>\n<p>Espiritu Santuak susatu eta adoretu dagiala gure misino-kontzientzia eta kanpaina graziazko une izan daitela gure alkarten bizitzaren suspertzerako.<\/p>\n<p><\/p>\n<p>Manuel de Jes\u00fas Heredia Noriega<br \/>Delegado de Misiones.<\/p>\n<p>[\/et_pb_text][et_pb_divider show_divider=&#8221;off&#8221; _builder_version=&#8221;4.16&#8243; _module_preset=&#8221;default&#8221; height=&#8221;50px&#8221; global_colors_info=&#8221;{}&#8221;][\/et_pb_divider][et_pb_accordion open_toggle_text_color=&#8221;#000000&#8243; open_toggle_background_color=&#8221;rgba(0,0,0,0)&#8221; closed_toggle_text_color=&#8221;#000000&#8243; closed_toggle_background_color=&#8221;rgba(0,0,0,0)&#8221; icon_color=&#8221;#000000&#8243; use_icon_font_size=&#8221;on&#8221; admin_label=&#8221;Accordion&#8221; module_id=&#8221;SEC1-ancla2&#8243; module_class=&#8221;Accordion-black&#8221; _builder_version=&#8221;4.27.5&#8243; _module_preset=&#8221;addb4e85-b149-48c6-9dcd-1b63836bb534&#8243; toggle_text_color=&#8221;#00a55a&#8221; toggle_level=&#8221;h4&#8243; toggle_font=&#8221;|600|||||||&#8221; toggle_font_size=&#8221;18px&#8221; toggle_line_height=&#8221;1.2em&#8221; closed_toggle_font=&#8221;||||||||&#8221; closed_toggle_font_size=&#8221;18px&#8221; background_color=&#8221;rgba(0,0,0,0)&#8221; min_height=&#8221;200.3px&#8221; custom_margin=&#8221;0px||50px||false|false&#8221; custom_padding=&#8221;||||false|false&#8221; hover_transition_duration=&#8221;0.2ms&#8221; hover_transition_speed_curve=&#8221;ease-in-out&#8221; custom_css_main_element=&#8221;transition: 0.1s!important;&#8221; custom_css_toggle_icon=&#8221;content:\u201c4c\u201d;&#8221; custom_css_toggle_content=&#8221;padding: 1% 0% 1% 0%;||&#8221; border_width_all=&#8221;0px&#8221; border_color_all=&#8221;rgba(0,0,0,0)&#8221; border_style_bottom=&#8221;none&#8221; locked=&#8221;off&#8221; global_colors_info=&#8221;{}&#8221;][et_pb_accordion_item open=&#8221;on&#8221; open_toggle_background_color=&#8221;rgba(0,0,0,0)&#8221; icon_color=&#8221;rgba(0,0,0,0)&#8221; _builder_version=&#8221;4.16&#8243; _module_preset=&#8221;default&#8221; height=&#8221;0px&#8221; custom_margin=&#8221;-80px||||false|false&#8221; custom_css_toggle_icon=&#8221;content: %22%22!important;&#8221; global_colors_info=&#8221;{}&#8221; toggle_font=&#8221;||||||||&#8221; toggle_font_size=&#8221;18px&#8221;][\/et_pb_accordion_item][et_pb_accordion_item title=&#8221;Baliabideak &#8221; open_toggle_background_color=&#8221;rgba(0,0,0,0)&#8221; closed_toggle_background_color=&#8221;rgba(0,0,0,0)&#8221; icon_color=&#8221;#000000&#8243; use_icon_font_size=&#8221;on&#8221; icon_font_size=&#8221;25px&#8221; _builder_version=&#8221;4.27.5&#8243; _module_preset=&#8221;dd4590c4-4c27-4d54-b17d-daa56f0f40df&#8221; custom_margin=&#8221;-10px||-25px||false|false&#8221; custom_css_toggle_title=&#8221;Padding:5px 0px 5px 0px;||border-bottom: 1px solid #737373;||||&#8221; custom_css_toggle_icon=&#8221;font-family:&#8217;ETmodules&#8217;;||content: %22%924c%22;&#8221; border_width_bottom=&#8221;4px&#8221; border_color_bottom=&#8221;#8300e9&#8243; global_colors_info=&#8221;{}&#8221; toggle_level=&#8221;h4&#8243; toggle_font=&#8221;|600|||||||&#8221; toggle_font_size=&#8221;18px&#8221; custom_css_toggle_icon__hover_enabled=&#8221;on|hover&#8221; custom_css_toggle_icon_last_edited=&#8221;on|desktop&#8221; custom_css_toggle_icon__hover=&#8221;font-family:&#8217;ETmodules&#8217;;||content: %22%924c%22;||transform:rotate(180deg);\t&#8221; custom_css_toggle_icon_tablet=&#8221;font-family:&#8217;ETmodules&#8217;;||content: %22%924c%22;&#8221; custom_css_toggle_icon_phone=&#8221;font-family:&#8217;ETmodules&#8217;;||content: %22%924c%22;&#8221; open=&#8221;off&#8221;]<\/p>\n<ul>\n<li><a href=\"https:\/\/diocesisdebilbao-my.sharepoint.com\/:b:\/g\/personal\/webbizkeliza_bizkeliza_org\/IQBhLSAzrIC9SpKFBvbZAE_TAdJ5xXxaoHm_NcpMHZsJf5Y?e=CRbv1D\" target=\"_blank\" rel=\"noopener\">Carta Delegado Misiones<\/a><\/li>\n<li><a href=\"https:\/\/misioak.org\/wp-content\/uploads\/2026\/02\/CARTA-OBISPO.pdf\" target=\"_blank\" rel=\"noopener\">CARTA de los OBISPOS<\/a><\/li>\n<li><a href=\"https:\/\/misioak.org\/wp-content\/uploads\/2026\/02\/misiones_memoria_v3.pdf\" target=\"_blank\" rel=\"noopener\">MEMORIA 2025<\/a><\/li>\n<li><a href=\"https:\/\/misioak.org\/wp-content\/uploads\/2026\/02\/misioak_txostena_v1.pdf\" target=\"_blank\" rel=\"noopener\">TXOSTENA 2025<\/a><\/li>\n<li><a href=\"https:\/\/misioak.org\/wp-content\/uploads\/2026\/02\/Presentacion-Campana-MMDDVV-2026-Eusk.pptx\" target=\"_blank\" rel=\"noopener\">PRESENTACI\u00d3N DE LA CAMPA\u00d1A \u2013 Euskera (Formato Power Point)<\/a><\/li>\n<li><a href=\"https:\/\/misioak.org\/wp-content\/uploads\/2026\/02\/Presentacion-Campana-MMDDVV-2026.pptx\" target=\"_blank\" rel=\"noopener\">PRESENTACI\u00d3N DE LA CAMPA\u00d1A (Formato Power Point)<\/a><\/li>\n<li><a href=\"https:\/\/misioak.org\/wp-content\/uploads\/2026\/02\/Folleto-Gasteiz-2026.pdf\" target=\"_blank\" rel=\"noopener\">FOLLETO para la Campa\u00f1a \u2013\u00a0 Gasteiz<\/a><\/li>\n<li><a href=\"https:\/\/misioak.org\/wp-content\/uploads\/2026\/02\/LITURGIA-CAMPANA-SAN-JOSE-2026.docx\" target=\"_blank\" rel=\"noopener\">LITURGIA \u2013 Jornada de San Jos\u00e9 (WORD)<\/a><\/li>\n<li><a href=\"https:\/\/misioak.org\/wp-content\/uploads\/2026\/02\/mmddvv-triptico_imprenta-def.pdf\" target=\"_blank\" rel=\"noopener\">TRIPTICO INFORMATIVO<\/a><\/li>\n<li><a href=\"https:\/\/misioak.org\/wp-content\/uploads\/2026\/02\/Marcapaginas-oracion-de-envio.pdf\" target=\"_blank\" rel=\"noopener\">ORACI\u00d3N \u2013 MARCAP\u00c1GINAS<\/a><\/li>\n<li><a href=\"https:\/\/www.dropbox.com\/scl\/fi\/s1ov4q3vy6tt83sshdvgu\/Concurso-de-la-campa-a.pdf?rlkey=qygk3tbqitokoa48z0r4i0t8f&amp;st=5rw6dt7u&amp;dl=0\" target=\"_blank\" rel=\"noopener\">CONCURSO DE CANTO \u2013 BILBAO<\/a><\/li>\n<li><a href=\"https:\/\/diocesisdebilbao-my.sharepoint.com\/:b:\/g\/personal\/webbizkeliza_bizkeliza_org\/IQBzBF_7vVhIQrIX9qT2sd7OAVnhjtz44Cnb9FRd-ZBDW5M?e=D4Olc8\" target=\"_blank\" rel=\"noopener\">Cartel<\/a><\/li>\n<li><a href=\"https:\/\/diocesisdebilbao-my.sharepoint.com\/:b:\/g\/personal\/webbizkeliza_bizkeliza_org\/IQACqKP9RoPdTJQpvsJjw__2AbYNTCPYoOsRFQTMhFwdPG4?e=yTHdwi\" target=\"_blank\" rel=\"noopener\">Colabora<\/a><\/li>\n<li><a href=\"https:\/\/diocesisdebilbao-my.sharepoint.com\/:b:\/g\/personal\/webbizkeliza_bizkeliza_org\/IQBeP97ApArkQ64_Xf2n4Zb_AYxibL63my5SnoaSnauc_18?e=coAmON\" target=\"_blank\" rel=\"noopener\">Flyer Informativo<\/a><\/li>\n<\/ul>\n<p>[\/et_pb_accordion_item][et_pb_accordion_item title=&#8221;Itxi &#8221; open_toggle_background_color=&#8221;rgba(0,0,0,0)&#8221; closed_toggle_background_color=&#8221;rgba(0,0,0,0)&#8221; icon_color=&#8221;#000000&#8243; use_icon_font_size=&#8221;on&#8221; icon_font_size=&#8221;25px&#8221; _builder_version=&#8221;4.16&#8243; _module_preset=&#8221;dd4590c4-4c27-4d54-b17d-daa56f0f40df&#8221; custom_margin=&#8221;0px||-25px||false|false&#8221; custom_padding=&#8221;||||false|false&#8221; custom_css_toggle_title=&#8221;Padding:5px 30px 5px 0px;||border-bottom: 0px solid;&#8221; custom_css_toggle_icon=&#8221;font-family:&#8217;ETmodules&#8217;;||content:%22%924d%22;||display:block!important;&#8221; border_width_bottom=&#8221;0px&#8221; border_color_bottom=&#8221;rgba(0,0,0,0)&#8221; border_style_bottom=&#8221;none&#8221; global_colors_info=&#8221;{}&#8221; toggle_level=&#8221;h4&#8243; toggle_font=&#8221;|300|||||||&#8221; toggle_text_align=&#8221;right&#8221; toggle_font_size=&#8221;18px&#8221; custom_css_toggle_icon__hover_enabled=&#8221;off|desktop&#8221; custom_css_toggle_icon_last_edited=&#8221;on|desktop&#8221; custom_css_toggle_icon__hover=&#8221;font-family:&#8217;ETmodules&#8217;;||content: %22%924c%22;||transform:rotate(180deg);\t&#8221; content__hover_enabled=&#8221;off|desktop&#8221; custom_padding__hover_enabled=&#8221;off|desktop&#8221; custom_css_toggle_icon_tablet=&#8221;font-family:&#8217;ETmodules&#8217;;||content:%22%924d%22;||display:block!important;&#8221; custom_css_toggle_icon_phone=&#8221;font-family:&#8217;ETmodules&#8217;;||content:%22%924d%22;||display:block!important;&#8221; open=&#8221;off&#8221;][\/et_pb_accordion_item][\/et_pb_accordion][et_pb_video src=&#8221;https:\/\/youtu.be\/s96kUTP02a8&#8243; _builder_version=&#8221;4.27.5&#8243; _module_preset=&#8221;default&#8221; hover_enabled=&#8221;0&#8243; sticky_enabled=&#8221;0&#8243;][\/et_pb_video][\/et_pb_column][\/et_pb_row][\/et_pb_section][et_pb_section fb_built=&#8221;1&#8243; disabled_on=&#8221;on|on|on&#8221; _builder_version=&#8221;4.27.5&#8243; _module_preset=&#8221;default&#8221; disabled=&#8221;on&#8221; global_colors_info=&#8221;{}&#8221;][et_pb_row column_structure=&#8221;1_3,2_3&#8243; _builder_version=&#8221;4.16&#8243; _module_preset=&#8221;default&#8221; global_colors_info=&#8221;{}&#8221;][et_pb_column type=&#8221;1_3&#8243; admin_label=&#8221;Columna&#8221; _builder_version=&#8221;4.16&#8243; _module_preset=&#8221;default&#8221; global_colors_info=&#8221;{}&#8221;][et_pb_text admin_label=&#8221;Text&#8221; _builder_version=&#8221;4.23.1&#8243; _module_preset=&#8221;default&#8221; header_font_size=&#8221;44px&#8221; header_line_height=&#8221;1.2em&#8221; header_4_font=&#8221;|700|||||||&#8221; header_font_size_tablet=&#8221;&#8221; header_font_size_phone=&#8221;34px&#8221; header_font_size_last_edited=&#8221;on|phone&#8221; header_3_font_size_tablet=&#8221;&#8221; header_3_font_size_phone=&#8221;22px&#8221; header_3_font_size_last_edited=&#8221;on|phone&#8221; header_4_font_size_tablet=&#8221;&#8221; header_4_font_size_phone=&#8221;18px&#8221; header_4_font_size_last_edited=&#8221;on|desktop&#8221; global_colors_info=&#8221;{}&#8221;]<\/p>\n<h1>Elizbarrutiko Misioen Kanpaina<\/h1>\n<p>[\/et_pb_text][\/et_pb_column][et_pb_column type=&#8221;2_3&#8243; _builder_version=&#8221;4.16&#8243; _module_preset=&#8221;default&#8221; global_colors_info=&#8221;{}&#8221;][et_pb_text admin_label=&#8221;Texto&#8221; _builder_version=&#8221;4.27.4&#8243; _module_preset=&#8221;default&#8221; header_line_height=&#8221;1.2em&#8221; header_4_font=&#8221;|700|||||||&#8221; header_3_font_size_tablet=&#8221;&#8221; header_3_font_size_phone=&#8221;22px&#8221; header_3_font_size_last_edited=&#8221;on|phone&#8221; header_4_font_size_tablet=&#8221;&#8221; header_4_font_size_phone=&#8221;18px&#8221; header_4_font_size_last_edited=&#8221;on|desktop&#8221; global_colors_info=&#8221;{}&#8221;]<\/p>\n<h2>\u201cMisinoa: eginbide eta itxaropena\u201d &#8211; &#8220;La Misi\u00f3n: compromiso y esperanza\u201d-<\/h2>\n<p>[\/et_pb_text][et_pb_image src=&#8221;https:\/\/misioak.org\/wp-content\/uploads\/2025\/02\/misioakfacebook-baner-1.jpg&#8221; title_text=&#8221;campana_misiones_2023&#8243; url=&#8221;https:\/\/misioak.org&#8221; url_new_window=&#8221;on&#8221; _builder_version=&#8221;4.27.4&#8243; _module_preset=&#8221;default&#8221; global_colors_info=&#8221;{}&#8221;][\/et_pb_image][et_pb_text _builder_version=&#8221;4.27.4&#8243; _module_preset=&#8221;default&#8221; header_font_size=&#8221;44px&#8221; header_line_height=&#8221;1.2em&#8221; header_4_font=&#8221;|700|||||||&#8221; header_3_font_size_tablet=&#8221;&#8221; header_3_font_size_phone=&#8221;22px&#8221; header_3_font_size_last_edited=&#8221;on|phone&#8221; header_4_font_size_tablet=&#8221;&#8221; header_4_font_size_phone=&#8221;18px&#8221; header_4_font_size_last_edited=&#8221;on|desktop&#8221; global_colors_info=&#8221;{}&#8221;]<\/p>\n<p>Anai-arrebok, agur bero bat.<\/p>\n<p><\/p>\n<p>Euskal Eleizbarrutietako Misinoen aurtengo kanpaina aurkeztera nator. Eleiz gertaera esanguratsu biri lotuta ospatuko dogu. Mundu-mailako gertaera da bata, lekuko Eleizari lotutakoa bestea: Frantzisko Aita Santuak deitutako Jubileu Urtea eta Bilboko Eleizbarrutiaren 75. urteurrena. Gertaerok, berez, poz, itxaropen eta konpromisorako abagune dira.<\/p>\n<p><\/p>\n<p>Horixe da, hain zuzen be, kanpainarako aukeratutako goiburua: Misinoa: eginbide eta itxaropena\u201d. Azken baten, deia da, gogoeta patxadatsu eta sakonerako une egoki bihurtu daigun, Bizkaiko Eleizan gaur egun Misinoaz dogun ikuspuntua eta Misinoaz zenbateraino arduratzen garan argitu ahal izateko.<\/p>\n<p><\/p>\n<p>Aro-aldaketa bizi dogu, sakona eta atzeraezina da sekularizazino-prozesua munduan, leku batzuetan, besteetan baino prozesu biziago eta finkatuagoa bada be. Eta egoera horrek eragin nabarmena zan dau Eleizaren misino-bokazinoan. Mundua, gero eta txikiago egin jaku eta orain gertukoari eta presazko edo preminazkoari baino ez dautsagu begiratzen. Katolikotasuna, mundu osoko Eleizako atal izatean, bigarren mailara igaro da.<\/p>\n<p><\/p>\n<p>Halanda be, Misinoa, gure kristau izaeraren muina da. Eleiza, Jainkoaren herria, Eleiza izango bada, nahitaez misiolari izango da. Eleiza salbamenezko sakramentu da gizaki guztientzat, munduko edozein lekutan.<\/p>\n<p><\/p>\n<p>Errealitateari begiratu eta benetan arrazoi gitxi aurkitzen dogu poztasun eta konfiantzarako eta gogogabeziaz eta etsipenez beteten gara. Izan be, nonahi dira gerrak, miloeka errefuxiatu, desplazatu, txirotu, planetako aberastasunaren banaketa desbardin, immoral eta bidegabearen eraginez.<\/p>\n<p><\/p>\n<p>Horregaitik Jubileua, Frantzisko aita santuak gogoratu deuskunez, lagungarri izan daiteke itxaropenezko eta konfiantzazko giroa berreskuratzeko, danok preminazkotzat joten dogun bizkunde barriaren zeinu lez. Horretarako, bere esanetan, ezinbestekoa da mundu osoan senidetasun-sena berreskuratzea, bestela begiak itxiko deutsaguz miloeka gizon eta emakumeri, gazte eta umeri gizatasunez eta duintasunez bizitzea galarazoten deutsen sekulako pobretasunaren zoritxarrari. Gure itxaropena maitasunean sortzen da eta Jesusen bihotzetik isuritako maitasunean oinarritzen da.<\/p>\n<p><\/p>\n<p>Hain zuzen be, Eleiza unibertsalean aitzindari izan zan misino-giroan sortu ziran gure Eleizbarrutiak. Gaur egun, gizarte, kultur eta eliz errealitatea desbardina da; desbardinak dira inguruabarrak, baina bera da Misinoa: \u201cZoaze mundu guztira eta iragarri Barri Ona izaki guztiei\u201d (Mk 16, 15). Hau da, \u201cEleizbarruti misiolari\u201d lez sortu ginan. Aurtengo kanpainak horixe gogoratu gura dau.<\/p>\n<p><\/p>\n<p>Hainbat taldetan garatzen dira beste Eleiza ahizta batzuekazko lankidetza-egitasmoak. Eskertzekoa da, eta argitasuna emoten deusku holako ekimenak bultzatzen eta beste lurralde batzuetara zabaltzen jarraitzeko. Dana dala, ez dogu ahaztu behar misino- bokazinoa egitasmoak baino gehiago dana.<\/p>\n<p><\/p>\n<p>Aurreko urteetan ez bezala, aurton lagungarriak postaz iritsiko jatzuez, beste hainat kanpaina lez, gotzaitegitik bialduta. Kartazalean, kartela, Gotzainaren eta Ordezkariaren gutunak, liturgia lagungarriak eta eleizbarrutian programatutako jarduerak aurkituko dozuez. Gainerakoak, misioak.org eta bizkeliza.org webetan aurkituko dozuez. Dana dala, paper-euskarriak eskatu deiguzuezan lagungarriak bialtzeko prest gagoz. Lagundu eta parte hartu daigun Pastoral Barrutietan programatutako jardueretan.<\/p>\n<p><\/p>\n<p>Espiritu Santuak adore emon deigula eta gidatu gaizala Eleizbarrutietako Misinoen kanpaina hau ospatzeko.<\/p>\n<p><\/p>\n<p>Senide besarkada,<\/p>\n<p><\/p>\n<p>Manuel de Jesus Heredia Noriega<br \/>Misinoetarako Ordezkaria<\/p>\n<p>[\/et_pb_text][et_pb_divider show_divider=&#8221;off&#8221; _builder_version=&#8221;4.16&#8243; _module_preset=&#8221;default&#8221; height=&#8221;50px&#8221; global_colors_info=&#8221;{}&#8221;][\/et_pb_divider][et_pb_accordion open_toggle_text_color=&#8221;#000000&#8243; open_toggle_background_color=&#8221;rgba(0,0,0,0)&#8221; closed_toggle_text_color=&#8221;#000000&#8243; closed_toggle_background_color=&#8221;rgba(0,0,0,0)&#8221; icon_color=&#8221;#000000&#8243; use_icon_font_size=&#8221;on&#8221; admin_label=&#8221;Accordion&#8221; module_id=&#8221;SEC1-ancla2&#8243; module_class=&#8221;Accordion-black&#8221; _builder_version=&#8221;4.27.4&#8243; _module_preset=&#8221;addb4e85-b149-48c6-9dcd-1b63836bb534&#8243; toggle_text_color=&#8221;#00a55a&#8221; toggle_level=&#8221;h4&#8243; toggle_font=&#8221;|600|||||||&#8221; toggle_font_size=&#8221;18px&#8221; toggle_line_height=&#8221;1.2em&#8221; closed_toggle_font=&#8221;||||||||&#8221; closed_toggle_font_size=&#8221;18px&#8221; background_color=&#8221;rgba(0,0,0,0)&#8221; min_height=&#8221;200.3px&#8221; custom_margin=&#8221;0px||50px||false|false&#8221; custom_padding=&#8221;||||false|false&#8221; hover_transition_duration=&#8221;0.2ms&#8221; hover_transition_speed_curve=&#8221;ease-in-out&#8221; custom_css_main_element=&#8221;transition: 0.1s!important;&#8221; custom_css_toggle_icon=&#8221;content:\u201c4c\u201d;&#8221; custom_css_toggle_content=&#8221;padding: 1% 0% 1% 0%;||&#8221; border_width_all=&#8221;0px&#8221; border_color_all=&#8221;rgba(0,0,0,0)&#8221; border_style_bottom=&#8221;none&#8221; locked=&#8221;off&#8221; global_colors_info=&#8221;{}&#8221;][et_pb_accordion_item open=&#8221;on&#8221; open_toggle_background_color=&#8221;rgba(0,0,0,0)&#8221; icon_color=&#8221;rgba(0,0,0,0)&#8221; _builder_version=&#8221;4.16&#8243; _module_preset=&#8221;default&#8221; height=&#8221;0px&#8221; custom_margin=&#8221;-80px||||false|false&#8221; custom_css_toggle_icon=&#8221;content: %22%22!important;&#8221; global_colors_info=&#8221;{}&#8221; toggle_font=&#8221;||||||||&#8221; toggle_font_size=&#8221;18px&#8221;][\/et_pb_accordion_item][et_pb_accordion_item title=&#8221;Baliabideak &#8221; open_toggle_background_color=&#8221;rgba(0,0,0,0)&#8221; closed_toggle_background_color=&#8221;rgba(0,0,0,0)&#8221; icon_color=&#8221;#000000&#8243; use_icon_font_size=&#8221;on&#8221; icon_font_size=&#8221;25px&#8221; _builder_version=&#8221;4.27.4&#8243; _module_preset=&#8221;dd4590c4-4c27-4d54-b17d-daa56f0f40df&#8221; custom_margin=&#8221;-10px||-25px||false|false&#8221; custom_css_toggle_title=&#8221;Padding:5px 0px 5px 0px;||border-bottom: 1px solid #737373;||||&#8221; custom_css_toggle_icon=&#8221;font-family:&#8217;ETmodules&#8217;;||content: %22%924c%22;&#8221; border_width_bottom=&#8221;4px&#8221; border_color_bottom=&#8221;#8300e9&#8243; global_colors_info=&#8221;{}&#8221; toggle_level=&#8221;h4&#8243; toggle_font=&#8221;|600|||||||&#8221; toggle_font_size=&#8221;18px&#8221; custom_css_toggle_icon__hover_enabled=&#8221;on|hover&#8221; custom_css_toggle_icon_last_edited=&#8221;on|desktop&#8221; custom_css_toggle_icon__hover=&#8221;font-family:&#8217;ETmodules&#8217;;||content: %22%924c%22;||transform:rotate(180deg);\t&#8221; custom_css_toggle_icon_tablet=&#8221;font-family:&#8217;ETmodules&#8217;;||content: %22%924c%22;&#8221; custom_css_toggle_icon_phone=&#8221;font-family:&#8217;ETmodules&#8217;;||content: %22%924c%22;&#8221; open=&#8221;off&#8221;]<\/p>\n<ul>\n<li><a href=\"https:\/\/diocesisdebilbao-my.sharepoint.com\/:b:\/g\/personal\/webbizkeliza_bizkeliza_org\/EQt2yiSxx0xLu2rGR2amVKoBRGVYf51cSeDKnqfMyT4Hog?e=xCwJzn\" target=\"_blank\" rel=\"noopener\">Misioetako ordezkariaren gutuna<\/a><\/li>\n<li><a href=\"https:\/\/misioak.org\/wp-content\/uploads\/2025\/02\/Cartel-definitivo-color.pdf\" target=\"_blank\" rel=\"noopener\">Kartel<\/a>\u00a0<\/li>\n<li><a href=\"https:\/\/diocesisdebilbao-my.sharepoint.com\/:b:\/g\/personal\/webbizkeliza_bizkeliza_org\/EU8ClUbZFzlOmw2RsXyTpdEB6RDL0jAMjmdOV8ALeIulJQ?e=MhJf2P\" target=\"_blank\" rel=\"noopener\">Haurtzaroarentzako katekesia<\/a><\/li>\n<li><a href=\"https:\/\/diocesisdebilbao-my.sharepoint.com\/:b:\/g\/personal\/webbizkeliza_bizkeliza_org\/Efy6Yi8R0OFDjOd8P4-wFNIBwwAOHLj34t_g08_dvZhOhg?e=8Nc75A\" target=\"_blank\" rel=\"noopener\">Katekesirako gida<\/a><\/li>\n<li><a href=\"https:\/\/misioak.org\/wp-content\/uploads\/2025\/02\/POWER-POINT-CAMPANA-MMDDVV-25.pptx\" target=\"_blank\" rel=\"noopener\">Power point-eko aurkezpena<\/a><\/li>\n<li><a href=\"https:\/\/misioak.org\/wp-content\/uploads\/2025\/02\/FOLLETO-BIZKAIA.pdf\" target=\"_blank\" rel=\"noopener\">Liturgia<\/a><\/li>\n<li><a href=\"https:\/\/diocesisdebilbao-my.sharepoint.com\/:b:\/g\/personal\/webbizkeliza_bizkeliza_org\/EQCqwKG8H6dBpmzbfTPhHHEBEUcAuxrNdFCG2Kr2Pmr2Yw?e=K5zIem\" target=\"_blank\" rel=\"noopener\">Lagundu<\/a><\/li>\n<li><a href=\"https:\/\/diocesisdebilbao-my.sharepoint.com\/:b:\/g\/personal\/webbizkeliza_bizkeliza_org\/EZGsiwD5GYNFjIuxMt-fQCoBLSZne4l0kEXxPefbl8iG9g?e=XftCJU\" target=\"_blank\" rel=\"noopener\">Testigantza-mahaira gonbidatzea<\/a><\/li>\n<\/ul>\n<p>[\/et_pb_accordion_item][et_pb_accordion_item title=&#8221;Itxi &#8221; open_toggle_background_color=&#8221;rgba(0,0,0,0)&#8221; closed_toggle_background_color=&#8221;rgba(0,0,0,0)&#8221; icon_color=&#8221;#000000&#8243; use_icon_font_size=&#8221;on&#8221; icon_font_size=&#8221;25px&#8221; _builder_version=&#8221;4.16&#8243; _module_preset=&#8221;dd4590c4-4c27-4d54-b17d-daa56f0f40df&#8221; custom_margin=&#8221;0px||-25px||false|false&#8221; custom_padding=&#8221;||||false|false&#8221; custom_css_toggle_title=&#8221;Padding:5px 30px 5px 0px;||border-bottom: 0px solid;&#8221; custom_css_toggle_icon=&#8221;font-family:&#8217;ETmodules&#8217;;||content:%22%924d%22;||display:block!important;&#8221; border_width_bottom=&#8221;0px&#8221; border_color_bottom=&#8221;rgba(0,0,0,0)&#8221; border_style_bottom=&#8221;none&#8221; global_colors_info=&#8221;{}&#8221; toggle_level=&#8221;h4&#8243; toggle_font=&#8221;|300|||||||&#8221; toggle_text_align=&#8221;right&#8221; toggle_font_size=&#8221;18px&#8221; custom_css_toggle_icon__hover_enabled=&#8221;off|desktop&#8221; custom_css_toggle_icon_last_edited=&#8221;on|desktop&#8221; custom_css_toggle_icon__hover=&#8221;font-family:&#8217;ETmodules&#8217;;||content: %22%924c%22;||transform:rotate(180deg);\t&#8221; content__hover_enabled=&#8221;off|desktop&#8221; custom_padding__hover_enabled=&#8221;off|desktop&#8221; custom_css_toggle_icon_tablet=&#8221;font-family:&#8217;ETmodules&#8217;;||content:%22%924d%22;||display:block!important;&#8221; custom_css_toggle_icon_phone=&#8221;font-family:&#8217;ETmodules&#8217;;||content:%22%924d%22;||display:block!important;&#8221; open=&#8221;off&#8221;][\/et_pb_accordion_item][\/et_pb_accordion][\/et_pb_column][\/et_pb_row][\/et_pb_section][et_pb_section fb_built=&#8221;1&#8243; disabled_on=&#8221;on|on|on&#8221; _builder_version=&#8221;4.27.4&#8243; _module_preset=&#8221;default&#8221; disabled=&#8221;on&#8221; global_colors_info=&#8221;{}&#8221;][et_pb_row column_structure=&#8221;1_3,2_3&#8243; _builder_version=&#8221;4.16&#8243; _module_preset=&#8221;default&#8221; global_colors_info=&#8221;{}&#8221;][et_pb_column type=&#8221;1_3&#8243; admin_label=&#8221;Columna&#8221; _builder_version=&#8221;4.16&#8243; _module_preset=&#8221;default&#8221; global_colors_info=&#8221;{}&#8221;][et_pb_text admin_label=&#8221;Text&#8221; _builder_version=&#8221;4.23.1&#8243; _module_preset=&#8221;default&#8221; header_font_size=&#8221;44px&#8221; header_line_height=&#8221;1.2em&#8221; header_4_font=&#8221;|700|||||||&#8221; header_font_size_tablet=&#8221;&#8221; header_font_size_phone=&#8221;34px&#8221; header_font_size_last_edited=&#8221;on|phone&#8221; header_3_font_size_tablet=&#8221;&#8221; header_3_font_size_phone=&#8221;22px&#8221; header_3_font_size_last_edited=&#8221;on|phone&#8221; header_4_font_size_tablet=&#8221;&#8221; header_4_font_size_phone=&#8221;18px&#8221; header_4_font_size_last_edited=&#8221;on|desktop&#8221; global_colors_info=&#8221;{}&#8221;]<\/p>\n<h1>Elizbarrutiko Misioen Kanpaina<\/h1>\n<p>[\/et_pb_text][\/et_pb_column][et_pb_column type=&#8221;2_3&#8243; _builder_version=&#8221;4.16&#8243; _module_preset=&#8221;default&#8221; global_colors_info=&#8221;{}&#8221;][et_pb_text admin_label=&#8221;Texto&#8221; _builder_version=&#8221;4.23.1&#8243; _module_preset=&#8221;default&#8221; header_line_height=&#8221;1.2em&#8221; header_4_font=&#8221;|700|||||||&#8221; header_3_font_size_tablet=&#8221;&#8221; header_3_font_size_phone=&#8221;22px&#8221; header_3_font_size_last_edited=&#8221;on|phone&#8221; header_4_font_size_tablet=&#8221;&#8221; header_4_font_size_phone=&#8221;18px&#8221; header_4_font_size_last_edited=&#8221;on|desktop&#8221; global_colors_info=&#8221;{}&#8221;]<\/p>\n<h2>&#8220;Bide barriak &#8211; Nuevos caminos&#8221;<\/h2>\n<p>[\/et_pb_text][et_pb_image src=&#8221;https:\/\/misioak.b-cdn.net\/wp-content\/uploads\/2024\/02\/nuevos-caminos_vok_banner-01-1-2048&#215;755.jpg&#8221; title_text=&#8221;campana_misiones_2023&#8243; url=&#8221;https:\/\/misioak.org&#8221; url_new_window=&#8221;on&#8221; _builder_version=&#8221;4.23.1&#8243; _module_preset=&#8221;default&#8221; global_colors_info=&#8221;{}&#8221;][\/et_pb_image][et_pb_text _builder_version=&#8221;4.23.1&#8243; _module_preset=&#8221;default&#8221; header_font_size=&#8221;44px&#8221; header_line_height=&#8221;1.2em&#8221; header_4_font=&#8221;|700|||||||&#8221; header_3_font_size_tablet=&#8221;&#8221; header_3_font_size_phone=&#8221;22px&#8221; header_3_font_size_last_edited=&#8221;on|phone&#8221; header_4_font_size_tablet=&#8221;&#8221; header_4_font_size_phone=&#8221;18px&#8221; header_4_font_size_last_edited=&#8221;on|desktop&#8221; global_colors_info=&#8221;{}&#8221;]<\/p>\n<p>Hona hemen Eleizbarrutietako Misinoen 2024ko eguna. Dakizuenez, gure Eleizbarrutien misino-historiaren 75. Urteurrena ospatu barri dogu. Hirurogeta hamabost urteotan makina bat gauza ikasi dogu eta guzti hori gure Eleizbarrutietan be agertu izan da. Misinoaren ekimena geurea ez dala pentsatuta eta sinistuta, misino-historiako ibilbidean bide egiten jarraitzea da gure erronka.<\/p>\n<p><\/p>\n<p>Gaur egun, erronka barriak, bide barriak\u2026, doguz aurrez aurre eta horixe adierazo gura dogu aurtengo kanpainarako aukeratu dan goiburuagaz: <strong>\u201cBide barriak \u2013 Nuevos caminos\u201d.<\/strong><\/p>\n<p><\/p>\n<p>Bide barrietara lotzeko deia da, Frantzisko Aita Santuak dinoskunez, iturria begi-bistatik galdu barik: <em>\u201cIturrira bueltatu eta Barri Onaren jatorrizko freskotasuna berreskuratzen saiatzen garan bakotxean, bide barriak, jardunbide sortzaileak, adierazpen barriak, zeinu nabarmenagoak, esangura barridun berbak sortzen dira gaurko mundurako. Egia esan, benetako jarduera ebanjelizatzailea, beti da \u00abbarria\u00bb\u201d.<\/em><\/p>\n<p><\/p>\n<p>Bide barriak zabaltzeko ahalegin honetan, senidetasuna josten jarraitzen dogu eta, Eleiza misiolari lez, gagozan herrialdeen gizarte eta eleiz errealidadea hurbiltzen, emoteko eta jasotzeko prest diran Eleiza gazte horreek ezagutzera emonez. Gure ustez, misino-egitekoak danok konprometitu behar gaitu eta preminazko eta ezinbesteko egiteko bihurtu behar dogu, gure zaintza eta arreta guztia eskainiz.<\/p>\n<p><\/p>\n<p>Hain zuzen be, gure Eleizbarrutian, lagun batek, orain dala hilabete batzuk, Euskal Eleizbarrutietako Misinoen familiagaz bat egin eban, bide barriak urratuz. Eskerrak emon gura deutsaguz Jainkoari JAIONE Elorrioko neska gazteagaitik, Filipinetan misiolari da-eta, Berrizko Mesedetako Misiolarien etxean. Espirituaren eta gazte eta helduak hezten jarraitzeko erabakiaren emaitza da Jaioneren misino-bizitza. Bai Jaionek eta bai hezten diharduan beste hainbat lagunek, otoitzetik, heziketatik, bereizketatik eta gure munduaren errealidadearen ezagutzatik Jesusen atzetik jarraitzen dau, Jesus hori behartsuen artean aurkituko dabela sinistuta<\/p>\n<p><\/p>\n<p>Jesusen deiak suspertu egiten gaitu, ez gaitu axolagabe izten, martxan jarten gaitu. Bideari lotzera garoaz.<\/p>\n<p><\/p>\n<p><strong>Aurton, martxoaren 19ko -San Jose eguneko- kanpaina beste egun batean ospatuko dogu, hain zuzen be, martxoaren 17an, 19a ez dalako jaiegun. Horregaitik, San Jose egunaren aurreko domekan (martxoak 17), gogoratu eleiztarrei martitzenean, martxoak 19, Eleizbarrutiko Misinoen Eguna ospatzen dala. <\/strong><\/p>\n<p><\/p>\n<p>Kanpainarako hainbat lagungarri jasoko dozue: Eleizbarrutietako gotzainen gutuna; Eleizbarrutietako Misinoen egunerako liturgia lagungarriak (liburuxka honetan), kartelak, powerpoint bat ospakizunetarako eta taldeetarako eta Euskal Eleizbarrutietako Misinoen 2023ko oroitza-txostena. Kanpainaren inguruan gehiago jakiteko: <a href=\"http:\/\/www.misioak.org\">www.misioak.org<\/a>.<\/p>\n<p><\/p>\n<p>Eskerrik asko, aldez aurretik, zuen laguntasunagaitik.<\/p>\n<p><\/p>\n<p>Felicitas Mart\u00edn Fern\u00e1ndez<br \/>Delegada de Misiones de Bilbao<\/p>\n<p>[\/et_pb_text][et_pb_divider show_divider=&#8221;off&#8221; _builder_version=&#8221;4.16&#8243; _module_preset=&#8221;default&#8221; height=&#8221;50px&#8221; global_colors_info=&#8221;{}&#8221;][\/et_pb_divider][et_pb_accordion open_toggle_text_color=&#8221;#000000&#8243; open_toggle_background_color=&#8221;rgba(0,0,0,0)&#8221; closed_toggle_text_color=&#8221;#000000&#8243; closed_toggle_background_color=&#8221;rgba(0,0,0,0)&#8221; icon_color=&#8221;#000000&#8243; use_icon_font_size=&#8221;on&#8221; admin_label=&#8221;Accordion&#8221; module_id=&#8221;SEC1-ancla2&#8243; module_class=&#8221;Accordion-black&#8221; _builder_version=&#8221;4.23.1&#8243; _module_preset=&#8221;addb4e85-b149-48c6-9dcd-1b63836bb534&#8243; toggle_text_color=&#8221;#00a55a&#8221; toggle_level=&#8221;h4&#8243; toggle_font=&#8221;|600|||||||&#8221; toggle_font_size=&#8221;18px&#8221; toggle_line_height=&#8221;1.2em&#8221; closed_toggle_font=&#8221;||||||||&#8221; closed_toggle_font_size=&#8221;18px&#8221; background_color=&#8221;rgba(0,0,0,0)&#8221; min_height=&#8221;200.3px&#8221; custom_margin=&#8221;0px||50px||false|false&#8221; custom_padding=&#8221;||||false|false&#8221; hover_transition_duration=&#8221;0.2ms&#8221; hover_transition_speed_curve=&#8221;ease-in-out&#8221; custom_css_main_element=&#8221;transition: 0.1s!important;&#8221; custom_css_toggle_icon=&#8221;content:\u201c4c\u201d;&#8221; custom_css_toggle_content=&#8221;padding: 1% 0% 1% 0%;||&#8221; border_width_all=&#8221;0px&#8221; border_color_all=&#8221;rgba(0,0,0,0)&#8221; border_style_bottom=&#8221;none&#8221; locked=&#8221;off&#8221; global_colors_info=&#8221;{}&#8221;][et_pb_accordion_item open=&#8221;on&#8221; open_toggle_background_color=&#8221;rgba(0,0,0,0)&#8221; icon_color=&#8221;rgba(0,0,0,0)&#8221; _builder_version=&#8221;4.16&#8243; _module_preset=&#8221;default&#8221; height=&#8221;0px&#8221; custom_margin=&#8221;-80px||||false|false&#8221; custom_css_toggle_icon=&#8221;content: %22%22!important;&#8221; global_colors_info=&#8221;{}&#8221; toggle_font=&#8221;||||||||&#8221; toggle_font_size=&#8221;18px&#8221;][\/et_pb_accordion_item][et_pb_accordion_item title=&#8221;Baliabideak &#8221; open_toggle_background_color=&#8221;rgba(0,0,0,0)&#8221; closed_toggle_background_color=&#8221;rgba(0,0,0,0)&#8221; icon_color=&#8221;#000000&#8243; use_icon_font_size=&#8221;on&#8221; icon_font_size=&#8221;25px&#8221; _builder_version=&#8221;4.23.1&#8243; _module_preset=&#8221;dd4590c4-4c27-4d54-b17d-daa56f0f40df&#8221; custom_margin=&#8221;-10px||-25px||false|false&#8221; custom_css_toggle_title=&#8221;Padding:5px 0px 5px 0px;||border-bottom: 1px solid #737373;||||&#8221; custom_css_toggle_icon=&#8221;font-family:&#8217;ETmodules&#8217;;||content: %22%924c%22;&#8221; border_width_bottom=&#8221;4px&#8221; border_color_bottom=&#8221;#8300e9&#8243; global_colors_info=&#8221;{}&#8221; toggle_level=&#8221;h4&#8243; toggle_font=&#8221;|600|||||||&#8221; toggle_font_size=&#8221;18px&#8221; custom_css_toggle_icon__hover_enabled=&#8221;on|hover&#8221; custom_css_toggle_icon_last_edited=&#8221;on|desktop&#8221; custom_css_toggle_icon__hover=&#8221;font-family:&#8217;ETmodules&#8217;;||content: %22%924c%22;||transform:rotate(180deg);\t&#8221; custom_css_toggle_icon_tablet=&#8221;font-family:&#8217;ETmodules&#8217;;||content: %22%924c%22;&#8221; custom_css_toggle_icon_phone=&#8221;font-family:&#8217;ETmodules&#8217;;||content: %22%924c%22;&#8221; open=&#8221;off&#8221;]<\/p>\n<ul>\n<li><a href=\"https:\/\/misioak.b-cdn.net\/wp-content\/uploads\/2024\/02\/nuevos-caminos_19-marzo_vok_dinA4.pdf\">Cartel Bide berriak \u2013 Nuevos caminos para Bizkaia<\/a>\u00a0<\/li>\n<li><a href=\"https:\/\/misioak.b-cdn.net\/wp-content\/uploads\/2024\/02\/nuevos-caminos_vok_dinA3-colorear.pdf\">Cartel para colorear<\/a><\/li>\n<li><a href=\"https:\/\/misioak.b-cdn.net\/wp-content\/uploads\/2024\/02\/CATEQUESIS-INFANCIA-CAMPANA-MDV-24-cas_eus.pdf\">Catequesis Infancia \u2013 Katekesia<\/a><\/li>\n<li><a href=\"https:\/\/diocesisdebilbao-my.sharepoint.com\/:b:\/g\/personal\/webbizkeliza_bizkeliza_org\/EcqQoQSRv99HmyIPWRpyKZ8BjZdewcpH0OMfMhGCxZqP8w?e=B7DDl9\" target=\"_blank\" rel=\"noopener\">Presentaci\u00f3n en Power Point \u2013 Nuevos Caminos<\/a><\/li>\n<li><a href=\"https:\/\/misioak.b-cdn.net\/wp-content\/uploads\/2024\/02\/Oracion-Haznos-nuevos.pdf\">Oracion Haznos nuevos \u2013 Benjam\u00edn Respaldiza<\/a><\/li>\n<li><a href=\"https:\/\/misioak.b-cdn.net\/wp-content\/uploads\/2024\/02\/FOLLETO-BIZKAIA-MDV-24-EUS.pdf\">Folleto Bizkaia \u2013 Euskera<\/a><\/li>\n<li><a href=\"https:\/\/misioak.b-cdn.net\/wp-content\/uploads\/2024\/02\/FOLLETO-BIZKAIA-MDV-24-CAST.pdf\">Folleto Bizkaia \u2013 Castellano<\/a><\/li>\n<li><a href=\"https:\/\/misioak.b-cdn.net\/wp-content\/uploads\/2024\/02\/LAGUNDU-BIZKAIA-MDV-24.pdf\">Hoja de Colaboraci\u00f3n para Bizkaia<\/a><\/li>\n<li><a href=\"https:\/\/misioak.b-cdn.net\/wp-content\/uploads\/2024\/02\/INVITACION-ACTIVIDADES-BIZKAIA-MDV-24-eus_cas.pdf\">Invitaci\u00f3n a Actividades de Bizkaia<\/a><\/li>\n<li><a href=\"https:\/\/misioak.b-cdn.net\/wp-content\/uploads\/2024\/02\/INVITACION-ACTIVIDAD-BIZKAIA-13-DE-MARZO-24-eus_cas.pdf\">Invitaci\u00f3n a Actividades 13 de Marzo \u2013 Bizkaia<\/a><\/li>\n<\/ul>\n<p>[\/et_pb_accordion_item][et_pb_accordion_item title=&#8221;Itxi &#8221; open_toggle_background_color=&#8221;rgba(0,0,0,0)&#8221; closed_toggle_background_color=&#8221;rgba(0,0,0,0)&#8221; icon_color=&#8221;#000000&#8243; use_icon_font_size=&#8221;on&#8221; icon_font_size=&#8221;25px&#8221; _builder_version=&#8221;4.16&#8243; _module_preset=&#8221;dd4590c4-4c27-4d54-b17d-daa56f0f40df&#8221; custom_margin=&#8221;0px||-25px||false|false&#8221; custom_padding=&#8221;||||false|false&#8221; custom_css_toggle_title=&#8221;Padding:5px 30px 5px 0px;||border-bottom: 0px solid;&#8221; custom_css_toggle_icon=&#8221;font-family:&#8217;ETmodules&#8217;;||content:%22%924d%22;||display:block!important;&#8221; border_width_bottom=&#8221;0px&#8221; border_color_bottom=&#8221;rgba(0,0,0,0)&#8221; border_style_bottom=&#8221;none&#8221; global_colors_info=&#8221;{}&#8221; toggle_level=&#8221;h4&#8243; toggle_font=&#8221;|300|||||||&#8221; toggle_text_align=&#8221;right&#8221; toggle_font_size=&#8221;18px&#8221; custom_css_toggle_icon__hover_enabled=&#8221;off|desktop&#8221; custom_css_toggle_icon_last_edited=&#8221;on|desktop&#8221; custom_css_toggle_icon__hover=&#8221;font-family:&#8217;ETmodules&#8217;;||content: %22%924c%22;||transform:rotate(180deg);\t&#8221; content__hover_enabled=&#8221;off|desktop&#8221; custom_padding__hover_enabled=&#8221;off|desktop&#8221; custom_css_toggle_icon_tablet=&#8221;font-family:&#8217;ETmodules&#8217;;||content:%22%924d%22;||display:block!important;&#8221; custom_css_toggle_icon_phone=&#8221;font-family:&#8217;ETmodules&#8217;;||content:%22%924d%22;||display:block!important;&#8221; open=&#8221;off&#8221;][\/et_pb_accordion_item][\/et_pb_accordion][\/et_pb_column][\/et_pb_row][\/et_pb_section][et_pb_section fb_built=&#8221;1&#8243; disabled_on=&#8221;on|on|on&#8221; _builder_version=&#8221;4.23.1&#8243; _module_preset=&#8221;default&#8221; disabled=&#8221;on&#8221; global_colors_info=&#8221;{}&#8221;][et_pb_row column_structure=&#8221;1_3,2_3&#8243; _builder_version=&#8221;4.16&#8243; _module_preset=&#8221;default&#8221; global_colors_info=&#8221;{}&#8221;][et_pb_column type=&#8221;1_3&#8243; admin_label=&#8221;Columna&#8221; _builder_version=&#8221;4.16&#8243; _module_preset=&#8221;default&#8221; global_colors_info=&#8221;{}&#8221;][et_pb_text admin_label=&#8221;Text&#8221; _builder_version=&#8221;4.16&#8243; _module_preset=&#8221;default&#8221; header_font_size=&#8221;44px&#8221; header_line_height=&#8221;1.2em&#8221; header_4_font=&#8221;|700|||||||&#8221; header_font_size_tablet=&#8221;&#8221; header_font_size_phone=&#8221;34px&#8221; header_font_size_last_edited=&#8221;on|phone&#8221; header_3_font_size_tablet=&#8221;&#8221; header_3_font_size_phone=&#8221;22px&#8221; header_3_font_size_last_edited=&#8221;on|phone&#8221; header_4_font_size_tablet=&#8221;&#8221; header_4_font_size_phone=&#8221;18px&#8221; header_4_font_size_last_edited=&#8221;on|desktop&#8221; global_colors_info=&#8221;{}&#8221;]<\/p>\n<h1>Elizbarrutiko Misioen Kanpaina<\/h1>\n<p>[\/et_pb_text][\/et_pb_column][et_pb_column type=&#8221;2_3&#8243; _builder_version=&#8221;4.16&#8243; _module_preset=&#8221;default&#8221; global_colors_info=&#8221;{}&#8221;][et_pb_text admin_label=&#8221;Texto&#8221; _builder_version=&#8221;4.19.4&#8243; _module_preset=&#8221;default&#8221; header_line_height=&#8221;1.2em&#8221; header_4_font=&#8221;|700|||||||&#8221; header_3_font_size_tablet=&#8221;&#8221; header_3_font_size_phone=&#8221;22px&#8221; header_3_font_size_last_edited=&#8221;on|phone&#8221; header_4_font_size_tablet=&#8221;&#8221; header_4_font_size_phone=&#8221;18px&#8221; header_4_font_size_last_edited=&#8221;on|desktop&#8221; global_colors_info=&#8221;{}&#8221;]<\/p>\n<h2>&#8220;Mundura zabalik &#8211; Abiertos al mundo&#8221;<\/h2>\n<p>[\/et_pb_text][et_pb_image src=&#8221;https:\/\/bizkeliza.org\/wp-content\/uploads\/campana_misiones_2023-1.webp&#8221; title_text=&#8221;campana_misiones_2023&#8243; _builder_version=&#8221;4.19.4&#8243; _module_preset=&#8221;default&#8221; global_colors_info=&#8221;{}&#8221;][\/et_pb_image][et_pb_text _builder_version=&#8221;4.19.4&#8243; _module_preset=&#8221;default&#8221; header_font_size=&#8221;44px&#8221; header_line_height=&#8221;1.2em&#8221; header_4_font=&#8221;|700|||||||&#8221; header_3_font_size_tablet=&#8221;&#8221; header_3_font_size_phone=&#8221;22px&#8221; header_3_font_size_last_edited=&#8221;on|phone&#8221; header_4_font_size_tablet=&#8221;&#8221; header_4_font_size_phone=&#8221;18px&#8221; header_4_font_size_last_edited=&#8221;on|desktop&#8221; global_colors_info=&#8221;{}&#8221;]<\/p>\n<p>Aurreko urteetan lez, euskal Eleizbarrutietan ELEIZBARRUTIKO MISINOEN EGUNA ospatuko dagu martxoaren 19an, aurton, goiburu honen haritik:<\/p>\n<p><\/p>\n<p>\u201c75 URTE MUNDURA ZABALIK\u201d<\/p>\n<p><\/p>\n<p>Hiru euskal Eleizbarrutiok munduan aitzindari izan zan eta Euskal Eleizbarrutietako Misinoetan zehaztu zan misinoagazko konpromisoa barritu dogu. Apustu hau, urteen buruan aldatu eta egokitu egin da gauzatzeko erei dagokienez, baina leial iraun dau, Jesukristoren jarraitzaileen eskutik. Akonpainamendua emon dogun herrialdeetako txirotuei eta Eleiza ahiztei erantzuten eta lagun egiten jarraitu dogu. Hirurogeta hamabost urteren ostean, konpromiso hori indarrean da eta \u201cmundura zabalik dagozan\u201d eleizbarruti bihurtu gaitu eta izaera hori gogorarazoten deusku.<\/p>\n<p><\/p>\n<p>Aurtengo kartela misino-abenturaren hasierako kartelen oroitzapena da. Hainbat jarduera antolatu dogu Eleizbarruti arteko kanpaina honetarako eta zuok parte hartzea gurako geunke. Euskal Eleizbarrutietako Misinoen Artxiboa inauguratuko da Gasteizen; ospakizuna egingo dogu Bilbon, laguntzaileak, korrespontsalak, boluntarioak eta misiolariak batuz eta<br \/>kanpainetako kartelik esanguratsuenak ikusgai jarriko doguz erakusketa baten. Bialduko deutsuegu guzti honen barri.<\/p>\n<p><\/p>\n<p>Misinoen egunari buruzko lagungarriak eta 2022ko jarduera eta egitasmoen oroitza-txostena jasoko dozuez parrokietan. Kanpainaren inguruan gehiago jakiteko: www.bizkeliza.org.<\/p>\n<p><\/p>\n<p>Egun ona opatzeaz batera, esker ona adierazo gura deutsuegu zuen laguntza eta eskuzabaltasunagaitik.<\/p>\n<p><\/p>\n<p>Besarkada bat.<br \/>Felicitas Martin Fernandez<br \/>Misinoetarako Eleizbarrutiko ordezkaria. Bilbao<\/p>\n<p>[\/et_pb_text][et_pb_divider show_divider=&#8221;off&#8221; _builder_version=&#8221;4.16&#8243; _module_preset=&#8221;default&#8221; height=&#8221;50px&#8221; global_colors_info=&#8221;{}&#8221;][\/et_pb_divider][et_pb_accordion open_toggle_text_color=&#8221;#000000&#8243; open_toggle_background_color=&#8221;rgba(0,0,0,0)&#8221; closed_toggle_text_color=&#8221;#000000&#8243; closed_toggle_background_color=&#8221;rgba(0,0,0,0)&#8221; icon_color=&#8221;#000000&#8243; use_icon_font_size=&#8221;on&#8221; admin_label=&#8221;Accordion&#8221; module_id=&#8221;SEC1-ancla2&#8243; module_class=&#8221;Accordion-black&#8221; _builder_version=&#8221;4.19.4&#8243; _module_preset=&#8221;addb4e85-b149-48c6-9dcd-1b63836bb534&#8243; toggle_text_color=&#8221;#00a55a&#8221; toggle_level=&#8221;h4&#8243; toggle_font=&#8221;|600|||||||&#8221; toggle_font_size=&#8221;18px&#8221; toggle_line_height=&#8221;1.2em&#8221; closed_toggle_font=&#8221;||||||||&#8221; closed_toggle_font_size=&#8221;18px&#8221; background_color=&#8221;rgba(0,0,0,0)&#8221; min_height=&#8221;200.3px&#8221; custom_margin=&#8221;0px||50px||false|false&#8221; custom_padding=&#8221;||||false|false&#8221; hover_transition_duration=&#8221;0.2ms&#8221; hover_transition_speed_curve=&#8221;ease-in-out&#8221; custom_css_main_element=&#8221;transition: 0.1s!important;&#8221; custom_css_toggle_icon=&#8221;content:\u201c4c\u201d;&#8221; custom_css_toggle_content=&#8221;padding: 1% 0% 1% 0%;||&#8221; border_width_all=&#8221;0px&#8221; border_color_all=&#8221;rgba(0,0,0,0)&#8221; border_style_bottom=&#8221;none&#8221; locked=&#8221;off&#8221; global_colors_info=&#8221;{}&#8221;][et_pb_accordion_item open=&#8221;on&#8221; open_toggle_background_color=&#8221;rgba(0,0,0,0)&#8221; icon_color=&#8221;rgba(0,0,0,0)&#8221; _builder_version=&#8221;4.16&#8243; _module_preset=&#8221;default&#8221; height=&#8221;0px&#8221; custom_margin=&#8221;-80px||||false|false&#8221; custom_css_toggle_icon=&#8221;content: %22%22!important;&#8221; global_colors_info=&#8221;{}&#8221; toggle_font=&#8221;||||||||&#8221; toggle_font_size=&#8221;18px&#8221;][\/et_pb_accordion_item][et_pb_accordion_item title=&#8221;Baliabideak &#8221; open_toggle_background_color=&#8221;rgba(0,0,0,0)&#8221; closed_toggle_background_color=&#8221;rgba(0,0,0,0)&#8221; icon_color=&#8221;#000000&#8243; use_icon_font_size=&#8221;on&#8221; icon_font_size=&#8221;25px&#8221; _builder_version=&#8221;4.19.4&#8243; _module_preset=&#8221;dd4590c4-4c27-4d54-b17d-daa56f0f40df&#8221; custom_margin=&#8221;-10px||-25px||false|false&#8221; custom_css_toggle_title=&#8221;Padding:5px 0px 5px 0px;||border-bottom: 1px solid #737373;||||&#8221; custom_css_toggle_icon=&#8221;font-family:&#8217;ETmodules&#8217;;||content: %22%924c%22;&#8221; border_width_bottom=&#8221;4px&#8221; border_color_bottom=&#8221;#8300e9&#8243; global_colors_info=&#8221;{}&#8221; toggle_level=&#8221;h4&#8243; toggle_font=&#8221;|600|||||||&#8221; toggle_font_size=&#8221;18px&#8221; custom_css_toggle_icon__hover_enabled=&#8221;on|hover&#8221; custom_css_toggle_icon_last_edited=&#8221;on|desktop&#8221; custom_css_toggle_icon__hover=&#8221;font-family:&#8217;ETmodules&#8217;;||content: %22%924c%22;||transform:rotate(180deg);\t&#8221; custom_css_toggle_icon_tablet=&#8221;font-family:&#8217;ETmodules&#8217;;||content: %22%924c%22;&#8221; custom_css_toggle_icon_phone=&#8221;font-family:&#8217;ETmodules&#8217;;||content: %22%924c%22;&#8221; open=&#8221;off&#8221;]<\/p>\n<ul>\n<li><a href=\"https:\/\/diocesisdebilbao-my.sharepoint.com\/:b:\/g\/personal\/webbizkeliza_bizkeliza_org\/EQIOLmxH3qxLhpeVDhAk1QAB9cst9ohZN_Qn8ruu-La0Bg?e=YTKepR\" target=\"_blank\" rel=\"noopener noreferrer\">Ordezkariaren gutuna . \u00a0<img decoding=\"async\" class=\"wp-image-2416 alignnone size-full\" src=\"https:\/\/bizkeliza.org\/wp-content\/uploads\/download-icon-verdeoscuro.png\" alt=\"\" width=\"22\" height=\"22\" \/><\/a><\/li>\n<li><a href=\"https:\/\/misioak.b-cdn.net\/wp-content\/uploads\/2023\/01\/Carta-del-Obispo-Delegado-para-MMDDVV.pdf\" target=\"_blank\" rel=\"noopener\">EEEEMMetarako Gotzain Ordezkariaren gutuna <img decoding=\"async\" class=\"wp-image-2416 alignnone size-full\" src=\"https:\/\/bizkeliza.org\/wp-content\/uploads\/download-icon-verdeoscuro.png\" alt=\"\" width=\"22\" height=\"22\" \/><\/a><\/li>\n<li><a href=\"https:\/\/diocesisdebilbao-my.sharepoint.com\/:b:\/g\/personal\/webbizkeliza_bizkeliza_org\/EdIpCn_cQwJOsTeUnAeICCQBTNPpqVpehEHvOCB6IrGBmg?e=ivNz3Q\" target=\"_blank\" rel=\"noopener noreferrer\">Liburuxka <img decoding=\"async\" class=\"wp-image-2416 alignnone size-full\" src=\"https:\/\/bizkeliza.org\/wp-content\/uploads\/download-icon-verdeoscuro.png\" alt=\"\" width=\"22\" height=\"22\" \/><\/a> (ondorengo honeekaz):\n<ul>\n<li><em>EEEEMMetarako Gotzain Ordezkariaren gutuna<\/em><\/li>\n<li><i>Eleizbarrutiko Ordezkariaren gutuna<\/i><\/li>\n<li><em>Martxoaren 19rako liturgia lagungarriak<\/em><\/li>\n<\/ul>\n<p><\/li>\n<p><\/p>\n<li><a href=\"https:\/\/misioak.b-cdn.net\/wp-content\/uploads\/2023\/01\/Invitacion-Actividades-Bilbao-Cast.pdf\" target=\"_blank\" rel=\"noopener\">Bilbon ospatuko dan 75. urteurreneko topaketarako deia <img decoding=\"async\" class=\"wp-image-2416 alignnone size-full\" src=\"https:\/\/bizkeliza.org\/wp-content\/uploads\/download-icon-verdeoscuro.png\" alt=\"\" width=\"22\" height=\"22\" \/><\/a><\/li>\n<p><\/p>\n<li><a href=\"https:\/\/misioak.b-cdn.net\/wp-content\/uploads\/2023\/01\/Triptico-San-Jose-2023.pdf\" target=\"_blank\" rel=\"noopener noreferrer\">Triptikoa\u00a0\u00a0<img decoding=\"async\" class=\"wp-image-2416 alignnone size-full\" src=\"https:\/\/bizkeliza.org\/wp-content\/uploads\/download-icon-verdeoscuro.png\" alt=\"\" width=\"22\" height=\"22\" \/><\/a><\/li>\n<p><\/p>\n<li><a href=\"https:\/\/diocesisdebilbao-my.sharepoint.com\/:b:\/g\/personal\/webbizkeliza_bizkeliza_org\/EfGFxxfoCHpApFjsE5rzUFoBe9c5uVNprIkCOwpp3h-pIg?e=i1S33M\" target=\"_blank\" rel=\"noopener\">Otoitza. \u00a0<img decoding=\"async\" class=\"wp-image-2416 alignnone size-full\" src=\"https:\/\/bizkeliza.org\/wp-content\/uploads\/download-icon-verdeoscuro.png\" alt=\"\" width=\"22\" height=\"22\" \/><\/a><\/li>\n<p><\/p>\n<li><a href=\"https:\/\/misioak.b-cdn.net\/wp-content\/uploads\/2023\/01\/Cartel-Lagundu-Colabora-de-Bilbao.pdf\" target=\"_blank\" rel=\"noopener\">Lagundu\u00a0Kartela <img decoding=\"async\" class=\"wp-image-2416 alignnone size-full\" src=\"https:\/\/bizkeliza.org\/wp-content\/uploads\/download-icon-verdeoscuro.png\" alt=\"\" width=\"22\" height=\"22\" \/>\u00a0<\/a><\/li>\n<p><\/p>\n<li><a href=\"https:\/\/diocesisdebilbao-my.sharepoint.com\/:i:\/g\/personal\/webbizkeliza_bizkeliza_org\/EYiORGVyIRtPh6QtUUNhUhQBN0fG7R6OeBo4GuDjh_8kQg?e=eLMRzv\" target=\"_blank\" rel=\"noopener\">Martxoaren 19ko kanpainarako kartela <img decoding=\"async\" class=\"wp-image-2416 alignnone size-full\" src=\"https:\/\/bizkeliza.org\/wp-content\/uploads\/download-icon-verdeoscuro.png\" alt=\"\" width=\"22\" height=\"22\" \/><\/a><\/li>\n<p><\/p>\n<li><a href=\"https:\/\/misioak.b-cdn.net\/wp-content\/uploads\/2023\/01\/Memoria-Interdiocesana-MMDDVV-2022-Eus.pdf\" target=\"_blank\" rel=\"noopener noreferrer\">Eleizbarruti arteko 2022ko oroitza-txostena <img decoding=\"async\" class=\"wp-image-2416 alignnone size-full\" src=\"https:\/\/bizkeliza.org\/wp-content\/uploads\/download-icon-verdeoscuro.png\" alt=\"\" width=\"22\" height=\"22\" \/><\/a><\/li>\n<p><\/ul>\n<p>[\/et_pb_accordion_item][et_pb_accordion_item title=&#8221;Itxi &#8221; open_toggle_background_color=&#8221;rgba(0,0,0,0)&#8221; closed_toggle_background_color=&#8221;rgba(0,0,0,0)&#8221; icon_color=&#8221;#000000&#8243; use_icon_font_size=&#8221;on&#8221; icon_font_size=&#8221;25px&#8221; _builder_version=&#8221;4.16&#8243; _module_preset=&#8221;dd4590c4-4c27-4d54-b17d-daa56f0f40df&#8221; custom_margin=&#8221;0px||-25px||false|false&#8221; custom_padding=&#8221;||||false|false&#8221; custom_css_toggle_title=&#8221;Padding:5px 30px 5px 0px;||border-bottom: 0px solid;&#8221; custom_css_toggle_icon=&#8221;font-family:&#8217;ETmodules&#8217;;||content:%22%924d%22;||display:block!important;&#8221; border_width_bottom=&#8221;0px&#8221; border_color_bottom=&#8221;rgba(0,0,0,0)&#8221; border_style_bottom=&#8221;none&#8221; global_colors_info=&#8221;{}&#8221; toggle_level=&#8221;h4&#8243; toggle_font=&#8221;|300|||||||&#8221; toggle_text_align=&#8221;right&#8221; toggle_font_size=&#8221;18px&#8221; custom_css_toggle_icon__hover_enabled=&#8221;off|desktop&#8221; custom_css_toggle_icon_last_edited=&#8221;on|desktop&#8221; custom_css_toggle_icon__hover=&#8221;font-family:&#8217;ETmodules&#8217;;||content: %22%924c%22;||transform:rotate(180deg);\t&#8221; content__hover_enabled=&#8221;off|desktop&#8221; custom_padding__hover_enabled=&#8221;off|desktop&#8221; custom_css_toggle_icon_tablet=&#8221;font-family:&#8217;ETmodules&#8217;;||content:%22%924d%22;||display:block!important;&#8221; custom_css_toggle_icon_phone=&#8221;font-family:&#8217;ETmodules&#8217;;||content:%22%924d%22;||display:block!important;&#8221; open=&#8221;off&#8221;][\/et_pb_accordion_item][\/et_pb_accordion][\/et_pb_column][\/et_pb_row][\/et_pb_section][et_pb_section fb_built=&#8221;1&#8243; disabled_on=&#8221;on|on|on&#8221; _builder_version=&#8221;4.19.4&#8243; _module_preset=&#8221;default&#8221; disabled=&#8221;on&#8221; global_colors_info=&#8221;{}&#8221;][et_pb_row column_structure=&#8221;1_3,2_3&#8243; _builder_version=&#8221;4.16&#8243; _module_preset=&#8221;default&#8221; global_colors_info=&#8221;{}&#8221;][et_pb_column type=&#8221;1_3&#8243; admin_label=&#8221;Columna&#8221; _builder_version=&#8221;4.16&#8243; _module_preset=&#8221;default&#8221; global_colors_info=&#8221;{}&#8221;][et_pb_text admin_label=&#8221;Text&#8221; _builder_version=&#8221;4.16&#8243; _module_preset=&#8221;default&#8221; header_font_size=&#8221;44px&#8221; header_line_height=&#8221;1.2em&#8221; header_4_font=&#8221;|700|||||||&#8221; header_font_size_tablet=&#8221;&#8221; header_font_size_phone=&#8221;34px&#8221; header_font_size_last_edited=&#8221;on|phone&#8221; header_3_font_size_tablet=&#8221;&#8221; header_3_font_size_phone=&#8221;22px&#8221; header_3_font_size_last_edited=&#8221;on|phone&#8221; header_4_font_size_tablet=&#8221;&#8221; header_4_font_size_phone=&#8221;18px&#8221; header_4_font_size_last_edited=&#8221;on|desktop&#8221; global_colors_info=&#8221;{}&#8221;]<\/p>\n<h1>Elizbarrutiko Misioen Kanpaina<\/h1>\n<p>[\/et_pb_text][\/et_pb_column][et_pb_column type=&#8221;2_3&#8243; _builder_version=&#8221;4.16&#8243; _module_preset=&#8221;default&#8221; global_colors_info=&#8221;{}&#8221;][et_pb_text admin_label=&#8221;Texto&#8221; _builder_version=&#8221;4.16&#8243; _module_preset=&#8221;default&#8221; header_line_height=&#8221;1.2em&#8221; header_4_font=&#8221;|700|||||||&#8221; header_3_font_size_tablet=&#8221;&#8221; header_3_font_size_phone=&#8221;22px&#8221; header_3_font_size_last_edited=&#8221;on|phone&#8221; header_4_font_size_tablet=&#8221;&#8221; header_4_font_size_phone=&#8221;18px&#8221; header_4_font_size_last_edited=&#8221;on|desktop&#8221; global_colors_info=&#8221;{}&#8221;]<\/p>\n<h2>&#8220;Konpromisoa barrituz&#8221;<\/h2>\n<p>[\/et_pb_text][et_pb_text _builder_version=&#8221;4.16&#8243; _module_preset=&#8221;default&#8221; header_font_size=&#8221;44px&#8221; header_line_height=&#8221;1.2em&#8221; header_4_font=&#8221;|700|||||||&#8221; header_3_font_size_tablet=&#8221;&#8221; header_3_font_size_phone=&#8221;22px&#8221; header_3_font_size_last_edited=&#8221;on|phone&#8221; header_4_font_size_tablet=&#8221;&#8221; header_4_font_size_phone=&#8221;18px&#8221; header_4_font_size_last_edited=&#8221;on|desktop&#8221; global_colors_info=&#8221;{}&#8221;]<\/p>\n<p><img decoding=\"async\" class=\"size-medium alignnone\" src=\"https:\/\/misioak.b-cdn.net\/wp-content\/uploads\/2022\/02\/Banner-Campana-San-Jose-2022-01-Fran-1024x470.jpg\" alt=\"\" width=\"1140\" height=\"403\" \/> Aurreko urteetan lez, aurton be, hain zuzen be, martxoaren 20an, ELEIZBARRUTIETAKO MISINOEN eguna ospatuko dogu euskal Eleizbarrutietan, goiburu honegaz: <strong>\u00a0<\/strong><strong>\u201cKonpromisoa barrituz. <em>Renovamos el compromiso<\/em>\u201d<\/strong> Aurtengo kartela kolorez, mobimentuz beteta dago, Eliza, ate eta leihoak zabalik dituan alkarte bizi garalako. Eta bertatik Argia eta Espiritua ataraten da. Jesusen bihotzak misinora garoaz, hegoalderantz bultzatuz, beso eta besarkada abegitsuz, mundura zabalik dan Eleiza lez. Dei barria <em>misioan ausardia sortzailea<\/em> erakusteko, gotzainek eskatzen deuskuen lez. Aukera barria mundu osoan senidetasuna hedatu eta Jainkoaren Erreinua eraikitzen hemen eta orain, danok batera. Zabaldu daigun gure alkartearen ikuspuntua Kristorenganako eta Eleizaganako fedearen berariazko unibertsaltasunerantz: gertukotik hasi eta unibertsalera jo. Eleiza misiolari lez, misino ebanjelizatzailea martxan jarri behar dogu, munduan egon behar dogu, desbardintasuna eta bidegabekeria dagoan lekuan. Eleiza misiolari izanda, gure ekarpen eskuzabala egin daikegu eta gure misiolariek sakrifizio eta ilusino handiz garatzen diharduen pastoral eta gizarte egitekoa sustatzen lagundu. Eredu eta dei dira guretzat euren zerbitzuagaitik, eskaintzagaitik, eta misino-senidetasunetik guztion ona hedatzeko KONPROMISOAGAITIK. Aurtengo goiburuan esaten dan lez, kanpaina honek lagunduko ahal deusku gure misino-konpromisoa sendotzen eta barritzen. Aurkeztu daigun eleizbarruti arteko kanpaina hau gure inguruan, zaindu eta parte hartu daigun ospakizunean, sustatu daigun katekesia, egun hau ilusinoz eta pozez agertzera emon daigun. <strong>\u00a0<\/strong>Misinoen <a href=\"http:\/\/www.misioak.org\">www.misioak.org<\/a> web orrialdean aurkituko dozue kanpaina honen inguruko guztia. Misinoen egun ona izan eta eskerrik asko zuen arreta eta eskuzabaltasunagaitik. Besarkada bat, Felicitas Mart\u00edn Fern\u00e1ndez Delegada Diocesana de Misiones<\/p>\n<p>[\/et_pb_text][et_pb_divider show_divider=&#8221;off&#8221; _builder_version=&#8221;4.16&#8243; _module_preset=&#8221;default&#8221; height=&#8221;50px&#8221; global_colors_info=&#8221;{}&#8221;][\/et_pb_divider][et_pb_accordion open_toggle_text_color=&#8221;#000000&#8243; open_toggle_background_color=&#8221;rgba(0,0,0,0)&#8221; closed_toggle_text_color=&#8221;#000000&#8243; closed_toggle_background_color=&#8221;rgba(0,0,0,0)&#8221; icon_color=&#8221;#000000&#8243; use_icon_font_size=&#8221;on&#8221; admin_label=&#8221;Accordion&#8221; module_id=&#8221;SEC1-ancla2&#8243; module_class=&#8221;Accordion-black&#8221; _builder_version=&#8221;4.16&#8243; _module_preset=&#8221;addb4e85-b149-48c6-9dcd-1b63836bb534&#8243; toggle_text_color=&#8221;#00a55a&#8221; toggle_level=&#8221;h4&#8243; toggle_font=&#8221;|600|||||||&#8221; toggle_font_size=&#8221;18px&#8221; toggle_line_height=&#8221;1.2em&#8221; closed_toggle_font=&#8221;||||||||&#8221; closed_toggle_font_size=&#8221;18px&#8221; background_color=&#8221;rgba(0,0,0,0)&#8221; min_height=&#8221;200.3px&#8221; custom_margin=&#8221;0px||50px||false|false&#8221; custom_padding=&#8221;||||false|false&#8221; hover_transition_duration=&#8221;0.2ms&#8221; hover_transition_speed_curve=&#8221;ease-in-out&#8221; custom_css_main_element=&#8221;transition: 0.1s!important;&#8221; custom_css_toggle_icon=&#8221;content:\u201c4c\u201d;&#8221; custom_css_toggle_content=&#8221;padding: 1% 0% 1% 0%;||&#8221; border_width_all=&#8221;0px&#8221; border_color_all=&#8221;rgba(0,0,0,0)&#8221; border_style_bottom=&#8221;none&#8221; locked=&#8221;off&#8221; global_colors_info=&#8221;{}&#8221;][et_pb_accordion_item open=&#8221;on&#8221; open_toggle_background_color=&#8221;rgba(0,0,0,0)&#8221; icon_color=&#8221;rgba(0,0,0,0)&#8221; _builder_version=&#8221;4.16&#8243; _module_preset=&#8221;default&#8221; height=&#8221;0px&#8221; custom_margin=&#8221;-80px||||false|false&#8221; custom_css_toggle_icon=&#8221;content: %22%22!important;&#8221; global_colors_info=&#8221;{}&#8221; toggle_font=&#8221;||||||||&#8221; toggle_font_size=&#8221;18px&#8221;][\/et_pb_accordion_item][et_pb_accordion_item title=&#8221;Baliabideak &#8221; open_toggle_background_color=&#8221;rgba(0,0,0,0)&#8221; closed_toggle_background_color=&#8221;rgba(0,0,0,0)&#8221; icon_color=&#8221;#000000&#8243; use_icon_font_size=&#8221;on&#8221; icon_font_size=&#8221;25px&#8221; _builder_version=&#8221;4.16&#8243; _module_preset=&#8221;dd4590c4-4c27-4d54-b17d-daa56f0f40df&#8221; custom_margin=&#8221;-10px||-25px||false|false&#8221; custom_css_toggle_title=&#8221;Padding:5px 0px 5px 0px;||border-bottom: 1px solid #737373;||||&#8221; custom_css_toggle_icon=&#8221;font-family:&#8217;ETmodules&#8217;;||content: %22%924c%22;&#8221; border_width_bottom=&#8221;4px&#8221; border_color_bottom=&#8221;#8300e9&#8243; global_colors_info=&#8221;{}&#8221; toggle_level=&#8221;h4&#8243; toggle_font=&#8221;|600|||||||&#8221; toggle_font_size=&#8221;18px&#8221; custom_css_toggle_icon__hover_enabled=&#8221;on|hover&#8221; custom_css_toggle_icon_last_edited=&#8221;on|desktop&#8221; custom_css_toggle_icon__hover=&#8221;font-family:&#8217;ETmodules&#8217;;||content: %22%924c%22;||transform:rotate(180deg);\t&#8221; custom_css_toggle_icon_tablet=&#8221;font-family:&#8217;ETmodules&#8217;;||content: %22%924c%22;&#8221; custom_css_toggle_icon_phone=&#8221;font-family:&#8217;ETmodules&#8217;;||content: %22%924c%22;&#8221; open=&#8221;off&#8221;]<\/p>\n<ul>\n<li><a href=\"https:\/\/diocesisdebilbao-my.sharepoint.com\/:b:\/g\/personal\/webbizkeliza_bizkeliza_org\/EfGkqIcQFbdNshXjDuPKo5UB0kA-G5XmnlyVegHoMNqJlA\" target=\"_blank\" rel=\"noopener noreferrer\">Carta de la Delegada. \u00a0<img decoding=\"async\" class=\"wp-image-2416 alignnone size-full\" src=\"https:\/\/bizkeliza.org\/wp-content\/uploads\/download-icon-verdeoscuro.png\" alt=\"\" width=\"22\" height=\"22\" \/><\/a><\/li>\n<li><a href=\"https:\/\/diocesisdebilbao-my.sharepoint.com\/:b:\/g\/personal\/webbizkeliza_bizkeliza_org\/ESX4jlg88PhAs8C2ql88ajABbafMf7iRzbqDxBr4c4lHKQ\" target=\"_blank\" rel=\"noopener noreferrer\">Carta de los Obispos. \u00a0<img decoding=\"async\" class=\"wp-image-2416 alignnone size-full\" src=\"https:\/\/bizkeliza.org\/wp-content\/uploads\/download-icon-verdeoscuro.png\" alt=\"\" width=\"22\" height=\"22\" \/><\/a><\/li>\n<li><a href=\"https:\/\/diocesisdebilbao-my.sharepoint.com\/:b:\/g\/personal\/webbizkeliza_bizkeliza_org\/Ef5w69OGPQZFqLc04obqPwgBO6uQpZTl7TNj0V1Psv3KHA\" target=\"_blank\" rel=\"noopener noreferrer\">Folleto\u00a0\u00a0<img decoding=\"async\" class=\"wp-image-2416 alignnone size-full\" src=\"https:\/\/bizkeliza.org\/wp-content\/uploads\/download-icon-verdeoscuro.png\" alt=\"\" width=\"22\" height=\"22\" \/><\/a>\u00a0(que incluye):\n<ul>\n<li><em>La carta de los obispos con motivo de la campa\u00f1a de Misiones Diocesanas<\/em><\/li>\n<li><em>La explicaci\u00f3n del lema<\/em><\/li>\n<li><em>La Liturgia del d\u00eda 19 de marzo<\/em><\/li>\n<\/ul>\n<p><\/li>\n<p><\/p>\n<li><a href=\"https:\/\/misioak.org\/wp-content\/uploads\/2020\/02\/Presentaci%C3%B3n-campa%C3%B1a.pptx\" target=\"_blank\" rel=\"noopener noreferrer\">El power point para las celebraciones.\u00a0\u00a0<img decoding=\"async\" class=\"wp-image-2416 alignnone size-full\" src=\"https:\/\/bizkeliza.org\/wp-content\/uploads\/download-icon-verdeoscuro.png\" alt=\"\" width=\"22\" height=\"22\" \/><\/a><\/li>\n<p><\/p>\n<li><a href=\"https:\/\/diocesisdebilbao-my.sharepoint.com\/:b:\/g\/personal\/webbizkeliza_bizkeliza_org\/EbydMI5mtkhCmDRer2juox4Bl6whWIcHDlLPnSeCOaRtSw\" target=\"_blank\" rel=\"noopener noreferrer\">Tr\u00edptico\u00a0\u00a0<img decoding=\"async\" class=\"wp-image-2416 alignnone size-full\" src=\"https:\/\/bizkeliza.org\/wp-content\/uploads\/download-icon-verdeoscuro.png\" alt=\"\" width=\"22\" height=\"22\" \/><\/a><\/li>\n<p><\/p>\n<li><a href=\"https:\/\/diocesisdebilbao-my.sharepoint.com\/:p:\/g\/personal\/webbizkeliza_bizkeliza_org\/EdYB7iqAoKRGsfUVu9FX9zgB5XQ2nM5JM3FYYpXVCuc1xg\" target=\"_blank\" rel=\"noopener noreferrer\">Oraci\u00f3n. \u00a0<img decoding=\"async\" class=\"wp-image-2416 alignnone size-full\" src=\"https:\/\/bizkeliza.org\/wp-content\/uploads\/download-icon-verdeoscuro.png\" alt=\"\" width=\"22\" height=\"22\" \/><\/a><\/li>\n<p><\/p>\n<li><a href=\"https:\/\/diocesisdebilbao-my.sharepoint.com\/:w:\/g\/personal\/webbizkeliza_bizkeliza_org\/EYZcEcSPICJHlQbM770-7JgBywCrglBvPTYCsDrGf6WTGA\" target=\"_blank\" rel=\"noopener noreferrer\">Calendario de encuentros charlas cuaresmales (Bego\u00f1a I\u00f1arra). \u00a0<img decoding=\"async\" class=\"wp-image-2416 alignnone size-full\" src=\"https:\/\/bizkeliza.org\/wp-content\/uploads\/download-icon-verdeoscuro.png\" alt=\"\" width=\"22\" height=\"22\" \/><\/a><\/li>\n<p><\/p>\n<li><a href=\"http:\/\/https\/\/misioak.org\/wp-content\/uploads\/2020\/02\/CARTEL-A4_San-Jose_2020-1.jpg\" target=\"_blank\" rel=\"noopener noreferrer\">Cartel\u00a0\u00a0<img decoding=\"async\" class=\"wp-image-2416 alignnone size-full\" src=\"https:\/\/bizkeliza.org\/wp-content\/uploads\/download-icon-verdeoscuro.png\" alt=\"\" width=\"22\" height=\"22\" \/><\/a>\u00a0 (en la Delegaci\u00f3n pod\u00e9is pedir m\u00e1s)<\/li>\n<p><\/p>\n<li><a href=\"https:\/\/diocesisdebilbao-my.sharepoint.com\/:b:\/g\/personal\/webbizkeliza_bizkeliza_org\/EUX2aNb0IjJDovVSYW4mLPsBfk28tMM1TtVl6XqrWP6MRA\" target=\"_blank\" rel=\"noopener noreferrer\">Memoria 2019. \u00a0<img decoding=\"async\" class=\"wp-image-2416 alignnone size-full\" src=\"https:\/\/bizkeliza.org\/wp-content\/uploads\/download-icon-verdeoscuro.png\" alt=\"\" width=\"22\" height=\"22\" \/><\/a><\/li>\n<p><\/ul>\n<p>[\/et_pb_accordion_item][et_pb_accordion_item title=&#8221;Gaiari buruzko gogoetak &#8221; open_toggle_background_color=&#8221;rgba(0,0,0,0)&#8221; closed_toggle_background_color=&#8221;rgba(0,0,0,0)&#8221; icon_color=&#8221;#000000&#8243; use_icon_font_size=&#8221;on&#8221; icon_font_size=&#8221;25px&#8221; _builder_version=&#8221;4.16&#8243; _module_preset=&#8221;dd4590c4-4c27-4d54-b17d-daa56f0f40df&#8221; custom_margin=&#8221;-10px||-25px||false|false&#8221; custom_css_toggle_title=&#8221;Padding:5px 0px 5px 0px;||border-bottom: 1px solid #737373;||||&#8221; custom_css_toggle_icon=&#8221;font-family:&#8217;ETmodules&#8217;;||content: %22%924c%22;&#8221; border_width_bottom=&#8221;4px&#8221; border_color_bottom=&#8221;#8300e9&#8243; global_colors_info=&#8221;{}&#8221; toggle_level=&#8221;h4&#8243; toggle_font=&#8221;|600|||||||&#8221; toggle_font_size=&#8221;18px&#8221; custom_css_toggle_icon__hover_enabled=&#8221;on|hover&#8221; custom_css_toggle_icon_last_edited=&#8221;on|desktop&#8221; custom_css_toggle_icon__hover=&#8221;font-family:&#8217;ETmodules&#8217;;||content: %22%924c%22;||transform:rotate(180deg);\t&#8221; custom_css_toggle_icon_tablet=&#8221;font-family:&#8217;ETmodules&#8217;;||content: %22%924c%22;&#8221; custom_css_toggle_icon_phone=&#8221;font-family:&#8217;ETmodules&#8217;;||content: %22%924c%22;&#8221; open=&#8221;off&#8221;]<\/p>\n<ul>\n<li><a title=\"Floren Ur\u00edbarri\" href=\"https:\/\/diocesisdebilbao-my.sharepoint.com\/:b:\/g\/personal\/webbizkeliza_bizkeliza_org\/EeyeBslZiqpLpawkBOwgKfgBDaKrQwfBXG7vjYl-e2MmEw\" target=\"_blank\" rel=\"noopener noreferrer\">Floren Ur\u00edbarri\u00a0\u00a0\u00a0<img decoding=\"async\" class=\"wp-image-2416 alignnone size-full\" src=\"https:\/\/bizkeliza.org\/wp-content\/uploads\/download-icon-verdeoscuro.png\" alt=\"\" width=\"22\" height=\"22\" \/><\/a><\/li>\n<li><a title=\"Loli Asua\" href=\"https:\/\/diocesisdebilbao-my.sharepoint.com\/:b:\/g\/personal\/webbizkeliza_bizkeliza_org\/Eaar0G56cs9GtvdeY1a9XuAB-ljlGJwAbd_pBfMuiDA3Lw\" target=\"_blank\" rel=\"noopener noreferrer\">Loli Asua. \u00a0<img decoding=\"async\" class=\"wp-image-2416 alignnone size-full\" src=\"https:\/\/bizkeliza.org\/wp-content\/uploads\/download-icon-verdeoscuro.png\" alt=\"\" width=\"22\" height=\"22\" \/><\/a><\/li>\n<li><a title=\"Manu Basanta\" href=\"https:\/\/diocesisdebilbao-my.sharepoint.com\/:b:\/g\/personal\/webbizkeliza_bizkeliza_org\/EW7TGGYLtDVGgTDb0PrPfNsBbw9j5E5abKBJaEpJpJ8R7A\" target=\"_blank\" rel=\"noopener noreferrer\">Manu Basanta. \u00a0<img decoding=\"async\" class=\"wp-image-2416 alignnone size-full\" src=\"https:\/\/bizkeliza.org\/wp-content\/uploads\/download-icon-verdeoscuro.png\" alt=\"\" width=\"22\" height=\"22\" \/><\/a><\/li>\n<\/ul>\n<p>[\/et_pb_accordion_item][et_pb_accordion_item title=&#8221;Bideoak &#8221; open_toggle_background_color=&#8221;rgba(0,0,0,0)&#8221; closed_toggle_background_color=&#8221;rgba(0,0,0,0)&#8221; icon_color=&#8221;#000000&#8243; use_icon_font_size=&#8221;on&#8221; icon_font_size=&#8221;25px&#8221; _builder_version=&#8221;4.16&#8243; _module_preset=&#8221;dd4590c4-4c27-4d54-b17d-daa56f0f40df&#8221; custom_margin=&#8221;-10px||-25px||false|false&#8221; custom_css_toggle_title=&#8221;Padding:5px 0px 5px 0px;||border-bottom: 1px solid #737373;||||&#8221; custom_css_toggle_icon=&#8221;font-family:&#8217;ETmodules&#8217;;||content: %22%924c%22;&#8221; border_width_bottom=&#8221;4px&#8221; border_color_bottom=&#8221;#8300e9&#8243; global_colors_info=&#8221;{}&#8221; toggle_level=&#8221;h4&#8243; toggle_font=&#8221;|600|||||||&#8221; toggle_font_size=&#8221;18px&#8221; custom_css_toggle_icon__hover_enabled=&#8221;on|hover&#8221; custom_css_toggle_icon_last_edited=&#8221;on|desktop&#8221; custom_css_toggle_icon__hover=&#8221;font-family:&#8217;ETmodules&#8217;;||content: %22%924c%22;||transform:rotate(180deg);\t&#8221; custom_css_toggle_icon_tablet=&#8221;font-family:&#8217;ETmodules&#8217;;||content: %22%924c%22;&#8221; custom_css_toggle_icon_phone=&#8221;font-family:&#8217;ETmodules&#8217;;||content: %22%924c%22;&#8221; open=&#8221;off&#8221;]<\/p>\n<p><iframe loading=\"lazy\" title=\"CAMPA\u00d1A SAN JOS\u00c9 2020 - Hna. Norma, Capuchina en Kansenia, R.D. Congo\" width=\"1080\" height=\"608\" src=\"https:\/\/www.youtube.com\/embed\/Mt4tAIJCS2s?feature=oembed\"  allow=\"accelerometer; autoplay; clipboard-write; encrypted-media; gyroscope; picture-in-picture\" allowfullscreen><\/iframe><\/p>\n<p><\/p>\n<p><iframe loading=\"lazy\" title=\"Misioa bizia da. Desde Coca Vicariato Apost\u00f3lico de Aguarico- Amazon\u00eda ecuatoriana\" width=\"1080\" height=\"608\" src=\"https:\/\/www.youtube.com\/embed\/xps1Yt68Po0?feature=oembed\"  allow=\"accelerometer; autoplay; clipboard-write; encrypted-media; gyroscope; picture-in-picture\" allowfullscreen><\/iframe><\/p>\n<p>[\/et_pb_accordion_item][et_pb_accordion_item title=&#8221;Itxi &#8221; open_toggle_background_color=&#8221;rgba(0,0,0,0)&#8221; closed_toggle_background_color=&#8221;rgba(0,0,0,0)&#8221; icon_color=&#8221;#000000&#8243; use_icon_font_size=&#8221;on&#8221; icon_font_size=&#8221;25px&#8221; _builder_version=&#8221;4.16&#8243; _module_preset=&#8221;dd4590c4-4c27-4d54-b17d-daa56f0f40df&#8221; custom_margin=&#8221;0px||-25px||false|false&#8221; custom_padding=&#8221;||||false|false&#8221; custom_css_toggle_title=&#8221;Padding:5px 30px 5px 0px;||border-bottom: 0px solid;&#8221; custom_css_toggle_icon=&#8221;font-family:&#8217;ETmodules&#8217;;||content:%22%924d%22;||display:block!important;&#8221; border_width_bottom=&#8221;0px&#8221; border_color_bottom=&#8221;rgba(0,0,0,0)&#8221; border_style_bottom=&#8221;none&#8221; global_colors_info=&#8221;{}&#8221; toggle_level=&#8221;h4&#8243; toggle_font=&#8221;|300|||||||&#8221; toggle_text_align=&#8221;right&#8221; toggle_font_size=&#8221;18px&#8221; custom_css_toggle_icon__hover_enabled=&#8221;off|desktop&#8221; custom_css_toggle_icon_last_edited=&#8221;on|desktop&#8221; custom_css_toggle_icon__hover=&#8221;font-family:&#8217;ETmodules&#8217;;||content: %22%924c%22;||transform:rotate(180deg);\t&#8221; content__hover_enabled=&#8221;off|desktop&#8221; custom_padding__hover_enabled=&#8221;off|desktop&#8221; custom_css_toggle_icon_tablet=&#8221;font-family:&#8217;ETmodules&#8217;;||content:%22%924d%22;||display:block!important;&#8221; custom_css_toggle_icon_phone=&#8221;font-family:&#8217;ETmodules&#8217;;||content:%22%924d%22;||display:block!important;&#8221; open=&#8221;off&#8221;][\/et_pb_accordion_item][\/et_pb_accordion][\/et_pb_column][\/et_pb_row][\/et_pb_section]<\/p>\n","protected":false},"excerpt":{"rendered":"<p>Elizbarrutiko Misioen Kanpaina\u201cAlza la Mirada \u2013 Ikus Haratago\u201dAnai-arrebok:Beste urte batez, Elizbarrutietako Misinoen kanpaina ospatuko dogu, oraindik Jubileu Urtearen eta, testuinguru honetan, Misiolarien Jubileuaren bultzada sentitz. Misinoa, konpromiso eta itxaropena da. Askotariko errealitateen aldeko konpromisotik, misiolariak, herrietan egoten jakinez, herrion ohituretan murgilduta eta bat eginda, bere iturri eta gailurra Jesukristo gure Jaun eta Jainkoarengandik dauan kristau [&hellip;]<\/p>\n","protected":false},"author":3,"featured_media":0,"parent":12383,"menu_order":0,"comment_status":"closed","ping_status":"closed","template":"","meta":{"_acf_changed":false,"_et_pb_use_builder":"on","_et_pb_old_content":"","_et_gb_content_width":"","footnotes":""},"class_list":["post-12747","page","type-page","status-publish","hentry"],"acf":[],"yoast_head":"<!-- This site is optimized with the Yoast SEO Premium plugin v27.2 (Yoast SEO v27.2) - https:\/\/yoast.com\/product\/yoast-seo-premium-wordpress\/ -->\n<title>Elizbarrutiko Misioen Kanpaina - Bilboko Elizbarrutia - Di\u00f3cesis de Bilbao<\/title>\n<meta name=\"robots\" content=\"index, follow, max-snippet:-1, max-image-preview:large, max-video-preview:-1\" \/>\n<link rel=\"canonical\" href=\"https:\/\/bizkeliza.org\/eu\/ebanjelizazinoa\/misioak\/elizbarrutiko-misioen-kanpaina\/\" \/>\n<meta property=\"og:locale\" content=\"eu_ES\" \/>\n<meta property=\"og:type\" content=\"article\" \/>\n<meta property=\"og:title\" content=\"Elizbarrutiko Misioen Kanpaina\" \/>\n<meta property=\"og:description\" content=\"Elizbarrutiko Misioen Kanpaina\u201cAlza la Mirada \u2013 Ikus Haratago\u201dAnai-arrebok:Beste urte batez, Elizbarrutietako Misinoen kanpaina ospatuko dogu, oraindik Jubileu Urtearen eta, testuinguru honetan, Misiolarien Jubileuaren bultzada sentitz. Misinoa, konpromiso eta itxaropena da. Askotariko errealitateen aldeko konpromisotik, misiolariak, herrietan egoten jakinez, herrion ohituretan murgilduta eta bat eginda, bere iturri eta gailurra Jesukristo gure Jaun eta Jainkoarengandik dauan kristau [&hellip;]\" \/>\n<meta property=\"og:url\" content=\"https:\/\/bizkeliza.org\/eu\/ebanjelizazinoa\/misioak\/elizbarrutiko-misioen-kanpaina\/\" \/>\n<meta property=\"og:site_name\" content=\"Bilboko Elizbarrutia - Di\u00f3cesis de Bilbao\" \/>\n<meta property=\"article:publisher\" content=\"https:\/\/www.facebook.com\/DiocesisBilbao\/\" \/>\n<meta property=\"article:modified_time\" content=\"2026-03-09T14:35:12+00:00\" \/>\n<meta property=\"og:image\" content=\"https:\/\/bizkeliza.org\/wp-content\/uploads\/download-icon-verdeoscuro.png\" \/>\n<meta name=\"twitter:card\" content=\"summary_large_image\" \/>\n<meta name=\"twitter:site\" content=\"@DiocesisBilbao\" \/>\n<script type=\"application\/ld+json\" class=\"yoast-schema-graph\">{\"@context\":\"https:\/\/schema.org\",\"@graph\":[{\"@type\":\"WebPage\",\"@id\":\"https:\/\/bizkeliza.org\/eu\/ebanjelizazinoa\/misioak\/elizbarrutiko-misioen-kanpaina\/\",\"url\":\"https:\/\/bizkeliza.org\/eu\/ebanjelizazinoa\/misioak\/elizbarrutiko-misioen-kanpaina\/\",\"name\":\"Elizbarrutiko Misioen Kanpaina - Bilboko Elizbarrutia - Di\u00f3cesis de Bilbao\",\"isPartOf\":{\"@id\":\"https:\/\/bizkeliza.org\/eu\/#website\"},\"primaryImageOfPage\":{\"@id\":\"https:\/\/bizkeliza.org\/eu\/ebanjelizazinoa\/misioak\/elizbarrutiko-misioen-kanpaina\/#primaryimage\"},\"image\":{\"@id\":\"https:\/\/bizkeliza.org\/eu\/ebanjelizazinoa\/misioak\/elizbarrutiko-misioen-kanpaina\/#primaryimage\"},\"thumbnailUrl\":\"https:\/\/bizkeliza.org\/wp-content\/uploads\/download-icon-verdeoscuro.png\",\"datePublished\":\"2021-05-26T12:19:10+00:00\",\"dateModified\":\"2026-03-09T14:35:12+00:00\",\"breadcrumb\":{\"@id\":\"https:\/\/bizkeliza.org\/eu\/ebanjelizazinoa\/misioak\/elizbarrutiko-misioen-kanpaina\/#breadcrumb\"},\"inLanguage\":\"eu-ES\",\"potentialAction\":[{\"@type\":\"ReadAction\",\"target\":[\"https:\/\/bizkeliza.org\/eu\/ebanjelizazinoa\/misioak\/elizbarrutiko-misioen-kanpaina\/\"]}]},{\"@type\":\"ImageObject\",\"inLanguage\":\"eu-ES\",\"@id\":\"https:\/\/bizkeliza.org\/eu\/ebanjelizazinoa\/misioak\/elizbarrutiko-misioen-kanpaina\/#primaryimage\",\"url\":\"https:\/\/bizkeliza.org\/wp-content\/uploads\/download-icon-verdeoscuro.png\",\"contentUrl\":\"https:\/\/bizkeliza.org\/wp-content\/uploads\/download-icon-verdeoscuro.png\"},{\"@type\":\"BreadcrumbList\",\"@id\":\"https:\/\/bizkeliza.org\/eu\/ebanjelizazinoa\/misioak\/elizbarrutiko-misioen-kanpaina\/#breadcrumb\",\"itemListElement\":[{\"@type\":\"ListItem\",\"position\":1,\"name\":\"Portada\",\"item\":\"https:\/\/bizkeliza.org\/eu\/\"},{\"@type\":\"ListItem\",\"position\":2,\"name\":\"Ebanjelizazinoa\",\"item\":\"https:\/\/bizkeliza.org\/eu\/evangelizacion\/\"},{\"@type\":\"ListItem\",\"position\":3,\"name\":\"Misinoak\",\"item\":\"https:\/\/bizkeliza.org\/eu\/evangelizacion\/misiones\/\"},{\"@type\":\"ListItem\",\"position\":4,\"name\":\"Elizbarrutiko Misioen Kanpaina\"}]},{\"@type\":\"WebSite\",\"@id\":\"https:\/\/bizkeliza.org\/eu\/#website\",\"url\":\"https:\/\/bizkeliza.org\/eu\/\",\"name\":\"Bilboko Elizbarrutia - Di\u00f3cesis de Bilbao\",\"description\":\"Di\u00f3cesis de Bilbao\",\"publisher\":{\"@id\":\"https:\/\/bizkeliza.org\/eu\/#organization\"},\"alternateName\":\"Di\u00f3cesis de Bilbao\",\"potentialAction\":[{\"@type\":\"SearchAction\",\"target\":{\"@type\":\"EntryPoint\",\"urlTemplate\":\"https:\/\/bizkeliza.org\/eu\/?s={search_term_string}\"},\"query-input\":{\"@type\":\"PropertyValueSpecification\",\"valueRequired\":true,\"valueName\":\"search_term_string\"}}],\"inLanguage\":\"eu-ES\"},{\"@type\":\"Organization\",\"@id\":\"https:\/\/bizkeliza.org\/eu\/#organization\",\"name\":\"Di\u00f3cesis de Bilbao\",\"alternateName\":\"Di\u00f3cesis de Bilbao\",\"url\":\"https:\/\/bizkeliza.org\/eu\/\",\"logo\":{\"@type\":\"ImageObject\",\"inLanguage\":\"eu-ES\",\"@id\":\"https:\/\/bizkeliza.org\/eu\/#\/schema\/logo\/image\/\",\"url\":\"https:\/\/bizkeliza.org\/wp-content\/uploads\/2022\/06\/Logo-nuevo_2024-1-scaled.jpg\",\"contentUrl\":\"https:\/\/bizkeliza.org\/wp-content\/uploads\/2022\/06\/Logo-nuevo_2024-1-scaled.jpg\",\"width\":2560,\"height\":1024,\"caption\":\"Di\u00f3cesis de Bilbao\"},\"image\":{\"@id\":\"https:\/\/bizkeliza.org\/eu\/#\/schema\/logo\/image\/\"},\"sameAs\":[\"https:\/\/www.facebook.com\/DiocesisBilbao\/\",\"https:\/\/x.com\/DiocesisBilbao\",\"https:\/\/www.instagram.com\/obispadobilbao\/\",\"https:\/\/www.youtube.com\/user\/bilbokoelizbarrutia\"],\"description\":\"Iglesia local de Bilbao perteneciente a la Iglesia Cat\u00f3lica\"}]}<\/script>\n<!-- \/ Yoast SEO Premium plugin. -->","yoast_head_json":{"title":"Elizbarrutiko Misioen Kanpaina - Bilboko Elizbarrutia - Di\u00f3cesis de Bilbao","robots":{"index":"index","follow":"follow","max-snippet":"max-snippet:-1","max-image-preview":"max-image-preview:large","max-video-preview":"max-video-preview:-1"},"canonical":"https:\/\/bizkeliza.org\/eu\/ebanjelizazinoa\/misioak\/elizbarrutiko-misioen-kanpaina\/","og_locale":"eu_ES","og_type":"article","og_title":"Elizbarrutiko Misioen Kanpaina","og_description":"Elizbarrutiko Misioen Kanpaina\u201cAlza la Mirada \u2013 Ikus Haratago\u201dAnai-arrebok:Beste urte batez, Elizbarrutietako Misinoen kanpaina ospatuko dogu, oraindik Jubileu Urtearen eta, testuinguru honetan, Misiolarien Jubileuaren bultzada sentitz. Misinoa, konpromiso eta itxaropena da. Askotariko errealitateen aldeko konpromisotik, misiolariak, herrietan egoten jakinez, herrion ohituretan murgilduta eta bat eginda, bere iturri eta gailurra Jesukristo gure Jaun eta Jainkoarengandik dauan kristau [&hellip;]","og_url":"https:\/\/bizkeliza.org\/eu\/ebanjelizazinoa\/misioak\/elizbarrutiko-misioen-kanpaina\/","og_site_name":"Bilboko Elizbarrutia - Di\u00f3cesis de Bilbao","article_publisher":"https:\/\/www.facebook.com\/DiocesisBilbao\/","article_modified_time":"2026-03-09T14:35:12+00:00","og_image":[{"url":"https:\/\/bizkeliza.org\/wp-content\/uploads\/download-icon-verdeoscuro.png","type":"","width":"","height":""}],"twitter_card":"summary_large_image","twitter_site":"@DiocesisBilbao","schema":{"@context":"https:\/\/schema.org","@graph":[{"@type":"WebPage","@id":"https:\/\/bizkeliza.org\/eu\/ebanjelizazinoa\/misioak\/elizbarrutiko-misioen-kanpaina\/","url":"https:\/\/bizkeliza.org\/eu\/ebanjelizazinoa\/misioak\/elizbarrutiko-misioen-kanpaina\/","name":"Elizbarrutiko Misioen Kanpaina - Bilboko Elizbarrutia - Di\u00f3cesis de Bilbao","isPartOf":{"@id":"https:\/\/bizkeliza.org\/eu\/#website"},"primaryImageOfPage":{"@id":"https:\/\/bizkeliza.org\/eu\/ebanjelizazinoa\/misioak\/elizbarrutiko-misioen-kanpaina\/#primaryimage"},"image":{"@id":"https:\/\/bizkeliza.org\/eu\/ebanjelizazinoa\/misioak\/elizbarrutiko-misioen-kanpaina\/#primaryimage"},"thumbnailUrl":"https:\/\/bizkeliza.org\/wp-content\/uploads\/download-icon-verdeoscuro.png","datePublished":"2021-05-26T12:19:10+00:00","dateModified":"2026-03-09T14:35:12+00:00","breadcrumb":{"@id":"https:\/\/bizkeliza.org\/eu\/ebanjelizazinoa\/misioak\/elizbarrutiko-misioen-kanpaina\/#breadcrumb"},"inLanguage":"eu-ES","potentialAction":[{"@type":"ReadAction","target":["https:\/\/bizkeliza.org\/eu\/ebanjelizazinoa\/misioak\/elizbarrutiko-misioen-kanpaina\/"]}]},{"@type":"ImageObject","inLanguage":"eu-ES","@id":"https:\/\/bizkeliza.org\/eu\/ebanjelizazinoa\/misioak\/elizbarrutiko-misioen-kanpaina\/#primaryimage","url":"https:\/\/bizkeliza.org\/wp-content\/uploads\/download-icon-verdeoscuro.png","contentUrl":"https:\/\/bizkeliza.org\/wp-content\/uploads\/download-icon-verdeoscuro.png"},{"@type":"BreadcrumbList","@id":"https:\/\/bizkeliza.org\/eu\/ebanjelizazinoa\/misioak\/elizbarrutiko-misioen-kanpaina\/#breadcrumb","itemListElement":[{"@type":"ListItem","position":1,"name":"Portada","item":"https:\/\/bizkeliza.org\/eu\/"},{"@type":"ListItem","position":2,"name":"Ebanjelizazinoa","item":"https:\/\/bizkeliza.org\/eu\/evangelizacion\/"},{"@type":"ListItem","position":3,"name":"Misinoak","item":"https:\/\/bizkeliza.org\/eu\/evangelizacion\/misiones\/"},{"@type":"ListItem","position":4,"name":"Elizbarrutiko Misioen Kanpaina"}]},{"@type":"WebSite","@id":"https:\/\/bizkeliza.org\/eu\/#website","url":"https:\/\/bizkeliza.org\/eu\/","name":"Bilboko Elizbarrutia - Di\u00f3cesis de Bilbao","description":"Di\u00f3cesis de Bilbao","publisher":{"@id":"https:\/\/bizkeliza.org\/eu\/#organization"},"alternateName":"Di\u00f3cesis de Bilbao","potentialAction":[{"@type":"SearchAction","target":{"@type":"EntryPoint","urlTemplate":"https:\/\/bizkeliza.org\/eu\/?s={search_term_string}"},"query-input":{"@type":"PropertyValueSpecification","valueRequired":true,"valueName":"search_term_string"}}],"inLanguage":"eu-ES"},{"@type":"Organization","@id":"https:\/\/bizkeliza.org\/eu\/#organization","name":"Di\u00f3cesis de Bilbao","alternateName":"Di\u00f3cesis de Bilbao","url":"https:\/\/bizkeliza.org\/eu\/","logo":{"@type":"ImageObject","inLanguage":"eu-ES","@id":"https:\/\/bizkeliza.org\/eu\/#\/schema\/logo\/image\/","url":"https:\/\/bizkeliza.org\/wp-content\/uploads\/2022\/06\/Logo-nuevo_2024-1-scaled.jpg","contentUrl":"https:\/\/bizkeliza.org\/wp-content\/uploads\/2022\/06\/Logo-nuevo_2024-1-scaled.jpg","width":2560,"height":1024,"caption":"Di\u00f3cesis de Bilbao"},"image":{"@id":"https:\/\/bizkeliza.org\/eu\/#\/schema\/logo\/image\/"},"sameAs":["https:\/\/www.facebook.com\/DiocesisBilbao\/","https:\/\/x.com\/DiocesisBilbao","https:\/\/www.instagram.com\/obispadobilbao\/","https:\/\/www.youtube.com\/user\/bilbokoelizbarrutia"],"description":"Iglesia local de Bilbao perteneciente a la Iglesia Cat\u00f3lica"}]}},"_links":{"self":[{"href":"https:\/\/bizkeliza.org\/eu\/wp-json\/wp\/v2\/pages\/12747","targetHints":{"allow":["GET"]}}],"collection":[{"href":"https:\/\/bizkeliza.org\/eu\/wp-json\/wp\/v2\/pages"}],"about":[{"href":"https:\/\/bizkeliza.org\/eu\/wp-json\/wp\/v2\/types\/page"}],"author":[{"embeddable":true,"href":"https:\/\/bizkeliza.org\/eu\/wp-json\/wp\/v2\/users\/3"}],"replies":[{"embeddable":true,"href":"https:\/\/bizkeliza.org\/eu\/wp-json\/wp\/v2\/comments?post=12747"}],"version-history":[{"count":0,"href":"https:\/\/bizkeliza.org\/eu\/wp-json\/wp\/v2\/pages\/12747\/revisions"}],"up":[{"embeddable":true,"href":"https:\/\/bizkeliza.org\/eu\/wp-json\/wp\/v2\/pages\/12383"}],"wp:attachment":[{"href":"https:\/\/bizkeliza.org\/eu\/wp-json\/wp\/v2\/media?parent=12747"}],"curies":[{"name":"wp","href":"https:\/\/api.w.org\/{rel}","templated":true}]}}