{"id":12871,"date":"2021-05-18T14:13:51","date_gmt":"2021-05-18T12:13:51","guid":{"rendered":"https:\/\/boring-dhawan.137-117-168-183.plesk.page\/ebanjelizazinoa\/fede-zabalkunde-eta-katekesia\/haurtzaro-eta-gaztaroa\/nerabezaroa-eta-gazteria\/"},"modified":"2026-02-24T13:31:01","modified_gmt":"2026-02-24T12:31:01","slug":"nerabezaroa-eta-gazteria","status":"publish","type":"page","link":"https:\/\/bizkeliza.org\/eu\/ebanjelizazinoa\/fede-zabalkunde-eta-katekesia\/haurtzaro-eta-gaztaroa\/nerabezaroa-eta-gazteria\/","title":{"rendered":"Nerabezaroa eta Gaztaroa"},"content":{"rendered":"<p>[et_pb_section fb_built=&#8221;1&#8243; admin_label=&#8221;Secci\u00f3n&#8221; _builder_version=&#8221;4.16&#8243; _module_preset=&#8221;default&#8221; positioning=&#8221;none&#8221; z_index=&#8221;0&#8243; custom_padding=&#8221;||0px||false|false&#8221; global_colors_info=&#8221;{}&#8221;][et_pb_row column_structure=&#8221;1_3,2_3&#8243; _builder_version=&#8221;4.16&#8243; _module_preset=&#8221;default&#8221; custom_padding=&#8221;||50px|||&#8221; global_colors_info=&#8221;{}&#8221;][et_pb_column type=&#8221;1_3&#8243; _builder_version=&#8221;4.16&#8243; _module_preset=&#8221;default&#8221; global_colors_info=&#8221;{}&#8221;][et_pb_text admin_label=&#8221;Text&#8221; _builder_version=&#8221;4.27.4&#8243; _module_preset=&#8221;default&#8221; header_font_size=&#8221;44px&#8221; header_line_height=&#8221;1.2em&#8221; header_4_font=&#8221;|700|||||||&#8221; header_font_size_tablet=&#8221;&#8221; header_font_size_phone=&#8221;34px&#8221; header_font_size_last_edited=&#8221;on|phone&#8221; header_3_font_size_tablet=&#8221;&#8221; header_3_font_size_phone=&#8221;22px&#8221; header_3_font_size_last_edited=&#8221;on|phone&#8221; header_4_font_size_tablet=&#8221;&#8221; header_4_font_size_phone=&#8221;18px&#8221; header_4_font_size_last_edited=&#8221;on|desktop&#8221; global_colors_info=&#8221;{}&#8221;]<\/p>\n<h1>Nerabezaro eta Gaztaroa<\/h1>\n<p>[\/et_pb_text][\/et_pb_column][et_pb_column type=&#8221;2_3&#8243; _builder_version=&#8221;4.16&#8243; _module_preset=&#8221;default&#8221; global_colors_info=&#8221;{}&#8221;][et_pb_text _builder_version=&#8221;4.27.5&#8243; _module_preset=&#8221;default&#8221; background_color=&#8221;#f5f7fa&#8221; custom_padding=&#8221;26px|26px|26px|26px|true|true&#8221; custom_padding_phone=&#8221;||||false|false&#8221; custom_padding_last_edited=&#8221;off|desktop&#8221; hover_enabled=&#8221;0&#8243; border_radii=&#8221;on|3px|3px|3px|3px&#8221; global_colors_info=&#8221;{}&#8221; sticky_enabled=&#8221;0&#8243;]<\/p>\n<h4><b>Gehiago jakiteko eta hartu- emonerako<\/b><\/h4>\n<p><\/p>\n<p><span style=\"font-weight: 400;\"><span style=\"font-weight: 400;\"><span style=\"color: #000000;\"><b>Arduraduna: <\/b>Mar\u00eda Manrique<\/span><\/span><\/span><br \/><span style=\"font-weight: 400;\"><span style=\"font-weight: 400;\"><b><span style=\"color: #000000;\">Tf.: <\/span><\/b><span style=\"color: #000000;\">946790026<\/span><br \/><span style=\"color: #000000;\"><strong>E-maila: <\/strong><a href=\"mailto:infanciajuventud1@bizkeliza.org\">infanciajuventud1@bizkeliza.org<\/a><\/span><\/span><\/span><\/p>\n<p><\/p>\n<p><span style=\"font-weight: 400;\"><span style=\"color: #000000;\"><b>Arduraduna: <\/b>Manu Basanta<\/span><\/span><br \/><span style=\"font-weight: 400;\"><b><span style=\"color: #000000;\">Tf.: <\/span><\/b><span style=\"color: #000000;\">944795623<\/span><br \/><span style=\"color: #000000;\"><strong>E-maila: <\/strong><a href=\"mailto:infanciajuventud1@bizkeliza.org\">infanciajuventud2@bizkeliza.org<\/a><\/span><\/span><\/p>\n<p><\/p>\n<p><span style=\"font-weight: 400;\"><span style=\"font-weight: 400;\"><span style=\"color: #000000;\"><strong>Helbidea:<\/strong><\/span> Plaza Nueva, 4-2\u00ba, 48005 BILBAO<\/span><\/span><\/p>\n<p>[\/et_pb_text][\/et_pb_column][\/et_pb_row][\/et_pb_section][et_pb_section fb_built=&#8221;1&#8243; _builder_version=&#8221;4.16&#8243; _module_preset=&#8221;default&#8221; background_color=&#8221;#f5f7fa&#8221; positioning=&#8221;none&#8221; z_index=&#8221;0&#8243; custom_margin=&#8221;0px||||false|false&#8221; custom_padding=&#8221;0px||||false|false&#8221; collapsed=&#8221;off&#8221; global_colors_info=&#8221;{}&#8221;][et_pb_row _builder_version=&#8221;4.16&#8243; _module_preset=&#8221;a33e0b76-a80c-4442-b966-336f62d47b9d&#8221; sticky_position_last_edited=&#8221;off|desktop&#8221; sticky_offset_top_tablet=&#8221;52px&#8221; sticky_offset_top_phone=&#8221;140px&#8221; global_colors_info=&#8221;{}&#8221;][et_pb_column type=&#8221;4_4&#8243; admin_label=&#8221;Column&#8221; _builder_version=&#8221;4.16&#8243; _module_preset=&#8221;default&#8221; background_color=&#8221;rgba(0,0,0,0)&#8221; custom_padding=&#8221;||||false|true&#8221; custom_css_main_element=&#8221;display:inline-flex;||flex-wrap: wrap;||justify-content: space-around;||||&#8221; border_style_all=&#8221;none&#8221; global_colors_info=&#8221;{}&#8221; background__hover_enabled=&#8221;on|hover&#8221; background_color__hover=&#8221;rgba(0,0,0,0)&#8221; background_enable_color__hover=&#8221;on&#8221; custom_css_main_element__hover_enabled=&#8221;off|hover&#8221; custom_css_before__hover_enabled=&#8221;on|desktop&#8221;][et_pb_button button_url=&#8221;#documentos-adolescencia&#8221; button_text=&#8221;Agiriak&#8221; button_alignment=&#8221;center&#8221; _builder_version=&#8221;4.16&#8243; _module_preset=&#8221;default&#8221; custom_button=&#8221;on&#8221; button_text_size=&#8221;20px&#8221; button_text_color=&#8221;#ffffff&#8221; button_bg_color=&#8221;rgba(0,0,0,0)&#8221; button_border_width=&#8221;0px&#8221; button_border_color=&#8221;rgba(0,0,0,0)&#8221; button_border_radius=&#8221;0px&#8221; button_letter_spacing=&#8221;1px&#8221; button_font=&#8221;||||||||&#8221; button_icon=&#8221;&#x22;||divi||400&#8243; button_icon_color=&#8221;#00a55a&#8221; button_on_hover=&#8221;off&#8221; button_rel=&#8221;off|off|off|off|off&#8221; transform_origin=&#8221;50%|50%&#8221; background_layout=&#8221;dark&#8221; custom_margin=&#8221;||||false|true&#8221; custom_padding=&#8221;|10vw||10vw|false|true&#8221; custom_padding_tablet=&#8221;&#8221; custom_padding_phone=&#8221;|6vw||6vw|false|true&#8221; custom_padding_last_edited=&#8221;on|phone&#8221; mix_blend_mode=&#8221;lighten&#8221; button_text_size_tablet=&#8221;&#8221; button_text_size_phone=&#8221;16px&#8221; button_text_size_last_edited=&#8221;on|phone&#8221; button_border_width_last_edited=&#8221;off|desktop&#8221; button_font_tablet=&#8221;&#8221; button_font_phone=&#8221;&#8221; button_font_last_edited=&#8221;on|desktop&#8221; custom_css_main_element=&#8221;line-height:22px!important;||min-width: 120px;&#8221; global_colors_info=&#8221;{}&#8221; button_bg_color__hover_enabled=&#8221;on|hover&#8221; button_bg_color__hover=&#8221;#396e73&#8243; button_bg_enable_color__hover=&#8221;on&#8221; button_border_width__hover_enabled=&#8221;off|hover&#8221; button_border_width__hover=&#8221;0px&#8221; button_border_color__hover_enabled=&#8221;on|hover&#8221; button_border_color__hover=&#8221;#00a55a&#8221; button_letter_spacing__hover=&#8221;1px&#8221; button_letter_spacing__hover_enabled=&#8221;on|hover&#8221; button_icon_color__hover=&#8221;#ffffff&#8221; button_icon_color__hover_enabled=&#8221;on|hover&#8221; filter_hue_rotate__hover_enabled=&#8221;on|hover&#8221; custom_padding__hover_enabled=&#8221;off|hover&#8221; custom_padding__hover=&#8221;|200px||200px|false|true&#8221; transform_styles__hover_enabled=&#8221;on|desktop&#8221; custom_css_main_element__hover_enabled=&#8221;on|desktop&#8221; button_text_color__hover_enabled=&#8221;on|desktop&#8221; custom_css_main_element__hover=&#8221;font-weight:bold;||&#8221; transform_origin__hover_enabled=&#8221;on|hover&#8221; transform_scale__hover_enabled=&#8221;on|desktop&#8221; transform_translate__hover_enabled=&#8221;on|desktop&#8221; transform_rotate__hover_enabled=&#8221;on|desktop&#8221; transform_skew__hover_enabled=&#8221;on|desktop&#8221; custom_css_main_element_last_edited=&#8221;on|phone&#8221; custom_css_main_element_phone=&#8221;line-height:22px!important;||min-width: 0px;||word-break: keep-all;&#8221; button_text_color__hover=&#8221;#ffffff&#8221; transform_origin__hover=&#8221;50%|50%&#8221; custom_css_main_element_tablet=&#8221;line-height:22px!important;||min-width: 120px;&#8221;][\/et_pb_button][et_pb_button button_url=&#8221;#materiales-adolescencia&#8221; button_text=&#8221;Lagungarri eta baliabideak&#8221; button_alignment=&#8221;center&#8221; _builder_version=&#8221;4.16&#8243; _module_preset=&#8221;default&#8221; custom_button=&#8221;on&#8221; button_text_size=&#8221;20px&#8221; button_text_color=&#8221;#ffffff&#8221; button_bg_color=&#8221;rgba(0,0,0,0)&#8221; button_border_width=&#8221;0px&#8221; button_border_color=&#8221;rgba(0,0,0,0)&#8221; button_border_radius=&#8221;0px&#8221; button_letter_spacing=&#8221;1px&#8221; button_font=&#8221;||||||||&#8221; button_icon=&#8221;&#x22;||divi||400&#8243; button_icon_color=&#8221;#00a55a&#8221; button_on_hover=&#8221;off&#8221; button_rel=&#8221;off|off|off|off|off&#8221; transform_origin=&#8221;50%|50%&#8221; background_layout=&#8221;dark&#8221; custom_margin=&#8221;||||false|true&#8221; custom_padding=&#8221;|10vw||10vw|false|true&#8221; custom_padding_tablet=&#8221;&#8221; custom_padding_phone=&#8221;|6vw||6vw|false|true&#8221; custom_padding_last_edited=&#8221;on|phone&#8221; mix_blend_mode=&#8221;lighten&#8221; button_text_size_tablet=&#8221;&#8221; button_text_size_phone=&#8221;16px&#8221; button_text_size_last_edited=&#8221;on|phone&#8221; button_border_width_last_edited=&#8221;off|desktop&#8221; button_font_tablet=&#8221;&#8221; button_font_phone=&#8221;&#8221; button_font_last_edited=&#8221;on|desktop&#8221; custom_css_main_element=&#8221;line-height:22px!important;||min-width: 120px;&#8221; global_colors_info=&#8221;{}&#8221; button_bg_color__hover_enabled=&#8221;on|hover&#8221; button_bg_color__hover=&#8221;#396e73&#8243; button_bg_enable_color__hover=&#8221;on&#8221; button_border_width__hover_enabled=&#8221;off|hover&#8221; button_border_width__hover=&#8221;0px&#8221; button_border_color__hover_enabled=&#8221;on|hover&#8221; button_border_color__hover=&#8221;#00a55a&#8221; button_letter_spacing__hover=&#8221;1px&#8221; button_letter_spacing__hover_enabled=&#8221;on|hover&#8221; button_icon_color__hover=&#8221;#ffffff&#8221; button_icon_color__hover_enabled=&#8221;on|hover&#8221; filter_hue_rotate__hover_enabled=&#8221;on|hover&#8221; custom_padding__hover_enabled=&#8221;off|hover&#8221; custom_padding__hover=&#8221;|200px||200px|false|true&#8221; transform_styles__hover_enabled=&#8221;on|desktop&#8221; custom_css_main_element__hover_enabled=&#8221;on|desktop&#8221; button_text_color__hover_enabled=&#8221;on|desktop&#8221; custom_css_main_element__hover=&#8221;font-weight:bold;||&#8221; transform_origin__hover_enabled=&#8221;on|hover&#8221; transform_scale__hover_enabled=&#8221;on|desktop&#8221; transform_translate__hover_enabled=&#8221;on|desktop&#8221; transform_rotate__hover_enabled=&#8221;on|desktop&#8221; transform_skew__hover_enabled=&#8221;on|desktop&#8221; custom_css_main_element_last_edited=&#8221;on|phone&#8221; custom_css_main_element_phone=&#8221;line-height:22px!important;||min-width: 100px;&#8221; button_text_color__hover=&#8221;#ffffff&#8221; transform_origin__hover=&#8221;50%|50%&#8221; custom_css_main_element_tablet=&#8221;line-height:22px!important;||min-width: 120px;&#8221;][\/et_pb_button][et_pb_button button_url=&#8221;#enlaces-adolescencia&#8221; button_text=&#8221;Estekak&#8221; button_alignment=&#8221;center&#8221; _builder_version=&#8221;4.16&#8243; _module_preset=&#8221;default&#8221; custom_button=&#8221;on&#8221; button_text_size=&#8221;20px&#8221; button_text_color=&#8221;#ffffff&#8221; button_bg_color=&#8221;rgba(0,0,0,0)&#8221; button_border_width=&#8221;0px&#8221; button_border_color=&#8221;rgba(0,0,0,0)&#8221; button_border_radius=&#8221;0px&#8221; button_letter_spacing=&#8221;1px&#8221; button_font=&#8221;||||||||&#8221; button_icon=&#8221;&#x22;||divi||400&#8243; button_icon_color=&#8221;#00a55a&#8221; button_on_hover=&#8221;off&#8221; button_rel=&#8221;off|off|off|off|off&#8221; transform_origin=&#8221;50%|50%&#8221; background_layout=&#8221;dark&#8221; custom_margin=&#8221;||||false|true&#8221; custom_padding=&#8221;|10vw||10vw|false|true&#8221; custom_padding_tablet=&#8221;&#8221; custom_padding_phone=&#8221;|6vw||6vw|false|true&#8221; custom_padding_last_edited=&#8221;on|phone&#8221; mix_blend_mode=&#8221;lighten&#8221; button_text_size_tablet=&#8221;&#8221; button_text_size_phone=&#8221;16px&#8221; button_text_size_last_edited=&#8221;on|phone&#8221; button_border_width_last_edited=&#8221;off|desktop&#8221; button_font_tablet=&#8221;&#8221; button_font_phone=&#8221;&#8221; button_font_last_edited=&#8221;on|desktop&#8221; custom_css_main_element=&#8221;line-height:22px!important;||min-width: 120px;&#8221; global_colors_info=&#8221;{}&#8221; button_bg_color__hover_enabled=&#8221;on|hover&#8221; button_bg_color__hover=&#8221;#396e73&#8243; button_bg_enable_color__hover=&#8221;on&#8221; button_border_width__hover_enabled=&#8221;off|hover&#8221; button_border_width__hover=&#8221;0px&#8221; button_border_color__hover_enabled=&#8221;on|hover&#8221; button_border_color__hover=&#8221;#00a55a&#8221; button_letter_spacing__hover=&#8221;1px&#8221; button_letter_spacing__hover_enabled=&#8221;on|hover&#8221; button_icon_color__hover=&#8221;#ffffff&#8221; button_icon_color__hover_enabled=&#8221;on|hover&#8221; filter_hue_rotate__hover_enabled=&#8221;on|hover&#8221; custom_padding__hover_enabled=&#8221;off|hover&#8221; custom_padding__hover=&#8221;|200px||200px|false|true&#8221; transform_styles__hover_enabled=&#8221;on|desktop&#8221; custom_css_main_element__hover_enabled=&#8221;on|desktop&#8221; button_text_color__hover_enabled=&#8221;on|desktop&#8221; custom_css_main_element__hover=&#8221;font-weight:bold;||&#8221; transform_origin__hover_enabled=&#8221;on|hover&#8221; transform_scale__hover_enabled=&#8221;on|desktop&#8221; transform_translate__hover_enabled=&#8221;on|desktop&#8221; transform_rotate__hover_enabled=&#8221;on|desktop&#8221; transform_skew__hover_enabled=&#8221;on|desktop&#8221; custom_css_main_element_last_edited=&#8221;on|phone&#8221; custom_css_main_element_phone=&#8221;line-height:22px!important;||min-width: 0px;||word-break: keep-all;&#8221; button_text_color__hover=&#8221;#ffffff&#8221; transform_origin__hover=&#8221;50%|50%&#8221; custom_css_main_element_tablet=&#8221;line-height:22px!important;||min-width: 120px;&#8221;][\/et_pb_button][\/et_pb_column][\/et_pb_row][et_pb_row column_structure=&#8221;1_3,2_3&#8243; _builder_version=&#8221;4.16&#8243; _module_preset=&#8221;default&#8221; global_colors_info=&#8221;{}&#8221;][et_pb_column type=&#8221;1_3&#8243; _builder_version=&#8221;4.16&#8243; _module_preset=&#8221;default&#8221; global_colors_info=&#8221;{}&#8221;][et_pb_text module_id=&#8221;documentos-adolescencia&#8221; _builder_version=&#8221;4.16&#8243; _module_preset=&#8221;default&#8221; header_line_height=&#8221;1.2em&#8221; header_4_font=&#8221;|700|||||||&#8221; header_3_font_size_tablet=&#8221;&#8221; header_3_font_size_phone=&#8221;22px&#8221; header_3_font_size_last_edited=&#8221;on|phone&#8221; header_4_font_size_tablet=&#8221;&#8221; header_4_font_size_phone=&#8221;18px&#8221; header_4_font_size_last_edited=&#8221;on|desktop&#8221; global_colors_info=&#8221;{}&#8221;]<\/p>\n<h2>Agiriak<\/h2>\n<p>[\/et_pb_text][\/et_pb_column][et_pb_column type=&#8221;2_3&#8243; _builder_version=&#8221;4.16&#8243; _module_preset=&#8221;default&#8221; global_colors_info=&#8221;{}&#8221;][et_pb_text _builder_version=&#8221;4.16&#8243; _module_preset=&#8221;default&#8221; width=&#8221;100%&#8221; module_alignment=&#8221;left&#8221; custom_margin=&#8221;0px||||false|false&#8221; global_colors_info=&#8221;{}&#8221;]<\/p>\n<p><a href=\"https:\/\/diocesisdebilbao-my.sharepoint.com\/:b:\/g\/personal\/webbizkeliza_bizkeliza_org\/EWvvzI34A8dJtVD_C2bai-ABwTNdlxUVpIcL25ldkDUp1g\" target=\"_blank\" rel=\"noopener noreferrer\">Directorio de Iniciaci\u00f3n Cristiana (DIC)\u00a0\u00a0<img decoding=\"async\" class=\"wp-image-978 alignnone size-full\" src=\"https:\/\/bizkeliza.org\/wp-content\/uploads\/2021\/05\/download-icon-verdeoscuro-2.png\" alt=\"\" width=\"22\" height=\"22\" \/><\/a><\/p>\n<p><\/p>\n<p><a href=\"https:\/\/diocesisdebilbao-my.sharepoint.com\/:b:\/g\/personal\/webbizkeliza_bizkeliza_org\/EXgA2e0o02BKogqN_qlOiAwBKJbpjPCKHeyKCYy_a8WJoQ\" target=\"_blank\" rel=\"noopener noreferrer\">Sugerencias para preparar la celebraci\u00f3n de la confirmaci\u00f3n dentro de la misa\u00a0\u00a0\u00a0<img decoding=\"async\" class=\"wp-image-978 alignnone size-full\" src=\"https:\/\/bizkeliza.org\/wp-content\/uploads\/2021\/05\/download-icon-verdeoscuro-2.png\" alt=\"\" width=\"22\" height=\"22\" \/><\/a><\/p>\n<p><\/p>\n<p><a href=\"https:\/\/diocesisdebilbao-my.sharepoint.com\/:w:\/g\/personal\/webbizkeliza_bizkeliza_org\/EelRwlE8mEVHud-OBOzTE2UBZ7jAnRkbd2Sggv1Mk2rUpQ\" target=\"_blank\" rel=\"noopener noreferrer\">Proyecto marco de Pastoral de Juventud\u00a0\u00a0<img decoding=\"async\" class=\"wp-image-978 alignnone size-full\" src=\"https:\/\/bizkeliza.org\/wp-content\/uploads\/2021\/05\/download-icon-verdeoscuro-2.png\" alt=\"\" width=\"22\" height=\"22\" \/><\/a><\/p>\n<p>[\/et_pb_text][\/et_pb_column][\/et_pb_row][et_pb_row _builder_version=&#8221;4.16&#8243; _module_preset=&#8221;default&#8221; custom_padding=&#8221;||||false|false&#8221; global_colors_info=&#8221;{}&#8221;][et_pb_column type=&#8221;4_4&#8243; _builder_version=&#8221;4.16&#8243; _module_preset=&#8221;default&#8221; global_colors_info=&#8221;{}&#8221;]<\/p>\n<p>[et_pb_divider color=&#8221;#000000&#8243; divider_position=&#8221;center&#8221; module_class=&#8221;anchor-separator&#8221; _builder_version=&#8221;4.9.0&#8243; _module_preset=&#8221;default&#8221; global_colors_info=&#8221;{}&#8221;][\/et_pb_divider]<\/p>\n<p>[\/et_pb_column][\/et_pb_row][et_pb_row column_structure=&#8221;1_3,2_3&#8243; _builder_version=&#8221;4.16&#8243; _module_preset=&#8221;101b0a13-d332-45c3-8d54-3dde82bd0d31&#8243; global_colors_info=&#8221;{}&#8221;][et_pb_column type=&#8221;1_3&#8243; _builder_version=&#8221;4.16&#8243; _module_preset=&#8221;b85e4a66-778b-4a19-bbcf-5f88fd17ca5c&#8221; sticky_offset_top=&#8221;60px&#8221; sticky_offset_top_tablet=&#8221;&#8221; sticky_offset_top_phone=&#8221;132px&#8221; sticky_offset_top_last_edited=&#8221;on|phone&#8221; sticky_offset_surrounding_tablet=&#8221;&#8221; sticky_offset_surrounding_phone=&#8221;off&#8221; sticky_offset_surrounding_last_edited=&#8221;on|desktop&#8221; global_colors_info=&#8221;{}&#8221; custom_css_main_element_last_edited=&#8221;on|desktop&#8221;][et_pb_text module_id=&#8221;materiales-adolescencia&#8221; _builder_version=&#8221;4.16&#8243; _module_preset=&#8221;default&#8221; header_line_height=&#8221;1.2em&#8221; header_4_font=&#8221;|700|||||||&#8221; header_3_font_size_tablet=&#8221;&#8221; header_3_font_size_phone=&#8221;22px&#8221; header_3_font_size_last_edited=&#8221;on|phone&#8221; header_4_font_size_tablet=&#8221;&#8221; header_4_font_size_phone=&#8221;18px&#8221; header_4_font_size_last_edited=&#8221;on|desktop&#8221; global_colors_info=&#8221;{}&#8221;]<\/p>\n<h2>Lagungarri eta baliabideak<\/h2>\n<p>[\/et_pb_text][et_pb_button button_url=&#8221;#exclusion&#8221; button_text=&#8221;Bazterketa-egitasmoa&#8221; _builder_version=&#8221;4.16&#8243; _module_preset=&#8221;cb4a296a-560e-400c-a5d7-8c1b56d1c517&#8243; global_colors_info=&#8221;{}&#8221;][\/et_pb_button][et_pb_button button_url=&#8221;#campo&#8221; button_text=&#8221;Lan-kanpamentua&#8221; _builder_version=&#8221;4.16&#8243; _module_preset=&#8221;cb4a296a-560e-400c-a5d7-8c1b56d1c517&#8243; global_colors_info=&#8221;{}&#8221;][\/et_pb_button][\/et_pb_column][et_pb_column type=&#8221;2_3&#8243; admin_label=&#8221;Columna&#8221; _builder_version=&#8221;4.16&#8243; _module_preset=&#8221;default&#8221; border_style_all=&#8221;none&#8221; global_colors_info=&#8221;{}&#8221;][et_pb_text module_class=&#8221;anchor-text&#8221; _builder_version=&#8221;4.16&#8243; _module_preset=&#8221;default&#8221; header_font_size=&#8221;44px&#8221; header_line_height=&#8221;1.2em&#8221; header_4_font=&#8221;|700|||||||&#8221; header_3_font_size_tablet=&#8221;&#8221; header_3_font_size_phone=&#8221;22px&#8221; header_3_font_size_last_edited=&#8221;on|phone&#8221; header_4_font_size_tablet=&#8221;&#8221; header_4_font_size_phone=&#8221;18px&#8221; header_4_font_size_last_edited=&#8221;on|desktop&#8221; global_colors_info=&#8221;{}&#8221;]<\/p>\n<p><b>Ikusiz Ikasi:<\/b><span style=\"font-weight: 400;\"> Una propuesta para profundizar en el mensaje cristiano y sus valores a trav\u00e9s del cine como herramienta educativa:<\/span><a href=\"http:\/\/ikusizikasi.bizkeliza.org\/es\/\" target=\"_blank\" rel=\"noopener noreferrer\"> <span style=\"font-weight: 400;\">ikusizikasi.bizkeliza.org\u00a0<img decoding=\"async\" class=\"wp-image-982 alignnone size-full\" src=\"https:\/\/bizkeliza.org\/wp-content\/uploads\/2021\/05\/follow-icon-verdeoscuro-2.png\" alt=\"\" width=\"21\" height=\"11\" \/><\/span><\/a><\/p>\n<p>[\/et_pb_text][et_pb_divider color=&#8221;#000000&#8243; divider_position=&#8221;center&#8221; module_class=&#8221;anchor-separator&#8221; _builder_version=&#8221;4.16&#8243; _module_preset=&#8221;default&#8221; custom_padding=&#8221;33px|||||&#8221; global_colors_info=&#8221;{}&#8221;][\/et_pb_divider][et_pb_text admin_label=&#8221;subt\u00edtulo&#8221; module_id=&#8221;exclusion&#8221; _builder_version=&#8221;4.16&#8243; _module_preset=&#8221;default&#8221; header_font_size=&#8221;44px&#8221; header_line_height=&#8221;1.2em&#8221; header_4_font=&#8221;|700|||||||&#8221; header_3_font_size_tablet=&#8221;&#8221; header_3_font_size_phone=&#8221;22px&#8221; header_3_font_size_last_edited=&#8221;on|phone&#8221; header_4_font_size_tablet=&#8221;&#8221; header_4_font_size_phone=&#8221;18px&#8221; header_4_font_size_last_edited=&#8221;on|desktop&#8221; global_colors_info=&#8221;{}&#8221;]<\/p>\n<h3>Bazterketa-egitasmoa<\/h3>\n<p>[\/et_pb_text][et_pb_text module_class=&#8221;anchor-text&#8221; _builder_version=&#8221;4.16&#8243; _module_preset=&#8221;default&#8221; header_font_size=&#8221;44px&#8221; header_line_height=&#8221;1.2em&#8221; header_4_font=&#8221;|700|||||||&#8221; header_3_font_size_tablet=&#8221;&#8221; header_3_font_size_phone=&#8221;22px&#8221; header_3_font_size_last_edited=&#8221;on|phone&#8221; header_4_font_size_tablet=&#8221;&#8221; header_4_font_size_phone=&#8221;18px&#8221; header_4_font_size_last_edited=&#8221;on|desktop&#8221; global_colors_info=&#8221;{}&#8221;]<\/p>\n<h4><strong>Bazterketa-egitasmoak hainbat helburu ditu:<\/strong><\/h4>\n<p><\/p>\n<p><span style=\"font-weight: 400;\">Posibilitar a los j\u00f3venes experiencias que despierten su sensibilidad hacia<\/span> Gazteei esperientziak eskaini euren sentiberatasuna biztu daiten behartsuen alde eta honeei laguntzeko jardueretan parte hartu daien boluntario lez edo lan-kanpamentuetan. Bizi izandako esperientzia sinistedunaren irakurketa sinisteduna egiten lagundu, azkenen alde konprometituz Jainkoagaz bat egin daien. Zerbitzua jarrera, bizitzeko era bihurtu Jesukristo eredutzat hartuz.<\/p>\n<p><\/p>\n<h4><strong>Eskaintza:<\/strong><\/h4>\n<p><\/p>\n<h4><strong>Saioak taldean:<\/strong><\/h4>\n<p><\/p>\n<ul>\n<li><span style=\"font-weight: 400;\">Eskaintza 18 urtetik beherakoentzat<\/span><\/li>\n<li><span style=\"font-weight: 400;\">Hartzaileak: kristau sarbideko taldeetan, eskaut taldeetan edo fede sarbiderako beste hainbat prozesutako taldeetan dagozan 18 urtetik beherako gazteak eta kristau nortasuneko ikastetxeetako ikasleak.<\/span><\/li>\n<li><span style=\"font-weight: 400;\">Helburu nagusia: gizarte bazterketaz jantzitako eremuan boluntario lez talde-esperientzia biziz Jesusen Jainkoagaz bat egiteko aukera emon.<\/span><\/li>\n<li><span style=\"font-weight: 400;\">Metodologia: Ikusi, epaitu, ekin.\u00a0<\/span><\/li>\n<li><span style=\"font-weight: 400;\">Iraupena: hiruhileko bat .\u00a0\u00a0\u00a0\u00a0\u00a0\u00a0<\/span><\/li>\n<\/ul>\n<p><\/p>\n<p><span style=\"font-weight: 400;\">Lagungarriak euskeraz eta gaztelaniaz.\u00a0<\/span><\/p>\n<p>[\/et_pb_text][et_pb_accordion open_toggle_text_color=&#8221;#000000&#8243; open_toggle_background_color=&#8221;rgba(0,0,0,0)&#8221; closed_toggle_text_color=&#8221;#000000&#8243; closed_toggle_background_color=&#8221;rgba(0,0,0,0)&#8221; icon_color=&#8221;#000000&#8243; use_icon_font_size=&#8221;on&#8221; admin_label=&#8221;Accordion&#8221; module_id=&#8221;SEC1-ancla2&#8243; module_class=&#8221;Accordion-black&#8221; _builder_version=&#8221;4.16&#8243; _module_preset=&#8221;addb4e85-b149-48c6-9dcd-1b63836bb534&#8243; toggle_text_color=&#8221;#00a55a&#8221; toggle_level=&#8221;h4&#8243; toggle_font=&#8221;|600|||||||&#8221; toggle_font_size=&#8221;18px&#8221; toggle_line_height=&#8221;1.2em&#8221; closed_toggle_font=&#8221;||||||||&#8221; closed_toggle_font_size=&#8221;18px&#8221; background_color=&#8221;rgba(0,0,0,0)&#8221; min_height=&#8221;200.3px&#8221; custom_margin=&#8221;0px||50px||false|false&#8221; custom_padding=&#8221;||||false|false&#8221; hover_transition_duration=&#8221;0.2ms&#8221; hover_transition_speed_curve=&#8221;ease-in-out&#8221; custom_css_main_element=&#8221;transition: 0.1s!important;&#8221; custom_css_toggle_icon=&#8221;content:\u201c4c\u201d;&#8221; custom_css_toggle_content=&#8221;padding: 1% 0% 1% 0%;||&#8221; border_width_all=&#8221;0px&#8221; border_color_all=&#8221;rgba(0,0,0,0)&#8221; border_style_bottom=&#8221;none&#8221; locked=&#8221;off&#8221; global_colors_info=&#8221;{}&#8221;][et_pb_accordion_item open=&#8221;on&#8221; open_toggle_background_color=&#8221;rgba(0,0,0,0)&#8221; icon_color=&#8221;rgba(0,0,0,0)&#8221; _builder_version=&#8221;4.16&#8243; _module_preset=&#8221;default&#8221; height=&#8221;0px&#8221; custom_margin=&#8221;-80px||||false|false&#8221; custom_css_toggle_icon=&#8221;content: %22%22!important;&#8221; global_colors_info=&#8221;{}&#8221; toggle_font=&#8221;||||||||&#8221; toggle_font_size=&#8221;18px&#8221;][\/et_pb_accordion_item][et_pb_accordion_item title=&#8221;Ikusi&#8221; open_toggle_background_color=&#8221;rgba(0,0,0,0)&#8221; closed_toggle_background_color=&#8221;rgba(0,0,0,0)&#8221; icon_color=&#8221;#000000&#8243; use_icon_font_size=&#8221;on&#8221; icon_font_size=&#8221;25px&#8221; _builder_version=&#8221;4.16&#8243; _module_preset=&#8221;dd4590c4-4c27-4d54-b17d-daa56f0f40df&#8221; custom_margin=&#8221;-10px||-25px||false|false&#8221; custom_css_toggle_title=&#8221;Padding:5px 0px 5px 0px;||border-bottom: 1px solid #737373;||||&#8221; custom_css_toggle_icon=&#8221;font-family:&#8217;ETmodules&#8217;;||content: %22%924c%22;&#8221; border_width_bottom=&#8221;4px&#8221; border_color_bottom=&#8221;#8300e9&#8243; global_colors_info=&#8221;{}&#8221; toggle_level=&#8221;h4&#8243; toggle_font=&#8221;|600|||||||&#8221; toggle_font_size=&#8221;18px&#8221; custom_css_toggle_icon__hover_enabled=&#8221;on|hover&#8221; custom_css_toggle_icon_last_edited=&#8221;on|desktop&#8221; custom_css_toggle_icon__hover=&#8221;font-family:&#8217;ETmodules&#8217;;||content: %22%924c%22;||transform:rotate(180deg);\t&#8221; custom_css_toggle_icon_tablet=&#8221;font-family:&#8217;ETmodules&#8217;;||content: %22%924c%22;&#8221; custom_css_toggle_icon_phone=&#8221;font-family:&#8217;ETmodules&#8217;;||content: %22%924c%22;&#8221; open=&#8221;off&#8221;]<\/p>\n<p>Cuatro sesiones + Experiencia de voluntariado <strong>1\u00aa sesi\u00f3n:<\/strong> una mirada al mundo A trav\u00e9s de varias din\u00e1micas (Anexos 1 y 2) se visualiza la desigualdad en el mundo y se analizan los factores que contribuyen a ella. <strong>2\u00aa sesi\u00f3n:<\/strong> una mirada a nuestro entorno A trav\u00e9s de la lectura de varios informes de C\u00e1ritas Diocesana se da a conocer la realidad de la pobreza en nuestro entorno m\u00e1s inmediato. A continuaci\u00f3n se entabla un di\u00e1logo sobre el tema. <strong>3\u00aa sesi\u00f3n:<\/strong> miramos la realidad que vamos a conocer Se presentan las realidades de voluntariado de C\u00e1ritas Diocesana con las que el grupo va a poder colaborar: infancia, sin techo y mayores. Se escoge una realidad. Si el grupo quiere hacer la experiencia en otra realidad de C\u00e1ritas distinta a las sugeridas puede hacerlo. Tambi\u00e9n se puede hacer la experiencia en otras asociaciones. En todos los casos, a esta sesi\u00f3n se invita a los responsables de los posibles proyectos en los que se podr\u00eda participar. <strong>4\u00aa sesi\u00f3n:<\/strong> nos miramos Una din\u00e1mica sobre los prejuicios permite a los participantes acercarse a las ideas preconcebidas sobre determinados colectivos. Experiencia de servicio y voluntariado Es en este momento cuando se propone vivir la experiencia concreta de acercamiento a las realidades de exclusi\u00f3n. Deber\u00edan darse al menos 3 \u00f3 4 encuentros con la realidad elegida.<\/p>\n<p>[\/et_pb_accordion_item][et_pb_accordion_item title=&#8221;Epaitu&#8221; open_toggle_background_color=&#8221;rgba(0,0,0,0)&#8221; closed_toggle_background_color=&#8221;rgba(0,0,0,0)&#8221; icon_color=&#8221;#000000&#8243; use_icon_font_size=&#8221;on&#8221; icon_font_size=&#8221;25px&#8221; _builder_version=&#8221;4.16&#8243; _module_preset=&#8221;dd4590c4-4c27-4d54-b17d-daa56f0f40df&#8221; custom_margin=&#8221;-10px||-25px||false|false&#8221; custom_css_toggle_title=&#8221;Padding:5px 0px 5px 0px;||border-bottom: 1px solid #737373;||||&#8221; custom_css_toggle_icon=&#8221;font-family:&#8217;ETmodules&#8217;;||content: %22%924c%22;&#8221; border_width_bottom=&#8221;4px&#8221; border_color_bottom=&#8221;#8300e9&#8243; global_colors_info=&#8221;{}&#8221; toggle_level=&#8221;h4&#8243; toggle_font=&#8221;|600|||||||&#8221; toggle_font_size=&#8221;18px&#8221; custom_css_toggle_icon__hover_enabled=&#8221;on|hover&#8221; custom_css_toggle_icon_last_edited=&#8221;on|desktop&#8221; custom_css_toggle_icon__hover=&#8221;font-family:&#8217;ETmodules&#8217;;||content: %22%924c%22;||transform:rotate(180deg);\t&#8221; custom_css_toggle_icon_tablet=&#8221;font-family:&#8217;ETmodules&#8217;;||content: %22%924c%22;&#8221; custom_css_toggle_icon_phone=&#8221;font-family:&#8217;ETmodules&#8217;;||content: %22%924c%22;&#8221; open=&#8221;off&#8221;]<\/p>\n<p>Preferentemente un fin de semana. Si no fuera posible, dedicar 3 \u00f3 4 sesiones. <strong>1\u00aa parte:<\/strong> puesta en com\u00fan de la experiencia vivida Cada uno de los miembros del grupo debe preparar un relato sobre su experiencia de voluntariado y presentarla al resto de miembros del grupo. <strong>2\u00aa parte<\/strong>: Jes\u00fas anuncia el reino de Dios Se visiona una pel\u00edcula (Katmand\u00fa, un espejo en el cielo, de Iciar Bolla\u00edn) y se abre un debate sobre la misi\u00f3n del personaje protagonista. A continuaci\u00f3n se pone esa misi\u00f3n en relaci\u00f3n con la misi\u00f3n de Jes\u00fas, presentada como la misi\u00f3n de Dios para el mundo, y con lo realizado en la experiencia de voluntariado. Finalmente se hace una peque\u00f1a oraci\u00f3n-celebraci\u00f3n (Anexo 3).<\/p>\n<p>[\/et_pb_accordion_item][et_pb_accordion_item title=&#8221;Ekin&#8221; open_toggle_background_color=&#8221;rgba(0,0,0,0)&#8221; closed_toggle_background_color=&#8221;rgba(0,0,0,0)&#8221; icon_color=&#8221;#000000&#8243; use_icon_font_size=&#8221;on&#8221; icon_font_size=&#8221;25px&#8221; _builder_version=&#8221;4.16&#8243; _module_preset=&#8221;dd4590c4-4c27-4d54-b17d-daa56f0f40df&#8221; custom_margin=&#8221;-10px||-25px||false|false&#8221; custom_css_toggle_title=&#8221;Padding:5px 0px 5px 0px;||border-bottom: 1px solid #737373;||||&#8221; custom_css_toggle_icon=&#8221;font-family:&#8217;ETmodules&#8217;;||content: %22%924c%22;&#8221; border_width_bottom=&#8221;4px&#8221; border_color_bottom=&#8221;#8300e9&#8243; global_colors_info=&#8221;{}&#8221; toggle_level=&#8221;h4&#8243; toggle_font=&#8221;|600|||||||&#8221; toggle_font_size=&#8221;18px&#8221; custom_css_toggle_icon__hover_enabled=&#8221;on|hover&#8221; custom_css_toggle_icon_last_edited=&#8221;on|desktop&#8221; custom_css_toggle_icon__hover=&#8221;font-family:&#8217;ETmodules&#8217;;||content: %22%924c%22;||transform:rotate(180deg);\t&#8221; custom_css_toggle_icon_tablet=&#8221;font-family:&#8217;ETmodules&#8217;;||content: %22%924c%22;&#8221; custom_css_toggle_icon_phone=&#8221;font-family:&#8217;ETmodules&#8217;;||content: %22%924c%22;&#8221; open=&#8221;off&#8221;]<\/p>\n<p>3 \u00f3 4 sesiones <strong>1\u00aa parte:<\/strong> las huellas de la solidaridad Se realiza una din\u00e1mica sobre la presencia de la solidaridad en la vida de los miembros del grupo. <strong>2\u00aa parte:<\/strong> pistas para avanzar en el compromiso El Anexo 4 incluye pautas para orientar el compromiso en perspectiva cristiana: los rasgos espec\u00edficos del compromiso cristiano, compromiso y espiritualidad, pistas para acercarse a los marginados\u2026 <strong>\u00a03\u00aa parte:<\/strong> nuestro compromiso En esta \u00faltima parte se trata de concretar el compromiso grupal y personal y de organizar lo necesario para organizar la acci\u00f3n grupal que se decida hacer.<\/p>\n<p>[\/et_pb_accordion_item][et_pb_accordion_item title=&#8221;itxi &#8221; open_toggle_background_color=&#8221;rgba(0,0,0,0)&#8221; closed_toggle_background_color=&#8221;rgba(0,0,0,0)&#8221; icon_color=&#8221;#000000&#8243; use_icon_font_size=&#8221;on&#8221; icon_font_size=&#8221;25px&#8221; _builder_version=&#8221;4.16&#8243; _module_preset=&#8221;dd4590c4-4c27-4d54-b17d-daa56f0f40df&#8221; custom_margin=&#8221;0px||-25px||false|false&#8221; custom_padding=&#8221;||||false|false&#8221; custom_css_toggle_title=&#8221;Padding:5px 30px 5px 0px;||border-bottom: 0px solid;&#8221; custom_css_toggle_icon=&#8221;font-family:&#8217;ETmodules&#8217;;||content:%22%924d%22;||display:block!important;&#8221; border_width_bottom=&#8221;0px&#8221; border_color_bottom=&#8221;rgba(0,0,0,0)&#8221; border_style_bottom=&#8221;none&#8221; global_colors_info=&#8221;{}&#8221; toggle_level=&#8221;h4&#8243; toggle_font=&#8221;|300|||||||&#8221; toggle_text_align=&#8221;right&#8221; toggle_font_size=&#8221;18px&#8221; custom_css_toggle_icon__hover_enabled=&#8221;off|desktop&#8221; custom_css_toggle_icon_last_edited=&#8221;on|desktop&#8221; custom_css_toggle_icon__hover=&#8221;font-family:&#8217;ETmodules&#8217;;||content: %22%924c%22;||transform:rotate(180deg);\t&#8221; content__hover_enabled=&#8221;off|desktop&#8221; custom_padding__hover_enabled=&#8221;off|desktop&#8221; custom_css_toggle_icon_tablet=&#8221;font-family:&#8217;ETmodules&#8217;;||content:%22%924d%22;||display:block!important;&#8221; custom_css_toggle_icon_phone=&#8221;font-family:&#8217;ETmodules&#8217;;||content:%22%924d%22;||display:block!important;&#8221; open=&#8221;off&#8221;][\/et_pb_accordion_item][\/et_pb_accordion][et_pb_divider color=&#8221;#000000&#8243; divider_position=&#8221;center&#8221; module_class=&#8221;anchor-separator&#8221; _builder_version=&#8221;4.16&#8243; _module_preset=&#8221;default&#8221; custom_padding=&#8221;33px|||||&#8221; global_colors_info=&#8221;{}&#8221;][\/et_pb_divider][et_pb_text admin_label=&#8221;Texto&#8221; module_id=&#8221;campo&#8221; _builder_version=&#8221;4.16&#8243; _module_preset=&#8221;default&#8221; header_font_size=&#8221;44px&#8221; header_line_height=&#8221;1.2em&#8221; header_4_font=&#8221;|700|||||||&#8221; custom_padding=&#8221;||0px|||&#8221; header_3_font_size_tablet=&#8221;&#8221; header_3_font_size_phone=&#8221;22px&#8221; header_3_font_size_last_edited=&#8221;on|phone&#8221; header_4_font_size_tablet=&#8221;&#8221; header_4_font_size_phone=&#8221;18px&#8221; header_4_font_size_last_edited=&#8221;on|desktop&#8221; global_colors_info=&#8221;{}&#8221;]<\/p>\n<h3>Lan-kanpamentua<\/h3>\n<p><\/p>\n<p><span style=\"font-weight: 400;\">Hartzaileak: 18 eta 25 urte bitarteko gazteak, fede sarbidea egin dabenak edo kristau sarbideko taldeetan dagozanak.<\/span> <span style=\"font-weight: 400;\">Helburu nagusia: gizarte bazterketaz jantzitako eremuan boluntario lez talde-esperientzia biziz Jesusen Jainkoagaz bat egiteko aukera emon.\u00a0\u00a0\u00a0\u00a0<\/span> <span style=\"font-weight: 400;\">\u00a0<\/span><\/p>\n<p><\/p>\n<h4><strong>Aukera bi:<\/strong><\/h4>\n<p><\/p>\n<ol>\n<li>Lan-kanpamentuak:<\/li>\n<\/ol>\n<p><\/p>\n<ul>\n<li style=\"font-weight: 400;\" aria-level=\"1\"><span style=\"font-weight: 400;\">16 eta 18 urte bitartekoak, Ceutan (uztaila)<\/span><\/li>\n<li style=\"font-weight: 400;\" aria-level=\"1\"><span style=\"font-weight: 400;\">18 eta 24 urte bitartekoak: Basauriko kartzelan (abendua) eta Alhuceman (uztaila<\/span><\/li>\n<\/ul>\n<p><\/p>\n<ol start=\"2\">\n<li><span style=\"font-weight: 400;\"> Boluntario lez jardun Caritasen egitasmoetan (eskatzaileakaz adosten da egitasmoa eta esperientziaren iraupena). Boluntario lez esperientzia bizitzeaz gainera, esperientzia horren irakurketa sinisteduna egiten da.<\/span><\/li>\n<\/ol>\n<p>[\/et_pb_text][\/et_pb_column][\/et_pb_row][et_pb_row _builder_version=&#8221;4.16&#8243; _module_preset=&#8221;default&#8221; width_phone=&#8221;95%&#8221; width_last_edited=&#8221;off|desktop&#8221; global_colors_info=&#8221;{}&#8221;][et_pb_column type=&#8221;4_4&#8243; _builder_version=&#8221;4.16&#8243; _module_preset=&#8221;default&#8221; global_colors_info=&#8221;{}&#8221;]<\/p>\n<p>[et_pb_divider color=&#8221;#000000&#8243; divider_position=&#8221;center&#8221; module_class=&#8221;anchor-separator&#8221; _builder_version=&#8221;4.9.0&#8243; _module_preset=&#8221;default&#8221; global_colors_info=&#8221;{}&#8221;][\/et_pb_divider]<\/p>\n<p>[\/et_pb_column][\/et_pb_row][et_pb_row column_structure=&#8221;1_3,2_3&#8243; _builder_version=&#8221;4.16&#8243; _module_preset=&#8221;default&#8221; width_phone=&#8221;95%&#8221; width_last_edited=&#8221;off|desktop&#8221; global_colors_info=&#8221;{}&#8221;][et_pb_column type=&#8221;1_3&#8243; _builder_version=&#8221;4.16&#8243; _module_preset=&#8221;default&#8221; global_colors_info=&#8221;{}&#8221;][et_pb_text module_id=&#8221;enlaces-adolescencia&#8221; _builder_version=&#8221;4.16&#8243; _module_preset=&#8221;default&#8221; header_line_height=&#8221;1.2em&#8221; header_4_font=&#8221;|700|||||||&#8221; header_3_font_size_tablet=&#8221;&#8221; header_3_font_size_phone=&#8221;22px&#8221; header_3_font_size_last_edited=&#8221;on|phone&#8221; header_4_font_size_tablet=&#8221;&#8221; header_4_font_size_phone=&#8221;18px&#8221; header_4_font_size_last_edited=&#8221;on|desktop&#8221; global_colors_info=&#8221;{}&#8221;]<\/p>\n<h2>Estekak<\/h2>\n<p>[\/et_pb_text][\/et_pb_column][et_pb_column type=&#8221;2_3&#8243; _builder_version=&#8221;4.16&#8243; _module_preset=&#8221;default&#8221; global_colors_info=&#8221;{}&#8221;][et_pb_text _builder_version=&#8221;4.16&#8243; _module_preset=&#8221;default&#8221; width=&#8221;100%&#8221; module_alignment=&#8221;left&#8221; custom_margin=&#8221;0px||||false|false&#8221; global_colors_info=&#8221;{}&#8221;]<\/p>\n<h4>\u00a0<\/h4>\n<p><\/p>\n<p><a href=\"http:\/\/www.pastoraldejuventud.es\/\" target=\"_blank\" rel=\"noopener noreferrer\">Podr\u00e1s mantenerte al d\u00eda de las distintas iniciativas de la CEE en pastoral de juventud.\u00a0\u00a0<img decoding=\"async\" class=\"wp-image-982 alignnone size-full\" src=\"https:\/\/bizkeliza.org\/wp-content\/uploads\/2021\/05\/follow-icon-verdeoscuro-2.png\" alt=\"\" width=\"21\" height=\"11\" \/><\/a><\/p>\n<p><\/p>\n<p><a href=\"https:\/\/profesionalescristianos.com\/\" target=\"_blank\" rel=\"noopener noreferrer\">Movimiento de Profesionales Cristianos\u00a0\u00a0\u00a0<img decoding=\"async\" class=\"wp-image-982 alignnone size-full\" src=\"https:\/\/bizkeliza.org\/wp-content\/uploads\/2021\/05\/follow-icon-verdeoscuro-2.png\" alt=\"\" width=\"21\" height=\"11\" \/><\/a><\/p>\n<p>[\/et_pb_text][\/et_pb_column][\/et_pb_row][\/et_pb_section]<\/p>\n","protected":false},"excerpt":{"rendered":"<p>Nerabezaro eta GaztaroaGehiago jakiteko eta hartu- emonerakoArduraduna: Mar\u00eda ManriqueTf.: 946790026E-maila: infanciajuventud1@bizkeliza.orgArduraduna: Manu BasantaTf.: 944795623E-maila: infanciajuventud2@bizkeliza.orgHelbidea: Plaza Nueva, 4-2\u00ba, 48005 BILBAOAgiriakDirectorio de Iniciaci\u00f3n Cristiana (DIC)\u00a0\u00a0Sugerencias para preparar la celebraci\u00f3n de la confirmaci\u00f3n dentro de la misa\u00a0\u00a0\u00a0Proyecto marco de Pastoral de Juventud\u00a0\u00a0Lagungarri eta baliabideakIkusiz Ikasi: Una propuesta para profundizar en el mensaje cristiano y sus valores a [&hellip;]<\/p>\n","protected":false},"author":1,"featured_media":0,"parent":12192,"menu_order":0,"comment_status":"closed","ping_status":"closed","template":"","meta":{"_acf_changed":false,"_et_pb_use_builder":"on","_et_pb_old_content":"","_et_gb_content_width":"","footnotes":""},"class_list":["post-12871","page","type-page","status-publish","hentry"],"acf":[],"yoast_head":"<!-- This site is optimized with the Yoast SEO Premium plugin v27.2 (Yoast SEO v27.2) - https:\/\/yoast.com\/product\/yoast-seo-premium-wordpress\/ -->\n<title>Nerabezaroa eta Gaztaroa - Bilboko Elizbarrutia - Di\u00f3cesis de Bilbao<\/title>\n<meta name=\"robots\" content=\"index, follow, max-snippet:-1, max-image-preview:large, max-video-preview:-1\" \/>\n<link rel=\"canonical\" href=\"https:\/\/bizkeliza.org\/eu\/ebanjelizazinoa\/fede-zabalkunde-eta-katekesia\/haurtzaro-eta-gaztaroa\/nerabezaroa-eta-gazteria\/\" \/>\n<meta property=\"og:locale\" content=\"eu_ES\" \/>\n<meta property=\"og:type\" content=\"article\" \/>\n<meta property=\"og:title\" content=\"Nerabezaroa eta Gaztaroa\" \/>\n<meta property=\"og:description\" content=\"Nerabezaro eta GaztaroaGehiago jakiteko eta hartu- emonerakoArduraduna: Mar\u00eda ManriqueTf.: 946790026E-maila: infanciajuventud1@bizkeliza.orgArduraduna: Manu BasantaTf.: 944795623E-maila: infanciajuventud2@bizkeliza.orgHelbidea: Plaza Nueva, 4-2\u00ba, 48005 BILBAOAgiriakDirectorio de Iniciaci\u00f3n Cristiana (DIC)\u00a0\u00a0Sugerencias para preparar la celebraci\u00f3n de la confirmaci\u00f3n dentro de la misa\u00a0\u00a0\u00a0Proyecto marco de Pastoral de Juventud\u00a0\u00a0Lagungarri eta baliabideakIkusiz Ikasi: Una propuesta para profundizar en el mensaje cristiano y sus valores a [&hellip;]\" \/>\n<meta property=\"og:url\" content=\"https:\/\/bizkeliza.org\/eu\/ebanjelizazinoa\/fede-zabalkunde-eta-katekesia\/haurtzaro-eta-gaztaroa\/nerabezaroa-eta-gazteria\/\" \/>\n<meta property=\"og:site_name\" content=\"Bilboko Elizbarrutia - Di\u00f3cesis de Bilbao\" \/>\n<meta property=\"article:publisher\" content=\"https:\/\/www.facebook.com\/DiocesisBilbao\/\" \/>\n<meta property=\"article:modified_time\" content=\"2026-02-24T12:31:01+00:00\" \/>\n<meta property=\"og:image\" content=\"https:\/\/bizkeliza.org\/wp-content\/uploads\/2021\/05\/download-icon-verdeoscuro-2.png\" \/>\n\t<meta property=\"og:image:width\" content=\"22\" \/>\n\t<meta property=\"og:image:height\" content=\"22\" \/>\n\t<meta property=\"og:image:type\" content=\"image\/png\" \/>\n<meta name=\"twitter:card\" content=\"summary_large_image\" \/>\n<meta name=\"twitter:site\" content=\"@DiocesisBilbao\" \/>\n<script type=\"application\/ld+json\" class=\"yoast-schema-graph\">{\"@context\":\"https:\/\/schema.org\",\"@graph\":[{\"@type\":\"WebPage\",\"@id\":\"https:\/\/bizkeliza.org\/eu\/ebanjelizazinoa\/fede-zabalkunde-eta-katekesia\/haurtzaro-eta-gaztaroa\/nerabezaroa-eta-gazteria\/\",\"url\":\"https:\/\/bizkeliza.org\/eu\/ebanjelizazinoa\/fede-zabalkunde-eta-katekesia\/haurtzaro-eta-gaztaroa\/nerabezaroa-eta-gazteria\/\",\"name\":\"Nerabezaroa eta Gaztaroa - Bilboko Elizbarrutia - Di\u00f3cesis de Bilbao\",\"isPartOf\":{\"@id\":\"https:\/\/bizkeliza.org\/eu\/#website\"},\"primaryImageOfPage\":{\"@id\":\"https:\/\/bizkeliza.org\/eu\/ebanjelizazinoa\/fede-zabalkunde-eta-katekesia\/haurtzaro-eta-gaztaroa\/nerabezaroa-eta-gazteria\/#primaryimage\"},\"image\":{\"@id\":\"https:\/\/bizkeliza.org\/eu\/ebanjelizazinoa\/fede-zabalkunde-eta-katekesia\/haurtzaro-eta-gaztaroa\/nerabezaroa-eta-gazteria\/#primaryimage\"},\"thumbnailUrl\":\"https:\/\/bizkeliza.org\/wp-content\/uploads\/2021\/05\/download-icon-verdeoscuro-2.png\",\"datePublished\":\"2021-05-18T12:13:51+00:00\",\"dateModified\":\"2026-02-24T12:31:01+00:00\",\"breadcrumb\":{\"@id\":\"https:\/\/bizkeliza.org\/eu\/ebanjelizazinoa\/fede-zabalkunde-eta-katekesia\/haurtzaro-eta-gaztaroa\/nerabezaroa-eta-gazteria\/#breadcrumb\"},\"inLanguage\":\"eu-ES\",\"potentialAction\":[{\"@type\":\"ReadAction\",\"target\":[\"https:\/\/bizkeliza.org\/eu\/ebanjelizazinoa\/fede-zabalkunde-eta-katekesia\/haurtzaro-eta-gaztaroa\/nerabezaroa-eta-gazteria\/\"]}]},{\"@type\":\"ImageObject\",\"inLanguage\":\"eu-ES\",\"@id\":\"https:\/\/bizkeliza.org\/eu\/ebanjelizazinoa\/fede-zabalkunde-eta-katekesia\/haurtzaro-eta-gaztaroa\/nerabezaroa-eta-gazteria\/#primaryimage\",\"url\":\"https:\/\/bizkeliza.org\/wp-content\/uploads\/2021\/05\/download-icon-verdeoscuro-2.png\",\"contentUrl\":\"https:\/\/bizkeliza.org\/wp-content\/uploads\/2021\/05\/download-icon-verdeoscuro-2.png\"},{\"@type\":\"BreadcrumbList\",\"@id\":\"https:\/\/bizkeliza.org\/eu\/ebanjelizazinoa\/fede-zabalkunde-eta-katekesia\/haurtzaro-eta-gaztaroa\/nerabezaroa-eta-gazteria\/#breadcrumb\",\"itemListElement\":[{\"@type\":\"ListItem\",\"position\":1,\"name\":\"Portada\",\"item\":\"https:\/\/bizkeliza.org\/eu\/\"},{\"@type\":\"ListItem\",\"position\":2,\"name\":\"Ebanjelizazinoa\",\"item\":\"https:\/\/bizkeliza.org\/eu\/evangelizacion\/\"},{\"@type\":\"ListItem\",\"position\":3,\"name\":\"Fede-Zabalkunde eta Katekesia\",\"item\":\"https:\/\/bizkeliza.org\/eu\/evangelizacion\/anuncio-y-catequesis\/\"},{\"@type\":\"ListItem\",\"position\":4,\"name\":\"Haurtzaro eta Gaztaroa\",\"item\":\"https:\/\/bizkeliza.org\/eu\/evangelizacion\/anuncio-y-catequesis\/infancia-y-juventud\/\"},{\"@type\":\"ListItem\",\"position\":5,\"name\":\"Nerabezaroa eta Gaztaroa\"}]},{\"@type\":\"WebSite\",\"@id\":\"https:\/\/bizkeliza.org\/eu\/#website\",\"url\":\"https:\/\/bizkeliza.org\/eu\/\",\"name\":\"Bilboko Elizbarrutia - Di\u00f3cesis de Bilbao\",\"description\":\"Di\u00f3cesis de Bilbao\",\"publisher\":{\"@id\":\"https:\/\/bizkeliza.org\/eu\/#organization\"},\"alternateName\":\"Di\u00f3cesis de Bilbao\",\"potentialAction\":[{\"@type\":\"SearchAction\",\"target\":{\"@type\":\"EntryPoint\",\"urlTemplate\":\"https:\/\/bizkeliza.org\/eu\/?s={search_term_string}\"},\"query-input\":{\"@type\":\"PropertyValueSpecification\",\"valueRequired\":true,\"valueName\":\"search_term_string\"}}],\"inLanguage\":\"eu-ES\"},{\"@type\":\"Organization\",\"@id\":\"https:\/\/bizkeliza.org\/eu\/#organization\",\"name\":\"Di\u00f3cesis de Bilbao\",\"alternateName\":\"Di\u00f3cesis de Bilbao\",\"url\":\"https:\/\/bizkeliza.org\/eu\/\",\"logo\":{\"@type\":\"ImageObject\",\"inLanguage\":\"eu-ES\",\"@id\":\"https:\/\/bizkeliza.org\/eu\/#\/schema\/logo\/image\/\",\"url\":\"https:\/\/bizkeliza.org\/wp-content\/uploads\/2022\/06\/Logo-nuevo_2024-1-scaled.jpg\",\"contentUrl\":\"https:\/\/bizkeliza.org\/wp-content\/uploads\/2022\/06\/Logo-nuevo_2024-1-scaled.jpg\",\"width\":2560,\"height\":1024,\"caption\":\"Di\u00f3cesis de Bilbao\"},\"image\":{\"@id\":\"https:\/\/bizkeliza.org\/eu\/#\/schema\/logo\/image\/\"},\"sameAs\":[\"https:\/\/www.facebook.com\/DiocesisBilbao\/\",\"https:\/\/x.com\/DiocesisBilbao\",\"https:\/\/www.instagram.com\/obispadobilbao\/\",\"https:\/\/www.youtube.com\/user\/bilbokoelizbarrutia\"],\"description\":\"Iglesia local de Bilbao perteneciente a la Iglesia Cat\u00f3lica\"}]}<\/script>\n<!-- \/ Yoast SEO Premium plugin. -->","yoast_head_json":{"title":"Nerabezaroa eta Gaztaroa - Bilboko Elizbarrutia - Di\u00f3cesis de Bilbao","robots":{"index":"index","follow":"follow","max-snippet":"max-snippet:-1","max-image-preview":"max-image-preview:large","max-video-preview":"max-video-preview:-1"},"canonical":"https:\/\/bizkeliza.org\/eu\/ebanjelizazinoa\/fede-zabalkunde-eta-katekesia\/haurtzaro-eta-gaztaroa\/nerabezaroa-eta-gazteria\/","og_locale":"eu_ES","og_type":"article","og_title":"Nerabezaroa eta Gaztaroa","og_description":"Nerabezaro eta GaztaroaGehiago jakiteko eta hartu- emonerakoArduraduna: Mar\u00eda ManriqueTf.: 946790026E-maila: infanciajuventud1@bizkeliza.orgArduraduna: Manu BasantaTf.: 944795623E-maila: infanciajuventud2@bizkeliza.orgHelbidea: Plaza Nueva, 4-2\u00ba, 48005 BILBAOAgiriakDirectorio de Iniciaci\u00f3n Cristiana (DIC)\u00a0\u00a0Sugerencias para preparar la celebraci\u00f3n de la confirmaci\u00f3n dentro de la misa\u00a0\u00a0\u00a0Proyecto marco de Pastoral de Juventud\u00a0\u00a0Lagungarri eta baliabideakIkusiz Ikasi: Una propuesta para profundizar en el mensaje cristiano y sus valores a [&hellip;]","og_url":"https:\/\/bizkeliza.org\/eu\/ebanjelizazinoa\/fede-zabalkunde-eta-katekesia\/haurtzaro-eta-gaztaroa\/nerabezaroa-eta-gazteria\/","og_site_name":"Bilboko Elizbarrutia - Di\u00f3cesis de Bilbao","article_publisher":"https:\/\/www.facebook.com\/DiocesisBilbao\/","article_modified_time":"2026-02-24T12:31:01+00:00","og_image":[{"width":22,"height":22,"url":"https:\/\/bizkeliza.org\/wp-content\/uploads\/2021\/05\/download-icon-verdeoscuro-2.png","type":"image\/png"}],"twitter_card":"summary_large_image","twitter_site":"@DiocesisBilbao","schema":{"@context":"https:\/\/schema.org","@graph":[{"@type":"WebPage","@id":"https:\/\/bizkeliza.org\/eu\/ebanjelizazinoa\/fede-zabalkunde-eta-katekesia\/haurtzaro-eta-gaztaroa\/nerabezaroa-eta-gazteria\/","url":"https:\/\/bizkeliza.org\/eu\/ebanjelizazinoa\/fede-zabalkunde-eta-katekesia\/haurtzaro-eta-gaztaroa\/nerabezaroa-eta-gazteria\/","name":"Nerabezaroa eta Gaztaroa - Bilboko Elizbarrutia - Di\u00f3cesis de Bilbao","isPartOf":{"@id":"https:\/\/bizkeliza.org\/eu\/#website"},"primaryImageOfPage":{"@id":"https:\/\/bizkeliza.org\/eu\/ebanjelizazinoa\/fede-zabalkunde-eta-katekesia\/haurtzaro-eta-gaztaroa\/nerabezaroa-eta-gazteria\/#primaryimage"},"image":{"@id":"https:\/\/bizkeliza.org\/eu\/ebanjelizazinoa\/fede-zabalkunde-eta-katekesia\/haurtzaro-eta-gaztaroa\/nerabezaroa-eta-gazteria\/#primaryimage"},"thumbnailUrl":"https:\/\/bizkeliza.org\/wp-content\/uploads\/2021\/05\/download-icon-verdeoscuro-2.png","datePublished":"2021-05-18T12:13:51+00:00","dateModified":"2026-02-24T12:31:01+00:00","breadcrumb":{"@id":"https:\/\/bizkeliza.org\/eu\/ebanjelizazinoa\/fede-zabalkunde-eta-katekesia\/haurtzaro-eta-gaztaroa\/nerabezaroa-eta-gazteria\/#breadcrumb"},"inLanguage":"eu-ES","potentialAction":[{"@type":"ReadAction","target":["https:\/\/bizkeliza.org\/eu\/ebanjelizazinoa\/fede-zabalkunde-eta-katekesia\/haurtzaro-eta-gaztaroa\/nerabezaroa-eta-gazteria\/"]}]},{"@type":"ImageObject","inLanguage":"eu-ES","@id":"https:\/\/bizkeliza.org\/eu\/ebanjelizazinoa\/fede-zabalkunde-eta-katekesia\/haurtzaro-eta-gaztaroa\/nerabezaroa-eta-gazteria\/#primaryimage","url":"https:\/\/bizkeliza.org\/wp-content\/uploads\/2021\/05\/download-icon-verdeoscuro-2.png","contentUrl":"https:\/\/bizkeliza.org\/wp-content\/uploads\/2021\/05\/download-icon-verdeoscuro-2.png"},{"@type":"BreadcrumbList","@id":"https:\/\/bizkeliza.org\/eu\/ebanjelizazinoa\/fede-zabalkunde-eta-katekesia\/haurtzaro-eta-gaztaroa\/nerabezaroa-eta-gazteria\/#breadcrumb","itemListElement":[{"@type":"ListItem","position":1,"name":"Portada","item":"https:\/\/bizkeliza.org\/eu\/"},{"@type":"ListItem","position":2,"name":"Ebanjelizazinoa","item":"https:\/\/bizkeliza.org\/eu\/evangelizacion\/"},{"@type":"ListItem","position":3,"name":"Fede-Zabalkunde eta Katekesia","item":"https:\/\/bizkeliza.org\/eu\/evangelizacion\/anuncio-y-catequesis\/"},{"@type":"ListItem","position":4,"name":"Haurtzaro eta Gaztaroa","item":"https:\/\/bizkeliza.org\/eu\/evangelizacion\/anuncio-y-catequesis\/infancia-y-juventud\/"},{"@type":"ListItem","position":5,"name":"Nerabezaroa eta Gaztaroa"}]},{"@type":"WebSite","@id":"https:\/\/bizkeliza.org\/eu\/#website","url":"https:\/\/bizkeliza.org\/eu\/","name":"Bilboko Elizbarrutia - Di\u00f3cesis de Bilbao","description":"Di\u00f3cesis de Bilbao","publisher":{"@id":"https:\/\/bizkeliza.org\/eu\/#organization"},"alternateName":"Di\u00f3cesis de Bilbao","potentialAction":[{"@type":"SearchAction","target":{"@type":"EntryPoint","urlTemplate":"https:\/\/bizkeliza.org\/eu\/?s={search_term_string}"},"query-input":{"@type":"PropertyValueSpecification","valueRequired":true,"valueName":"search_term_string"}}],"inLanguage":"eu-ES"},{"@type":"Organization","@id":"https:\/\/bizkeliza.org\/eu\/#organization","name":"Di\u00f3cesis de Bilbao","alternateName":"Di\u00f3cesis de Bilbao","url":"https:\/\/bizkeliza.org\/eu\/","logo":{"@type":"ImageObject","inLanguage":"eu-ES","@id":"https:\/\/bizkeliza.org\/eu\/#\/schema\/logo\/image\/","url":"https:\/\/bizkeliza.org\/wp-content\/uploads\/2022\/06\/Logo-nuevo_2024-1-scaled.jpg","contentUrl":"https:\/\/bizkeliza.org\/wp-content\/uploads\/2022\/06\/Logo-nuevo_2024-1-scaled.jpg","width":2560,"height":1024,"caption":"Di\u00f3cesis de Bilbao"},"image":{"@id":"https:\/\/bizkeliza.org\/eu\/#\/schema\/logo\/image\/"},"sameAs":["https:\/\/www.facebook.com\/DiocesisBilbao\/","https:\/\/x.com\/DiocesisBilbao","https:\/\/www.instagram.com\/obispadobilbao\/","https:\/\/www.youtube.com\/user\/bilbokoelizbarrutia"],"description":"Iglesia local de Bilbao perteneciente a la Iglesia Cat\u00f3lica"}]}},"_links":{"self":[{"href":"https:\/\/bizkeliza.org\/eu\/wp-json\/wp\/v2\/pages\/12871","targetHints":{"allow":["GET"]}}],"collection":[{"href":"https:\/\/bizkeliza.org\/eu\/wp-json\/wp\/v2\/pages"}],"about":[{"href":"https:\/\/bizkeliza.org\/eu\/wp-json\/wp\/v2\/types\/page"}],"author":[{"embeddable":true,"href":"https:\/\/bizkeliza.org\/eu\/wp-json\/wp\/v2\/users\/1"}],"replies":[{"embeddable":true,"href":"https:\/\/bizkeliza.org\/eu\/wp-json\/wp\/v2\/comments?post=12871"}],"version-history":[{"count":0,"href":"https:\/\/bizkeliza.org\/eu\/wp-json\/wp\/v2\/pages\/12871\/revisions"}],"up":[{"embeddable":true,"href":"https:\/\/bizkeliza.org\/eu\/wp-json\/wp\/v2\/pages\/12192"}],"wp:attachment":[{"href":"https:\/\/bizkeliza.org\/eu\/wp-json\/wp\/v2\/media?parent=12871"}],"curies":[{"name":"wp","href":"https:\/\/api.w.org\/{rel}","templated":true}]}}