{"id":12895,"date":"2021-11-07T18:02:56","date_gmt":"2021-11-07T17:02:56","guid":{"rendered":"https:\/\/boring-dhawan.137-117-168-183.plesk.page\/ebanjelizazinoa\/karidade-eta-zuzentasuna\/pastoral-arloak\/ezintasunak\/"},"modified":"2022-12-07T09:46:50","modified_gmt":"2022-12-07T08:46:50","slug":"ezintasunak","status":"publish","type":"page","link":"https:\/\/bizkeliza.org\/eu\/ebanjelizazinoa\/karidade-eta-zuzentasuna\/pastoral-arloak\/ezintasunak\/","title":{"rendered":"Ezintasunak"},"content":{"rendered":"<p>[et_pb_section fb_built=&#8221;1&#8243; _builder_version=&#8221;4.16&#8243; _module_preset=&#8221;default&#8221; positioning=&#8221;none&#8221; z_index=&#8221;0&#8243; custom_padding=&#8221;||40px||false|false&#8221; global_colors_info=&#8221;{}&#8221;][et_pb_row column_structure=&#8221;1_3,2_3&#8243; _builder_version=&#8221;4.16&#8243; _module_preset=&#8221;default&#8221; global_colors_info=&#8221;{}&#8221;][et_pb_column type=&#8221;1_3&#8243; _builder_version=&#8221;4.16&#8243; _module_preset=&#8221;default&#8221; global_colors_info=&#8221;{}&#8221;][et_pb_text admin_label=&#8221;Text&#8221; _builder_version=&#8221;4.16&#8243; _module_preset=&#8221;default&#8221; header_font_size=&#8221;44px&#8221; header_line_height=&#8221;1.2em&#8221; header_4_font=&#8221;|700|||||||&#8221; custom_margin=&#8221;||||false|false&#8221; custom_padding=&#8221;||||false|false&#8221; header_font_size_tablet=&#8221;&#8221; header_font_size_phone=&#8221;34px&#8221; header_font_size_last_edited=&#8221;on|phone&#8221; header_3_font_size_tablet=&#8221;&#8221; header_3_font_size_phone=&#8221;22px&#8221; header_3_font_size_last_edited=&#8221;on|phone&#8221; header_4_font_size_tablet=&#8221;&#8221; header_4_font_size_phone=&#8221;18px&#8221; header_4_font_size_last_edited=&#8221;on|desktop&#8221; global_colors_info=&#8221;{}&#8221;]<\/p>\n<h1>Ahalmen-urritasuna dabenentzako pastoraltza<\/h1>\n<p>[\/et_pb_text][\/et_pb_column][et_pb_column type=&#8221;2_3&#8243; _builder_version=&#8221;4.16&#8243; _module_preset=&#8221;default&#8221; global_colors_info=&#8221;{}&#8221;][et_pb_text _builder_version=&#8221;4.16&#8243; _module_preset=&#8221;default&#8221; custom_padding_tablet=&#8221;&#8221; custom_padding_phone=&#8221;||||false|false&#8221; custom_padding_last_edited=&#8221;on|desktop&#8221; global_colors_info=&#8221;{}&#8221;]<\/p>\n<p><span style=\"font-weight: 400;\">Ahalmen-urritasuna daben pertsonak Eleizbarrutian txertatzea eta euren partaidetza betea sustatzea da pastoral honen xedea. Ahalmen-urritasuna dauan pertsona ebanjelizazinoaren jasotzaile izateaz batera, eragile ebanjelizatzaile dala autortuta jokatzen dogu, hiru balio garrantzitsu ahaztu barik:<\/span> \u00a0<\/p>\n<ul>\n<li style=\"font-weight: 400;\" aria-level=\"1\"><span style=\"font-weight: 400;\">Pertsonaren duintasun eta nagusitasuna sakramentu lez eta Jainkoaren maitasunaren jasotzaile lez.<\/span><\/li>\n<li style=\"font-weight: 400;\" aria-level=\"1\"><span style=\"font-weight: 400;\">Tartean dagozan pertsona guztien ardurakidetasuna.<\/span><\/li>\n<li style=\"font-weight: 400;\" aria-level=\"1\"><span style=\"font-weight: 400;\">Arreta-akonpainamendua, Artzain Onaren ereduaren arabera.<\/span><\/li>\n<\/ul>\n<h2>\u00a0<\/h2>\n<h2>Nor gara?<\/h2>\n<blockquote><p>\u201cJesus\u2026 Galileako itsasora bihurtu zan barriro\u2026 Gizon gor eta totela eroan eutsoen, eta eskua gainean ezartzeko eskatu. Jesusek, jenteagandik aparte hartuta, atzamarrak belarrietan sartu eutsozan eta txistuaz mihina ikutu. Gero, zerurantz begiratuz, arnasa sakon hartu eta esan eutson: -Effeta! (hau da, Edegi\u201d). Eta une berean, belarriak edegi jakozan, mihina askatu eta garbi berba egiten hasi zan.\u201d Mk 7, 31-34<\/p><\/blockquote>\n<p>Orain dala 20 urte hasita, pastoral jarduera bakun eta apala egiten dihardugu gure Eleizbarrutiko gorrakaz, danengana ezin garala iritsi jakinda be. Sakabanatzeak zailtasun handiak dakarskuz, izan be, Eleizbarrutiko hainbat herritan bizi gara. Horregaitik, ezinbestekoa da guztion lankidetza ahalik eta jente gehiagorengana heldu ahal izateko. Gorrak eta entzuten daben pertsonak dagoz pastoraltza hau sustatzen dauan taldean. Abade batek keinu-hizkuntza daki eta gorrei zuzendutako sakramentu-, katekesi- eta ebanjelizatze-zerbitzuetan emoten dau bere jardueraren zati bat.<\/p>\n<p>[\/et_pb_text][et_pb_text _builder_version=&#8221;4.16&#8243; _module_preset=&#8221;default&#8221; background_color=&#8221;#f5f7fa&#8221; custom_padding=&#8221;26px|26px|26px|26px|true|true&#8221; custom_padding_phone=&#8221;||||false|false&#8221; custom_padding_last_edited=&#8221;off|desktop&#8221; border_radii=&#8221;on|3px|3px|3px|3px&#8221; global_colors_info=&#8221;{}&#8221; custom_css_main_element_last_edited=&#8221;on|phone&#8221;]<\/p>\n<h4><b>Gehiago jakiteko eta hartu-emonerako<\/b><\/h4>\n<p><span style=\"font-weight: 400;\"><strong>Arduraduna:<\/strong> Sergio Buiza<\/span> <span style=\"color: #000000;\"><b>Tl.: <\/b><a href=\"tel:34944795987\" target=\"_blank\" rel=\"noopener noreferrer\">944 795 987<\/a><\/span> <span style=\"font-weight: 400;\"><span style=\"color: #000000;\"><strong>Emaila: <\/strong><a href=\"mailto:discapacidad@bizkeliza.org\" target=\"_blank\" rel=\"noopener noreferrer\">discapacidad@bizkeliza.org<\/a><\/span><\/span> <span style=\"font-weight: 400;\"><span style=\"color: #000000;\"><strong>Helbidea:<\/strong><\/span> Plaza Nueva, 4-2\u00ba, 48005 BILBAO<\/span><\/p>\n<p>[\/et_pb_text][\/et_pb_column][\/et_pb_row][\/et_pb_section][et_pb_section fb_built=&#8221;1&#8243; _builder_version=&#8221;4.16&#8243; _module_preset=&#8221;default&#8221; background_color=&#8221;#f5f7fa&#8221; positioning=&#8221;none&#8221; z_index=&#8221;0&#8243; custom_padding=&#8221;||70px|||&#8221; global_colors_info=&#8221;{}&#8221;][et_pb_row _builder_version=&#8221;4.16&#8243; _module_preset=&#8221;default&#8221; global_colors_info=&#8221;{}&#8221;][et_pb_column type=&#8221;4_4&#8243; _builder_version=&#8221;4.16&#8243; _module_preset=&#8221;default&#8221; global_colors_info=&#8221;{}&#8221;][et_pb_text _builder_version=&#8221;4.16&#8243; _module_preset=&#8221;default&#8221; header_font_size=&#8221;32px&#8221; header_line_height=&#8221;1.2em&#8221; header_4_font=&#8221;|700|||||||&#8221; header_3_font_size_tablet=&#8221;&#8221; header_3_font_size_phone=&#8221;22px&#8221; header_3_font_size_last_edited=&#8221;on|phone&#8221; header_4_font_size_tablet=&#8221;&#8221; header_4_font_size_phone=&#8221;18px&#8221; header_4_font_size_last_edited=&#8221;on|desktop&#8221; global_colors_info=&#8221;{}&#8221;]<\/p>\n<h2>Ahalmen-urritasuna dabenentzako pastoraltzaren barriak<\/h2>\n<p>[\/et_pb_text][\/et_pb_column][\/et_pb_row][et_pb_row _builder_version=&#8221;4.16&#8243; _module_preset=&#8221;default&#8221; custom_padding=&#8221;3px|||||&#8221; locked=&#8221;off&#8221; global_colors_info=&#8221;{}&#8221;][et_pb_column type=&#8221;4_4&#8243; _builder_version=&#8221;4.16&#8243; _module_preset=&#8221;default&#8221; global_colors_info=&#8221;{}&#8221;][et_pb_code _builder_version=&#8221;4.16&#8243; _module_preset=&#8221;default&#8221; max_width=&#8221;100%&#8221; max_width_tablet=&#8221;&#8221; max_width_phone=&#8221;100%&#8221; max_width_last_edited=&#8221;on|desktop&#8221; module_alignment=&#8221;center&#8221; global_colors_info=&#8221;{}&#8221;]<pee><div class=\"noticias-bloque-secciones-todas\"><div class=\"noticias-bloque-secciones\"><div class=\"pastorales-contenido-media-2\"><div style='width: 100%; height: 100%; background-position: center center; background-repeat: no-repeat; background-size: cover; background-image: url(\"https:\/\/bizkeliza.org\/wp-content\/uploads\/2025\/11\/IMG-20251124-WA0007.jpg\");'><\/div><\/div><div class=\"pastorales-contenido-datos-2\"><div style=\"display: flex;\"><div class=\"noticia-fecha\"><span class=\"noticia-calendario\" style=\"margin-top: -2px;\"><\/span>29.11.2025<\/div><div style=\"position: relative;\"><img decoding=\"async\" src=\"https:\/\/bizkeliza.org\/wp-content\/themes\/divi-child\/images\/share.svg\" class=\"share-news-icon\" style=\"height: 18px; cursor: pointer;\" \/><div class=\"share-news-block\" style=\"opacity: 0; pointer-events: none; transition: all .2s ease-in-out; position: absolute; top: 0; left: 50%; transform: translateX(-50%); background: #FFF; z-index: 10; border-radius: 30px; box-shadow: 0 0 10px rgb(0 0 0 \/ 20%); padding: 6px 6px;\"><div class=\"a2a_kit a2a_kit_size_32 a2a_default_style\" data-a2a-url=\"https:\/\/bizkeliza.org\/eu\/noticia\/desgaitasuna-daben-pertsonen-eguneko-eukaristiaren-zuzeneko-emonaldia\/\" data-a2a-title=\"Desgaitasuna daben Pertsonen Eguneko Eukaristiaren zuzeneko emonaldia\"><a class=\"a2a_button_facebook share-news\"><\/a><a class=\"a2a_button_x share-news\"><\/a><a class=\"a2a_button_email share-news\"><\/a><a class=\"a2a_button_pinterest share-news\"><\/a><a class=\"a2a_button_whatsapp share-news\"><\/a><a class=\"a2a_button_telegram share-news\"><\/a><\/div><script async src=\"https:\/\/static.addtoany.com\/menu\/page.js\"><\/script><style>\n\t\t\t\t\t\t.share-news span {\n\t\t\t\t\t\t\tborder-radius: 50% !important;\n\t\t\t\t\t\t\toverflow: hidden;\n\t\t\t\t\t\t\tmargin-bottom: 6px;\n\t\t\t\t\t\t}\n\t\t\t\t\t<\/style><\/div><\/div><\/div><div style=\"display: flex; flex-direction: column; flex-grow: 1;\"><a href=\"https:\/\/bizkeliza.org\/eu\/noticia\/desgaitasuna-daben-pertsonen-eguneko-eukaristiaren-zuzeneko-emonaldia\/\" title=\"Desgaitasuna daben Pertsonen Eguneko Eukaristiaren zuzeneko emonaldia\"><h3>Desgaitasuna daben Pertsonen Eguneko Eukaristiaren zuzeneko emonaldia<\/h3><\/a><div class=\"noticia-descripcion noticia-descripcion-precuerpo\"><p>Datorren abenduaren 3an ospatuko da <strong>Desgaitasuna daben Pertsonen Nazinoarteko Eguna.<\/strong> Eleizbarrutian, <strong>gaur -azaroak 29, zapatua-<\/strong> ospatuko da <strong>Santiago katedralean, Kerman Lopez<\/strong> bikario nagusia buru dala, arratsaldeko<strong> zazpietan<\/strong> ospatuko dan <strong>Eukaristiagaz. Zuzenean eskainiko da web orrialde honen bidez.<\/strong><\/p><\/div><div class=\"noticia-leer-mas\"><a href=\"https:\/\/bizkeliza.org\/eu\/noticia\/desgaitasuna-daben-pertsonen-eguneko-eukaristiaren-zuzeneko-emonaldia\/\" style=\"display: flex; align-items: center;\">Irakurri <span class=\"dashicons dashicons-arrow-right-alt\" style=\"font-size: 14px; display: flex; align-items: center; justify-content: center; margin-top: 1px; margin-left: 6px;\"><\/span><\/a><\/div><\/div><script>\n\t\n\tvar last_share;\n\t\n\tfunction close_share () {\n\t\tif (last_share && last_share.style) {\n\t\t\tlast_share.style.opacity = 0;\n\t\t\tlast_share.style.pointerEvents = \"none\";\n\t\t}\n\t}\n\t\n\twindow.addEventListener(\"click\", () => {\n\t\tclose_share();\n\t});\n\t\n\tvar list = document.getElementsByClassName(\"share-news-icon\");\n\t\n\tObject.keys(list).map(x => {\n\t\tvar item = list[x];\n\t\t\n\t\titem.addEventListener(\"click\", (e) => {\n\t\t\te.preventDefault();\n\t\t\te.stopPropagation();\n\t\t\t\n\t\t\tvar parent = e.target.parentNode,\n\t\t\t\t\tbox = parent.getElementsByClassName(\"share-news-block\")[0];\n\t\t\t\n\t\t\tclose_share();\n\t\t\t\n\t\t\tlast_share = box;\n\t\t\tlast_share.style.opacity = 1;\n\t\t\tlast_share.style.pointerEvents = \"all\";\n\t\t});\n\t})\n\t\n\t<\/script><\/div><\/div><div class=\"noticias-bloque-secciones\"><div class=\"pastorales-contenido-media-2\"><div style='width: 100%; height: 100%; background-position: center center; background-repeat: no-repeat; background-size: cover; background-image: url(\"https:\/\/bizkeliza.org\/wp-content\/uploads\/2025\/11\/IMG-20251124-WA0007.jpg\");'><\/div><\/div><div class=\"pastorales-contenido-datos-2\"><div style=\"display: flex;\"><div class=\"noticia-fecha\"><span class=\"noticia-calendario\" style=\"margin-top: -2px;\"><\/span>27.11.2025<\/div><div style=\"position: relative;\"><img decoding=\"async\" src=\"https:\/\/bizkeliza.org\/wp-content\/themes\/divi-child\/images\/share.svg\" class=\"share-news-icon\" style=\"height: 18px; cursor: pointer;\" \/><div class=\"share-news-block\" style=\"opacity: 0; pointer-events: none; transition: all .2s ease-in-out; position: absolute; top: 0; left: 50%; transform: translateX(-50%); background: #FFF; z-index: 10; border-radius: 30px; box-shadow: 0 0 10px rgb(0 0 0 \/ 20%); padding: 6px 6px;\"><div class=\"a2a_kit a2a_kit_size_32 a2a_default_style\" data-a2a-url=\"https:\/\/bizkeliza.org\/eu\/noticia\/eleizbarrutiaren-ordezkaritza-desgaitasuna-daben-pertsonen-egunean\/\" data-a2a-title=\"Eleizbarrutiaren ordezkaritza Desgaitasuna daben Pertsonen Egunean\"><a class=\"a2a_button_facebook share-news\"><\/a><a class=\"a2a_button_x share-news\"><\/a><a class=\"a2a_button_email share-news\"><\/a><a class=\"a2a_button_pinterest share-news\"><\/a><a class=\"a2a_button_whatsapp share-news\"><\/a><a class=\"a2a_button_telegram share-news\"><\/a><\/div><script async src=\"https:\/\/static.addtoany.com\/menu\/page.js\"><\/script><style>\n\t\t\t\t\t\t.share-news span {\n\t\t\t\t\t\t\tborder-radius: 50% !important;\n\t\t\t\t\t\t\toverflow: hidden;\n\t\t\t\t\t\t\tmargin-bottom: 6px;\n\t\t\t\t\t\t}\n\t\t\t\t\t<\/style><\/div><\/div><\/div><div style=\"display: flex; flex-direction: column; flex-grow: 1;\"><a href=\"https:\/\/bizkeliza.org\/eu\/noticia\/eleizbarrutiaren-ordezkaritza-desgaitasuna-daben-pertsonen-egunean\/\" title=\"Eleizbarrutiaren ordezkaritza Desgaitasuna daben Pertsonen Egunean\"><h3>Eleizbarrutiaren ordezkaritza Desgaitasuna daben Pertsonen Egunean<\/h3><\/a><div class=\"noticia-descripcion noticia-descripcion-precuerpo\"><p><b><i>\"Jesusen poztasunean bat eginda\"\u00a0<\/i><\/b>goiburuaren harira, datorren abenduaren 3an ospatuko da\u00a0<strong>Desgaitasuna daben Pertsonen Nazinoarteko Eguna.\u00a0<\/strong>Hori dala-eta, datorren zapatuz, azaroak 29, <strong>Eukaristia<\/strong> ospatuko da Santiago katedralean, <strong>Kerman Lopez<\/strong> bikario nagusia buru dala, eta zuzenean emongo da web honen bidez.<\/p><\/div><div class=\"noticia-leer-mas\"><a href=\"https:\/\/bizkeliza.org\/eu\/noticia\/eleizbarrutiaren-ordezkaritza-desgaitasuna-daben-pertsonen-egunean\/\" style=\"display: flex; align-items: center;\">Irakurri <span class=\"dashicons dashicons-arrow-right-alt\" style=\"font-size: 14px; display: flex; align-items: center; justify-content: center; margin-top: 1px; margin-left: 6px;\"><\/span><\/a><\/div><\/div><script>\n\t\n\tvar last_share;\n\t\n\tfunction close_share () {\n\t\tif (last_share && last_share.style) {\n\t\t\tlast_share.style.opacity = 0;\n\t\t\tlast_share.style.pointerEvents = \"none\";\n\t\t}\n\t}\n\t\n\twindow.addEventListener(\"click\", () => {\n\t\tclose_share();\n\t});\n\t\n\tvar list = document.getElementsByClassName(\"share-news-icon\");\n\t\n\tObject.keys(list).map(x => {\n\t\tvar item = list[x];\n\t\t\n\t\titem.addEventListener(\"click\", (e) => {\n\t\t\te.preventDefault();\n\t\t\te.stopPropagation();\n\t\t\t\n\t\t\tvar parent = e.target.parentNode,\n\t\t\t\t\tbox = parent.getElementsByClassName(\"share-news-block\")[0];\n\t\t\t\n\t\t\tclose_share();\n\t\t\t\n\t\t\tlast_share = box;\n\t\t\tlast_share.style.opacity = 1;\n\t\t\tlast_share.style.pointerEvents = \"all\";\n\t\t});\n\t})\n\t\n\t<\/script><\/div><\/div><div class=\"noticias-bloque-secciones\"><div class=\"pastorales-contenido-media-2\"><div class=\"noticia-bloque-youtube\"><iframe class=\"\" height=\"180\" src=\"https:\/\/www.youtube.com\/embed\/SqVdACsySGc?\" allowfullscreen><\/iframe><\/div><\/div><div class=\"pastorales-contenido-datos-2\"><div style=\"display: flex;\"><div class=\"noticia-fecha\"><span class=\"noticia-calendario\" style=\"margin-top: -2px;\"><\/span>30.11.2024<\/div><div style=\"position: relative;\"><img decoding=\"async\" src=\"https:\/\/bizkeliza.org\/wp-content\/themes\/divi-child\/images\/share.svg\" class=\"share-news-icon\" style=\"height: 18px; cursor: pointer;\" \/><div class=\"share-news-block\" style=\"opacity: 0; pointer-events: none; transition: all .2s ease-in-out; position: absolute; top: 0; left: 50%; transform: translateX(-50%); background: #FFF; z-index: 10; border-radius: 30px; box-shadow: 0 0 10px rgb(0 0 0 \/ 20%); padding: 6px 6px;\"><div class=\"a2a_kit a2a_kit_size_32 a2a_default_style\" data-a2a-url=\"https:\/\/bizkeliza.org\/eu\/noticia\/ahalmen-urritasunen-bat-dabenen-eguneko-eukaristiaren-zuzeneko-emonaldia\/\" data-a2a-title=\"Ahalmen-urritasunen bat dabenen eguneko Eukaristiaren zuzeneko emonaldia\"><a class=\"a2a_button_facebook share-news\"><\/a><a class=\"a2a_button_x share-news\"><\/a><a class=\"a2a_button_email share-news\"><\/a><a class=\"a2a_button_pinterest share-news\"><\/a><a class=\"a2a_button_whatsapp share-news\"><\/a><a class=\"a2a_button_telegram share-news\"><\/a><\/div><script async src=\"https:\/\/static.addtoany.com\/menu\/page.js\"><\/script><style>\n\t\t\t\t\t\t.share-news span {\n\t\t\t\t\t\t\tborder-radius: 50% !important;\n\t\t\t\t\t\t\toverflow: hidden;\n\t\t\t\t\t\t\tmargin-bottom: 6px;\n\t\t\t\t\t\t}\n\t\t\t\t\t<\/style><\/div><\/div><\/div><div style=\"display: flex; flex-direction: column; flex-grow: 1;\"><a href=\"https:\/\/bizkeliza.org\/eu\/noticia\/ahalmen-urritasunen-bat-dabenen-eguneko-eukaristiaren-zuzeneko-emonaldia\/\" title=\"Ahalmen-urritasunen bat dabenen eguneko Eukaristiaren zuzeneko emonaldia\"><h3>Ahalmen-urritasunen bat dabenen eguneko Eukaristiaren zuzeneko emonaldia<\/h3><\/a><div class=\"noticia-descripcion noticia-descripcion-precuerpo\"><p>Abenduaren 3an, Ahalmen-urritasunen bat daben Pertsonen Nazinoarteko Eguna ospatuko da. Bilboko Eleizbarrutian, gaur, <strong>azaroak 30<\/strong> ospatuko da, 19:00etan Santiago kateralean, <strong>Kerman Lopez<\/strong> bikario nagusia buru dala, ospatuko dan Eukaristian. Web honetan, zuzenean emongo da.\u00a0<\/p><\/div><div class=\"noticia-leer-mas\"><a href=\"https:\/\/bizkeliza.org\/eu\/noticia\/ahalmen-urritasunen-bat-dabenen-eguneko-eukaristiaren-zuzeneko-emonaldia\/\" style=\"display: flex; align-items: center;\">Irakurri <span class=\"dashicons dashicons-arrow-right-alt\" style=\"font-size: 14px; display: flex; align-items: center; justify-content: center; margin-top: 1px; margin-left: 6px;\"><\/span><\/a><\/div><\/div><script>\n\t\n\tvar last_share;\n\t\n\tfunction close_share () {\n\t\tif (last_share && last_share.style) {\n\t\t\tlast_share.style.opacity = 0;\n\t\t\tlast_share.style.pointerEvents = \"none\";\n\t\t}\n\t}\n\t\n\twindow.addEventListener(\"click\", () => {\n\t\tclose_share();\n\t});\n\t\n\tvar list = document.getElementsByClassName(\"share-news-icon\");\n\t\n\tObject.keys(list).map(x => {\n\t\tvar item = list[x];\n\t\t\n\t\titem.addEventListener(\"click\", (e) => {\n\t\t\te.preventDefault();\n\t\t\te.stopPropagation();\n\t\t\t\n\t\t\tvar parent = e.target.parentNode,\n\t\t\t\t\tbox = parent.getElementsByClassName(\"share-news-block\")[0];\n\t\t\t\n\t\t\tclose_share();\n\t\t\t\n\t\t\tlast_share = box;\n\t\t\tlast_share.style.opacity = 1;\n\t\t\tlast_share.style.pointerEvents = \"all\";\n\t\t});\n\t})\n\t\n\t<\/script><\/div><\/div><\/div><\/pee>[\/et_pb_code][et_pb_button button_text=&#8221;Dana ikusi&#8221; module_class=&#8221;anchor&#8221; _builder_version=&#8221;4.19.1&#8243; _module_preset=&#8221;default&#8221; custom_button=&#8221;on&#8221; button_text_size=&#8221;18px&#8221; button_text_color=&#8221;#ffffff&#8221; button_bg_color=&#8221;#00a55a&#8221; button_border_width=&#8221;1px&#8221; button_border_color=&#8221;rgba(0,0,0,0)&#8221; button_border_radius=&#8221;50px&#8221; button_font=&#8221;||||||||&#8221; button_icon=&#8221;&#x24;||divi||400&#8243; button_icon_color=&#8221;#00a55a&#8221; transform_origin=&#8221;0%|50%&#8221; custom_margin=&#8221;|4px|||false|false&#8221; custom_padding=&#8221;8px|30px|8px||false|false&#8221; hover_enabled=&#8221;0&#8243; button_border_color_last_edited=&#8221;off|desktop&#8221; button_font_tablet=&#8221;&#8221; button_font_phone=&#8221;&#8221; button_font_last_edited=&#8221;on|desktop&#8221; custom_css_main_element=&#8221;line-height:22px!important;||min-width: 120px;&#8221; locked=&#8221;off&#8221; global_colors_info=&#8221;{}&#8221; button_bg_color__hover_enabled=&#8221;on|hover&#8221; button_bg_color__hover=&#8221;rgba(0,0,0,0)&#8221; button_bg_enable_color__hover=&#8221;on&#8221; button_border_width__hover_enabled=&#8221;on|hover&#8221; button_border_width__hover=&#8221;1px&#8221; button_border_color__hover_enabled=&#8221;on|desktop&#8221; button_border_color__hover=&#8221;#00a55a&#8221; button_letter_spacing__hover=&#8221;1px&#8221; button_letter_spacing__hover_enabled=&#8221;on|hover&#8221; button_text_color__hover_enabled=&#8221;on|hover&#8221; button_text_color__hover=&#8221;#00a55a&#8221; custom_margin__hover_enabled=&#8221;on|hover&#8221; custom_css_main_element__hover_enabled=&#8221;on|hover&#8221; custom_css_main_element__hover=&#8221;font-weight:600;&#8221; theme_builder_area=&#8221;post_content&#8221; button_alignment=&#8221;right&#8221; button_url=&#8221;https:\/\/bizkeliza.org\/eu\/gaurkotasuna\/barriak\/?cat=57&#8243; sticky_enabled=&#8221;0&#8243; custom_margin__hover=&#8221;|4px|||false|false&#8221;][\/et_pb_button][\/et_pb_column][\/et_pb_row][\/et_pb_section][et_pb_section fb_built=&#8221;1&#8243; _builder_version=&#8221;4.16&#8243; _module_preset=&#8221;default&#8221; background_color=&#8221;#f5f7fa&#8221; positioning=&#8221;none&#8221; z_index=&#8221;0&#8243; custom_padding=&#8221;0px|||||&#8221; global_colors_info=&#8221;{}&#8221;][et_pb_row _builder_version=&#8221;4.16&#8243; _module_preset=&#8221;a33e0b76-a80c-4442-b966-336f62d47b9d&#8221; sticky_position_tablet=&#8221;&#8221; sticky_position_phone=&#8221;&#8221; sticky_position_last_edited=&#8221;on|phone&#8221; sticky_offset_top_tablet=&#8221;52px&#8221; sticky_offset_top_phone=&#8221;140px&#8221; sticky_offset_top_last_edited=&#8221;on|desktop&#8221; global_colors_info=&#8221;{}&#8221;][et_pb_column type=&#8221;4_4&#8243; admin_label=&#8221;Column&#8221; _builder_version=&#8221;4.16&#8243; _module_preset=&#8221;default&#8221; background_color=&#8221;rgba(0,0,0,0)&#8221; custom_padding=&#8221;||||false|true&#8221; custom_css_main_element=&#8221;display:inline-flex;||flex-wrap: wrap;||justify-content: space-around;||||&#8221; border_style_all=&#8221;none&#8221; global_colors_info=&#8221;{}&#8221; background__hover_enabled=&#8221;on|hover&#8221; background_color__hover=&#8221;rgba(0,0,0,0)&#8221; background_enable_color__hover=&#8221;on&#8221; custom_css_main_element__hover_enabled=&#8221;off|hover&#8221; custom_css_before__hover_enabled=&#8221;on|desktop&#8221;][et_pb_button button_url=&#8221;#Act-Discapacidades&#8221; button_text=&#8221;Jarduerak&#8221; button_alignment=&#8221;center&#8221; _builder_version=&#8221;4.16&#8243; _module_preset=&#8221;default&#8221; custom_button=&#8221;on&#8221; button_text_size=&#8221;20px&#8221; button_text_color=&#8221;#ffffff&#8221; button_bg_color=&#8221;rgba(0,0,0,0)&#8221; button_border_width=&#8221;0px&#8221; button_border_color=&#8221;rgba(0,0,0,0)&#8221; button_border_radius=&#8221;0px&#8221; button_letter_spacing=&#8221;1px&#8221; button_font=&#8221;||||||||&#8221; button_icon=&#8221;&#x22;||divi||400&#8243; button_icon_color=&#8221;#00a55a&#8221; button_on_hover=&#8221;off&#8221; button_rel=&#8221;off|off|off|off|off&#8221; transform_origin=&#8221;50%|50%&#8221; background_layout=&#8221;dark&#8221; custom_margin=&#8221;||||false|true&#8221; custom_padding=&#8221;|6vw||6vw|false|true&#8221; custom_padding_tablet=&#8221;&#8221; custom_padding_phone=&#8221;&#8221; custom_padding_last_edited=&#8221;on|desktop&#8221; mix_blend_mode=&#8221;lighten&#8221; button_text_size_tablet=&#8221;&#8221; button_text_size_phone=&#8221;16px&#8221; button_text_size_last_edited=&#8221;on|phone&#8221; button_border_width_last_edited=&#8221;off|desktop&#8221; button_font_tablet=&#8221;&#8221; button_font_phone=&#8221;&#8221; button_font_last_edited=&#8221;on|desktop&#8221; custom_css_main_element=&#8221;line-height:22px!important;||min-width: 120px;&#8221; global_colors_info=&#8221;{}&#8221; button_bg_color__hover_enabled=&#8221;on|hover&#8221; button_bg_color__hover=&#8221;#396e73&#8243; button_bg_enable_color__hover=&#8221;on&#8221; button_border_width__hover_enabled=&#8221;off|hover&#8221; button_border_width__hover=&#8221;0px&#8221; button_border_color__hover_enabled=&#8221;on|hover&#8221; button_border_color__hover=&#8221;#00a55a&#8221; button_letter_spacing__hover=&#8221;1px&#8221; button_letter_spacing__hover_enabled=&#8221;on|hover&#8221; button_icon_color__hover=&#8221;#ffffff&#8221; button_icon_color__hover_enabled=&#8221;on|hover&#8221; filter_hue_rotate__hover_enabled=&#8221;on|hover&#8221; custom_padding__hover_enabled=&#8221;off|hover&#8221; custom_padding__hover=&#8221;|200px||200px|false|true&#8221; transform_styles__hover_enabled=&#8221;on|desktop&#8221; custom_css_main_element__hover_enabled=&#8221;on|hover&#8221; button_text_color__hover_enabled=&#8221;on|desktop&#8221; custom_css_main_element__hover=&#8221;font-weight:bold;||&#8221; transform_origin__hover_enabled=&#8221;on|hover&#8221; transform_scale__hover_enabled=&#8221;on|desktop&#8221; transform_translate__hover_enabled=&#8221;on|desktop&#8221; transform_rotate__hover_enabled=&#8221;on|desktop&#8221; transform_skew__hover_enabled=&#8221;on|desktop&#8221; button_text_color__hover=&#8221;#ffffff&#8221; transform_origin__hover=&#8221;50%|50%&#8221;][\/et_pb_button][et_pb_button button_url=&#8221;#Doc-Discapacidades&#8221; button_text=&#8221;Agiriak&#8221; button_alignment=&#8221;center&#8221; _builder_version=&#8221;4.16&#8243; _module_preset=&#8221;default&#8221; custom_button=&#8221;on&#8221; button_text_size=&#8221;20px&#8221; button_text_color=&#8221;#ffffff&#8221; button_bg_color=&#8221;rgba(0,0,0,0)&#8221; button_border_width=&#8221;0px&#8221; button_border_color=&#8221;rgba(0,0,0,0)&#8221; button_border_radius=&#8221;0px&#8221; button_letter_spacing=&#8221;1px&#8221; button_font=&#8221;||||||||&#8221; button_icon=&#8221;&#x22;||divi||400&#8243; button_icon_color=&#8221;#00a55a&#8221; button_on_hover=&#8221;off&#8221; button_rel=&#8221;off|off|off|off|off&#8221; transform_origin=&#8221;50%|50%&#8221; background_layout=&#8221;dark&#8221; custom_margin=&#8221;||||false|true&#8221; custom_padding=&#8221;|6vw||6vw|false|true&#8221; custom_padding_tablet=&#8221;&#8221; custom_padding_phone=&#8221;&#8221; custom_padding_last_edited=&#8221;on|desktop&#8221; mix_blend_mode=&#8221;lighten&#8221; button_text_size_tablet=&#8221;&#8221; button_text_size_phone=&#8221;16px&#8221; button_text_size_last_edited=&#8221;on|phone&#8221; button_border_width_last_edited=&#8221;off|desktop&#8221; button_font_tablet=&#8221;&#8221; button_font_phone=&#8221;&#8221; button_font_last_edited=&#8221;on|desktop&#8221; custom_css_main_element=&#8221;line-height:22px!important;||min-width: 120px;&#8221; global_colors_info=&#8221;{}&#8221; button_bg_color__hover_enabled=&#8221;on|hover&#8221; button_bg_color__hover=&#8221;#396e73&#8243; button_bg_enable_color__hover=&#8221;on&#8221; button_border_width__hover_enabled=&#8221;off|hover&#8221; button_border_width__hover=&#8221;0px&#8221; button_border_color__hover_enabled=&#8221;on|hover&#8221; button_border_color__hover=&#8221;#00a55a&#8221; button_letter_spacing__hover=&#8221;1px&#8221; button_letter_spacing__hover_enabled=&#8221;on|hover&#8221; button_icon_color__hover=&#8221;#ffffff&#8221; button_icon_color__hover_enabled=&#8221;on|hover&#8221; filter_hue_rotate__hover_enabled=&#8221;on|hover&#8221; custom_padding__hover_enabled=&#8221;off|hover&#8221; custom_padding__hover=&#8221;|200px||200px|false|true&#8221; transform_styles__hover_enabled=&#8221;on|desktop&#8221; custom_css_main_element__hover_enabled=&#8221;on|hover&#8221; button_text_color__hover_enabled=&#8221;on|desktop&#8221; custom_css_main_element__hover=&#8221;font-weight:bold;||&#8221; transform_origin__hover_enabled=&#8221;on|hover&#8221; transform_scale__hover_enabled=&#8221;on|desktop&#8221; transform_translate__hover_enabled=&#8221;on|desktop&#8221; transform_rotate__hover_enabled=&#8221;on|desktop&#8221; transform_skew__hover_enabled=&#8221;on|desktop&#8221; button_text_color__hover=&#8221;#ffffff&#8221; transform_origin__hover=&#8221;50%|50%&#8221;][\/et_pb_button][\/et_pb_column][\/et_pb_row][et_pb_row column_structure=&#8221;1_3,2_3&#8243; _builder_version=&#8221;4.16&#8243; _module_preset=&#8221;default&#8221; global_colors_info=&#8221;{}&#8221;][et_pb_column type=&#8221;1_3&#8243; _builder_version=&#8221;4.16&#8243; _module_preset=&#8221;default&#8221; global_colors_info=&#8221;{}&#8221;][et_pb_text admin_label=&#8221;Text&#8221; module_id=&#8221;Act-Discapacidades&#8221; _builder_version=&#8221;4.16&#8243; _module_preset=&#8221;default&#8221; header_font_size=&#8221;44px&#8221; header_line_height=&#8221;1.2em&#8221; header_4_font=&#8221;|700|||||||&#8221; custom_margin=&#8221;||||false|false&#8221; custom_padding=&#8221;||||false|false&#8221; header_font_size_tablet=&#8221;&#8221; header_font_size_phone=&#8221;34px&#8221; header_font_size_last_edited=&#8221;on|phone&#8221; header_3_font_size_tablet=&#8221;&#8221; header_3_font_size_phone=&#8221;22px&#8221; header_3_font_size_last_edited=&#8221;on|phone&#8221; header_4_font_size_tablet=&#8221;&#8221; header_4_font_size_phone=&#8221;18px&#8221; header_4_font_size_last_edited=&#8221;on|desktop&#8221; global_colors_info=&#8221;{}&#8221;]<\/p>\n<h2>Jarduerak<\/h2>\n<p>[\/et_pb_text][\/et_pb_column][et_pb_column type=&#8221;2_3&#8243; _builder_version=&#8221;4.16&#8243; _module_preset=&#8221;default&#8221; global_colors_info=&#8221;{}&#8221;][et_pb_text _builder_version=&#8221;4.16&#8243; _module_preset=&#8221;default&#8221; custom_padding_tablet=&#8221;&#8221; custom_padding_phone=&#8221;||||false|false&#8221; custom_padding_last_edited=&#8221;on|desktop&#8221; global_colors_info=&#8221;{}&#8221;]<\/p>\n<blockquote><p><em>&#8220;Misiolariek bialtzen dabezan herrialdeetako hizkuntza ikasten daben lez, ezinbestekoak dira fedearen edukiak belarrietatik jasotzerik ez daben eta begietatik jaso behar dabezanakaz komunikatzen ikasi daien katekistak&#8221;. <\/em>P. Jaume Clotet, abade klaretarra, XIX. gizaldia<\/p><\/blockquote>\n<p>Mundu isil honetan, beren-beregi dituan beharrizanek ezinbesteko arreta eskatzen dabenean, komunikazinorako oztopoak gainditu gura doguz eleiz alkartean, eta Barri Ona zabaltzeko bideak jarri. Gorrei zuzendutako Bilboko Eleizbarrutiko Pastoraltzak pastoral arreta eskaini gura dau parrokietako ohiko jardueretan, baina entzumen-urritasuna daben pertsonek ulertzeko eta adierazteko izan leikiezan zailtasunei egokituta. <strong>Eukaristia:<\/strong>\u00a0zapatu guztietan (uztailean, abuztuan eta irailean izan ezik), arratsaldeko zazpietan, keinu-hizkuntzaz. Gorrak eta entzuten dabenak. <strong>Umeen eta gazteen katekesia<\/strong>, hilaren hirugarren zapatuz, arratsaldeko 5:30etatik 6:30etara. <strong>Ebanjelioaren azterketa:\u00a0<\/strong>eguenez, arratsaldeko 5:30etatik 7:00eara. Gehiago jakiteko edo pastoral zerbitzuren bat eskatzeko (Lehenengo Jaunartzeko edo Sendotzako katekesia, Bateo edo ezkontzaren prestaketa, bisitak gaixoei, hileten ospakizunak\u2026) hona jo: \u00a0<\/p>\n<div class=\"table-responsive\">\n<p class=\"align-center\">Sergio Buiza eguen edo zapatu arratsaldez, Santiako Eleiza Katedraleko lokaletan (Santiago plaza, 1. 48005 Bilbao)<\/p>\n<p class=\"align-center\"><span style=\"color: #000000;\"><strong>Emaila:<\/strong><\/span> <a href=\"mailto:gorrenpastorala@bizkeliza.org\" target=\"_blank\" rel=\"noopener noreferrer\">gorrenpastorala@bizkeliza.org<\/a><\/p>\n<\/div>\n<p>[\/et_pb_text][et_pb_divider color=&#8221;#000000&#8243; divider_position=&#8221;center&#8221; _builder_version=&#8221;4.16&#8243; _module_preset=&#8221;default&#8221; global_colors_info=&#8221;{}&#8221;][\/et_pb_divider][et_pb_accordion open_toggle_text_color=&#8221;#000000&#8243; open_toggle_background_color=&#8221;rgba(0,0,0,0)&#8221; closed_toggle_text_color=&#8221;#000000&#8243; closed_toggle_background_color=&#8221;rgba(0,0,0,0)&#8221; icon_color=&#8221;#000000&#8243; use_icon_font_size=&#8221;on&#8221; admin_label=&#8221;Accordion&#8221; module_id=&#8221;SEC1-ancla2&#8243; module_class=&#8221;Accordion-black&#8221; _builder_version=&#8221;4.16&#8243; _module_preset=&#8221;addb4e85-b149-48c6-9dcd-1b63836bb534&#8243; toggle_text_color=&#8221;#00a55a&#8221; toggle_level=&#8221;h4&#8243; toggle_font=&#8221;|600|||||||&#8221; toggle_font_size=&#8221;18px&#8221; toggle_line_height=&#8221;1.2em&#8221; closed_toggle_font=&#8221;||||||||&#8221; closed_toggle_font_size=&#8221;18px&#8221; background_color=&#8221;rgba(0,0,0,0)&#8221; min_height=&#8221;200.3px&#8221; custom_margin=&#8221;0px||-2px||false|false&#8221; custom_padding=&#8221;||||false|false&#8221; hover_transition_duration=&#8221;0.2ms&#8221; hover_transition_speed_curve=&#8221;ease-in-out&#8221; custom_css_main_element=&#8221;transition: 0.1s!important;&#8221; custom_css_toggle_icon=&#8221;content:\u201c4c\u201d;&#8221; custom_css_toggle_content=&#8221;padding: 1% 0% 1% 0%;||&#8221; border_width_all=&#8221;0px&#8221; border_color_all=&#8221;rgba(0,0,0,0)&#8221; border_style_bottom=&#8221;none&#8221; locked=&#8221;off&#8221; global_colors_info=&#8221;{}&#8221;][et_pb_accordion_item open=&#8221;on&#8221; open_toggle_background_color=&#8221;rgba(0,0,0,0)&#8221; icon_color=&#8221;rgba(0,0,0,0)&#8221; _builder_version=&#8221;4.16&#8243; _module_preset=&#8221;default&#8221; height=&#8221;0px&#8221; custom_margin=&#8221;-80px||||false|false&#8221; custom_css_toggle_icon=&#8221;content: %22%22!important;&#8221; global_colors_info=&#8221;{}&#8221; toggle_font=&#8221;||||||||&#8221; toggle_font_size=&#8221;18px&#8221;][\/et_pb_accordion_item][et_pb_accordion_item title=&#8221;Ospakizunetan keinu-hizkuntza darabilen Espainiako parrokiak:&#8221; open_toggle_background_color=&#8221;rgba(0,0,0,0)&#8221; closed_toggle_background_color=&#8221;rgba(0,0,0,0)&#8221; icon_color=&#8221;#000000&#8243; use_icon_font_size=&#8221;on&#8221; icon_font_size=&#8221;25px&#8221; _builder_version=&#8221;4.16&#8243; _module_preset=&#8221;dd4590c4-4c27-4d54-b17d-daa56f0f40df&#8221; custom_margin=&#8221;-10px||-25px||false|false&#8221; custom_css_toggle_title=&#8221;Padding:5px 0px 5px 0px;||border-bottom: 1px solid #737373;||||&#8221; custom_css_toggle_icon=&#8221;font-family:&#8217;ETmodules&#8217;;||content: %22%924c%22;&#8221; border_width_bottom=&#8221;4px&#8221; border_color_bottom=&#8221;#8300e9&#8243; global_colors_info=&#8221;{}&#8221; toggle_level=&#8221;h4&#8243; toggle_font=&#8221;|600|||||||&#8221; toggle_font_size=&#8221;18px&#8221; custom_css_toggle_icon__hover_enabled=&#8221;on|hover&#8221; custom_css_toggle_icon_last_edited=&#8221;on|desktop&#8221; custom_css_toggle_icon__hover=&#8221;font-family:&#8217;ETmodules&#8217;;||content: %22%924c%22;||transform:rotate(180deg);\t&#8221; custom_css_toggle_icon_tablet=&#8221;font-family:&#8217;ETmodules&#8217;;||content: %22%924c%22;&#8221; custom_css_toggle_icon_phone=&#8221;font-family:&#8217;ETmodules&#8217;;||content: %22%924c%22;&#8221; open=&#8221;off&#8221;]<\/p>\n<div class=\"anchor-toggle-text\">\n<h4><strong>Di\u00f3cesis ORIHUELA &#8211; ALICANTE<\/strong><\/h4>\n<p style=\"padding-left: 30px;\">Parroquia Nuestra Se\u00f1ora de los Desamparados\u00a0\u00a0 Calle Gilberto Mart\u00ednez, 47<br \/>03204 &#8211; Elche Domingos alternos a las 18:30 y otras celebraciones importantes que se realicen en la parroquia Tlfno: 966 641 010 Fax: 966 641 010<\/p>\n<h4><strong>Di\u00f3cesis BARCELONA<\/strong><\/h4>\n<p style=\"padding-left: 30px;\">Parroquia de Santa Teresa del Ni\u00f1o Jes\u00fas<br \/>V\u00eda Augusta, 68\u00a0 c\/ Benet Mercod\u00e9, 25 08006 &#8211; Barcelona Tlfno: 619 672 691 S\u00e1bados y V\u00edsperas de fiesta, a las 18:30 Martes a las 20:00<\/p>\n<h4><strong>Di\u00f3cesis ASIDONIA &#8211; JEREZ<\/strong><\/h4>\n<p style=\"padding-left: 30px;\">Parroquia San Francisco<br \/>Calle Corredera, 25 11402 &#8211; Jerez de la Frontera Tlfno: 654 982 891<\/p>\n<h4><strong>Di\u00f3cesis GRANADA<\/strong><\/h4>\n<p style=\"padding-left: 30px;\">Parroquia de San Juan de Letr\u00e1n<br \/>Calle San Juan de Letr\u00e1n, 1 18012 &#8211; Granada S\u00e1bados, a las 19:30 Tlfno: 958 274 030<\/p>\n<h4><strong>Di\u00f3cesis MADRID<\/strong><\/h4>\n<p style=\"padding-left: 30px;\">Parroquia Santa Mar\u00eda del Silencio<br \/>Calle Bravo Murillo, 93 28003 &#8211; Madrid Tlfno: 915 546 236 Fax: 915 546 236 S\u00e1bados, a las 19:00 y domingos y festivos a las 12:00.<\/p>\n<h4><strong>Di\u00f3cesis S.C. de Tenerife<\/strong><\/h4>\n<p style=\"padding-left: 30px;\">Parroquia de Santa Clara<br \/>Calle Anchieta, 1 38201 &#8211; La Laguna S\u00e1bados, a las 19:00<\/p>\n<h4><strong>Di\u00f3cesis S. C. de Tenerife<\/strong><\/h4>\n<p style=\"padding-left: 30px;\">Parroquia de San Bartolom\u00e9<br \/>Plaza de la iglesia, s\/n 38260 &#8211; Tejina Un domingo al mes, a las 13:00 Tlfno: 922 540 133<\/p>\n<h4><strong>Di\u00f3cesis Sevilla<\/strong><\/h4>\n<p style=\"padding-left: 30px;\">Parroquia San Felipe Neri<br \/>Avda. Pino Montano, 21 41008 &#8211; Sevilla Viernes, a las 20:00 Tlfno: 954 407 730 Fax: 954 441 914<\/p>\n<h4><strong>Di\u00f3cesis Valencia<\/strong><\/h4>\n<p style=\"padding-left: 30px;\">Parroquia de Santo Tom\u00e1s y San Felipe Neri<br \/>Calle Conde de Montorn\u00e9s, 4 46003 &#8211; Valencia Domingos, a las 17:00 Tlfno: 963 923 383<\/p>\n<h4><strong>Di\u00f3cesis Bilbao<\/strong><\/h4>\n<p style=\"padding-left: 30px;\">Parroquia de San Pedro Ap\u00f3stol<br \/>Plaza San Pedro, 1 48014 &#8211; Bilbao S\u00e1bados, a las 19:00 Tlfno: 944 754 964<\/p>\n<\/div>\n<p>[\/et_pb_accordion_item][et_pb_accordion_item title=&#8221;Itxi &#8221; open_toggle_background_color=&#8221;rgba(0,0,0,0)&#8221; closed_toggle_background_color=&#8221;rgba(0,0,0,0)&#8221; icon_color=&#8221;#000000&#8243; use_icon_font_size=&#8221;on&#8221; icon_font_size=&#8221;25px&#8221; _builder_version=&#8221;4.16&#8243; _module_preset=&#8221;dd4590c4-4c27-4d54-b17d-daa56f0f40df&#8221; custom_margin=&#8221;0px||-25px||false|false&#8221; custom_padding=&#8221;||||false|false&#8221; custom_css_toggle_title=&#8221;Padding:5px 30px 5px 0px;||border-bottom: 0px solid;&#8221; custom_css_toggle_icon=&#8221;font-family:&#8217;ETmodules&#8217;;||content:%22%924d%22;||display:block!important;&#8221; border_width_bottom=&#8221;0px&#8221; border_color_bottom=&#8221;rgba(0,0,0,0)&#8221; border_style_bottom=&#8221;none&#8221; global_colors_info=&#8221;{}&#8221; toggle_level=&#8221;h4&#8243; toggle_font=&#8221;|300|||||||&#8221; toggle_text_align=&#8221;right&#8221; toggle_font_size=&#8221;18px&#8221; custom_css_toggle_icon__hover_enabled=&#8221;off|desktop&#8221; custom_css_toggle_icon_last_edited=&#8221;on|desktop&#8221; custom_css_toggle_icon__hover=&#8221;font-family:&#8217;ETmodules&#8217;;||content: %22%924c%22;||transform:rotate(180deg);\t&#8221; content__hover_enabled=&#8221;off|desktop&#8221; custom_padding__hover_enabled=&#8221;off|desktop&#8221; custom_css_toggle_icon_tablet=&#8221;font-family:&#8217;ETmodules&#8217;;||content:%22%924d%22;||display:block!important;&#8221; custom_css_toggle_icon_phone=&#8221;font-family:&#8217;ETmodules&#8217;;||content:%22%924d%22;||display:block!important;&#8221; open=&#8221;off&#8221;][\/et_pb_accordion_item][\/et_pb_accordion][\/et_pb_column][\/et_pb_row][et_pb_row _builder_version=&#8221;4.16&#8243; _module_preset=&#8221;default&#8221; global_colors_info=&#8221;{}&#8221;][et_pb_column type=&#8221;4_4&#8243; admin_label=&#8221;Columna&#8221; _builder_version=&#8221;4.16&#8243; _module_preset=&#8221;default&#8221; global_colors_info=&#8221;{}&#8221;]<\/p>\n<p>[et_pb_divider color=&#8221;#000000&#8243; divider_position=&#8221;center&#8221; admin_label=&#8221;Separador&#8221; _builder_version=&#8221;4.6.1&#8243; _module_preset=&#8221;default&#8221;][\/et_pb_divider]<\/p>\n<p>[\/et_pb_column][\/et_pb_row][et_pb_row column_structure=&#8221;1_3,2_3&#8243; _builder_version=&#8221;4.16&#8243; _module_preset=&#8221;default&#8221; global_colors_info=&#8221;{}&#8221;][et_pb_column type=&#8221;1_3&#8243; _builder_version=&#8221;4.16&#8243; _module_preset=&#8221;default&#8221; global_colors_info=&#8221;{}&#8221;][et_pb_text admin_label=&#8221;Text&#8221; module_id=&#8221;Doc-Discapacidades&#8221; _builder_version=&#8221;4.16&#8243; _module_preset=&#8221;default&#8221; header_font_size=&#8221;44px&#8221; header_line_height=&#8221;1.2em&#8221; header_4_font=&#8221;|700|||||||&#8221; custom_margin=&#8221;||||false|false&#8221; custom_padding=&#8221;||||false|false&#8221; header_font_size_tablet=&#8221;&#8221; header_font_size_phone=&#8221;34px&#8221; header_font_size_last_edited=&#8221;on|phone&#8221; header_3_font_size_tablet=&#8221;&#8221; header_3_font_size_phone=&#8221;22px&#8221; header_3_font_size_last_edited=&#8221;on|phone&#8221; header_4_font_size_tablet=&#8221;&#8221; header_4_font_size_phone=&#8221;18px&#8221; header_4_font_size_last_edited=&#8221;on|desktop&#8221; global_colors_info=&#8221;{}&#8221;]<\/p>\n<h2>Agiriak<\/h2>\n<p>[\/et_pb_text][\/et_pb_column][et_pb_column type=&#8221;2_3&#8243; _builder_version=&#8221;4.16&#8243; _module_preset=&#8221;default&#8221; global_colors_info=&#8221;{}&#8221;][et_pb_text _builder_version=&#8221;4.16&#8243; _module_preset=&#8221;default&#8221; header_font_size=&#8221;44px&#8221; header_line_height=&#8221;1.2em&#8221; header_4_font=&#8221;|700|||||||&#8221; header_3_font_size_tablet=&#8221;&#8221; header_3_font_size_phone=&#8221;22px&#8221; header_3_font_size_last_edited=&#8221;on|phone&#8221; header_4_font_size_tablet=&#8221;&#8221; header_4_font_size_phone=&#8221;18px&#8221; header_4_font_size_last_edited=&#8221;on|desktop&#8221; global_colors_info=&#8221;{}&#8221;]<\/p>\n<p><a href=\"https:\/\/diocesisdebilbao-my.sharepoint.com\/:b:\/g\/personal\/webbizkeliza_bizkeliza_org\/EcwqNmqTIvRIhIayiC8AcbUBOu4aYW_ao8wbUWoR136azg\" target=\"_blank\" rel=\"noopener noreferrer\">\u00a0<\/a><a href=\"https:\/\/diocesisdebilbao-my.sharepoint.com\/:b:\/g\/personal\/webbizkeliza_bizkeliza_org\/EcwqNmqTIvRIhIayiC8AcbUBOu4aYW_ao8wbUWoR136azg\" target=\"_blank\" rel=\"noopener noreferrer\">Cuando Dios habla en el lenguaje de signos\u00a0\u00a0<img decoding=\"async\" class=\"wp-image-978 alignnone size-full\" src=\"https:\/\/bizkeliza.org\/wp-content\/uploads\/2021\/05\/download-icon-verdeoscuro-2.png\" alt=\"\" width=\"22\" height=\"22\" \/><\/a><\/p>\n<p>\u00a0<a title=\"Cuando nuestros hermanos sordos toman la palabra\" href=\"https:\/\/diocesisdebilbao-my.sharepoint.com\/:b:\/g\/personal\/webbizkeliza_bizkeliza_org\/EdoY77azXuRMkaZPqgAQUicBZF7YiioHaKBCZEwYl5Vylw\" target=\"_blank\" rel=\"noopener\">Cuando nuestros hermanos sordos toman la palabra\u00a0\u00a0<\/a><a title=\"Cuando Dios habla en el lenguaje de signos\" href=\"https:\/\/diocesisdebilbao-my.sharepoint.com\/:b:\/g\/personal\/webbizkeliza_bizkeliza_org\/EcwqNmqTIvRIhIayiC8AcbUBOu4aYW_ao8wbUWoR136azg\"><img decoding=\"async\" class=\"wp-image-978 alignnone size-full\" src=\"https:\/\/bizkeliza.org\/wp-content\/uploads\/2021\/05\/download-icon-verdeoscuro-2.png\" alt=\"\" width=\"22\" height=\"22\" \/><\/a><\/p>\n<p>\u00a0<a title=\"EFFATA \u00e1brete\" href=\"https:\/\/diocesisdebilbao-my.sharepoint.com\/:b:\/g\/personal\/webbizkeliza_bizkeliza_org\/Ec3YSiaGwFFDuNRDY8TJfPMBkhB1bXSpTRzUG-Uarxlbhg\" target=\"_blank\" rel=\"noopener\">EFFATA \u00e1brete\u00a0\u00a0<\/a><a title=\"Cuando Dios habla en el lenguaje de signos\" href=\"https:\/\/diocesisdebilbao-my.sharepoint.com\/:b:\/g\/personal\/webbizkeliza_bizkeliza_org\/EcwqNmqTIvRIhIayiC8AcbUBOu4aYW_ao8wbUWoR136azg\"><img decoding=\"async\" class=\"wp-image-978 alignnone size-full\" src=\"https:\/\/bizkeliza.org\/wp-content\/uploads\/2021\/05\/download-icon-verdeoscuro-2.png\" alt=\"\" width=\"22\" height=\"22\" \/><\/a><\/p>\n<p>\u00a0<a title=\"Entonces, hazme un signo, mu\u00e9strame el camino\" href=\"https:\/\/diocesisdebilbao-my.sharepoint.com\/:b:\/g\/personal\/webbizkeliza_bizkeliza_org\/EanxJoEgSWpBrtGPVpTPkVkBnOa-fY5UJw67qLoauXdF6g\" target=\"_blank\" rel=\"noopener\">Entonces, hazme un signo, mu\u00e9strame el camino\u00a0\u00a0<\/a><a title=\"Cuando Dios habla en el lenguaje de signos\" href=\"https:\/\/diocesisdebilbao-my.sharepoint.com\/:b:\/g\/personal\/webbizkeliza_bizkeliza_org\/EcwqNmqTIvRIhIayiC8AcbUBOu4aYW_ao8wbUWoR136azg\"><img decoding=\"async\" class=\"wp-image-978 alignnone size-full\" src=\"https:\/\/bizkeliza.org\/wp-content\/uploads\/2021\/05\/download-icon-verdeoscuro-2.png\" alt=\"\" width=\"22\" height=\"22\" \/><\/a><\/p>\n<p>\u00a0<a title=\"Sordo, \u00bfqui\u00e9n eres t\u00fa?\" href=\"https:\/\/diocesisdebilbao-my.sharepoint.com\/:b:\/g\/personal\/webbizkeliza_bizkeliza_org\/ER1FMx8VI1BNn3bRCVi35dAB1k-gQnFDMyRHX58TPrE33Q\" target=\"_blank\" rel=\"noopener\">Sordo, \u00bfqui\u00e9n eres t\u00fa?\u00a0\u00a0<\/a><a title=\"Cuando Dios habla en el lenguaje de signos\" href=\"https:\/\/diocesisdebilbao-my.sharepoint.com\/:b:\/g\/personal\/webbizkeliza_bizkeliza_org\/EcwqNmqTIvRIhIayiC8AcbUBOu4aYW_ao8wbUWoR136azg\"><img decoding=\"async\" class=\"wp-image-978 alignnone size-full\" src=\"https:\/\/bizkeliza.org\/wp-content\/uploads\/2021\/05\/download-icon-verdeoscuro-2.png\" alt=\"\" width=\"22\" height=\"22\" \/><\/a><\/p>\n<p>[\/et_pb_text][\/et_pb_column][\/et_pb_row][\/et_pb_section]<\/p>\n","protected":false},"excerpt":{"rendered":"<p>Ahalmen-urritasuna dabenentzako pastoraltzaAhalmen-urritasuna daben pertsonak Eleizbarrutian txertatzea eta euren partaidetza betea sustatzea da pastoral honen xedea. Ahalmen-urritasuna dauan pertsona ebanjelizazinoaren jasotzaile izateaz batera, eragile ebanjelizatzaile dala autortuta jokatzen dogu, hiru balio garrantzitsu ahaztu barik: \u00a0 Pertsonaren duintasun eta nagusitasuna sakramentu lez eta Jainkoaren maitasunaren jasotzaile lez. Tartean dagozan pertsona guztien ardurakidetasuna. Arreta-akonpainamendua, Artzain Onaren ereduaren [&hellip;]<\/p>\n","protected":false},"author":2,"featured_media":0,"parent":12278,"menu_order":0,"comment_status":"closed","ping_status":"closed","template":"","meta":{"_acf_changed":false,"_et_pb_use_builder":"on","_et_pb_old_content":"","_et_gb_content_width":"","footnotes":""},"class_list":["post-12895","page","type-page","status-publish","hentry"],"acf":[],"yoast_head":"<!-- This site is optimized with the Yoast SEO Premium plugin v27.2 (Yoast SEO v27.2) - https:\/\/yoast.com\/product\/yoast-seo-premium-wordpress\/ -->\n<title>Ezintasunak - Bilboko Elizbarrutia - Di\u00f3cesis de Bilbao<\/title>\n<meta name=\"robots\" content=\"index, follow, max-snippet:-1, max-image-preview:large, max-video-preview:-1\" \/>\n<link rel=\"canonical\" href=\"https:\/\/bizkeliza.org\/eu\/ebanjelizazinoa\/karidade-eta-zuzentasuna\/pastoral-arloak\/ezintasunak\/\" \/>\n<meta property=\"og:locale\" content=\"eu_ES\" \/>\n<meta property=\"og:type\" content=\"article\" \/>\n<meta property=\"og:title\" content=\"Ezintasunak\" \/>\n<meta property=\"og:description\" content=\"Ahalmen-urritasuna dabenentzako pastoraltzaAhalmen-urritasuna daben pertsonak Eleizbarrutian txertatzea eta euren partaidetza betea sustatzea da pastoral honen xedea. Ahalmen-urritasuna dauan pertsona ebanjelizazinoaren jasotzaile izateaz batera, eragile ebanjelizatzaile dala autortuta jokatzen dogu, hiru balio garrantzitsu ahaztu barik: \u00a0 Pertsonaren duintasun eta nagusitasuna sakramentu lez eta Jainkoaren maitasunaren jasotzaile lez. Tartean dagozan pertsona guztien ardurakidetasuna. Arreta-akonpainamendua, Artzain Onaren ereduaren [&hellip;]\" \/>\n<meta property=\"og:url\" content=\"https:\/\/bizkeliza.org\/eu\/ebanjelizazinoa\/karidade-eta-zuzentasuna\/pastoral-arloak\/ezintasunak\/\" \/>\n<meta property=\"og:site_name\" content=\"Bilboko Elizbarrutia - Di\u00f3cesis de Bilbao\" \/>\n<meta property=\"article:publisher\" content=\"https:\/\/www.facebook.com\/DiocesisBilbao\/\" \/>\n<meta property=\"article:modified_time\" content=\"2022-12-07T08:46:50+00:00\" \/>\n<meta property=\"og:image\" content=\"https:\/\/bizkeliza.org\/wp-content\/uploads\/2021\/05\/download-icon-verdeoscuro-2.png\" \/>\n<meta name=\"twitter:card\" content=\"summary_large_image\" \/>\n<meta name=\"twitter:site\" content=\"@DiocesisBilbao\" \/>\n<script type=\"application\/ld+json\" class=\"yoast-schema-graph\">{\"@context\":\"https:\/\/schema.org\",\"@graph\":[{\"@type\":\"WebPage\",\"@id\":\"https:\/\/bizkeliza.org\/eu\/ebanjelizazinoa\/karidade-eta-zuzentasuna\/pastoral-arloak\/ezintasunak\/\",\"url\":\"https:\/\/bizkeliza.org\/eu\/ebanjelizazinoa\/karidade-eta-zuzentasuna\/pastoral-arloak\/ezintasunak\/\",\"name\":\"Ezintasunak - Bilboko Elizbarrutia - Di\u00f3cesis de Bilbao\",\"isPartOf\":{\"@id\":\"https:\/\/bizkeliza.org\/eu\/#website\"},\"primaryImageOfPage\":{\"@id\":\"https:\/\/bizkeliza.org\/eu\/ebanjelizazinoa\/karidade-eta-zuzentasuna\/pastoral-arloak\/ezintasunak\/#primaryimage\"},\"image\":{\"@id\":\"https:\/\/bizkeliza.org\/eu\/ebanjelizazinoa\/karidade-eta-zuzentasuna\/pastoral-arloak\/ezintasunak\/#primaryimage\"},\"thumbnailUrl\":\"https:\/\/bizkeliza.org\/wp-content\/uploads\/2021\/05\/download-icon-verdeoscuro-2.png\",\"datePublished\":\"2021-11-07T17:02:56+00:00\",\"dateModified\":\"2022-12-07T08:46:50+00:00\",\"breadcrumb\":{\"@id\":\"https:\/\/bizkeliza.org\/eu\/ebanjelizazinoa\/karidade-eta-zuzentasuna\/pastoral-arloak\/ezintasunak\/#breadcrumb\"},\"inLanguage\":\"eu-ES\",\"potentialAction\":[{\"@type\":\"ReadAction\",\"target\":[\"https:\/\/bizkeliza.org\/eu\/ebanjelizazinoa\/karidade-eta-zuzentasuna\/pastoral-arloak\/ezintasunak\/\"]}]},{\"@type\":\"ImageObject\",\"inLanguage\":\"eu-ES\",\"@id\":\"https:\/\/bizkeliza.org\/eu\/ebanjelizazinoa\/karidade-eta-zuzentasuna\/pastoral-arloak\/ezintasunak\/#primaryimage\",\"url\":\"https:\/\/bizkeliza.org\/wp-content\/uploads\/2021\/05\/download-icon-verdeoscuro-2.png\",\"contentUrl\":\"https:\/\/bizkeliza.org\/wp-content\/uploads\/2021\/05\/download-icon-verdeoscuro-2.png\"},{\"@type\":\"BreadcrumbList\",\"@id\":\"https:\/\/bizkeliza.org\/eu\/ebanjelizazinoa\/karidade-eta-zuzentasuna\/pastoral-arloak\/ezintasunak\/#breadcrumb\",\"itemListElement\":[{\"@type\":\"ListItem\",\"position\":1,\"name\":\"Portada\",\"item\":\"https:\/\/bizkeliza.org\/eu\/\"},{\"@type\":\"ListItem\",\"position\":2,\"name\":\"Ebanjelizazinoa\",\"item\":\"https:\/\/bizkeliza.org\/eu\/evangelizacion\/\"},{\"@type\":\"ListItem\",\"position\":3,\"name\":\"Karidade eta Zuzentasuna\",\"item\":\"https:\/\/bizkeliza.org\/eu\/evangelizacion\/caridad-y-justicia\/\"},{\"@type\":\"ListItem\",\"position\":4,\"name\":\"Pastoral Arloak\",\"item\":\"https:\/\/bizkeliza.org\/eu\/evangelizacion\/caridad-y-justicia\/areas-pastorales\/\"},{\"@type\":\"ListItem\",\"position\":5,\"name\":\"Ezintasunak\"}]},{\"@type\":\"WebSite\",\"@id\":\"https:\/\/bizkeliza.org\/eu\/#website\",\"url\":\"https:\/\/bizkeliza.org\/eu\/\",\"name\":\"Bilboko Elizbarrutia - Di\u00f3cesis de Bilbao\",\"description\":\"Di\u00f3cesis de Bilbao\",\"publisher\":{\"@id\":\"https:\/\/bizkeliza.org\/eu\/#organization\"},\"alternateName\":\"Di\u00f3cesis de Bilbao\",\"potentialAction\":[{\"@type\":\"SearchAction\",\"target\":{\"@type\":\"EntryPoint\",\"urlTemplate\":\"https:\/\/bizkeliza.org\/eu\/?s={search_term_string}\"},\"query-input\":{\"@type\":\"PropertyValueSpecification\",\"valueRequired\":true,\"valueName\":\"search_term_string\"}}],\"inLanguage\":\"eu-ES\"},{\"@type\":\"Organization\",\"@id\":\"https:\/\/bizkeliza.org\/eu\/#organization\",\"name\":\"Di\u00f3cesis de Bilbao\",\"alternateName\":\"Di\u00f3cesis de Bilbao\",\"url\":\"https:\/\/bizkeliza.org\/eu\/\",\"logo\":{\"@type\":\"ImageObject\",\"inLanguage\":\"eu-ES\",\"@id\":\"https:\/\/bizkeliza.org\/eu\/#\/schema\/logo\/image\/\",\"url\":\"https:\/\/bizkeliza.org\/wp-content\/uploads\/2022\/06\/Logo-nuevo_2024-1-scaled.jpg\",\"contentUrl\":\"https:\/\/bizkeliza.org\/wp-content\/uploads\/2022\/06\/Logo-nuevo_2024-1-scaled.jpg\",\"width\":2560,\"height\":1024,\"caption\":\"Di\u00f3cesis de Bilbao\"},\"image\":{\"@id\":\"https:\/\/bizkeliza.org\/eu\/#\/schema\/logo\/image\/\"},\"sameAs\":[\"https:\/\/www.facebook.com\/DiocesisBilbao\/\",\"https:\/\/x.com\/DiocesisBilbao\",\"https:\/\/www.instagram.com\/obispadobilbao\/\",\"https:\/\/www.youtube.com\/user\/bilbokoelizbarrutia\"],\"description\":\"Iglesia local de Bilbao perteneciente a la Iglesia Cat\u00f3lica\"}]}<\/script>\n<!-- \/ Yoast SEO Premium plugin. -->","yoast_head_json":{"title":"Ezintasunak - Bilboko Elizbarrutia - Di\u00f3cesis de Bilbao","robots":{"index":"index","follow":"follow","max-snippet":"max-snippet:-1","max-image-preview":"max-image-preview:large","max-video-preview":"max-video-preview:-1"},"canonical":"https:\/\/bizkeliza.org\/eu\/ebanjelizazinoa\/karidade-eta-zuzentasuna\/pastoral-arloak\/ezintasunak\/","og_locale":"eu_ES","og_type":"article","og_title":"Ezintasunak","og_description":"Ahalmen-urritasuna dabenentzako pastoraltzaAhalmen-urritasuna daben pertsonak Eleizbarrutian txertatzea eta euren partaidetza betea sustatzea da pastoral honen xedea. Ahalmen-urritasuna dauan pertsona ebanjelizazinoaren jasotzaile izateaz batera, eragile ebanjelizatzaile dala autortuta jokatzen dogu, hiru balio garrantzitsu ahaztu barik: \u00a0 Pertsonaren duintasun eta nagusitasuna sakramentu lez eta Jainkoaren maitasunaren jasotzaile lez. Tartean dagozan pertsona guztien ardurakidetasuna. Arreta-akonpainamendua, Artzain Onaren ereduaren [&hellip;]","og_url":"https:\/\/bizkeliza.org\/eu\/ebanjelizazinoa\/karidade-eta-zuzentasuna\/pastoral-arloak\/ezintasunak\/","og_site_name":"Bilboko Elizbarrutia - Di\u00f3cesis de Bilbao","article_publisher":"https:\/\/www.facebook.com\/DiocesisBilbao\/","article_modified_time":"2022-12-07T08:46:50+00:00","og_image":[{"url":"https:\/\/bizkeliza.org\/wp-content\/uploads\/2021\/05\/download-icon-verdeoscuro-2.png","type":"","width":"","height":""}],"twitter_card":"summary_large_image","twitter_site":"@DiocesisBilbao","schema":{"@context":"https:\/\/schema.org","@graph":[{"@type":"WebPage","@id":"https:\/\/bizkeliza.org\/eu\/ebanjelizazinoa\/karidade-eta-zuzentasuna\/pastoral-arloak\/ezintasunak\/","url":"https:\/\/bizkeliza.org\/eu\/ebanjelizazinoa\/karidade-eta-zuzentasuna\/pastoral-arloak\/ezintasunak\/","name":"Ezintasunak - Bilboko Elizbarrutia - Di\u00f3cesis de Bilbao","isPartOf":{"@id":"https:\/\/bizkeliza.org\/eu\/#website"},"primaryImageOfPage":{"@id":"https:\/\/bizkeliza.org\/eu\/ebanjelizazinoa\/karidade-eta-zuzentasuna\/pastoral-arloak\/ezintasunak\/#primaryimage"},"image":{"@id":"https:\/\/bizkeliza.org\/eu\/ebanjelizazinoa\/karidade-eta-zuzentasuna\/pastoral-arloak\/ezintasunak\/#primaryimage"},"thumbnailUrl":"https:\/\/bizkeliza.org\/wp-content\/uploads\/2021\/05\/download-icon-verdeoscuro-2.png","datePublished":"2021-11-07T17:02:56+00:00","dateModified":"2022-12-07T08:46:50+00:00","breadcrumb":{"@id":"https:\/\/bizkeliza.org\/eu\/ebanjelizazinoa\/karidade-eta-zuzentasuna\/pastoral-arloak\/ezintasunak\/#breadcrumb"},"inLanguage":"eu-ES","potentialAction":[{"@type":"ReadAction","target":["https:\/\/bizkeliza.org\/eu\/ebanjelizazinoa\/karidade-eta-zuzentasuna\/pastoral-arloak\/ezintasunak\/"]}]},{"@type":"ImageObject","inLanguage":"eu-ES","@id":"https:\/\/bizkeliza.org\/eu\/ebanjelizazinoa\/karidade-eta-zuzentasuna\/pastoral-arloak\/ezintasunak\/#primaryimage","url":"https:\/\/bizkeliza.org\/wp-content\/uploads\/2021\/05\/download-icon-verdeoscuro-2.png","contentUrl":"https:\/\/bizkeliza.org\/wp-content\/uploads\/2021\/05\/download-icon-verdeoscuro-2.png"},{"@type":"BreadcrumbList","@id":"https:\/\/bizkeliza.org\/eu\/ebanjelizazinoa\/karidade-eta-zuzentasuna\/pastoral-arloak\/ezintasunak\/#breadcrumb","itemListElement":[{"@type":"ListItem","position":1,"name":"Portada","item":"https:\/\/bizkeliza.org\/eu\/"},{"@type":"ListItem","position":2,"name":"Ebanjelizazinoa","item":"https:\/\/bizkeliza.org\/eu\/evangelizacion\/"},{"@type":"ListItem","position":3,"name":"Karidade eta Zuzentasuna","item":"https:\/\/bizkeliza.org\/eu\/evangelizacion\/caridad-y-justicia\/"},{"@type":"ListItem","position":4,"name":"Pastoral Arloak","item":"https:\/\/bizkeliza.org\/eu\/evangelizacion\/caridad-y-justicia\/areas-pastorales\/"},{"@type":"ListItem","position":5,"name":"Ezintasunak"}]},{"@type":"WebSite","@id":"https:\/\/bizkeliza.org\/eu\/#website","url":"https:\/\/bizkeliza.org\/eu\/","name":"Bilboko Elizbarrutia - Di\u00f3cesis de Bilbao","description":"Di\u00f3cesis de Bilbao","publisher":{"@id":"https:\/\/bizkeliza.org\/eu\/#organization"},"alternateName":"Di\u00f3cesis de Bilbao","potentialAction":[{"@type":"SearchAction","target":{"@type":"EntryPoint","urlTemplate":"https:\/\/bizkeliza.org\/eu\/?s={search_term_string}"},"query-input":{"@type":"PropertyValueSpecification","valueRequired":true,"valueName":"search_term_string"}}],"inLanguage":"eu-ES"},{"@type":"Organization","@id":"https:\/\/bizkeliza.org\/eu\/#organization","name":"Di\u00f3cesis de Bilbao","alternateName":"Di\u00f3cesis de Bilbao","url":"https:\/\/bizkeliza.org\/eu\/","logo":{"@type":"ImageObject","inLanguage":"eu-ES","@id":"https:\/\/bizkeliza.org\/eu\/#\/schema\/logo\/image\/","url":"https:\/\/bizkeliza.org\/wp-content\/uploads\/2022\/06\/Logo-nuevo_2024-1-scaled.jpg","contentUrl":"https:\/\/bizkeliza.org\/wp-content\/uploads\/2022\/06\/Logo-nuevo_2024-1-scaled.jpg","width":2560,"height":1024,"caption":"Di\u00f3cesis de Bilbao"},"image":{"@id":"https:\/\/bizkeliza.org\/eu\/#\/schema\/logo\/image\/"},"sameAs":["https:\/\/www.facebook.com\/DiocesisBilbao\/","https:\/\/x.com\/DiocesisBilbao","https:\/\/www.instagram.com\/obispadobilbao\/","https:\/\/www.youtube.com\/user\/bilbokoelizbarrutia"],"description":"Iglesia local de Bilbao perteneciente a la Iglesia Cat\u00f3lica"}]}},"_links":{"self":[{"href":"https:\/\/bizkeliza.org\/eu\/wp-json\/wp\/v2\/pages\/12895","targetHints":{"allow":["GET"]}}],"collection":[{"href":"https:\/\/bizkeliza.org\/eu\/wp-json\/wp\/v2\/pages"}],"about":[{"href":"https:\/\/bizkeliza.org\/eu\/wp-json\/wp\/v2\/types\/page"}],"author":[{"embeddable":true,"href":"https:\/\/bizkeliza.org\/eu\/wp-json\/wp\/v2\/users\/2"}],"replies":[{"embeddable":true,"href":"https:\/\/bizkeliza.org\/eu\/wp-json\/wp\/v2\/comments?post=12895"}],"version-history":[{"count":0,"href":"https:\/\/bizkeliza.org\/eu\/wp-json\/wp\/v2\/pages\/12895\/revisions"}],"up":[{"embeddable":true,"href":"https:\/\/bizkeliza.org\/eu\/wp-json\/wp\/v2\/pages\/12278"}],"wp:attachment":[{"href":"https:\/\/bizkeliza.org\/eu\/wp-json\/wp\/v2\/media?parent=12895"}],"curies":[{"name":"wp","href":"https:\/\/api.w.org\/{rel}","templated":true}]}}