{"id":13033,"date":"2021-05-29T17:35:35","date_gmt":"2021-05-29T15:35:35","guid":{"rendered":"https:\/\/boring-dhawan.137-117-168-183.plesk.page\/ebanjelizazinoa\/liturgia\/jaunaren-eguna-ospatzeko\/elizkizunak\/"},"modified":"2026-04-28T13:41:23","modified_gmt":"2026-04-28T11:41:23","slug":"elizkizunak","status":"publish","type":"page","link":"https:\/\/bizkeliza.org\/eu\/ebanjelizazinoa\/liturgia\/jaunaren-eguna-ospatzeko\/elizkizunak\/","title":{"rendered":"Elizkizunak"},"content":{"rendered":"<p>[et_pb_section fb_built=&#8221;1&#8243; specialty=&#8221;on&#8221; module_class_1=&#8221;columna-botoneslaterales-seccionespecial&#8221; admin_label=&#8221;Secci\u00f3n&#8221; _builder_version=&#8221;4.27.6&#8243; _module_preset=&#8221;default&#8221; positioning=&#8221;none&#8221; z_index=&#8221;0&#8243; inner_width=&#8221;80%&#8221; inner_max_width=&#8221;1290px&#8221; global_colors_info=&#8221;{}&#8221; custom_css_main_1__hover_enabled=&#8221;off|desktop&#8221;][et_pb_column type=&#8221;1_3&#8243; admin_label=&#8221;Columna&#8221; _builder_version=&#8221;4.16&#8243; custom_padding=&#8221;|||&#8221; global_colors_info=&#8221;{}&#8221; custom_padding__hover=&#8221;|||&#8221;][et_pb_text admin_label=&#8221;Text&#8221; _builder_version=&#8221;4.27.4&#8243; _module_preset=&#8221;default&#8221; header_font_size=&#8221;44px&#8221; header_line_height=&#8221;1.2em&#8221; header_4_font=&#8221;|700|||||||&#8221; header_font_size_tablet=&#8221;&#8221; header_font_size_phone=&#8221;34px&#8221; header_font_size_last_edited=&#8221;on|phone&#8221; header_3_font_size_tablet=&#8221;&#8221; header_3_font_size_phone=&#8221;22px&#8221; header_3_font_size_last_edited=&#8221;on|phone&#8221; header_4_font_size_tablet=&#8221;&#8221; header_4_font_size_phone=&#8221;18px&#8221; header_4_font_size_last_edited=&#8221;on|desktop&#8221; global_colors_info=&#8221;{}&#8221;]<\/p>\n<h1>Elizkizunak<\/h1>\n<p>[\/et_pb_text][et_pb_button button_url=&#8221;#gracias&#8221; button_text=&#8221;Esker oneko otoitz nagusiak&#8221; _builder_version=&#8221;4.16&#8243; _module_preset=&#8221;cb4a296a-560e-400c-a5d7-8c1b56d1c517&#8243; sticky_position=&#8221;top&#8221; sticky_offset_top=&#8221;20px&#8221; sticky_limit_top=&#8221;column&#8221; sticky_limit_bottom=&#8221;body&#8221; sticky_transition=&#8221;off&#8221; sticky_position_tablet=&#8221;&#8221; sticky_position_phone=&#8221;none&#8221; sticky_position_last_edited=&#8221;on|desktop&#8221; sticky_offset_top_tablet=&#8221;&#8221; sticky_offset_top_phone=&#8221;2px&#8221; sticky_offset_top_last_edited=&#8221;on|phone&#8221; sticky_offset_surrounding_tablet=&#8221;&#8221; sticky_offset_surrounding_phone=&#8221;off&#8221; sticky_offset_surrounding_last_edited=&#8221;on|desktop&#8221; locked=&#8221;off&#8221; global_colors_info=&#8221;{}&#8221;][\/et_pb_button][et_pb_button button_url=&#8221;#Adap-Adviento&#8221; button_text=&#8221;Abendu aldia&#8221; _builder_version=&#8221;4.16&#8243; _module_preset=&#8221;cb4a296a-560e-400c-a5d7-8c1b56d1c517&#8243; sticky_position=&#8221;top&#8221; sticky_offset_top=&#8221;20px&#8221; sticky_limit_top=&#8221;column&#8221; sticky_limit_bottom=&#8221;body&#8221; sticky_transition=&#8221;off&#8221; sticky_position_tablet=&#8221;&#8221; sticky_position_phone=&#8221;none&#8221; sticky_position_last_edited=&#8221;on|desktop&#8221; sticky_offset_top_tablet=&#8221;&#8221; sticky_offset_top_phone=&#8221;2px&#8221; sticky_offset_top_last_edited=&#8221;on|phone&#8221; sticky_offset_surrounding_tablet=&#8221;&#8221; sticky_offset_surrounding_phone=&#8221;off&#8221; sticky_offset_surrounding_last_edited=&#8221;on|desktop&#8221; locked=&#8221;off&#8221; global_colors_info=&#8221;{}&#8221;][\/et_pb_button][et_pb_button button_url=&#8221;#Adap-Navidad&#8221; button_text=&#8221;Gabon jaiak&#8221; _builder_version=&#8221;4.16&#8243; _module_preset=&#8221;cb4a296a-560e-400c-a5d7-8c1b56d1c517&#8243; sticky_position=&#8221;top&#8221; sticky_offset_top=&#8221;20px&#8221; sticky_limit_top=&#8221;column&#8221; sticky_limit_bottom=&#8221;body&#8221; sticky_transition=&#8221;off&#8221; sticky_position_tablet=&#8221;&#8221; sticky_position_phone=&#8221;none&#8221; sticky_position_last_edited=&#8221;on|desktop&#8221; sticky_offset_top_tablet=&#8221;&#8221; sticky_offset_top_phone=&#8221;2px&#8221; sticky_offset_top_last_edited=&#8221;on|phone&#8221; sticky_offset_surrounding_tablet=&#8221;&#8221; sticky_offset_surrounding_phone=&#8221;off&#8221; sticky_offset_surrounding_last_edited=&#8221;on|desktop&#8221; locked=&#8221;off&#8221; global_colors_info=&#8221;{}&#8221;][\/et_pb_button][et_pb_button button_url=&#8221;#Adap-Ordinario&#8221; button_text=&#8221;Urtean zehar&#8221; _builder_version=&#8221;4.16&#8243; _module_preset=&#8221;cb4a296a-560e-400c-a5d7-8c1b56d1c517&#8243; sticky_position=&#8221;top&#8221; sticky_offset_top=&#8221;20px&#8221; sticky_limit_top=&#8221;column&#8221; sticky_limit_bottom=&#8221;body&#8221; sticky_transition=&#8221;off&#8221; sticky_position_tablet=&#8221;&#8221; sticky_position_phone=&#8221;none&#8221; sticky_position_last_edited=&#8221;on|desktop&#8221; sticky_offset_top_tablet=&#8221;&#8221; sticky_offset_top_phone=&#8221;2px&#8221; sticky_offset_top_last_edited=&#8221;on|phone&#8221; sticky_offset_surrounding_tablet=&#8221;&#8221; sticky_offset_surrounding_phone=&#8221;off&#8221; sticky_offset_surrounding_last_edited=&#8221;on|desktop&#8221; locked=&#8221;off&#8221; global_colors_info=&#8221;{}&#8221;][\/et_pb_button][et_pb_button button_url=&#8221;#Adap-Cuaresma&#8221; button_text=&#8221;Garizuma&#8221; _builder_version=&#8221;4.16&#8243; _module_preset=&#8221;cb4a296a-560e-400c-a5d7-8c1b56d1c517&#8243; sticky_position=&#8221;top&#8221; sticky_offset_top=&#8221;20px&#8221; sticky_limit_top=&#8221;column&#8221; sticky_limit_bottom=&#8221;body&#8221; sticky_transition=&#8221;off&#8221; sticky_position_tablet=&#8221;&#8221; sticky_position_phone=&#8221;none&#8221; sticky_position_last_edited=&#8221;on|desktop&#8221; sticky_offset_top_tablet=&#8221;&#8221; sticky_offset_top_phone=&#8221;2px&#8221; sticky_offset_top_last_edited=&#8221;on|phone&#8221; sticky_offset_surrounding_tablet=&#8221;&#8221; sticky_offset_surrounding_phone=&#8221;off&#8221; sticky_offset_surrounding_last_edited=&#8221;on|desktop&#8221; locked=&#8221;off&#8221; global_colors_info=&#8221;{}&#8221;][\/et_pb_button][et_pb_button button_url=&#8221;#Adap-triduo&#8221; button_text=&#8221;Pazko Hirurrena&#8221; _builder_version=&#8221;4.16&#8243; _module_preset=&#8221;cb4a296a-560e-400c-a5d7-8c1b56d1c517&#8243; sticky_position=&#8221;top&#8221; sticky_offset_top=&#8221;20px&#8221; sticky_limit_top=&#8221;column&#8221; sticky_limit_bottom=&#8221;body&#8221; sticky_transition=&#8221;off&#8221; sticky_position_tablet=&#8221;&#8221; sticky_position_phone=&#8221;none&#8221; sticky_position_last_edited=&#8221;on|desktop&#8221; sticky_offset_top_tablet=&#8221;&#8221; sticky_offset_top_phone=&#8221;2px&#8221; sticky_offset_top_last_edited=&#8221;on|phone&#8221; sticky_offset_surrounding_tablet=&#8221;&#8221; sticky_offset_surrounding_phone=&#8221;off&#8221; sticky_offset_surrounding_last_edited=&#8221;on|desktop&#8221; locked=&#8221;off&#8221; global_colors_info=&#8221;{}&#8221;][\/et_pb_button][et_pb_button button_url=&#8221;#Adap-tiempoPascual&#8221; button_text=&#8221;Pazko aldia&#8221; _builder_version=&#8221;4.16&#8243; _module_preset=&#8221;cb4a296a-560e-400c-a5d7-8c1b56d1c517&#8243; sticky_position=&#8221;top&#8221; sticky_offset_top=&#8221;20px&#8221; sticky_limit_top=&#8221;column&#8221; sticky_limit_bottom=&#8221;body&#8221; sticky_transition=&#8221;off&#8221; sticky_position_tablet=&#8221;&#8221; sticky_position_phone=&#8221;none&#8221; sticky_position_last_edited=&#8221;on|desktop&#8221; sticky_offset_top_tablet=&#8221;&#8221; sticky_offset_top_phone=&#8221;2px&#8221; sticky_offset_top_last_edited=&#8221;on|phone&#8221; sticky_offset_surrounding_tablet=&#8221;&#8221; sticky_offset_surrounding_phone=&#8221;off&#8221; sticky_offset_surrounding_last_edited=&#8221;on|desktop&#8221; locked=&#8221;off&#8221; global_colors_info=&#8221;{}&#8221;][\/et_pb_button][et_pb_button button_url=&#8221;#Adap-Santos&#8221; button_text=&#8221;Santuen Berezia&#8221; _builder_version=&#8221;4.16&#8243; _module_preset=&#8221;cb4a296a-560e-400c-a5d7-8c1b56d1c517&#8243; sticky_position=&#8221;top&#8221; sticky_offset_top=&#8221;20px&#8221; sticky_limit_top=&#8221;column&#8221; sticky_limit_bottom=&#8221;body&#8221; sticky_transition=&#8221;off&#8221; sticky_position_tablet=&#8221;&#8221; sticky_position_phone=&#8221;none&#8221; sticky_position_last_edited=&#8221;on|desktop&#8221; sticky_offset_top_tablet=&#8221;&#8221; sticky_offset_top_phone=&#8221;2px&#8221; sticky_offset_top_last_edited=&#8221;on|phone&#8221; sticky_offset_surrounding_tablet=&#8221;&#8221; sticky_offset_surrounding_phone=&#8221;off&#8221; sticky_offset_surrounding_last_edited=&#8221;on|desktop&#8221; locked=&#8221;off&#8221; global_colors_info=&#8221;{}&#8221;][\/et_pb_button][et_pb_button button_url=&#8221;#Adap-Solemnidades&#8221; button_text=&#8221;Jaunaren festaburuak&#8221; _builder_version=&#8221;4.16&#8243; _module_preset=&#8221;cb4a296a-560e-400c-a5d7-8c1b56d1c517&#8243; sticky_position=&#8221;top&#8221; sticky_offset_top=&#8221;20px&#8221; sticky_limit_top=&#8221;column&#8221; sticky_limit_bottom=&#8221;body&#8221; sticky_transition=&#8221;off&#8221; sticky_position_tablet=&#8221;&#8221; sticky_position_phone=&#8221;none&#8221; sticky_position_last_edited=&#8221;on|desktop&#8221; sticky_offset_top_tablet=&#8221;&#8221; sticky_offset_top_phone=&#8221;2px&#8221; sticky_offset_top_last_edited=&#8221;on|phone&#8221; sticky_offset_surrounding_tablet=&#8221;&#8221; sticky_offset_surrounding_phone=&#8221;off&#8221; sticky_offset_surrounding_last_edited=&#8221;on|desktop&#8221; locked=&#8221;off&#8221; global_colors_info=&#8221;{}&#8221;][\/et_pb_button][\/et_pb_column][et_pb_column type=&#8221;2_3&#8243; specialty_columns=&#8221;2&#8243; _builder_version=&#8221;4.16&#8243; custom_padding=&#8221;|||&#8221; global_colors_info=&#8221;{}&#8221; custom_padding__hover=&#8221;|||&#8221;][et_pb_row_inner admin_label=&#8221;Fila&#8221; _builder_version=&#8221;4.16&#8243; _module_preset=&#8221;default&#8221; global_colors_info=&#8221;{}&#8221;][et_pb_column_inner saved_specialty_column_type=&#8221;2_3&#8243; _builder_version=&#8221;4.16&#8243; _module_preset=&#8221;default&#8221; global_colors_info=&#8221;{}&#8221;][et_pb_text _builder_version=&#8221;4.16&#8243; _module_preset=&#8221;default&#8221; background_color=&#8221;#f5f7fa&#8221; custom_padding=&#8221;26px|26px|26px|26px|true|true&#8221; custom_padding_phone=&#8221;||||false|false&#8221; custom_padding_last_edited=&#8221;off|desktop&#8221; border_radii=&#8221;on|3px|3px|3px|3px&#8221; locked=&#8221;off&#8221; global_colors_info=&#8221;{}&#8221; custom_css_main_element_last_edited=&#8221;on|desktop&#8221; custom_css_main_element_phone=&#8221;column-count:1;&#8221;]<\/p>\n<h4><b>Info &amp; Contacto<\/b><\/h4>\n<p><\/p>\n<p>Jes\u00fas Llarena<br \/><span style=\"color: #000000;\" data-mce-style=\"color: #000000;\"><b>Tel.:&nbsp;<\/b><a href=\"tel:34944667924\" data-mce-href=\"tel:34944667924\">94 466 79 24<\/a><\/span> <span style=\"font-weight: 400;\" data-mce-style=\"font-weight: 400;\"><span style=\"color: #000000;\" data-mce-style=\"color: #000000;\"><strong>E-mail:<\/strong><\/span> <a href=\"mailto:liturgia@bizkeliza.org\" target=\"_blank\" rel=\"noopener noreferrer\" data-mce-href=\"mailto:liturgia@bizkeliza.org\">liturgia@bizkeliza.org<\/a> <\/span> <span style=\"font-weight: 400;\" data-mce-style=\"font-weight: 400;\"><span style=\"color: #000000;\" data-mce-style=\"color: #000000;\"><strong>Direcci\u00f3n:<\/strong><\/span> Virgen de Bego\u00f1a 38. 48006 Bilbao<\/span><\/p>\n<p>[\/et_pb_text][et_pb_divider color=&#8221;#000000&#8243; divider_position=&#8221;center&#8221; _builder_version=&#8221;4.16&#8243; _module_preset=&#8221;default&#8221; global_colors_info=&#8221;{}&#8221;][\/et_pb_divider][\/et_pb_column_inner][\/et_pb_row_inner][et_pb_row_inner admin_label=&#8221;Acci\u00f3n de gracias&#8221; _builder_version=&#8221;4.16&#8243; _module_preset=&#8221;default&#8221; custom_padding=&#8221;1px|||||&#8221; global_colors_info=&#8221;{}&#8221;][et_pb_column_inner saved_specialty_column_type=&#8221;2_3&#8243; _builder_version=&#8221;4.16&#8243; _module_preset=&#8221;default&#8221; global_colors_info=&#8221;{}&#8221;][et_pb_text module_id=&#8221;gracias&#8221; _builder_version=&#8221;4.16&#8243; _module_preset=&#8221;default&#8221; text_text_color=&#8221;#ffffff&#8221; header_text_color=&#8221;#ffffff&#8221; header_font_size=&#8221;44px&#8221; header_line_height=&#8221;1.2em&#8221; header_4_font=&#8221;|700|||||||&#8221; background_color=&#8221;#006b54&#8243; custom_margin=&#8221;0px||||false|false&#8221; custom_padding=&#8221;10px|||30px|false|false&#8221; header_3_font_size_tablet=&#8221;&#8221; header_3_font_size_phone=&#8221;22px&#8221; header_3_font_size_last_edited=&#8221;on|phone&#8221; header_4_font_size_tablet=&#8221;&#8221; header_4_font_size_phone=&#8221;18px&#8221; header_4_font_size_last_edited=&#8221;on|desktop&#8221; border_radii=&#8221;on|186px|186px|186px|186px&#8221; global_colors_info=&#8221;{}&#8221;]<\/p>\n<h3><span style=\"color: #ffffff;\" data-mce-style=\"color: #ffffff;\">Esker oneko otoitz nagusiak<\/span><\/h3>\n<p>[\/et_pb_text][\/et_pb_column_inner][\/et_pb_row_inner][et_pb_row_inner _builder_version=&#8221;4.16&#8243; _module_preset=&#8221;default&#8221; custom_padding=&#8221;0px|||||&#8221; global_colors_info=&#8221;{}&#8221;][et_pb_column_inner saved_specialty_column_type=&#8221;2_3&#8243; _builder_version=&#8221;4.16&#8243; _module_preset=&#8221;default&#8221; global_colors_info=&#8221;{}&#8221;][et_pb_text _builder_version=&#8221;4.16&#8243; _module_preset=&#8221;default&#8221; header_font_size=&#8221;44px&#8221; header_line_height=&#8221;1.2em&#8221; header_4_font=&#8221;|700|||||||&#8221; header_3_font_size_tablet=&#8221;&#8221; header_3_font_size_phone=&#8221;22px&#8221; header_3_font_size_last_edited=&#8221;on|phone&#8221; header_4_font_size_tablet=&#8221;&#8221; header_4_font_size_phone=&#8221;18px&#8221; header_4_font_size_last_edited=&#8221;on|desktop&#8221; locked=&#8221;off&#8221; global_colors_info=&#8221;{}&#8221;]<\/p>\n<h4><span style=\"color: #000000;\" data-mce-style=\"color: #000000;\">SALMOAK<\/span><\/h4>\n<p>[\/et_pb_text][\/et_pb_column_inner][\/et_pb_row_inner][et_pb_row_inner _builder_version=&#8221;4.16&#8243; _module_preset=&#8221;default&#8221; custom_padding=&#8221;0px|||||&#8221; global_colors_info=&#8221;{}&#8221;][et_pb_column_inner saved_specialty_column_type=&#8221;2_3&#8243; _builder_version=&#8221;4.16&#8243; _module_preset=&#8221;default&#8221; global_colors_info=&#8221;{}&#8221;][et_pb_text _builder_version=&#8221;4.16&#8243; _module_preset=&#8221;default&#8221; header_4_font=&#8221;|700|||||||&#8221; header_3_font_size_tablet=&#8221;&#8221; header_3_font_size_phone=&#8221;22px&#8221; header_3_font_size_last_edited=&#8221;on|phone&#8221; header_4_font_size_tablet=&#8221;&#8221; header_4_font_size_phone=&#8221;18px&#8221; header_4_font_size_last_edited=&#8221;on|desktop&#8221; global_colors_info=&#8221;{}&#8221;]<\/p>\n<div class=\"table-responsive\">\n<h4><span style=\"font-size: 18px;\" data-mce-style=\"font-size: 18px;\">HIMNOS<\/span><\/h4>\n<ul>\n<li><a href=\"https:\/\/diocesisdebilbao-my.sharepoint.com\/:w:\/g\/personal\/webbizkeliza_bizkeliza_org\/EQNA3_xJt5dDjU7GKzO4i1kBJLhGocGW35jVlo2YFzGsZg\" target=\"_blank\" rel=\"noopener noreferrer\" data-mce-href=\"https:\/\/diocesisdebilbao-my.sharepoint.com\/:w:\/g\/personal\/webbizkeliza_bizkeliza_org\/EQNA3_xJt5dDjU7GKzO4i1kBJLhGocGW35jVlo2YFzGsZg\">Donde hay caridad&nbsp;&nbsp;<img decoding=\"async\" class=\"wp-image-2416 alignnone size-full\" src=\"https:\/\/bizkeliza.org\/wp-content\/uploads\/download-icon-verdeoscuro.png\" alt=\"\" width=\"22\" height=\"22\" data-mce-src=\"https:\/\/bizkeliza.org\/wp-content\/uploads\/download-icon-verdeoscuro.png\"><\/a><\/li>\n<li><a href=\"https:\/\/diocesisdebilbao-my.sharepoint.com\/:w:\/g\/personal\/webbizkeliza_bizkeliza_org\/EVdyvTde5f1Dnag9ToaKnsMBqg30q0Dxmt7VuQmXs2TU-w\" data-mce-href=\"https:\/\/diocesisdebilbao-my.sharepoint.com\/:w:\/g\/personal\/webbizkeliza_bizkeliza_org\/EVdyvTde5f1Dnag9ToaKnsMBqg30q0Dxmt7VuQmXs2TU-w\">En la fracci\u00f3n del pan&nbsp;&nbsp;<img decoding=\"async\" class=\"wp-image-2416 alignnone size-full\" src=\"https:\/\/bizkeliza.org\/wp-content\/uploads\/download-icon-verdeoscuro.png\" alt=\"\" width=\"22\" height=\"22\" data-mce-src=\"https:\/\/bizkeliza.org\/wp-content\/uploads\/download-icon-verdeoscuro.png\"><\/a><\/li>\n<li><a href=\"https:\/\/diocesisdebilbao-my.sharepoint.com\/:w:\/g\/personal\/webbizkeliza_bizkeliza_org\/EeT1kkJQP8VDgCNAWWEcDy8BoF22E4FlIuRQpvqvpCAbEg\" target=\"_blank\" rel=\"noopener noreferrer\" data-mce-href=\"https:\/\/diocesisdebilbao-my.sharepoint.com\/:w:\/g\/personal\/webbizkeliza_bizkeliza_org\/EeT1kkJQP8VDgCNAWWEcDy8BoF22E4FlIuRQpvqvpCAbEg\">Gracias por tu Palabra&nbsp;&nbsp;<img decoding=\"async\" class=\"wp-image-2416 alignnone size-full\" src=\"https:\/\/bizkeliza.org\/wp-content\/uploads\/download-icon-verdeoscuro.png\" alt=\"\" width=\"22\" height=\"22\" data-mce-src=\"https:\/\/bizkeliza.org\/wp-content\/uploads\/download-icon-verdeoscuro.png\"><\/a><\/li>\n<li><a href=\"https:\/\/diocesisdebilbao-my.sharepoint.com\/:w:\/g\/personal\/webbizkeliza_bizkeliza_org\/EXCPS9HZ6P9Fve2l5gB7iY8BIXlEmX9AEqKHbWFe7-H_1Q\" target=\"_blank\" rel=\"noopener noreferrer\" data-mce-href=\"https:\/\/diocesisdebilbao-my.sharepoint.com\/:w:\/g\/personal\/webbizkeliza_bizkeliza_org\/EXCPS9HZ6P9Fve2l5gB7iY8BIXlEmX9AEqKHbWFe7-H_1Q\">Pan de vida&nbsp;&nbsp;<img decoding=\"async\" class=\"wp-image-2416 alignnone size-full\" src=\"https:\/\/bizkeliza.org\/wp-content\/uploads\/download-icon-verdeoscuro.png\" alt=\"\" width=\"22\" height=\"22\" data-mce-src=\"https:\/\/bizkeliza.org\/wp-content\/uploads\/download-icon-verdeoscuro.png\"><\/a><\/li>\n<\/ul>\n<\/div>\n<p>[\/et_pb_text][\/et_pb_column_inner][\/et_pb_row_inner][et_pb_row_inner _builder_version=&#8221;4.16&#8243; _module_preset=&#8221;default&#8221; custom_padding=&#8221;0px|||||&#8221; global_colors_info=&#8221;{}&#8221;][et_pb_column_inner saved_specialty_column_type=&#8221;2_3&#8243; _builder_version=&#8221;4.16&#8243; _module_preset=&#8221;default&#8221; global_colors_info=&#8221;{}&#8221;][et_pb_text module_class=&#8221;p-small&#8221; _builder_version=&#8221;4.16&#8243; _module_preset=&#8221;default&#8221; header_font_size=&#8221;44px&#8221; header_line_height=&#8221;1.2em&#8221; header_4_font=&#8221;|700|||||||&#8221; header_3_font_size_tablet=&#8221;&#8221; header_3_font_size_phone=&#8221;22px&#8221; header_3_font_size_last_edited=&#8221;on|phone&#8221; header_4_font_size_tablet=&#8221;&#8221; header_4_font_size_phone=&#8221;18px&#8221; header_4_font_size_last_edited=&#8221;on|desktop&#8221; global_colors_info=&#8221;{}&#8221;]<\/p>\n<div class=\"table-responsive\">&nbsp;<\/p>\n<h4>ORACIONES LITANICAS<\/h4>\n<\/div>\n<p>[\/et_pb_text][\/et_pb_column_inner][\/et_pb_row_inner][et_pb_row_inner admin_label=&#8221;Separador&#8221; _builder_version=&#8221;4.16&#8243; _module_preset=&#8221;default&#8221; global_colors_info=&#8221;{}&#8221;][et_pb_column_inner saved_specialty_column_type=&#8221;2_3&#8243; _builder_version=&#8221;4.16&#8243; _module_preset=&#8221;default&#8221; global_colors_info=&#8221;{}&#8221;][et_pb_divider color=&#8221;#000000&#8243; divider_position=&#8221;center&#8221; _builder_version=&#8221;4.16&#8243; _module_preset=&#8221;default&#8221; global_colors_info=&#8221;{}&#8221;][\/et_pb_divider][\/et_pb_column_inner][\/et_pb_row_inner][et_pb_row_inner admin_label=&#8221;Adviento&#8221; _builder_version=&#8221;4.16&#8243; _module_preset=&#8221;default&#8221; custom_padding=&#8221;1px|||||&#8221; global_colors_info=&#8221;{}&#8221;][et_pb_column_inner saved_specialty_column_type=&#8221;2_3&#8243; _builder_version=&#8221;4.16&#8243; _module_preset=&#8221;default&#8221; global_colors_info=&#8221;{}&#8221;][et_pb_text module_id=&#8221;Adap-Adviento&#8221; _builder_version=&#8221;4.16&#8243; _module_preset=&#8221;default&#8221; text_text_color=&#8221;#ffffff&#8221; header_text_color=&#8221;#ffffff&#8221; header_font_size=&#8221;44px&#8221; header_line_height=&#8221;1.2em&#8221; header_4_font=&#8221;|700|||||||&#8221; background_color=&#8221;#006b54&#8243; custom_margin=&#8221;0px||||false|false&#8221; custom_padding=&#8221;10px|||30px|false|false&#8221; header_3_font_size_tablet=&#8221;&#8221; header_3_font_size_phone=&#8221;22px&#8221; header_3_font_size_last_edited=&#8221;on|phone&#8221; header_4_font_size_tablet=&#8221;&#8221; header_4_font_size_phone=&#8221;18px&#8221; header_4_font_size_last_edited=&#8221;on|desktop&#8221; border_radii=&#8221;on|186px|186px|186px|186px&#8221; global_colors_info=&#8221;{}&#8221;]<\/p>\n<h3><span style=\"color: #ffffff;\" data-mce-style=\"color: #ffffff;\">Abendu aldia<\/span><\/h3>\n<p>[\/et_pb_text][et_pb_text _builder_version=&#8221;4.27.5&#8243; _module_preset=&#8221;default&#8221; header_font_size=&#8221;44px&#8221; header_line_height=&#8221;1.2em&#8221; header_4_font=&#8221;|700|||||||&#8221; header_3_font_size_tablet=&#8221;&#8221; header_3_font_size_phone=&#8221;22px&#8221; header_3_font_size_last_edited=&#8221;on|phone&#8221; header_4_font_size_tablet=&#8221;&#8221; header_4_font_size_phone=&#8221;18px&#8221; header_4_font_size_last_edited=&#8221;on|desktop&#8221; global_colors_info=&#8221;{}&#8221;]<\/p>\n<h4><strong>Abendualdia 2025 (A)<\/strong><\/h4>\n<ul>\n<li><a href=\"https:\/\/diocesisdebilbao-my.sharepoint.com\/:w:\/g\/personal\/webbizkeliza_bizkeliza_org\/IQCPQwYezpoIT6OCwcNnaH1iAcI3irJCex0z8EK9Spb2C4U?e=qDHAbo\" target=\"_blank\" rel=\"noopener\" data-mce-href=\"https:\/\/diocesisdebilbao-my.sharepoint.com\/:w:\/g\/personal\/webbizkeliza_bizkeliza_org\/IQCPQwYezpoIT6OCwcNnaH1iAcI3irJCex0z8EK9Spb2C4U?e=qDHAbo\">Abendualdia 4. Igandea <img decoding=\"async\" src=\"https:\/\/bizkeliza.org\/wp-content\/uploads\/2021\/05\/download-icon-verdeoscuro-2.png\" data-mce-src=\"https:\/\/bizkeliza.org\/wp-content\/uploads\/2021\/05\/download-icon-verdeoscuro-2.png\"><\/a><\/li>\n<li><a href=\"https:\/\/diocesisdebilbao-my.sharepoint.com\/:w:\/g\/personal\/webbizkeliza_bizkeliza_org\/IQBw0cux2Za8Q6Jys3E6CrSTAUCwYKx6-SY6A9Qap_PibuQ?e=vOpIMQ\" target=\"_blank\" rel=\"noopener\" data-mce-href=\"https:\/\/diocesisdebilbao-my.sharepoint.com\/:w:\/g\/personal\/webbizkeliza_bizkeliza_org\/IQBw0cux2Za8Q6Jys3E6CrSTAUCwYKx6-SY6A9Qap_PibuQ?e=vOpIMQ\">Abendualdia 3. Igandea <img decoding=\"async\" src=\"https:\/\/bizkeliza.org\/wp-content\/uploads\/2021\/05\/download-icon-verdeoscuro-2.png\" data-mce-src=\"https:\/\/bizkeliza.org\/wp-content\/uploads\/2021\/05\/download-icon-verdeoscuro-2.png\"><\/a><\/li>\n<li><a href=\"https:\/\/diocesisdebilbao-my.sharepoint.com\/:w:\/g\/personal\/webbizkeliza_bizkeliza_org\/IQC_ei5y97LvQ7hkpe7-X5PJAe728Urp95z8lsxwQJNKKjg?e=Vz0AX6\" target=\"_blank\" rel=\"noopener\" data-mce-href=\"https:\/\/diocesisdebilbao-my.sharepoint.com\/:w:\/g\/personal\/webbizkeliza_bizkeliza_org\/IQC_ei5y97LvQ7hkpe7-X5PJAe728Urp95z8lsxwQJNKKjg?e=Vz0AX6\">Sortze Garbia <img decoding=\"async\" src=\"https:\/\/bizkeliza.org\/wp-content\/uploads\/2021\/05\/download-icon-verdeoscuro-2.png\" data-mce-src=\"https:\/\/bizkeliza.org\/wp-content\/uploads\/2021\/05\/download-icon-verdeoscuro-2.png\"><\/a><\/li>\n<li><a href=\"https:\/\/diocesisdebilbao-my.sharepoint.com\/:w:\/g\/personal\/webbizkeliza_bizkeliza_org\/IQAHYJXdEUu7QYDlvWStYqlbAcTBasZkUkcTNJwevPiARiU?e=jWKjBp\" target=\"_blank\" rel=\"noopener\" data-mce-href=\"https:\/\/diocesisdebilbao-my.sharepoint.com\/:w:\/g\/personal\/webbizkeliza_bizkeliza_org\/IQAHYJXdEUu7QYDlvWStYqlbAcTBasZkUkcTNJwevPiARiU?e=jWKjBp\">Abendualdia 2. Igandea <img decoding=\"async\" src=\"https:\/\/bizkeliza.org\/wp-content\/uploads\/2021\/05\/download-icon-verdeoscuro-2.png\" data-mce-src=\"https:\/\/bizkeliza.org\/wp-content\/uploads\/2021\/05\/download-icon-verdeoscuro-2.png\"><\/a><\/li>\n<li><a href=\"https:\/\/diocesisdebilbao-my.sharepoint.com\/:w:\/g\/personal\/webbizkeliza_bizkeliza_org\/IQAia2Bcu5XTTLPVO0ws8o7TASt8ULEB0M7zN-u3UPVa2ow?e=27SEHW\" target=\"_blank\" rel=\"noopener\" data-mce-href=\"https:\/\/diocesisdebilbao-my.sharepoint.com\/:w:\/g\/personal\/webbizkeliza_bizkeliza_org\/IQAia2Bcu5XTTLPVO0ws8o7TASt8ULEB0M7zN-u3UPVa2ow?e=27SEHW\">Abendualdia 1. Igandea <img decoding=\"async\" src=\"https:\/\/bizkeliza.org\/wp-content\/uploads\/2021\/05\/download-icon-verdeoscuro-2.png\" data-mce-src=\"https:\/\/bizkeliza.org\/wp-content\/uploads\/2021\/05\/download-icon-verdeoscuro-2.png\"><\/a><\/li>\n<\/ul>\n<h4><strong>Abendualdia 2024 (C)<\/strong><\/h4>\n<ul>\n<li><a href=\"https:\/\/diocesisdebilbao-my.sharepoint.com\/:w:\/g\/personal\/webbizkeliza_bizkeliza_org\/EeZQuVYYKjJLtXWyPHo0GKQBRV4ANyJpykqpgwY27MiPuQ?e=43K7Fc\" target=\"_blank\" rel=\"noopener\" data-mce-href=\"https:\/\/diocesisdebilbao-my.sharepoint.com\/:w:\/g\/personal\/webbizkeliza_bizkeliza_org\/EeZQuVYYKjJLtXWyPHo0GKQBRV4ANyJpykqpgwY27MiPuQ?e=43K7Fc\">Abendualdia 4. Igandea <img decoding=\"async\" class=\"alignnone\" src=\"https:\/\/bizkeliza.org\/wp-content\/uploads\/2021\/05\/download-icon-verdeoscuro-2.png\" alt=\"\" width=\"22\" height=\"22\" data-mce-src=\"https:\/\/bizkeliza.org\/wp-content\/uploads\/2021\/05\/download-icon-verdeoscuro-2.png\"><\/a><\/li>\n<li><a href=\"https:\/\/diocesisdebilbao-my.sharepoint.com\/:w:\/g\/personal\/webbizkeliza_bizkeliza_org\/EUQaKFXqNsxNgeV6eUTdLZgB0LazjUh3ruFGoWEMy8rRsA?e=vRZw64\" target=\"_blank\" rel=\"noopener\" data-mce-href=\"https:\/\/diocesisdebilbao-my.sharepoint.com\/:w:\/g\/personal\/webbizkeliza_bizkeliza_org\/EUQaKFXqNsxNgeV6eUTdLZgB0LazjUh3ruFGoWEMy8rRsA?e=vRZw64\">Abendualdia 3. Igandea <img decoding=\"async\" class=\"alignnone\" src=\"https:\/\/bizkeliza.org\/wp-content\/uploads\/2021\/05\/download-icon-verdeoscuro-2.png\" alt=\"\" width=\"22\" height=\"22\" data-mce-src=\"https:\/\/bizkeliza.org\/wp-content\/uploads\/2021\/05\/download-icon-verdeoscuro-2.png\"><\/a><\/li>\n<li><a href=\"https:\/\/diocesisdebilbao-my.sharepoint.com\/:w:\/g\/personal\/webbizkeliza_bizkeliza_org\/ERi0Q8-sdhRJl8i1tiHvFz4BRz9Fd8VVk_EeSi-P_yesHQ?e=ZTjWFR\" target=\"_blank\" rel=\"noopener\" data-mce-href=\"https:\/\/diocesisdebilbao-my.sharepoint.com\/:w:\/g\/personal\/webbizkeliza_bizkeliza_org\/ERi0Q8-sdhRJl8i1tiHvFz4BRz9Fd8VVk_EeSi-P_yesHQ?e=ZTjWFR\">Abendualdia 2. Igandea (Sortzez Garbia) <img decoding=\"async\" class=\"alignnone\" src=\"https:\/\/bizkeliza.org\/wp-content\/uploads\/2021\/05\/download-icon-verdeoscuro-2.png\" alt=\"\" width=\"22\" height=\"22\" data-mce-src=\"https:\/\/bizkeliza.org\/wp-content\/uploads\/2021\/05\/download-icon-verdeoscuro-2.png\"><\/a><\/li>\n<li><a href=\"https:\/\/diocesisdebilbao-my.sharepoint.com\/:w:\/g\/personal\/webbizkeliza_bizkeliza_org\/ESqRwPNn74tEotqHSygl0kgB7AXlGtgNhBMTitQN5n5SdA?e=HqEmDS\" target=\"_blank\" rel=\"noopener\" data-mce-href=\"https:\/\/diocesisdebilbao-my.sharepoint.com\/:w:\/g\/personal\/webbizkeliza_bizkeliza_org\/ESqRwPNn74tEotqHSygl0kgB7AXlGtgNhBMTitQN5n5SdA?e=HqEmDS\">Abendualdia 1. Igandea <img decoding=\"async\" src=\"https:\/\/bizkeliza.org\/wp-content\/uploads\/2021\/05\/download-icon-verdeoscuro-2.png\" data-mce-src=\"https:\/\/bizkeliza.org\/wp-content\/uploads\/2021\/05\/download-icon-verdeoscuro-2.png\"><\/a><\/li>\n<\/ul>\n<h4><strong>Abendualdia 2023 (B)<\/strong><\/h4>\n<ul>\n<li><a href=\"https:\/\/diocesisdebilbao-my.sharepoint.com\/:w:\/g\/personal\/webbizkeliza_bizkeliza_org\/ETCpbVlE-j9MurG7r1B3s3gB83a0TMJJ5NdE4a8pGrfiKQ?e=V6l49t\" target=\"_blank\" rel=\"noopener\" data-mce-href=\"https:\/\/diocesisdebilbao-my.sharepoint.com\/:w:\/g\/personal\/webbizkeliza_bizkeliza_org\/ETCpbVlE-j9MurG7r1B3s3gB83a0TMJJ5NdE4a8pGrfiKQ?e=V6l49t\">Abedualdia 4. Igandea <img decoding=\"async\" src=\"https:\/\/bizkeliza.org\/wp-content\/uploads\/2021\/05\/download-icon-verdeoscuro-2.png\" data-mce-src=\"https:\/\/bizkeliza.org\/wp-content\/uploads\/2021\/05\/download-icon-verdeoscuro-2.png\"><\/a><\/li>\n<li><a href=\"https:\/\/diocesisdebilbao-my.sharepoint.com\/:w:\/g\/personal\/webbizkeliza_bizkeliza_org\/EUyBZBp-zrNErPVx569RzkYBOKPUZFb0glZPzzfaqXgEJA?e=W2S6zx\" target=\"_blank\" rel=\"noopener\" data-mce-href=\"https:\/\/diocesisdebilbao-my.sharepoint.com\/:w:\/g\/personal\/webbizkeliza_bizkeliza_org\/EUyBZBp-zrNErPVx569RzkYBOKPUZFb0glZPzzfaqXgEJA?e=W2S6zx\">Abendualdia 3. Igandea <img decoding=\"async\" src=\"https:\/\/bizkeliza.org\/wp-content\/uploads\/2021\/05\/download-icon-verdeoscuro-2.png\" data-mce-src=\"https:\/\/bizkeliza.org\/wp-content\/uploads\/2021\/05\/download-icon-verdeoscuro-2.png\"><\/a><\/li>\n<li><a href=\"https:\/\/diocesisdebilbao-my.sharepoint.com\/:w:\/g\/personal\/webbizkeliza_bizkeliza_org\/Edcava4xEMxAuaC-a2I_NLQB4GuBi-kfXlI23af33CDiFw?e=tC0dJS\" target=\"_blank\" rel=\"noopener\" data-mce-href=\"https:\/\/diocesisdebilbao-my.sharepoint.com\/:w:\/g\/personal\/webbizkeliza_bizkeliza_org\/Edcava4xEMxAuaC-a2I_NLQB4GuBi-kfXlI23af33CDiFw?e=tC0dJS\">Abendualdia 2. Igandea <img decoding=\"async\" src=\"https:\/\/bizkeliza.org\/wp-content\/uploads\/2021\/05\/download-icon-verdeoscuro-2.png\" data-mce-src=\"https:\/\/bizkeliza.org\/wp-content\/uploads\/2021\/05\/download-icon-verdeoscuro-2.png\"><\/a><\/li>\n<li><a href=\"https:\/\/diocesisdebilbao-my.sharepoint.com\/:w:\/g\/personal\/webbizkeliza_bizkeliza_org\/EQcSxrleltVKjaSGDRgGJ2IB5TDswPcGqzSJaSQefMXXNw?e=e2awRP\" target=\"_blank\" rel=\"noopener\" data-mce-href=\"https:\/\/diocesisdebilbao-my.sharepoint.com\/:w:\/g\/personal\/webbizkeliza_bizkeliza_org\/EQcSxrleltVKjaSGDRgGJ2IB5TDswPcGqzSJaSQefMXXNw?e=e2awRP\">Sortzez Garbia <img decoding=\"async\" src=\"https:\/\/bizkeliza.org\/wp-content\/uploads\/2021\/05\/download-icon-verdeoscuro-2.png\" data-mce-src=\"https:\/\/bizkeliza.org\/wp-content\/uploads\/2021\/05\/download-icon-verdeoscuro-2.png\"><\/a><\/li>\n<li><a href=\"https:\/\/diocesisdebilbao-my.sharepoint.com\/:w:\/g\/personal\/webbizkeliza_bizkeliza_org\/EU-d-OI5rr5KniqmGiKRynEBaCBOpN_s4vN5IDnQWOH0gQ?e=tEJyk0\" data-mce-href=\"https:\/\/diocesisdebilbao-my.sharepoint.com\/:w:\/g\/personal\/webbizkeliza_bizkeliza_org\/EU-d-OI5rr5KniqmGiKRynEBaCBOpN_s4vN5IDnQWOH0gQ?e=tEJyk0\">Abendualdia 1. Igandea<\/a> <a href=\"https:\/\/diocesisdebilbao-my.sharepoint.com\/:w:\/g\/personal\/webbizkeliza_bizkeliza_org\/EU-d-OI5rr5KniqmGiKRynEBaCBOpN_s4vN5IDnQWOH0gQ?e=tEJyk0\" target=\"_blank\" rel=\"noopener\" data-mce-href=\"https:\/\/diocesisdebilbao-my.sharepoint.com\/:w:\/g\/personal\/webbizkeliza_bizkeliza_org\/EU-d-OI5rr5KniqmGiKRynEBaCBOpN_s4vN5IDnQWOH0gQ?e=tEJyk0\"><img decoding=\"async\" src=\"https:\/\/bizkeliza.org\/wp-content\/uploads\/2021\/05\/download-icon-verdeoscuro-2.png\" data-mce-src=\"https:\/\/bizkeliza.org\/wp-content\/uploads\/2021\/05\/download-icon-verdeoscuro-2.png\"><\/a><\/li>\n<\/ul>\n<h4><strong>Abendualdia 2022 (A)<\/strong><\/h4>\n<ul>\n<li><a href=\"https:\/\/diocesisdebilbao-my.sharepoint.com\/:w:\/g\/personal\/webbizkeliza_bizkeliza_org\/EXqMmnobLG1IpCLDXuFmxqUBCwWGTQOLHb0JeKJVfN42tw?e=sfrqAL\" target=\"_blank\" rel=\"noopener\" data-mce-href=\"https:\/\/diocesisdebilbao-my.sharepoint.com\/:w:\/g\/personal\/webbizkeliza_bizkeliza_org\/EXqMmnobLG1IpCLDXuFmxqUBCwWGTQOLHb0JeKJVfN42tw?e=sfrqAL\">Abendualdia 4. domeka&nbsp;<img decoding=\"async\" src=\"https:\/\/bizkeliza.org\/wp-content\/uploads\/2021\/05\/download-icon-verdeoscuro-2.png\" data-mce-src=\"https:\/\/bizkeliza.org\/wp-content\/uploads\/2021\/05\/download-icon-verdeoscuro-2.png\"><\/a><\/li>\n<li><a href=\"https:\/\/diocesisdebilbao-my.sharepoint.com\/:w:\/g\/personal\/webbizkeliza_bizkeliza_org\/Ed3cJG_WvXdGkD2q3IJF_-8BVYIHJ_Lww6T2hAkHHTSgjw?e=9UtmZf\" target=\"_blank\" rel=\"noopener\" data-mce-href=\"https:\/\/diocesisdebilbao-my.sharepoint.com\/:w:\/g\/personal\/webbizkeliza_bizkeliza_org\/Ed3cJG_WvXdGkD2q3IJF_-8BVYIHJ_Lww6T2hAkHHTSgjw?e=9UtmZf\">Abendualdia 3. domeka&nbsp;<img decoding=\"async\" src=\"https:\/\/bizkeliza.org\/wp-content\/uploads\/2021\/05\/download-icon-verdeoscuro-2.png\" data-mce-src=\"https:\/\/bizkeliza.org\/wp-content\/uploads\/2021\/05\/download-icon-verdeoscuro-2.png\"><\/a><\/li>\n<li><a href=\"https:\/\/diocesisdebilbao-my.sharepoint.com\/:w:\/g\/personal\/webbizkeliza_bizkeliza_org\/EQyFx3A2-NZCikyU6cYNSJwB83vGA0IBbryB033j6RgQSQ?e=fDIywU\" target=\"_blank\" rel=\"noopener\" data-mce-href=\"https:\/\/diocesisdebilbao-my.sharepoint.com\/:w:\/g\/personal\/webbizkeliza_bizkeliza_org\/EQyFx3A2-NZCikyU6cYNSJwB83vGA0IBbryB033j6RgQSQ?e=fDIywU\">Sortzez Garbia&nbsp;<img decoding=\"async\" src=\"https:\/\/bizkeliza.org\/wp-content\/uploads\/2021\/05\/download-icon-verdeoscuro-2.png\" data-mce-src=\"https:\/\/bizkeliza.org\/wp-content\/uploads\/2021\/05\/download-icon-verdeoscuro-2.png\"><\/a><\/li>\n<li><a href=\"https:\/\/diocesisdebilbao-my.sharepoint.com\/:w:\/g\/personal\/webbizkeliza_bizkeliza_org\/EfZFyywoOutFlX2UiYLxLHQBiFoxD_tTmWSyof6dMipHwg?e=zNNCPm\" target=\"_blank\" rel=\"noopener\" data-mce-href=\"https:\/\/diocesisdebilbao-my.sharepoint.com\/:w:\/g\/personal\/webbizkeliza_bizkeliza_org\/EfZFyywoOutFlX2UiYLxLHQBiFoxD_tTmWSyof6dMipHwg?e=zNNCPm\">Abendualdia 2. domeka&nbsp;<img decoding=\"async\" src=\"https:\/\/bizkeliza.org\/wp-content\/uploads\/2021\/05\/download-icon-verdeoscuro-2.png\" alt=\"\" width=\"22\" height=\"22\" data-mce-src=\"https:\/\/bizkeliza.org\/wp-content\/uploads\/2021\/05\/download-icon-verdeoscuro-2.png\"><\/a><\/li>\n<li><a href=\"https:\/\/diocesisdebilbao-my.sharepoint.com\/:w:\/g\/personal\/webbizkeliza_bizkeliza_org\/EanpogZ-UGFNqSOayv4DpoIB036d7A5oOlD-Y3D-Ip_1dg?e=doFrSM\" target=\"_blank\" rel=\"noopener\" data-mce-href=\"https:\/\/diocesisdebilbao-my.sharepoint.com\/:w:\/g\/personal\/webbizkeliza_bizkeliza_org\/EanpogZ-UGFNqSOayv4DpoIB036d7A5oOlD-Y3D-Ip_1dg?e=doFrSM\">Abendualdia 1. domeka&nbsp;<img decoding=\"async\" src=\"https:\/\/bizkeliza.org\/wp-content\/uploads\/2021\/05\/download-icon-verdeoscuro-2.png\" alt=\"\" width=\"22\" height=\"22\" data-mce-src=\"https:\/\/bizkeliza.org\/wp-content\/uploads\/2021\/05\/download-icon-verdeoscuro-2.png\"><\/a><\/li>\n<\/ul>\n<h4><strong>Adviento 2021 (C)<\/strong><\/h4>\n<ul>\n<li><a href=\"https:\/\/diocesisdebilbao-my.sharepoint.com\/:w:\/g\/personal\/webbizkeliza_bizkeliza_org\/EfkxOhqbwCtDvokSknsQx6EBV621CzWYW_tTH2C7pjYuNw?e=IlP2M5\" target=\"_blank\" rel=\"noopener\" data-mce-href=\"https:\/\/diocesisdebilbao-my.sharepoint.com\/:w:\/g\/personal\/webbizkeliza_bizkeliza_org\/EfkxOhqbwCtDvokSknsQx6EBV621CzWYW_tTH2C7pjYuNw?e=IlP2M5\">Abendualdia 1. domeka&nbsp;&nbsp;<img decoding=\"async\" src=\"https:\/\/bizkeliza.org\/wp-content\/uploads\/2021\/05\/download-icon-verdeoscuro-2.png\" alt=\"\" width=\"22\" height=\"22\" data-mce-src=\"https:\/\/bizkeliza.org\/wp-content\/uploads\/2021\/05\/download-icon-verdeoscuro-2.png\"><\/a><\/li>\n<li><a href=\"https:\/\/diocesisdebilbao-my.sharepoint.com\/:w:\/g\/personal\/webbizkeliza_bizkeliza_org\/EfcTHeaEj4FPqGMYGpu-Uf0BtLX66O2ifbwwM4L3Kw074w?e=ifpEtP\" target=\"_blank\" rel=\"noopener\" data-mce-href=\"https:\/\/diocesisdebilbao-my.sharepoint.com\/:w:\/g\/personal\/webbizkeliza_bizkeliza_org\/EfcTHeaEj4FPqGMYGpu-Uf0BtLX66O2ifbwwM4L3Kw074w?e=ifpEtP\">Abendualdia 2. domeka<\/a><a href=\"https:\/\/diocesisdebilbao-my.sharepoint.com\/:w:\/g\/personal\/webbizkeliza_bizkeliza_org\/EbWwwyfkz05JqQKFIse66FoBERhZ8Mwi-As-3UfPu5tC3g?e=znBmeW\" target=\"_blank\" rel=\"noopener\" data-mce-href=\"https:\/\/diocesisdebilbao-my.sharepoint.com\/:w:\/g\/personal\/webbizkeliza_bizkeliza_org\/EbWwwyfkz05JqQKFIse66FoBERhZ8Mwi-As-3UfPu5tC3g?e=znBmeW\">&nbsp;<img decoding=\"async\" src=\"https:\/\/bizkeliza.org\/wp-content\/uploads\/2021\/05\/download-icon-verdeoscuro-2.png\" alt=\"\" width=\"22\" height=\"22\" data-mce-src=\"https:\/\/bizkeliza.org\/wp-content\/uploads\/2021\/05\/download-icon-verdeoscuro-2.png\"><\/a><\/li>\n<li><a href=\"https:\/\/diocesisdebilbao-my.sharepoint.com\/:w:\/g\/personal\/webbizkeliza_bizkeliza_org\/EYwd-OFMZ_5PsVANnf-Ao4sBkdjOLHF660_RQMZ9q8MRPQ?e=1VfiHP\" target=\"_blank\" rel=\"noopener\" data-mce-href=\"https:\/\/diocesisdebilbao-my.sharepoint.com\/:w:\/g\/personal\/webbizkeliza_bizkeliza_org\/EYwd-OFMZ_5PsVANnf-Ao4sBkdjOLHF660_RQMZ9q8MRPQ?e=1VfiHP\">Sortzez Garbia&nbsp;&nbsp;<img decoding=\"async\" src=\"https:\/\/bizkeliza.org\/wp-content\/uploads\/2021\/05\/download-icon-verdeoscuro-2.png\" alt=\"\" width=\"22\" height=\"22\" data-mce-src=\"https:\/\/bizkeliza.org\/wp-content\/uploads\/2021\/05\/download-icon-verdeoscuro-2.png\"><\/a><\/li>\n<li><a href=\"https:\/\/diocesisdebilbao-my.sharepoint.com\/:w:\/g\/personal\/webbizkeliza_bizkeliza_org\/EQOzy6qhlcVLrmArtrXK7rQBmaSXbP0dgua2WkIsxYwuYg?e=hjCZKP\" target=\"_blank\" rel=\"noopener\" data-mce-href=\"https:\/\/diocesisdebilbao-my.sharepoint.com\/:w:\/g\/personal\/webbizkeliza_bizkeliza_org\/EQOzy6qhlcVLrmArtrXK7rQBmaSXbP0dgua2WkIsxYwuYg?e=hjCZKP\">Abendualdia 3. domeka&nbsp;&nbsp;<img decoding=\"async\" src=\"https:\/\/bizkeliza.org\/wp-content\/uploads\/2021\/05\/download-icon-verdeoscuro-2.png\" alt=\"\" width=\"22\" height=\"22\" data-mce-src=\"https:\/\/bizkeliza.org\/wp-content\/uploads\/2021\/05\/download-icon-verdeoscuro-2.png\"><\/a><\/li>\n<li><a href=\"https:\/\/diocesisdebilbao-my.sharepoint.com\/:w:\/g\/personal\/webbizkeliza_bizkeliza_org\/EThkrr7SJKNOgZBwc846fYYB9AEvSIfUz3iVU-DYv_noDw?e=SrCaEP\" target=\"_blank\" rel=\"noopener\" data-mce-href=\"https:\/\/diocesisdebilbao-my.sharepoint.com\/:w:\/g\/personal\/webbizkeliza_bizkeliza_org\/EThkrr7SJKNOgZBwc846fYYB9AEvSIfUz3iVU-DYv_noDw?e=SrCaEP\">Abendualdia 4. domeka&nbsp;&nbsp;<img decoding=\"async\" src=\"https:\/\/bizkeliza.org\/wp-content\/uploads\/2021\/05\/download-icon-verdeoscuro-2.png\" alt=\"\" width=\"22\" height=\"22\" data-mce-src=\"https:\/\/bizkeliza.org\/wp-content\/uploads\/2021\/05\/download-icon-verdeoscuro-2.png\"><\/a><\/li>\n<\/ul>\n<h4><strong>Abendualdia 2020 (B)<\/strong><\/h4>\n<ul>\n<li><a href=\"https:\/\/diocesisdebilbao-my.sharepoint.com\/:w:\/g\/personal\/webbizkeliza_bizkeliza_org\/EdeHdmomxFdFgbze-II1I7ABVeRov8KSO84vxo0BSRRbfA?e=agxdmU\" target=\"_blank\" rel=\"noopener\" data-mce-href=\"https:\/\/diocesisdebilbao-my.sharepoint.com\/:w:\/g\/personal\/webbizkeliza_bizkeliza_org\/EdeHdmomxFdFgbze-II1I7ABVeRov8KSO84vxo0BSRRbfA?e=agxdmU\">Abendualdia 1. domeka<\/a>&nbsp;&nbsp;<img decoding=\"async\" src=\"https:\/\/bizkeliza.org\/wp-content\/uploads\/2021\/05\/download-icon-verdeoscuro-2.png\" alt=\"\" width=\"22\" height=\"22\" data-mce-src=\"https:\/\/bizkeliza.org\/wp-content\/uploads\/2021\/05\/download-icon-verdeoscuro-2.png\"><\/li>\n<li><a href=\"https:\/\/diocesisdebilbao-my.sharepoint.com\/:w:\/g\/personal\/webbizkeliza_bizkeliza_org\/EVbsIAf-gmhBvGbYp6rQIs4BDa4jbcE0e_CL4OGN5-3pJw?e=IA1z72\" data-mce-href=\"https:\/\/diocesisdebilbao-my.sharepoint.com\/:w:\/g\/personal\/webbizkeliza_bizkeliza_org\/EVbsIAf-gmhBvGbYp6rQIs4BDa4jbcE0e_CL4OGN5-3pJw?e=IA1z72\">Abendualdia 2. domeka&nbsp;&nbsp;<img decoding=\"async\" src=\"https:\/\/bizkeliza.org\/wp-content\/uploads\/2021\/05\/download-icon-verdeoscuro-2.png\" alt=\"\" width=\"22\" height=\"22\" data-mce-src=\"https:\/\/bizkeliza.org\/wp-content\/uploads\/2021\/05\/download-icon-verdeoscuro-2.png\"><\/a><\/li>\n<li><a href=\"https:\/\/diocesisdebilbao-my.sharepoint.com\/:w:\/g\/personal\/webbizkeliza_bizkeliza_org\/EfRivbvL8MtNoBZ4_c1kJJYBgBEiE1wq-Fp29pz5Wr63vQ?e=lvxSuM\" target=\"_blank\" rel=\"noopener\" data-mce-href=\"https:\/\/diocesisdebilbao-my.sharepoint.com\/:w:\/g\/personal\/webbizkeliza_bizkeliza_org\/EfRivbvL8MtNoBZ4_c1kJJYBgBEiE1wq-Fp29pz5Wr63vQ?e=lvxSuM\">Sortzez Garbia&nbsp;&nbsp;<img decoding=\"async\" src=\"https:\/\/bizkeliza.org\/wp-content\/uploads\/2021\/05\/download-icon-verdeoscuro-2.png\" alt=\"\" width=\"22\" height=\"22\" data-mce-src=\"https:\/\/bizkeliza.org\/wp-content\/uploads\/2021\/05\/download-icon-verdeoscuro-2.png\"><\/a><\/li>\n<li><a href=\"https:\/\/diocesisdebilbao-my.sharepoint.com\/:w:\/g\/personal\/webbizkeliza_bizkeliza_org\/EcgSAISLZohDq2uieJjKxbIB-oHt3Iktk9hMOGv2ASiv4Q?e=8y3F5h\" target=\"_blank\" rel=\"noopener\" data-mce-href=\"https:\/\/diocesisdebilbao-my.sharepoint.com\/:w:\/g\/personal\/webbizkeliza_bizkeliza_org\/EcgSAISLZohDq2uieJjKxbIB-oHt3Iktk9hMOGv2ASiv4Q?e=8y3F5h\">Abendualdia 3. domeka&nbsp;&nbsp;<img decoding=\"async\" src=\"https:\/\/bizkeliza.org\/wp-content\/uploads\/2021\/05\/download-icon-verdeoscuro-2.png\" alt=\"\" width=\"22\" height=\"22\" data-mce-src=\"https:\/\/bizkeliza.org\/wp-content\/uploads\/2021\/05\/download-icon-verdeoscuro-2.png\"><\/a><\/li>\n<li><a href=\"https:\/\/diocesisdebilbao-my.sharepoint.com\/:w:\/g\/personal\/webbizkeliza_bizkeliza_org\/EQPyTEFllDxNhx_d3wpiWmIBTlhAmMbejX87V7k3WD7D0w?e=fWYcWC\" target=\"_blank\" rel=\"noopener\" data-mce-href=\"https:\/\/diocesisdebilbao-my.sharepoint.com\/:w:\/g\/personal\/webbizkeliza_bizkeliza_org\/EQPyTEFllDxNhx_d3wpiWmIBTlhAmMbejX87V7k3WD7D0w?e=fWYcWC\">Abendualdia 4. domeka&nbsp;&nbsp;<img decoding=\"async\" src=\"https:\/\/bizkeliza.org\/wp-content\/uploads\/2021\/05\/download-icon-verdeoscuro-2.png\" alt=\"\" width=\"22\" height=\"22\" data-mce-src=\"https:\/\/bizkeliza.org\/wp-content\/uploads\/2021\/05\/download-icon-verdeoscuro-2.png\"><\/a><\/li>\n<\/ul>\n<ul>\n<li style=\"list-style-type: none;\" data-mce-style=\"list-style-type: none;\"><\/li>\n<\/ul>\n<p>[\/et_pb_text][\/et_pb_column_inner][\/et_pb_row_inner][et_pb_row_inner admin_label=&#8221;Separador&#8221; _builder_version=&#8221;4.16&#8243; _module_preset=&#8221;default&#8221; global_colors_info=&#8221;{}&#8221;][et_pb_column_inner saved_specialty_column_type=&#8221;2_3&#8243; _builder_version=&#8221;4.16&#8243; _module_preset=&#8221;default&#8221; global_colors_info=&#8221;{}&#8221;][et_pb_divider color=&#8221;#000000&#8243; divider_position=&#8221;center&#8221; _builder_version=&#8221;4.16&#8243; _module_preset=&#8221;default&#8221; global_colors_info=&#8221;{}&#8221;][\/et_pb_divider][\/et_pb_column_inner][\/et_pb_row_inner][et_pb_row_inner admin_label=&#8221;Navidad&#8221; _builder_version=&#8221;4.16&#8243; _module_preset=&#8221;default&#8221; custom_padding=&#8221;1px|||||&#8221; global_colors_info=&#8221;{}&#8221;][et_pb_column_inner saved_specialty_column_type=&#8221;2_3&#8243; _builder_version=&#8221;4.16&#8243; _module_preset=&#8221;default&#8221; global_colors_info=&#8221;{}&#8221;][et_pb_text module_id=&#8221;Adap-Navidad&#8221; _builder_version=&#8221;4.16&#8243; _module_preset=&#8221;default&#8221; text_text_color=&#8221;#ffffff&#8221; header_text_color=&#8221;#ffffff&#8221; header_font_size=&#8221;44px&#8221; header_line_height=&#8221;1.2em&#8221; header_4_font=&#8221;|700|||||||&#8221; background_color=&#8221;#006b54&#8243; custom_margin=&#8221;0px||||false|false&#8221; custom_padding=&#8221;10px|||30px|false|false&#8221; header_3_font_size_tablet=&#8221;&#8221; header_3_font_size_phone=&#8221;22px&#8221; header_3_font_size_last_edited=&#8221;on|phone&#8221; header_4_font_size_tablet=&#8221;&#8221; header_4_font_size_phone=&#8221;18px&#8221; header_4_font_size_last_edited=&#8221;on|desktop&#8221; border_radii=&#8221;on|186px|186px|186px|186px&#8221; global_colors_info=&#8221;{}&#8221;]<\/p>\n<h3><span style=\"color: #ffffff;\" data-mce-style=\"color: #ffffff;\">Gabon Jaiak<\/span><\/h3>\n<p>[\/et_pb_text][et_pb_text _builder_version=&#8221;4.27.5&#8243; _module_preset=&#8221;default&#8221; header_font_size=&#8221;44px&#8221; header_line_height=&#8221;1.2em&#8221; header_4_font=&#8221;|700|||||||&#8221; header_3_font_size_tablet=&#8221;&#8221; header_3_font_size_phone=&#8221;22px&#8221; header_3_font_size_last_edited=&#8221;on|phone&#8221; header_4_font_size_tablet=&#8221;&#8221; header_4_font_size_phone=&#8221;18px&#8221; header_4_font_size_last_edited=&#8221;on|desktop&#8221; global_colors_info=&#8221;{}&#8221;]<\/p>\n<h4><span style=\"color: #000000;\" data-mce-style=\"color: #000000;\">Gabonak 2025-26 (A)<\/span><\/h4>\n<ul>\n<li><a href=\"https:\/\/diocesisdebilbao-my.sharepoint.com\/:w:\/g\/personal\/webbizkeliza_bizkeliza_org\/IQBiKwGi1UkXRq18cXXNaHetAW0Yl0PD_qrD4bXMykSBzcQ?e=R3pXd0\" target=\"_blank\" rel=\"noopener\" data-mce-href=\"https:\/\/diocesisdebilbao-my.sharepoint.com\/:w:\/g\/personal\/webbizkeliza_bizkeliza_org\/IQBiKwGi1UkXRq18cXXNaHetAW0Yl0PD_qrD4bXMykSBzcQ?e=R3pXd0\">Jaunaren Jaiotza&nbsp; &nbsp;<img decoding=\"async\" class=\"wp-image-5531 alignnone size-full\" src=\"https:\/\/bizkeliza.org\/wp-content\/uploads\/2021\/05\/download-icon-verdeoscuro-2.png\" alt=\"\" width=\"22\" height=\"22\" data-mce-src=\"https:\/\/bizkeliza.org\/wp-content\/uploads\/2021\/05\/download-icon-verdeoscuro-2.png\"><\/a><\/li>\n<li><a href=\"https:\/\/diocesisdebilbao-my.sharepoint.com\/:w:\/g\/personal\/webbizkeliza_bizkeliza_org\/IQC3wJIBvJhkTLUAvrKDeyU9AXiVeYQL0FA-maXwe8jNzz8?e=3xdDv3\" target=\"_blank\" rel=\"noopener\" data-mce-href=\"https:\/\/diocesisdebilbao-my.sharepoint.com\/:w:\/g\/personal\/webbizkeliza_bizkeliza_org\/IQC3wJIBvJhkTLUAvrKDeyU9AXiVeYQL0FA-maXwe8jNzz8?e=3xdDv3\">Familia Santua <img decoding=\"async\" class=\"wp-image-5531 alignnone size-full\" src=\"https:\/\/bizkeliza.org\/wp-content\/uploads\/2021\/05\/download-icon-verdeoscuro-2.png\" alt=\"\" width=\"22\" height=\"22\" data-mce-src=\"https:\/\/bizkeliza.org\/wp-content\/uploads\/2021\/05\/download-icon-verdeoscuro-2.png\"><\/a><\/li>\n<li><a href=\"https:\/\/diocesisdebilbao-my.sharepoint.com\/:w:\/g\/personal\/webbizkeliza_bizkeliza_org\/IQDV5XEHhLfcRqKuLGpGrIsuAdgLje6WlLsDxeysAgpGwHw?e=uXFOSv\" target=\"_blank\" rel=\"noopener\" data-mce-href=\"https:\/\/diocesisdebilbao-my.sharepoint.com\/:w:\/g\/personal\/webbizkeliza_bizkeliza_org\/IQDV5XEHhLfcRqKuLGpGrIsuAdgLje6WlLsDxeysAgpGwHw?e=uXFOSv\">Jainkoarean Ama Maria <img decoding=\"async\" class=\"wp-image-5531 alignnone size-full\" src=\"https:\/\/bizkeliza.org\/wp-content\/uploads\/2021\/05\/download-icon-verdeoscuro-2.png\" alt=\"\" width=\"22\" height=\"22\" data-mce-src=\"https:\/\/bizkeliza.org\/wp-content\/uploads\/2021\/05\/download-icon-verdeoscuro-2.png\"><\/a><\/li>\n<li><a href=\"https:\/\/diocesisdebilbao-my.sharepoint.com\/:w:\/g\/personal\/webbizkeliza_bizkeliza_org\/IQBrlLlIbSCARqrcC71IRlBJAV4E-tdyyt5JiToENMK3o4Y?e=hc78fv\" target=\"_blank\" rel=\"noopener\" data-mce-href=\"https:\/\/diocesisdebilbao-my.sharepoint.com\/:w:\/g\/personal\/webbizkeliza_bizkeliza_org\/IQBrlLlIbSCARqrcC71IRlBJAV4E-tdyyt5JiToENMK3o4Y?e=hc78fv\">Gabon osteko 2. domeka&nbsp; &nbsp;<img decoding=\"async\" class=\"wp-image-5531 alignnone size-full\" src=\"https:\/\/bizkeliza.org\/wp-content\/uploads\/2021\/05\/download-icon-verdeoscuro-2.png\" alt=\"\" width=\"22\" height=\"22\" data-mce-src=\"https:\/\/bizkeliza.org\/wp-content\/uploads\/2021\/05\/download-icon-verdeoscuro-2.png\"><\/a><\/li>\n<li><a href=\"https:\/\/diocesisdebilbao-my.sharepoint.com\/:w:\/g\/personal\/webbizkeliza_bizkeliza_org\/IQAK_2OgXd4HS5ADQDxMuw2fAQDNm60IuRc6yyJES5mXnoc?e=onkqpy\" target=\"_blank\" rel=\"noopener\" data-mce-href=\"https:\/\/diocesisdebilbao-my.sharepoint.com\/:w:\/g\/personal\/webbizkeliza_bizkeliza_org\/IQAK_2OgXd4HS5ADQDxMuw2fAQDNm60IuRc6yyJES5mXnoc?e=onkqpy\">Agerkundea&nbsp; <img decoding=\"async\" class=\"wp-image-5531 alignnone size-full\" src=\"https:\/\/bizkeliza.org\/wp-content\/uploads\/2021\/05\/download-icon-verdeoscuro-2.png\" alt=\"\" width=\"22\" height=\"22\" data-mce-src=\"https:\/\/bizkeliza.org\/wp-content\/uploads\/2021\/05\/download-icon-verdeoscuro-2.png\"><\/a><\/li>\n<li><a href=\"https:\/\/diocesisdebilbao-my.sharepoint.com\/:w:\/g\/personal\/webbizkeliza_bizkeliza_org\/IQANw5hQxsBURremXEZ2wrk2AUFnt14F0Dx9OuCugb1m7pA?e=EhUXoD\" target=\"_blank\" rel=\"noopener\" data-mce-href=\"https:\/\/diocesisdebilbao-my.sharepoint.com\/:w:\/g\/personal\/webbizkeliza_bizkeliza_org\/IQANw5hQxsBURremXEZ2wrk2AUFnt14F0Dx9OuCugb1m7pA?e=EhUXoD\">Jaunaren Bateoa <img decoding=\"async\" class=\"wp-image-5531 alignnone size-full\" src=\"https:\/\/bizkeliza.org\/wp-content\/uploads\/2021\/05\/download-icon-verdeoscuro-2.png\" alt=\"\" width=\"22\" height=\"22\" data-mce-src=\"https:\/\/bizkeliza.org\/wp-content\/uploads\/2021\/05\/download-icon-verdeoscuro-2.png\"><\/a><\/li>\n<\/ul>\n<h4><span style=\"color: #000000;\" data-mce-style=\"color: #000000;\">Gabonak 2024-25 (C)<\/span><\/h4>\n<ul>\n<li><a href=\"https:\/\/diocesisdebilbao-my.sharepoint.com\/:w:\/g\/personal\/webbizkeliza_bizkeliza_org\/EXB_gtvtybRLnlQ3WSKv46sBim-42mM0PixSgITX9gTnyA?e=BZEQW2\" target=\"_blank\" rel=\"noopener\" data-mce-href=\"https:\/\/diocesisdebilbao-my.sharepoint.com\/:w:\/g\/personal\/webbizkeliza_bizkeliza_org\/EXB_gtvtybRLnlQ3WSKv46sBim-42mM0PixSgITX9gTnyA?e=BZEQW2\">Jaunaren Jaiotza&nbsp; &nbsp;<img decoding=\"async\" class=\"wp-image-5531 alignnone size-full\" src=\"https:\/\/bizkeliza.org\/wp-content\/uploads\/2021\/05\/download-icon-verdeoscuro-2.png\" alt=\"\" width=\"22\" height=\"22\" data-mce-src=\"https:\/\/bizkeliza.org\/wp-content\/uploads\/2021\/05\/download-icon-verdeoscuro-2.png\"><\/a><\/li>\n<li><a href=\"https:\/\/diocesisdebilbao-my.sharepoint.com\/:w:\/g\/personal\/webbizkeliza_bizkeliza_org\/ESrAAUv9aihDsJqv8VNzZ2cBWWWrOmCNb1PQf0x1H959kA?e=eI4ad2\" target=\"_blank\" rel=\"noopener\" data-mce-href=\"https:\/\/diocesisdebilbao-my.sharepoint.com\/:w:\/g\/personal\/webbizkeliza_bizkeliza_org\/ESrAAUv9aihDsJqv8VNzZ2cBWWWrOmCNb1PQf0x1H959kA?e=eI4ad2\">Familia Santua <img decoding=\"async\" class=\"wp-image-5531 alignnone size-full\" src=\"https:\/\/bizkeliza.org\/wp-content\/uploads\/2021\/05\/download-icon-verdeoscuro-2.png\" alt=\"\" width=\"22\" height=\"22\" data-mce-src=\"https:\/\/bizkeliza.org\/wp-content\/uploads\/2021\/05\/download-icon-verdeoscuro-2.png\"><\/a><\/li>\n<li><a href=\"https:\/\/diocesisdebilbao-my.sharepoint.com\/:w:\/g\/personal\/webbizkeliza_bizkeliza_org\/EWH_wnHMgSJDlVETeAubqlEBD7ctRonTH7mqDRMP2M8RSg?e=y4YhBc\" target=\"_blank\" rel=\"noopener\" data-mce-href=\"https:\/\/diocesisdebilbao-my.sharepoint.com\/:w:\/g\/personal\/webbizkeliza_bizkeliza_org\/EWH_wnHMgSJDlVETeAubqlEBD7ctRonTH7mqDRMP2M8RSg?e=y4YhBc\">Jainkoarean Ama Maria <img decoding=\"async\" class=\"wp-image-5531 alignnone size-full\" src=\"https:\/\/bizkeliza.org\/wp-content\/uploads\/2021\/05\/download-icon-verdeoscuro-2.png\" alt=\"\" width=\"22\" height=\"22\" data-mce-src=\"https:\/\/bizkeliza.org\/wp-content\/uploads\/2021\/05\/download-icon-verdeoscuro-2.png\"><\/a><\/li>\n<li><a href=\"https:\/\/diocesisdebilbao-my.sharepoint.com\/:w:\/g\/personal\/webbizkeliza_bizkeliza_org\/EcG_J0btLIZKvp2_UlnJIS0B4h7fRf0Ebgko9yMDtX6bmA?e=oSzDbn\" target=\"_blank\" rel=\"noopener\" data-mce-href=\"https:\/\/diocesisdebilbao-my.sharepoint.com\/:w:\/g\/personal\/webbizkeliza_bizkeliza_org\/EcG_J0btLIZKvp2_UlnJIS0B4h7fRf0Ebgko9yMDtX6bmA?e=oSzDbn\">Gabon osteko 2. domeka&nbsp; &nbsp;<img decoding=\"async\" class=\"wp-image-5531 alignnone size-full\" src=\"https:\/\/bizkeliza.org\/wp-content\/uploads\/2021\/05\/download-icon-verdeoscuro-2.png\" alt=\"\" width=\"22\" height=\"22\" data-mce-src=\"https:\/\/bizkeliza.org\/wp-content\/uploads\/2021\/05\/download-icon-verdeoscuro-2.png\"><\/a><\/li>\n<li><a href=\"https:\/\/diocesisdebilbao-my.sharepoint.com\/:w:\/g\/personal\/webbizkeliza_bizkeliza_org\/EQZdslRtrBlMsZHXH0gnMeIBt46MnKCfIkRCWE8iN0I7Gg?e=4EmLgg\" target=\"_blank\" rel=\"noopener\" data-mce-href=\"https:\/\/diocesisdebilbao-my.sharepoint.com\/:w:\/g\/personal\/webbizkeliza_bizkeliza_org\/EQZdslRtrBlMsZHXH0gnMeIBt46MnKCfIkRCWE8iN0I7Gg?e=4EmLgg\">Agerkundea&nbsp; <img decoding=\"async\" class=\"wp-image-5531 alignnone size-full\" src=\"https:\/\/bizkeliza.org\/wp-content\/uploads\/2021\/05\/download-icon-verdeoscuro-2.png\" alt=\"\" width=\"22\" height=\"22\" data-mce-src=\"https:\/\/bizkeliza.org\/wp-content\/uploads\/2021\/05\/download-icon-verdeoscuro-2.png\"><\/a><\/li>\n<li><a href=\"https:\/\/diocesisdebilbao-my.sharepoint.com\/:w:\/g\/personal\/webbizkeliza_bizkeliza_org\/EU6wfhgcLYZNszjNWijhpM4Bv-_b6uksIjMOqVxlo8fMWA?e=7qwqo1\" target=\"_blank\" rel=\"noopener\" data-mce-href=\"https:\/\/diocesisdebilbao-my.sharepoint.com\/:w:\/g\/personal\/webbizkeliza_bizkeliza_org\/EU6wfhgcLYZNszjNWijhpM4Bv-_b6uksIjMOqVxlo8fMWA?e=7qwqo1\">Jaunaren Bateoa <img decoding=\"async\" class=\"wp-image-5531 alignnone size-full\" src=\"https:\/\/bizkeliza.org\/wp-content\/uploads\/2021\/05\/download-icon-verdeoscuro-2.png\" alt=\"\" width=\"22\" height=\"22\" data-mce-src=\"https:\/\/bizkeliza.org\/wp-content\/uploads\/2021\/05\/download-icon-verdeoscuro-2.png\"><\/a><\/li>\n<\/ul>\n<h4><span style=\"color: #000000;\" data-mce-style=\"color: #000000;\">Gabonak 2023-24 (B)<\/span><\/h4>\n<ul>\n<li><a href=\"https:\/\/diocesisdebilbao-my.sharepoint.com\/:w:\/g\/personal\/webbizkeliza_bizkeliza_org\/EUuT51GzO9JJl5lcXOystUUBzP5wtRCprzhPFyR8sx6VWA?e=jpEn17\" target=\"_blank\" rel=\"noopener\" data-mce-href=\"https:\/\/diocesisdebilbao-my.sharepoint.com\/:w:\/g\/personal\/webbizkeliza_bizkeliza_org\/EUuT51GzO9JJl5lcXOystUUBzP5wtRCprzhPFyR8sx6VWA?e=jpEn17\">Jaunaren Jaiotza&nbsp; &nbsp;<img decoding=\"async\" class=\"wp-image-5531 alignnone size-full\" src=\"https:\/\/bizkeliza.org\/wp-content\/uploads\/2021\/05\/download-icon-verdeoscuro-2.png\" alt=\"\" width=\"22\" height=\"22\" data-mce-src=\"https:\/\/bizkeliza.org\/wp-content\/uploads\/2021\/05\/download-icon-verdeoscuro-2.png\"><\/a><\/li>\n<li><a href=\"https:\/\/diocesisdebilbao-my.sharepoint.com\/:w:\/g\/personal\/webbizkeliza_bizkeliza_org\/EdUnILfQE_VFqHPXE3zO-ToBuRl2nYJDiJ6g3Em8QNh1Bw?e=H0oJja\" target=\"_blank\" rel=\"noopener\" data-mce-href=\"https:\/\/diocesisdebilbao-my.sharepoint.com\/:w:\/g\/personal\/webbizkeliza_bizkeliza_org\/EdUnILfQE_VFqHPXE3zO-ToBuRl2nYJDiJ6g3Em8QNh1Bw?e=H0oJja\">Familia Santua <img decoding=\"async\" class=\"wp-image-5531 alignnone size-full\" src=\"https:\/\/bizkeliza.org\/wp-content\/uploads\/2021\/05\/download-icon-verdeoscuro-2.png\" alt=\"\" width=\"22\" height=\"22\" data-mce-src=\"https:\/\/bizkeliza.org\/wp-content\/uploads\/2021\/05\/download-icon-verdeoscuro-2.png\"><\/a><\/li>\n<li><a href=\"https:\/\/diocesisdebilbao-my.sharepoint.com\/:w:\/g\/personal\/webbizkeliza_bizkeliza_org\/EYdPH0RAONlLr8m6wUO01pkBP7MBmZFMDtGE9M9bNq0joA?e=S7etFG\" target=\"_blank\" rel=\"noopener\" data-mce-href=\"https:\/\/diocesisdebilbao-my.sharepoint.com\/:w:\/g\/personal\/webbizkeliza_bizkeliza_org\/EYdPH0RAONlLr8m6wUO01pkBP7MBmZFMDtGE9M9bNq0joA?e=S7etFG\">Jainkoarean Ama Maria <img decoding=\"async\" class=\"wp-image-5531 alignnone size-full\" src=\"https:\/\/bizkeliza.org\/wp-content\/uploads\/2021\/05\/download-icon-verdeoscuro-2.png\" alt=\"\" width=\"22\" height=\"22\" data-mce-src=\"https:\/\/bizkeliza.org\/wp-content\/uploads\/2021\/05\/download-icon-verdeoscuro-2.png\"><\/a><\/li>\n<li><a href=\"https:\/\/diocesisdebilbao-my.sharepoint.com\/:w:\/g\/personal\/webbizkeliza_bizkeliza_org\/EZnboeD6fMVFuaesmsUb7D4BGnyWR_dt6C-AqbThpmfZrQ?e=nLQGNS\" target=\"_blank\" rel=\"noopener\" data-mce-href=\"https:\/\/diocesisdebilbao-my.sharepoint.com\/:w:\/g\/personal\/webbizkeliza_bizkeliza_org\/EZnboeD6fMVFuaesmsUb7D4BGnyWR_dt6C-AqbThpmfZrQ?e=nLQGNS\">Agerkundea&nbsp;<img decoding=\"async\" class=\"wp-image-5531 alignnone size-full\" src=\"https:\/\/bizkeliza.org\/wp-content\/uploads\/2021\/05\/download-icon-verdeoscuro-2.png\" alt=\"\" width=\"22\" height=\"22\" data-mce-src=\"https:\/\/bizkeliza.org\/wp-content\/uploads\/2021\/05\/download-icon-verdeoscuro-2.png\"><\/a><\/li>\n<li><a href=\"https:\/\/diocesisdebilbao-my.sharepoint.com\/:w:\/g\/personal\/webbizkeliza_bizkeliza_org\/EQsOm1NiTM1GnLjjX_8-4DUBtaOq_4Uq2R819b2yN_sFaQ?e=nK9HKZ\" target=\"_blank\" rel=\"noopener\" data-mce-href=\"https:\/\/diocesisdebilbao-my.sharepoint.com\/:w:\/g\/personal\/webbizkeliza_bizkeliza_org\/EQsOm1NiTM1GnLjjX_8-4DUBtaOq_4Uq2R819b2yN_sFaQ?e=nK9HKZ\">Jaunaren Bateoa <img decoding=\"async\" class=\"wp-image-5531 alignnone size-full\" src=\"https:\/\/bizkeliza.org\/wp-content\/uploads\/2021\/05\/download-icon-verdeoscuro-2.png\" alt=\"\" width=\"22\" height=\"22\" data-mce-src=\"https:\/\/bizkeliza.org\/wp-content\/uploads\/2021\/05\/download-icon-verdeoscuro-2.png\"><\/a><\/li>\n<\/ul>\n<h4><span style=\"color: #000000;\" data-mce-style=\"color: #000000;\">Gabonak 2022-23 (A)<\/span><\/h4>\n<ul>\n<li><a href=\"https:\/\/diocesisdebilbao-my.sharepoint.com\/:w:\/g\/personal\/webbizkeliza_bizkeliza_org\/EXmP6So8Zr9CofuabMlNIRoBjvRknKRJ0Zh9_TukVaX9Ug?e=LAUtip\" target=\"_blank\" rel=\"noopener\" data-mce-href=\"https:\/\/diocesisdebilbao-my.sharepoint.com\/:w:\/g\/personal\/webbizkeliza_bizkeliza_org\/EXmP6So8Zr9CofuabMlNIRoBjvRknKRJ0Zh9_TukVaX9Ug?e=LAUtip\">Jaunaren Jaiotza&nbsp; &nbsp;<img decoding=\"async\" class=\"wp-image-5531 alignnone size-full\" src=\"https:\/\/bizkeliza.org\/wp-content\/uploads\/2021\/05\/download-icon-verdeoscuro-2.png\" alt=\"\" width=\"22\" height=\"22\" data-mce-src=\"https:\/\/bizkeliza.org\/wp-content\/uploads\/2021\/05\/download-icon-verdeoscuro-2.png\"><\/a><\/li>\n<li><a href=\"https:\/\/diocesisdebilbao-my.sharepoint.com\/:w:\/g\/personal\/webbizkeliza_bizkeliza_org\/EUV9YnULG-FPqhqUQxeUbG4BInzBRUZSQxdGAd9oRSAoZQ?e=y2JhD9\" target=\"_blank\" rel=\"noopener\" data-mce-href=\"https:\/\/diocesisdebilbao-my.sharepoint.com\/:w:\/g\/personal\/webbizkeliza_bizkeliza_org\/EUV9YnULG-FPqhqUQxeUbG4BInzBRUZSQxdGAd9oRSAoZQ?e=y2JhD9\">Jainkoaren Ama Maria&nbsp; &nbsp;<img decoding=\"async\" class=\"wp-image-5531 alignnone size-full\" src=\"https:\/\/bizkeliza.org\/wp-content\/uploads\/2021\/05\/download-icon-verdeoscuro-2.png\" alt=\"\" width=\"22\" height=\"22\" data-mce-src=\"https:\/\/bizkeliza.org\/wp-content\/uploads\/2021\/05\/download-icon-verdeoscuro-2.png\"><\/a><\/li>\n<li><a href=\"https:\/\/diocesisdebilbao-my.sharepoint.com\/:w:\/g\/personal\/webbizkeliza_bizkeliza_org\/EcLBfbPPRFJDp-ByDl1UxvMBpqorOG7YcPSaK90qmSIXiQ?e=ht1Chv\" target=\"_blank\" rel=\"noopener\" data-mce-href=\"https:\/\/diocesisdebilbao-my.sharepoint.com\/:w:\/g\/personal\/webbizkeliza_bizkeliza_org\/EcLBfbPPRFJDp-ByDl1UxvMBpqorOG7YcPSaK90qmSIXiQ?e=ht1Chv\">Agerkundea&nbsp; &nbsp;<img decoding=\"async\" class=\"wp-image-5531 alignnone size-full\" src=\"https:\/\/bizkeliza.org\/wp-content\/uploads\/2021\/05\/download-icon-verdeoscuro-2.png\" alt=\"\" width=\"22\" height=\"22\" data-mce-src=\"https:\/\/bizkeliza.org\/wp-content\/uploads\/2021\/05\/download-icon-verdeoscuro-2.png\"><\/a><\/li>\n<li><a href=\"https:\/\/diocesisdebilbao-my.sharepoint.com\/:w:\/g\/personal\/webbizkeliza_bizkeliza_org\/EXJOTmUl5aZAlGTwQgBVel8BbhCGR5DziBwnpQ6X9dssIw?e=YBw7an\" target=\"_blank\" rel=\"noopener\" data-mce-href=\"https:\/\/diocesisdebilbao-my.sharepoint.com\/:w:\/g\/personal\/webbizkeliza_bizkeliza_org\/EXJOTmUl5aZAlGTwQgBVel8BbhCGR5DziBwnpQ6X9dssIw?e=YBw7an\">Jaunaren Bateoa&nbsp; &nbsp;<img decoding=\"async\" class=\"wp-image-5531 alignnone size-full\" src=\"https:\/\/bizkeliza.org\/wp-content\/uploads\/2021\/05\/download-icon-verdeoscuro-2.png\" alt=\"\" width=\"22\" height=\"22\" data-mce-src=\"https:\/\/bizkeliza.org\/wp-content\/uploads\/2021\/05\/download-icon-verdeoscuro-2.png\"><\/a><\/li>\n<\/ul>\n<h4><span style=\"color: #000000;\" data-mce-style=\"color: #000000;\">Gabonak 2020-21 (B)<\/span><\/h4>\n<ul>\n<li><a href=\"https:\/\/diocesisdebilbao-my.sharepoint.com\/:w:\/g\/personal\/webbizkeliza_bizkeliza_org\/EdMa9dHaWFlFjDi9VQWIxS0BK7vd7_HkgCI0Eg9lW8L5eA?e=YXzxo4\" target=\"_blank\" rel=\"noopener\" data-mce-href=\"https:\/\/diocesisdebilbao-my.sharepoint.com\/:w:\/g\/personal\/webbizkeliza_bizkeliza_org\/EdMa9dHaWFlFjDi9VQWIxS0BK7vd7_HkgCI0Eg9lW8L5eA?e=YXzxo4\">Jaunaren Jaiotza&nbsp; &nbsp;<img decoding=\"async\" class=\"wp-image-5531 alignnone size-full\" src=\"https:\/\/bizkeliza.org\/wp-content\/uploads\/2021\/05\/download-icon-verdeoscuro-2.png\" alt=\"\" width=\"22\" height=\"22\" data-mce-src=\"https:\/\/bizkeliza.org\/wp-content\/uploads\/2021\/05\/download-icon-verdeoscuro-2.png\"><\/a><\/li>\n<li><a href=\"https:\/\/diocesisdebilbao-my.sharepoint.com\/:w:\/g\/personal\/webbizkeliza_bizkeliza_org\/ESvHOtD-8xRFnVNlGQ-Sww4ByROQzkD8zBl_bIyFGUF1MA?e=iwXlXF\" target=\"_blank\" rel=\"noopener\" data-mce-href=\"https:\/\/diocesisdebilbao-my.sharepoint.com\/:w:\/g\/personal\/webbizkeliza_bizkeliza_org\/ESvHOtD-8xRFnVNlGQ-Sww4ByROQzkD8zBl_bIyFGUF1MA?e=iwXlXF\">Familia Santua &nbsp;<img decoding=\"async\" class=\"wp-image-5531 alignnone size-full\" src=\"https:\/\/bizkeliza.org\/wp-content\/uploads\/2021\/05\/download-icon-verdeoscuro-2.png\" alt=\"\" width=\"22\" height=\"22\" data-mce-src=\"https:\/\/bizkeliza.org\/wp-content\/uploads\/2021\/05\/download-icon-verdeoscuro-2.png\"><\/a><\/li>\n<li><a href=\"https:\/\/diocesisdebilbao-my.sharepoint.com\/:w:\/g\/personal\/webbizkeliza_bizkeliza_org\/EZPxIHMDFcxGqCRpIacwvEMBp1XWXBVqrdSNkXnU_7DxDA?e=FR9MvF\" target=\"_blank\" rel=\"noopener\" data-mce-href=\"https:\/\/diocesisdebilbao-my.sharepoint.com\/:w:\/g\/personal\/webbizkeliza_bizkeliza_org\/EZPxIHMDFcxGqCRpIacwvEMBp1XWXBVqrdSNkXnU_7DxDA?e=FR9MvF\">Jainkoaren Ama Maria&nbsp; &nbsp;<img decoding=\"async\" class=\"wp-image-5531 alignnone size-full\" src=\"https:\/\/bizkeliza.org\/wp-content\/uploads\/2021\/05\/download-icon-verdeoscuro-2.png\" alt=\"\" width=\"22\" height=\"22\" data-mce-src=\"https:\/\/bizkeliza.org\/wp-content\/uploads\/2021\/05\/download-icon-verdeoscuro-2.png\"><\/a><\/li>\n<li><a href=\"https:\/\/diocesisdebilbao-my.sharepoint.com\/:w:\/g\/personal\/webbizkeliza_bizkeliza_org\/EbqTIBzzNuhPm7vbZBCFufgBI3OyIq9MeJnhysJZ_Icrzw?e=IsNgkp\" target=\"_blank\" rel=\"noopener\" data-mce-href=\"https:\/\/diocesisdebilbao-my.sharepoint.com\/:w:\/g\/personal\/webbizkeliza_bizkeliza_org\/EbqTIBzzNuhPm7vbZBCFufgBI3OyIq9MeJnhysJZ_Icrzw?e=IsNgkp\">Gabon osteko 2. domeka&nbsp; &nbsp;<img decoding=\"async\" class=\"wp-image-5531 alignnone size-full\" src=\"https:\/\/bizkeliza.org\/wp-content\/uploads\/2021\/05\/download-icon-verdeoscuro-2.png\" alt=\"\" width=\"22\" height=\"22\" data-mce-src=\"https:\/\/bizkeliza.org\/wp-content\/uploads\/2021\/05\/download-icon-verdeoscuro-2.png\"><\/a><\/li>\n<li><a href=\"https:\/\/diocesisdebilbao-my.sharepoint.com\/:w:\/g\/personal\/webbizkeliza_bizkeliza_org\/Ebv2G1xXnKtDno__qwf7LewBBXkP2ZqMFppAjs6VwZkXvA?e=SCu0RW\" target=\"_blank\" rel=\"noopener\" data-mce-href=\"https:\/\/diocesisdebilbao-my.sharepoint.com\/:w:\/g\/personal\/webbizkeliza_bizkeliza_org\/Ebv2G1xXnKtDno__qwf7LewBBXkP2ZqMFppAjs6VwZkXvA?e=SCu0RW\">Agerkundea&nbsp; &nbsp;<img decoding=\"async\" class=\"wp-image-5531 alignnone size-full\" src=\"https:\/\/bizkeliza.org\/wp-content\/uploads\/2021\/05\/download-icon-verdeoscuro-2.png\" alt=\"\" width=\"22\" height=\"22\" data-mce-src=\"https:\/\/bizkeliza.org\/wp-content\/uploads\/2021\/05\/download-icon-verdeoscuro-2.png\"><\/a><\/li>\n<li><a href=\"https:\/\/diocesisdebilbao-my.sharepoint.com\/:w:\/g\/personal\/webbizkeliza_bizkeliza_org\/EShzkZcuGl1MkbX2dtwZBosBbfIDyz8XEqcIBo5IwrECIw?e=CV8DAN\" target=\"_blank\" rel=\"noopener\" data-mce-href=\"https:\/\/diocesisdebilbao-my.sharepoint.com\/:w:\/g\/personal\/webbizkeliza_bizkeliza_org\/EShzkZcuGl1MkbX2dtwZBosBbfIDyz8XEqcIBo5IwrECIw?e=CV8DAN\">Jaunaren Bateoa&nbsp; &nbsp;<img decoding=\"async\" class=\"wp-image-5531 alignnone size-full\" src=\"https:\/\/bizkeliza.org\/wp-content\/uploads\/2021\/05\/download-icon-verdeoscuro-2.png\" alt=\"\" width=\"22\" height=\"22\" data-mce-src=\"https:\/\/bizkeliza.org\/wp-content\/uploads\/2021\/05\/download-icon-verdeoscuro-2.png\"><\/a><\/li>\n<\/ul>\n<h4><span style=\"color: #000000;\" data-mce-style=\"color: #000000;\">Gabonak 2019-20 (A)<\/span><\/h4>\n<ul>\n<li><a href=\"https:\/\/diocesisdebilbao-my.sharepoint.com\/:w:\/g\/personal\/webbizkeliza_bizkeliza_org\/EYfeKC1td5NFrPcoc51kOlcBDx6dj1BAP9XSOSlFusL4PQ?e=iWLk5m\" target=\"_blank\" rel=\"noopener\" data-mce-href=\"https:\/\/diocesisdebilbao-my.sharepoint.com\/:w:\/g\/personal\/webbizkeliza_bizkeliza_org\/EYfeKC1td5NFrPcoc51kOlcBDx6dj1BAP9XSOSlFusL4PQ?e=iWLk5m\">Jaunaren Jaiotza&nbsp; &nbsp;<img decoding=\"async\" class=\"wp-image-5531 alignnone size-full\" src=\"https:\/\/bizkeliza.org\/wp-content\/uploads\/2021\/05\/download-icon-verdeoscuro-2.png\" alt=\"\" width=\"22\" height=\"22\" data-mce-src=\"https:\/\/bizkeliza.org\/wp-content\/uploads\/2021\/05\/download-icon-verdeoscuro-2.png\"><\/a><\/li>\n<li><a href=\"https:\/\/diocesisdebilbao-my.sharepoint.com\/:w:\/g\/personal\/webbizkeliza_bizkeliza_org\/EQq2uPbJwQFEqxdrmtQTOwoBAwlWNYXn0PlMj1kYN79Agg?e=3ga65V\" target=\"_blank\" rel=\"noopener\" data-mce-href=\"https:\/\/diocesisdebilbao-my.sharepoint.com\/:w:\/g\/personal\/webbizkeliza_bizkeliza_org\/EQq2uPbJwQFEqxdrmtQTOwoBAwlWNYXn0PlMj1kYN79Agg?e=3ga65V\">Familia Santua&nbsp; &nbsp;<img decoding=\"async\" class=\"wp-image-5531 alignnone size-full\" src=\"https:\/\/bizkeliza.org\/wp-content\/uploads\/2021\/05\/download-icon-verdeoscuro-2.png\" alt=\"\" width=\"22\" height=\"22\" data-mce-src=\"https:\/\/bizkeliza.org\/wp-content\/uploads\/2021\/05\/download-icon-verdeoscuro-2.png\"><\/a><\/li>\n<li><a href=\"https:\/\/diocesisdebilbao-my.sharepoint.com\/:w:\/g\/personal\/webbizkeliza_bizkeliza_org\/EbBkhYWM2E5CtERz4GzP5-QBxGlMmrCXjuOqA4OAcz8LXg?e=wa25N5\" target=\"_blank\" rel=\"noopener\" data-mce-href=\"https:\/\/diocesisdebilbao-my.sharepoint.com\/:w:\/g\/personal\/webbizkeliza_bizkeliza_org\/EbBkhYWM2E5CtERz4GzP5-QBxGlMmrCXjuOqA4OAcz8LXg?e=wa25N5\">Jainkoaren Ama Maria &nbsp;<img decoding=\"async\" class=\"wp-image-5531 alignnone size-full\" src=\"https:\/\/bizkeliza.org\/wp-content\/uploads\/2021\/05\/download-icon-verdeoscuro-2.png\" alt=\"\" width=\"22\" height=\"22\" data-mce-src=\"https:\/\/bizkeliza.org\/wp-content\/uploads\/2021\/05\/download-icon-verdeoscuro-2.png\"><\/a><\/li>\n<li><a href=\"https:\/\/diocesisdebilbao-my.sharepoint.com\/:w:\/g\/personal\/webbizkeliza_bizkeliza_org\/ES1yii-hkshDptHbqsJc0L0BgTxXavAhisflRmfv4VrZ3Q?e=nTLYl0\" target=\"_blank\" rel=\"noopener\" data-mce-href=\"https:\/\/diocesisdebilbao-my.sharepoint.com\/:w:\/g\/personal\/webbizkeliza_bizkeliza_org\/ES1yii-hkshDptHbqsJc0L0BgTxXavAhisflRmfv4VrZ3Q?e=nTLYl0\">Gabon osteko 2. domeka&nbsp; &nbsp;<img decoding=\"async\" class=\"wp-image-5531 alignnone size-full\" src=\"https:\/\/bizkeliza.org\/wp-content\/uploads\/2021\/05\/download-icon-verdeoscuro-2.png\" alt=\"\" width=\"22\" height=\"22\" data-mce-src=\"https:\/\/bizkeliza.org\/wp-content\/uploads\/2021\/05\/download-icon-verdeoscuro-2.png\"><\/a><\/li>\n<li><a href=\"https:\/\/diocesisdebilbao-my.sharepoint.com\/:w:\/g\/personal\/webbizkeliza_bizkeliza_org\/EVlrJMjVoAFJuv61kPmiOlkB4zdrkt6sp1pwpi9iy8L8pA?e=9STpgZ\" data-mce-href=\"https:\/\/diocesisdebilbao-my.sharepoint.com\/:w:\/g\/personal\/webbizkeliza_bizkeliza_org\/EVlrJMjVoAFJuv61kPmiOlkB4zdrkt6sp1pwpi9iy8L8pA?e=9STpgZ\">Epifan\u00eda&nbsp; &nbsp;<img decoding=\"async\" class=\"wp-image-5531 alignnone size-full\" src=\"https:\/\/bizkeliza.org\/wp-content\/uploads\/2021\/05\/download-icon-verdeoscuro-2.png\" alt=\"\" width=\"22\" height=\"22\" data-mce-src=\"https:\/\/bizkeliza.org\/wp-content\/uploads\/2021\/05\/download-icon-verdeoscuro-2.png\"><\/a><\/li>\n<li><a href=\"https:\/\/diocesisdebilbao-my.sharepoint.com\/:w:\/g\/personal\/webbizkeliza_bizkeliza_org\/EbwGaNXkkKhEsJq2HTeYj5gB6raBbTJ4djKcUBEOGuflJg?e=KHOjfa\" target=\"_blank\" rel=\"noopener\" data-mce-href=\"https:\/\/diocesisdebilbao-my.sharepoint.com\/:w:\/g\/personal\/webbizkeliza_bizkeliza_org\/EbwGaNXkkKhEsJq2HTeYj5gB6raBbTJ4djKcUBEOGuflJg?e=KHOjfa\">Jaunaren Bataioa&nbsp; &nbsp;<img decoding=\"async\" class=\"wp-image-5531 alignnone size-full\" src=\"https:\/\/bizkeliza.org\/wp-content\/uploads\/2021\/05\/download-icon-verdeoscuro-2.png\" alt=\"\" width=\"22\" height=\"22\" data-mce-src=\"https:\/\/bizkeliza.org\/wp-content\/uploads\/2021\/05\/download-icon-verdeoscuro-2.png\"><\/a><\/li>\n<\/ul>\n<div id=\"c13697\" class=\"frame default\">\n<h4>Gabonak 2018-19 (C)<\/h4>\n<ul>\n<li><a href=\"https:\/\/diocesisdebilbao-my.sharepoint.com\/:w:\/g\/personal\/webbizkeliza_bizkeliza_org\/EaFmPhZkTTBJmL0Fh0gcmtkBjoxlRDtnIccy2tGYcvjIrQ?e=rf4L2L\" target=\"_blank\" rel=\"noopener\" data-mce-href=\"https:\/\/diocesisdebilbao-my.sharepoint.com\/:w:\/g\/personal\/webbizkeliza_bizkeliza_org\/EaFmPhZkTTBJmL0Fh0gcmtkBjoxlRDtnIccy2tGYcvjIrQ?e=rf4L2L\">Jaunaren Jaiotza&nbsp; &nbsp;<img decoding=\"async\" class=\"wp-image-5531 alignnone size-full\" src=\"https:\/\/bizkeliza.org\/wp-content\/uploads\/2021\/05\/download-icon-verdeoscuro-2.png\" alt=\"\" width=\"22\" height=\"22\" data-mce-src=\"https:\/\/bizkeliza.org\/wp-content\/uploads\/2021\/05\/download-icon-verdeoscuro-2.png\"><\/a><\/li>\n<li><a href=\"https:\/\/diocesisdebilbao-my.sharepoint.com\/:w:\/g\/personal\/webbizkeliza_bizkeliza_org\/EaiwMpUYc99Pntypjw93FIoBL4bTLvNkFR-7upLLyMnROg?e=3fLmIG\" target=\"_blank\" rel=\"noopener\" data-mce-href=\"https:\/\/diocesisdebilbao-my.sharepoint.com\/:w:\/g\/personal\/webbizkeliza_bizkeliza_org\/EaiwMpUYc99Pntypjw93FIoBL4bTLvNkFR-7upLLyMnROg?e=3fLmIG\">Familia Santua&nbsp; &nbsp;<img decoding=\"async\" class=\"wp-image-5531 alignnone size-full\" src=\"https:\/\/bizkeliza.org\/wp-content\/uploads\/2021\/05\/download-icon-verdeoscuro-2.png\" alt=\"\" width=\"22\" height=\"22\" data-mce-src=\"https:\/\/bizkeliza.org\/wp-content\/uploads\/2021\/05\/download-icon-verdeoscuro-2.png\"><\/a><\/li>\n<li><a href=\"https:\/\/diocesisdebilbao-my.sharepoint.com\/:w:\/g\/personal\/webbizkeliza_bizkeliza_org\/EbCI1DZIEEZImvMlRmLx678BaZeOBR896PSCOsgbhZcEDA?e=xcu3dW\" target=\"_blank\" rel=\"noopener\" data-mce-href=\"https:\/\/diocesisdebilbao-my.sharepoint.com\/:w:\/g\/personal\/webbizkeliza_bizkeliza_org\/EbCI1DZIEEZImvMlRmLx678BaZeOBR896PSCOsgbhZcEDA?e=xcu3dW\">Jainkoaren Ama Maria&nbsp; &nbsp;<img decoding=\"async\" class=\"wp-image-5531 alignnone size-full\" src=\"https:\/\/bizkeliza.org\/wp-content\/uploads\/2021\/05\/download-icon-verdeoscuro-2.png\" alt=\"\" width=\"22\" height=\"22\" data-mce-src=\"https:\/\/bizkeliza.org\/wp-content\/uploads\/2021\/05\/download-icon-verdeoscuro-2.png\"><\/a><\/li>\n<li><a href=\"https:\/\/diocesisdebilbao-my.sharepoint.com\/:w:\/g\/personal\/webbizkeliza_bizkeliza_org\/EYXid08XFH5KvkiI8_7y3wYBsFAByfW5LmHue-bK7fq6dw?e=Ugxtkx\" target=\"_blank\" rel=\"noopener\" data-mce-href=\"https:\/\/diocesisdebilbao-my.sharepoint.com\/:w:\/g\/personal\/webbizkeliza_bizkeliza_org\/EYXid08XFH5KvkiI8_7y3wYBsFAByfW5LmHue-bK7fq6dw?e=Ugxtkx\">Epifan\u00eda&nbsp; &nbsp;<img decoding=\"async\" class=\"wp-image-5531 alignnone size-full\" src=\"https:\/\/bizkeliza.org\/wp-content\/uploads\/2021\/05\/download-icon-verdeoscuro-2.png\" alt=\"\" width=\"22\" height=\"22\" data-mce-src=\"https:\/\/bizkeliza.org\/wp-content\/uploads\/2021\/05\/download-icon-verdeoscuro-2.png\"><\/a><\/li>\n<li><a href=\"https:\/\/diocesisdebilbao-my.sharepoint.com\/:w:\/g\/personal\/webbizkeliza_bizkeliza_org\/EbEvGINMypNDsygfiovfhcYB9Mqm2CGTHNJk-XcUXPHiKQ?e=Af2zF3\" target=\"_blank\" rel=\"noopener\" data-mce-href=\"https:\/\/diocesisdebilbao-my.sharepoint.com\/:w:\/g\/personal\/webbizkeliza_bizkeliza_org\/EbEvGINMypNDsygfiovfhcYB9Mqm2CGTHNJk-XcUXPHiKQ?e=Af2zF3\">Jaunaren Bateoa &nbsp;<img decoding=\"async\" class=\"wp-image-5531 alignnone size-full\" src=\"https:\/\/bizkeliza.org\/wp-content\/uploads\/2021\/05\/download-icon-verdeoscuro-2.png\" alt=\"\" width=\"22\" height=\"22\" data-mce-src=\"https:\/\/bizkeliza.org\/wp-content\/uploads\/2021\/05\/download-icon-verdeoscuro-2.png\"><\/a><\/li>\n<\/ul>\n<\/div>\n<p>[\/et_pb_text][\/et_pb_column_inner][\/et_pb_row_inner][et_pb_row_inner _builder_version=&#8221;4.16&#8243; _module_preset=&#8221;default&#8221; global_colors_info=&#8221;{}&#8221;][et_pb_column_inner saved_specialty_column_type=&#8221;2_3&#8243; _builder_version=&#8221;4.16&#8243; _module_preset=&#8221;default&#8221; global_colors_info=&#8221;{}&#8221;][et_pb_divider color=&#8221;#000000&#8243; divider_position=&#8221;center&#8221; _builder_version=&#8221;4.16&#8243; _module_preset=&#8221;default&#8221; global_colors_info=&#8221;{}&#8221;][\/et_pb_divider][\/et_pb_column_inner][\/et_pb_row_inner][et_pb_row_inner admin_label=&#8221;Tiempo Ordinario&#8221; _builder_version=&#8221;4.27.5&#8243; _module_preset=&#8221;default&#8221; custom_padding=&#8221;1px|||||&#8221; global_colors_info=&#8221;{}&#8221;][et_pb_column_inner saved_specialty_column_type=&#8221;2_3&#8243; admin_label=&#8221;Columna&#8221; _builder_version=&#8221;4.16&#8243; _module_preset=&#8221;default&#8221; global_colors_info=&#8221;{}&#8221;][et_pb_text module_id=&#8221;Adap-Ordinario&#8221; _builder_version=&#8221;4.27.4&#8243; _module_preset=&#8221;default&#8221; text_text_color=&#8221;#ffffff&#8221; header_text_color=&#8221;#ffffff&#8221; header_font_size=&#8221;44px&#8221; header_line_height=&#8221;1.2em&#8221; header_4_font=&#8221;|700|||||||&#8221; background_color=&#8221;#006b54&#8243; custom_margin=&#8221;0px||||false|false&#8221; custom_padding=&#8221;10px|||30px|false|false&#8221; header_3_font_size_tablet=&#8221;&#8221; header_3_font_size_phone=&#8221;22px&#8221; header_3_font_size_last_edited=&#8221;on|phone&#8221; header_4_font_size_tablet=&#8221;&#8221; header_4_font_size_phone=&#8221;18px&#8221; header_4_font_size_last_edited=&#8221;on|desktop&#8221; border_radii=&#8221;on|186px|186px|186px|186px&#8221; global_colors_info=&#8221;{}&#8221;]<\/p>\n<h3><span style=\"color: #ffffff;\" data-mce-style=\"color: #ffffff;\">Urtean Zehar<\/span><\/h3>\n<p>[\/et_pb_text][et_pb_text admin_label=&#8221;Texto&#8221; _builder_version=&#8221;4.27.5&#8243; _module_preset=&#8221;default&#8221; header_font_size=&#8221;44px&#8221; header_line_height=&#8221;1.2em&#8221; header_4_font=&#8221;|700|||||||&#8221; header_3_font_size_tablet=&#8221;&#8221; header_3_font_size_phone=&#8221;22px&#8221; header_3_font_size_last_edited=&#8221;on|phone&#8221; header_4_font_size_tablet=&#8221;&#8221; header_4_font_size_phone=&#8221;18px&#8221; header_4_font_size_last_edited=&#8221;on|desktop&#8221; global_colors_info=&#8221;{}&#8221;]<\/p>\n<h5><span style=\"color: #000000;\" data-mce-style=\"color: #000000;\"><strong>JAUNAREN EGUNA OSPATZEKO &#8211; A Zikloa &#8211; 2026<\/strong><\/span><\/h5>\n<ul>\n<li><a href=\"https:\/\/diocesisdebilbao-my.sharepoint.com\/:w:\/g\/personal\/webbizkeliza_bizkeliza_org\/IQDJGJdhHemeRIOwgRYpNrKZAVFD5PwE3CSZxfjR9RDd5-U?e=5mlCWW\" target=\"_blank\" rel=\"noopener\" data-mce-href=\"https:\/\/diocesisdebilbao-my.sharepoint.com\/:w:\/g\/personal\/webbizkeliza_bizkeliza_org\/IQDJGJdhHemeRIOwgRYpNrKZAVFD5PwE3CSZxfjR9RDd5-U?e=5mlCWW\">VI. Igandea (2026-02-15)<\/a><\/li>\n<li><a href=\"https:\/\/diocesisdebilbao-my.sharepoint.com\/:w:\/g\/personal\/webbizkeliza_bizkeliza_org\/IQCG7vaPZ864QaiNIsnt6Co1ARAeR0YAXrLsWa-eU7W3NyI?e=0dGbXz\" target=\"_blank\" rel=\"noopener\" data-mce-href=\"https:\/\/diocesisdebilbao-my.sharepoint.com\/:w:\/g\/personal\/webbizkeliza_bizkeliza_org\/IQCG7vaPZ864QaiNIsnt6Co1ARAeR0YAXrLsWa-eU7W3NyI?e=0dGbXz\">V. Igandea (2026-02-08)<\/a><\/li>\n<li><a href=\"https:\/\/diocesisdebilbao-my.sharepoint.com\/:w:\/g\/personal\/webbizkeliza_bizkeliza_org\/IQCHqaCMU2lZRZQgMSfLwqYXAYHLu0yed8LEke_5atQhZUI?e=K3FCZK\" target=\"_blank\" rel=\"noopener\" data-mce-href=\"https:\/\/diocesisdebilbao-my.sharepoint.com\/:w:\/g\/personal\/webbizkeliza_bizkeliza_org\/IQCHqaCMU2lZRZQgMSfLwqYXAYHLu0yed8LEke_5atQhZUI?e=K3FCZK\">IV. Igandea ( 2026-02-01)<\/a><\/li>\n<li><a href=\"https:\/\/diocesisdebilbao-my.sharepoint.com\/:w:\/g\/personal\/webbizkeliza_bizkeliza_org\/IQBwIZMMMunEQoZp2OIcR84HAXTlWevlojc7hyVpV_Xz-N0?e=8NcFIB\" target=\"_blank\" rel=\"noopener\" data-mce-href=\"https:\/\/diocesisdebilbao-my.sharepoint.com\/:w:\/g\/personal\/webbizkeliza_bizkeliza_org\/IQBwIZMMMunEQoZp2OIcR84HAXTlWevlojc7hyVpV_Xz-N0?e=8NcFIB\">III. Igandea ( 2026-01-25)<\/a><\/li>\n<li><a href=\"https:\/\/diocesisdebilbao-my.sharepoint.com\/:w:\/g\/personal\/webbizkeliza_bizkeliza_org\/IQCjSc9NayGpT7ZCX4uIYK0zAf9QBEgcsFp-hvjhVoUIizM?e=H7cKp5\" target=\"_blank\" rel=\"noopener\" data-mce-href=\"https:\/\/diocesisdebilbao-my.sharepoint.com\/:w:\/g\/personal\/webbizkeliza_bizkeliza_org\/IQCjSc9NayGpT7ZCX4uIYK0zAf9QBEgcsFp-hvjhVoUIizM?e=H7cKp5\">&nbsp;II. Igandea (2026-01-18)<\/a><\/li>\n<\/ul>\n<h5><span style=\"color: #000000;\" data-mce-style=\"color: #000000;\"><strong>JAUNAREN EGUNA OSPATZEKO &#8211; C Zikloa &#8211; 2025<\/strong><\/span><\/h5>\n<ul>\n<li style=\"list-style-type: none;\" data-mce-style=\"list-style-type: none;\">\n<ul>\n<li style=\"list-style-type: none;\" data-mce-style=\"list-style-type: none;\">\n<ul>\n<li><a href=\"https:\/\/diocesisdebilbao-my.sharepoint.com\/:w:\/g\/personal\/webbizkeliza_bizkeliza_org\/EbBLlvrnlnZGlr4rZ0ekzFgBYYh9WrIhwcG9pzHrClB5UQ?e=8VGZ8r\" data-mce-href=\"https:\/\/diocesisdebilbao-my.sharepoint.com\/:w:\/g\/personal\/webbizkeliza_bizkeliza_org\/EbBLlvrnlnZGlr4rZ0ekzFgBYYh9WrIhwcG9pzHrClB5UQ?e=8VGZ8r\">Kristo Errege<\/a><\/li>\n<li><a href=\"https:\/\/diocesisdebilbao-my.sharepoint.com\/:w:\/g\/personal\/webbizkeliza_bizkeliza_org\/Ee2Clg1YxwhOqPahO0thUfMB_UeXs1YjbeCSEEsp9UFYmw?e=FYJ5C2\" data-mce-href=\"https:\/\/diocesisdebilbao-my.sharepoint.com\/:w:\/g\/personal\/webbizkeliza_bizkeliza_org\/Ee2Clg1YxwhOqPahO0thUfMB_UeXs1YjbeCSEEsp9UFYmw?e=FYJ5C2\">XXXIII. Igandea (2025-11-16)<\/a><\/li>\n<li><a href=\"https:\/\/diocesisdebilbao-my.sharepoint.com\/:w:\/g\/personal\/webbizkeliza_bizkeliza_org\/EZX3N5C_fehDrhlhwYG87nwBcTw9Qivwt_JNO2vc4K_iSg?e=1bVBrG\" data-mce-href=\"https:\/\/diocesisdebilbao-my.sharepoint.com\/:w:\/g\/personal\/webbizkeliza_bizkeliza_org\/EZX3N5C_fehDrhlhwYG87nwBcTw9Qivwt_JNO2vc4K_iSg?e=1bVBrG\">Laterango Basilikaren Sagarapena<\/a><\/li>\n<li><a href=\"https:\/\/diocesisdebilbao-my.sharepoint.com\/:w:\/g\/personal\/webbizkeliza_bizkeliza_org\/EZ5X759P0V9HkFsskr0AyoQBZpmEaxQQPchkk0dnWF8BCA?e=QTjZfA\" data-mce-href=\"https:\/\/diocesisdebilbao-my.sharepoint.com\/:w:\/g\/personal\/webbizkeliza_bizkeliza_org\/EZ5X759P0V9HkFsskr0AyoQBZpmEaxQQPchkk0dnWF8BCA?e=QTjZfA\">Hildako Fededunak<\/a><\/li>\n<li><a href=\"https:\/\/diocesisdebilbao-my.sharepoint.com\/:w:\/g\/personal\/webbizkeliza_bizkeliza_org\/ERnUZyJolDtNkixcuWUqdj0Bf6BLjf0AgjXxaxq8LWe9mQ?e=jONkC3\" data-mce-href=\"https:\/\/diocesisdebilbao-my.sharepoint.com\/:w:\/g\/personal\/webbizkeliza_bizkeliza_org\/ERnUZyJolDtNkixcuWUqdj0Bf6BLjf0AgjXxaxq8LWe9mQ?e=jONkC3\">Domu Santua<\/a><\/li>\n<li><a href=\"https:\/\/diocesisdebilbao-my.sharepoint.com\/:w:\/g\/personal\/webbizkeliza_bizkeliza_org\/EVwPteiMbVNMvO8W4oCRjgwB62MNXTu7wF93UBk8Gq4ITQ?e=hj0ada\" target=\"_blank\" rel=\"noopener\" data-mce-href=\"https:\/\/diocesisdebilbao-my.sharepoint.com\/:w:\/g\/personal\/webbizkeliza_bizkeliza_org\/EVwPteiMbVNMvO8W4oCRjgwB62MNXTu7wF93UBk8Gq4ITQ?e=hj0ada\">XXX. Igandea ( 2025-10-26)<\/a><\/li>\n<li><a href=\"https:\/\/diocesisdebilbao-my.sharepoint.com\/:w:\/g\/personal\/webbizkeliza_bizkeliza_org\/EcxSYxHyVgJLpH-QABknY-IBZHXVrhpZFMWPcJHH7WSBuw?e=nBy5pJ\" data-mce-href=\"https:\/\/diocesisdebilbao-my.sharepoint.com\/:w:\/g\/personal\/webbizkeliza_bizkeliza_org\/EcxSYxHyVgJLpH-QABknY-IBZHXVrhpZFMWPcJHH7WSBuw?e=nBy5pJ\">XXIX. Igandea ( 2025-10-19)<\/a><\/li>\n<li><a href=\"https:\/\/diocesisdebilbao-my.sharepoint.com\/:w:\/g\/personal\/webbizkeliza_bizkeliza_org\/EagxEFMuc3lHqc-lSzrX_GsBDr6J_kkse1FzEKmX4GvoIw?e=Zqoi4a\" data-mce-href=\"https:\/\/diocesisdebilbao-my.sharepoint.com\/:w:\/g\/personal\/webbizkeliza_bizkeliza_org\/EagxEFMuc3lHqc-lSzrX_GsBDr6J_kkse1FzEKmX4GvoIw?e=Zqoi4a\">XXVIII. Igandea (2025-10-12)<\/a><\/li>\n<li><a href=\"https:\/\/diocesisdebilbao-my.sharepoint.com\/:w:\/g\/personal\/webbizkeliza_bizkeliza_org\/EaIlMlbTAedBiRYXHkMQVB0BIysaBPW7oiPmOVqBxMpaew?e=C9Gz86\" target=\"_blank\" rel=\"noopener\" data-mce-href=\"https:\/\/diocesisdebilbao-my.sharepoint.com\/:w:\/g\/personal\/webbizkeliza_bizkeliza_org\/EaIlMlbTAedBiRYXHkMQVB0BIysaBPW7oiPmOVqBxMpaew?e=C9Gz86\">XXVII. Igandea (2025-10-05)<\/a><\/li>\n<li><a href=\"https:\/\/diocesisdebilbao-my.sharepoint.com\/:w:\/g\/personal\/webbizkeliza_bizkeliza_org\/Ea-XN4kxLc9KnjCWDUrYIzwBnO9NR9rvZ0L5iNBc8soSbQ?e=ryJxIf\" target=\"_blank\" rel=\"noopener\" data-mce-href=\"https:\/\/diocesisdebilbao-my.sharepoint.com\/:w:\/g\/personal\/webbizkeliza_bizkeliza_org\/Ea-XN4kxLc9KnjCWDUrYIzwBnO9NR9rvZ0L5iNBc8soSbQ?e=ryJxIf\">XXVI. Igandea (2025-09-28)<\/a><\/li>\n<li><a href=\"https:\/\/diocesisdebilbao-my.sharepoint.com\/:w:\/g\/personal\/webbizkeliza_bizkeliza_org\/EVjLEvD8RS1FvOHPVJLVbq0BJbQiq2n6ZeWSsmy2j2S1AA?e=AVnaKz\" target=\"_blank\" rel=\"noopener\" data-mce-href=\"https:\/\/diocesisdebilbao-my.sharepoint.com\/:w:\/g\/personal\/webbizkeliza_bizkeliza_org\/EVjLEvD8RS1FvOHPVJLVbq0BJbQiq2n6ZeWSsmy2j2S1AA?e=AVnaKz\">XXV. Igandea (2025-09-21)<\/a><\/li>\n<li><a href=\"https:\/\/diocesisdebilbao-my.sharepoint.com\/:w:\/g\/personal\/webbizkeliza_bizkeliza_org\/EStUfXhJHCNNhG42XClKy6IBgQGcVUDNuMGX770eCu9mkQ?e=1P7had\" target=\"_blank\" rel=\"noopener\" data-mce-href=\"https:\/\/diocesisdebilbao-my.sharepoint.com\/:w:\/g\/personal\/webbizkeliza_bizkeliza_org\/EStUfXhJHCNNhG42XClKy6IBgQGcVUDNuMGX770eCu9mkQ?e=1P7had\">XXIV. Igandea (2025-09-14)<\/a><\/li>\n<li><a href=\"https:\/\/diocesisdebilbao-my.sharepoint.com\/:w:\/g\/personal\/webbizkeliza_bizkeliza_org\/Edgt5BG9eRBLtJJCfgDniUgBKZvYFhsC3bCmGvscm1WRhg?e=VtctfD\" data-mce-href=\"https:\/\/diocesisdebilbao-my.sharepoint.com\/:w:\/g\/personal\/webbizkeliza_bizkeliza_org\/Edgt5BG9eRBLtJJCfgDniUgBKZvYFhsC3bCmGvscm1WRhg?e=VtctfD\">XXIII. Igandea (2025-09-07)<\/a><\/li>\n<li><a href=\"https:\/\/diocesisdebilbao-my.sharepoint.com\/:w:\/g\/personal\/webbizkeliza_bizkeliza_org\/ERCnv-Y73WpBkFLW1peViIkB08Ou1pWmBazeBASS1o1lAw?e=aiFtF1\" target=\"_blank\" rel=\"noopener\" data-mce-href=\"https:\/\/diocesisdebilbao-my.sharepoint.com\/:w:\/g\/personal\/webbizkeliza_bizkeliza_org\/ERCnv-Y73WpBkFLW1peViIkB08Ou1pWmBazeBASS1o1lAw?e=aiFtF1\">XXII. Igandea (2025-08-31)<\/a><\/li>\n<li><a href=\"https:\/\/diocesisdebilbao-my.sharepoint.com\/:w:\/g\/personal\/webbizkeliza_bizkeliza_org\/EUeWBLFJRpdMv2sxeXafeYwB0NkWgATBZS5kojkOI1M3Xg?e=9zjXHC\" target=\"_blank\" rel=\"noopener\" data-mce-href=\"https:\/\/diocesisdebilbao-my.sharepoint.com\/:w:\/g\/personal\/webbizkeliza_bizkeliza_org\/EUeWBLFJRpdMv2sxeXafeYwB0NkWgATBZS5kojkOI1M3Xg?e=9zjXHC\">XXI.Igandea (2025-08-24)<\/a><\/li>\n<li><a href=\"https:\/\/diocesisdebilbao-my.sharepoint.com\/:w:\/g\/personal\/webbizkeliza_bizkeliza_org\/EdL9oZIjANtNrb4jj39wXnIBC_GhoalKKqHRXWJOktqagA?e=IWdlOA\" data-mce-href=\"https:\/\/diocesisdebilbao-my.sharepoint.com\/:w:\/g\/personal\/webbizkeliza_bizkeliza_org\/EdL9oZIjANtNrb4jj39wXnIBC_GhoalKKqHRXWJOktqagA?e=IWdlOA\">XX. Igandea (2025-08-17)<\/a><\/li>\n<li><a href=\"https:\/\/diocesisdebilbao-my.sharepoint.com\/:w:\/g\/personal\/webbizkeliza_bizkeliza_org\/ERl2tI65xlNJtdW37kZrS2sBnoko5uJZJ2jYEYJzelqr7Q?e=RCuErA\" target=\"_blank\" rel=\"noopener\" data-mce-href=\"https:\/\/diocesisdebilbao-my.sharepoint.com\/:w:\/g\/personal\/webbizkeliza_bizkeliza_org\/ERl2tI65xlNJtdW37kZrS2sBnoko5uJZJ2jYEYJzelqr7Q?e=RCuErA\">Andra Mariaren Zeruratzea (2025-08-15)<\/a><\/li>\n<li><a href=\"https:\/\/diocesisdebilbao-my.sharepoint.com\/:w:\/g\/personal\/webbizkeliza_bizkeliza_org\/Edi1dIIm2PtBuwIULY5iFJcBXnxOOFi7APCoi8LVpkuK-Q?e=7WefZu\" target=\"_blank\" rel=\"noopener\" data-mce-href=\"https:\/\/diocesisdebilbao-my.sharepoint.com\/:w:\/g\/personal\/webbizkeliza_bizkeliza_org\/Edi1dIIm2PtBuwIULY5iFJcBXnxOOFi7APCoi8LVpkuK-Q?e=7WefZu\">XIX. Igandea (2025-08-10)<\/a><\/li>\n<li><a href=\"https:\/\/diocesisdebilbao-my.sharepoint.com\/:w:\/g\/personal\/webbizkeliza_bizkeliza_org\/ERY283pFTKtKiGhJLQHAWxEBx-_8wHGljRW3PJ2kMpqq5Q?e=CotfbM\" target=\"_blank\" rel=\"noopener\" data-mce-href=\"https:\/\/diocesisdebilbao-my.sharepoint.com\/:w:\/g\/personal\/webbizkeliza_bizkeliza_org\/ERY283pFTKtKiGhJLQHAWxEBx-_8wHGljRW3PJ2kMpqq5Q?e=CotfbM\">XVIII. Igandea (2025-08-03)<\/a><\/li>\n<li><a href=\"https:\/\/diocesisdebilbao-my.sharepoint.com\/:w:\/g\/personal\/webbizkeliza_bizkeliza_org\/EVWTprp--P9Kmce_ZJHCGhEBV0rbBER_u_gVoR1L4K2Ltg?e=Ggj9bd\" target=\"_blank\" rel=\"noopener\" data-mce-href=\"https:\/\/diocesisdebilbao-my.sharepoint.com\/:w:\/g\/personal\/webbizkeliza_bizkeliza_org\/EVWTprp--P9Kmce_ZJHCGhEBV0rbBER_u_gVoR1L4K2Ltg?e=Ggj9bd\">San Inazio (2025-07-31)<\/a><\/li>\n<li><a href=\"https:\/\/diocesisdebilbao-my.sharepoint.com\/:w:\/g\/personal\/webbizkeliza_bizkeliza_org\/EWaPBRtBPlpKjqDcY9uYoDYB8V0vx8v6mRad-jr2idxfQA?e=sx9WSZ\" target=\"_blank\" rel=\"noopener\" data-mce-href=\"https:\/\/diocesisdebilbao-my.sharepoint.com\/:w:\/g\/personal\/webbizkeliza_bizkeliza_org\/EWaPBRtBPlpKjqDcY9uYoDYB8V0vx8v6mRad-jr2idxfQA?e=sx9WSZ\">XVII. Igandea (2025-07-27)<\/a><\/li>\n<li><a href=\"https:\/\/diocesisdebilbao-my.sharepoint.com\/:w:\/g\/personal\/webbizkeliza_bizkeliza_org\/EUM1RVqOxolHk81jm2MxH5oB5uUvxzHy3YSzOP7vq5CRLQ?e=2Qbf4T\" target=\"_blank\" rel=\"noopener\" data-mce-href=\"https:\/\/diocesisdebilbao-my.sharepoint.com\/:w:\/g\/personal\/webbizkeliza_bizkeliza_org\/EUM1RVqOxolHk81jm2MxH5oB5uUvxzHy3YSzOP7vq5CRLQ?e=2Qbf4T\">Santiago Apostolua (2025-07-25)<\/a><\/li>\n<li><a href=\"https:\/\/diocesisdebilbao-my.sharepoint.com\/:w:\/g\/personal\/webbizkeliza_bizkeliza_org\/EaHhXRazKiNIvWLsAfLwRu8BYcxDmXnrXoPVB4J3azlpcw?e=3FOSOL\" target=\"_blank\" rel=\"noopener\" data-mce-href=\"https:\/\/diocesisdebilbao-my.sharepoint.com\/:w:\/g\/personal\/webbizkeliza_bizkeliza_org\/EaHhXRazKiNIvWLsAfLwRu8BYcxDmXnrXoPVB4J3azlpcw?e=3FOSOL\">XVI. Igandea (2025-07-20)<\/a><\/li>\n<li><a href=\"https:\/\/diocesisdebilbao-my.sharepoint.com\/:w:\/g\/personal\/webbizkeliza_bizkeliza_org\/EfcMNxY49NlPuREY0ul8nGUBbeg_6VRyLb1ULViZ8zE6Zw?e=fwhAX7\" target=\"_blank\" rel=\"noopener\" data-mce-href=\"https:\/\/diocesisdebilbao-my.sharepoint.com\/:w:\/g\/personal\/webbizkeliza_bizkeliza_org\/EfcMNxY49NlPuREY0ul8nGUBbeg_6VRyLb1ULViZ8zE6Zw?e=fwhAX7\">XV. Igandea (2025-07-13)<\/a><\/li>\n<li><a href=\"https:\/\/diocesisdebilbao-my.sharepoint.com\/:w:\/g\/personal\/webbizkeliza_bizkeliza_org\/Ee1nidGcriVFtM-KTYrmB3EB1tRdw8pCv6L7mh7UwnhzDw?e=MtPMtb\" target=\"_blank\" rel=\"noopener\" data-mce-href=\"https:\/\/diocesisdebilbao-my.sharepoint.com\/:w:\/g\/personal\/webbizkeliza_bizkeliza_org\/Ee1nidGcriVFtM-KTYrmB3EB1tRdw8pCv6L7mh7UwnhzDw?e=MtPMtb\">XIV. Igandea (2025-07-06)<\/a><\/li>\n<li><a href=\"https:\/\/diocesisdebilbao-my.sharepoint.com\/:w:\/g\/personal\/webbizkeliza_bizkeliza_org\/Ee1UINlO2wBJhrBTimzpJ7wBg8fmzUoLuy2gISZzZd2v4Q?e=4sukh6\" target=\"_blank\" rel=\"noopener\" data-mce-href=\"https:\/\/diocesisdebilbao-my.sharepoint.com\/:w:\/g\/personal\/webbizkeliza_bizkeliza_org\/Ee1UINlO2wBJhrBTimzpJ7wBg8fmzUoLuy2gISZzZd2v4Q?e=4sukh6\">Pedro eta Paulo Santuak<\/a><\/li>\n<li><a href=\"https:\/\/diocesisdebilbao-my.sharepoint.com\/:w:\/g\/personal\/webbizkeliza_bizkeliza_org\/EV46DZx667lOrcA86l3sWPIBSaib0Q0GgzD2CwVEc4aIcg?e=4175bo\" target=\"_blank\" rel=\"noopener\" data-mce-href=\"https:\/\/diocesisdebilbao-my.sharepoint.com\/:w:\/g\/personal\/webbizkeliza_bizkeliza_org\/EV46DZx667lOrcA86l3sWPIBSaib0Q0GgzD2CwVEc4aIcg?e=4175bo\">Corpus Cristi (2025-06-22)<\/a><\/li>\n<li><a href=\"https:\/\/diocesisdebilbao-my.sharepoint.com\/:w:\/g\/personal\/webbizkeliza_bizkeliza_org\/ESbg4HyF_sZEp313UTrLJzMBWohkstXJDby7T2pqwqh_wg?e=0pTxOP\" target=\"_blank\" rel=\"noopener\" data-mce-href=\"https:\/\/diocesisdebilbao-my.sharepoint.com\/:w:\/g\/personal\/webbizkeliza_bizkeliza_org\/ESbg4HyF_sZEp313UTrLJzMBWohkstXJDby7T2pqwqh_wg?e=0pTxOP\">Hirutasun Santua (2025-06-15)<\/a><\/li>\n<li><a href=\"https:\/\/diocesisdebilbao-my.sharepoint.com\/:w:\/g\/personal\/webbizkeliza_bizkeliza_org\/EY0wz3Il8ihOqq_o5cIP_3QBiF_wrgrIVXPT93x7FwEj4g?e=6D9lhi\" target=\"_blank\" rel=\"noopener\" data-mce-href=\"https:\/\/diocesisdebilbao-my.sharepoint.com\/:w:\/g\/personal\/webbizkeliza_bizkeliza_org\/EY0wz3Il8ihOqq_o5cIP_3QBiF_wrgrIVXPT93x7FwEj4g?e=6D9lhi\">VIII. Igandea (2025-03-02)<\/a><\/li>\n<li><a href=\"https:\/\/diocesisdebilbao-my.sharepoint.com\/:w:\/g\/personal\/webbizkeliza_bizkeliza_org\/Ee4mCimEsz5CiRLWrr2WB5wBMhdXj4ZkN2yrNvEGKQLAKA?e=Gjq8Ke\" target=\"_blank\" rel=\"noopener\" data-mce-href=\"https:\/\/diocesisdebilbao-my.sharepoint.com\/:w:\/g\/personal\/webbizkeliza_bizkeliza_org\/Ee4mCimEsz5CiRLWrr2WB5wBMhdXj4ZkN2yrNvEGKQLAKA?e=Gjq8Ke\">VII. Igandea (2025-02-23)<\/a><\/li>\n<li><a href=\"https:\/\/diocesisdebilbao-my.sharepoint.com\/:w:\/g\/personal\/webbizkeliza_bizkeliza_org\/ET-LzrP5gm5Hvxn4ZM2_bVQBRyRHA8ryxlRqqHXo7_u6ng?e=KDByDG\" target=\"_blank\" rel=\"noopener\" data-mce-href=\"https:\/\/diocesisdebilbao-my.sharepoint.com\/:w:\/g\/personal\/webbizkeliza_bizkeliza_org\/ET-LzrP5gm5Hvxn4ZM2_bVQBRyRHA8ryxlRqqHXo7_u6ng?e=KDByDG\">VI. Igandea (2025-02-16)<\/a><\/li>\n<li><a href=\"https:\/\/diocesisdebilbao-my.sharepoint.com\/:w:\/g\/personal\/webbizkeliza_bizkeliza_org\/EX5IqSQ0iNdDqfMpjPXRz8oBslpZ8lunLF7D0mUFeRE6zw?e=hy4NDK\" target=\"_blank\" rel=\"noopener\" data-mce-href=\"https:\/\/diocesisdebilbao-my.sharepoint.com\/:w:\/g\/personal\/webbizkeliza_bizkeliza_org\/EX5IqSQ0iNdDqfMpjPXRz8oBslpZ8lunLF7D0mUFeRE6zw?e=hy4NDK\">V.&nbsp; Igandea (2025-02-09)<\/a><\/li>\n<li><a href=\"https:\/\/diocesisdebilbao-my.sharepoint.com\/:w:\/g\/personal\/webbizkeliza_bizkeliza_org\/ERDrnmZNTqNAiCnnK_nyWVIBQOU_26x1Kn0DxcyrS5SuaA?e=NIu0jc\" target=\"_blank\" rel=\"noopener\" data-mce-href=\"https:\/\/diocesisdebilbao-my.sharepoint.com\/:w:\/g\/personal\/webbizkeliza_bizkeliza_org\/ERDrnmZNTqNAiCnnK_nyWVIBQOU_26x1Kn0DxcyrS5SuaA?e=NIu0jc\">IV. Igandea (2025-02-02) Jainkoaren aurkezpena<\/a><\/li>\n<li><a href=\"https:\/\/diocesisdebilbao-my.sharepoint.com\/:w:\/g\/personal\/webbizkeliza_bizkeliza_org\/EWp42g6XNttBuaTMCw6AD0QBS9t1U1Wuns5xhXFkAhb-lA?e=ndpBnp\" target=\"_blank\" rel=\"noopener\" data-mce-href=\"https:\/\/diocesisdebilbao-my.sharepoint.com\/:w:\/g\/personal\/webbizkeliza_bizkeliza_org\/EWp42g6XNttBuaTMCw6AD0QBS9t1U1Wuns5xhXFkAhb-lA?e=ndpBnp\">III. Igandea (2025-01-26)<\/a><\/li>\n<li><a href=\"https:\/\/diocesisdebilbao-my.sharepoint.com\/:w:\/g\/personal\/webbizkeliza_bizkeliza_org\/EdUIkjRR4rJMjL94FQA1K5kBUZEq2VUtJGu115AIvJzSYg?e=HICXxg\" target=\"_blank\" rel=\"noopener\" data-mce-href=\"https:\/\/diocesisdebilbao-my.sharepoint.com\/:w:\/g\/personal\/webbizkeliza_bizkeliza_org\/EdUIkjRR4rJMjL94FQA1K5kBUZEq2VUtJGu115AIvJzSYg?e=HICXxg\">II. Igandea (2025-01-19)<\/a><\/li>\n<\/ul>\n<\/li>\n<\/ul>\n<\/li>\n<\/ul>\n<h5><span style=\"color: #000000;\" data-mce-style=\"color: #000000;\"><strong>JAUNAREN EGUNA OSPATZEKO &#8211; B Zikloa &#8211; 2024<\/strong><\/span><\/h5>\n<ul>\n<li style=\"list-style-type: none;\" data-mce-style=\"list-style-type: none;\">\n<ul>\n<li style=\"list-style-type: none;\" data-mce-style=\"list-style-type: none;\">\n<ul>\n<li><a href=\"https:\/\/diocesisdebilbao-my.sharepoint.com\/:w:\/g\/personal\/webbizkeliza_bizkeliza_org\/EdvYcvv-NaRLn_PvM8n8e2oBv5zNDO0t_ecSzFNWNIu4yA?e=cgLjhl\" target=\"_blank\" rel=\"noopener\" data-mce-href=\"https:\/\/diocesisdebilbao-my.sharepoint.com\/:w:\/g\/personal\/webbizkeliza_bizkeliza_org\/EdvYcvv-NaRLn_PvM8n8e2oBv5zNDO0t_ecSzFNWNIu4yA?e=cgLjhl\">Santiago Apostolua (2024-07-25)<\/a><\/li>\n<li><a href=\"https:\/\/diocesisdebilbao-my.sharepoint.com\/:w:\/g\/personal\/webbizkeliza_bizkeliza_org\/EbzvSOynBSNFiDXdvSUVadUBVFP9UqVMQQOmBDhzZwbFeA?e=cSvpY6\" target=\"_blank\" rel=\"noopener\" data-mce-href=\"https:\/\/diocesisdebilbao-my.sharepoint.com\/:w:\/g\/personal\/webbizkeliza_bizkeliza_org\/EbzvSOynBSNFiDXdvSUVadUBVFP9UqVMQQOmBDhzZwbFeA?e=cSvpY6\">XXXIV. Igandea (2024-11-24 &#8211; Kristo Erregea)<\/a><\/li>\n<li><a href=\"https:\/\/diocesisdebilbao-my.sharepoint.com\/:w:\/g\/personal\/webbizkeliza_bizkeliza_org\/EdS45leYeBZHul5KnrAR3eEBbdP33VTu1tBVuxbEGFNU4A?e=FYZyi0\" target=\"_blank\" rel=\"noopener\" data-mce-href=\"https:\/\/diocesisdebilbao-my.sharepoint.com\/:w:\/g\/personal\/webbizkeliza_bizkeliza_org\/EdS45leYeBZHul5KnrAR3eEBbdP33VTu1tBVuxbEGFNU4A?e=FYZyi0\">XXXIII. Igandea (2024-11-17)<\/a><\/li>\n<li><a href=\"https:\/\/diocesisdebilbao-my.sharepoint.com\/:w:\/g\/personal\/webbizkeliza_bizkeliza_org\/EQkh7Mc5wPBPr49q7aV6wPgBxHM0FKM8nROptT4b4N3WKg?e=xOWRLr\" target=\"_blank\" rel=\"noopener\" data-mce-href=\"https:\/\/diocesisdebilbao-my.sharepoint.com\/:w:\/g\/personal\/webbizkeliza_bizkeliza_org\/EQkh7Mc5wPBPr49q7aV6wPgBxHM0FKM8nROptT4b4N3WKg?e=xOWRLr\">XXXII. Igandea (2024-11-10)<\/a><\/li>\n<li><a href=\"https:\/\/diocesisdebilbao-my.sharepoint.com\/:w:\/g\/personal\/webbizkeliza_bizkeliza_org\/EZ68R2XJc45HrQDqhxkNs_IBu79JI38BtN1191neVcNVKg?e=QxR3LJ\" target=\"_blank\" rel=\"noopener\" data-mce-href=\"https:\/\/diocesisdebilbao-my.sharepoint.com\/:w:\/g\/personal\/webbizkeliza_bizkeliza_org\/EZ68R2XJc45HrQDqhxkNs_IBu79JI38BtN1191neVcNVKg?e=QxR3LJ\">XXXI. Igandea (2024-11-03)<\/a><\/li>\n<li><a href=\"https:\/\/diocesisdebilbao-my.sharepoint.com\/:w:\/g\/personal\/webbizkeliza_bizkeliza_org\/EQXGe1micXNNmzAg0gI4lb4BPYy9Pro_kWji1TpEnKiPPA?e=U6SIbA\" target=\"_blank\" rel=\"noopener\" data-mce-href=\"https:\/\/diocesisdebilbao-my.sharepoint.com\/:w:\/g\/personal\/webbizkeliza_bizkeliza_org\/EQXGe1micXNNmzAg0gI4lb4BPYy9Pro_kWji1TpEnKiPPA?e=U6SIbA\">Domu Santua<\/a>&nbsp;<\/li>\n<li><a href=\"https:\/\/diocesisdebilbao-my.sharepoint.com\/:w:\/g\/personal\/webbizkeliza_bizkeliza_org\/EYhA-JwBqhZPm0NDA-2-RfsB0lhPqnpVVuCnvCGf2CWR0Q?e=SSuDct\" target=\"_blank\" rel=\"noopener\" data-mce-href=\"https:\/\/diocesisdebilbao-my.sharepoint.com\/:w:\/g\/personal\/webbizkeliza_bizkeliza_org\/EYhA-JwBqhZPm0NDA-2-RfsB0lhPqnpVVuCnvCGf2CWR0Q?e=SSuDct\">XXX. Igandea (2024-10-27)<\/a><\/li>\n<li><a href=\"https:\/\/diocesisdebilbao-my.sharepoint.com\/:w:\/g\/personal\/webbizkeliza_bizkeliza_org\/EXsSkJ-_SF5No3xUFjMc9RsBkzC1gqlpsKi4Js74df52-Q?e=pfsSlg\" target=\"_blank\" rel=\"noopener\" data-mce-href=\"https:\/\/diocesisdebilbao-my.sharepoint.com\/:w:\/g\/personal\/webbizkeliza_bizkeliza_org\/EXsSkJ-_SF5No3xUFjMc9RsBkzC1gqlpsKi4Js74df52-Q?e=pfsSlg\">XXIX. Igandea (2024-10-20)<\/a><\/li>\n<li><a href=\"https:\/\/diocesisdebilbao-my.sharepoint.com\/:w:\/g\/personal\/webbizkeliza_bizkeliza_org\/EVZ0cAsKLWJGtaTumae-Hl0BSunnMRJxu1HPLJdjaKY3KQ?e=lRz4E5\" target=\"_blank\" rel=\"noopener\" data-mce-href=\"https:\/\/diocesisdebilbao-my.sharepoint.com\/:w:\/g\/personal\/webbizkeliza_bizkeliza_org\/EVZ0cAsKLWJGtaTumae-Hl0BSunnMRJxu1HPLJdjaKY3KQ?e=lRz4E5\">XXVIII. Igandea (2024-10-13)<\/a><\/li>\n<li><a href=\"https:\/\/diocesisdebilbao-my.sharepoint.com\/:w:\/g\/personal\/webbizkeliza_bizkeliza_org\/ES7treXuBcVNpyLGd9U4cJsBKcqhElBZYOElRu14xRqqDg?e=f9SHBE\" target=\"_blank\" rel=\"noopener\" data-mce-href=\"https:\/\/diocesisdebilbao-my.sharepoint.com\/:w:\/g\/personal\/webbizkeliza_bizkeliza_org\/ES7treXuBcVNpyLGd9U4cJsBKcqhElBZYOElRu14xRqqDg?e=f9SHBE\">XXVII. Igandea (2024-10-06)<\/a><\/li>\n<li><a href=\"https:\/\/diocesisdebilbao-my.sharepoint.com\/:w:\/g\/personal\/webbizkeliza_bizkeliza_org\/EfvcEVfDGpxLpkCthj0WVkwBPtBac0NeitAgRGzJiv3lQw?e=sjBrds\" target=\"_blank\" rel=\"noopener\" data-mce-href=\"https:\/\/diocesisdebilbao-my.sharepoint.com\/:w:\/g\/personal\/webbizkeliza_bizkeliza_org\/EfvcEVfDGpxLpkCthj0WVkwBPtBac0NeitAgRGzJiv3lQw?e=sjBrds\">XXVI. Igandea (2024-09-29)<\/a><\/li>\n<li><a href=\"https:\/\/diocesisdebilbao-my.sharepoint.com\/:w:\/g\/personal\/webbizkeliza_bizkeliza_org\/Ed6WECT-K3lGr91Q-KL1yvgBkwX0t1vdYsV7liY3FF9sEw?e=VTYo94\" target=\"_blank\" rel=\"noopener\" data-mce-href=\"https:\/\/diocesisdebilbao-my.sharepoint.com\/:w:\/g\/personal\/webbizkeliza_bizkeliza_org\/Ed6WECT-K3lGr91Q-KL1yvgBkwX0t1vdYsV7liY3FF9sEw?e=VTYo94\">XXV. Igandea (2024-09-22)<\/a><\/li>\n<li><a href=\"https:\/\/diocesisdebilbao-my.sharepoint.com\/:w:\/g\/personal\/webbizkeliza_bizkeliza_org\/EeTSKuqtDzpArtNtzApPS-8BZCAM4WhbL0JTG1hZuUT4Rw?e=WibzlW\" target=\"_blank\" rel=\"noopener\" data-mce-href=\"https:\/\/diocesisdebilbao-my.sharepoint.com\/:w:\/g\/personal\/webbizkeliza_bizkeliza_org\/EeTSKuqtDzpArtNtzApPS-8BZCAM4WhbL0JTG1hZuUT4Rw?e=WibzlW\">XXIV Igandea (2024-09-15)<\/a><\/li>\n<li><a href=\"https:\/\/diocesisdebilbao-my.sharepoint.com\/:w:\/g\/personal\/webbizkeliza_bizkeliza_org\/EfKieolilQpMuKQ_r5-ZPtgBvZuy79kPqgJ9TGMbv7xYfA?e=2jYH0i\" target=\"_blank\" rel=\"noopener\" data-mce-href=\"https:\/\/diocesisdebilbao-my.sharepoint.com\/:w:\/g\/personal\/webbizkeliza_bizkeliza_org\/EfKieolilQpMuKQ_r5-ZPtgBvZuy79kPqgJ9TGMbv7xYfA?e=2jYH0i\">XXIII Igandea (2024-09-08)<\/a><\/li>\n<li><a href=\"https:\/\/diocesisdebilbao-my.sharepoint.com\/:w:\/g\/personal\/webbizkeliza_bizkeliza_org\/ERLWsgpjkz1EgLzBoQGhIzkBZvGyk8-zeN0Uim-yqkhOpQ?e=BC6aIY\" target=\"_blank\" rel=\"noopener\" data-mce-href=\"https:\/\/diocesisdebilbao-my.sharepoint.com\/:w:\/g\/personal\/webbizkeliza_bizkeliza_org\/ERLWsgpjkz1EgLzBoQGhIzkBZvGyk8-zeN0Uim-yqkhOpQ?e=BC6aIY\">XXII Igandea (2024-09-01)<\/a><\/li>\n<li><a href=\"https:\/\/diocesisdebilbao-my.sharepoint.com\/:w:\/g\/personal\/webbizkeliza_bizkeliza_org\/ESiGcEQH6ilFrx8RvE6TuTUB7Map9TAPlgzYyUOeZVdoGQ?e=Zxfsys\" target=\"_blank\" rel=\"noopener\" data-mce-href=\"https:\/\/diocesisdebilbao-my.sharepoint.com\/:w:\/g\/personal\/webbizkeliza_bizkeliza_org\/ESiGcEQH6ilFrx8RvE6TuTUB7Map9TAPlgzYyUOeZVdoGQ?e=Zxfsys\">XXI.Igandea (2024-08-25)<\/a><\/li>\n<li><a href=\"https:\/\/diocesisdebilbao-my.sharepoint.com\/:w:\/g\/personal\/webbizkeliza_bizkeliza_org\/ETCS12INqA5PrXBTOBDykaMBcJwlveSiKJWF3FZuaMt6CQ?e=s0Vpn4\" target=\"_blank\" rel=\"noopener\" data-mce-href=\"https:\/\/diocesisdebilbao-my.sharepoint.com\/:w:\/g\/personal\/webbizkeliza_bizkeliza_org\/ETCS12INqA5PrXBTOBDykaMBcJwlveSiKJWF3FZuaMt6CQ?e=s0Vpn4\">XX. Igandea (2024-08-18)<\/a><\/li>\n<li><a href=\"https:\/\/diocesisdebilbao-my.sharepoint.com\/:w:\/g\/personal\/webbizkeliza_bizkeliza_org\/EZanNF0RIW1Nqt2Adze6Xt8BwcVIYBgtdk9X9RKr0BtQDw?e=dVnHLz\" target=\"_blank\" rel=\"noopener\" data-mce-href=\"https:\/\/diocesisdebilbao-my.sharepoint.com\/:w:\/g\/personal\/webbizkeliza_bizkeliza_org\/EZanNF0RIW1Nqt2Adze6Xt8BwcVIYBgtdk9X9RKr0BtQDw?e=dVnHLz\">Andra Mariaren Zeruratzea (2024-08-15)<\/a><\/li>\n<li><a href=\"https:\/\/diocesisdebilbao-my.sharepoint.com\/:w:\/g\/personal\/webbizkeliza_bizkeliza_org\/EeTsFBDe9JFHm7qB-5Q_RwkBsOPSD30YF1nZcnFwxJrlKA?e=ifJmYo\" target=\"_blank\" rel=\"noopener\" data-mce-href=\"https:\/\/diocesisdebilbao-my.sharepoint.com\/:w:\/g\/personal\/webbizkeliza_bizkeliza_org\/EeTsFBDe9JFHm7qB-5Q_RwkBsOPSD30YF1nZcnFwxJrlKA?e=ifJmYo\">XIX. Igandea (2024-08-11)<\/a><\/li>\n<li><a href=\"https:\/\/diocesisdebilbao-my.sharepoint.com\/:w:\/g\/personal\/webbizkeliza_bizkeliza_org\/EcYa_ffqL5lFou49D9jv1HcBnwf35pokJ_v4dS2xybinIw?e=asZPTE\" target=\"_blank\" rel=\"noopener\" data-mce-href=\"https:\/\/diocesisdebilbao-my.sharepoint.com\/:w:\/g\/personal\/webbizkeliza_bizkeliza_org\/EcYa_ffqL5lFou49D9jv1HcBnwf35pokJ_v4dS2xybinIw?e=asZPTE\">XVIII. Igandea (2024-08-04)<\/a><\/li>\n<li><a href=\"https:\/\/diocesisdebilbao-my.sharepoint.com\/:w:\/g\/personal\/webbizkeliza_bizkeliza_org\/EYA6A7me6W9JoXzowghYWH4BWYKw72KWJM0S8guF5hudZw?e=kFupmQ\" target=\"_blank\" rel=\"noopener\" data-mce-href=\"https:\/\/diocesisdebilbao-my.sharepoint.com\/:w:\/g\/personal\/webbizkeliza_bizkeliza_org\/EYA6A7me6W9JoXzowghYWH4BWYKw72KWJM0S8guF5hudZw?e=kFupmQ\">San Inazio (2024-07-31)<\/a><\/li>\n<li><a href=\"https:\/\/diocesisdebilbao-my.sharepoint.com\/:w:\/g\/personal\/webbizkeliza_bizkeliza_org\/EVc2BMtnvJFHtrsyaH1RN1MBSJWmy54EQ5u0Bz8jm4Epog?e=ti2UXA\" target=\"_blank\" rel=\"noopener\" data-mce-href=\"https:\/\/diocesisdebilbao-my.sharepoint.com\/:w:\/g\/personal\/webbizkeliza_bizkeliza_org\/EVc2BMtnvJFHtrsyaH1RN1MBSJWmy54EQ5u0Bz8jm4Epog?e=ti2UXA\">XVII. Igandea (2024-07-28)<\/a><\/li>\n<li><a href=\"https:\/\/diocesisdebilbao-my.sharepoint.com\/:w:\/g\/personal\/webbizkeliza_bizkeliza_org\/EbIpfKvulB9Eh1mCx6NdIl4BhpqHM8JczqcXLkKscIJ8Nw?e=WXktMr\" target=\"_blank\" rel=\"noopener\" data-mce-href=\"https:\/\/diocesisdebilbao-my.sharepoint.com\/:w:\/g\/personal\/webbizkeliza_bizkeliza_org\/EbIpfKvulB9Eh1mCx6NdIl4BhpqHM8JczqcXLkKscIJ8Nw?e=WXktMr\">Santiago Apostolua (2024-07-25)<\/a><\/li>\n<li><a href=\"https:\/\/diocesisdebilbao-my.sharepoint.com\/:w:\/g\/personal\/webbizkeliza_bizkeliza_org\/EQrqLHFS40FLqmACtP6tfRsBhwaUpkQP74I4DCp0A4pnLg?e=vUXF2S\" target=\"_blank\" rel=\"noopener\" data-mce-href=\"https:\/\/diocesisdebilbao-my.sharepoint.com\/:w:\/g\/personal\/webbizkeliza_bizkeliza_org\/EQrqLHFS40FLqmACtP6tfRsBhwaUpkQP74I4DCp0A4pnLg?e=vUXF2S\">XVI. Igandea (2024-07-21)<\/a><\/li>\n<li><a href=\"https:\/\/diocesisdebilbao-my.sharepoint.com\/:w:\/g\/personal\/webbizkeliza_bizkeliza_org\/EWY583mnm6pJnyITAXvzIccBUGPTFccQaNzZLdp6IHxLOg?e=ccspma\" target=\"_blank\" rel=\"noopener\" data-mce-href=\"https:\/\/diocesisdebilbao-my.sharepoint.com\/:w:\/g\/personal\/webbizkeliza_bizkeliza_org\/EWY583mnm6pJnyITAXvzIccBUGPTFccQaNzZLdp6IHxLOg?e=ccspma\">XV. Igandea (2024-07-14)<\/a><\/li>\n<li><a href=\"https:\/\/diocesisdebilbao-my.sharepoint.com\/:w:\/g\/personal\/webbizkeliza_bizkeliza_org\/ETrxK47wHfVDrz2qoXAWWbsBqPv3B7qtFCPvGfdZXEq6vQ?e=bhH2BJ\" target=\"_blank\" rel=\"noopener\" data-mce-href=\"https:\/\/diocesisdebilbao-my.sharepoint.com\/:w:\/g\/personal\/webbizkeliza_bizkeliza_org\/ETrxK47wHfVDrz2qoXAWWbsBqPv3B7qtFCPvGfdZXEq6vQ?e=bhH2BJ\">XIV. Igandea (2024-07-07)<\/a><\/li>\n<li><a href=\"https:\/\/diocesisdebilbao-my.sharepoint.com\/:w:\/g\/personal\/webbizkeliza_bizkeliza_org\/EZAs-J9AnmNOvMNUsnv4RWgBVyArG4rry5ScKPCQSGs2QA?e=w8oMYj\" target=\"_blank\" rel=\"noopener\" data-mce-href=\"https:\/\/diocesisdebilbao-my.sharepoint.com\/:w:\/g\/personal\/webbizkeliza_bizkeliza_org\/EZAs-J9AnmNOvMNUsnv4RWgBVyArG4rry5ScKPCQSGs2QA?e=w8oMYj\">XIII. Igandea (2024-06-30)<\/a><\/li>\n<li><a href=\"https:\/\/diocesisdebilbao-my.sharepoint.com\/:w:\/g\/personal\/webbizkeliza_bizkeliza_org\/EffQPJPV1U5Jq7QBaawV9pUB5zvf-tVVZA7J75EctXWPNQ?e=batVIg\" target=\"_blank\" rel=\"noopener\" data-mce-href=\"https:\/\/diocesisdebilbao-my.sharepoint.com\/:w:\/g\/personal\/webbizkeliza_bizkeliza_org\/EffQPJPV1U5Jq7QBaawV9pUB5zvf-tVVZA7J75EctXWPNQ?e=batVIg\">XII. Igandea (2024-06-23)<\/a><\/li>\n<li><a href=\"https:\/\/diocesisdebilbao-my.sharepoint.com\/:w:\/g\/personal\/webbizkeliza_bizkeliza_org\/EVVo-Zko3rZOheLCNc1iJ1IBta9M8Gnlw8sn_zwIXcMsBg?e=4ZeU9W\" target=\"_blank\" rel=\"noopener\" data-mce-href=\"https:\/\/diocesisdebilbao-my.sharepoint.com\/:w:\/g\/personal\/webbizkeliza_bizkeliza_org\/EVVo-Zko3rZOheLCNc1iJ1IBta9M8Gnlw8sn_zwIXcMsBg?e=4ZeU9W\">XI. Igandea (2024-06-16)<\/a><\/li>\n<li><a href=\"https:\/\/diocesisdebilbao-my.sharepoint.com\/:w:\/g\/personal\/webbizkeliza_bizkeliza_org\/EWBYeAfSEfJKi4rmAJ90zLYByhOcMQnehfOu2L4V1F10Aw?e=lvfr3O\" target=\"_blank\" rel=\"noopener\" data-mce-href=\"https:\/\/diocesisdebilbao-my.sharepoint.com\/:w:\/g\/personal\/webbizkeliza_bizkeliza_org\/EWBYeAfSEfJKi4rmAJ90zLYByhOcMQnehfOu2L4V1F10Aw?e=lvfr3O\">X. Igandea (2024-06-09)<\/a><\/li>\n<li><a href=\"https:\/\/diocesisdebilbao-my.sharepoint.com\/:w:\/g\/personal\/webbizkeliza_bizkeliza_org\/EXiP4RbDjLdJokrYWIpxoQYB7zY8hOiMsGQ1kC2XT2nUJg?e=qhegnU\" target=\"_blank\" rel=\"noopener\" data-mce-href=\"https:\/\/diocesisdebilbao-my.sharepoint.com\/:w:\/g\/personal\/webbizkeliza_bizkeliza_org\/EXiP4RbDjLdJokrYWIpxoQYB7zY8hOiMsGQ1kC2XT2nUJg?e=qhegnU\">Corpus Cristi (2024-06-02)<\/a><\/li>\n<li><a href=\"https:\/\/diocesisdebilbao-my.sharepoint.com\/:w:\/g\/personal\/webbizkeliza_bizkeliza_org\/Eb2oh7h_7kBFjd4G72xnsE4B74AYkpQfbKv38QgmVQG29g?e=6h42Hy\" target=\"_blank\" rel=\"noopener\" data-mce-href=\"https:\/\/diocesisdebilbao-my.sharepoint.com\/:w:\/g\/personal\/webbizkeliza_bizkeliza_org\/Eb2oh7h_7kBFjd4G72xnsE4B74AYkpQfbKv38QgmVQG29g?e=6h42Hy\">Hirutasun Santua (2024-05-26)<\/a><\/li>\n<li><a href=\"https:\/\/diocesisdebilbao-my.sharepoint.com\/:w:\/g\/personal\/webbizkeliza_bizkeliza_org\/EbMb81QDB5ZFtabOPjzDalIBa7MoCnLn8aR-QDd9Qr91gw?e=hwboYP\" target=\"_blank\" rel=\"noopener\" data-mce-href=\"https:\/\/diocesisdebilbao-my.sharepoint.com\/:w:\/g\/personal\/webbizkeliza_bizkeliza_org\/EbMb81QDB5ZFtabOPjzDalIBa7MoCnLn8aR-QDd9Qr91gw?e=hwboYP\">VI. Igandea (2024-02-11)<\/a><\/li>\n<li><a href=\"https:\/\/diocesisdebilbao-my.sharepoint.com\/:w:\/g\/personal\/webbizkeliza_bizkeliza_org\/EZMf-L0lgTFAmLZd2GsQfkYBpiWMzrHX_x4USCju94y3kg?e=Juv78h\" target=\"_blank\" rel=\"noopener\" data-mce-href=\"https:\/\/diocesisdebilbao-my.sharepoint.com\/:w:\/g\/personal\/webbizkeliza_bizkeliza_org\/EZMf-L0lgTFAmLZd2GsQfkYBpiWMzrHX_x4USCju94y3kg?e=Juv78h\">V. Igandea (2024-02-04)<\/a><\/li>\n<li><a href=\"https:\/\/diocesisdebilbao-my.sharepoint.com\/:w:\/g\/personal\/webbizkeliza_bizkeliza_org\/Ebf0kuOPnM1GkzlXCMwDziQBG4Ubm7ihIcK2RtClhiUZrg?e=hXnUla\" target=\"_blank\" rel=\"noopener\" data-mce-href=\"https:\/\/diocesisdebilbao-my.sharepoint.com\/:w:\/g\/personal\/webbizkeliza_bizkeliza_org\/Ebf0kuOPnM1GkzlXCMwDziQBG4Ubm7ihIcK2RtClhiUZrg?e=hXnUla\">IV. Igandea (2024-01-28)<\/a><\/li>\n<li><a href=\"https:\/\/diocesisdebilbao-my.sharepoint.com\/:w:\/g\/personal\/webbizkeliza_bizkeliza_org\/EbvkpLmLgClPvZR1Fhg5AaUBWSSFCXjegOfaSx1J4ekhUQ?e=nisxgc\" target=\"_blank\" rel=\"noopener\" data-mce-href=\"https:\/\/diocesisdebilbao-my.sharepoint.com\/:w:\/g\/personal\/webbizkeliza_bizkeliza_org\/EbvkpLmLgClPvZR1Fhg5AaUBWSSFCXjegOfaSx1J4ekhUQ?e=nisxgc\">III. Igandea (2024-01-21)<\/a><\/li>\n<li><a href=\"https:\/\/diocesisdebilbao-my.sharepoint.com\/:w:\/g\/personal\/webbizkeliza_bizkeliza_org\/EQItYGNYCWNEtEzjl5bKg7UBbDGIlJFktrUChxNwptb4Tg?e=Q2zb7H\" target=\"_blank\" rel=\"noopener\" data-mce-href=\"https:\/\/diocesisdebilbao-my.sharepoint.com\/:w:\/g\/personal\/webbizkeliza_bizkeliza_org\/EQItYGNYCWNEtEzjl5bKg7UBbDGIlJFktrUChxNwptb4Tg?e=Q2zb7H\">II. Igandea (2024-01-14)<\/a><\/li>\n<\/ul>\n<\/li>\n<\/ul>\n<\/li>\n<\/ul>\n<h5><span style=\"color: #000000;\" data-mce-style=\"color: #000000;\"><strong>JAUNAREN EGUNA OSPATZEKO &#8211; A Zikloa &#8211; 2023<\/strong><\/span><\/h5>\n<ul>\n<li style=\"list-style-type: none;\" data-mce-style=\"list-style-type: none;\">\n<ul>\n<li style=\"list-style-type: none;\" data-mce-style=\"list-style-type: none;\">\n<ul>\n<li><a href=\"https:\/\/diocesisdebilbao-my.sharepoint.com\/:w:\/g\/personal\/webbizkeliza_bizkeliza_org\/EcF6X_w0WcdAvpJjoh_GlS0BF46RNDeU2MhEHyWvvfrlbQ?e=LAU2bT\" target=\"_blank\" rel=\"noopener\" data-mce-href=\"https:\/\/diocesisdebilbao-my.sharepoint.com\/:w:\/g\/personal\/webbizkeliza_bizkeliza_org\/EcF6X_w0WcdAvpJjoh_GlS0BF46RNDeU2MhEHyWvvfrlbQ?e=LAU2bT\">XXXIV. Igandea Kristo Errege (2023-11-26)<\/a><\/li>\n<li><a href=\"https:\/\/diocesisdebilbao-my.sharepoint.com\/:w:\/g\/personal\/webbizkeliza_bizkeliza_org\/EZ0izxMPul1EqalR6kxOFBkBPzSQAxVGmHpVAaqD6R4ZuA?e=1kUCS4\" target=\"_blank\" rel=\"noopener\" data-mce-href=\"https:\/\/diocesisdebilbao-my.sharepoint.com\/:w:\/g\/personal\/webbizkeliza_bizkeliza_org\/EZ0izxMPul1EqalR6kxOFBkBPzSQAxVGmHpVAaqD6R4ZuA?e=1kUCS4\">XXXIII. Igandea (2023-11-19)<\/a><\/li>\n<li><a href=\"https:\/\/diocesisdebilbao-my.sharepoint.com\/:w:\/g\/personal\/webbizkeliza_bizkeliza_org\/Ec_X-B4s345BhCf94KASQsMB-6UatqAwfnDtsE727Z080A?e=j0rocZ\" target=\"_blank\" rel=\"noopener\" data-mce-href=\"https:\/\/diocesisdebilbao-my.sharepoint.com\/:w:\/g\/personal\/webbizkeliza_bizkeliza_org\/Ec_X-B4s345BhCf94KASQsMB-6UatqAwfnDtsE727Z080A?e=j0rocZ\">XXXII. Igandea (2023-11-12)<\/a><\/li>\n<li><a href=\"https:\/\/diocesisdebilbao-my.sharepoint.com\/:w:\/g\/personal\/webbizkeliza_bizkeliza_org\/EdV6fs0HLYBLgqgtiG0hwtUBqxFTApfs2aycVtstFrgk_w?e=EeKqma\" target=\"_blank\" rel=\"noopener\" data-mce-href=\"https:\/\/diocesisdebilbao-my.sharepoint.com\/:w:\/g\/personal\/webbizkeliza_bizkeliza_org\/EdV6fs0HLYBLgqgtiG0hwtUBqxFTApfs2aycVtstFrgk_w?e=EeKqma\">XXXI. Igandea (2023-11-05)<\/a><\/li>\n<li><a href=\"https:\/\/diocesisdebilbao-my.sharepoint.com\/:w:\/g\/personal\/webbizkeliza_bizkeliza_org\/EZFpB2bhIdZFqZ_RFp5djKgBJ1_s68s_FHvxIjI2nveIlw?e=ARLxBI\" target=\"_blank\" rel=\"noopener\" data-mce-href=\"https:\/\/diocesisdebilbao-my.sharepoint.com\/:w:\/g\/personal\/webbizkeliza_bizkeliza_org\/EZFpB2bhIdZFqZ_RFp5djKgBJ1_s68s_FHvxIjI2nveIlw?e=ARLxBI\">Domu Santua<\/a><\/li>\n<li><a href=\"https:\/\/diocesisdebilbao-my.sharepoint.com\/:w:\/g\/personal\/webbizkeliza_bizkeliza_org\/ETOpFpIQx6tEvP0FKYHAQ1cBZ9X9nLoae1sDyMj7cOBCQw?e=uMeDIV\" target=\"_blank\" rel=\"noopener\" data-mce-href=\"https:\/\/diocesisdebilbao-my.sharepoint.com\/:w:\/g\/personal\/webbizkeliza_bizkeliza_org\/ETOpFpIQx6tEvP0FKYHAQ1cBZ9X9nLoae1sDyMj7cOBCQw?e=uMeDIV\">XXX. Igandea (2023-10-30)<\/a><\/li>\n<li><a href=\"https:\/\/diocesisdebilbao-my.sharepoint.com\/:w:\/g\/personal\/webbizkeliza_bizkeliza_org\/Ed-IJ8LQjURIvyprblxB8foB-PSkBx0ahJdX8hcEjxCv_w?e=ScChXO\" target=\"_blank\" rel=\"noopener\" data-mce-href=\"https:\/\/diocesisdebilbao-my.sharepoint.com\/:w:\/g\/personal\/webbizkeliza_bizkeliza_org\/Ed-IJ8LQjURIvyprblxB8foB-PSkBx0ahJdX8hcEjxCv_w?e=ScChXO\">XXIX. Igandea (2023-10-23)<\/a><\/li>\n<li><a href=\"https:\/\/diocesisdebilbao-my.sharepoint.com\/:w:\/g\/personal\/webbizkeliza_bizkeliza_org\/EbL7IyM2LlpHmK1w1zqLPMgBBcmhFq0YIRUsLuq_eGtq9w?e=5bM2lm\" target=\"_blank\" rel=\"noopener\" data-mce-href=\"https:\/\/diocesisdebilbao-my.sharepoint.com\/:w:\/g\/personal\/webbizkeliza_bizkeliza_org\/EbL7IyM2LlpHmK1w1zqLPMgBBcmhFq0YIRUsLuq_eGtq9w?e=5bM2lm\">XXVIII. Igandea (2023-10-15)<\/a><\/li>\n<li><a href=\"https:\/\/diocesisdebilbao-my.sharepoint.com\/:w:\/g\/personal\/webbizkeliza_bizkeliza_org\/EanTIgDyvFxEtmvdP_sgg4kBadJ9K6J7L0dTIS1LaibuWA?e=fzDTPb\" target=\"_blank\" rel=\"noopener\" data-mce-href=\"https:\/\/diocesisdebilbao-my.sharepoint.com\/:w:\/g\/personal\/webbizkeliza_bizkeliza_org\/EanTIgDyvFxEtmvdP_sgg4kBadJ9K6J7L0dTIS1LaibuWA?e=fzDTPb\">XXVII. Igandea (2023-10-08)<\/a><\/li>\n<li><a href=\"https:\/\/diocesisdebilbao-my.sharepoint.com\/:w:\/g\/personal\/webbizkeliza_bizkeliza_org\/EYEtQ_H6qGBMnFl9nPWHMOEBXqKtdGlbx6DD4MqM_PoC3A?e=HgEJ7x\" target=\"_blank\" rel=\"noopener\" data-mce-href=\"https:\/\/diocesisdebilbao-my.sharepoint.com\/:w:\/g\/personal\/webbizkeliza_bizkeliza_org\/EYEtQ_H6qGBMnFl9nPWHMOEBXqKtdGlbx6DD4MqM_PoC3A?e=HgEJ7x\">XXVI. Igandea (2023-10-01)<\/a><\/li>\n<li><a href=\"https:\/\/diocesisdebilbao-my.sharepoint.com\/:w:\/g\/personal\/webbizkeliza_bizkeliza_org\/EZ9ucyZjX0tHvk3AnauSgXUBlQtwIx-mUaNpZqs1X0zyfg?e=QWx7SB\" target=\"_blank\" rel=\"noopener\" data-mce-href=\"https:\/\/diocesisdebilbao-my.sharepoint.com\/:w:\/g\/personal\/webbizkeliza_bizkeliza_org\/EZ9ucyZjX0tHvk3AnauSgXUBlQtwIx-mUaNpZqs1X0zyfg?e=QWx7SB\">XXV. Igandea (2023-09-24)<\/a><\/li>\n<li><a href=\"https:\/\/diocesisdebilbao-my.sharepoint.com\/:w:\/g\/personal\/webbizkeliza_bizkeliza_org\/EbTSGlfkJJtPtC3fsaIqPjoBE0ZqKmwrGU6-nyMZ-HtbrQ?e=KCqaHA\" target=\"_blank\" rel=\"noopener\" data-mce-href=\"https:\/\/diocesisdebilbao-my.sharepoint.com\/:w:\/g\/personal\/webbizkeliza_bizkeliza_org\/EbTSGlfkJJtPtC3fsaIqPjoBE0ZqKmwrGU6-nyMZ-HtbrQ?e=KCqaHA\">XXIV. Igandea (2023-09-17)<\/a><\/li>\n<li><a href=\"https:\/\/diocesisdebilbao-my.sharepoint.com\/:w:\/g\/personal\/webbizkeliza_bizkeliza_org\/ETAKEOX55xZKgWcsABDp68oBJjEcvDtTMrVGBvBcjkQ0CA?e=ldJsVs\" target=\"_blank\" rel=\"noopener\" data-mce-href=\"https:\/\/diocesisdebilbao-my.sharepoint.com\/:w:\/g\/personal\/webbizkeliza_bizkeliza_org\/ETAKEOX55xZKgWcsABDp68oBJjEcvDtTMrVGBvBcjkQ0CA?e=ldJsVs\">XXIII. Igandea (2023-09-10)<\/a><\/li>\n<li><a href=\"https:\/\/diocesisdebilbao-my.sharepoint.com\/:w:\/g\/personal\/webbizkeliza_bizkeliza_org\/EXKLhJ6JY7pIjFNVfI650RMB1M7BBAKghnw2GSBbcESXew?e=ZCM6yX\" target=\"_blank\" rel=\"noopener\" data-mce-href=\"https:\/\/diocesisdebilbao-my.sharepoint.com\/:w:\/g\/personal\/webbizkeliza_bizkeliza_org\/EXKLhJ6JY7pIjFNVfI650RMB1M7BBAKghnw2GSBbcESXew?e=ZCM6yX\">XXII. Igandea (2023-09-03)<\/a><\/li>\n<li><a href=\"https:\/\/diocesisdebilbao-my.sharepoint.com\/:w:\/g\/personal\/webbizkeliza_bizkeliza_org\/EX3Fkdq_KspAmr2_epBmmEcBm8s4s2pBEqF6Pgi3Qoic7A?e=Uhcqs4\" target=\"_blank\" rel=\"noopener\" data-mce-href=\"https:\/\/diocesisdebilbao-my.sharepoint.com\/:w:\/g\/personal\/webbizkeliza_bizkeliza_org\/EX3Fkdq_KspAmr2_epBmmEcBm8s4s2pBEqF6Pgi3Qoic7A?e=Uhcqs4\">XXI. Igandea (2023-08-27)<\/a><\/li>\n<li><a href=\"https:\/\/diocesisdebilbao-my.sharepoint.com\/:w:\/g\/personal\/webbizkeliza_bizkeliza_org\/ERq5B0w6ESlFn8i5waUIlwgBhuXDCvyM2k9sYEokVYYG3Q?e=6Kl0UK\" target=\"_blank\" rel=\"noopener\" data-mce-href=\"https:\/\/diocesisdebilbao-my.sharepoint.com\/:w:\/g\/personal\/webbizkeliza_bizkeliza_org\/ERq5B0w6ESlFn8i5waUIlwgBhuXDCvyM2k9sYEokVYYG3Q?e=6Kl0UK\">XX. Igandea (2023-08-20)<\/a><\/li>\n<li><a href=\"https:\/\/diocesisdebilbao-my.sharepoint.com\/:w:\/g\/personal\/webbizkeliza_bizkeliza_org\/EakNSdGs2oxOv0fXdfgSd1kBULVe0dUNd8-AUmmmmXG7JA?e=ARy0O5\" target=\"_blank\" rel=\"noopener\" data-mce-href=\"https:\/\/diocesisdebilbao-my.sharepoint.com\/:w:\/g\/personal\/webbizkeliza_bizkeliza_org\/EakNSdGs2oxOv0fXdfgSd1kBULVe0dUNd8-AUmmmmXG7JA?e=ARy0O5\">Jasokundea<\/a><\/li>\n<li><a href=\"https:\/\/diocesisdebilbao-my.sharepoint.com\/:w:\/g\/personal\/webbizkeliza_bizkeliza_org\/ETgDxZiR0jxEphJ4HmEJVLUBUnj5670qbe-J7yfT8CR5GQ?e=zhoAqk\" target=\"_blank\" rel=\"noopener\" data-mce-href=\"https:\/\/diocesisdebilbao-my.sharepoint.com\/:w:\/g\/personal\/webbizkeliza_bizkeliza_org\/ETgDxZiR0jxEphJ4HmEJVLUBUnj5670qbe-J7yfT8CR5GQ?e=zhoAqk\">XIX. Igandea (2023-08-13)<\/a><\/li>\n<li><a href=\"https:\/\/diocesisdebilbao-my.sharepoint.com\/:w:\/g\/personal\/webbizkeliza_bizkeliza_org\/EU4j8t-3pKZBixrj3ORxMgYBXBGQtzjRPuL8hwyrSaQtgA?e=zibA30\" target=\"_blank\" rel=\"noopener\" data-mce-href=\"https:\/\/diocesisdebilbao-my.sharepoint.com\/:w:\/g\/personal\/webbizkeliza_bizkeliza_org\/EU4j8t-3pKZBixrj3ORxMgYBXBGQtzjRPuL8hwyrSaQtgA?e=zibA30\">Antzaldaketa (2023-08-06)<\/a><\/li>\n<li><a href=\"https:\/\/diocesisdebilbao-my.sharepoint.com\/:w:\/g\/personal\/webbizkeliza_bizkeliza_org\/EWhHO0yZmwNPjPbO2LJfw7sB_tDD7TY5qQPjjene8ZaXVg?e=xTK2KY\" target=\"_blank\" rel=\"noopener\" data-mce-href=\"https:\/\/diocesisdebilbao-my.sharepoint.com\/:w:\/g\/personal\/webbizkeliza_bizkeliza_org\/EWhHO0yZmwNPjPbO2LJfw7sB_tDD7TY5qQPjjene8ZaXVg?e=xTK2KY\">San Inazio (2023-07-31)<\/a><\/li>\n<li><a href=\"https:\/\/diocesisdebilbao-my.sharepoint.com\/:w:\/g\/personal\/webbizkeliza_bizkeliza_org\/EQ6zq5Cak1xFrCmDcvN9yH0Bgz0Zo5aBbCeooRiwHFdZvQ?e=MPqGeI\" target=\"_blank\" rel=\"noopener\" data-mce-href=\"https:\/\/diocesisdebilbao-my.sharepoint.com\/:w:\/g\/personal\/webbizkeliza_bizkeliza_org\/EQ6zq5Cak1xFrCmDcvN9yH0Bgz0Zo5aBbCeooRiwHFdZvQ?e=MPqGeI\">XVII. Igandea (2023-07-30)<\/a><\/li>\n<li><a href=\"https:\/\/diocesisdebilbao-my.sharepoint.com\/:w:\/g\/personal\/webbizkeliza_bizkeliza_org\/EVtsyQjY3AJMlbW5hy1AKysBtpdzSPG7f1zEaR5Xorud_Q?e=eFAT5R\" target=\"_blank\" rel=\"noopener\" data-mce-href=\"https:\/\/diocesisdebilbao-my.sharepoint.com\/:w:\/g\/personal\/webbizkeliza_bizkeliza_org\/EVtsyQjY3AJMlbW5hy1AKysBtpdzSPG7f1zEaR5Xorud_Q?e=eFAT5R\">Santiago Apostolua<\/a><\/li>\n<li><a href=\"https:\/\/diocesisdebilbao-my.sharepoint.com\/:w:\/g\/personal\/webbizkeliza_bizkeliza_org\/EXRBMSQo9pxHpllqmVRvXK4Bk1Xmvj5l3GsCAUC8P6_jNw?e=YD8P8J\" target=\"_blank\" rel=\"noopener\" data-mce-href=\"https:\/\/diocesisdebilbao-my.sharepoint.com\/:w:\/g\/personal\/webbizkeliza_bizkeliza_org\/EXRBMSQo9pxHpllqmVRvXK4Bk1Xmvj5l3GsCAUC8P6_jNw?e=YD8P8J\">XVI. Igandea (2023-07-23)<\/a><\/li>\n<li><a href=\"https:\/\/diocesisdebilbao-my.sharepoint.com\/:w:\/g\/personal\/webbizkeliza_bizkeliza_org\/EWmE24a1B-dNnKm7ejRvIJ0BTAyipEQxJx_Fudi-lz3Fpw?e=Wv57Ie\" target=\"_blank\" rel=\"noopener\" data-mce-href=\"https:\/\/diocesisdebilbao-my.sharepoint.com\/:w:\/g\/personal\/webbizkeliza_bizkeliza_org\/EWmE24a1B-dNnKm7ejRvIJ0BTAyipEQxJx_Fudi-lz3Fpw?e=Wv57Ie\">XV. Igandea<\/a><\/li>\n<li><a href=\"https:\/\/diocesisdebilbao-my.sharepoint.com\/:w:\/g\/personal\/webbizkeliza_bizkeliza_org\/EQvREtctOhBAofPW_sMkDY0BJelnmC-7O63L2qH_ZnH8iQ?e=huYboM\" target=\"_blank\" rel=\"noopener\" data-mce-href=\"https:\/\/diocesisdebilbao-my.sharepoint.com\/:w:\/g\/personal\/webbizkeliza_bizkeliza_org\/EQvREtctOhBAofPW_sMkDY0BJelnmC-7O63L2qH_ZnH8iQ?e=huYboM\">XIV. Igandea<\/a><\/li>\n<li><a href=\"https:\/\/diocesisdebilbao-my.sharepoint.com\/:w:\/g\/personal\/webbizkeliza_bizkeliza_org\/EZKrZwj0gAVArzF4XYNzzQkBfkk-ZLrs948h6A92Lc9izA?e=7WijA3\" target=\"_blank\" rel=\"noopener\" data-mce-href=\"https:\/\/diocesisdebilbao-my.sharepoint.com\/:w:\/g\/personal\/webbizkeliza_bizkeliza_org\/EZKrZwj0gAVArzF4XYNzzQkBfkk-ZLrs948h6A92Lc9izA?e=7WijA3\">XIII. Igandea<\/a><\/li>\n<li><a href=\"https:\/\/diocesisdebilbao-my.sharepoint.com\/:w:\/g\/personal\/webbizkeliza_bizkeliza_org\/EezoJRCewkJIiB_Sx302f3IB5YeORtudgqLockIYwIZs2g?e=8EGpoh\" target=\"_blank\" rel=\"noopener\" data-mce-href=\"https:\/\/diocesisdebilbao-my.sharepoint.com\/:w:\/g\/personal\/webbizkeliza_bizkeliza_org\/EezoJRCewkJIiB_Sx302f3IB5YeORtudgqLockIYwIZs2g?e=8EGpoh\">XII. Igandea<\/a><\/li>\n<li><a href=\"https:\/\/diocesisdebilbao-my.sharepoint.com\/:w:\/g\/personal\/webbizkeliza_bizkeliza_org\/EeYAxHw5NJtMiYALaGEeFUIBfeySXE4z8NmVQmvIFcGV7A?e=ncZC5m\" target=\"_blank\" rel=\"noopener\" data-mce-href=\"https:\/\/diocesisdebilbao-my.sharepoint.com\/:w:\/g\/personal\/webbizkeliza_bizkeliza_org\/EeYAxHw5NJtMiYALaGEeFUIBfeySXE4z8NmVQmvIFcGV7A?e=ncZC5m\">XI. Igandea<\/a><\/li>\n<li><a href=\"https:\/\/diocesisdebilbao-my.sharepoint.com\/:w:\/g\/personal\/webbizkeliza_bizkeliza_org\/EaPMtKWpuxVJgJ5EsqYENXIBr7Mz3CTOnNQwJ_aTUoNU8Q?e=L99PbK\" target=\"_blank\" rel=\"noopener\" data-mce-href=\"https:\/\/diocesisdebilbao-my.sharepoint.com\/:w:\/g\/personal\/webbizkeliza_bizkeliza_org\/EaPMtKWpuxVJgJ5EsqYENXIBr7Mz3CTOnNQwJ_aTUoNU8Q?e=L99PbK\">Corpus Christi<\/a><\/li>\n<li><a href=\"https:\/\/diocesisdebilbao-my.sharepoint.com\/:w:\/g\/personal\/webbizkeliza_bizkeliza_org\/EbhWTfiW9DlHq9PgamJ0PpwBMBLUWn2JjdeIUQxpM6n3vw?e=JuNzLZ\" target=\"_blank\" rel=\"noopener\" data-mce-href=\"https:\/\/diocesisdebilbao-my.sharepoint.com\/:w:\/g\/personal\/webbizkeliza_bizkeliza_org\/EbhWTfiW9DlHq9PgamJ0PpwBMBLUWn2JjdeIUQxpM6n3vw?e=JuNzLZ\">Hirutasun Santua<\/a><\/li>\n<li><a href=\"https:\/\/diocesisdebilbao-my.sharepoint.com\/:w:\/g\/personal\/webbizkeliza_bizkeliza_org\/Edwnl9ASiKdDpy5i8Js9BHwBaBnTem_AV_hZo769yYFsGA?e=MVLDHc\" target=\"_blank\" rel=\"noopener\" data-mce-href=\"https:\/\/diocesisdebilbao-my.sharepoint.com\/:w:\/g\/personal\/webbizkeliza_bizkeliza_org\/Edwnl9ASiKdDpy5i8Js9BHwBaBnTem_AV_hZo769yYFsGA?e=MVLDHc\">VII. Igandea<\/a><\/li>\n<li><a href=\"https:\/\/diocesisdebilbao-my.sharepoint.com\/:w:\/g\/personal\/webbizkeliza_bizkeliza_org\/EQUQtnrN4ldMrTt3dK4-OEkBvrZE95SMoUqcPH_1a5Z4sg?e=a1cIWE\" target=\"_blank\" rel=\"noopener\" data-mce-href=\"https:\/\/diocesisdebilbao-my.sharepoint.com\/:w:\/g\/personal\/webbizkeliza_bizkeliza_org\/EQUQtnrN4ldMrTt3dK4-OEkBvrZE95SMoUqcPH_1a5Z4sg?e=a1cIWE\">VI. Igandea<\/a><\/li>\n<li><a href=\"https:\/\/diocesisdebilbao-my.sharepoint.com\/:w:\/g\/personal\/webbizkeliza_bizkeliza_org\/EQaBMvhzVv1Bk-ac9Kvn6i0BwLmwbG6GFztFFCuqz_X4uQ?e=xlckD7\" target=\"_blank\" rel=\"noopener\" data-mce-href=\"https:\/\/diocesisdebilbao-my.sharepoint.com\/:w:\/g\/personal\/webbizkeliza_bizkeliza_org\/EQaBMvhzVv1Bk-ac9Kvn6i0BwLmwbG6GFztFFCuqz_X4uQ?e=xlckD7\">V. Igandea<\/a><\/li>\n<li><a href=\"https:\/\/diocesisdebilbao-my.sharepoint.com\/:w:\/g\/personal\/webbizkeliza_bizkeliza_org\/EaspAeJNksBBtH8LT__n-XIBnrOI77yV1LVzE6U701ROAw?e=0OaWgh\" target=\"_blank\" rel=\"noopener\" data-mce-href=\"https:\/\/diocesisdebilbao-my.sharepoint.com\/:w:\/g\/personal\/webbizkeliza_bizkeliza_org\/EaspAeJNksBBtH8LT__n-XIBnrOI77yV1LVzE6U701ROAw?e=0OaWgh\">IV. Igandea<\/a><\/li>\n<li><a href=\"https:\/\/diocesisdebilbao-my.sharepoint.com\/:w:\/g\/personal\/webbizkeliza_bizkeliza_org\/Ef5jHAcDNZxIpe8QQL3LXYkBIeFjR-u-hZ-OU0X99z0RWw?e=l2uadv\" data-mce-href=\"https:\/\/diocesisdebilbao-my.sharepoint.com\/:w:\/g\/personal\/webbizkeliza_bizkeliza_org\/Ef5jHAcDNZxIpe8QQL3LXYkBIeFjR-u-hZ-OU0X99z0RWw?e=l2uadv\">III. Igandea<\/a><\/li>\n<li><a href=\"https:\/\/diocesisdebilbao-my.sharepoint.com\/:w:\/g\/personal\/webbizkeliza_bizkeliza_org\/EVyAAsrD-G9NoTQvlGxBy6cB_1NKWnaTDLOsauNS2C4SJQ?e=Q134Tb\" target=\"_blank\" rel=\"noopener\" data-mce-href=\"https:\/\/diocesisdebilbao-my.sharepoint.com\/:w:\/g\/personal\/webbizkeliza_bizkeliza_org\/EVyAAsrD-G9NoTQvlGxBy6cB_1NKWnaTDLOsauNS2C4SJQ?e=Q134Tb\">II. Igandea<\/a><\/li>\n<\/ul>\n<\/li>\n<\/ul>\n<\/li>\n<\/ul>\n<h5><span style=\"color: #000000;\" data-mce-style=\"color: #000000;\"><strong>JAUNAREN EGUNA OSPATZEKO<\/strong><\/span><span style=\"color: #000000;\" data-mce-style=\"color: #000000;\"><strong> &#8211; Ciclo C &#8211; 2022<\/strong><\/span><\/h5>\n<ul>\n<li style=\"list-style-type: none;\" data-mce-style=\"list-style-type: none;\">\n<ul>\n<li style=\"list-style-type: none;\" data-mce-style=\"list-style-type: none;\">\n<ul>\n<li><a href=\"https:\/\/diocesisdebilbao-my.sharepoint.com\/:w:\/g\/personal\/webbizkeliza_bizkeliza_org\/EXgQJrcISQdMue6LSDT666kBCN6sww9HxF_dPJ0S4dEPXA?e=OvZkHw\" target=\"_blank\" rel=\"noopener\" data-mce-href=\"https:\/\/diocesisdebilbao-my.sharepoint.com\/:w:\/g\/personal\/webbizkeliza_bizkeliza_org\/EXgQJrcISQdMue6LSDT666kBCN6sww9HxF_dPJ0S4dEPXA?e=OvZkHw\">Kristo Errege<\/a><\/li>\n<li><a href=\"https:\/\/diocesisdebilbao-my.sharepoint.com\/:w:\/g\/personal\/webbizkeliza_bizkeliza_org\/EXeNfOSY6_FInHPgbyza8ckBxhF6nB1YSCwWeiOGKAGjrQ?e=8OhIMK\" target=\"_blank\" rel=\"noopener\" data-mce-href=\"https:\/\/diocesisdebilbao-my.sharepoint.com\/:w:\/g\/personal\/webbizkeliza_bizkeliza_org\/EXeNfOSY6_FInHPgbyza8ckBxhF6nB1YSCwWeiOGKAGjrQ?e=8OhIMK\">Igandea XXXIII<\/a><\/li>\n<li><a href=\"https:\/\/diocesisdebilbao-my.sharepoint.com\/:w:\/g\/personal\/webbizkeliza_bizkeliza_org\/EXFtiv97vHBArvG_PVU85kIBwhoMKsucLraqr2e2KSHlkQ?e=FTuThy\" target=\"_blank\" rel=\"noopener\" data-mce-href=\"https:\/\/diocesisdebilbao-my.sharepoint.com\/:w:\/g\/personal\/webbizkeliza_bizkeliza_org\/EXFtiv97vHBArvG_PVU85kIBwhoMKsucLraqr2e2KSHlkQ?e=FTuThy\">Igandea XXXII<\/a><\/li>\n<li><a href=\"https:\/\/diocesisdebilbao-my.sharepoint.com\/:w:\/g\/personal\/webbizkeliza_bizkeliza_org\/EY09hl8Ao21Hlls_rL03ubcBcWnYMTcOwljrUoMoZbLOHw?e=gScMZS\" target=\"_blank\" rel=\"noopener\" data-mce-href=\"https:\/\/diocesisdebilbao-my.sharepoint.com\/:w:\/g\/personal\/webbizkeliza_bizkeliza_org\/EY09hl8Ao21Hlls_rL03ubcBcWnYMTcOwljrUoMoZbLOHw?e=gScMZS\">Domu Santua<\/a><\/li>\n<li><a href=\"https:\/\/diocesisdebilbao-my.sharepoint.com\/:w:\/g\/personal\/webbizkeliza_bizkeliza_org\/EWKhvjQvaNBOuoJpp-9Yz5gBCGmbINY9iFgelGNELRANUg?e=ApvI1A\" target=\"_blank\" rel=\"noopener\" data-mce-href=\"https:\/\/diocesisdebilbao-my.sharepoint.com\/:w:\/g\/personal\/webbizkeliza_bizkeliza_org\/EWKhvjQvaNBOuoJpp-9Yz5gBCGmbINY9iFgelGNELRANUg?e=ApvI1A\">Igandea XXXI<\/a><\/li>\n<li><a href=\"https:\/\/diocesisdebilbao-my.sharepoint.com\/:w:\/g\/personal\/webbizkeliza_bizkeliza_org\/EXNyNzzSgJBIqfXpGUrme54Bq6PvKQ24t0w-KgEGPUAMeg?e=aVunJg\" target=\"_blank\" rel=\"noopener\" data-mce-href=\"https:\/\/diocesisdebilbao-my.sharepoint.com\/:w:\/g\/personal\/webbizkeliza_bizkeliza_org\/EXNyNzzSgJBIqfXpGUrme54Bq6PvKQ24t0w-KgEGPUAMeg?e=aVunJg\">Igandea XXX<\/a><\/li>\n<li><a href=\"https:\/\/diocesisdebilbao-my.sharepoint.com\/:w:\/g\/personal\/webbizkeliza_bizkeliza_org\/Ed23kne1Qh5CqFJL_q8O3VwBDLLziZISQlxS-95GM864YA?e=WIv9ut\" target=\"_blank\" rel=\"noopener\" data-mce-href=\"https:\/\/diocesisdebilbao-my.sharepoint.com\/:w:\/g\/personal\/webbizkeliza_bizkeliza_org\/Ed23kne1Qh5CqFJL_q8O3VwBDLLziZISQlxS-95GM864YA?e=WIv9ut\">Igandea XXIX<\/a><\/li>\n<li><a href=\"https:\/\/diocesisdebilbao-my.sharepoint.com\/:w:\/g\/personal\/webbizkeliza_bizkeliza_org\/ERm_OL6fJVpAitgMyb3SwTwBUZe9XA96C6ik0LTsaXiMwA?e=MfED8P\" target=\"_blank\" rel=\"noopener\" data-mce-href=\"https:\/\/diocesisdebilbao-my.sharepoint.com\/:w:\/g\/personal\/webbizkeliza_bizkeliza_org\/ERm_OL6fJVpAitgMyb3SwTwBUZe9XA96C6ik0LTsaXiMwA?e=MfED8P\">Igandea XXVIII<\/a><\/li>\n<li><a href=\"https:\/\/diocesisdebilbao-my.sharepoint.com\/:w:\/g\/personal\/webbizkeliza_bizkeliza_org\/EeEDWAstZhdGsfVmbDfpFXkB7tTWIq7RWeFub6FPi763fQ?e=WmnaPU\" target=\"_blank\" rel=\"noopener\" data-mce-href=\"https:\/\/diocesisdebilbao-my.sharepoint.com\/:w:\/g\/personal\/webbizkeliza_bizkeliza_org\/EeEDWAstZhdGsfVmbDfpFXkB7tTWIq7RWeFub6FPi763fQ?e=WmnaPU\">Igandea XXVII<\/a><\/li>\n<li><a href=\"https:\/\/diocesisdebilbao-my.sharepoint.com\/:w:\/g\/personal\/webbizkeliza_bizkeliza_org\/EW_VdKLBIzJPqFRrVhLVzdsBoiigIwEWDNeil8AO1XPouQ?e=9kdB8T\" target=\"_blank\" rel=\"noopener\" data-mce-href=\"https:\/\/diocesisdebilbao-my.sharepoint.com\/:w:\/g\/personal\/webbizkeliza_bizkeliza_org\/EW_VdKLBIzJPqFRrVhLVzdsBoiigIwEWDNeil8AO1XPouQ?e=9kdB8T\">Igandea XXVI<\/a><\/li>\n<li><a href=\"https:\/\/diocesisdebilbao-my.sharepoint.com\/:w:\/g\/personal\/webbizkeliza_bizkeliza_org\/EWJnAuZsgXpIqLScw85BSPoBbVF3aoBE2kR0yiSR_hmt5g?e=m26C7t\" target=\"_blank\" rel=\"noopener\" data-mce-href=\"https:\/\/diocesisdebilbao-my.sharepoint.com\/:w:\/g\/personal\/webbizkeliza_bizkeliza_org\/EWJnAuZsgXpIqLScw85BSPoBbVF3aoBE2kR0yiSR_hmt5g?e=m26C7t\">Igandea XXV<\/a><\/li>\n<li><a href=\"https:\/\/diocesisdebilbao-my.sharepoint.com\/:w:\/g\/personal\/webbizkeliza_bizkeliza_org\/EUoDua3ulSJPssCCtTt1-CQBbfcTXxINdRyfJIpD_RvCBA?e=L7gLHx\" target=\"_blank\" rel=\"noopener\" data-mce-href=\"https:\/\/diocesisdebilbao-my.sharepoint.com\/:w:\/g\/personal\/webbizkeliza_bizkeliza_org\/EUoDua3ulSJPssCCtTt1-CQBbfcTXxINdRyfJIpD_RvCBA?e=L7gLHx\">Igandea XXIV<\/a><\/li>\n<li><a href=\"https:\/\/diocesisdebilbao-my.sharepoint.com\/:w:\/g\/personal\/webbizkeliza_bizkeliza_org\/EUoDua3ulSJPssCCtTt1-CQBbfcTXxINdRyfJIpD_RvCBA?e=L7gLHx\" target=\"_blank\" rel=\"noopener\" data-mce-href=\"https:\/\/diocesisdebilbao-my.sharepoint.com\/:w:\/g\/personal\/webbizkeliza_bizkeliza_org\/EUoDua3ulSJPssCCtTt1-CQBbfcTXxINdRyfJIpD_RvCBA?e=L7gLHx\">Igandea XXIII<\/a><\/li>\n<li><a href=\"https:\/\/diocesisdebilbao-my.sharepoint.com\/:w:\/g\/personal\/webbizkeliza_bizkeliza_org\/EW9ShgKKkzhLrBtdrswKAKoBvghuiNgOOZY2XLQjSBQOxQ?e=ilyjwz\" target=\"_blank\" rel=\"noopener\" data-mce-href=\"https:\/\/diocesisdebilbao-my.sharepoint.com\/:w:\/g\/personal\/webbizkeliza_bizkeliza_org\/EW9ShgKKkzhLrBtdrswKAKoBvghuiNgOOZY2XLQjSBQOxQ?e=ilyjwz\">Igandea XXII<\/a><\/li>\n<li><a href=\"https:\/\/diocesisdebilbao-my.sharepoint.com\/:w:\/g\/personal\/webbizkeliza_bizkeliza_org\/ERdeehJyG8dBqGjam-joPDsBv4SQLS7zbaM6VBmTxqtK-Q?e=8CYQQ6\" target=\"_blank\" rel=\"noopener\" data-mce-href=\"https:\/\/diocesisdebilbao-my.sharepoint.com\/:w:\/g\/personal\/webbizkeliza_bizkeliza_org\/ERdeehJyG8dBqGjam-joPDsBv4SQLS7zbaM6VBmTxqtK-Q?e=8CYQQ6\">Igandea XXI<\/a><\/li>\n<li><a href=\"https:\/\/diocesisdebilbao-my.sharepoint.com\/:w:\/g\/personal\/webbizkeliza_bizkeliza_org\/ERdeehJyG8dBqGjam-joPDsBv4SQLS7zbaM6VBmTxqtK-Q?e=8CYQQ6\" target=\"_blank\" rel=\"noopener\" data-mce-href=\"https:\/\/diocesisdebilbao-my.sharepoint.com\/:w:\/g\/personal\/webbizkeliza_bizkeliza_org\/ERdeehJyG8dBqGjam-joPDsBv4SQLS7zbaM6VBmTxqtK-Q?e=8CYQQ6\">Jasokundea<\/a><\/li>\n<li><a href=\"https:\/\/diocesisdebilbao-my.sharepoint.com\/:w:\/g\/personal\/webbizkeliza_bizkeliza_org\/EXHRZTi55UJGq2e4R3K32_8BNXbjz5gDNdo615wHeSC1cQ?e=cecusk\" target=\"_blank\" rel=\"noopener\" data-mce-href=\"https:\/\/diocesisdebilbao-my.sharepoint.com\/:w:\/g\/personal\/webbizkeliza_bizkeliza_org\/EXHRZTi55UJGq2e4R3K32_8BNXbjz5gDNdo615wHeSC1cQ?e=cecusk\">Igandea XX<\/a><\/li>\n<li><a title=\"Domingo XIX\" href=\"https:\/\/diocesisdebilbao-my.sharepoint.com\/:w:\/g\/personal\/webbizkeliza_bizkeliza_org\/EVxMp0JP3flGoZgGuA_qyWoBzLfYc8vuFQ-BoPGWMIH9TA?e=EFrlVu\" target=\"_blank\" rel=\"noopener\" data-mce-href=\"https:\/\/diocesisdebilbao-my.sharepoint.com\/:w:\/g\/personal\/webbizkeliza_bizkeliza_org\/EVxMp0JP3flGoZgGuA_qyWoBzLfYc8vuFQ-BoPGWMIH9TA?e=EFrlVu\">Igandea XIX<\/a><\/li>\n<li><a href=\"https:\/\/diocesisdebilbao-my.sharepoint.com\/:w:\/g\/personal\/webbizkeliza_bizkeliza_org\/Ebgv2Lta0vxDi8zcxxtK69YB_ln4UBgCcKSYjLrEuGOPtw?e=OydNjz\" target=\"_blank\" rel=\"noopener\" data-mce-href=\"https:\/\/diocesisdebilbao-my.sharepoint.com\/:w:\/g\/personal\/webbizkeliza_bizkeliza_org\/Ebgv2Lta0vxDi8zcxxtK69YB_ln4UBgCcKSYjLrEuGOPtw?e=OydNjz\">San Inazio<\/a><\/li>\n<li><a href=\"https:\/\/diocesisdebilbao-my.sharepoint.com\/:w:\/g\/personal\/webbizkeliza_bizkeliza_org\/EUPw63nPNldIuUYzAgg16pMBlZQ0qNQDvXOK9OJfkxKs5w?e=oUYRC3\" target=\"_blank\" rel=\"noopener\" data-mce-href=\"https:\/\/diocesisdebilbao-my.sharepoint.com\/:w:\/g\/personal\/webbizkeliza_bizkeliza_org\/EUPw63nPNldIuUYzAgg16pMBlZQ0qNQDvXOK9OJfkxKs5w?e=oUYRC3\">Santiago Apostolua<\/a><\/li>\n<li><a href=\"https:\/\/diocesisdebilbao-my.sharepoint.com\/:w:\/g\/personal\/webbizkeliza_bizkeliza_org\/EShYDsQXWnVNoUn0k-VhdVcBat8o2pIZjFkC8twZQxIG7A?e=RJK1sc\" target=\"_blank\" rel=\"noopener\" data-mce-href=\"https:\/\/diocesisdebilbao-my.sharepoint.com\/:w:\/g\/personal\/webbizkeliza_bizkeliza_org\/EShYDsQXWnVNoUn0k-VhdVcBat8o2pIZjFkC8twZQxIG7A?e=RJK1sc\">Igandea XVII<\/a><\/li>\n<li><a href=\"https:\/\/diocesisdebilbao-my.sharepoint.com\/:w:\/g\/personal\/webbizkeliza_bizkeliza_org\/EXQpRKhg3vhAo_aw14kkLaUBIc3XAUTJbwUINDk35kHdww?e=m0g4TB\" target=\"_blank\" rel=\"noopener\" data-mce-href=\"https:\/\/diocesisdebilbao-my.sharepoint.com\/:w:\/g\/personal\/webbizkeliza_bizkeliza_org\/EXQpRKhg3vhAo_aw14kkLaUBIc3XAUTJbwUINDk35kHdww?e=m0g4TB\">Igandea XVI<\/a><\/li>\n<li><a href=\"https:\/\/diocesisdebilbao-my.sharepoint.com\/:w:\/g\/personal\/webbizkeliza_bizkeliza_org\/EWWfZDEksJREgdybJz5q9CgBL5wfrKw1b0VU2YoD7besvA?e=fWjqNL\" target=\"_blank\" rel=\"noopener\" data-mce-href=\"https:\/\/diocesisdebilbao-my.sharepoint.com\/:w:\/g\/personal\/webbizkeliza_bizkeliza_org\/EWWfZDEksJREgdybJz5q9CgBL5wfrKw1b0VU2YoD7besvA?e=fWjqNL\">Igandea XV<\/a><\/li>\n<li><a href=\"https:\/\/diocesisdebilbao-my.sharepoint.com\/:w:\/g\/personal\/webbizkeliza_bizkeliza_org\/Ef0q8-Wu6ClPoFQbmhjIz0EBhrv6rkkDIIbIGuB8RhbvOA?e=8jxSnw\" target=\"_blank\" rel=\"noopener\" data-mce-href=\"https:\/\/diocesisdebilbao-my.sharepoint.com\/:w:\/g\/personal\/webbizkeliza_bizkeliza_org\/Ef0q8-Wu6ClPoFQbmhjIz0EBhrv6rkkDIIbIGuB8RhbvOA?e=8jxSnw\">Igandea XIV<\/a><\/li>\n<li><a href=\"https:\/\/diocesisdebilbao-my.sharepoint.com\/:w:\/g\/personal\/webbizkeliza_bizkeliza_org\/Ef0q8-Wu6ClPoFQbmhjIz0EBhrv6rkkDIIbIGuB8RhbvOA?e=8jxSnw\" target=\"_blank\" rel=\"noopener\" data-mce-href=\"https:\/\/diocesisdebilbao-my.sharepoint.com\/:w:\/g\/personal\/webbizkeliza_bizkeliza_org\/Ef0q8-Wu6ClPoFQbmhjIz0EBhrv6rkkDIIbIGuB8RhbvOA?e=8jxSnw\">Igandea XIII<\/a><\/li>\n<li><a href=\"https:\/\/diocesisdebilbao-my.sharepoint.com\/:w:\/g\/personal\/webbizkeliza_bizkeliza_org\/Ebgl1B_fPCFBkQSJevKCcikB11_WQRMifPFIk8kgY90y4w?e=o97eVr\" target=\"_blank\" rel=\"noopener\" data-mce-href=\"https:\/\/diocesisdebilbao-my.sharepoint.com\/:w:\/g\/personal\/webbizkeliza_bizkeliza_org\/Ebgl1B_fPCFBkQSJevKCcikB11_WQRMifPFIk8kgY90y4w?e=o97eVr\">Corpus Christi<\/a><\/li>\n<li><a href=\"https:\/\/diocesisdebilbao-my.sharepoint.com\/:w:\/g\/personal\/webbizkeliza_bizkeliza_org\/EeQ97N0J7MNMhWLMr5Xtg38B6syZHofg0AYEZ7L-NWZsjA?e=LNBRMM\" target=\"_blank\" rel=\"noopener\" data-mce-href=\"https:\/\/diocesisdebilbao-my.sharepoint.com\/:w:\/g\/personal\/webbizkeliza_bizkeliza_org\/EeQ97N0J7MNMhWLMr5Xtg38B6syZHofg0AYEZ7L-NWZsjA?e=LNBRMM\">Hirutasun Santua<\/a><\/li>\n<\/ul>\n<\/li>\n<\/ul>\n<\/li>\n<\/ul>\n<h5><span style=\"color: #000000;\" data-mce-style=\"color: #000000;\"><strong>JAUNAREN EGUNA OSPATZEKO<\/strong><\/span><span style=\"color: #000000;\" data-mce-style=\"color: #000000;\"><strong> &#8211; Ciclo B &#8211; 2021<\/strong><\/span><\/h5>\n<ul>\n<li style=\"list-style-type: none;\" data-mce-style=\"list-style-type: none;\">\n<ul>\n<li style=\"list-style-type: none;\" data-mce-style=\"list-style-type: none;\">\n<ul>\n<li><a href=\"https:\/\/diocesisdebilbao-my.sharepoint.com\/:w:\/g\/personal\/webbizkeliza_bizkeliza_org\/EQcZZ8VBjx5GnRQ7O-xvDxwBdkVutr9kErlvp3OnmK5VgA?e=nzQeIY\" target=\"_blank\" rel=\"noopener\" data-mce-href=\"https:\/\/diocesisdebilbao-my.sharepoint.com\/:w:\/g\/personal\/webbizkeliza_bizkeliza_org\/EQcZZ8VBjx5GnRQ7O-xvDxwBdkVutr9kErlvp3OnmK5VgA?e=nzQeIY\">Hirutasun Santua<\/a><\/li>\n<li><a href=\"https:\/\/diocesisdebilbao-my.sharepoint.com\/:w:\/g\/personal\/webbizkeliza_bizkeliza_org\/EXv8WbKzc2hOmMM5N4zRrUoBgYZry_dGuJlupBk3E3jOVw?e=Wm1Mbr\" data-mce-href=\"https:\/\/diocesisdebilbao-my.sharepoint.com\/:w:\/g\/personal\/webbizkeliza_bizkeliza_org\/EXv8WbKzc2hOmMM5N4zRrUoBgYZry_dGuJlupBk3E3jOVw?e=Wm1Mbr\">XXXIV. Igandea (Kristo Erregea)<\/a><\/li>\n<li><a href=\"https:\/\/diocesisdebilbao-my.sharepoint.com\/:w:\/g\/personal\/webbizkeliza_bizkeliza_org\/EdLVV0d2f4JMl1Jp-nBc4E8BADbj_JxHzDHDWXyu72_lJQ?e=ZYehKq\" data-mce-href=\"https:\/\/diocesisdebilbao-my.sharepoint.com\/:w:\/g\/personal\/webbizkeliza_bizkeliza_org\/EdLVV0d2f4JMl1Jp-nBc4E8BADbj_JxHzDHDWXyu72_lJQ?e=ZYehKq\">XXXIII. Domeka<\/a><\/li>\n<li><a href=\"https:\/\/diocesisdebilbao-my.sharepoint.com\/:w:\/g\/personal\/webbizkeliza_bizkeliza_org\/EYtzOErnRnBHq8NZnARoYzQBfI-9QRXl-tBCNOKHA8y50Q?e=KDXagX\" data-mce-href=\"https:\/\/diocesisdebilbao-my.sharepoint.com\/:w:\/g\/personal\/webbizkeliza_bizkeliza_org\/EYtzOErnRnBHq8NZnARoYzQBfI-9QRXl-tBCNOKHA8y50Q?e=KDXagX\">XXXII. Domeka<\/a><\/li>\n<li><a href=\"https:\/\/diocesisdebilbao-my.sharepoint.com\/:w:\/g\/personal\/webbizkeliza_bizkeliza_org\/EdJXX25YCsNBprW7BDfTXvUBdmh3dkJIX1TWjE0u5xtfMw?e=84fIac\" data-mce-href=\"https:\/\/diocesisdebilbao-my.sharepoint.com\/:w:\/g\/personal\/webbizkeliza_bizkeliza_org\/EdJXX25YCsNBprW7BDfTXvUBdmh3dkJIX1TWjE0u5xtfMw?e=84fIac\">XXXI. Domeka<\/a><\/li>\n<li><a href=\"https:\/\/diocesisdebilbao-my.sharepoint.com\/:w:\/g\/personal\/webbizkeliza_bizkeliza_org\/EU0HAT0NwihDnwqDr4oreC0BnZ00VgsZwdGiAcJNSb172w?e=FIV1Ns\" target=\"_blank\" rel=\"noopener\" data-mce-href=\"https:\/\/diocesisdebilbao-my.sharepoint.com\/:w:\/g\/personal\/webbizkeliza_bizkeliza_org\/EU0HAT0NwihDnwqDr4oreC0BnZ00VgsZwdGiAcJNSb172w?e=FIV1Ns\">XXX. Domeka<\/a><\/li>\n<li><a href=\"https:\/\/diocesisdebilbao-my.sharepoint.com\/:w:\/g\/personal\/webbizkeliza_bizkeliza_org\/Ed4OCZ9sr0dKig4LVyJnqtwBCRxKsz89nFKgso9c4dZLBg?e=Scq5C1\" data-mce-href=\"https:\/\/diocesisdebilbao-my.sharepoint.com\/:w:\/g\/personal\/webbizkeliza_bizkeliza_org\/Ed4OCZ9sr0dKig4LVyJnqtwBCRxKsz89nFKgso9c4dZLBg?e=Scq5C1\">XXIX. Domeka<\/a><\/li>\n<li><a href=\"https:\/\/diocesisdebilbao-my.sharepoint.com\/:w:\/g\/personal\/webbizkeliza_bizkeliza_org\/EXviJDijjlRJlpglNV1mWZIBtdXkOd7fXUoJKqkNiUvhgQ?e=FCzEmK\" data-mce-href=\"https:\/\/diocesisdebilbao-my.sharepoint.com\/:w:\/g\/personal\/webbizkeliza_bizkeliza_org\/EXviJDijjlRJlpglNV1mWZIBtdXkOd7fXUoJKqkNiUvhgQ?e=FCzEmK\">XXVIII. Domeka<\/a><\/li>\n<li><a href=\"https:\/\/diocesisdebilbao-my.sharepoint.com\/:w:\/g\/personal\/webbizkeliza_bizkeliza_org\/ET_3GL9TmHRLo9SEjThtvB0BBNWmfJDiMnDz_GQW0ZVMnQ?e=ir430g\" data-mce-href=\"https:\/\/diocesisdebilbao-my.sharepoint.com\/:w:\/g\/personal\/webbizkeliza_bizkeliza_org\/ET_3GL9TmHRLo9SEjThtvB0BBNWmfJDiMnDz_GQW0ZVMnQ?e=ir430g\">XXVII. Domeka<\/a><\/li>\n<li><a href=\"https:\/\/diocesisdebilbao-my.sharepoint.com\/:w:\/g\/personal\/webbizkeliza_bizkeliza_org\/Ed9UVKKkXJ5JsmuKnNRHkPcBjUcwdtbv6I9cl1mGFon_0Q?e=QgTcCA\" data-mce-href=\"https:\/\/diocesisdebilbao-my.sharepoint.com\/:w:\/g\/personal\/webbizkeliza_bizkeliza_org\/Ed9UVKKkXJ5JsmuKnNRHkPcBjUcwdtbv6I9cl1mGFon_0Q?e=QgTcCA\">XXVI. Domeka<\/a><\/li>\n<li><a href=\"https:\/\/diocesisdebilbao-my.sharepoint.com\/:w:\/g\/personal\/webbizkeliza_bizkeliza_org\/EUulnMmoRF9IsQCVpq1QYCQBHWTCBZZW4-iwDS-Zrx4tnA?e=QEqMkl\" data-mce-href=\"https:\/\/diocesisdebilbao-my.sharepoint.com\/:w:\/g\/personal\/webbizkeliza_bizkeliza_org\/EUulnMmoRF9IsQCVpq1QYCQBHWTCBZZW4-iwDS-Zrx4tnA?e=QEqMkl\">XXV. Domeka<\/a><\/li>\n<li><a href=\"https:\/\/diocesisdebilbao-my.sharepoint.com\/:w:\/g\/personal\/webbizkeliza_bizkeliza_org\/EbMhmwu-0P5KoZjLD3l4jbkBSCpcv4wCD1QAGNx5bNOYHw?e=ag6di5\" data-mce-href=\"https:\/\/diocesisdebilbao-my.sharepoint.com\/:w:\/g\/personal\/webbizkeliza_bizkeliza_org\/EbMhmwu-0P5KoZjLD3l4jbkBSCpcv4wCD1QAGNx5bNOYHw?e=ag6di5\">XXIV. Domeka<\/a><\/li>\n<li><a href=\"https:\/\/diocesisdebilbao-my.sharepoint.com\/:w:\/g\/personal\/webbizkeliza_bizkeliza_org\/ESWeOqojcDVNk0ruaTgHAREBtF_ioQOvKwVnN5S7ppL-JQ?e=vhjWS1\" data-mce-href=\"https:\/\/diocesisdebilbao-my.sharepoint.com\/:w:\/g\/personal\/webbizkeliza_bizkeliza_org\/ESWeOqojcDVNk0ruaTgHAREBtF_ioQOvKwVnN5S7ppL-JQ?e=vhjWS1\">XXIII. Domeka<\/a><\/li>\n<li><a href=\"https:\/\/diocesisdebilbao-my.sharepoint.com\/:w:\/g\/personal\/webbizkeliza_bizkeliza_org\/Ef6u7P7meu9EicPhpbN37sABPBH6n6XdLBmjl10YQQi4wg?e=VfsxfG\" data-mce-href=\"https:\/\/diocesisdebilbao-my.sharepoint.com\/:w:\/g\/personal\/webbizkeliza_bizkeliza_org\/Ef6u7P7meu9EicPhpbN37sABPBH6n6XdLBmjl10YQQi4wg?e=VfsxfG\">XXII. Domeka<\/a><\/li>\n<li><a href=\"https:\/\/diocesisdebilbao-my.sharepoint.com\/:w:\/g\/personal\/webbizkeliza_bizkeliza_org\/EUpRScZ9SqtOmLKauE64iSMBwpIrHywlwbPTWrdqaTiYdw?e=Y8Pmfv\" data-mce-href=\"https:\/\/diocesisdebilbao-my.sharepoint.com\/:w:\/g\/personal\/webbizkeliza_bizkeliza_org\/EUpRScZ9SqtOmLKauE64iSMBwpIrHywlwbPTWrdqaTiYdw?e=Y8Pmfv\">XXI. Domeka<\/a><\/li>\n<li><a href=\"https:\/\/diocesisdebilbao-my.sharepoint.com\/:w:\/g\/personal\/webbizkeliza_bizkeliza_org\/ERhBCC4keDBNj_c2vNqU_JYBMgIKzSm--8wXc8p2QnkKpA?e=tT7L91\" data-mce-href=\"https:\/\/diocesisdebilbao-my.sharepoint.com\/:w:\/g\/personal\/webbizkeliza_bizkeliza_org\/ERhBCC4keDBNj_c2vNqU_JYBMgIKzSm--8wXc8p2QnkKpA?e=tT7L91\">XIX. Domeka<\/a><\/li>\n<li><a href=\"https:\/\/diocesisdebilbao-my.sharepoint.com\/:w:\/g\/personal\/webbizkeliza_bizkeliza_org\/EQp4zb73THtCmCJ5uGbQr5wBhH7TI7lQuJK_5GvuXCGnQw?e=IgDeCM\" data-mce-href=\"https:\/\/diocesisdebilbao-my.sharepoint.com\/:w:\/g\/personal\/webbizkeliza_bizkeliza_org\/EQp4zb73THtCmCJ5uGbQr5wBhH7TI7lQuJK_5GvuXCGnQw?e=IgDeCM\">XVIII. Domeka<\/a><\/li>\n<li><a href=\"https:\/\/diocesisdebilbao-my.sharepoint.com\/:w:\/g\/personal\/webbizkeliza_bizkeliza_org\/ES5NqqdZ1YZEgVn0MZMERp8B1hV6ef2GGC5oguJgrr6Kzw?e=VGO4XE\" data-mce-href=\"https:\/\/diocesisdebilbao-my.sharepoint.com\/:w:\/g\/personal\/webbizkeliza_bizkeliza_org\/ES5NqqdZ1YZEgVn0MZMERp8B1hV6ef2GGC5oguJgrr6Kzw?e=VGO4XE\">XVI. Domeka<\/a><\/li>\n<li><a href=\"https:\/\/diocesisdebilbao-my.sharepoint.com\/:w:\/g\/personal\/webbizkeliza_bizkeliza_org\/EW4q5rOcnIdHmTPcPSkHsQYBkh5ZzMQpryGpYnI2Fkwg0Q?e=DP2VDH\" data-mce-href=\"https:\/\/diocesisdebilbao-my.sharepoint.com\/:w:\/g\/personal\/webbizkeliza_bizkeliza_org\/EW4q5rOcnIdHmTPcPSkHsQYBkh5ZzMQpryGpYnI2Fkwg0Q?e=DP2VDH\">XV. Domeka<\/a><\/li>\n<li><a href=\"https:\/\/diocesisdebilbao-my.sharepoint.com\/:w:\/g\/personal\/webbizkeliza_bizkeliza_org\/EcTzmgHOdxZJi1xZqLi0oRQB9p_yAbdhSUb-AeL-5Y6n9w?e=WrlqbO\" data-mce-href=\"https:\/\/diocesisdebilbao-my.sharepoint.com\/:w:\/g\/personal\/webbizkeliza_bizkeliza_org\/EcTzmgHOdxZJi1xZqLi0oRQB9p_yAbdhSUb-AeL-5Y6n9w?e=WrlqbO\">XIV. Domeka<\/a><\/li>\n<li><a href=\"https:\/\/diocesisdebilbao-my.sharepoint.com\/:w:\/g\/personal\/webbizkeliza_bizkeliza_org\/EU9HaO7RvK5KvIXAHtXaRGcB4_LIhCWegS6g1Qej0_eojg?e=Kfsna4\" target=\"_blank\" rel=\"noopener\" data-mce-href=\"https:\/\/diocesisdebilbao-my.sharepoint.com\/:w:\/g\/personal\/webbizkeliza_bizkeliza_org\/EU9HaO7RvK5KvIXAHtXaRGcB4_LIhCWegS6g1Qej0_eojg?e=Kfsna4\">XIII. Domeka<\/a><\/li>\n<li><a href=\"https:\/\/diocesisdebilbao-my.sharepoint.com\/:w:\/g\/personal\/webbizkeliza_bizkeliza_org\/Ec7R8NoQdUZInEmfA9KqiQIBY1qFZ3DdAnE48x-OsnWTlg?e=GV80SX\" target=\"_blank\" rel=\"noopener\" data-mce-href=\"https:\/\/diocesisdebilbao-my.sharepoint.com\/:w:\/g\/personal\/webbizkeliza_bizkeliza_org\/Ec7R8NoQdUZInEmfA9KqiQIBY1qFZ3DdAnE48x-OsnWTlg?e=GV80SX\">XII. Domeka<\/a><\/li>\n<li><a href=\"https:\/\/diocesisdebilbao-my.sharepoint.com\/:w:\/g\/personal\/webbizkeliza_bizkeliza_org\/EcKiXw8-hDJLpN9f-dR1J18B1ZFCu6cftvUFQoKvov8Tvw?e=YbMvIX\" target=\"_blank\" rel=\"noopener\" data-mce-href=\"https:\/\/diocesisdebilbao-my.sharepoint.com\/:w:\/g\/personal\/webbizkeliza_bizkeliza_org\/EcKiXw8-hDJLpN9f-dR1J18B1ZFCu6cftvUFQoKvov8Tvw?e=YbMvIX\">XI. Domeka<\/a><\/li>\n<li><a href=\"https:\/\/diocesisdebilbao-my.sharepoint.com\/:w:\/g\/personal\/webbizkeliza_bizkeliza_org\/Efc8mtNfs3NJq_I8wSX9GxQBX5Ulr98kcfComtlwmb5MHg?e=pyknal\" target=\"_blank\" rel=\"noopener\" data-mce-href=\"https:\/\/diocesisdebilbao-my.sharepoint.com\/:w:\/g\/personal\/webbizkeliza_bizkeliza_org\/Efc8mtNfs3NJq_I8wSX9GxQBX5Ulr98kcfComtlwmb5MHg?e=pyknal\">VI. Domeka<\/a><\/li>\n<li><a href=\"https:\/\/diocesisdebilbao-my.sharepoint.com\/:w:\/g\/personal\/webbizkeliza_bizkeliza_org\/EYf0NEnOLoFOtNGzrzx6rDkBPl-vzHk0ENGrdXPSkbiQMg?e=ovQsgS\" target=\"_blank\" rel=\"noopener\" data-mce-href=\"https:\/\/diocesisdebilbao-my.sharepoint.com\/:w:\/g\/personal\/webbizkeliza_bizkeliza_org\/EYf0NEnOLoFOtNGzrzx6rDkBPl-vzHk0ENGrdXPSkbiQMg?e=ovQsgS\">V. Domeka<\/a><\/li>\n<li><a href=\"https:\/\/diocesisdebilbao-my.sharepoint.com\/:w:\/g\/personal\/webbizkeliza_bizkeliza_org\/EZx36fDXVc5DrRqFrtyLutABgcZDt7RJ8lyoG7wwvuFMJw?e=L4iaZ9\" target=\"_blank\" rel=\"noopener\" data-mce-href=\"https:\/\/diocesisdebilbao-my.sharepoint.com\/:w:\/g\/personal\/webbizkeliza_bizkeliza_org\/EZx36fDXVc5DrRqFrtyLutABgcZDt7RJ8lyoG7wwvuFMJw?e=L4iaZ9\">IV. Domeka<\/a><\/li>\n<li><a href=\"https:\/\/diocesisdebilbao-my.sharepoint.com\/:w:\/g\/personal\/webbizkeliza_bizkeliza_org\/EbCXCFEH9A9Pu6ODg_kc7_gBG62naQTsF18Fb2e09Llcew?e=GPIKNI\" target=\"_blank\" rel=\"noopener\" data-mce-href=\"https:\/\/diocesisdebilbao-my.sharepoint.com\/:w:\/g\/personal\/webbizkeliza_bizkeliza_org\/EbCXCFEH9A9Pu6ODg_kc7_gBG62naQTsF18Fb2e09Llcew?e=GPIKNI\">III. Domeka<\/a><\/li>\n<li><a href=\"https:\/\/diocesisdebilbao-my.sharepoint.com\/:w:\/g\/personal\/webbizkeliza_bizkeliza_org\/ETiaBfuzyn5HgDu76F2ldYgBWQlyWHpV0D0eD1IDZG31hg?e=S6iAnJ\" target=\"_blank\" rel=\"noopener\" data-mce-href=\"https:\/\/diocesisdebilbao-my.sharepoint.com\/:w:\/g\/personal\/webbizkeliza_bizkeliza_org\/ETiaBfuzyn5HgDu76F2ldYgBWQlyWHpV0D0eD1IDZG31hg?e=S6iAnJ\">II. Domeka<\/a><\/li>\n<\/ul>\n<\/li>\n<\/ul>\n<\/li>\n<\/ul>\n<h5><span style=\"color: #000000;\" data-mce-style=\"color: #000000;\"><strong>JAUNAREN EGUNA OSPATZEKO<\/strong><\/span><strong> &#8211; Ciclo A &#8211; 2020<\/strong><\/h5>\n<ul>\n<li style=\"list-style-type: none;\" data-mce-style=\"list-style-type: none;\">\n<ul>\n<li style=\"list-style-type: none;\" data-mce-style=\"list-style-type: none;\">\n<ul>\n<li><a href=\"https:\/\/diocesisdebilbao-my.sharepoint.com\/:w:\/g\/personal\/webbizkeliza_bizkeliza_org\/EYWME-BSfk1AjbPV-W6eWZABsUb7jemBgLqbKjl9qoYkfQ?e=VKwJv2\" target=\"_blank\" rel=\"noopener\" data-mce-href=\"https:\/\/diocesisdebilbao-my.sharepoint.com\/:w:\/g\/personal\/webbizkeliza_bizkeliza_org\/EYWME-BSfk1AjbPV-W6eWZABsUb7jemBgLqbKjl9qoYkfQ?e=VKwJv2\">Igandea XXXIV &#8211; Cristo Rey<\/a><\/li>\n<li><a href=\"https:\/\/diocesisdebilbao-my.sharepoint.com\/:w:\/g\/personal\/webbizkeliza_bizkeliza_org\/Ee8iUn58dAlPp1FC0_sjOCsBHKoQ0AbALnlRpyCY3EpjZw?e=RsPIre\" data-mce-href=\"https:\/\/diocesisdebilbao-my.sharepoint.com\/:w:\/g\/personal\/webbizkeliza_bizkeliza_org\/Ee8iUn58dAlPp1FC0_sjOCsBHKoQ0AbALnlRpyCY3EpjZw?e=RsPIre\">Igandea XXXIII<\/a><\/li>\n<li><a href=\"https:\/\/diocesisdebilbao-my.sharepoint.com\/:w:\/g\/personal\/webbizkeliza_bizkeliza_org\/EYb6jDtySYtDqxiIF2xKP9ABsEOu_jN8L48zEMd3jaZUag?e=RG9UP6\" target=\"_blank\" rel=\"noopener\" data-mce-href=\"https:\/\/diocesisdebilbao-my.sharepoint.com\/:w:\/g\/personal\/webbizkeliza_bizkeliza_org\/EYb6jDtySYtDqxiIF2xKP9ABsEOu_jN8L48zEMd3jaZUag?e=RG9UP6\">Igandea XXXII<\/a><\/li>\n<li><a href=\"https:\/\/diocesisdebilbao-my.sharepoint.com\/:w:\/g\/personal\/webbizkeliza_bizkeliza_org\/ERfbPg8urfVEsuejloJG3hYBxSAMEAs26cKn4EyH13w9rQ?e=FI6GEs\" data-mce-href=\"https:\/\/diocesisdebilbao-my.sharepoint.com\/:w:\/g\/personal\/webbizkeliza_bizkeliza_org\/ERfbPg8urfVEsuejloJG3hYBxSAMEAs26cKn4EyH13w9rQ?e=FI6GEs\">Igandea XXX<\/a><\/li>\n<li><a href=\"https:\/\/diocesisdebilbao-my.sharepoint.com\/:w:\/g\/personal\/webbizkeliza_bizkeliza_org\/EfwWkO_38DNDkn2turinJocBg_rurZiAn0wbubnDGuV4_Q?e=gTnkBg\" target=\"_blank\" rel=\"noopener\" data-mce-href=\"https:\/\/diocesisdebilbao-my.sharepoint.com\/:w:\/g\/personal\/webbizkeliza_bizkeliza_org\/EfwWkO_38DNDkn2turinJocBg_rurZiAn0wbubnDGuV4_Q?e=gTnkBg\">Igandea XXIX<\/a><\/li>\n<li><a href=\"https:\/\/diocesisdebilbao-my.sharepoint.com\/:w:\/g\/personal\/webbizkeliza_bizkeliza_org\/EWOKju2yrH1DlBC9on5ae8kB73_e2gpH38iRhul1IHDqaA?e=Oj4CtL\" target=\"_blank\" rel=\"noopener\" data-mce-href=\"https:\/\/diocesisdebilbao-my.sharepoint.com\/:w:\/g\/personal\/webbizkeliza_bizkeliza_org\/EWOKju2yrH1DlBC9on5ae8kB73_e2gpH38iRhul1IHDqaA?e=Oj4CtL\">Bego\u00f1ako Andra Mari<\/a><\/li>\n<li><a href=\"https:\/\/diocesisdebilbao-my.sharepoint.com\/:w:\/g\/personal\/webbizkeliza_bizkeliza_org\/Eb1PelzJYThClCIO-S__9H8BAcEUBb1-QphWIiNvCtEMHw?e=d6S7hk\" target=\"_blank\" rel=\"noopener\" data-mce-href=\"https:\/\/diocesisdebilbao-my.sharepoint.com\/:w:\/g\/personal\/webbizkeliza_bizkeliza_org\/Eb1PelzJYThClCIO-S__9H8BAcEUBb1-QphWIiNvCtEMHw?e=d6S7hk\">Igandea XXVII<\/a><\/li>\n<li><a href=\"https:\/\/diocesisdebilbao-my.sharepoint.com\/:w:\/g\/personal\/webbizkeliza_bizkeliza_org\/EUYdEX34riRDo7DrKIs3cJcB-_9sgNVxwnm8w3Dr5_bzYQ?e=TPZRfr\" target=\"_blank\" rel=\"noopener\" data-mce-href=\"https:\/\/diocesisdebilbao-my.sharepoint.com\/:w:\/g\/personal\/webbizkeliza_bizkeliza_org\/EUYdEX34riRDo7DrKIs3cJcB-_9sgNVxwnm8w3Dr5_bzYQ?e=TPZRfr\">Igandea XXVI<\/a><\/li>\n<li><a href=\"https:\/\/diocesisdebilbao-my.sharepoint.com\/:w:\/g\/personal\/webbizkeliza_bizkeliza_org\/EaLkiPTxYpBLnhrlsUmKhkUB6lgUeGSvF_a3hPv_C-ffpA?e=fhynI1\" target=\"_blank\" rel=\"noopener\" data-mce-href=\"https:\/\/diocesisdebilbao-my.sharepoint.com\/:w:\/g\/personal\/webbizkeliza_bizkeliza_org\/EaLkiPTxYpBLnhrlsUmKhkUB6lgUeGSvF_a3hPv_C-ffpA?e=fhynI1\">Igandea XXV<\/a><\/li>\n<li><a href=\"https:\/\/diocesisdebilbao-my.sharepoint.com\/:w:\/g\/personal\/webbizkeliza_bizkeliza_org\/EYRhQchvZV9EhhhAZtFZOUABdRf2h9cb3NGlWDftxzrbgg?e=fh5yNe\" target=\"_blank\" rel=\"noopener\" data-mce-href=\"https:\/\/diocesisdebilbao-my.sharepoint.com\/:w:\/g\/personal\/webbizkeliza_bizkeliza_org\/EYRhQchvZV9EhhhAZtFZOUABdRf2h9cb3NGlWDftxzrbgg?e=fh5yNe\">Igandea XXIV<\/a><\/li>\n<li><a href=\"https:\/\/diocesisdebilbao-my.sharepoint.com\/:w:\/g\/personal\/webbizkeliza_bizkeliza_org\/Ec4CZ2UAy7dDrGtuH024ukcBfFV6WVHJ06OKGkPWmzxL9g?e=4mbCyJ\" target=\"_blank\" rel=\"noopener\" data-mce-href=\"https:\/\/diocesisdebilbao-my.sharepoint.com\/:w:\/g\/personal\/webbizkeliza_bizkeliza_org\/Ec4CZ2UAy7dDrGtuH024ukcBfFV6WVHJ06OKGkPWmzxL9g?e=4mbCyJ\">Igandea XXIII<\/a><\/li>\n<li><a href=\"https:\/\/diocesisdebilbao-my.sharepoint.com\/:w:\/g\/personal\/webbizkeliza_bizkeliza_org\/ERMKlFErUaxEtXLYFZqwmPEB4eObSHNxlrT78yorLgxWxw?e=A0Ufou\" target=\"_blank\" rel=\"noopener\" data-mce-href=\"https:\/\/diocesisdebilbao-my.sharepoint.com\/:w:\/g\/personal\/webbizkeliza_bizkeliza_org\/ERMKlFErUaxEtXLYFZqwmPEB4eObSHNxlrT78yorLgxWxw?e=A0Ufou\">Igandea XXII<\/a><\/li>\n<li><a href=\"https:\/\/diocesisdebilbao-my.sharepoint.com\/:w:\/g\/personal\/webbizkeliza_bizkeliza_org\/EaQffSKqoglMq_FvfesJupwBOrN4FT38lYLo54BsS0IZFw?e=udTYAf\" target=\"_blank\" rel=\"noopener\" data-mce-href=\"https:\/\/diocesisdebilbao-my.sharepoint.com\/:w:\/g\/personal\/webbizkeliza_bizkeliza_org\/EaQffSKqoglMq_FvfesJupwBOrN4FT38lYLo54BsS0IZFw?e=udTYAf\">Igandea XXI<\/a><\/li>\n<li><a href=\"https:\/\/diocesisdebilbao-my.sharepoint.com\/:w:\/g\/personal\/webbizkeliza_bizkeliza_org\/EcnX5Nhzze9BscWG1WnmB3MBoL-WGsyzzmIEAuAJQRIkXw?e=75ag86\" target=\"_blank\" rel=\"noopener\" data-mce-href=\"https:\/\/diocesisdebilbao-my.sharepoint.com\/:w:\/g\/personal\/webbizkeliza_bizkeliza_org\/EcnX5Nhzze9BscWG1WnmB3MBoL-WGsyzzmIEAuAJQRIkXw?e=75ag86\">Igandea XX<\/a><\/li>\n<li><a href=\"https:\/\/diocesisdebilbao-my.sharepoint.com\/:w:\/g\/personal\/webbizkeliza_bizkeliza_org\/Eec2FK7QYepPrBzULMslbcwBFNmNNirVj3TP9OTV2ABTPg?e=HWK7Mj\" target=\"_blank\" rel=\"noopener\" data-mce-href=\"https:\/\/diocesisdebilbao-my.sharepoint.com\/:w:\/g\/personal\/webbizkeliza_bizkeliza_org\/Eec2FK7QYepPrBzULMslbcwBFNmNNirVj3TP9OTV2ABTPg?e=HWK7Mj\">Igandea XIX<\/a><\/li>\n<li><a href=\"https:\/\/diocesisdebilbao-my.sharepoint.com\/:w:\/g\/personal\/webbizkeliza_bizkeliza_org\/EWsZCg-yLH9Ch-Fk7OI1SucBG1_UJrTYchd__mFg2qR_FA?e=YoSJGx\" target=\"_blank\" rel=\"noopener\" data-mce-href=\"https:\/\/diocesisdebilbao-my.sharepoint.com\/:w:\/g\/personal\/webbizkeliza_bizkeliza_org\/EWsZCg-yLH9Ch-Fk7OI1SucBG1_UJrTYchd__mFg2qR_FA?e=YoSJGx\">Igandea XVIII<\/a><\/li>\n<li><a href=\"https:\/\/diocesisdebilbao-my.sharepoint.com\/:w:\/g\/personal\/webbizkeliza_bizkeliza_org\/EQZNgjGxI1hOuGpZm68CI7gBFU3w2XIuns7Ahn5z7OhSPw?e=ZhuUrK\" target=\"_blank\" rel=\"noopener\" data-mce-href=\"https:\/\/diocesisdebilbao-my.sharepoint.com\/:w:\/g\/personal\/webbizkeliza_bizkeliza_org\/EQZNgjGxI1hOuGpZm68CI7gBFU3w2XIuns7Ahn5z7OhSPw?e=ZhuUrK\">Igandea XVII<\/a><\/li>\n<li><a href=\"https:\/\/diocesisdebilbao-my.sharepoint.com\/:w:\/g\/personal\/webbizkeliza_bizkeliza_org\/ERoP839nKvhBnpzdXa_SOxUBr5Y1i2VobqYRcr3T1xtXpA?e=NjsIGu\" target=\"_blank\" rel=\"noopener\" data-mce-href=\"https:\/\/diocesisdebilbao-my.sharepoint.com\/:w:\/g\/personal\/webbizkeliza_bizkeliza_org\/ERoP839nKvhBnpzdXa_SOxUBr5Y1i2VobqYRcr3T1xtXpA?e=NjsIGu\">Igandea XVI<\/a><\/li>\n<li><a href=\"https:\/\/diocesisdebilbao-my.sharepoint.com\/:w:\/g\/personal\/webbizkeliza_bizkeliza_org\/EQWOyl2JIIZLvH5trbGZ0jYBbx1SuFT0oTSZfWLx2OnxNw?e=g8WzH2\" target=\"_blank\" rel=\"noopener\" data-mce-href=\"https:\/\/diocesisdebilbao-my.sharepoint.com\/:w:\/g\/personal\/webbizkeliza_bizkeliza_org\/EQWOyl2JIIZLvH5trbGZ0jYBbx1SuFT0oTSZfWLx2OnxNw?e=g8WzH2\">Igandea XV<\/a><\/li>\n<li><a href=\"https:\/\/diocesisdebilbao-my.sharepoint.com\/:w:\/g\/personal\/webbizkeliza_bizkeliza_org\/EU46gjQx-tRGkhbF-k99OQIBBclKSepRRh8d0fxiA5nwBQ?e=yUmGg9\" target=\"_blank\" rel=\"noopener\" data-mce-href=\"https:\/\/diocesisdebilbao-my.sharepoint.com\/:w:\/g\/personal\/webbizkeliza_bizkeliza_org\/EU46gjQx-tRGkhbF-k99OQIBBclKSepRRh8d0fxiA5nwBQ?e=yUmGg9\">Igandea XIV<\/a><\/li>\n<li><a href=\"https:\/\/diocesisdebilbao-my.sharepoint.com\/:w:\/g\/personal\/webbizkeliza_bizkeliza_org\/EQMxyFcXwn5NpNGOCt-Mt0YB0PEnpXjynwxYeAy2K-qfIg?e=aAj6WY\" target=\"_blank\" rel=\"noopener\" data-mce-href=\"https:\/\/diocesisdebilbao-my.sharepoint.com\/:w:\/g\/personal\/webbizkeliza_bizkeliza_org\/EQMxyFcXwn5NpNGOCt-Mt0YB0PEnpXjynwxYeAy2K-qfIg?e=aAj6WY\">Igandea XIII<\/a><\/li>\n<li><a href=\"https:\/\/diocesisdebilbao-my.sharepoint.com\/:w:\/g\/personal\/webbizkeliza_bizkeliza_org\/Eap3ozp1wRRBpE5LOEoVsAgBhuMdKC4vVpxjX3NNRXQ-QQ?e=WfEvXK\" target=\"_blank\" rel=\"noopener\" data-mce-href=\"https:\/\/diocesisdebilbao-my.sharepoint.com\/:w:\/g\/personal\/webbizkeliza_bizkeliza_org\/Eap3ozp1wRRBpE5LOEoVsAgBhuMdKC4vVpxjX3NNRXQ-QQ?e=WfEvXK\">Igandea XII<\/a><\/li>\n<li><a href=\"https:\/\/diocesisdebilbao-my.sharepoint.com\/:w:\/g\/personal\/webbizkeliza_bizkeliza_org\/EeOfXnQVrZVJurQdTy5417cBv74hEd4bJ2_Fj1zRKziUow?e=JQdpnz\" target=\"_blank\" rel=\"noopener\" data-mce-href=\"https:\/\/diocesisdebilbao-my.sharepoint.com\/:w:\/g\/personal\/webbizkeliza_bizkeliza_org\/EeOfXnQVrZVJurQdTy5417cBv74hEd4bJ2_Fj1zRKziUow?e=JQdpnz\">Corpus Christi<\/a><\/li>\n<li><a href=\"https:\/\/diocesisdebilbao-my.sharepoint.com\/:w:\/g\/personal\/webbizkeliza_bizkeliza_org\/EVeJw5TLJANBvEdelcqbL6kBQuopYuMGJ46w8LI-IedWPA?e=zvSB87\" target=\"_blank\" rel=\"noopener\" data-mce-href=\"https:\/\/diocesisdebilbao-my.sharepoint.com\/:w:\/g\/personal\/webbizkeliza_bizkeliza_org\/EVeJw5TLJANBvEdelcqbL6kBQuopYuMGJ46w8LI-IedWPA?e=zvSB87\">Sant\u00edsima Trinidad<\/a><\/li>\n<li><a href=\"https:\/\/diocesisdebilbao-my.sharepoint.com\/:w:\/g\/personal\/webbizkeliza_bizkeliza_org\/EVeJw5TLJANBvEdelcqbL6kBQuopYuMGJ46w8LI-IedWPA?e=zvSB87\" target=\"_blank\" rel=\"noopener\" data-mce-href=\"https:\/\/diocesisdebilbao-my.sharepoint.com\/:w:\/g\/personal\/webbizkeliza_bizkeliza_org\/EVeJw5TLJANBvEdelcqbL6kBQuopYuMGJ46w8LI-IedWPA?e=zvSB87\">Igandea VII<\/a><\/li>\n<li><a href=\"https:\/\/diocesisdebilbao-my.sharepoint.com\/:w:\/g\/personal\/webbizkeliza_bizkeliza_org\/ET1DLHa9n4JPuZjHUdjaZ_4Btbl-wMJLL0qU1Cdat37vXw?e=42R3rG\" target=\"_blank\" rel=\"noopener\" data-mce-href=\"https:\/\/diocesisdebilbao-my.sharepoint.com\/:w:\/g\/personal\/webbizkeliza_bizkeliza_org\/ET1DLHa9n4JPuZjHUdjaZ_4Btbl-wMJLL0qU1Cdat37vXw?e=42R3rG\">Igandea VI<\/a><\/li>\n<li><a href=\"https:\/\/diocesisdebilbao-my.sharepoint.com\/:w:\/g\/personal\/webbizkeliza_bizkeliza_org\/Ed6-7l48lSNMumUtzB6rem8BCJBEu71Ll2s89S0669DVuw?e=7byzw7\" target=\"_blank\" rel=\"noopener\" data-mce-href=\"https:\/\/diocesisdebilbao-my.sharepoint.com\/:w:\/g\/personal\/webbizkeliza_bizkeliza_org\/Ed6-7l48lSNMumUtzB6rem8BCJBEu71Ll2s89S0669DVuw?e=7byzw7\">Igandea V<\/a><\/li>\n<li><a href=\"https:\/\/diocesisdebilbao-my.sharepoint.com\/:w:\/g\/personal\/webbizkeliza_bizkeliza_org\/EeWkeHS7pn5DiAIbFU3L3soBYOg9XIXID6SPpLXRmQIpLA?e=hJqlLP\" target=\"_blank\" rel=\"noopener\" data-mce-href=\"https:\/\/diocesisdebilbao-my.sharepoint.com\/:w:\/g\/personal\/webbizkeliza_bizkeliza_org\/EeWkeHS7pn5DiAIbFU3L3soBYOg9XIXID6SPpLXRmQIpLA?e=hJqlLP\">Presentaci\u00f3n del Se\u00f1or<\/a><\/li>\n<li><a href=\"https:\/\/diocesisdebilbao-my.sharepoint.com\/:f:\/g\/personal\/webbizkeliza_bizkeliza_org\/EnfwrwrcbztIoA7kAEg2Vm4B4UPA4Od2gbfLly9xxUTvZw?e=P1nKCo\" target=\"_blank\" rel=\"noopener\" data-mce-href=\"https:\/\/diocesisdebilbao-my.sharepoint.com\/:f:\/g\/personal\/webbizkeliza_bizkeliza_org\/EnfwrwrcbztIoA7kAEg2Vm4B4UPA4Od2gbfLly9xxUTvZw?e=P1nKCo\">Igandea III<\/a><\/li>\n<li><a href=\"https:\/\/diocesisdebilbao-my.sharepoint.com\/:w:\/g\/personal\/webbizkeliza_bizkeliza_org\/EeRxuCIltiNDk4zKCm-f6woBpObNE5QjE0rwrpFyJ3Kkig?e=TV7KJR\" target=\"_blank\" rel=\"noopener\" data-mce-href=\"https:\/\/diocesisdebilbao-my.sharepoint.com\/:w:\/g\/personal\/webbizkeliza_bizkeliza_org\/EeRxuCIltiNDk4zKCm-f6woBpObNE5QjE0rwrpFyJ3Kkig?e=TV7KJR\">Igandea II<\/a><\/li>\n<\/ul>\n<\/li>\n<\/ul>\n<\/li>\n<\/ul>\n<h4>Tiempo Ordinario<\/h4>\n<h5><strong>ADAP &#8211; D\u00cdA DEL SE\u00d1OR &#8211; Ciclo C &#8211; 2019<\/strong><\/h5>\n<ul>\n<li style=\"list-style-type: none;\" data-mce-style=\"list-style-type: none;\">\n<ul>\n<li style=\"list-style-type: none;\" data-mce-style=\"list-style-type: none;\">\n<ul>\n<li><a href=\"https:\/\/diocesisdebilbao-my.sharepoint.com\/:w:\/g\/personal\/webbizkeliza_bizkeliza_org\/EetsDzuT-BdCtomHdyKEOvsBIBwbh2PxlcS3Q54SRcWlBw\" data-mce-href=\"https:\/\/diocesisdebilbao-my.sharepoint.com\/:w:\/g\/personal\/webbizkeliza_bizkeliza_org\/EetsDzuT-BdCtomHdyKEOvsBIBwbh2PxlcS3Q54SRcWlBw\">Domingo XXXIV<\/a><\/li>\n<li><a href=\"https:\/\/diocesisdebilbao-my.sharepoint.com\/:w:\/g\/personal\/webbizkeliza_bizkeliza_org\/EX5v1cmeZP1Et5M_siTwGuUBNgpwHYBNN-SGyQvq9StXEw\" data-mce-href=\"https:\/\/diocesisdebilbao-my.sharepoint.com\/:w:\/g\/personal\/webbizkeliza_bizkeliza_org\/EX5v1cmeZP1Et5M_siTwGuUBNgpwHYBNN-SGyQvq9StXEw\">Domingo XXXIII<\/a><\/li>\n<li><a href=\"https:\/\/diocesisdebilbao-my.sharepoint.com\/:w:\/g\/personal\/webbizkeliza_bizkeliza_org\/EeIkBFCwjkNAvkFTevPQrJYBv5d5SOZjcer-9h-djpNyzA\" data-mce-href=\"https:\/\/diocesisdebilbao-my.sharepoint.com\/:w:\/g\/personal\/webbizkeliza_bizkeliza_org\/EeIkBFCwjkNAvkFTevPQrJYBv5d5SOZjcer-9h-djpNyzA\">Domingo XXXII<\/a><\/li>\n<li><a href=\"https:\/\/diocesisdebilbao-my.sharepoint.com\/:w:\/g\/personal\/webbizkeliza_bizkeliza_org\/EVWbqSE11UxIiA1h7fNRRxMB3OCYggYBnfBNCH8MzMz5LA\" data-mce-href=\"https:\/\/diocesisdebilbao-my.sharepoint.com\/:w:\/g\/personal\/webbizkeliza_bizkeliza_org\/EVWbqSE11UxIiA1h7fNRRxMB3OCYggYBnfBNCH8MzMz5LA\">Domingo XXXI<\/a><\/li>\n<li><a href=\"https:\/\/diocesisdebilbao-my.sharepoint.com\/:w:\/g\/personal\/webbizkeliza_bizkeliza_org\/EVSn7s9HkCtAtqJq3b0SlzoBGaaT7ccenDRhfhuMM0hPXw\" data-mce-href=\"https:\/\/diocesisdebilbao-my.sharepoint.com\/:w:\/g\/personal\/webbizkeliza_bizkeliza_org\/EVSn7s9HkCtAtqJq3b0SlzoBGaaT7ccenDRhfhuMM0hPXw\">Domingo XXX<\/a><\/li>\n<li><a href=\"https:\/\/diocesisdebilbao-my.sharepoint.com\/:w:\/g\/personal\/webbizkeliza_bizkeliza_org\/EVZ55_ymE_ZBlrAa9Owt0rYBPV2yYeswPj38REhTsQeK8A\" data-mce-href=\"https:\/\/diocesisdebilbao-my.sharepoint.com\/:w:\/g\/personal\/webbizkeliza_bizkeliza_org\/EVZ55_ymE_ZBlrAa9Owt0rYBPV2yYeswPj38REhTsQeK8A\">Domingo XXIX<\/a><\/li>\n<li><a href=\"https:\/\/diocesisdebilbao-my.sharepoint.com\/:w:\/g\/personal\/webbizkeliza_bizkeliza_org\/EX0zeLhk-I1KjAvifMQn1sUBtE9mlSVwJBuaKVpwytdr-A\" data-mce-href=\"https:\/\/diocesisdebilbao-my.sharepoint.com\/:w:\/g\/personal\/webbizkeliza_bizkeliza_org\/EX0zeLhk-I1KjAvifMQn1sUBtE9mlSVwJBuaKVpwytdr-A\">Domingo XXVIII<\/a><\/li>\n<li><a href=\"https:\/\/diocesisdebilbao-my.sharepoint.com\/:w:\/g\/personal\/webbizkeliza_bizkeliza_org\/Ec1N6PEE_KNBlDHFoj6c1vEB1-WcaHaVaE_RNH2vtCvb9Q\" data-mce-href=\"https:\/\/diocesisdebilbao-my.sharepoint.com\/:w:\/g\/personal\/webbizkeliza_bizkeliza_org\/Ec1N6PEE_KNBlDHFoj6c1vEB1-WcaHaVaE_RNH2vtCvb9Q\">Domingo XXVII<\/a><\/li>\n<li><a href=\"https:\/\/diocesisdebilbao-my.sharepoint.com\/:w:\/g\/personal\/webbizkeliza_bizkeliza_org\/EVwSGEw6xXpDkNx-exhFRmsBiNVA-HCiJo_NQeVfwVRg1g\" data-mce-href=\"https:\/\/diocesisdebilbao-my.sharepoint.com\/:w:\/g\/personal\/webbizkeliza_bizkeliza_org\/EVwSGEw6xXpDkNx-exhFRmsBiNVA-HCiJo_NQeVfwVRg1g\">Domingo XXVI<\/a><\/li>\n<li><a href=\"https:\/\/diocesisdebilbao-my.sharepoint.com\/:w:\/g\/personal\/webbizkeliza_bizkeliza_org\/ERzHBpz8CvZMnGIIm4h5eCQBb9oP87UxBEPrKm5OsbBb6A\" data-mce-href=\"https:\/\/diocesisdebilbao-my.sharepoint.com\/:w:\/g\/personal\/webbizkeliza_bizkeliza_org\/ERzHBpz8CvZMnGIIm4h5eCQBb9oP87UxBEPrKm5OsbBb6A\">Domingo XXV<\/a><\/li>\n<li><a href=\"https:\/\/diocesisdebilbao-my.sharepoint.com\/:w:\/g\/personal\/webbizkeliza_bizkeliza_org\/EZQSqwaFeSlAnh106SFjBEABexo4g6sZ3Cl0OpFwPFb9Jg\" data-mce-href=\"https:\/\/diocesisdebilbao-my.sharepoint.com\/:w:\/g\/personal\/webbizkeliza_bizkeliza_org\/EZQSqwaFeSlAnh106SFjBEABexo4g6sZ3Cl0OpFwPFb9Jg\">Domingo XXIV<\/a><\/li>\n<li><a href=\"https:\/\/diocesisdebilbao-my.sharepoint.com\/:w:\/g\/personal\/webbizkeliza_bizkeliza_org\/EcdczySsONZMrfN4tZMPJOcBr9mCuxv3l2tdGlE57obNRA\" data-mce-href=\"https:\/\/diocesisdebilbao-my.sharepoint.com\/:w:\/g\/personal\/webbizkeliza_bizkeliza_org\/EcdczySsONZMrfN4tZMPJOcBr9mCuxv3l2tdGlE57obNRA\">Domingo XXIII<\/a><\/li>\n<li><a href=\"https:\/\/diocesisdebilbao-my.sharepoint.com\/:w:\/g\/personal\/webbizkeliza_bizkeliza_org\/EasVH6ouXC9LpuA4eJW8VCUBz7EzVFRkxCcyf49xFhRgOw\" data-mce-href=\"https:\/\/diocesisdebilbao-my.sharepoint.com\/:w:\/g\/personal\/webbizkeliza_bizkeliza_org\/EasVH6ouXC9LpuA4eJW8VCUBz7EzVFRkxCcyf49xFhRgOw\">Domingo XXII<\/a><\/li>\n<li><a href=\"https:\/\/diocesisdebilbao-my.sharepoint.com\/:w:\/g\/personal\/webbizkeliza_bizkeliza_org\/ERyn7bmggyFAthX-HqT5DdsBrWrV4cvqP5smtSWcL1mmbQ\" data-mce-href=\"https:\/\/diocesisdebilbao-my.sharepoint.com\/:w:\/g\/personal\/webbizkeliza_bizkeliza_org\/ERyn7bmggyFAthX-HqT5DdsBrWrV4cvqP5smtSWcL1mmbQ\">Domingo XXI<\/a><\/li>\n<li><a href=\"https:\/\/diocesisdebilbao-my.sharepoint.com\/:w:\/g\/personal\/webbizkeliza_bizkeliza_org\/EQfahKgbgX5JquryftHNk6oBIDWFbbuYWHxA9af888u01g\" data-mce-href=\"https:\/\/diocesisdebilbao-my.sharepoint.com\/:w:\/g\/personal\/webbizkeliza_bizkeliza_org\/EQfahKgbgX5JquryftHNk6oBIDWFbbuYWHxA9af888u01g\">Domingo XX<\/a><\/li>\n<li><a href=\"https:\/\/diocesisdebilbao-my.sharepoint.com\/:w:\/g\/personal\/webbizkeliza_bizkeliza_org\/Eax_4CqZHvFGjamEwu4_xGcBiatl-OjGALMBIBietKOEnQ\" data-mce-href=\"https:\/\/diocesisdebilbao-my.sharepoint.com\/:w:\/g\/personal\/webbizkeliza_bizkeliza_org\/Eax_4CqZHvFGjamEwu4_xGcBiatl-OjGALMBIBietKOEnQ\">Domingo XIX<\/a><\/li>\n<li><a href=\"https:\/\/diocesisdebilbao-my.sharepoint.com\/:w:\/g\/personal\/webbizkeliza_bizkeliza_org\/EQ4-33qQFWBFllP_L2jsUTYBa7aioi2GrtYt3724jAMuMQ\" data-mce-href=\"https:\/\/diocesisdebilbao-my.sharepoint.com\/:w:\/g\/personal\/webbizkeliza_bizkeliza_org\/EQ4-33qQFWBFllP_L2jsUTYBa7aioi2GrtYt3724jAMuMQ\">Domingo XVIII<\/a><\/li>\n<li><a href=\"https:\/\/diocesisdebilbao-my.sharepoint.com\/:w:\/g\/personal\/webbizkeliza_bizkeliza_org\/EVGf1m9XfSZNoVU-rEPe-TEBdKRzp4ULH61s1bA7-kpjQA\" data-mce-href=\"https:\/\/diocesisdebilbao-my.sharepoint.com\/:w:\/g\/personal\/webbizkeliza_bizkeliza_org\/EVGf1m9XfSZNoVU-rEPe-TEBdKRzp4ULH61s1bA7-kpjQA\">Domingo XVII<\/a><\/li>\n<li><a href=\"https:\/\/diocesisdebilbao-my.sharepoint.com\/:w:\/g\/personal\/webbizkeliza_bizkeliza_org\/EX1iBVYwqY1CuqnJ2Rii5pIBqknjrKrYl26P7vYY1Mh95A\" data-mce-href=\"https:\/\/diocesisdebilbao-my.sharepoint.com\/:w:\/g\/personal\/webbizkeliza_bizkeliza_org\/EX1iBVYwqY1CuqnJ2Rii5pIBqknjrKrYl26P7vYY1Mh95A\">Domingo XVI<\/a><\/li>\n<li><a href=\"https:\/\/diocesisdebilbao-my.sharepoint.com\/:w:\/g\/personal\/webbizkeliza_bizkeliza_org\/EasmHENKB65PqIfYovNC0jMBBmE7RqMfj2wEh6ED_L2Jtw\" data-mce-href=\"https:\/\/diocesisdebilbao-my.sharepoint.com\/:w:\/g\/personal\/webbizkeliza_bizkeliza_org\/EasmHENKB65PqIfYovNC0jMBBmE7RqMfj2wEh6ED_L2Jtw\">Domingo XV<\/a><\/li>\n<li><a href=\"https:\/\/diocesisdebilbao-my.sharepoint.com\/:w:\/g\/personal\/webbizkeliza_bizkeliza_org\/ER-c8Q9WzStMmPLo4YgXfTcB3f8aNBrK6Xfq1NkAmtNbbQ\" data-mce-href=\"https:\/\/diocesisdebilbao-my.sharepoint.com\/:w:\/g\/personal\/webbizkeliza_bizkeliza_org\/ER-c8Q9WzStMmPLo4YgXfTcB3f8aNBrK6Xfq1NkAmtNbbQ\">Domingo XIV<\/a><\/li>\n<li><a href=\"https:\/\/diocesisdebilbao-my.sharepoint.com\/:w:\/g\/personal\/webbizkeliza_bizkeliza_org\/EbhIyOyG5CdLmmAwod9hOSgBrfZ40tEYs4_Sro6lorJCnQ\" data-mce-href=\"https:\/\/diocesisdebilbao-my.sharepoint.com\/:w:\/g\/personal\/webbizkeliza_bizkeliza_org\/EbhIyOyG5CdLmmAwod9hOSgBrfZ40tEYs4_Sro6lorJCnQ\">Domingo XIII<\/a><\/li>\n<li><a href=\"https:\/\/diocesisdebilbao-my.sharepoint.com\/:w:\/g\/personal\/webbizkeliza_bizkeliza_org\/Ebj8OvTdTx9PmhWARpvAOtwB5Csda_E0myw1IA7G5JX31g\" data-mce-href=\"https:\/\/diocesisdebilbao-my.sharepoint.com\/:w:\/g\/personal\/webbizkeliza_bizkeliza_org\/Ebj8OvTdTx9PmhWARpvAOtwB5Csda_E0myw1IA7G5JX31g\">Domingo VIII<\/a><\/li>\n<li><a href=\"https:\/\/diocesisdebilbao-my.sharepoint.com\/:w:\/g\/personal\/webbizkeliza_bizkeliza_org\/ESq5U9u7TupFivPreMG1olYBhr1xamGaojHQfP6b9rB6QA\" data-mce-href=\"https:\/\/diocesisdebilbao-my.sharepoint.com\/:w:\/g\/personal\/webbizkeliza_bizkeliza_org\/ESq5U9u7TupFivPreMG1olYBhr1xamGaojHQfP6b9rB6QA\">Domingo VII<\/a><\/li>\n<li><a href=\"https:\/\/diocesisdebilbao-my.sharepoint.com\/:w:\/g\/personal\/webbizkeliza_bizkeliza_org\/EQX9pr__ePFKjNEneI15JesBVaSqGDw248zsFgmGw5LWqw\" data-mce-href=\"https:\/\/diocesisdebilbao-my.sharepoint.com\/:w:\/g\/personal\/webbizkeliza_bizkeliza_org\/EQX9pr__ePFKjNEneI15JesBVaSqGDw248zsFgmGw5LWqw\">Domingo VI<\/a><\/li>\n<li><a href=\"https:\/\/diocesisdebilbao-my.sharepoint.com\/:w:\/g\/personal\/webbizkeliza_bizkeliza_org\/Eb4zNpchvfxFgLOcxJ52rrMBBcdhfZak7FgiztPzRlUO2A\" data-mce-href=\"https:\/\/diocesisdebilbao-my.sharepoint.com\/:w:\/g\/personal\/webbizkeliza_bizkeliza_org\/Eb4zNpchvfxFgLOcxJ52rrMBBcdhfZak7FgiztPzRlUO2A\">Domingo V<\/a><\/li>\n<li><a href=\"https:\/\/diocesisdebilbao-my.sharepoint.com\/:w:\/g\/personal\/webbizkeliza_bizkeliza_org\/EXuyRZbKyENEmtPd6VKB_9IBDjqZ-CoAv_cvPkLTbHEqkA\" data-mce-href=\"https:\/\/diocesisdebilbao-my.sharepoint.com\/:w:\/g\/personal\/webbizkeliza_bizkeliza_org\/EXuyRZbKyENEmtPd6VKB_9IBDjqZ-CoAv_cvPkLTbHEqkA\">Domingo IV<\/a><\/li>\n<li><a href=\"https:\/\/diocesisdebilbao-my.sharepoint.com\/:w:\/g\/personal\/webbizkeliza_bizkeliza_org\/ES2IDErdKLJApXtgAGsg0uoBrp1Ioa2OiEsrq1XYHoS9nA\" data-mce-href=\"https:\/\/diocesisdebilbao-my.sharepoint.com\/:w:\/g\/personal\/webbizkeliza_bizkeliza_org\/ES2IDErdKLJApXtgAGsg0uoBrp1Ioa2OiEsrq1XYHoS9nA\">Domingo III<\/a><\/li>\n<li><a href=\"https:\/\/diocesisdebilbao-my.sharepoint.com\/:w:\/g\/personal\/webbizkeliza_bizkeliza_org\/EZ1k-XZK2mZCuOaCCl7Ww68B6Ri80EF7c48SiXRsj7jNiw\" data-mce-href=\"https:\/\/diocesisdebilbao-my.sharepoint.com\/:w:\/g\/personal\/webbizkeliza_bizkeliza_org\/EZ1k-XZK2mZCuOaCCl7Ww68B6Ri80EF7c48SiXRsj7jNiw\">Domingo II <\/a><\/li>\n<\/ul>\n<\/li>\n<\/ul>\n<\/li>\n<\/ul>\n<p>[\/et_pb_text][\/et_pb_column_inner][\/et_pb_row_inner][et_pb_row_inner admin_label=&#8221;Separador&#8221; _builder_version=&#8221;4.16&#8243; _module_preset=&#8221;default&#8221; global_colors_info=&#8221;{}&#8221;][et_pb_column_inner saved_specialty_column_type=&#8221;2_3&#8243; _builder_version=&#8221;4.16&#8243; _module_preset=&#8221;default&#8221; global_colors_info=&#8221;{}&#8221;][et_pb_divider color=&#8221;#000000&#8243; divider_position=&#8221;center&#8221; _builder_version=&#8221;4.16&#8243; _module_preset=&#8221;default&#8221; global_colors_info=&#8221;{}&#8221;][\/et_pb_divider][\/et_pb_column_inner][\/et_pb_row_inner][et_pb_row_inner admin_label=&#8221;Cuaresma&#8221; _builder_version=&#8221;4.27.5&#8243; _module_preset=&#8221;default&#8221; custom_padding=&#8221;1px|||||&#8221; global_colors_info=&#8221;{}&#8221;][et_pb_column_inner saved_specialty_column_type=&#8221;2_3&#8243; admin_label=&#8221;Columna&#8221; _builder_version=&#8221;4.16&#8243; _module_preset=&#8221;default&#8221; global_colors_info=&#8221;{}&#8221;][et_pb_text module_id=&#8221;Adap-Cuaresma&#8221; _builder_version=&#8221;4.27.6&#8243; _module_preset=&#8221;default&#8221; text_text_color=&#8221;#ffffff&#8221; header_text_color=&#8221;#ffffff&#8221; header_font_size=&#8221;44px&#8221; header_line_height=&#8221;1.2em&#8221; header_4_font=&#8221;|700|||||||&#8221; background_color=&#8221;#006b54&#8243; custom_margin=&#8221;0px||||false|false&#8221; custom_padding=&#8221;10px|||30px|false|false&#8221; header_3_font_size_tablet=&#8221;&#8221; header_3_font_size_phone=&#8221;22px&#8221; header_3_font_size_last_edited=&#8221;on|phone&#8221; header_4_font_size_tablet=&#8221;&#8221; header_4_font_size_phone=&#8221;18px&#8221; header_4_font_size_last_edited=&#8221;on|desktop&#8221; border_radii=&#8221;on|186px|186px|186px|186px&#8221; global_colors_info=&#8221;{}&#8221;]<\/p>\n<h3><span style=\"color: #ffffff;\" data-mce-style=\"color: #ffffff;\">Garizuma<\/span><\/h3>\n<p>[\/et_pb_text][et_pb_text _builder_version=&#8221;4.27.6&#8243; _module_preset=&#8221;default&#8221; header_font_size=&#8221;44px&#8221; header_line_height=&#8221;1.2em&#8221; header_4_font=&#8221;|700|||||||&#8221; header_3_font_size_tablet=&#8221;&#8221; header_3_font_size_phone=&#8221;22px&#8221; header_3_font_size_last_edited=&#8221;on|phone&#8221; header_4_font_size_tablet=&#8221;&#8221; header_4_font_size_phone=&#8221;18px&#8221; header_4_font_size_last_edited=&#8221;on|desktop&#8221; global_colors_info=&#8221;{}&#8221;]<\/p>\n<h4>Garizuma \u2013 A zikloa 2026<\/h4>\n<ul>\n<li><a href=\"https:\/\/diocesisdebilbao-my.sharepoint.com\/:w:\/g\/personal\/webbizkeliza_bizkeliza_org\/IQAKapn77UpbQJiozUkuxEWDAent8uuUlmoGyNmUXlqRTwU?e=lQbjEC\" target=\"_blank\" rel=\"noopener\" data-mce-href=\"https:\/\/diocesisdebilbao-my.sharepoint.com\/:w:\/g\/personal\/webbizkeliza_bizkeliza_org\/IQAKapn77UpbQJiozUkuxEWDAent8uuUlmoGyNmUXlqRTwU?e=lQbjEC\">V. Igandea<\/a><\/li>\n<li><a href=\"https:\/\/diocesisdebilbao-my.sharepoint.com\/:w:\/g\/personal\/webbizkeliza_bizkeliza_org\/IQDYTQZuKEjzQpg9PgfsLvMcAfjcF5ndCbufsvAbbi1lLYg?e=bjog6i\" target=\"_blank\" rel=\"noopener\" data-mce-href=\"https:\/\/diocesisdebilbao-my.sharepoint.com\/:w:\/g\/personal\/webbizkeliza_bizkeliza_org\/IQDYTQZuKEjzQpg9PgfsLvMcAfjcF5ndCbufsvAbbi1lLYg?e=bjog6i\">Jose Deuna<\/a><\/li>\n<li><a href=\"https:\/\/diocesisdebilbao-my.sharepoint.com\/:w:\/g\/personal\/webbizkeliza_bizkeliza_org\/IQBNbVHzt4seTIFEV5ZHXonzAQFCtYvyySszh-IWvr4FGx0?e=OQqc6y\" target=\"_blank\" rel=\"noopener\" data-mce-href=\"https:\/\/diocesisdebilbao-my.sharepoint.com\/:w:\/g\/personal\/webbizkeliza_bizkeliza_org\/IQBNbVHzt4seTIFEV5ZHXonzAQFCtYvyySszh-IWvr4FGx0?e=OQqc6y\">IV.Igandea<\/a><\/li>\n<li><a href=\"https:\/\/diocesisdebilbao-my.sharepoint.com\/:w:\/g\/personal\/webbizkeliza_bizkeliza_org\/IQD1dhNq6rLMTa3ZXXwBW-eUAeAwvUXeBz5OmymfTUZr04E?e=g4OorG\" target=\"_blank\" rel=\"noopener\" data-mce-href=\"https:\/\/diocesisdebilbao-my.sharepoint.com\/:w:\/g\/personal\/webbizkeliza_bizkeliza_org\/IQD1dhNq6rLMTa3ZXXwBW-eUAeAwvUXeBz5OmymfTUZr04E?e=g4OorG\">III. Igandea<\/a><\/li>\n<li><a href=\"https:\/\/diocesisdebilbao-my.sharepoint.com\/:w:\/g\/personal\/webbizkeliza_bizkeliza_org\/IQDvqRAE8UU5TZ5ncM7N-i6sAd7S4tf6wASZsg5yeXtvSkM?e=BcF6Jq\" target=\"_blank\" rel=\"noopener\" data-mce-href=\"https:\/\/diocesisdebilbao-my.sharepoint.com\/:w:\/g\/personal\/webbizkeliza_bizkeliza_org\/IQDvqRAE8UU5TZ5ncM7N-i6sAd7S4tf6wASZsg5yeXtvSkM?e=BcF6Jq\">II.Igandea<\/a><\/li>\n<li><a href=\"https:\/\/diocesisdebilbao-my.sharepoint.com\/:w:\/g\/personal\/webbizkeliza_bizkeliza_org\/IQCq3B-Qkps7SIXI3cfkzqfJAYRHbesxx-yU_KwjBsl_Fdw?e=757DXw\" target=\"_blank\" rel=\"noopener\" data-mce-href=\"https:\/\/diocesisdebilbao-my.sharepoint.com\/:w:\/g\/personal\/webbizkeliza_bizkeliza_org\/IQCq3B-Qkps7SIXI3cfkzqfJAYRHbesxx-yU_KwjBsl_Fdw?e=757DXw\">I. Igandea \u2013 Hautsa<\/a><\/li>\n<\/ul>\n<h4>Garizuma \u2013 C zikloa 2025<\/h4>\n<ul>\n<li><a href=\"https:\/\/diocesisdebilbao-my.sharepoint.com\/:w:\/g\/personal\/webbizkeliza_bizkeliza_org\/EVFq4Bp-_KZFm30ra-XUPJEBK68g2HM5VkaoVJTrAUPRvw?e=pywK24\" target=\"_blank\" rel=\"noopener\" data-mce-href=\"https:\/\/diocesisdebilbao-my.sharepoint.com\/:w:\/g\/personal\/webbizkeliza_bizkeliza_org\/EVFq4Bp-_KZFm30ra-XUPJEBK68g2HM5VkaoVJTrAUPRvw?e=pywK24\">Erramu Domeka<\/a><\/li>\n<li><a href=\"https:\/\/diocesisdebilbao-my.sharepoint.com\/:w:\/g\/personal\/webbizkeliza_bizkeliza_org\/EZ64rslPvudBpV6sSIKFuBYBWqLMMtJFD54OIHYbbtV0SA?e=mwEF6q\" target=\"_blank\" rel=\"noopener\" data-mce-href=\"https:\/\/diocesisdebilbao-my.sharepoint.com\/:w:\/g\/personal\/webbizkeliza_bizkeliza_org\/EZ64rslPvudBpV6sSIKFuBYBWqLMMtJFD54OIHYbbtV0SA?e=mwEF6q\">V. Igandea<\/a><\/li>\n<li><a href=\"https:\/\/diocesisdebilbao-my.sharepoint.com\/:w:\/g\/personal\/webbizkeliza_bizkeliza_org\/EU_HliKXB5tOvjna0nfm6FkBuC719NNJeGqevncMvdEq0A?e=MSaQwU\" target=\"_blank\" rel=\"noopener\" data-mce-href=\"https:\/\/diocesisdebilbao-my.sharepoint.com\/:w:\/g\/personal\/webbizkeliza_bizkeliza_org\/EU_HliKXB5tOvjna0nfm6FkBuC719NNJeGqevncMvdEq0A?e=MSaQwU\">IV. Igandea<\/a><\/li>\n<li><a href=\"https:\/\/diocesisdebilbao-my.sharepoint.com\/:w:\/g\/personal\/webbizkeliza_bizkeliza_org\/Efg5vU6Ii_1Lgf92iUQ_0GgBd0kCOZV63ri2dNFxCo7sfQ?e=TZMM0I\" target=\"_blank\" rel=\"noopener\" data-mce-href=\"https:\/\/diocesisdebilbao-my.sharepoint.com\/:w:\/g\/personal\/webbizkeliza_bizkeliza_org\/Efg5vU6Ii_1Lgf92iUQ_0GgBd0kCOZV63ri2dNFxCo7sfQ?e=TZMM0I\">III. Igandea<\/a><\/li>\n<li><a href=\"https:\/\/diocesisdebilbao-my.sharepoint.com\/:w:\/g\/personal\/webbizkeliza_bizkeliza_org\/ERCUnrWzMLpMpeALbKy9lx0BMsLra7Vft7z6JB-u89EoRg?e=72eGIs\" target=\"_blank\" rel=\"noopener\" data-mce-href=\"https:\/\/diocesisdebilbao-my.sharepoint.com\/:w:\/g\/personal\/webbizkeliza_bizkeliza_org\/ERCUnrWzMLpMpeALbKy9lx0BMsLra7Vft7z6JB-u89EoRg?e=72eGIs\">II. Igandea<\/a><\/li>\n<li><a href=\"https:\/\/diocesisdebilbao-my.sharepoint.com\/:w:\/g\/personal\/webbizkeliza_bizkeliza_org\/EXeTGcsBJZNKhDakLM4PHWsB47vEXJAR-ZcKsqUnXabRvA?e=jpTPmA\" target=\"_blank\" rel=\"noopener\" data-mce-href=\"https:\/\/diocesisdebilbao-my.sharepoint.com\/:w:\/g\/personal\/webbizkeliza_bizkeliza_org\/EXeTGcsBJZNKhDakLM4PHWsB47vEXJAR-ZcKsqUnXabRvA?e=jpTPmA\">I. Igandea \u2013 Hautsa<\/a><\/li>\n<\/ul>\n<h4>Garizuma \u2013 B zikloa 2024<\/h4>\n<ul>\n<li><a href=\"https:\/\/diocesisdebilbao-my.sharepoint.com\/:w:\/g\/personal\/webbizkeliza_bizkeliza_org\/EUVCGZ82q0NNn-y7sBIHMOgB_iBhHD3tM8L9NYWVm2iKtw?e=SFLR5X\" target=\"_blank\" rel=\"noopener\" data-mce-href=\"https:\/\/diocesisdebilbao-my.sharepoint.com\/:w:\/g\/personal\/webbizkeliza_bizkeliza_org\/EUVCGZ82q0NNn-y7sBIHMOgB_iBhHD3tM8L9NYWVm2iKtw?e=SFLR5X\">V. Igandea<\/a><\/li>\n<li><a href=\"https:\/\/diocesisdebilbao-my.sharepoint.com\/:w:\/g\/personal\/webbizkeliza_bizkeliza_org\/EV0FaLc1KwhIn6VAjZmcAa8Ba5uaPFav6jsedvELLZCXyA?e=DDDjwO\" target=\"_blank\" rel=\"noopener\" data-mce-href=\"https:\/\/diocesisdebilbao-my.sharepoint.com\/:w:\/g\/personal\/webbizkeliza_bizkeliza_org\/EV0FaLc1KwhIn6VAjZmcAa8Ba5uaPFav6jsedvELLZCXyA?e=DDDjwO\">IV. Igandea<\/a><\/li>\n<li><a href=\"https:\/\/diocesisdebilbao-my.sharepoint.com\/:w:\/g\/personal\/webbizkeliza_bizkeliza_org\/EbFDSQD5U1pAmKOjCvDlExgBjUJE6Ga689svaIw9c9XCJg?e=GNmCJu\" target=\"_blank\" rel=\"noopener\" data-mce-href=\"https:\/\/diocesisdebilbao-my.sharepoint.com\/:w:\/g\/personal\/webbizkeliza_bizkeliza_org\/EbFDSQD5U1pAmKOjCvDlExgBjUJE6Ga689svaIw9c9XCJg?e=GNmCJu\">III. Igandea<\/a><\/li>\n<li><a href=\"https:\/\/diocesisdebilbao-my.sharepoint.com\/:w:\/g\/personal\/webbizkeliza_bizkeliza_org\/EQ4wuyUO8cpMpE1UvKd_Ot8BSfSxPd_o9yx1tyNGjXiPKw?e=IhDjEA\" target=\"_blank\" rel=\"noopener\" data-mce-href=\"https:\/\/diocesisdebilbao-my.sharepoint.com\/:w:\/g\/personal\/webbizkeliza_bizkeliza_org\/EQ4wuyUO8cpMpE1UvKd_Ot8BSfSxPd_o9yx1tyNGjXiPKw?e=IhDjEA\">II. Igandea<\/a><\/li>\n<li><a href=\"https:\/\/diocesisdebilbao-my.sharepoint.com\/:w:\/g\/personal\/webbizkeliza_bizkeliza_org\/EZAIr2YS7u5MpbDnxuSjaskB1WUuX1sfOxF2d8Dnhn0t3A?e=84zg6y\" target=\"_blank\" rel=\"noopener\" data-mce-href=\"https:\/\/diocesisdebilbao-my.sharepoint.com\/:w:\/g\/personal\/webbizkeliza_bizkeliza_org\/EZAIr2YS7u5MpbDnxuSjaskB1WUuX1sfOxF2d8Dnhn0t3A?e=84zg6y\">I. Igandea<\/a><\/li>\n<\/ul>\n<h4>Garizuma \u2013 A zikloa 2023<\/h4>\n<ul>\n<li><a href=\"https:\/\/diocesisdebilbao-my.sharepoint.com\/:w:\/g\/personal\/webbizkeliza_bizkeliza_org\/ERU35SbLJnVDh_vKz4LwHQkB-T4a3GOVMZQpLuncRupo3A?e=L6y8GA\" target=\"_blank\" rel=\"noopener\" data-mce-href=\"https:\/\/diocesisdebilbao-my.sharepoint.com\/:w:\/g\/personal\/webbizkeliza_bizkeliza_org\/ERU35SbLJnVDh_vKz4LwHQkB-T4a3GOVMZQpLuncRupo3A?e=L6y8GA\">V. Igandea<\/a><\/li>\n<li><a href=\"https:\/\/diocesisdebilbao-my.sharepoint.com\/:w:\/g\/personal\/webbizkeliza_bizkeliza_org\/EQioSVSyrnFCoxRDcTNSBCwBdhWntUxlYnLVUSvgq-ZHVQ?e=txpXNY\" target=\"_blank\" rel=\"noopener\" data-mce-href=\"https:\/\/diocesisdebilbao-my.sharepoint.com\/:w:\/g\/personal\/webbizkeliza_bizkeliza_org\/EQioSVSyrnFCoxRDcTNSBCwBdhWntUxlYnLVUSvgq-ZHVQ?e=txpXNY\">IV. Igandea<\/a><\/li>\n<li><a href=\"https:\/\/diocesisdebilbao-my.sharepoint.com\/:w:\/g\/personal\/webbizkeliza_bizkeliza_org\/EcdCkb5IPTlHnCSoK0VDX50BBvJXccNWhGPkp6GORN7Y5g?e=DMEHHv\" target=\"_blank\" rel=\"noopener\" data-mce-href=\"https:\/\/diocesisdebilbao-my.sharepoint.com\/:w:\/g\/personal\/webbizkeliza_bizkeliza_org\/EcdCkb5IPTlHnCSoK0VDX50BBvJXccNWhGPkp6GORN7Y5g?e=DMEHHv\">III. Igandea<\/a><\/li>\n<li><a href=\"https:\/\/diocesisdebilbao-my.sharepoint.com\/:w:\/g\/personal\/webbizkeliza_bizkeliza_org\/EdY0wxRYkndCkSCTnzSxsacBWZaM3HcIpzOJXMbBcWsjLg?e=f2NH87\" target=\"_blank\" rel=\"noopener\" data-mce-href=\"https:\/\/diocesisdebilbao-my.sharepoint.com\/:w:\/g\/personal\/webbizkeliza_bizkeliza_org\/EdY0wxRYkndCkSCTnzSxsacBWZaM3HcIpzOJXMbBcWsjLg?e=f2NH87\">II. Igandea<\/a><\/li>\n<li><a href=\"https:\/\/diocesisdebilbao-my.sharepoint.com\/:w:\/g\/personal\/webbizkeliza_bizkeliza_org\/EbZ0JqrYf4xAqNriZ2h0UGEBSHElynO2qA3pQ3etQN1bXg?e=iIfDvS\" target=\"_blank\" rel=\"noopener\" data-mce-href=\"https:\/\/diocesisdebilbao-my.sharepoint.com\/:w:\/g\/personal\/webbizkeliza_bizkeliza_org\/EbZ0JqrYf4xAqNriZ2h0UGEBSHElynO2qA3pQ3etQN1bXg?e=iIfDvS\">I. Igandea<\/a><\/li>\n<\/ul>\n<h4>Cuaresma \u2013 D\u00eda del Se\u00f1or: ADAP \u2013 ciclo B 2021<\/h4>\n<ul>\n<li><a href=\"https:\/\/diocesisdebilbao-my.sharepoint.com\/:w:\/g\/personal\/webbizkeliza_bizkeliza_org\/EXyXwYhvWrdEpRk89oYZWIQBg830pI6QTWZRfkCyiuSatQ\" data-mce-href=\"https:\/\/diocesisdebilbao-my.sharepoint.com\/:w:\/g\/personal\/webbizkeliza_bizkeliza_org\/EXyXwYhvWrdEpRk89oYZWIQBg830pI6QTWZRfkCyiuSatQ\">Domingo I \u2013 Ceniza<\/a><\/li>\n<li><a href=\"https:\/\/diocesisdebilbao-my.sharepoint.com\/:w:\/g\/personal\/webbizkeliza_bizkeliza_org\/Efk1s5WIH_BHmRwUjhhDTvcBBCGkwymJ60fwS3P4Vva-iA\" data-mce-href=\"https:\/\/diocesisdebilbao-my.sharepoint.com\/:w:\/g\/personal\/webbizkeliza_bizkeliza_org\/Efk1s5WIH_BHmRwUjhhDTvcBBCGkwymJ60fwS3P4Vva-iA\">Domingo II<\/a><\/li>\n<li><a href=\"https:\/\/diocesisdebilbao-my.sharepoint.com\/:w:\/g\/personal\/webbizkeliza_bizkeliza_org\/EYb5P13Ufk5LtzKwW2946dEBl7JaPrwiCPozRZECIGzxYw\" data-mce-href=\"https:\/\/diocesisdebilbao-my.sharepoint.com\/:w:\/g\/personal\/webbizkeliza_bizkeliza_org\/EYb5P13Ufk5LtzKwW2946dEBl7JaPrwiCPozRZECIGzxYw\">Domingo III<\/a><\/li>\n<li><a href=\"https:\/\/diocesisdebilbao-my.sharepoint.com\/:w:\/g\/personal\/webbizkeliza_bizkeliza_org\/EZgKDbzdxNVFvd-YHHRVvTQB5EUaLoIDLhVlK9tdCGLApg\" data-mce-href=\"https:\/\/diocesisdebilbao-my.sharepoint.com\/:w:\/g\/personal\/webbizkeliza_bizkeliza_org\/EZgKDbzdxNVFvd-YHHRVvTQB5EUaLoIDLhVlK9tdCGLApg\">Domingo IV<\/a><\/li>\n<li><a href=\"https:\/\/diocesisdebilbao-my.sharepoint.com\/:w:\/g\/personal\/webbizkeliza_bizkeliza_org\/EeKYaQe9XdxEhV9A1Wo1nssBmw9aJ4ksVTdVFITFQYECdQ\" data-mce-href=\"https:\/\/diocesisdebilbao-my.sharepoint.com\/:w:\/g\/personal\/webbizkeliza_bizkeliza_org\/EeKYaQe9XdxEhV9A1Wo1nssBmw9aJ4ksVTdVFITFQYECdQ\">Domingo V<\/a><\/li>\n<\/ul>\n<h4>Cuaresma \u2013 D\u00eda del Se\u00f1or: ADAP \u2013 ciclo A 2020<\/h4>\n<ul>\n<li><a href=\"https:\/\/diocesisdebilbao-my.sharepoint.com\/:w:\/g\/personal\/webbizkeliza_bizkeliza_org\/ETZVHYMLOVBGvQwlYx0LJ3MBhdqpwusXy7NPMKDe3IlyiQ\" data-mce-href=\"https:\/\/diocesisdebilbao-my.sharepoint.com\/:w:\/g\/personal\/webbizkeliza_bizkeliza_org\/ETZVHYMLOVBGvQwlYx0LJ3MBhdqpwusXy7NPMKDe3IlyiQ\">Domingo I \u2013 Ceniza<\/a><\/li>\n<li><a href=\"https:\/\/diocesisdebilbao-my.sharepoint.com\/:w:\/g\/personal\/webbizkeliza_bizkeliza_org\/EVsKsrtEqQlCupfdJbzYoPQBrhkIST6kAoHp8lBC6ubbEQ\" data-mce-href=\"https:\/\/diocesisdebilbao-my.sharepoint.com\/:w:\/g\/personal\/webbizkeliza_bizkeliza_org\/EVsKsrtEqQlCupfdJbzYoPQBrhkIST6kAoHp8lBC6ubbEQ\">Domingo II<\/a><\/li>\n<li><a href=\"https:\/\/diocesisdebilbao-my.sharepoint.com\/:w:\/g\/personal\/webbizkeliza_bizkeliza_org\/ESUW2AFoA7NMm_gFLoAKN2sBFgMjAGWBSPJ2rhiuGGVzPw\" data-mce-href=\"https:\/\/diocesisdebilbao-my.sharepoint.com\/:w:\/g\/personal\/webbizkeliza_bizkeliza_org\/ESUW2AFoA7NMm_gFLoAKN2sBFgMjAGWBSPJ2rhiuGGVzPw\">Domingo III<\/a><\/li>\n<li><a href=\"https:\/\/diocesisdebilbao-my.sharepoint.com\/:w:\/g\/personal\/webbizkeliza_bizkeliza_org\/ESNJtpKGlqFEpEohrDt_Y-QBy0nQ0NJd0PmU54ns62EcXw\" data-mce-href=\"https:\/\/diocesisdebilbao-my.sharepoint.com\/:w:\/g\/personal\/webbizkeliza_bizkeliza_org\/ESNJtpKGlqFEpEohrDt_Y-QBy0nQ0NJd0PmU54ns62EcXw\">San Jos\u00e9<\/a><\/li>\n<li><a href=\"https:\/\/diocesisdebilbao-my.sharepoint.com\/:w:\/g\/personal\/webbizkeliza_bizkeliza_org\/EVebWHo5bPJFsfOEN7Um908BKAsqJHEIFPQx0QetseSQNQ\" data-mce-href=\"https:\/\/diocesisdebilbao-my.sharepoint.com\/:w:\/g\/personal\/webbizkeliza_bizkeliza_org\/EVebWHo5bPJFsfOEN7Um908BKAsqJHEIFPQx0QetseSQNQ\">Domingo IV<\/a><\/li>\n<li><a href=\"https:\/\/diocesisdebilbao-my.sharepoint.com\/:w:\/g\/personal\/webbizkeliza_bizkeliza_org\/EUgz2qdipDtFsODNzcSN1s4BnIQgbbA3OTgZ2j67NbwX1w\" data-mce-href=\"https:\/\/diocesisdebilbao-my.sharepoint.com\/:w:\/g\/personal\/webbizkeliza_bizkeliza_org\/EUgz2qdipDtFsODNzcSN1s4BnIQgbbA3OTgZ2j67NbwX1w\">Domingo V<\/a><\/li>\n<\/ul>\n<h4>Cuaresma \u2013 D\u00eda del Se\u00f1or: ADAP \u2013 ciclo C 2019<\/h4>\n<ul>\n<li><a href=\"https:\/\/diocesisdebilbao-my.sharepoint.com\/:w:\/g\/personal\/webbizkeliza_bizkeliza_org\/EZkKYkHf5JtFucWsiU-i-VIB4AKc21tebfz16mUfwvMzoQ\" data-mce-href=\"https:\/\/diocesisdebilbao-my.sharepoint.com\/:w:\/g\/personal\/webbizkeliza_bizkeliza_org\/EZkKYkHf5JtFucWsiU-i-VIB4AKc21tebfz16mUfwvMzoQ\">Domingo I \u2013 Ceniza<\/a><\/li>\n<li><a href=\"https:\/\/diocesisdebilbao-my.sharepoint.com\/:w:\/g\/personal\/webbizkeliza_bizkeliza_org\/ERpiYQRM5TFKmbwfuWwrLVcBKdFyJrgTCSP6F3WjVEifYw\" data-mce-href=\"https:\/\/diocesisdebilbao-my.sharepoint.com\/:w:\/g\/personal\/webbizkeliza_bizkeliza_org\/ERpiYQRM5TFKmbwfuWwrLVcBKdFyJrgTCSP6F3WjVEifYw\">Domingo II<\/a><\/li>\n<li><a href=\"https:\/\/diocesisdebilbao-my.sharepoint.com\/:w:\/g\/personal\/webbizkeliza_bizkeliza_org\/ETy9J12fx9dDgzxNxfrbY2ABoFqZobUAEdCDtU_aWgEgUw\" data-mce-href=\"https:\/\/diocesisdebilbao-my.sharepoint.com\/:w:\/g\/personal\/webbizkeliza_bizkeliza_org\/ETy9J12fx9dDgzxNxfrbY2ABoFqZobUAEdCDtU_aWgEgUw\">San Jos\u00e9<\/a><\/li>\n<li><a href=\"https:\/\/diocesisdebilbao-my.sharepoint.com\/:w:\/g\/personal\/webbizkeliza_bizkeliza_org\/ESgZ90Cl4gVNvhd35uLLlwcBfW-hSdIN4tlGkwUxZ-Dctg\" data-mce-href=\"https:\/\/diocesisdebilbao-my.sharepoint.com\/:w:\/g\/personal\/webbizkeliza_bizkeliza_org\/ESgZ90Cl4gVNvhd35uLLlwcBfW-hSdIN4tlGkwUxZ-Dctg\">Domingo III<\/a><\/li>\n<li><a href=\"https:\/\/diocesisdebilbao-my.sharepoint.com\/:w:\/g\/personal\/webbizkeliza_bizkeliza_org\/Ee7vaMfMta1IvJY6uDmUAIsBgTzx2uNpYuBdG8oZDkp9_w\" data-mce-href=\"https:\/\/diocesisdebilbao-my.sharepoint.com\/:w:\/g\/personal\/webbizkeliza_bizkeliza_org\/Ee7vaMfMta1IvJY6uDmUAIsBgTzx2uNpYuBdG8oZDkp9_w\">Domingo IV<\/a><\/li>\n<li><a href=\"https:\/\/diocesisdebilbao-my.sharepoint.com\/:w:\/g\/personal\/webbizkeliza_bizkeliza_org\/EWY1FAf9Zb1CmUVYQDiOuWYBJQO0l36GXgS5txw2fRI3pA\" data-mce-href=\"https:\/\/diocesisdebilbao-my.sharepoint.com\/:w:\/g\/personal\/webbizkeliza_bizkeliza_org\/EWY1FAf9Zb1CmUVYQDiOuWYBJQO0l36GXgS5txw2fRI3pA\">Domingo V<\/a><\/li>\n<\/ul>\n<h4>Cuaresma \u2013 D\u00eda del Se\u00f1or: ADAP \u2013 ciclo B 2018<\/h4>\n<ul>\n<li><a href=\"https:\/\/diocesisdebilbao-my.sharepoint.com\/:w:\/g\/personal\/webbizkeliza_bizkeliza_org\/ETh7geYOICpGqGtXkxqZ_pQBHYkLeMmXgs-oJGJY87KiyQ\" data-mce-href=\"https:\/\/diocesisdebilbao-my.sharepoint.com\/:w:\/g\/personal\/webbizkeliza_bizkeliza_org\/ETh7geYOICpGqGtXkxqZ_pQBHYkLeMmXgs-oJGJY87KiyQ\">Domingo I \u2013 Ceniza<\/a><\/li>\n<li><a href=\"https:\/\/diocesisdebilbao-my.sharepoint.com\/:w:\/g\/personal\/webbizkeliza_bizkeliza_org\/ETm5Z2Zd7CJIu9kBaaCvwKQBV3wkZuap5jjpaTAhhSdAyA\" data-mce-href=\"https:\/\/diocesisdebilbao-my.sharepoint.com\/:w:\/g\/personal\/webbizkeliza_bizkeliza_org\/ETm5Z2Zd7CJIu9kBaaCvwKQBV3wkZuap5jjpaTAhhSdAyA\">Domingo II<\/a><\/li>\n<li><a href=\"https:\/\/diocesisdebilbao-my.sharepoint.com\/:w:\/g\/personal\/webbizkeliza_bizkeliza_org\/ERdRd8GYqN1OrUZtXRDcl7UBP5y0tfdg3zZE8ddxrkV3pQ\" data-mce-href=\"https:\/\/diocesisdebilbao-my.sharepoint.com\/:w:\/g\/personal\/webbizkeliza_bizkeliza_org\/ERdRd8GYqN1OrUZtXRDcl7UBP5y0tfdg3zZE8ddxrkV3pQ\">Domingo III<\/a><\/li>\n<li><a href=\"https:\/\/diocesisdebilbao-my.sharepoint.com\/:w:\/g\/personal\/webbizkeliza_bizkeliza_org\/EfcMGn-nqA5FuluBaTJ_DKgB8m9BgYD_6_1qoLh3OpNQQA\" data-mce-href=\"https:\/\/diocesisdebilbao-my.sharepoint.com\/:w:\/g\/personal\/webbizkeliza_bizkeliza_org\/EfcMGn-nqA5FuluBaTJ_DKgB8m9BgYD_6_1qoLh3OpNQQA\">Domingo IV<\/a><\/li>\n<li><a href=\"https:\/\/diocesisdebilbao-my.sharepoint.com\/:w:\/g\/personal\/webbizkeliza_bizkeliza_org\/ESvo_bH7r_tCkjVhdVT54uAB26-b8_aAjWWlurnD15-VlA\" data-mce-href=\"https:\/\/diocesisdebilbao-my.sharepoint.com\/:w:\/g\/personal\/webbizkeliza_bizkeliza_org\/ESvo_bH7r_tCkjVhdVT54uAB26-b8_aAjWWlurnD15-VlA\">Domingo V<\/a><\/li>\n<\/ul>\n<p>[\/et_pb_text][\/et_pb_column_inner][\/et_pb_row_inner][et_pb_row_inner _builder_version=&#8221;4.27.5&#8243; _module_preset=&#8221;default&#8221; global_colors_info=&#8221;{}&#8221;][et_pb_column_inner saved_specialty_column_type=&#8221;2_3&#8243; _builder_version=&#8221;4.16&#8243; _module_preset=&#8221;default&#8221; global_colors_info=&#8221;{}&#8221;][et_pb_divider color=&#8221;#000000&#8243; divider_position=&#8221;center&#8221; _builder_version=&#8221;4.16&#8243; _module_preset=&#8221;default&#8221; global_colors_info=&#8221;{}&#8221;][\/et_pb_divider][\/et_pb_column_inner][\/et_pb_row_inner][et_pb_row_inner admin_label=&#8221;Triduo Pascual&#8221; _builder_version=&#8221;4.16&#8243; _module_preset=&#8221;default&#8221; custom_padding=&#8221;1px|||||&#8221; global_colors_info=&#8221;{}&#8221;][et_pb_column_inner saved_specialty_column_type=&#8221;2_3&#8243; _builder_version=&#8221;4.16&#8243; _module_preset=&#8221;default&#8221; global_colors_info=&#8221;{}&#8221;][et_pb_text module_id=&#8221;Adap-triduo&#8221; _builder_version=&#8221;4.16&#8243; _module_preset=&#8221;default&#8221; text_text_color=&#8221;#ffffff&#8221; header_text_color=&#8221;#ffffff&#8221; header_font_size=&#8221;44px&#8221; header_line_height=&#8221;1.2em&#8221; header_4_font=&#8221;|700|||||||&#8221; background_color=&#8221;#006b54&#8243; custom_margin=&#8221;0px||||false|false&#8221; custom_padding=&#8221;10px|||30px|false|false&#8221; header_3_font_size_tablet=&#8221;&#8221; header_3_font_size_phone=&#8221;22px&#8221; header_3_font_size_last_edited=&#8221;on|phone&#8221; header_4_font_size_tablet=&#8221;&#8221; header_4_font_size_phone=&#8221;18px&#8221; header_4_font_size_last_edited=&#8221;on|desktop&#8221; border_radii=&#8221;on|186px|186px|186px|186px&#8221; global_colors_info=&#8221;{}&#8221;]<\/p>\n<h3><span style=\"color: #ffffff;\" data-mce-style=\"color: #ffffff;\">Pazko Hirurrena<\/span><\/h3>\n<p>[\/et_pb_text][et_pb_text _builder_version=&#8221;4.27.6&#8243; _module_preset=&#8221;default&#8221; header_font_size=&#8221;44px&#8221; header_line_height=&#8221;1.2em&#8221; header_4_font=&#8221;|700|||||||&#8221; header_3_font_size_tablet=&#8221;&#8221; header_3_font_size_phone=&#8221;22px&#8221; header_3_font_size_last_edited=&#8221;on|phone&#8221; header_4_font_size_tablet=&#8221;&#8221; header_4_font_size_phone=&#8221;18px&#8221; header_4_font_size_last_edited=&#8221;on|desktop&#8221; global_colors_info=&#8221;{}&#8221;]<\/p>\n<h4>Pazko Hirurena &#8211; 2026 A zikloa<\/h4>\n<ul>\n<li><a href=\"https:\/\/diocesisdebilbao-my.sharepoint.com\/:w:\/g\/personal\/webbizkeliza_bizkeliza_org\/IQAEBQHAZ9urQ5gSKFCd50M-Ae0na8_2zIMcZ9X-21TQNEU?e=R95rM8\" target=\"_blank\" rel=\"noopener\" data-mce-href=\"https:\/\/diocesisdebilbao-my.sharepoint.com\/:w:\/g\/personal\/webbizkeliza_bizkeliza_org\/IQAEBQHAZ9urQ5gSKFCd50M-Ae0na8_2zIMcZ9X-21TQNEU?e=R95rM8\">Erramu eguna <\/a><a href=\"https:\/\/diocesisdebilbao-my.sharepoint.com\/:w:\/g\/personal\/webbizkeliza_bizkeliza_org\/EZayZpU1EOtIkFtVCju2x9kBEkdBFHKVQz8eQ9DWwTgsJw?e=3miDEs\" target=\"_blank\" rel=\"noopener\" data-mce-href=\"https:\/\/diocesisdebilbao-my.sharepoint.com\/:w:\/g\/personal\/webbizkeliza_bizkeliza_org\/EZayZpU1EOtIkFtVCju2x9kBEkdBFHKVQz8eQ9DWwTgsJw?e=3miDEs\"><img decoding=\"async\" class=\"wp-image-978 alignnone size-full\" src=\"https:\/\/bizkeliza.org\/wp-content\/uploads\/2021\/05\/download-icon-verdeoscuro-2.png\" alt=\"\" width=\"22\" height=\"22\" data-mce-src=\"https:\/\/bizkeliza.org\/wp-content\/uploads\/2021\/05\/download-icon-verdeoscuro-2.png\"><\/a><\/li>\n<li><a href=\"https:\/\/diocesisdebilbao-my.sharepoint.com\/:w:\/g\/personal\/webbizkeliza_bizkeliza_org\/IQBWrV2iZ8TOQYgyOLliW2aBAeF7Zq_aALIp3lIDnX2Q3Mk?e=ORgKxA\" target=\"_blank\" rel=\"noopener\" data-mce-href=\"https:\/\/diocesisdebilbao-my.sharepoint.com\/:w:\/g\/personal\/webbizkeliza_bizkeliza_org\/IQBWrV2iZ8TOQYgyOLliW2aBAeF7Zq_aALIp3lIDnX2Q3Mk?e=ORgKxA\">Pazko Domeka&nbsp;<img decoding=\"async\" class=\"wp-image-978 alignnone size-full\" src=\"https:\/\/bizkeliza.org\/wp-content\/uploads\/2021\/05\/download-icon-verdeoscuro-2.png\" alt=\"\" width=\"22\" height=\"22\" data-mce-src=\"https:\/\/bizkeliza.org\/wp-content\/uploads\/2021\/05\/download-icon-verdeoscuro-2.png\"><\/a><\/li>\n<\/ul>\n<h4>Triduo Pascual \u2013 2025 ciclo C<\/h4>\n<ul>\n<li><a href=\"https:\/\/diocesisdebilbao-my.sharepoint.com\/:w:\/g\/personal\/webbizkeliza_bizkeliza_org\/EaU0kcxO8yRHiXESjY4alY0BownR0yGWHo1NYscEQ1eK3g?e=zPildA\" target=\"_blank\" rel=\"noopener\" data-mce-href=\"https:\/\/diocesisdebilbao-my.sharepoint.com\/:w:\/g\/personal\/webbizkeliza_bizkeliza_org\/EaU0kcxO8yRHiXESjY4alY0BownR0yGWHo1NYscEQ1eK3g?e=zPildA\">Domingo de Ramos&nbsp;<img decoding=\"async\" class=\"wp-image-2416 alignnone size-full\" src=\"https:\/\/bizkeliza.org\/wp-content\/uploads\/download-icon-verdeoscuro.png\" alt=\"\" width=\"22\" height=\"22\" data-mce-src=\"https:\/\/bizkeliza.org\/wp-content\/uploads\/download-icon-verdeoscuro.png\"><\/a><\/li>\n<li><a href=\"https:\/\/diocesisdebilbao-my.sharepoint.com\/:w:\/g\/personal\/webbizkeliza_bizkeliza_org\/ERuNT2QmLwlOphrXfJPs6s4BbtwWgbLxPcFQulVdXo4BRA?e=rUw8Rq\" target=\"_blank\" rel=\"noopener\" data-mce-href=\"https:\/\/diocesisdebilbao-my.sharepoint.com\/:w:\/g\/personal\/webbizkeliza_bizkeliza_org\/ERuNT2QmLwlOphrXfJPs6s4BbtwWgbLxPcFQulVdXo4BRA?e=rUw8Rq\">Domingo de Pascua&nbsp;<img decoding=\"async\" class=\"wp-image-2416 alignnone size-full\" src=\"https:\/\/bizkeliza.org\/wp-content\/uploads\/download-icon-verdeoscuro.png\" alt=\"\" width=\"22\" height=\"22\" data-mce-src=\"https:\/\/bizkeliza.org\/wp-content\/uploads\/download-icon-verdeoscuro.png\"><\/a><\/li>\n<\/ul>\n<h4>Pazko Hirurena &#8211; 2024 B zikloa<\/h4>\n<ul>\n<li><a href=\"https:\/\/diocesisdebilbao-my.sharepoint.com\/:w:\/g\/personal\/webbizkeliza_bizkeliza_org\/EZayZpU1EOtIkFtVCju2x9kBEkdBFHKVQz8eQ9DWwTgsJw?e=3miDEs\" target=\"_blank\" rel=\"noopener\" data-mce-href=\"https:\/\/diocesisdebilbao-my.sharepoint.com\/:w:\/g\/personal\/webbizkeliza_bizkeliza_org\/EZayZpU1EOtIkFtVCju2x9kBEkdBFHKVQz8eQ9DWwTgsJw?e=3miDEs\">Erramu eguna <\/a><a href=\"https:\/\/diocesisdebilbao-my.sharepoint.com\/:w:\/g\/personal\/webbizkeliza_bizkeliza_org\/EZayZpU1EOtIkFtVCju2x9kBEkdBFHKVQz8eQ9DWwTgsJw?e=3miDEs\" target=\"_blank\" rel=\"noopener\" data-mce-href=\"https:\/\/diocesisdebilbao-my.sharepoint.com\/:w:\/g\/personal\/webbizkeliza_bizkeliza_org\/EZayZpU1EOtIkFtVCju2x9kBEkdBFHKVQz8eQ9DWwTgsJw?e=3miDEs\"><img decoding=\"async\" class=\"wp-image-978 alignnone size-full\" src=\"https:\/\/bizkeliza.org\/wp-content\/uploads\/2021\/05\/download-icon-verdeoscuro-2.png\" alt=\"\" width=\"22\" height=\"22\" data-mce-src=\"https:\/\/bizkeliza.org\/wp-content\/uploads\/2021\/05\/download-icon-verdeoscuro-2.png\"><\/a><\/li>\n<li><a href=\"https:\/\/diocesisdebilbao-my.sharepoint.com\/:w:\/g\/personal\/webbizkeliza_bizkeliza_org\/Eeftxs0-KsRKlUuS18Cb4bQBoukw_MTIghPmzWGpRbNg2w?e=Fg4uWW\" target=\"_blank\" rel=\"noopener\" data-mce-href=\"https:\/\/diocesisdebilbao-my.sharepoint.com\/:w:\/g\/personal\/webbizkeliza_bizkeliza_org\/Eeftxs0-KsRKlUuS18Cb4bQBoukw_MTIghPmzWGpRbNg2w?e=Fg4uWW\">Pazko Domeka&nbsp;<img decoding=\"async\" class=\"wp-image-978 alignnone size-full\" src=\"https:\/\/bizkeliza.org\/wp-content\/uploads\/2021\/05\/download-icon-verdeoscuro-2.png\" alt=\"\" width=\"22\" height=\"22\" data-mce-src=\"https:\/\/bizkeliza.org\/wp-content\/uploads\/2021\/05\/download-icon-verdeoscuro-2.png\"><\/a><\/li>\n<\/ul>\n<h4>Pazko Hirurena &#8211; 2023 A zikloa<\/h4>\n<ul>\n<li><a href=\"https:\/\/diocesisdebilbao-my.sharepoint.com\/:w:\/g\/personal\/webbizkeliza_bizkeliza_org\/Ed7ObyqBTK1BljhKrPfGkYMBgo_QRSr2DGeNBR-ee5hW6A?e=1fCePQ\" data-mce-href=\"https:\/\/diocesisdebilbao-my.sharepoint.com\/:w:\/g\/personal\/webbizkeliza_bizkeliza_org\/Ed7ObyqBTK1BljhKrPfGkYMBgo_QRSr2DGeNBR-ee5hW6A?e=1fCePQ\">Pazko domeka <img decoding=\"async\" class=\"wp-image-978 alignnone size-full\" src=\"https:\/\/bizkeliza.org\/wp-content\/uploads\/2021\/05\/download-icon-verdeoscuro-2.png\" alt=\"\" width=\"22\" height=\"22\" data-mce-src=\"https:\/\/bizkeliza.org\/wp-content\/uploads\/2021\/05\/download-icon-verdeoscuro-2.png\"><\/a><\/li>\n<li><a href=\"https:\/\/diocesisdebilbao-my.sharepoint.com\/:w:\/g\/personal\/webbizkeliza_bizkeliza_org\/EUJ8YBAEcA5Dn5SP7tKx_rkBNS7Z3OgRyaRckpNQ6NKWCw?e=OiIAms\" target=\"_blank\" rel=\"noopener\" data-mce-href=\"https:\/\/diocesisdebilbao-my.sharepoint.com\/:w:\/g\/personal\/webbizkeliza_bizkeliza_org\/EUJ8YBAEcA5Dn5SP7tKx_rkBNS7Z3OgRyaRckpNQ6NKWCw?e=OiIAms\">Erramu eguna <img decoding=\"async\" class=\"wp-image-978 alignnone size-full\" src=\"https:\/\/bizkeliza.org\/wp-content\/uploads\/2021\/05\/download-icon-verdeoscuro-2.png\" alt=\"\" width=\"22\" height=\"22\" data-mce-src=\"https:\/\/bizkeliza.org\/wp-content\/uploads\/2021\/05\/download-icon-verdeoscuro-2.png\"><\/a><\/li>\n<\/ul>\n<p><\/p>\n<h4>Triduo Pascual &#8211; 2021 ciclo B<\/h4>\n<ul>\n<li><a href=\"https:\/\/diocesisdebilbao-my.sharepoint.com\/:w:\/g\/personal\/webbizkeliza_bizkeliza_org\/EdnILBQQ5iRKvJjfm599G18BmMsU6eK2tobDlJjxSXZrrA?e=WoioCa\" target=\"_blank\" rel=\"noopener noreferrer\" data-mce-href=\"https:\/\/diocesisdebilbao-my.sharepoint.com\/:w:\/g\/personal\/webbizkeliza_bizkeliza_org\/EdnILBQQ5iRKvJjfm599G18BmMsU6eK2tobDlJjxSXZrrA?e=WoioCa\">Erramu domeka&nbsp; &nbsp;<img decoding=\"async\" class=\"wp-image-978 alignnone size-full\" src=\"https:\/\/bizkeliza.org\/wp-content\/uploads\/2021\/05\/download-icon-verdeoscuro-2.png\" alt=\"\" width=\"22\" height=\"22\" data-mce-src=\"https:\/\/bizkeliza.org\/wp-content\/uploads\/2021\/05\/download-icon-verdeoscuro-2.png\"><\/a><\/li>\n<li><a href=\"https:\/\/diocesisdebilbao-my.sharepoint.com\/:w:\/g\/personal\/webbizkeliza_bizkeliza_org\/EVTgvMr2qEBBiO83qqg2R4IBA2CdQgR4sQnPcxNxsJf2cQ?e=9amFIY\" target=\"_blank\" rel=\"noopener noreferrer\" data-mce-href=\"https:\/\/diocesisdebilbao-my.sharepoint.com\/:w:\/g\/personal\/webbizkeliza_bizkeliza_org\/EVTgvMr2qEBBiO83qqg2R4IBA2CdQgR4sQnPcxNxsJf2cQ?e=9amFIY\">Pazko Domeka&nbsp; <img decoding=\"async\" class=\"wp-image-978 alignnone size-full\" src=\"https:\/\/bizkeliza.org\/wp-content\/uploads\/2021\/05\/download-icon-verdeoscuro-2.png\" alt=\"\" width=\"22\" height=\"22\" data-mce-src=\"https:\/\/bizkeliza.org\/wp-content\/uploads\/2021\/05\/download-icon-verdeoscuro-2.png\"><\/a><\/li>\n<\/ul>\n<h4>Pazko Hirurena&nbsp;&#8211; 2020 ciclo A<\/h4>\n<ul>\n<li><a href=\"https:\/\/diocesisdebilbao-my.sharepoint.com\/:w:\/g\/personal\/webbizkeliza_bizkeliza_org\/EUa7hnq8YgJIqcGUkYhx9OUBbq7Kg0TmRQ3xTkQNytMmeQ?e=cnHt0Q\" target=\"_blank\" rel=\"noopener noreferrer\" data-mce-href=\"https:\/\/diocesisdebilbao-my.sharepoint.com\/:w:\/g\/personal\/webbizkeliza_bizkeliza_org\/EUa7hnq8YgJIqcGUkYhx9OUBbq7Kg0TmRQ3xTkQNytMmeQ?e=cnHt0Q\">Erramu Domeka&nbsp; &nbsp; <img decoding=\"async\" class=\"wp-image-978 alignnone size-full\" src=\"https:\/\/bizkeliza.org\/wp-content\/uploads\/2021\/05\/download-icon-verdeoscuro-2.png\" alt=\"\" width=\"22\" height=\"22\" data-mce-src=\"https:\/\/bizkeliza.org\/wp-content\/uploads\/2021\/05\/download-icon-verdeoscuro-2.png\"><\/a><\/li>\n<li><a href=\"https:\/\/diocesisdebilbao-my.sharepoint.com\/:w:\/g\/personal\/webbizkeliza_bizkeliza_org\/EY0YfGZHq89Bpol-UBrscGABki0KnuQbwhscmaOpbCqrLg?e=6IkOnI\" target=\"_blank\" rel=\"noopener noreferrer\" data-mce-href=\"https:\/\/diocesisdebilbao-my.sharepoint.com\/:w:\/g\/personal\/webbizkeliza_bizkeliza_org\/EY0YfGZHq89Bpol-UBrscGABki0KnuQbwhscmaOpbCqrLg?e=6IkOnI\">Pazko Domeka&nbsp; &nbsp;<img decoding=\"async\" class=\"wp-image-978 alignnone size-full\" src=\"https:\/\/bizkeliza.org\/wp-content\/uploads\/2021\/05\/download-icon-verdeoscuro-2.png\" alt=\"\" width=\"22\" height=\"22\" data-mce-src=\"https:\/\/bizkeliza.org\/wp-content\/uploads\/2021\/05\/download-icon-verdeoscuro-2.png\"><\/a><\/li>\n<\/ul>\n<h4>Triduo Pascual &#8211; 2019 ciclo C<\/h4>\n<ul>\n<li><a href=\"https:\/\/diocesisdebilbao-my.sharepoint.com\/:w:\/g\/personal\/webbizkeliza_bizkeliza_org\/ERcKpVOWm4JCpMzTQEvv3tABtkfH9928wn3GoLi6W17y1w\" target=\"_blank\" rel=\"noopener noreferrer\" data-mce-href=\"https:\/\/diocesisdebilbao-my.sharepoint.com\/:w:\/g\/personal\/webbizkeliza_bizkeliza_org\/ERcKpVOWm4JCpMzTQEvv3tABtkfH9928wn3GoLi6W17y1w\">Domingo de Ramos&nbsp; &nbsp;<img decoding=\"async\" class=\"wp-image-978 alignnone size-full\" src=\"https:\/\/bizkeliza.org\/wp-content\/uploads\/2021\/05\/download-icon-verdeoscuro-2.png\" alt=\"\" width=\"22\" height=\"22\" data-mce-src=\"https:\/\/bizkeliza.org\/wp-content\/uploads\/2021\/05\/download-icon-verdeoscuro-2.png\"><\/a><\/li>\n<li><a href=\"https:\/\/diocesisdebilbao-my.sharepoint.com\/:w:\/g\/personal\/webbizkeliza_bizkeliza_org\/EbuKkbVEFO9NrjZdiBSFt6QBZ4VgOI59cIyEMaNEQXLStg\" target=\"_blank\" rel=\"noopener noreferrer\" data-mce-href=\"https:\/\/diocesisdebilbao-my.sharepoint.com\/:w:\/g\/personal\/webbizkeliza_bizkeliza_org\/EbuKkbVEFO9NrjZdiBSFt6QBZ4VgOI59cIyEMaNEQXLStg\">Domingo de Pascua&nbsp; &nbsp;<img decoding=\"async\" class=\"wp-image-978 alignnone size-full\" src=\"https:\/\/bizkeliza.org\/wp-content\/uploads\/2021\/05\/download-icon-verdeoscuro-2.png\" alt=\"\" width=\"22\" height=\"22\" data-mce-src=\"https:\/\/bizkeliza.org\/wp-content\/uploads\/2021\/05\/download-icon-verdeoscuro-2.png\"><\/a><\/li>\n<\/ul>\n<h4>Triduo Pascual &#8211; 2018 ciclo B<\/h4>\n<ul>\n<li><a href=\"https:\/\/diocesisdebilbao-my.sharepoint.com\/:w:\/g\/personal\/webbizkeliza_bizkeliza_org\/EUgTF6N1dNhIrqG9nP0iWSgBETb17sNOWLYmd7K6XLRG9g\" target=\"_blank\" rel=\"noopener noreferrer\" data-mce-href=\"https:\/\/diocesisdebilbao-my.sharepoint.com\/:w:\/g\/personal\/webbizkeliza_bizkeliza_org\/EUgTF6N1dNhIrqG9nP0iWSgBETb17sNOWLYmd7K6XLRG9g\">Domingo de Ramos&nbsp; &nbsp;<img decoding=\"async\" class=\"wp-image-978 alignnone size-full\" src=\"https:\/\/bizkeliza.org\/wp-content\/uploads\/2021\/05\/download-icon-verdeoscuro-2.png\" alt=\"\" width=\"22\" height=\"22\" data-mce-src=\"https:\/\/bizkeliza.org\/wp-content\/uploads\/2021\/05\/download-icon-verdeoscuro-2.png\"><\/a><\/li>\n<li><a href=\"https:\/\/diocesisdebilbao-my.sharepoint.com\/:w:\/g\/personal\/webbizkeliza_bizkeliza_org\/EfYmhtkg13hGoJ0GITZpxTsBN5s7kq6tWgsMMBsAihYKFA\" target=\"_blank\" rel=\"noopener noreferrer\" data-mce-href=\"https:\/\/diocesisdebilbao-my.sharepoint.com\/:w:\/g\/personal\/webbizkeliza_bizkeliza_org\/EfYmhtkg13hGoJ0GITZpxTsBN5s7kq6tWgsMMBsAihYKFA\">Domingo de Pascua&nbsp;&nbsp;&nbsp;<img decoding=\"async\" class=\"wp-image-978 alignnone size-full\" src=\"https:\/\/bizkeliza.org\/wp-content\/uploads\/2021\/05\/download-icon-verdeoscuro-2.png\" alt=\"\" width=\"22\" height=\"22\" data-mce-src=\"https:\/\/bizkeliza.org\/wp-content\/uploads\/2021\/05\/download-icon-verdeoscuro-2.png\"> <\/a><\/li>\n<\/ul>\n<p>[\/et_pb_text][\/et_pb_column_inner][\/et_pb_row_inner][et_pb_row_inner _builder_version=&#8221;4.16&#8243; _module_preset=&#8221;default&#8221; global_colors_info=&#8221;{}&#8221;][et_pb_column_inner saved_specialty_column_type=&#8221;2_3&#8243; _builder_version=&#8221;4.16&#8243; _module_preset=&#8221;default&#8221; global_colors_info=&#8221;{}&#8221;][et_pb_divider color=&#8221;#000000&#8243; divider_position=&#8221;center&#8221; _builder_version=&#8221;4.16&#8243; _module_preset=&#8221;default&#8221; global_colors_info=&#8221;{}&#8221;][\/et_pb_divider][\/et_pb_column_inner][\/et_pb_row_inner][et_pb_row_inner admin_label=&#8221;Tiempo Pascual&#8221; _builder_version=&#8221;4.23.1&#8243; _module_preset=&#8221;default&#8221; custom_padding=&#8221;1px|||||&#8221; global_colors_info=&#8221;{}&#8221;][et_pb_column_inner saved_specialty_column_type=&#8221;2_3&#8243; _builder_version=&#8221;4.27.6&#8243; _module_preset=&#8221;default&#8221; global_colors_info=&#8221;{}&#8221;][et_pb_text module_id=&#8221;Adap-tiempoPascual&#8221; _builder_version=&#8221;4.27.6&#8243; _module_preset=&#8221;default&#8221; text_text_color=&#8221;#ffffff&#8221; header_text_color=&#8221;#ffffff&#8221; header_font_size=&#8221;44px&#8221; header_line_height=&#8221;1.2em&#8221; header_4_font=&#8221;|700|||||||&#8221; background_color=&#8221;#006b54&#8243; custom_margin=&#8221;0px||||false|false&#8221; custom_padding=&#8221;10px|||30px|false|false&#8221; header_3_font_size_tablet=&#8221;&#8221; header_3_font_size_phone=&#8221;22px&#8221; header_3_font_size_last_edited=&#8221;on|phone&#8221; header_4_font_size_tablet=&#8221;&#8221; header_4_font_size_phone=&#8221;18px&#8221; header_4_font_size_last_edited=&#8221;on|desktop&#8221; border_radii=&#8221;on|186px|186px|186px|186px&#8221; global_colors_info=&#8221;{}&#8221;]<\/p>\n<h3><span style=\"color: #ffffff;\" data-mce-style=\"color: #ffffff;\">Pazko aldia<\/span><\/h3>\n<p>[\/et_pb_text][et_pb_text _builder_version=&#8221;4.27.6&#8243; _module_preset=&#8221;default&#8221; header_font_size=&#8221;44px&#8221; header_line_height=&#8221;1.2em&#8221; header_4_font=&#8221;|700|||||||&#8221; hover_enabled=&#8221;0&#8243; header_3_font_size_tablet=&#8221;&#8221; header_3_font_size_phone=&#8221;22px&#8221; header_3_font_size_last_edited=&#8221;on|phone&#8221; header_4_font_size_tablet=&#8221;&#8221; header_4_font_size_phone=&#8221;18px&#8221; header_4_font_size_last_edited=&#8221;on|desktop&#8221; global_colors_info=&#8221;{}&#8221; sticky_enabled=&#8221;0&#8243;]<\/p>\n<h4>Pazko Aldia \u2013 ADAP: D\u00eda del Se\u00f1or \u2013 A zikloa 2026<\/h4>\n<ul>\n<li><a href=\"https:\/\/diocesisdebilbao-my.sharepoint.com\/:w:\/g\/personal\/webbizkeliza_bizkeliza_org\/IQCikDZ892UMQbX4vp0sScxjARvNZ2XSLsMfdPVDLuBjrqU?e=QGdVcY\" target=\"_blank\" rel=\"noopener\" data-mce-href=\"https:\/\/diocesisdebilbao-my.sharepoint.com\/:w:\/g\/personal\/webbizkeliza_bizkeliza_org\/IQCikDZ892UMQbX4vp0sScxjARvNZ2XSLsMfdPVDLuBjrqU?e=QGdVcY\">V. Domeka (2026-05-03)&nbsp; <img decoding=\"async\" src=\"https:\/\/bizkeliza.org\/wp-content\/uploads\/2021\/05\/download-icon-verdeoscuro-2.png\" alt=\"\" width=\"22\" height=\"22\" data-mce-src=\"https:\/\/bizkeliza.org\/wp-content\/uploads\/2021\/05\/download-icon-verdeoscuro-2.png\"><\/a><\/li>\n<li><a href=\"https:\/\/diocesisdebilbao-my.sharepoint.com\/:w:\/g\/personal\/webbizkeliza_bizkeliza_org\/IQBFcg3x3vYVRZZK-a9IEES4AZRL_kf2tvOWePK-y0sNFH4?e=jOy8nh\" target=\"_blank\" rel=\"noopener\" data-mce-href=\"https:\/\/diocesisdebilbao-my.sharepoint.com\/:w:\/g\/personal\/webbizkeliza_bizkeliza_org\/IQBFcg3x3vYVRZZK-a9IEES4AZRL_kf2tvOWePK-y0sNFH4?e=jOy8nh\">IV. Domeka (2026-04-26)&nbsp; <img decoding=\"async\" src=\"https:\/\/bizkeliza.org\/wp-content\/uploads\/2021\/05\/download-icon-verdeoscuro-2.png\" alt=\"\" width=\"22\" height=\"22\" data-mce-src=\"https:\/\/bizkeliza.org\/wp-content\/uploads\/2021\/05\/download-icon-verdeoscuro-2.png\"><\/a><\/li>\n<li><a href=\"https:\/\/diocesisdebilbao-my.sharepoint.com\/:w:\/g\/personal\/webbizkeliza_bizkeliza_org\/IQCbBAAcRchhSKT-D8TdKczeAaUEhbaxSUk4gMelYbPZcPI?e=EKcauk\" target=\"_blank\" rel=\"noopener\" data-mce-href=\"https:\/\/diocesisdebilbao-my.sharepoint.com\/:w:\/g\/personal\/webbizkeliza_bizkeliza_org\/IQCbBAAcRchhSKT-D8TdKczeAaUEhbaxSUk4gMelYbPZcPI?e=EKcauk\">III. Domeka (2026-04-19)&nbsp; <img decoding=\"async\" src=\"https:\/\/bizkeliza.org\/wp-content\/uploads\/2021\/05\/download-icon-verdeoscuro-2.png\" alt=\"\" width=\"22\" height=\"22\" data-mce-src=\"https:\/\/bizkeliza.org\/wp-content\/uploads\/2021\/05\/download-icon-verdeoscuro-2.png\"><\/a><\/li>\n<li><a href=\"https:\/\/diocesisdebilbao-my.sharepoint.com\/:w:\/g\/personal\/webbizkeliza_bizkeliza_org\/IQC4mQ8v5AOPQLw0d0SDo7C4AdMhFAorFPqlaVvilISdRWY?e=TpIKTm\" target=\"_blank\" rel=\"noopener\" data-mce-href=\"https:\/\/diocesisdebilbao-my.sharepoint.com\/:w:\/g\/personal\/webbizkeliza_bizkeliza_org\/IQC4mQ8v5AOPQLw0d0SDo7C4AdMhFAorFPqlaVvilISdRWY?e=TpIKTm\">II. Domeka (2026-04-12)&nbsp; <img decoding=\"async\" src=\"https:\/\/bizkeliza.org\/wp-content\/uploads\/2021\/05\/download-icon-verdeoscuro-2.png\" alt=\"\" width=\"22\" height=\"22\" data-mce-src=\"https:\/\/bizkeliza.org\/wp-content\/uploads\/2021\/05\/download-icon-verdeoscuro-2.png\"><\/a><\/li>\n<\/ul>\n<h4>Pazko Aldia \u2013 ADAP: D\u00eda del Se\u00f1or \u2013 C zikloa 2025<\/h4>\n<ul>\n<li><a href=\"https:\/\/diocesisdebilbao-my.sharepoint.com\/:w:\/g\/personal\/webbizkeliza_bizkeliza_org\/EXVj6HwG6BpBo442zpVxFuQBG5KP0322KX5qWPzld4ldIQ?e=nVqRlM\" target=\"_blank\" rel=\"noopener\" data-mce-href=\"https:\/\/diocesisdebilbao-my.sharepoint.com\/:w:\/g\/personal\/webbizkeliza_bizkeliza_org\/EXVj6HwG6BpBo442zpVxFuQBG5KP0322KX5qWPzld4ldIQ?e=nVqRlM\">Mendekoste (2025-06-08) <img decoding=\"async\" class=\"alignnone\" src=\"https:\/\/bizkeliza.org\/wp-content\/uploads\/2021\/05\/download-icon-verdeoscuro-2.png\" alt=\"\" width=\"22\" height=\"22\" data-mce-src=\"https:\/\/bizkeliza.org\/wp-content\/uploads\/2021\/05\/download-icon-verdeoscuro-2.png\"><\/a><\/li>\n<li><a href=\"https:\/\/diocesisdebilbao-my.sharepoint.com\/:w:\/g\/personal\/webbizkeliza_bizkeliza_org\/EUgJJp2xrlhApLmBfxPNjhkB7Iuv56_O8TO7BwogdYEPFg?e=84rQ0e\" target=\"_blank\" rel=\"noopener\" data-mce-href=\"https:\/\/diocesisdebilbao-my.sharepoint.com\/:w:\/g\/personal\/webbizkeliza_bizkeliza_org\/EUgJJp2xrlhApLmBfxPNjhkB7Iuv56_O8TO7BwogdYEPFg?e=84rQ0e\">Igokundea (2025-06-01) <img decoding=\"async\" class=\"alignnone\" src=\"https:\/\/bizkeliza.org\/wp-content\/uploads\/2021\/05\/download-icon-verdeoscuro-2.png\" alt=\"\" width=\"22\" height=\"22\" data-mce-src=\"https:\/\/bizkeliza.org\/wp-content\/uploads\/2021\/05\/download-icon-verdeoscuro-2.png\"><\/a><\/li>\n<li><a href=\"https:\/\/diocesisdebilbao-my.sharepoint.com\/:w:\/g\/personal\/webbizkeliza_bizkeliza_org\/EVSd7-Me4L5FoPYLkFf7BxsB5BVZA3aMgwU87GTc4-K3Ow?e=UWwV4d\" target=\"_blank\" rel=\"noopener\" data-mce-href=\"https:\/\/diocesisdebilbao-my.sharepoint.com\/:w:\/g\/personal\/webbizkeliza_bizkeliza_org\/EVSd7-Me4L5FoPYLkFf7BxsB5BVZA3aMgwU87GTc4-K3Ow?e=UWwV4d\">VI Domeka (2025-05-25)<\/a><a href=\"https:\/\/diocesisdebilbao-my.sharepoint.com\/:w:\/g\/personal\/webbizkeliza_bizkeliza_org\/EUNU22d-j_pBtBHV9GK7diABWf_jbwT14BQy1oJvH61DxA?e=Zx74nu\" target=\"_blank\" rel=\"noopener\" data-mce-href=\"https:\/\/diocesisdebilbao-my.sharepoint.com\/:w:\/g\/personal\/webbizkeliza_bizkeliza_org\/EUNU22d-j_pBtBHV9GK7diABWf_jbwT14BQy1oJvH61DxA?e=Zx74nu\"><img decoding=\"async\" src=\"https:\/\/bizkeliza.org\/wp-content\/uploads\/2021\/05\/download-icon-verdeoscuro-2.png\" alt=\"\" width=\"22\" height=\"22\" data-mce-src=\"https:\/\/bizkeliza.org\/wp-content\/uploads\/2021\/05\/download-icon-verdeoscuro-2.png\"><\/a><\/li>\n<li><a href=\"https:\/\/diocesisdebilbao-my.sharepoint.com\/:w:\/g\/personal\/webbizkeliza_bizkeliza_org\/EdPBcYFbKLJLpRctm8ZMNuABvxF17T37hEDe4sfuGJwxRA?e=rbMrRH\" target=\"_blank\" rel=\"noopener\" data-mce-href=\"https:\/\/diocesisdebilbao-my.sharepoint.com\/:w:\/g\/personal\/webbizkeliza_bizkeliza_org\/EdPBcYFbKLJLpRctm8ZMNuABvxF17T37hEDe4sfuGJwxRA?e=rbMrRH\">V Domeka (2025-05-18)<\/a><a href=\"https:\/\/diocesisdebilbao-my.sharepoint.com\/:w:\/g\/personal\/webbizkeliza_bizkeliza_org\/EUNU22d-j_pBtBHV9GK7diABWf_jbwT14BQy1oJvH61DxA?e=Zx74nu\" target=\"_blank\" rel=\"noopener\" data-mce-href=\"https:\/\/diocesisdebilbao-my.sharepoint.com\/:w:\/g\/personal\/webbizkeliza_bizkeliza_org\/EUNU22d-j_pBtBHV9GK7diABWf_jbwT14BQy1oJvH61DxA?e=Zx74nu\"><img decoding=\"async\" src=\"https:\/\/bizkeliza.org\/wp-content\/uploads\/2021\/05\/download-icon-verdeoscuro-2.png\" alt=\"\" width=\"22\" height=\"22\" data-mce-src=\"https:\/\/bizkeliza.org\/wp-content\/uploads\/2021\/05\/download-icon-verdeoscuro-2.png\"><\/a><\/li>\n<li><a href=\"https:\/\/diocesisdebilbao-my.sharepoint.com\/:w:\/g\/personal\/webbizkeliza_bizkeliza_org\/EUNU22d-j_pBtBHV9GK7diABWf_jbwT14BQy1oJvH61DxA?e=Zx74nu\" target=\"_blank\" rel=\"noopener\" data-mce-href=\"https:\/\/diocesisdebilbao-my.sharepoint.com\/:w:\/g\/personal\/webbizkeliza_bizkeliza_org\/EUNU22d-j_pBtBHV9GK7diABWf_jbwT14BQy1oJvH61DxA?e=Zx74nu\">IV Domeka (2025-05-11) <img decoding=\"async\" src=\"https:\/\/bizkeliza.org\/wp-content\/uploads\/2021\/05\/download-icon-verdeoscuro-2.png\" alt=\"\" width=\"22\" height=\"22\" data-mce-src=\"https:\/\/bizkeliza.org\/wp-content\/uploads\/2021\/05\/download-icon-verdeoscuro-2.png\"><\/a><\/li>\n<li><a href=\"https:\/\/diocesisdebilbao-my.sharepoint.com\/:w:\/g\/personal\/webbizkeliza_bizkeliza_org\/ERkNTxr17JtLglw8uiGys7wB2vW5pq_tD8Q_ibSan7KgBw?e=ebof40\" target=\"_blank\" rel=\"noopener\" data-mce-href=\"https:\/\/diocesisdebilbao-my.sharepoint.com\/:w:\/g\/personal\/webbizkeliza_bizkeliza_org\/ERkNTxr17JtLglw8uiGys7wB2vW5pq_tD8Q_ibSan7KgBw?e=ebof40\">III Domeka (2025-05-04) <img decoding=\"async\" src=\"https:\/\/bizkeliza.org\/wp-content\/uploads\/2021\/05\/download-icon-verdeoscuro-2.png\" alt=\"\" width=\"22\" height=\"22\" data-mce-src=\"https:\/\/bizkeliza.org\/wp-content\/uploads\/2021\/05\/download-icon-verdeoscuro-2.png\"><\/a><\/li>\n<li><a href=\"https:\/\/diocesisdebilbao-my.sharepoint.com\/:w:\/g\/personal\/webbizkeliza_bizkeliza_org\/EcJ4ThMuh7hEsfL-Lyxl2OIBZmbXKm30No_soBLAKmJ8Sw?e=3ygqH6\" target=\"_blank\" rel=\"noopener\" data-mce-href=\"https:\/\/diocesisdebilbao-my.sharepoint.com\/:w:\/g\/personal\/webbizkeliza_bizkeliza_org\/EcJ4ThMuh7hEsfL-Lyxl2OIBZmbXKm30No_soBLAKmJ8Sw?e=3ygqH6\">II. Domeka (2025-04-27)&nbsp;&nbsp;<img decoding=\"async\" src=\"https:\/\/bizkeliza.org\/wp-content\/uploads\/2021\/05\/download-icon-verdeoscuro-2.png\" alt=\"\" width=\"22\" height=\"22\" data-mce-src=\"https:\/\/bizkeliza.org\/wp-content\/uploads\/2021\/05\/download-icon-verdeoscuro-2.png\"><\/a><\/li>\n<\/ul>\n<h4>Pazko Aldia &#8211; ADAP: D\u00eda del Se\u00f1or &#8211; B zikloa 2024<\/h4>\n<ul>\n<li><a href=\"https:\/\/diocesisdebilbao-my.sharepoint.com\/:w:\/g\/personal\/webbizkeliza_bizkeliza_org\/EeqizBtMp9BMudyjNGfWMy4BVItZGaLXlrAwrl7wpBVt1w?e=Ly1FSk\" target=\"_blank\" rel=\"noopener\" data-mce-href=\"https:\/\/diocesisdebilbao-my.sharepoint.com\/:w:\/g\/personal\/webbizkeliza_bizkeliza_org\/EeqizBtMp9BMudyjNGfWMy4BVItZGaLXlrAwrl7wpBVt1w?e=Ly1FSk\">Mendekoste (2024-05-19) <img decoding=\"async\" class=\"alignnone\" src=\"https:\/\/bizkeliza.org\/wp-content\/uploads\/2021\/05\/download-icon-verdeoscuro-2.png\" alt=\"\" width=\"22\" height=\"22\" data-mce-src=\"https:\/\/bizkeliza.org\/wp-content\/uploads\/2021\/05\/download-icon-verdeoscuro-2.png\"><\/a><\/li>\n<li><a href=\"https:\/\/diocesisdebilbao-my.sharepoint.com\/:w:\/g\/personal\/webbizkeliza_bizkeliza_org\/Ef-3088DqAxAtfRjHl4pzGABL28MRvQA60Gm_KSYP3iI6w?e=kK8Yuk\" target=\"_blank\" rel=\"noopener\" data-mce-href=\"https:\/\/diocesisdebilbao-my.sharepoint.com\/:w:\/g\/personal\/webbizkeliza_bizkeliza_org\/Ef-3088DqAxAtfRjHl4pzGABL28MRvQA60Gm_KSYP3iI6w?e=kK8Yuk\">Igokundea (2024-05-12) <img decoding=\"async\" class=\"alignnone\" src=\"https:\/\/bizkeliza.org\/wp-content\/uploads\/2021\/05\/download-icon-verdeoscuro-2.png\" alt=\"\" width=\"22\" height=\"22\" data-mce-src=\"https:\/\/bizkeliza.org\/wp-content\/uploads\/2021\/05\/download-icon-verdeoscuro-2.png\"><\/a><\/li>\n<li><a href=\"https:\/\/diocesisdebilbao-my.sharepoint.com\/:w:\/g\/personal\/webbizkeliza_bizkeliza_org\/Eez28dOQ_HxLibBBijKUfNkBrXes8FhMra_vw-4pnM_QnA?e=EWpnqv\" target=\"_blank\" rel=\"noopener\" data-mce-href=\"https:\/\/diocesisdebilbao-my.sharepoint.com\/:w:\/g\/personal\/webbizkeliza_bizkeliza_org\/Eez28dOQ_HxLibBBijKUfNkBrXes8FhMra_vw-4pnM_QnA?e=EWpnqv\">VI. Domeka (2024-05-05) <img decoding=\"async\" class=\"alignnone\" src=\"https:\/\/bizkeliza.org\/wp-content\/uploads\/2021\/05\/download-icon-verdeoscuro-2.png\" alt=\"\" width=\"22\" height=\"22\" data-mce-src=\"https:\/\/bizkeliza.org\/wp-content\/uploads\/2021\/05\/download-icon-verdeoscuro-2.png\"><\/a><\/li>\n<li><a href=\"https:\/\/diocesisdebilbao-my.sharepoint.com\/:w:\/g\/personal\/webbizkeliza_bizkeliza_org\/ER6dt5iWXAVIu2sa2CwZgZABsqn8OBB_b0ZfIHaKvGNjaQ?e=aptDe6\" target=\"_blank\" rel=\"noopener\" data-mce-href=\"https:\/\/diocesisdebilbao-my.sharepoint.com\/:w:\/g\/personal\/webbizkeliza_bizkeliza_org\/ER6dt5iWXAVIu2sa2CwZgZABsqn8OBB_b0ZfIHaKvGNjaQ?e=aptDe6\">V. Domeka (2024-04-28) <img decoding=\"async\" class=\"alignnone\" src=\"https:\/\/bizkeliza.org\/wp-content\/uploads\/2021\/05\/download-icon-verdeoscuro-2.png\" alt=\"\" width=\"22\" height=\"22\" data-mce-src=\"https:\/\/bizkeliza.org\/wp-content\/uploads\/2021\/05\/download-icon-verdeoscuro-2.png\"><\/a><\/li>\n<li><a href=\"https:\/\/diocesisdebilbao-my.sharepoint.com\/:w:\/g\/personal\/webbizkeliza_bizkeliza_org\/EdfF6i_TvZtBg55Jc5sIMy4BIzYCGxQgKZ_XGL_YUzAEbQ?e=1p9ZXh\" target=\"_blank\" rel=\"noopener\" data-mce-href=\"https:\/\/diocesisdebilbao-my.sharepoint.com\/:w:\/g\/personal\/webbizkeliza_bizkeliza_org\/EdfF6i_TvZtBg55Jc5sIMy4BIzYCGxQgKZ_XGL_YUzAEbQ?e=1p9ZXh\">IV. Domeka (2024-04-21) <img decoding=\"async\" class=\"alignnone\" src=\"https:\/\/bizkeliza.org\/wp-content\/uploads\/2021\/05\/download-icon-verdeoscuro-2.png\" alt=\"\" width=\"22\" height=\"22\" data-mce-src=\"https:\/\/bizkeliza.org\/wp-content\/uploads\/2021\/05\/download-icon-verdeoscuro-2.png\"><\/a><\/li>\n<li><a href=\"https:\/\/diocesisdebilbao-my.sharepoint.com\/:w:\/g\/personal\/webbizkeliza_bizkeliza_org\/EV_093jPqK5KvmTkZtkutyYB6HyFErGl6Zw8RXW5FPgOPw?e=hrTj3L\" target=\"_blank\" rel=\"noopener\" data-mce-href=\"https:\/\/diocesisdebilbao-my.sharepoint.com\/:w:\/g\/personal\/webbizkeliza_bizkeliza_org\/EV_093jPqK5KvmTkZtkutyYB6HyFErGl6Zw8RXW5FPgOPw?e=hrTj3L\">III. Domeka (2024-04-14) <img decoding=\"async\" class=\"alignnone\" src=\"https:\/\/bizkeliza.org\/wp-content\/uploads\/2021\/05\/download-icon-verdeoscuro-2.png\" alt=\"\" width=\"22\" height=\"22\" data-mce-src=\"https:\/\/bizkeliza.org\/wp-content\/uploads\/2021\/05\/download-icon-verdeoscuro-2.png\"><\/a><\/li>\n<li><a href=\"https:\/\/diocesisdebilbao-my.sharepoint.com\/:w:\/g\/personal\/webbizkeliza_bizkeliza_org\/ER1QjSit6blDsWfS4u8mjOYBY_orgOX2R8nj9Gdmq5u5fg?e=5PrDVi\" target=\"_blank\" rel=\"noopener\" data-mce-href=\"https:\/\/diocesisdebilbao-my.sharepoint.com\/:w:\/g\/personal\/webbizkeliza_bizkeliza_org\/ER1QjSit6blDsWfS4u8mjOYBY_orgOX2R8nj9Gdmq5u5fg?e=5PrDVi\">II. Domeka (2024-04-07)&nbsp; <img decoding=\"async\" src=\"https:\/\/bizkeliza.org\/wp-content\/uploads\/2021\/05\/download-icon-verdeoscuro-2.png\" alt=\"\" width=\"22\" height=\"22\" data-mce-src=\"https:\/\/bizkeliza.org\/wp-content\/uploads\/2021\/05\/download-icon-verdeoscuro-2.png\"><\/a><\/li>\n<\/ul>\n<h4>Pazko Aldia &#8211; ADAP: D\u00eda del Se\u00f1or &#8211;&nbsp; A&nbsp; zikloa 2023<\/h4>\n<ul>\n<li><a href=\"https:\/\/diocesisdebilbao-my.sharepoint.com\/:w:\/g\/personal\/webbizkeliza_bizkeliza_org\/Eb2J8gXFboxJg90iLepSJ60Bkcs8mmymBjZA6CsL9prrNA?e=CfmdWJ\" target=\"_blank\" rel=\"noopener\" data-mce-href=\"https:\/\/diocesisdebilbao-my.sharepoint.com\/:w:\/g\/personal\/webbizkeliza_bizkeliza_org\/Eb2J8gXFboxJg90iLepSJ60Bkcs8mmymBjZA6CsL9prrNA?e=CfmdWJ\">Mendekoste <img decoding=\"async\" src=\"https:\/\/bizkeliza.org\/wp-content\/uploads\/2021\/05\/download-icon-verdeoscuro-2.png\" alt=\"\" width=\"22\" height=\"22\" data-mce-src=\"https:\/\/bizkeliza.org\/wp-content\/uploads\/2021\/05\/download-icon-verdeoscuro-2.png\"><\/a><\/li>\n<li><a href=\"https:\/\/diocesisdebilbao-my.sharepoint.com\/:w:\/g\/personal\/webbizkeliza_bizkeliza_org\/Eb7Uqqd6KCJHpH1BSy9P1q4Bpnm0hvMDDagK9H-usa53jg?e=yXnNlR\" target=\"_blank\" rel=\"noopener\" data-mce-href=\"https:\/\/diocesisdebilbao-my.sharepoint.com\/:w:\/g\/personal\/webbizkeliza_bizkeliza_org\/Eb7Uqqd6KCJHpH1BSy9P1q4Bpnm0hvMDDagK9H-usa53jg?e=yXnNlR\">Jaunaren Igokundea <img decoding=\"async\" src=\"https:\/\/bizkeliza.org\/wp-content\/uploads\/2021\/05\/download-icon-verdeoscuro-2.png\" alt=\"\" width=\"22\" height=\"22\" data-mce-src=\"https:\/\/bizkeliza.org\/wp-content\/uploads\/2021\/05\/download-icon-verdeoscuro-2.png\"><\/a><\/li>\n<li><a href=\"https:\/\/diocesisdebilbao-my.sharepoint.com\/:w:\/g\/personal\/webbizkeliza_bizkeliza_org\/EZfhHEo6LYlOvx9-J2v4qq8BD8sS36nc4N0wTXOgJjRU7Q?e=WNxCDo\" target=\"_blank\" rel=\"noopener\" data-mce-href=\"https:\/\/diocesisdebilbao-my.sharepoint.com\/:w:\/g\/personal\/webbizkeliza_bizkeliza_org\/EZfhHEo6LYlOvx9-J2v4qq8BD8sS36nc4N0wTXOgJjRU7Q?e=WNxCDo\">VI. Domeka&nbsp; <img decoding=\"async\" class=\"wp-image-2416 alignnone size-full\" src=\"https:\/\/bizkeliza.org\/wp-content\/uploads\/download-icon-verdeoscuro.png\" alt=\"\" width=\"22\" height=\"22\" data-mce-src=\"https:\/\/bizkeliza.org\/wp-content\/uploads\/download-icon-verdeoscuro.png\"><\/a><\/li>\n<li><a href=\"https:\/\/diocesisdebilbao-my.sharepoint.com\/:w:\/g\/personal\/webbizkeliza_bizkeliza_org\/EaSbtFfwDxZHsgY7o29RjIYBIY2Iw4OPiVYm58G6jktnjw?e=2qlgVV\" target=\"_blank\" rel=\"noopener\" data-mce-href=\"https:\/\/diocesisdebilbao-my.sharepoint.com\/:w:\/g\/personal\/webbizkeliza_bizkeliza_org\/EaSbtFfwDxZHsgY7o29RjIYBIY2Iw4OPiVYm58G6jktnjw?e=2qlgVV\">V. Domeka&nbsp; <img decoding=\"async\" class=\"wp-image-2416 alignnone size-full\" src=\"https:\/\/bizkeliza.org\/wp-content\/uploads\/download-icon-verdeoscuro.png\" alt=\"\" width=\"22\" height=\"22\" data-mce-src=\"https:\/\/bizkeliza.org\/wp-content\/uploads\/download-icon-verdeoscuro.png\"><\/a><\/li>\n<li><a href=\"https:\/\/diocesisdebilbao-my.sharepoint.com\/:w:\/g\/personal\/webbizkeliza_bizkeliza_org\/Eeml7yZfQ35PpF9SYTqRYewBN_2wF9YuuzD0F4aBYp_UHw?e=14U70d\" target=\"_blank\" rel=\"noopener\" data-mce-href=\"https:\/\/diocesisdebilbao-my.sharepoint.com\/:w:\/g\/personal\/webbizkeliza_bizkeliza_org\/Eeml7yZfQ35PpF9SYTqRYewBN_2wF9YuuzD0F4aBYp_UHw?e=14U70d\">IV. Domeka&nbsp; <img decoding=\"async\" class=\"wp-image-2416 alignnone size-full\" src=\"https:\/\/bizkeliza.org\/wp-content\/uploads\/download-icon-verdeoscuro.png\" alt=\"\" width=\"22\" height=\"22\" data-mce-src=\"https:\/\/bizkeliza.org\/wp-content\/uploads\/download-icon-verdeoscuro.png\"><\/a><\/li>\n<li><a href=\"https:\/\/diocesisdebilbao-my.sharepoint.com\/:w:\/g\/personal\/webbizkeliza_bizkeliza_org\/EYQnGBIv4y9Mlft0Ky4FtscBpMDi8lDlib38o9GUutKS5Q?e=DdO2LI\" target=\"_blank\" rel=\"noopener\" data-mce-href=\"https:\/\/diocesisdebilbao-my.sharepoint.com\/:w:\/g\/personal\/webbizkeliza_bizkeliza_org\/EYQnGBIv4y9Mlft0Ky4FtscBpMDi8lDlib38o9GUutKS5Q?e=DdO2LI\">III. Domeka <img decoding=\"async\" class=\"wp-image-2416 alignnone size-full\" src=\"https:\/\/bizkeliza.org\/wp-content\/uploads\/download-icon-verdeoscuro.png\" alt=\"\" width=\"22\" height=\"22\" data-mce-src=\"https:\/\/bizkeliza.org\/wp-content\/uploads\/download-icon-verdeoscuro.png\"><\/a><\/li>\n<li><a href=\"https:\/\/diocesisdebilbao-my.sharepoint.com\/:w:\/g\/personal\/webbizkeliza_bizkeliza_org\/ERK0_TruuUJPpBjT1_aOCzUB2opjeggV8Y8HvaGIBX6Vrg?e=1Onl6F\" target=\"_blank\" rel=\"noopener\" data-mce-href=\"https:\/\/diocesisdebilbao-my.sharepoint.com\/:w:\/g\/personal\/webbizkeliza_bizkeliza_org\/ERK0_TruuUJPpBjT1_aOCzUB2opjeggV8Y8HvaGIBX6Vrg?e=1Onl6F\">II. Domeka <img decoding=\"async\" class=\"wp-image-2416 alignnone size-full\" src=\"https:\/\/bizkeliza.org\/wp-content\/uploads\/download-icon-verdeoscuro.png\" alt=\"\" width=\"22\" height=\"22\" data-mce-src=\"https:\/\/bizkeliza.org\/wp-content\/uploads\/download-icon-verdeoscuro.png\"><\/a><\/li>\n<\/ul>\n<h4>Tiempo Pascual &#8211; ADAP: D\u00eda del Se\u00f1or &#8211; ciclo C 2022<\/h4>\n<ul>\n<li><a href=\"https:\/\/diocesisdebilbao-my.sharepoint.com\/:w:\/g\/personal\/webbizkeliza_bizkeliza_org\/EesF1DyO_hZKurgbUE16f8sBO6Tl_YPz0FRNoNgEtQJFOg?e=s8I8tg\" data-mce-href=\"https:\/\/diocesisdebilbao-my.sharepoint.com\/:w:\/g\/personal\/webbizkeliza_bizkeliza_org\/EesF1DyO_hZKurgbUE16f8sBO6Tl_YPz0FRNoNgEtQJFOg?e=s8I8tg\">Mendekoste <img decoding=\"async\" class=\"wp-image-2416 alignnone size-full\" src=\"https:\/\/bizkeliza.org\/wp-content\/uploads\/download-icon-verdeoscuro.png\" alt=\"\" width=\"22\" height=\"22\" data-mce-src=\"https:\/\/bizkeliza.org\/wp-content\/uploads\/download-icon-verdeoscuro.png\"><\/a><\/li>\n<li><a href=\"https:\/\/diocesisdebilbao-my.sharepoint.com\/:w:\/g\/personal\/webbizkeliza_bizkeliza_org\/EdxkJSy_WO5NolhmhzooYrUBpH_1P5yZnlMgZBgpRJjpbg?e=ItuPvf\" data-mce-href=\"https:\/\/diocesisdebilbao-my.sharepoint.com\/:w:\/g\/personal\/webbizkeliza_bizkeliza_org\/EdxkJSy_WO5NolhmhzooYrUBpH_1P5yZnlMgZBgpRJjpbg?e=ItuPvf\">Jaunaren Igokundea <img decoding=\"async\" src=\"https:\/\/bizkeliza.org\/wp-content\/uploads\/2021\/05\/download-icon-verdeoscuro-2.png\" alt=\"\" width=\"22\" height=\"22\" data-mce-src=\"https:\/\/bizkeliza.org\/wp-content\/uploads\/2021\/05\/download-icon-verdeoscuro-2.png\"><\/a><\/li>\n<li><a href=\"https:\/\/diocesisdebilbao-my.sharepoint.com\/:w:\/g\/personal\/webbizkeliza_bizkeliza_org\/Ed6uIwNBevFLsSS648lETaoBiVnXsonkGQl9JTHDIqpSjA?e=bidLLq\" target=\"_blank\" rel=\"noopener noreferrer\" data-mce-href=\"https:\/\/diocesisdebilbao-my.sharepoint.com\/:w:\/g\/personal\/webbizkeliza_bizkeliza_org\/Ed6uIwNBevFLsSS648lETaoBiVnXsonkGQl9JTHDIqpSjA?e=bidLLq\">VI. Domeka&nbsp; <img decoding=\"async\" src=\"https:\/\/bizkeliza.org\/wp-content\/uploads\/2021\/05\/download-icon-verdeoscuro-2.png\" alt=\"\" width=\"22\" height=\"22\" data-mce-src=\"https:\/\/bizkeliza.org\/wp-content\/uploads\/2021\/05\/download-icon-verdeoscuro-2.png\"><\/a><\/li>\n<li><a href=\"https:\/\/diocesisdebilbao-my.sharepoint.com\/:w:\/g\/personal\/webbizkeliza_bizkeliza_org\/EeSDfoMElTBGoJsdAg_brtMB_uH8pFvpb3Fic_74UFDYRA?e=ppMFKS\" target=\"_blank\" rel=\"noopener noreferrer\" data-mce-href=\"https:\/\/diocesisdebilbao-my.sharepoint.com\/:w:\/g\/personal\/webbizkeliza_bizkeliza_org\/EeSDfoMElTBGoJsdAg_brtMB_uH8pFvpb3Fic_74UFDYRA?e=ppMFKS\">V. Domeka&nbsp; <img decoding=\"async\" src=\"https:\/\/bizkeliza.org\/wp-content\/uploads\/2021\/05\/download-icon-verdeoscuro-2.png\" alt=\"\" width=\"22\" height=\"22\" data-mce-src=\"https:\/\/bizkeliza.org\/wp-content\/uploads\/2021\/05\/download-icon-verdeoscuro-2.png\"><\/a><\/li>\n<li><a href=\"https:\/\/diocesisdebilbao-my.sharepoint.com\/:w:\/g\/personal\/webbizkeliza_bizkeliza_org\/EYjn8Qn9VUtBklNoJs1PyaQBjOSEhaXd8bzNS3o7Ro78Zg?e=aHbJxc\" data-mce-href=\"https:\/\/diocesisdebilbao-my.sharepoint.com\/:w:\/g\/personal\/webbizkeliza_bizkeliza_org\/EYjn8Qn9VUtBklNoJs1PyaQBjOSEhaXd8bzNS3o7Ro78Zg?e=aHbJxc\">IV. Domeka&nbsp; <img decoding=\"async\" src=\"https:\/\/bizkeliza.org\/wp-content\/uploads\/2021\/05\/download-icon-verdeoscuro-2.png\" alt=\"\" width=\"22\" height=\"22\" data-mce-src=\"https:\/\/bizkeliza.org\/wp-content\/uploads\/2021\/05\/download-icon-verdeoscuro-2.png\"><\/a><\/li>\n<li><a href=\"https:\/\/diocesisdebilbao-my.sharepoint.com\/:w:\/g\/personal\/webbizkeliza_bizkeliza_org\/Ee3lSJu-hItJnz2ZWy2pJMQBxwAdyx8ouWCceH0yi3FqJQ?e=l08haj\" target=\"_blank\" rel=\"noopener noreferrer\" data-mce-href=\"https:\/\/diocesisdebilbao-my.sharepoint.com\/:w:\/g\/personal\/webbizkeliza_bizkeliza_org\/Ee3lSJu-hItJnz2ZWy2pJMQBxwAdyx8ouWCceH0yi3FqJQ?e=l08haj\">Domingo III&nbsp; &nbsp;<img decoding=\"async\" src=\"https:\/\/bizkeliza.org\/wp-content\/uploads\/2021\/05\/download-icon-verdeoscuro-2.png\" alt=\"\" width=\"22\" height=\"22\" data-mce-src=\"https:\/\/bizkeliza.org\/wp-content\/uploads\/2021\/05\/download-icon-verdeoscuro-2.png\"><\/a><\/li>\n<\/ul>\n<h4>Pazko Aldia &#8211; ADAP: D\u00eda del Se\u00f1or &#8211; ciclo B 2021<\/h4>\n<ul>\n<li><a href=\"https:\/\/diocesisdebilbao-my.sharepoint.com\/:w:\/g\/personal\/webbizkeliza_bizkeliza_org\/EW7clH3RV_xLj8s8RhNN3iYBbqLv9D9d5TUbCf8rFntYDw?e=SGe6rA\" data-mce-href=\"https:\/\/diocesisdebilbao-my.sharepoint.com\/:w:\/g\/personal\/webbizkeliza_bizkeliza_org\/EW7clH3RV_xLj8s8RhNN3iYBbqLv9D9d5TUbCf8rFntYDw?e=SGe6rA\">II. Domeka&nbsp; <img decoding=\"async\" src=\"https:\/\/bizkeliza.org\/wp-content\/uploads\/2021\/05\/download-icon-verdeoscuro-2.png\" alt=\"\" width=\"22\" height=\"22\" data-mce-src=\"https:\/\/bizkeliza.org\/wp-content\/uploads\/2021\/05\/download-icon-verdeoscuro-2.png\"><\/a><\/li>\n<li><a href=\"https:\/\/diocesisdebilbao-my.sharepoint.com\/:w:\/g\/personal\/webbizkeliza_bizkeliza_org\/EXr_Dx1LqVRIhehFpj1KoKABl_zSs6H-2rnK7l2tmz791w?e=IScbSf\" data-mce-href=\"https:\/\/diocesisdebilbao-my.sharepoint.com\/:w:\/g\/personal\/webbizkeliza_bizkeliza_org\/EXr_Dx1LqVRIhehFpj1KoKABl_zSs6H-2rnK7l2tmz791w?e=IScbSf\">III. Domeka&nbsp; &nbsp;<img decoding=\"async\" src=\"https:\/\/bizkeliza.org\/wp-content\/uploads\/2021\/05\/download-icon-verdeoscuro-2.png\" alt=\"\" width=\"22\" height=\"22\" data-mce-src=\"https:\/\/bizkeliza.org\/wp-content\/uploads\/2021\/05\/download-icon-verdeoscuro-2.png\"><\/a><\/li>\n<li><a href=\"https:\/\/diocesisdebilbao-my.sharepoint.com\/:w:\/g\/personal\/webbizkeliza_bizkeliza_org\/EURN2JyPuCpLl4Xquxm2_6cBX7fxtQ_JXgz-SfSsOrTSmQ?e=DC5Wp7\" data-mce-href=\"https:\/\/diocesisdebilbao-my.sharepoint.com\/:w:\/g\/personal\/webbizkeliza_bizkeliza_org\/EURN2JyPuCpLl4Xquxm2_6cBX7fxtQ_JXgz-SfSsOrTSmQ?e=DC5Wp7\">IV. Domeka <img decoding=\"async\" src=\"https:\/\/bizkeliza.org\/wp-content\/uploads\/2021\/05\/download-icon-verdeoscuro-2.png\" alt=\"\" width=\"22\" height=\"22\" data-mce-src=\"https:\/\/bizkeliza.org\/wp-content\/uploads\/2021\/05\/download-icon-verdeoscuro-2.png\"><\/a><\/li>\n<li><a href=\"https:\/\/diocesisdebilbao-my.sharepoint.com\/:w:\/g\/personal\/webbizkeliza_bizkeliza_org\/EfxBkgc5ZDBFqAQXMPYFHe0BbwBGkj5QpZp8gy9VbPEppQ?e=Ybvlhk\" data-mce-href=\"https:\/\/diocesisdebilbao-my.sharepoint.com\/:w:\/g\/personal\/webbizkeliza_bizkeliza_org\/EfxBkgc5ZDBFqAQXMPYFHe0BbwBGkj5QpZp8gy9VbPEppQ?e=Ybvlhk\">V. Domeka&nbsp; &nbsp;<img decoding=\"async\" src=\"https:\/\/bizkeliza.org\/wp-content\/uploads\/2021\/05\/download-icon-verdeoscuro-2.png\" alt=\"\" width=\"22\" height=\"22\" data-mce-src=\"https:\/\/bizkeliza.org\/wp-content\/uploads\/2021\/05\/download-icon-verdeoscuro-2.png\"><\/a><\/li>\n<li><a href=\"https:\/\/diocesisdebilbao-my.sharepoint.com\/:w:\/g\/personal\/webbizkeliza_bizkeliza_org\/EaEr_BL5R8JOoZ48NcWvvtkBVEqodmFISrWwVFPn3rQgxw?e=AaiGIO\" data-mce-href=\"https:\/\/diocesisdebilbao-my.sharepoint.com\/:w:\/g\/personal\/webbizkeliza_bizkeliza_org\/EaEr_BL5R8JOoZ48NcWvvtkBVEqodmFISrWwVFPn3rQgxw?e=AaiGIO\">VI. Domeka&nbsp; &nbsp;<img decoding=\"async\" src=\"https:\/\/bizkeliza.org\/wp-content\/uploads\/2021\/05\/download-icon-verdeoscuro-2.png\" alt=\"\" width=\"22\" height=\"22\" data-mce-src=\"https:\/\/bizkeliza.org\/wp-content\/uploads\/2021\/05\/download-icon-verdeoscuro-2.png\"><\/a><\/li>\n<li><a href=\"https:\/\/diocesisdebilbao-my.sharepoint.com\/:w:\/g\/personal\/webbizkeliza_bizkeliza_org\/EVxZeuoeZilJh8IreSZyCrMB5rNzWmab6GfvLTLbmrlyUA?e=aQf7he\" data-mce-href=\"https:\/\/diocesisdebilbao-my.sharepoint.com\/:w:\/g\/personal\/webbizkeliza_bizkeliza_org\/EVxZeuoeZilJh8IreSZyCrMB5rNzWmab6GfvLTLbmrlyUA?e=aQf7he\">Jaunaren Igokundea&nbsp; &nbsp;<img decoding=\"async\" src=\"https:\/\/bizkeliza.org\/wp-content\/uploads\/2021\/05\/download-icon-verdeoscuro-2.png\" alt=\"\" width=\"22\" height=\"22\" data-mce-src=\"https:\/\/bizkeliza.org\/wp-content\/uploads\/2021\/05\/download-icon-verdeoscuro-2.png\"><\/a><\/li>\n<li><a href=\"https:\/\/diocesisdebilbao-my.sharepoint.com\/:w:\/g\/personal\/webbizkeliza_bizkeliza_org\/EVADyHiGohFHpy84fuqp-0UBfH53wzz7emrg-5_74VAQPw?e=wZZMsr\" data-mce-href=\"https:\/\/diocesisdebilbao-my.sharepoint.com\/:w:\/g\/personal\/webbizkeliza_bizkeliza_org\/EVADyHiGohFHpy84fuqp-0UBfH53wzz7emrg-5_74VAQPw?e=wZZMsr\">Mendekoste&nbsp; &nbsp;<img decoding=\"async\" src=\"https:\/\/bizkeliza.org\/wp-content\/uploads\/2021\/05\/download-icon-verdeoscuro-2.png\" alt=\"\" width=\"22\" height=\"22\" data-mce-src=\"https:\/\/bizkeliza.org\/wp-content\/uploads\/2021\/05\/download-icon-verdeoscuro-2.png\"><\/a><\/li>\n<\/ul>\n<h4>Pazko Aldia &#8211; ADAP: D\u00eda del Se\u00f1or &#8211; ciclo A 2020<\/h4>\n<ul>\n<li><a href=\"https:\/\/diocesisdebilbao-my.sharepoint.com\/:w:\/g\/personal\/webbizkeliza_bizkeliza_org\/Ed6Hd-k0-c9PrLXShdb-l9UBDF_BkLr9OSJoEDbhcW4pPw?e=N46f0p\" data-mce-href=\"https:\/\/diocesisdebilbao-my.sharepoint.com\/:w:\/g\/personal\/webbizkeliza_bizkeliza_org\/Ed6Hd-k0-c9PrLXShdb-l9UBDF_BkLr9OSJoEDbhcW4pPw?e=N46f0p\">II. Domeka&nbsp; &nbsp;<img decoding=\"async\" src=\"https:\/\/bizkeliza.org\/wp-content\/uploads\/2021\/05\/download-icon-verdeoscuro-2.png\" alt=\"\" width=\"22\" height=\"22\" data-mce-src=\"https:\/\/bizkeliza.org\/wp-content\/uploads\/2021\/05\/download-icon-verdeoscuro-2.png\"><\/a><\/li>\n<li><a href=\"https:\/\/diocesisdebilbao-my.sharepoint.com\/:w:\/g\/personal\/webbizkeliza_bizkeliza_org\/EfV-KeLiqbpJn3zZ2D9Nh-cBaJUSwvuP_RIpmdvntazPjQ?e=VERZHY\" data-mce-href=\"https:\/\/diocesisdebilbao-my.sharepoint.com\/:w:\/g\/personal\/webbizkeliza_bizkeliza_org\/EfV-KeLiqbpJn3zZ2D9Nh-cBaJUSwvuP_RIpmdvntazPjQ?e=VERZHY\">III. Domeka&nbsp; &nbsp;<img decoding=\"async\" src=\"https:\/\/bizkeliza.org\/wp-content\/uploads\/2021\/05\/download-icon-verdeoscuro-2.png\" alt=\"\" width=\"22\" height=\"22\" data-mce-src=\"https:\/\/bizkeliza.org\/wp-content\/uploads\/2021\/05\/download-icon-verdeoscuro-2.png\"><\/a><\/li>\n<li><a href=\"https:\/\/diocesisdebilbao-my.sharepoint.com\/:w:\/g\/personal\/webbizkeliza_bizkeliza_org\/EZ7NHMJEEGNLiTUHMpDEHfgBeViW71fAu5ptuFAy8uzoaQ?e=8Gz8Qq\" data-mce-href=\"https:\/\/diocesisdebilbao-my.sharepoint.com\/:w:\/g\/personal\/webbizkeliza_bizkeliza_org\/EZ7NHMJEEGNLiTUHMpDEHfgBeViW71fAu5ptuFAy8uzoaQ?e=8Gz8Qq\">IV. Domeka&nbsp; &nbsp;<img decoding=\"async\" src=\"https:\/\/bizkeliza.org\/wp-content\/uploads\/2021\/05\/download-icon-verdeoscuro-2.png\" alt=\"\" width=\"22\" height=\"22\" data-mce-src=\"https:\/\/bizkeliza.org\/wp-content\/uploads\/2021\/05\/download-icon-verdeoscuro-2.png\"><\/a><\/li>\n<li><a href=\"https:\/\/diocesisdebilbao-my.sharepoint.com\/:w:\/g\/personal\/webbizkeliza_bizkeliza_org\/EYKdEzl82O9Iq7plM0uudloB9HxqjPAsHPQEeQWUkpBhmA?e=61E3xg\" data-mce-href=\"https:\/\/diocesisdebilbao-my.sharepoint.com\/:w:\/g\/personal\/webbizkeliza_bizkeliza_org\/EYKdEzl82O9Iq7plM0uudloB9HxqjPAsHPQEeQWUkpBhmA?e=61E3xg\">V. Domeka&nbsp; &nbsp;<img decoding=\"async\" src=\"https:\/\/bizkeliza.org\/wp-content\/uploads\/2021\/05\/download-icon-verdeoscuro-2.png\" alt=\"\" width=\"22\" height=\"22\" data-mce-src=\"https:\/\/bizkeliza.org\/wp-content\/uploads\/2021\/05\/download-icon-verdeoscuro-2.png\"><\/a><\/li>\n<li><a href=\"https:\/\/diocesisdebilbao-my.sharepoint.com\/:w:\/g\/personal\/webbizkeliza_bizkeliza_org\/Ebmsb37Elm5JukOFh-Xx1QYBksyAvhgEwYrvmTYpeuMZFA?e=HkD0EX\" data-mce-href=\"https:\/\/diocesisdebilbao-my.sharepoint.com\/:w:\/g\/personal\/webbizkeliza_bizkeliza_org\/Ebmsb37Elm5JukOFh-Xx1QYBksyAvhgEwYrvmTYpeuMZFA?e=HkD0EX\">VI. Domeka&nbsp; &nbsp;<img decoding=\"async\" src=\"https:\/\/bizkeliza.org\/wp-content\/uploads\/2021\/05\/download-icon-verdeoscuro-2.png\" alt=\"\" width=\"22\" height=\"22\" data-mce-src=\"https:\/\/bizkeliza.org\/wp-content\/uploads\/2021\/05\/download-icon-verdeoscuro-2.png\"><\/a><\/li>\n<li><a href=\"https:\/\/diocesisdebilbao-my.sharepoint.com\/:w:\/g\/personal\/webbizkeliza_bizkeliza_org\/ETRZoj8cZZNIsyUaCTo6MSYBSM6eXxedPesKeLIue-DrKw?e=41uanI\" data-mce-href=\"https:\/\/diocesisdebilbao-my.sharepoint.com\/:w:\/g\/personal\/webbizkeliza_bizkeliza_org\/ETRZoj8cZZNIsyUaCTo6MSYBSM6eXxedPesKeLIue-DrKw?e=41uanI\">Jaunaren Igokundea&nbsp; &nbsp;<img decoding=\"async\" src=\"https:\/\/bizkeliza.org\/wp-content\/uploads\/2021\/05\/download-icon-verdeoscuro-2.png\" alt=\"\" width=\"22\" height=\"22\" data-mce-src=\"https:\/\/bizkeliza.org\/wp-content\/uploads\/2021\/05\/download-icon-verdeoscuro-2.png\"><\/a><\/li>\n<li><a href=\"https:\/\/diocesisdebilbao-my.sharepoint.com\/:w:\/g\/personal\/webbizkeliza_bizkeliza_org\/EdrTCBmA6GlDohIL1Kdqw18BcBeRVYmNBh8ykj4FQNPLtw?e=CbyZhq\" target=\"_blank\" rel=\"noopener noreferrer\" data-mce-href=\"https:\/\/diocesisdebilbao-my.sharepoint.com\/:w:\/g\/personal\/webbizkeliza_bizkeliza_org\/EdrTCBmA6GlDohIL1Kdqw18BcBeRVYmNBh8ykj4FQNPLtw?e=CbyZhq\">Mendekoste&nbsp; &nbsp;<img decoding=\"async\" src=\"https:\/\/bizkeliza.org\/wp-content\/uploads\/2021\/05\/download-icon-verdeoscuro-2.png\" alt=\"\" width=\"22\" height=\"22\" data-mce-src=\"https:\/\/bizkeliza.org\/wp-content\/uploads\/2021\/05\/download-icon-verdeoscuro-2.png\"><\/a><\/li>\n<\/ul>\n<p>[\/et_pb_text][\/et_pb_column_inner][\/et_pb_row_inner][et_pb_row_inner admin_label=&#8221;Separador&#8221; _builder_version=&#8221;4.16&#8243; _module_preset=&#8221;default&#8221; global_colors_info=&#8221;{}&#8221;][et_pb_column_inner saved_specialty_column_type=&#8221;2_3&#8243; _builder_version=&#8221;4.16&#8243; _module_preset=&#8221;default&#8221; global_colors_info=&#8221;{}&#8221;][et_pb_divider color=&#8221;#000000&#8243; divider_position=&#8221;center&#8221; _builder_version=&#8221;4.16&#8243; _module_preset=&#8221;default&#8221; global_colors_info=&#8221;{}&#8221;][\/et_pb_divider][\/et_pb_column_inner][\/et_pb_row_inner][et_pb_row_inner admin_label=&#8221;Propio de los Santos&#8221; _builder_version=&#8221;4.16&#8243; _module_preset=&#8221;default&#8221; custom_padding=&#8221;1px|||||&#8221; global_colors_info=&#8221;{}&#8221;][et_pb_column_inner saved_specialty_column_type=&#8221;2_3&#8243; _builder_version=&#8221;4.16&#8243; _module_preset=&#8221;default&#8221; global_colors_info=&#8221;{}&#8221;][et_pb_text module_id=&#8221;Adap-Santos&#8221; _builder_version=&#8221;4.16&#8243; _module_preset=&#8221;default&#8221; text_text_color=&#8221;#ffffff&#8221; header_text_color=&#8221;#ffffff&#8221; header_font_size=&#8221;44px&#8221; header_line_height=&#8221;1.2em&#8221; header_4_font=&#8221;|700|||||||&#8221; background_color=&#8221;#006b54&#8243; custom_margin=&#8221;0px||||false|false&#8221; custom_padding=&#8221;10px|||30px|false|false&#8221; header_3_font_size_tablet=&#8221;&#8221; header_3_font_size_phone=&#8221;22px&#8221; header_3_font_size_last_edited=&#8221;on|phone&#8221; header_4_font_size_tablet=&#8221;&#8221; header_4_font_size_phone=&#8221;18px&#8221; header_4_font_size_last_edited=&#8221;on|desktop&#8221; border_radii=&#8221;on|186px|186px|186px|186px&#8221; global_colors_info=&#8221;{}&#8221;]<\/p>\n<h3><span style=\"color: #ffffff;\" data-mce-style=\"color: #ffffff;\">Santuen Berezia<\/span><\/h3>\n<p>[\/et_pb_text][et_pb_text _builder_version=&#8221;4.17.3&#8243; _module_preset=&#8221;default&#8221; header_font_size=&#8221;44px&#8221; header_line_height=&#8221;1.2em&#8221; header_4_font=&#8221;|700|||||||&#8221; header_3_font_size_tablet=&#8221;&#8221; header_3_font_size_phone=&#8221;22px&#8221; header_3_font_size_last_edited=&#8221;on|phone&#8221; header_4_font_size_tablet=&#8221;&#8221; header_4_font_size_phone=&#8221;18px&#8221; header_4_font_size_last_edited=&#8221;on|desktop&#8221; global_colors_info=&#8221;{}&#8221;]<\/p>\n<table class=\"table mce-item-table\" style=\"width: 100%;\" border=\"0\" frame=\"box\" rules=\"all\" align=\"center\" data-mce-style=\"width: 100%;\">\n<tbody>\n<tr>\n<td style=\"width: 25%;\" data-mce-style=\"width: 25%;\"><\/td>\n<td style=\"width: 50%;\" data-mce-style=\"width: 50%;\">\n<h4><strong>JAI EGUNAK<\/strong><\/h4>\n<\/td>\n<td style=\"width: 25%;\" data-mce-style=\"width: 25%;\"><\/td>\n<\/tr>\n<tr>\n<td style=\"width: 25%;\" data-mce-style=\"width: 25%;\"><strong>MARZO<\/strong><\/td>\n<td style=\"width: 50%;\" data-mce-style=\"width: 50%;\"><a href=\"https:\/\/diocesisdebilbao-my.sharepoint.com\/:w:\/g\/personal\/webbizkeliza_bizkeliza_org\/ERlCLlacRE5FpDUH6eaecSIBhpEppjyC33xj3fG8Ioqj-g\" data-mce-href=\"https:\/\/diocesisdebilbao-my.sharepoint.com\/:w:\/g\/personal\/webbizkeliza_bizkeliza_org\/ERlCLlacRE5FpDUH6eaecSIBhpEppjyC33xj3fG8Ioqj-g\">San Jose<\/a><\/td>\n<td class=\"align-center\" style=\"width: 25%;\" data-mce-style=\"width: 25%;\"><\/td>\n<\/tr>\n<tr>\n<td style=\"width: 25%;\" data-mce-style=\"width: 25%;\"><strong>JUNIO<\/strong><\/td>\n<td style=\"width: 50%;\" data-mce-style=\"width: 50%;\"><a href=\"https:\/\/diocesisdebilbao-my.sharepoint.com\/:w:\/g\/personal\/webbizkeliza_bizkeliza_org\/EbAkFHhsgThHlQnwEDaia6YBfgcXyOT9pzKcS5u9k_JtNg\" data-mce-href=\"https:\/\/diocesisdebilbao-my.sharepoint.com\/:w:\/g\/personal\/webbizkeliza_bizkeliza_org\/EbAkFHhsgThHlQnwEDaia6YBfgcXyOT9pzKcS5u9k_JtNg\">Pedro y Pablo<\/a><\/td>\n<td class=\"align-center\" style=\"width: 25%;\" data-mce-style=\"width: 25%;\"><img decoding=\"async\" src=\"https:\/\/bizkeliza.org\/wp-content\/themes\/divi-child\/fileadmin\/bizkeliza\/web\/doc.gif\" alt=\"\" width=\"16\" height=\"16\" border=\"0\" data-mce-src=\"https:\/\/bizkeliza.org\/wp-content\/themes\/divi-child\/fileadmin\/bizkeliza\/web\/doc.gif\"><\/td>\n<\/tr>\n<tr>\n<td style=\"width: 25%;\" data-mce-style=\"width: 25%;\"><strong>JULIO<\/strong><\/td>\n<td style=\"width: 50%;\" data-mce-style=\"width: 50%;\"><a href=\"https:\/\/diocesisdebilbao-my.sharepoint.com\/:w:\/g\/personal\/webbizkeliza_bizkeliza_org\/EUp6IP3kDzlKrrzFsmDbVvQBBYBI2YcPb7N12XEXvsbuuw\" data-mce-href=\"https:\/\/diocesisdebilbao-my.sharepoint.com\/:w:\/g\/personal\/webbizkeliza_bizkeliza_org\/EUp6IP3kDzlKrrzFsmDbVvQBBYBI2YcPb7N12XEXvsbuuw\">Santiago<\/a> <a href=\"https:\/\/diocesisdebilbao-my.sharepoint.com\/:w:\/g\/personal\/webbizkeliza_bizkeliza_org\/EQqbh6D23wdAqflf3dhQtQ4BXi3L_04s5gxK46O8itzd0g\" data-mce-href=\"https:\/\/diocesisdebilbao-my.sharepoint.com\/:w:\/g\/personal\/webbizkeliza_bizkeliza_org\/EQqbh6D23wdAqflf3dhQtQ4BXi3L_04s5gxK46O8itzd0g\">San Ignacio<\/a><\/td>\n<td class=\"align-center\" style=\"width: 25%;\" data-mce-style=\"width: 25%;\"><img decoding=\"async\" src=\"https:\/\/bizkeliza.org\/wp-content\/themes\/divi-child\/fileadmin\/bizkeliza\/web\/doc.gif\" alt=\"\" width=\"16\" height=\"16\" border=\"0\" data-mce-src=\"https:\/\/bizkeliza.org\/wp-content\/themes\/divi-child\/fileadmin\/bizkeliza\/web\/doc.gif\"><\/td>\n<\/tr>\n<tr>\n<td style=\"width: 25%;\" data-mce-style=\"width: 25%;\"><strong>AGOSTO<\/strong><\/td>\n<td style=\"width: 50%;\" data-mce-style=\"width: 50%;\"><a href=\"https:\/\/diocesisdebilbao-my.sharepoint.com\/:w:\/g\/personal\/webbizkeliza_bizkeliza_org\/EabUhmnCCzdPveJZOvqDrOkBBfLH6tMA-JP20BXcWxI0fw\" data-mce-href=\"https:\/\/diocesisdebilbao-my.sharepoint.com\/:w:\/g\/personal\/webbizkeliza_bizkeliza_org\/EabUhmnCCzdPveJZOvqDrOkBBfLH6tMA-JP20BXcWxI0fw\">Asunci\u00f3n de Mar\u00eda Virgen<\/a><\/td>\n<td class=\"align-center\" style=\"width: 25%;\" data-mce-style=\"width: 25%;\"><img decoding=\"async\" src=\"https:\/\/bizkeliza.org\/wp-content\/themes\/divi-child\/fileadmin\/bizkeliza\/web\/doc.gif\" alt=\"\" width=\"16\" height=\"16\" border=\"0\" data-mce-src=\"https:\/\/bizkeliza.org\/wp-content\/themes\/divi-child\/fileadmin\/bizkeliza\/web\/doc.gif\"><\/td>\n<\/tr>\n<tr>\n<td style=\"width: 25%;\" data-mce-style=\"width: 25%;\"><strong>SEPT<\/strong><\/td>\n<td style=\"width: 50%;\" data-mce-style=\"width: 50%;\"><a href=\"https:\/\/diocesisdebilbao-my.sharepoint.com\/:w:\/g\/personal\/webbizkeliza_bizkeliza_org\/EbW7F6Eq2YdFv6QEyjgRZF4BByL0PMfM4m_iScN3HFG4dg\" data-mce-href=\"https:\/\/diocesisdebilbao-my.sharepoint.com\/:w:\/g\/personal\/webbizkeliza_bizkeliza_org\/EbW7F6Eq2YdFv6QEyjgRZF4BByL0PMfM4m_iScN3HFG4dg\">Exaltaci\u00f3n Santa Cruz<\/a><\/td>\n<td class=\"align-center\" style=\"width: 25%;\" data-mce-style=\"width: 25%;\"><img decoding=\"async\" src=\"https:\/\/bizkeliza.org\/wp-content\/themes\/divi-child\/fileadmin\/bizkeliza\/web\/doc.gif\" alt=\"\" width=\"16\" height=\"16\" border=\"0\" data-mce-src=\"https:\/\/bizkeliza.org\/wp-content\/themes\/divi-child\/fileadmin\/bizkeliza\/web\/doc.gif\"><\/td>\n<\/tr>\n<tr>\n<td style=\"width: 25%;\" data-mce-style=\"width: 25%;\"><strong>NOV<\/strong><\/td>\n<td style=\"width: 50%;\" data-mce-style=\"width: 50%;\"><a href=\"https:\/\/diocesisdebilbao-my.sharepoint.com\/:w:\/g\/personal\/webbizkeliza_bizkeliza_org\/EYtVMAibHf1GlOHxN2zXRZgBV-zicMkRuIeHMQK9TSeAZA\" data-mce-href=\"https:\/\/diocesisdebilbao-my.sharepoint.com\/:w:\/g\/personal\/webbizkeliza_bizkeliza_org\/EYtVMAibHf1GlOHxN2zXRZgBV-zicMkRuIeHMQK9TSeAZA\">Todos los Santos<\/a> &nbsp; <a href=\"https:\/\/diocesisdebilbao-my.sharepoint.com\/:w:\/g\/personal\/webbizkeliza_bizkeliza_org\/EYVjxF1deNBKtjY7P_QuI5wBfsIz6jjMZDLFNqpCiWW-_g\" data-mce-href=\"https:\/\/diocesisdebilbao-my.sharepoint.com\/:w:\/g\/personal\/webbizkeliza_bizkeliza_org\/EYVjxF1deNBKtjY7P_QuI5wBfsIz6jjMZDLFNqpCiWW-_g\">Dedicaci\u00f3n de la Bas\u00edlica de S. Juan de Letr\u00e1n<\/a><\/td>\n<td class=\"align-center\" style=\"width: 25%;\" data-mce-style=\"width: 25%;\"><img decoding=\"async\" src=\"https:\/\/bizkeliza.org\/wp-content\/themes\/divi-child\/fileadmin\/bizkeliza\/web\/doc.gif\" alt=\"\" width=\"16\" height=\"16\" border=\"0\" data-mce-src=\"https:\/\/bizkeliza.org\/wp-content\/themes\/divi-child\/fileadmin\/bizkeliza\/web\/doc.gif\"><\/td>\n<\/tr>\n<tr>\n<td style=\"width: 25%;\" data-mce-style=\"width: 25%;\"><strong>DICIEMBRE<\/strong><\/td>\n<td style=\"width: 50%;\" data-mce-style=\"width: 50%;\"><a href=\"https:\/\/diocesisdebilbao-my.sharepoint.com\/:w:\/g\/personal\/webbizkeliza_bizkeliza_org\/EYIj8hqCfVVJqJLM7_Va9zsBr8KZxoRGPLnt5E4i5V_VHQ\" data-mce-href=\"https:\/\/diocesisdebilbao-my.sharepoint.com\/:w:\/g\/personal\/webbizkeliza_bizkeliza_org\/EYIj8hqCfVVJqJLM7_Va9zsBr8KZxoRGPLnt5E4i5V_VHQ\">Inmaculada Concepci\u00f3n<\/a><\/td>\n<td class=\"align-center\" style=\"width: 25%;\" data-mce-style=\"width: 25%;\"><img decoding=\"async\" src=\"https:\/\/bizkeliza.org\/wp-content\/themes\/divi-child\/fileadmin\/bizkeliza\/web\/doc.gif\" alt=\"\" width=\"16\" height=\"16\" border=\"0\" data-mce-src=\"https:\/\/bizkeliza.org\/wp-content\/themes\/divi-child\/fileadmin\/bizkeliza\/web\/doc.gif\"><\/td>\n<\/tr>\n<\/tbody>\n<\/table>\n<p>[\/et_pb_text][\/et_pb_column_inner][\/et_pb_row_inner][et_pb_row_inner _builder_version=&#8221;4.16&#8243; _module_preset=&#8221;default&#8221; custom_padding=&#8221;1px|||||&#8221; global_colors_info=&#8221;{}&#8221;][et_pb_column_inner saved_specialty_column_type=&#8221;2_3&#8243; _builder_version=&#8221;4.16&#8243; _module_preset=&#8221;default&#8221; global_colors_info=&#8221;{}&#8221;][et_pb_divider color=&#8221;#000000&#8243; divider_position=&#8221;center&#8221; admin_label=&#8221;Separador&#8221; _builder_version=&#8221;4.16&#8243; _module_preset=&#8221;default&#8221; global_colors_info=&#8221;{}&#8221;][\/et_pb_divider][\/et_pb_column_inner][\/et_pb_row_inner][et_pb_row_inner admin_label=&#8221;Solemnidades del Se\u00f1or&#8221; _builder_version=&#8221;4.16&#8243; _module_preset=&#8221;default&#8221; custom_padding=&#8221;1px|||||&#8221; global_colors_info=&#8221;{}&#8221;][et_pb_column_inner saved_specialty_column_type=&#8221;2_3&#8243; _builder_version=&#8221;4.16&#8243; _module_preset=&#8221;default&#8221; global_colors_info=&#8221;{}&#8221;][et_pb_text module_id=&#8221;Adap-Solemnidades&#8221; _builder_version=&#8221;4.16&#8243; _module_preset=&#8221;default&#8221; text_text_color=&#8221;#ffffff&#8221; header_text_color=&#8221;#ffffff&#8221; header_font_size=&#8221;44px&#8221; header_line_height=&#8221;1.2em&#8221; header_4_font=&#8221;|700|||||||&#8221; background_color=&#8221;#006b54&#8243; custom_margin=&#8221;0px||||false|false&#8221; custom_padding=&#8221;10px|||30px|false|false&#8221; header_3_font_size_tablet=&#8221;&#8221; header_3_font_size_phone=&#8221;22px&#8221; header_3_font_size_last_edited=&#8221;on|phone&#8221; header_4_font_size_tablet=&#8221;&#8221; header_4_font_size_phone=&#8221;18px&#8221; header_4_font_size_last_edited=&#8221;on|desktop&#8221; border_radii=&#8221;on|186px|186px|186px|186px&#8221; global_colors_info=&#8221;{}&#8221;]<\/p>\n<h3><span style=\"color: #ffffff;\" data-mce-style=\"color: #ffffff;\">Jaunaren festaburuak<\/span><\/h3>\n<p>[\/et_pb_text][et_pb_text _builder_version=&#8221;4.17.3&#8243; _module_preset=&#8221;default&#8221; header_font_size=&#8221;44px&#8221; header_line_height=&#8221;1.2em&#8221; header_4_font=&#8221;|700|||||||&#8221; header_3_font_size_tablet=&#8221;&#8221; header_3_font_size_phone=&#8221;22px&#8221; header_3_font_size_last_edited=&#8221;on|phone&#8221; header_4_font_size_tablet=&#8221;&#8221; header_4_font_size_phone=&#8221;18px&#8221; header_4_font_size_last_edited=&#8221;on|desktop&#8221; global_colors_info=&#8221;{}&#8221;]<\/p>\n<h4>Solemnidades del Se\u00f1or<\/h4>\n<h5><strong>D\u00cdA DEL SE\u00d1OR: ADAP. Ciclo C 2019<\/strong><\/h5>\n<ul>\n<li><a href=\"https:\/\/diocesisdebilbao-my.sharepoint.com\/:w:\/g\/personal\/webbizkeliza_bizkeliza_org\/EWS4ZA9wVatGuU9Lx6p6CBkBdpG8IGsSKXlv7JuX_7SYxg\" target=\"_blank\" rel=\"noopener noreferrer\" data-mce-href=\"https:\/\/diocesisdebilbao-my.sharepoint.com\/:w:\/g\/personal\/webbizkeliza_bizkeliza_org\/EWS4ZA9wVatGuU9Lx6p6CBkBdpG8IGsSKXlv7JuX_7SYxg\">Sant\u00edsima Trinidad&nbsp;&nbsp;&nbsp;<img decoding=\"async\" src=\"https:\/\/bizkeliza.org\/wp-content\/uploads\/2021\/05\/download-icon-verdeoscuro-2.png\" alt=\"\" width=\"22\" height=\"22\" data-mce-src=\"https:\/\/bizkeliza.org\/wp-content\/uploads\/2021\/05\/download-icon-verdeoscuro-2.png\"><\/a><\/li>\n<li><a href=\"https:\/\/diocesisdebilbao-my.sharepoint.com\/:w:\/g\/personal\/webbizkeliza_bizkeliza_org\/EadkA1jK1eNClEdvNIyPk14B_1UyYFiJ85MXgfQ-XMnt4g\" target=\"_blank\" rel=\"noopener noreferrer\" data-mce-href=\"https:\/\/diocesisdebilbao-my.sharepoint.com\/:w:\/g\/personal\/webbizkeliza_bizkeliza_org\/EadkA1jK1eNClEdvNIyPk14B_1UyYFiJ85MXgfQ-XMnt4g\">Cuerpo y Sangre de Cristo&nbsp;&nbsp;<img decoding=\"async\" src=\"https:\/\/bizkeliza.org\/wp-content\/uploads\/2021\/05\/download-icon-verdeoscuro-2.png\" alt=\"\" width=\"22\" height=\"22\" data-mce-src=\"https:\/\/bizkeliza.org\/wp-content\/uploads\/2021\/05\/download-icon-verdeoscuro-2.png\"><\/a><\/li>\n<\/ul>\n<h4>Solemnidades del Se\u00f1or<\/h4>\n<h5><strong>D\u00cdA DEL SE\u00d1OR: ADAP. Ciclo B 2018<\/strong><\/h5>\n<ul>\n<li><a href=\"https:\/\/diocesisdebilbao-my.sharepoint.com\/:w:\/g\/personal\/webbizkeliza_bizkeliza_org\/EZPuEOhVNhpPhylWb98k5CsBJF7Krgwi7Txp6BJGPiXZHA\" target=\"_blank\" rel=\"noopener noreferrer\" data-mce-href=\"https:\/\/diocesisdebilbao-my.sharepoint.com\/:w:\/g\/personal\/webbizkeliza_bizkeliza_org\/EZPuEOhVNhpPhylWb98k5CsBJF7Krgwi7Txp6BJGPiXZHA\">Sant\u00edsima Trinidad. &nbsp;<img decoding=\"async\" src=\"https:\/\/bizkeliza.org\/wp-content\/uploads\/2021\/05\/download-icon-verdeoscuro-2.png\" alt=\"\" width=\"22\" height=\"22\" data-mce-src=\"https:\/\/bizkeliza.org\/wp-content\/uploads\/2021\/05\/download-icon-verdeoscuro-2.png\"><\/a><\/li>\n<li><a href=\"https:\/\/diocesisdebilbao-my.sharepoint.com\/:w:\/g\/personal\/webbizkeliza_bizkeliza_org\/EULDa7oXd_FJsFy6FvuxjL0BJz_Mh5Kuh6CBCw--C56YEg\" target=\"_blank\" rel=\"noopener noreferrer\" data-mce-href=\"https:\/\/diocesisdebilbao-my.sharepoint.com\/:w:\/g\/personal\/webbizkeliza_bizkeliza_org\/EULDa7oXd_FJsFy6FvuxjL0BJz_Mh5Kuh6CBCw--C56YEg\">Cuerpo y Sangre de Cristo&nbsp;&nbsp;<img decoding=\"async\" src=\"https:\/\/bizkeliza.org\/wp-content\/uploads\/2021\/05\/download-icon-verdeoscuro-2.png\" alt=\"\" width=\"22\" height=\"22\" data-mce-src=\"https:\/\/bizkeliza.org\/wp-content\/uploads\/2021\/05\/download-icon-verdeoscuro-2.png\"><\/a><\/li>\n<\/ul>\n<h4>Solemnidades del Se\u00f1or<\/h4>\n<h5><strong>D\u00cdA DEL SE\u00d1OR: ADAP. Ciclo A 2017<\/strong><\/h5>\n<ul>\n<li><a href=\"https:\/\/diocesisdebilbao-my.sharepoint.com\/:w:\/g\/personal\/webbizkeliza_bizkeliza_org\/EWcuJPl_PUdJj9zDKg8-_iUBgEqUsKMoiVW3--VuH5kUSQ\" target=\"_blank\" rel=\"noopener noreferrer\" data-mce-href=\"https:\/\/diocesisdebilbao-my.sharepoint.com\/:w:\/g\/personal\/webbizkeliza_bizkeliza_org\/EWcuJPl_PUdJj9zDKg8-_iUBgEqUsKMoiVW3--VuH5kUSQ\">Sant\u00edsima Trinidad&nbsp;&nbsp;<img decoding=\"async\" src=\"https:\/\/bizkeliza.org\/wp-content\/uploads\/2021\/05\/download-icon-verdeoscuro-2.png\" alt=\"\" width=\"22\" height=\"22\" data-mce-src=\"https:\/\/bizkeliza.org\/wp-content\/uploads\/2021\/05\/download-icon-verdeoscuro-2.png\"><\/a><\/li>\n<li><a href=\"https:\/\/diocesisdebilbao-my.sharepoint.com\/:w:\/g\/personal\/webbizkeliza_bizkeliza_org\/EWpSjZigB4RAiMZX44cAHtUBex1s_pmjWRra3cb2lI5EGw\" target=\"_blank\" rel=\"noopener noreferrer\" data-mce-href=\"https:\/\/diocesisdebilbao-my.sharepoint.com\/:w:\/g\/personal\/webbizkeliza_bizkeliza_org\/EWpSjZigB4RAiMZX44cAHtUBex1s_pmjWRra3cb2lI5EGw\">Cuerpo y Sangre de Cristo&nbsp;&nbsp;<img decoding=\"async\" src=\"https:\/\/bizkeliza.org\/wp-content\/uploads\/2021\/05\/download-icon-verdeoscuro-2.png\" alt=\"\" width=\"22\" height=\"22\" data-mce-src=\"https:\/\/bizkeliza.org\/wp-content\/uploads\/2021\/05\/download-icon-verdeoscuro-2.png\"><\/a><\/li>\n<\/ul>\n<h4><\/h4>\n<p>[\/et_pb_text][\/et_pb_column_inner][\/et_pb_row_inner][\/et_pb_column][\/et_pb_section]<\/p>\n","protected":false},"excerpt":{"rendered":"<p>ElizkizunakInfo &amp; ContactoJes\u00fas LlarenaTel.:&nbsp;94 466 79 24 E-mail: liturgia@bizkeliza.org Direcci\u00f3n: Virgen de Bego\u00f1a 38. 48006 BilbaoEsker oneko otoitz nagusiakSALMOAKHIMNOSDonde hay caridad&nbsp;&nbsp;En la fracci\u00f3n del pan&nbsp;&nbsp;Gracias por tu Palabra&nbsp;&nbsp;Pan de vida&nbsp;&nbsp;&nbsp;ORACIONES LITANICASAbendu aldiaAbendualdia 2025 (A)Abendualdia 4. Igandea Abendualdia 3. Igandea Sortze Garbia Abendualdia 2. Igandea Abendualdia 1. Igandea Abendualdia 2024 (C)Abendualdia 4. Igandea Abendualdia 3. Igandea [&hellip;]<\/p>\n","protected":false},"author":2,"featured_media":0,"parent":12346,"menu_order":0,"comment_status":"closed","ping_status":"closed","template":"","meta":{"_acf_changed":false,"_et_pb_use_builder":"on","_et_pb_old_content":"","_et_gb_content_width":"","footnotes":""},"class_list":["post-13033","page","type-page","status-publish","hentry"],"acf":[],"yoast_head":"<!-- This site is optimized with the Yoast SEO Premium plugin v27.5 (Yoast SEO v27.5) - https:\/\/yoast.com\/product\/yoast-seo-premium-wordpress\/ -->\n<title>Elizkizunak - Bilboko Elizbarrutia - Di\u00f3cesis de Bilbao<\/title>\n<meta name=\"robots\" content=\"index, follow, max-snippet:-1, max-image-preview:large, max-video-preview:-1\" \/>\n<link rel=\"canonical\" href=\"https:\/\/bizkeliza.org\/eu\/ebanjelizazinoa\/liturgia\/jaunaren-eguna-ospatzeko\/elizkizunak\/\" \/>\n<meta property=\"og:locale\" content=\"eu_ES\" \/>\n<meta property=\"og:type\" content=\"article\" \/>\n<meta property=\"og:title\" content=\"Elizkizunak\" \/>\n<meta property=\"og:description\" content=\"ElizkizunakInfo &amp; ContactoJes\u00fas LlarenaTel.:&nbsp;94 466 79 24 E-mail: liturgia@bizkeliza.org Direcci\u00f3n: Virgen de Bego\u00f1a 38. 48006 BilbaoEsker oneko otoitz nagusiakSALMOAKHIMNOSDonde hay caridad&nbsp;&nbsp;En la fracci\u00f3n del pan&nbsp;&nbsp;Gracias por tu Palabra&nbsp;&nbsp;Pan de vida&nbsp;&nbsp;&nbsp;ORACIONES LITANICASAbendu aldiaAbendualdia 2025 (A)Abendualdia 4. Igandea Abendualdia 3. Igandea Sortze Garbia Abendualdia 2. Igandea Abendualdia 1. Igandea Abendualdia 2024 (C)Abendualdia 4. Igandea Abendualdia 3. Igandea [&hellip;]\" \/>\n<meta property=\"og:url\" content=\"https:\/\/bizkeliza.org\/eu\/ebanjelizazinoa\/liturgia\/jaunaren-eguna-ospatzeko\/elizkizunak\/\" \/>\n<meta property=\"og:site_name\" content=\"Bilboko Elizbarrutia - Di\u00f3cesis de Bilbao\" \/>\n<meta property=\"article:publisher\" content=\"https:\/\/www.facebook.com\/DiocesisBilbao\/\" \/>\n<meta property=\"article:modified_time\" content=\"2026-04-28T11:41:23+00:00\" \/>\n<meta property=\"og:image\" content=\"https:\/\/bizkeliza.org\/wp-content\/uploads\/download-icon-verdeoscuro.png\" \/>\n\t<meta property=\"og:image:width\" content=\"22\" \/>\n\t<meta property=\"og:image:height\" content=\"22\" \/>\n\t<meta property=\"og:image:type\" content=\"image\/png\" \/>\n<meta name=\"twitter:card\" content=\"summary_large_image\" \/>\n<meta name=\"twitter:site\" content=\"@DiocesisBilbao\" \/>\n<script type=\"application\/ld+json\" class=\"yoast-schema-graph\">{\"@context\":\"https:\\\/\\\/schema.org\",\"@graph\":[{\"@type\":\"WebPage\",\"@id\":\"https:\\\/\\\/bizkeliza.org\\\/eu\\\/ebanjelizazinoa\\\/liturgia\\\/jaunaren-eguna-ospatzeko\\\/elizkizunak\\\/\",\"url\":\"https:\\\/\\\/bizkeliza.org\\\/eu\\\/ebanjelizazinoa\\\/liturgia\\\/jaunaren-eguna-ospatzeko\\\/elizkizunak\\\/\",\"name\":\"Elizkizunak - Bilboko Elizbarrutia - Di\u00f3cesis de Bilbao\",\"isPartOf\":{\"@id\":\"https:\\\/\\\/bizkeliza.org\\\/eu\\\/#website\"},\"primaryImageOfPage\":{\"@id\":\"https:\\\/\\\/bizkeliza.org\\\/eu\\\/ebanjelizazinoa\\\/liturgia\\\/jaunaren-eguna-ospatzeko\\\/elizkizunak\\\/#primaryimage\"},\"image\":{\"@id\":\"https:\\\/\\\/bizkeliza.org\\\/eu\\\/ebanjelizazinoa\\\/liturgia\\\/jaunaren-eguna-ospatzeko\\\/elizkizunak\\\/#primaryimage\"},\"thumbnailUrl\":\"https:\\\/\\\/bizkeliza.org\\\/wp-content\\\/uploads\\\/download-icon-verdeoscuro.png\",\"datePublished\":\"2021-05-29T15:35:35+00:00\",\"dateModified\":\"2026-04-28T11:41:23+00:00\",\"breadcrumb\":{\"@id\":\"https:\\\/\\\/bizkeliza.org\\\/eu\\\/ebanjelizazinoa\\\/liturgia\\\/jaunaren-eguna-ospatzeko\\\/elizkizunak\\\/#breadcrumb\"},\"inLanguage\":\"eu-ES\",\"potentialAction\":[{\"@type\":\"ReadAction\",\"target\":[\"https:\\\/\\\/bizkeliza.org\\\/eu\\\/ebanjelizazinoa\\\/liturgia\\\/jaunaren-eguna-ospatzeko\\\/elizkizunak\\\/\"]}]},{\"@type\":\"ImageObject\",\"inLanguage\":\"eu-ES\",\"@id\":\"https:\\\/\\\/bizkeliza.org\\\/eu\\\/ebanjelizazinoa\\\/liturgia\\\/jaunaren-eguna-ospatzeko\\\/elizkizunak\\\/#primaryimage\",\"url\":\"https:\\\/\\\/bizkeliza.org\\\/wp-content\\\/uploads\\\/download-icon-verdeoscuro.png\",\"contentUrl\":\"https:\\\/\\\/bizkeliza.org\\\/wp-content\\\/uploads\\\/download-icon-verdeoscuro.png\"},{\"@type\":\"BreadcrumbList\",\"@id\":\"https:\\\/\\\/bizkeliza.org\\\/eu\\\/ebanjelizazinoa\\\/liturgia\\\/jaunaren-eguna-ospatzeko\\\/elizkizunak\\\/#breadcrumb\",\"itemListElement\":[{\"@type\":\"ListItem\",\"position\":1,\"name\":\"Portada\",\"item\":\"https:\\\/\\\/bizkeliza.org\\\/eu\\\/\"},{\"@type\":\"ListItem\",\"position\":2,\"name\":\"Ebanjelizazinoa\",\"item\":\"https:\\\/\\\/bizkeliza.org\\\/eu\\\/evangelizacion\\\/\"},{\"@type\":\"ListItem\",\"position\":3,\"name\":\"Liturgia\",\"item\":\"https:\\\/\\\/bizkeliza.org\\\/eu\\\/evangelizacion\\\/liturgia\\\/\"},{\"@type\":\"ListItem\",\"position\":4,\"name\":\"Jaunaren Eguna Ospatzeko\",\"item\":\"https:\\\/\\\/bizkeliza.org\\\/eu\\\/evangelizacion\\\/liturgia\\\/adap-dia-del-senor\\\/\"},{\"@type\":\"ListItem\",\"position\":5,\"name\":\"Elizkizunak\"}]},{\"@type\":\"WebSite\",\"@id\":\"https:\\\/\\\/bizkeliza.org\\\/eu\\\/#website\",\"url\":\"https:\\\/\\\/bizkeliza.org\\\/eu\\\/\",\"name\":\"Bilboko Elizbarrutia - Di\u00f3cesis de Bilbao\",\"description\":\"Di\u00f3cesis de Bilbao\",\"publisher\":{\"@id\":\"https:\\\/\\\/bizkeliza.org\\\/eu\\\/#organization\"},\"alternateName\":\"Di\u00f3cesis de Bilbao\",\"potentialAction\":[{\"@type\":\"SearchAction\",\"target\":{\"@type\":\"EntryPoint\",\"urlTemplate\":\"https:\\\/\\\/bizkeliza.org\\\/eu\\\/?s={search_term_string}\"},\"query-input\":{\"@type\":\"PropertyValueSpecification\",\"valueRequired\":true,\"valueName\":\"search_term_string\"}}],\"inLanguage\":\"eu-ES\"},{\"@type\":\"Organization\",\"@id\":\"https:\\\/\\\/bizkeliza.org\\\/eu\\\/#organization\",\"name\":\"Di\u00f3cesis de Bilbao\",\"alternateName\":\"Di\u00f3cesis de Bilbao\",\"url\":\"https:\\\/\\\/bizkeliza.org\\\/eu\\\/\",\"logo\":{\"@type\":\"ImageObject\",\"inLanguage\":\"eu-ES\",\"@id\":\"https:\\\/\\\/bizkeliza.org\\\/eu\\\/#\\\/schema\\\/logo\\\/image\\\/\",\"url\":\"https:\\\/\\\/bizkeliza.org\\\/wp-content\\\/uploads\\\/2022\\\/06\\\/Logo-nuevo_2024-1-scaled.jpg\",\"contentUrl\":\"https:\\\/\\\/bizkeliza.org\\\/wp-content\\\/uploads\\\/2022\\\/06\\\/Logo-nuevo_2024-1-scaled.jpg\",\"width\":2560,\"height\":1024,\"caption\":\"Di\u00f3cesis de Bilbao\"},\"image\":{\"@id\":\"https:\\\/\\\/bizkeliza.org\\\/eu\\\/#\\\/schema\\\/logo\\\/image\\\/\"},\"sameAs\":[\"https:\\\/\\\/www.facebook.com\\\/DiocesisBilbao\\\/\",\"https:\\\/\\\/x.com\\\/DiocesisBilbao\",\"https:\\\/\\\/www.instagram.com\\\/obispadobilbao\\\/\",\"https:\\\/\\\/www.youtube.com\\\/user\\\/bilbokoelizbarrutia\"],\"description\":\"Iglesia local de Bilbao perteneciente a la Iglesia Cat\u00f3lica\"}]}<\/script>\n<!-- \/ Yoast SEO Premium plugin. -->","yoast_head_json":{"title":"Elizkizunak - Bilboko Elizbarrutia - Di\u00f3cesis de Bilbao","robots":{"index":"index","follow":"follow","max-snippet":"max-snippet:-1","max-image-preview":"max-image-preview:large","max-video-preview":"max-video-preview:-1"},"canonical":"https:\/\/bizkeliza.org\/eu\/ebanjelizazinoa\/liturgia\/jaunaren-eguna-ospatzeko\/elizkizunak\/","og_locale":"eu_ES","og_type":"article","og_title":"Elizkizunak","og_description":"ElizkizunakInfo &amp; ContactoJes\u00fas LlarenaTel.:&nbsp;94 466 79 24 E-mail: liturgia@bizkeliza.org Direcci\u00f3n: Virgen de Bego\u00f1a 38. 48006 BilbaoEsker oneko otoitz nagusiakSALMOAKHIMNOSDonde hay caridad&nbsp;&nbsp;En la fracci\u00f3n del pan&nbsp;&nbsp;Gracias por tu Palabra&nbsp;&nbsp;Pan de vida&nbsp;&nbsp;&nbsp;ORACIONES LITANICASAbendu aldiaAbendualdia 2025 (A)Abendualdia 4. Igandea Abendualdia 3. Igandea Sortze Garbia Abendualdia 2. Igandea Abendualdia 1. Igandea Abendualdia 2024 (C)Abendualdia 4. Igandea Abendualdia 3. Igandea [&hellip;]","og_url":"https:\/\/bizkeliza.org\/eu\/ebanjelizazinoa\/liturgia\/jaunaren-eguna-ospatzeko\/elizkizunak\/","og_site_name":"Bilboko Elizbarrutia - Di\u00f3cesis de Bilbao","article_publisher":"https:\/\/www.facebook.com\/DiocesisBilbao\/","article_modified_time":"2026-04-28T11:41:23+00:00","og_image":[{"width":22,"height":22,"url":"https:\/\/bizkeliza.org\/wp-content\/uploads\/download-icon-verdeoscuro.png","type":"image\/png"}],"twitter_card":"summary_large_image","twitter_site":"@DiocesisBilbao","schema":{"@context":"https:\/\/schema.org","@graph":[{"@type":"WebPage","@id":"https:\/\/bizkeliza.org\/eu\/ebanjelizazinoa\/liturgia\/jaunaren-eguna-ospatzeko\/elizkizunak\/","url":"https:\/\/bizkeliza.org\/eu\/ebanjelizazinoa\/liturgia\/jaunaren-eguna-ospatzeko\/elizkizunak\/","name":"Elizkizunak - Bilboko Elizbarrutia - Di\u00f3cesis de Bilbao","isPartOf":{"@id":"https:\/\/bizkeliza.org\/eu\/#website"},"primaryImageOfPage":{"@id":"https:\/\/bizkeliza.org\/eu\/ebanjelizazinoa\/liturgia\/jaunaren-eguna-ospatzeko\/elizkizunak\/#primaryimage"},"image":{"@id":"https:\/\/bizkeliza.org\/eu\/ebanjelizazinoa\/liturgia\/jaunaren-eguna-ospatzeko\/elizkizunak\/#primaryimage"},"thumbnailUrl":"https:\/\/bizkeliza.org\/wp-content\/uploads\/download-icon-verdeoscuro.png","datePublished":"2021-05-29T15:35:35+00:00","dateModified":"2026-04-28T11:41:23+00:00","breadcrumb":{"@id":"https:\/\/bizkeliza.org\/eu\/ebanjelizazinoa\/liturgia\/jaunaren-eguna-ospatzeko\/elizkizunak\/#breadcrumb"},"inLanguage":"eu-ES","potentialAction":[{"@type":"ReadAction","target":["https:\/\/bizkeliza.org\/eu\/ebanjelizazinoa\/liturgia\/jaunaren-eguna-ospatzeko\/elizkizunak\/"]}]},{"@type":"ImageObject","inLanguage":"eu-ES","@id":"https:\/\/bizkeliza.org\/eu\/ebanjelizazinoa\/liturgia\/jaunaren-eguna-ospatzeko\/elizkizunak\/#primaryimage","url":"https:\/\/bizkeliza.org\/wp-content\/uploads\/download-icon-verdeoscuro.png","contentUrl":"https:\/\/bizkeliza.org\/wp-content\/uploads\/download-icon-verdeoscuro.png"},{"@type":"BreadcrumbList","@id":"https:\/\/bizkeliza.org\/eu\/ebanjelizazinoa\/liturgia\/jaunaren-eguna-ospatzeko\/elizkizunak\/#breadcrumb","itemListElement":[{"@type":"ListItem","position":1,"name":"Portada","item":"https:\/\/bizkeliza.org\/eu\/"},{"@type":"ListItem","position":2,"name":"Ebanjelizazinoa","item":"https:\/\/bizkeliza.org\/eu\/evangelizacion\/"},{"@type":"ListItem","position":3,"name":"Liturgia","item":"https:\/\/bizkeliza.org\/eu\/evangelizacion\/liturgia\/"},{"@type":"ListItem","position":4,"name":"Jaunaren Eguna Ospatzeko","item":"https:\/\/bizkeliza.org\/eu\/evangelizacion\/liturgia\/adap-dia-del-senor\/"},{"@type":"ListItem","position":5,"name":"Elizkizunak"}]},{"@type":"WebSite","@id":"https:\/\/bizkeliza.org\/eu\/#website","url":"https:\/\/bizkeliza.org\/eu\/","name":"Bilboko Elizbarrutia - Di\u00f3cesis de Bilbao","description":"Di\u00f3cesis de Bilbao","publisher":{"@id":"https:\/\/bizkeliza.org\/eu\/#organization"},"alternateName":"Di\u00f3cesis de Bilbao","potentialAction":[{"@type":"SearchAction","target":{"@type":"EntryPoint","urlTemplate":"https:\/\/bizkeliza.org\/eu\/?s={search_term_string}"},"query-input":{"@type":"PropertyValueSpecification","valueRequired":true,"valueName":"search_term_string"}}],"inLanguage":"eu-ES"},{"@type":"Organization","@id":"https:\/\/bizkeliza.org\/eu\/#organization","name":"Di\u00f3cesis de Bilbao","alternateName":"Di\u00f3cesis de Bilbao","url":"https:\/\/bizkeliza.org\/eu\/","logo":{"@type":"ImageObject","inLanguage":"eu-ES","@id":"https:\/\/bizkeliza.org\/eu\/#\/schema\/logo\/image\/","url":"https:\/\/bizkeliza.org\/wp-content\/uploads\/2022\/06\/Logo-nuevo_2024-1-scaled.jpg","contentUrl":"https:\/\/bizkeliza.org\/wp-content\/uploads\/2022\/06\/Logo-nuevo_2024-1-scaled.jpg","width":2560,"height":1024,"caption":"Di\u00f3cesis de Bilbao"},"image":{"@id":"https:\/\/bizkeliza.org\/eu\/#\/schema\/logo\/image\/"},"sameAs":["https:\/\/www.facebook.com\/DiocesisBilbao\/","https:\/\/x.com\/DiocesisBilbao","https:\/\/www.instagram.com\/obispadobilbao\/","https:\/\/www.youtube.com\/user\/bilbokoelizbarrutia"],"description":"Iglesia local de Bilbao perteneciente a la Iglesia Cat\u00f3lica"}]}},"_links":{"self":[{"href":"https:\/\/bizkeliza.org\/eu\/wp-json\/wp\/v2\/pages\/13033","targetHints":{"allow":["GET"]}}],"collection":[{"href":"https:\/\/bizkeliza.org\/eu\/wp-json\/wp\/v2\/pages"}],"about":[{"href":"https:\/\/bizkeliza.org\/eu\/wp-json\/wp\/v2\/types\/page"}],"author":[{"embeddable":true,"href":"https:\/\/bizkeliza.org\/eu\/wp-json\/wp\/v2\/users\/2"}],"replies":[{"embeddable":true,"href":"https:\/\/bizkeliza.org\/eu\/wp-json\/wp\/v2\/comments?post=13033"}],"version-history":[{"count":0,"href":"https:\/\/bizkeliza.org\/eu\/wp-json\/wp\/v2\/pages\/13033\/revisions"}],"up":[{"embeddable":true,"href":"https:\/\/bizkeliza.org\/eu\/wp-json\/wp\/v2\/pages\/12346"}],"wp:attachment":[{"href":"https:\/\/bizkeliza.org\/eu\/wp-json\/wp\/v2\/media?parent=13033"}],"curies":[{"name":"wp","href":"https:\/\/api.w.org\/{rel}","templated":true}]}}